{"id":321,"date":"2025-02-05T16:30:42","date_gmt":"2025-02-05T16:30:42","guid":{"rendered":"https:\/\/escoladigital.madeira.gov.pt\/eb1pefrocha\/?page_id=321"},"modified":"2025-03-26T13:15:43","modified_gmt":"2025-03-26T13:15:43","slug":"eco-escolas-efr","status":"publish","type":"page","link":"https:\/\/escoladigital.madeira.gov.pt\/eb1pefrocha\/pagina-exemplo\/eco-escolas-efr\/","title":{"rendered":"Eco-Escolas EFR"},"content":{"rendered":"\n<figure class=\"wp-block-image size-full is-resized\"><img fetchpriority=\"high\" decoding=\"async\" width=\"668\" height=\"376\" src=\"https:\/\/escoladigital.madeira.gov.pt\/eb1pefrocha\/wp-content\/uploads\/sites\/63\/2025\/02\/Logo-EcoEscolas.png\" alt=\"\" class=\"wp-image-538\" style=\"width:274px;height:auto\" srcset=\"https:\/\/escoladigital.madeira.gov.pt\/eb1pefrocha\/wp-content\/uploads\/sites\/63\/2025\/02\/Logo-EcoEscolas.png 668w, https:\/\/escoladigital.madeira.gov.pt\/eb1pefrocha\/wp-content\/uploads\/sites\/63\/2025\/02\/Logo-EcoEscolas-300x169.png 300w\" sizes=\"(max-width: 668px) 100vw, 668px\" \/><\/figure>\n\n\n<div class=\"is-style-boxed wp-block-themeisle-blocks-posts-grid\" id=\"wp-block-themeisle-blocks-posts-grid-b5158e0e\"><div class=\"is-grid o-posts-grid-columns-3\"><div class=\"o-posts-grid-post-blog o-posts-grid-post-plain\"><div class=\"o-posts-grid-post\"><div class=\"o-posts-grid-post-image\"><a href=\"https:\/\/escoladigital.madeira.gov.pt\/eb1pefrocha\/2025\/06\/18\/dia-eco-escolas-efr-17-de-junho-2025\/\"><img decoding=\"async\" width=\"2560\" height=\"1440\" src=\"https:\/\/escoladigital.madeira.gov.pt\/eb1pefrocha\/wp-content\/uploads\/sites\/63\/2025\/06\/EFR-Dia-Eco-logo-scaled.png\" class=\"attachment-full size-full\" alt=\"Dia Eco-Escolas EFR &#8211; 17 de junho 2025\" srcset=\"https:\/\/escoladigital.madeira.gov.pt\/eb1pefrocha\/wp-content\/uploads\/sites\/63\/2025\/06\/EFR-Dia-Eco-logo-scaled.png 2560w, https:\/\/escoladigital.madeira.gov.pt\/eb1pefrocha\/wp-content\/uploads\/sites\/63\/2025\/06\/EFR-Dia-Eco-logo-300x169.png 300w, https:\/\/escoladigital.madeira.gov.pt\/eb1pefrocha\/wp-content\/uploads\/sites\/63\/2025\/06\/EFR-Dia-Eco-logo-1024x576.png 1024w, https:\/\/escoladigital.madeira.gov.pt\/eb1pefrocha\/wp-content\/uploads\/sites\/63\/2025\/06\/EFR-Dia-Eco-logo-768x432.png 768w, https:\/\/escoladigital.madeira.gov.pt\/eb1pefrocha\/wp-content\/uploads\/sites\/63\/2025\/06\/EFR-Dia-Eco-logo-1536x864.png 1536w, https:\/\/escoladigital.madeira.gov.pt\/eb1pefrocha\/wp-content\/uploads\/sites\/63\/2025\/06\/EFR-Dia-Eco-logo-2048x1152.png 2048w\" sizes=\"(max-width: 2560px) 100vw, 2560px\" \/><\/a><\/div><div class=\"o-posts-grid-post-body\"><span class=\"o-posts-grid-post-category\"><a href=\"https:\/\/escoladigital.madeira.gov.pt\/eb1pefrocha\/category\/eco-escolas-efr\/\">Eco-Escolas EFR<\/a><\/span><h4 class=\"o-posts-grid-post-title\"><a href=\"https:\/\/escoladigital.madeira.gov.pt\/eb1pefrocha\/2025\/06\/18\/dia-eco-escolas-efr-17-de-junho-2025\/\">Dia Eco-Escolas EFR &#8211; 17 de junho 2025<\/a><\/h4><p class=\"o-posts-grid-post-meta\">  <time datetime=\"2025-06-18T13:18:00+00:00\">18 de Junho, 2025<\/time> by <a href=\"https:\/\/escoladigital.madeira.gov.pt\/eb1pefrocha\/author\/eb1pefrocha\/\">eb1pefrocha<\/a><\/p><div class=\"o-posts-grid-post-description\"><p>No dia 17 de junho comemorou-se o Dia Eco-Escolas na nossa escola, com uma exposi\u00e7\u00e3o de trabalhos ef\u2026<\/p><\/div><\/div><\/div><\/div><div class=\"o-posts-grid-post-blog o-posts-grid-post-plain\"><div class=\"o-posts-grid-post\"><div class=\"o-posts-grid-post-image\"><a href=\"https:\/\/escoladigital.madeira.gov.pt\/eb1pefrocha\/2025\/05\/03\/vmt-sensibilizacao-sobrlobos-marinhos\/\"><img decoding=\"async\" width=\"1344\" height=\"768\" src=\"https:\/\/escoladigital.madeira.gov.pt\/eb1pefrocha\/wp-content\/uploads\/sites\/63\/2025\/05\/1746538495682.jpg\" class=\"attachment-full size-full\" alt=\"VMT MAdeira &#8211; Sensibiliza\u00e7\u00e3o sobre Lobos-marinhos &#8211; EFR\" srcset=\"https:\/\/escoladigital.madeira.gov.pt\/eb1pefrocha\/wp-content\/uploads\/sites\/63\/2025\/05\/1746538495682.jpg 1344w, https:\/\/escoladigital.madeira.gov.pt\/eb1pefrocha\/wp-content\/uploads\/sites\/63\/2025\/05\/1746538495682-300x171.jpg 300w, https:\/\/escoladigital.madeira.gov.pt\/eb1pefrocha\/wp-content\/uploads\/sites\/63\/2025\/05\/1746538495682-1024x585.jpg 1024w, https:\/\/escoladigital.madeira.gov.pt\/eb1pefrocha\/wp-content\/uploads\/sites\/63\/2025\/05\/1746538495682-768x439.jpg 768w\" sizes=\"(max-width: 1344px) 100vw, 1344px\" \/><\/a><\/div><div class=\"o-posts-grid-post-body\"><span class=\"o-posts-grid-post-category\"><a href=\"https:\/\/escoladigital.madeira.gov.pt\/eb1pefrocha\/category\/eco-escolas-efr\/\">Eco-Escolas EFR<\/a><\/span><h4 class=\"o-posts-grid-post-title\"><a href=\"https:\/\/escoladigital.madeira.gov.pt\/eb1pefrocha\/2025\/05\/03\/vmt-sensibilizacao-sobrlobos-marinhos\/\">VMT MAdeira &#8211; Sensibiliza\u00e7\u00e3o sobre Lobos-marinhos &#8211; EFR<\/a><\/h4><p class=\"o-posts-grid-post-meta\">  <time datetime=\"2025-05-03T13:08:00+00:00\">3 de Maio, 2025<\/time> by <a href=\"https:\/\/escoladigital.madeira.gov.pt\/eb1pefrocha\/author\/eb1pefrocha\/\">eb1pefrocha<\/a><\/p><div class=\"o-posts-grid-post-description\"><p>A VMT Madeira esteve na nossa escola, no dia 23 de Abril, para elucidar os nossos alunos do Pr\u00e9-Esco\u2026<\/p><\/div><\/div><\/div><\/div><div class=\"o-posts-grid-post-blog o-posts-grid-post-plain\"><div class=\"o-posts-grid-post\"><div class=\"o-posts-grid-post-image\"><a href=\"https:\/\/escoladigital.madeira.gov.pt\/eb1pefrocha\/2025\/03\/26\/dia-da-arvore-dia-mundial-da-agua-efr-2025\/\"><img loading=\"lazy\" decoding=\"async\" width=\"1344\" height=\"768\" src=\"https:\/\/escoladigital.madeira.gov.pt\/eb1pefrocha\/wp-content\/uploads\/sites\/63\/2025\/03\/1742994658417.jpg\" class=\"attachment-full size-full\" alt=\"Dia da \u00c1rvore \/ Dia Mundial da \u00c1gua EFR 2025\" srcset=\"https:\/\/escoladigital.madeira.gov.pt\/eb1pefrocha\/wp-content\/uploads\/sites\/63\/2025\/03\/1742994658417.jpg 1344w, https:\/\/escoladigital.madeira.gov.pt\/eb1pefrocha\/wp-content\/uploads\/sites\/63\/2025\/03\/1742994658417-300x171.jpg 300w, https:\/\/escoladigital.madeira.gov.pt\/eb1pefrocha\/wp-content\/uploads\/sites\/63\/2025\/03\/1742994658417-1024x585.jpg 1024w, https:\/\/escoladigital.madeira.gov.pt\/eb1pefrocha\/wp-content\/uploads\/sites\/63\/2025\/03\/1742994658417-768x439.jpg 768w\" sizes=\"(max-width: 1344px) 100vw, 1344px\" \/><\/a><\/div><div class=\"o-posts-grid-post-body\"><span class=\"o-posts-grid-post-category\"><a href=\"https:\/\/escoladigital.madeira.gov.pt\/eb1pefrocha\/category\/eco-escolas-efr\/\">Eco-Escolas EFR<\/a><\/span><h4 class=\"o-posts-grid-post-title\"><a href=\"https:\/\/escoladigital.madeira.gov.pt\/eb1pefrocha\/2025\/03\/26\/dia-da-arvore-dia-mundial-da-agua-efr-2025\/\">Dia da \u00c1rvore \/ Dia Mundial da \u00c1gua EFR 2025<\/a><\/h4><p class=\"o-posts-grid-post-meta\">  <time datetime=\"2025-03-26T13:12:30+00:00\">26 de Mar\u00e7o, 2025<\/time> by <a href=\"https:\/\/escoladigital.madeira.gov.pt\/eb1pefrocha\/author\/eb1pefrocha\/\">eb1pefrocha<\/a><\/p><div class=\"o-posts-grid-post-description\"><p>No dia 21 de mar\u00e7o assinalou-se, na nossa escola, no turno da manh\u00e3, o Dia da \u00c1rvore e da Floresta [\u2026<\/p><\/div><\/div><\/div><\/div><\/div> <\/div>\n\n\n<p class=\"has-text-align-center\"><strong>ECO-C\u00d3DIGO EFR 2024<\/strong><\/p>\n\n\n\n<figure class=\"wp-block-image aligncenter size-large\"><img loading=\"lazy\" decoding=\"async\" width=\"771\" height=\"1024\" src=\"https:\/\/escoladigital.madeira.gov.pt\/eb1pefrocha\/wp-content\/uploads\/sites\/63\/2025\/02\/Eco-Codigo-EFR-2024-771x1024.jpg\" alt=\"\" class=\"wp-image-341\" srcset=\"https:\/\/escoladigital.madeira.gov.pt\/eb1pefrocha\/wp-content\/uploads\/sites\/63\/2025\/02\/Eco-Codigo-EFR-2024-771x1024.jpg 771w, https:\/\/escoladigital.madeira.gov.pt\/eb1pefrocha\/wp-content\/uploads\/sites\/63\/2025\/02\/Eco-Codigo-EFR-2024-226x300.jpg 226w, https:\/\/escoladigital.madeira.gov.pt\/eb1pefrocha\/wp-content\/uploads\/sites\/63\/2025\/02\/Eco-Codigo-EFR-2024-768x1020.jpg 768w, https:\/\/escoladigital.madeira.gov.pt\/eb1pefrocha\/wp-content\/uploads\/sites\/63\/2025\/02\/Eco-Codigo-EFR-2024-1156x1536.jpg 1156w, https:\/\/escoladigital.madeira.gov.pt\/eb1pefrocha\/wp-content\/uploads\/sites\/63\/2025\/02\/Eco-Codigo-EFR-2024-1542x2048.jpg 1542w, https:\/\/escoladigital.madeira.gov.pt\/eb1pefrocha\/wp-content\/uploads\/sites\/63\/2025\/02\/Eco-Codigo-EFR-2024-scaled.jpg 1927w\" sizes=\"(max-width: 771px) 100vw, 771px\" \/><\/figure>\n\n\n\n<p><\/p>\n","protected":false},"excerpt":{"rendered":"<p>ECO-C\u00d3DIGO EFR 2024<\/p>\n","protected":false},"author":82,"featured_media":0,"parent":2,"menu_order":0,"comment_status":"closed","ping_status":"closed","template":"","meta":{"site-sidebar-layout":"default","site-content-layout":"","ast-site-content-layout":"default","site-content-style":"default","site-sidebar-style":"default","ast-global-header-display":"","ast-banner-title-visibility":"","ast-main-header-display":"","ast-hfb-above-header-display":"","ast-hfb-below-header-display":"","ast-hfb-mobile-header-display":"","site-post-title":"","ast-breadcrumbs-content":"","ast-featured-img":"","footer-sml-layout":"","ast-disable-related-posts":"","theme-transparent-header-meta":"","adv-header-id-meta":"","stick-header-meta":"","header-above-stick-meta":"","header-main-stick-meta":"","header-below-stick-meta":"","astra-migrate-meta-layouts":"default","ast-page-background-enabled":"default","ast-page-background-meta":{"desktop":{"background-color":"var(--ast-global-color-5)","background-image":"","background-repeat":"repeat","background-position":"center center","background-size":"auto","background-attachment":"scroll","background-type":"","background-media":"","overlay-type":"","overlay-color":"","overlay-opacity":"","overlay-gradient":""},"tablet":{"background-color":"","background-image":"","background-repeat":"repeat","background-position":"center center","background-size":"auto","background-attachment":"scroll","background-type":"","background-media":"","overlay-type":"","overlay-color":"","overlay-opacity":"","overlay-gradient":""},"mobile":{"background-color":"","background-image":"","background-repeat":"repeat","background-position":"center center","background-size":"auto","background-attachment":"scroll","background-type":"","background-media":"","overlay-type":"","overlay-color":"","overlay-opacity":"","overlay-gradient":""}},"ast-content-background-meta":{"desktop":{"background-color":"var(--ast-global-color-4)","background-image":"","background-repeat":"repeat","background-position":"center center","background-size":"auto","background-attachment":"scroll","background-type":"","background-media":"","overlay-type":"","overlay-color":"","overlay-opacity":"","overlay-gradient":""},"tablet":{"background-color":"var(--ast-global-color-4)","background-image":"","background-repeat":"repeat","background-position":"center center","background-size":"auto","background-attachment":"scroll","background-type":"","background-media":"","overlay-type":"","overlay-color":"","overlay-opacity":"","overlay-gradient":""},"mobile":{"background-color":"var(--ast-global-color-4)","background-image":"","background-repeat":"repeat","background-position":"center center","background-size":"auto","background-attachment":"scroll","background-type":"","background-media":"","overlay-type":"","overlay-color":"","overlay-opacity":"","overlay-gradient":""}},"_themeisle_gutenberg_block_has_review":false,"footnotes":""},"class_list":["post-321","page","type-page","status-publish","hentry"],"_links":{"self":[{"href":"https:\/\/escoladigital.madeira.gov.pt\/eb1pefrocha\/wp-json\/wp\/v2\/pages\/321","targetHints":{"allow":["GET"]}}],"collection":[{"href":"https:\/\/escoladigital.madeira.gov.pt\/eb1pefrocha\/wp-json\/wp\/v2\/pages"}],"about":[{"href":"https:\/\/escoladigital.madeira.gov.pt\/eb1pefrocha\/wp-json\/wp\/v2\/types\/page"}],"author":[{"embeddable":true,"href":"https:\/\/escoladigital.madeira.gov.pt\/eb1pefrocha\/wp-json\/wp\/v2\/users\/82"}],"replies":[{"embeddable":true,"href":"https:\/\/escoladigital.madeira.gov.pt\/eb1pefrocha\/wp-json\/wp\/v2\/comments?post=321"}],"version-history":[{"count":9,"href":"https:\/\/escoladigital.madeira.gov.pt\/eb1pefrocha\/wp-json\/wp\/v2\/pages\/321\/revisions"}],"predecessor-version":[{"id":834,"href":"https:\/\/escoladigital.madeira.gov.pt\/eb1pefrocha\/wp-json\/wp\/v2\/pages\/321\/revisions\/834"}],"up":[{"embeddable":true,"href":"https:\/\/escoladigital.madeira.gov.pt\/eb1pefrocha\/wp-json\/wp\/v2\/pages\/2"}],"wp:attachment":[{"href":"https:\/\/escoladigital.madeira.gov.pt\/eb1pefrocha\/wp-json\/wp\/v2\/media?parent=321"}],"curies":[{"name":"wp","href":"https:\/\/api.w.org\/{rel}","templated":true}]}}