{"id":119,"date":"2024-11-27T16:17:41","date_gmt":"2024-11-27T16:17:41","guid":{"rendered":"https:\/\/escoladigital.madeira.gov.pt\/eb1pepeaguiar\/?page_id=119"},"modified":"2024-12-08T21:37:41","modified_gmt":"2024-12-08T21:37:41","slug":"historia","status":"publish","type":"page","link":"https:\/\/escoladigital.madeira.gov.pt\/eb1pepeaguiar\/historia\/","title":{"rendered":"Hist\u00f3ria"},"content":{"rendered":"\n<h2 class=\"wp-block-heading has-text-align-center\">Hist\u00f3ria<\/h2>\n\n\n\n<p><\/p>\n\n\n\n<pre class=\"wp-block-preformatted has-ast-global-color-4-background-color has-background\"><font style=\"vertical-align: inherit\"><font style=\"vertical-align: inherit\">Percurso evolutivo do Servi\u00e7o T\u00e9cnico de Educa\u00e7\u00e3o para a Defici\u00eancia Auditiva\/ Cria\u00e7\u00e3o de Escola B\u00e1sica de 1\u00ba Ciclo com Pr\u00e9-Escola Prof. Eleut\u00e9rio de Aguiar<\/font><\/font>.<br><br><font style=\"vertical-align: inherit\"><font style=\"vertical-align: inherit\">1965 - Cria\u00e7\u00e3o do Instituto de Surdos do Funchal (1\u00aa escola de ensino de surdos na Madeira), pela m\u00e3o do Prof. Eleut\u00e9rio de Aguiar e Profa. Dina Gomes, em um pr\u00e9dio localizado na Rua Dr. Sid\u00f3nio Pais, no Funchal. <\/font><\/font><br><br><font style=\"vertical-align: inherit\"><font style=\"vertical-align: inherit\">A cria\u00e7\u00e3o dessa Escola deriva de um levantamento e triagem da defici\u00eancia auditiva realizado entre 1963 e 1965 por uma equipe composta por esses 2 professores, 1 m\u00e9dico pediatra e 1 m\u00e9dico otorrino, com a colabora\u00e7\u00e3o de outros \u00f3rg\u00e3os locais (sa\u00fade, educa\u00e7\u00e3o, igreja, prefeitura , junta geral<\/font><\/font>).<br><br><font style=\"vertical-align: inherit\"><font style=\"vertical-align: inherit\">1972 \u2013 O Instituto se fixa no pr\u00e9dio atual, situado \u00e0 Rua Dr. <\/font><\/font><br><font style=\"vertical-align: inherit\"><font style=\"vertical-align: inherit\">com estreita colabora\u00e7\u00e3o do Hospital de Santa Maria, Lisboa e com Centro de Audiofonologia de Alhos Vedros. <\/font><\/font><br><br><font style=\"vertical-align: inherit\"><font style=\"vertical-align: inherit\">1984 \u2013 Cria\u00e7\u00e3o do Servi\u00e7o T\u00e9cnico de Educa\u00e7\u00e3o de Deficientes Auditivos (STEDA), uma vez que a ent\u00e3o Diretoria Regional de Educa\u00e7\u00e3o Especial deixa de fazer parte da Secretaria Regional de Assuntos Sociais e passa para a Secretaria Regional de Educa\u00e7\u00e3o<\/font><\/font>.<br><br><font style=\"vertical-align: inherit\"><font style=\"vertical-align: inherit\">2002 \u2013 O Conselho de Governo decide dar o nome do Instituto de Surdos do Funchal ao Prof. Eleut\u00e9rio Gomes de Aguiar, passando ent\u00e3o a se chamar Instituto de Surdos do Funchal Prof. Eleut\u00e9rio Gomes de Aguiar.<\/font><\/font><br><font style=\"vertical-align: inherit\"><font style=\"vertical-align: inherit\"> <\/font><\/font><br><font style=\"vertical-align: inherit\"><font style=\"vertical-align: inherit\">2008 \u2013 Com a publica\u00e7\u00e3o do Decreto-Lei n.\u00ba 3\/2008 o Servi\u00e7o T\u00e9cnico de Educa\u00e7\u00e3o para a Defici\u00eancia Auditiva avan\u00e7a com um projeto piloto da cria\u00e7\u00e3o da Escola de refer\u00eancia para a educa\u00e7\u00e3o bilingue de alunos surdos. Surge ent\u00e3o a Escola B\u00e1sica de 1\u00ba Ciclo com Pr\u00e9-Escola Prof. Eleut\u00e9rio de Aguiar lotada no Servi\u00e7o T\u00e9cnico de Educa\u00e7\u00e3o para Defici\u00eancia Auditiva.<\/font><\/font><\/pre>\n","protected":false},"excerpt":{"rendered":"<p>Hist\u00f3ria Percurso evolutivo do Servi\u00e7o T\u00e9cnico de Educa\u00e7\u00e3o para a Defici\u00eancia Auditiva\/ Cria\u00e7\u00e3o de Escola B\u00e1sica de 1\u00ba Ciclo com [&hellip;]<\/p>\n","protected":false},"author":65,"featured_media":0,"parent":0,"menu_order":1,"comment_status":"closed","ping_status":"closed","template":"elementor_header_footer","meta":{"site-sidebar-layout":"no-sidebar","site-content-layout":"","ast-site-content-layout":"full-width-container","site-content-style":"default","site-sidebar-style":"default","ast-global-header-display":"","ast-banner-title-visibility":"","ast-main-header-display":"","ast-hfb-above-header-display":"","ast-hfb-below-header-display":"","ast-hfb-mobile-header-display":"","site-post-title":"","ast-breadcrumbs-content":"","ast-featured-img":"disabled","footer-sml-layout":"","ast-disable-related-posts":"","theme-transparent-header-meta":"","adv-header-id-meta":"","stick-header-meta":"","header-above-stick-meta":"","header-main-stick-meta":"","header-below-stick-meta":"","astra-migrate-meta-layouts":"default","ast-page-background-enabled":"default","ast-page-background-meta":{"desktop":{"background-color":"var(--ast-global-color-4)","background-image":"","background-repeat":"repeat","background-position":"center center","background-size":"auto","background-attachment":"scroll","background-type":"","background-media":"","overlay-type":"","overlay-color":"","overlay-opacity":"","overlay-gradient":""},"tablet":{"background-color":"","background-image":"","background-repeat":"repeat","background-position":"center center","background-size":"auto","background-attachment":"scroll","background-type":"","background-media":"","overlay-type":"","overlay-color":"","overlay-opacity":"","overlay-gradient":""},"mobile":{"background-color":"","background-image":"","background-repeat":"repeat","background-position":"center center","background-size":"auto","background-attachment":"scroll","background-type":"","background-media":"","overlay-type":"","overlay-color":"","overlay-opacity":"","overlay-gradient":""}},"ast-content-background-meta":{"desktop":{"background-color":"var(--ast-global-color-5)","background-image":"","background-repeat":"repeat","background-position":"center center","background-size":"auto","background-attachment":"scroll","background-type":"","background-media":"","overlay-type":"","overlay-color":"","overlay-opacity":"","overlay-gradient":""},"tablet":{"background-color":"var(--ast-global-color-5)","background-image":"","background-repeat":"repeat","background-position":"center center","background-size":"auto","background-attachment":"scroll","background-type":"","background-media":"","overlay-type":"","overlay-color":"","overlay-opacity":"","overlay-gradient":""},"mobile":{"background-color":"var(--ast-global-color-5)","background-image":"","background-repeat":"repeat","background-position":"center center","background-size":"auto","background-attachment":"scroll","background-type":"","background-media":"","overlay-type":"","overlay-color":"","overlay-opacity":"","overlay-gradient":""}},"_themeisle_gutenberg_block_has_review":false,"footnotes":""},"class_list":["post-119","page","type-page","status-publish","hentry"],"_links":{"self":[{"href":"https:\/\/escoladigital.madeira.gov.pt\/eb1pepeaguiar\/wp-json\/wp\/v2\/pages\/119","targetHints":{"allow":["GET"]}}],"collection":[{"href":"https:\/\/escoladigital.madeira.gov.pt\/eb1pepeaguiar\/wp-json\/wp\/v2\/pages"}],"about":[{"href":"https:\/\/escoladigital.madeira.gov.pt\/eb1pepeaguiar\/wp-json\/wp\/v2\/types\/page"}],"author":[{"embeddable":true,"href":"https:\/\/escoladigital.madeira.gov.pt\/eb1pepeaguiar\/wp-json\/wp\/v2\/users\/65"}],"replies":[{"embeddable":true,"href":"https:\/\/escoladigital.madeira.gov.pt\/eb1pepeaguiar\/wp-json\/wp\/v2\/comments?post=119"}],"version-history":[{"count":32,"href":"https:\/\/escoladigital.madeira.gov.pt\/eb1pepeaguiar\/wp-json\/wp\/v2\/pages\/119\/revisions"}],"predecessor-version":[{"id":436,"href":"https:\/\/escoladigital.madeira.gov.pt\/eb1pepeaguiar\/wp-json\/wp\/v2\/pages\/119\/revisions\/436"}],"wp:attachment":[{"href":"https:\/\/escoladigital.madeira.gov.pt\/eb1pepeaguiar\/wp-json\/wp\/v2\/media?parent=119"}],"curies":[{"name":"wp","href":"https:\/\/api.w.org\/{rel}","templated":true}]}}