{"id":214,"date":"2022-06-03T09:28:08","date_gmt":"2022-06-03T09:28:08","guid":{"rendered":"https:\/\/escolacanical.pt\/?page_id=3"},"modified":"2026-09-02T11:19:56","modified_gmt":"2026-09-02T11:19:56","slug":"privacy-policy","status":"publish","type":"page","link":"https:\/\/escoladigital.madeira.gov.pt\/ebpeccanical\/privacy-policy\/","title":{"rendered":"Pol\u00edtica de Privacidade"},"content":{"rendered":"\n<h2 class=\"wp-block-heading\">A presente p\u00e1gina refere-se de forma gen\u00e9rica \u00e0 pol\u00edtica de privacidade do s\u00edtio eletr\u00f3nico da Escola B\u00e1sica com Pr\u00e9-escolar e Creche do Cani\u00e7al no endere\u00e7o www.escolacanical.pt, o qual se encontra alojado no Portal do Governo Regional da RAM.<\/h2>\n\n\n\n<p class=\"wp-block-paragraph\"><strong>Pol\u00edtica de Privacidade (e&nbsp;<em>cookies<\/em>) &#8211; Termos e Condi\u00e7\u00f5es<\/strong><\/p>\n\n\n\n<p class=\"wp-block-paragraph\"><br>O Regulamento (UE) 2016\/679 do Parlamento Europeu e do Conselho \u00e9 o Regulamento Geral sobre a Prote\u00e7\u00e3o de Dados (RGPD), em vigor desde 25 de maio de 2018 na Uni\u00e3o Europeia. O RGPD estabelece as regras relativas ao tratamento, por uma pessoa, empresa ou organiza\u00e7\u00e3o, de dados pessoais relativos a pessoas na UE. Para al\u00e9m do refor\u00e7o da prote\u00e7\u00e3o jur\u00eddica dos direitos dos titulares dos dados, o RGPD define regras e procedimentos do ponto de vista tecnol\u00f3gico.<br><br><strong>Entidade Gestora do Portal do Governo<\/strong><br>O Portal do Governo Regional da Madeira \u00e9 gerido pela Secretaria Regional das Finan\u00e7as. A infraestrutura tecnol\u00f3gica do Portal do Governo Regional da Madeira \u00e9 assegurada pela Dire\u00e7\u00e3o Regional de Inform\u00e1tica.<br><br>Se encontrar alguma falha no funcionamento do portal, comunique-nos atrav\u00e9s do endere\u00e7o:&nbsp;<a href=\"mailto:dri@madeira.gov.pt\">dri@madeira.gov.pt<\/a><br><br><strong>Respons\u00e1vel pelo Tratamento<\/strong><br>Os servi\u00e7os do Governo Regional da Madeira, enquanto respons\u00e1veis pelo tratamento de dados:<\/p>\n\n\n\n<ul class=\"wp-block-list\">\n<li>Asseguram que o tratamento dos seus dados pessoais \u00e9 efetuado no \u00e2mbito das finalidades para as quais os mesmos foram recolhidos ou para finalidades compat\u00edveis com aquelas;<\/li>\n\n\n\n<li>Recolhem, utilizam e conservam apenas os dados pessoais necess\u00e1rios para a finalidade em causa;<\/li>\n\n\n\n<li>N\u00e3o procedem a qualquer transmiss\u00e3o de dados pessoais para fins comerciais ou de publicidade;<\/li>\n\n\n\n<li>Tratam os dados pessoais para fins legalmente previstos ou para a prossecu\u00e7\u00e3o de servi\u00e7os da solicita\u00e7\u00e3o do cidad\u00e3o.<\/li>\n<\/ul>\n\n\n\n<p class=\"wp-block-paragraph\"><strong>Confidencialidade e Privacidade<\/strong><br>Os servi\u00e7os do Governo Regional da Madeira est\u00e3o empenhados em proceder ao tratamento dos seus dados de forma leal e transparente, garantindo confidencialidade e seguran\u00e7a quanto \u00e0s informa\u00e7\u00f5es que lhe s\u00e3o solicitadas e assegurando que as mesmas ser\u00e3o usadas apenas para os fins expressamente indicados e autorizados.<br><br><strong>Recolha e tratamento de dados pessoais<\/strong><br>O Portal do Governo Regional da Madeira procede \u00e0 recolha da informa\u00e7\u00e3o estritamente necess\u00e1ria e pertinente para a finalidade a que se destina.<br><br>A informa\u00e7\u00e3o recolhida, por meio do formul\u00e1rio de contacto disponibilizado em todas as \u00e1reas de governo, \u00e9 o nome e o e-mail, destinando-se a posterior intera\u00e7\u00e3o das \u00e1reas competentes com o cidad\u00e3o.<br><br>No cumprimento da obriga\u00e7\u00e3o legal de garantir a seguran\u00e7a dos sistemas de informa\u00e7\u00e3o, prevista no n.\u00ba 1 do artigo 32.\u00ba do RGPD, a Dire\u00e7\u00e3o Regional de Inform\u00e1tica realiza um tratamento de dados pessoais com fundamento na al\u00ednea c) do n.\u00ba 1 do artigo 6.\u00ba do mesmo diploma (cumprimento de uma obriga\u00e7\u00e3o jur\u00eddica). Recolhe os seguintes dados dos visitantes do seu s\u00edtio da Internet: data e hora da consulta, endere\u00e7o de IP (protocolo de Internet), tipo de navegador utilizado pelo visitante e as p\u00e1ginas acedidas. Estes dados s\u00e3o conservados pelo per\u00edodo m\u00e1ximo de 90 dias. Os dados pessoais recolhidos n\u00e3o s\u00e3o objeto de qualquer an\u00e1lise, a menos que ocorram eventuais incidentes de seguran\u00e7a, sendo nesse caso, ap\u00f3s an\u00e1lise, comunicados \u00e0s autoridades competentes.<br><br><strong>Acesso, seguran\u00e7a e identifica\u00e7\u00e3o do utilizador<\/strong><br>Toda a informa\u00e7\u00e3o pessoal que forneceu atrav\u00e9s dos formul\u00e1rios de contacto no Portal do Governo Regional da Madeira encontra-se protegida atrav\u00e9s de procedimentos de seguran\u00e7a que o protege de acessos e divulga\u00e7\u00e3o n\u00e3o autorizados.<br><br><strong>Direitos dos titulares dos dados<\/strong><br>O Portal do Governo Regional da Madeira garante-lhe, em fun\u00e7\u00e3o da licitude de tratamento definida, o direito de acesso aos dados que lhe digam diretamente respeito, podendo proceder \u00e0 sua atualiza\u00e7\u00e3o ou corre\u00e7\u00e3o, \u00e0 sua portabilidade, ao seu apagamento, \u00e0 limita\u00e7\u00e3o no seu tratamento ou ao direito de se opor ao seu tratamento, sem comprometer a validade do tratamento de dados efetuado at\u00e9 esse momento.<br><br>Os per\u00edodos de conserva\u00e7\u00e3o podem alterar-se quando o interesse p\u00fablico associado, motivos hist\u00f3ricos, cient\u00edficos ou estat\u00edsticos o justifiquem.<br><\/p>\n\n\n\n<p class=\"wp-block-paragraph\"><strong>Recolha e utiliza\u00e7\u00e3o de dados pessoais<\/strong> <strong>no site da escola<\/strong><\/p>\n\n\n\n<p class=\"wp-block-paragraph\">A Escola B\u00e1sica com Pr\u00e9-escolar e Creche do Cani\u00e7al n\u00e3o recolhe, de forma autom\u00e1tica, dados pessoais neste s\u00edtio, a menos que voluntariamente os forne\u00e7a (por exemplo, quando utiliza um formul\u00e1rio online para nos dirigir um pedido de informa\u00e7\u00e3o). Qualquer informa\u00e7\u00e3o que seja disponibilizada por esta via ser\u00e1 apenas utilizada pela Escola B\u00e1sica com Pr\u00e9-escolar e Creche do Cani\u00e7al para a finalidade descrita. Quaisquer dados pessoais que sejam disponibilizados ser\u00e3o tratados com as garantias de seguran\u00e7a e confidencialidade, exigidas pela Lei de Prote\u00e7\u00e3o de Dados.<\/p>\n\n\n\n<p class=\"wp-block-paragraph\"><strong>Recolha e utiliza\u00e7\u00e3o de informa\u00e7\u00e3o t\u00e9cnica<\/strong><\/p>\n\n\n\n<p class=\"wp-block-paragraph\">Este s\u00edtio n\u00e3o solicita nem recolhe qualquer tipo de identifica\u00e7\u00e3o dos utilizadores, nem requer qualquer registo para ser visitado, consultado e utilizado. O servidor que suporta este s\u00edtio regista apenas informa\u00e7\u00e3o t\u00e9cnica relativa \u00e0s visitas. N\u00e3o \u00e9 recolhida informa\u00e7\u00e3o que possa ser usada para identificar os utilizadores. A informa\u00e7\u00e3o t\u00e9cnica registada limita-se aos seguintes itens:<\/p>\n\n\n\n<ul class=\"wp-block-list\">\n<li>O endere\u00e7o de IP (Internet Protocol) do visitante;<\/li>\n\n\n\n<li>O tipo de navegador de Internet (browser) utilizado pelo visitante do site e o respetivo sistema operativo usado;<\/li>\n\n\n\n<li>A data e a hora da consulta;<\/li>\n\n\n\n<li>As p\u00e1ginas visitadas no site e os documentos descarregados.<\/li>\n<\/ul>\n\n\n\n<p class=\"wp-block-paragraph\">A informa\u00e7\u00e3o t\u00e9cnica \u00e9 utilizada apenas para fins estat\u00edsticos n\u00e3o sendo transmitida a terceiros. A Escola B\u00e1sica com Pr\u00e9-escolar e Creche do Cani\u00e7al n\u00e3o partilha esta informa\u00e7\u00e3o com entidades externas, a menos que seja obrigado por lei ou decis\u00e3o judicial.<\/p>\n\n\n\n<p class=\"wp-block-paragraph\"><strong>Utiliza\u00e7\u00e3o de cookies<\/strong><\/p>\n\n\n\n<p class=\"wp-block-paragraph\">Usamos cookies neste s\u00edtio para melhorar o desempenho e a sua experi\u00eancia como utilizador.<\/p>\n\n\n\n<p class=\"wp-block-paragraph\"><strong><em>O que s\u00e3o cookies?<\/em><\/strong><\/p>\n\n\n\n<p class=\"wp-block-paragraph\">Os cookies s\u00e3o pequenos ficheiros de texto que um s\u00edtio ao ser visitado pelo utilizador, coloca no seu computador ou no seu dispositivo m\u00f3vel atrav\u00e9s do navegador de internet (browser). A coloca\u00e7\u00e3o de cookies ajudar\u00e1 o s\u00edtio a reconhecer o seu dispositivo na pr\u00f3xima vez que o utilizador o visitar. Usamos o termo cookies nesta pol\u00edtica de Privacidade para referir todos os ficheiros que recolhem informa\u00e7\u00f5es desta forma. Os cookies utilizados n\u00e3o recolhem informa\u00e7\u00e3o que identifica o utilizador. Os cookies recolhem apenas informa\u00e7\u00f5es gen\u00e9ricas, designadamente a forma como os utilizadores chegam e utilizam o s\u00edtio ou a zona do pa\u00eds atrav\u00e9s do qual acedem, retendo apenas informa\u00e7\u00e3o relacionada com as suas prefer\u00eancias.<\/p>\n\n\n\n<p class=\"wp-block-paragraph\">A qualquer momento o utilizador pode, atrav\u00e9s do seu navegador de internet (browser) decidir ser notificado sobre a rece\u00e7\u00e3o de cookies, bem como bloquear a respetiva entrada no seu sistema. A recusa de uso de cookies no s\u00edtio, pode resultar na impossibilidade de ter acesso a algumas das suas \u00e1reas ou de receber informa\u00e7\u00e3o personalizada.<\/p>\n\n\n\n<p class=\"wp-block-paragraph\"><strong><em>Para que servem os cookies?<\/em><\/strong><\/p>\n\n\n\n<p class=\"wp-block-paragraph\">Os cookies s\u00e3o usados para ajudar a determinar a utilidade, interesse e o n\u00famero de utiliza\u00e7\u00f5es do s\u00edtio permitindo uma navega\u00e7\u00e3o mais r\u00e1pida e eficiente e eliminando a necessidade de introduzir repetidamente as mesmas informa\u00e7\u00f5es.<\/p>\n\n\n\n<p class=\"wp-block-paragraph\"><strong><em>Este s\u00edtio usa os seguintes tipos de cookies:<\/em><\/strong><\/p>\n\n\n\n<ul class=\"wp-block-list\">\n<li><em>Cookies de sess\u00e3o:<\/em> s\u00e3o armazenados apenas temporariamente durante uma sess\u00e3o de navega\u00e7\u00e3o para permitir o uso normal do sistema e s\u00e3o exclu\u00eddos do seu dispositivo quando o navegador \u00e9 fechado;<\/li>\n\n\n\n<li><em>Cookies persistentes:<\/em> s\u00e3o lidos somente pelo s\u00edtio, guardados no seu equipamento por um per\u00edodo fixo e n\u00e3o s\u00e3o exclu\u00eddos quando o navegador \u00e9 fechado;<\/li>\n\n\n\n<li><em>Cookies de terceiros:<\/em> s\u00e3o definidos por outros servi\u00e7os on-line que executam o conte\u00fado na p\u00e1gina que voc\u00ea est\u00e1 a visualizar, por exemplo, empresas de an\u00e1lise de terceiros que monitorizam e analisam nosso acesso web. Este tipo de cookies rastreia e recolhe dados sobre as atividades do utilizador no site, tais como p\u00e1ginas visitadas e a forma como navega pelo site. A sua principal utiliza\u00e7\u00e3o \u00e9 analisar e melhorar o desempenho do site e a experi\u00eancia do utilizador.<\/li>\n<\/ul>\n\n\n\n<p class=\"wp-block-paragraph\"><strong>Retifica\u00e7\u00e3o ou elimina\u00e7\u00e3o de dados<\/strong><\/p>\n\n\n\n<p class=\"wp-block-paragraph\">Nos termos da legisla\u00e7\u00e3o aplic\u00e1vel, \u00e9 garantido aos utilizadores deste s\u00edtio o direito de acesso, retifica\u00e7\u00e3o ou elimina\u00e7\u00e3o dos seus dados pessoais. Este s\u00edtio disponibiliza informa\u00e7\u00f5es sobre as atividades desenvolvidas na Escola B\u00e1sica com Pr\u00e9-escolar e Creche do Cani\u00e7al. Nesse \u00e2mbito, publicamos imagens e textos que poder\u00e3o conter identifica\u00e7\u00f5es individuais. Se estiver identificado, por texto e ou imagem em alguma p\u00e1gina deste s\u00edtio e desejar que essa identifica\u00e7\u00e3o seja removida, envie mensagem para o e-mail ebcanical@edu.madeira.gov.pt, referindo:<\/p>\n\n\n\n<ul class=\"wp-block-list\">\n<li>URL (liga\u00e7\u00e3o) espec\u00edfico da not\u00edcia que cont\u00e9m os dados a eliminar;<\/li>\n\n\n\n<li>Identifica\u00e7\u00e3o clara dos dados a eliminar.<\/li>\n<\/ul>\n\n\n\n<p class=\"wp-block-paragraph\">A Escola B\u00e1sica com Pr\u00e9-escolar e Creche do Cani\u00e7al compromete-se a proceder \u00e0 remo\u00e7\u00e3o destes dados com a maior brevidade poss\u00edvel. Reservamos o direito de recusar pedidos desta natureza caso a elimina\u00e7\u00e3o da informa\u00e7\u00e3o interfira ou impossibilite os servi\u00e7os que temos de prestar \u00e0 comunidade educativa no estrito cumprimento da legisla\u00e7\u00e3o em vigor.<\/p>\n\n\n\n<p class=\"wp-block-paragraph\"><strong>Atualiza\u00e7\u00f5es ou altera\u00e7\u00f5es a esta Pol\u00edtica de Privacidade<\/strong><\/p>\n\n\n\n<p class=\"wp-block-paragraph\">Reservamos o direito de modificar ou alterar esta Pol\u00edtica de Privacidade. As atualiza\u00e7\u00f5es e altera\u00e7\u00f5es entrar\u00e3o, de imediato, em vigor Seu uso cont\u00ednuo da Plataforma, ap\u00f3s a notifica\u00e7\u00e3o de tais altera\u00e7\u00f5es no nosso site, constitui sua confirma\u00e7\u00e3o e consentimento de tais altera\u00e7\u00f5es \u00e0 Pol\u00edtica de Privacidade e o seu acordo em vincular-se aos termos de tais altera\u00e7\u00f5es.<\/p>\n\n\n\n<p class=\"wp-block-paragraph\"><strong>Informa\u00e7\u00f5es Finais<\/strong><\/p>\n\n\n\n<p class=\"wp-block-paragraph\">Embora tomemos medidas para proteger a informa\u00e7\u00e3o disponibilizada neste s\u00edtio, n\u00e3o nos responsabilizamos pelos atos de quem obt\u00e9m acesso n\u00e3o autorizado ou fa\u00e7a mau uso do nosso s\u00edtio, e n\u00e3o podemos dar qualquer garantia de que seja poss\u00edvel impedir tal acesso. Para mais informa\u00e7\u00f5es sobre este assunto, consulte a nossa <a href=\"https:\/\/drive.google.com\/file\/d\/1psevk6V9Tm80HceE85gad6gC3jFtTm7c\/view?usp=drive_link\" target=\"_blank\" rel=\"noreferrer noopener\">Pol\u00edtica de Utiliza\u00e7\u00e3o Aceit\u00e1vel <\/a>das Tecnologias de Informa\u00e7\u00e3o e Comunica\u00e7\u00e3o (TIC) ou entre em contacto com a nossa <a href=\"https:\/\/drive.google.com\/file\/d\/1onb1ms6Ut1ad-0g12SPVTlBKlo9yNOLJ\/view?usp=drive_link\" target=\"_blank\" rel=\"noreferrer noopener\">Equipa de Ciberseguran\u00e7a<\/a> atrav\u00e9s do endere\u00e7o <a href=\"mailto:ciberseguranca.ebcanical@edu.madeira.gov.pt\">ciberseguranca.ebcanical@edu.madeira.gov.pt<\/a>.<\/p>\n\n\n\n<p class=\"wp-block-paragraph\">Em caso de d\u00favidas sobre a prote\u00e7\u00e3o de dados nas escolas da R.A.M., consulte o documento <a href=\"https:\/\/drive.google.com\/file\/d\/1tVbpmvVyp5tZI5L3HMg9ZdFBukhYFYlG\/view?usp=drive_link\" target=\"_blank\" rel=\"noreferrer noopener\">&#8220;Pol\u00edtica Geral de Prote\u00e7\u00e3o de Dados Pessoais para a Administra\u00e7\u00e3o P\u00fablica da Regi\u00e3o Aut\u00f3noma da Madeira&#8221;<\/a>. Neste documento est\u00e3o identificados os contactos para o Encarregado de Prote\u00e7\u00e3o de Dados (EPD) para as entidades da Administra\u00e7\u00e3o P\u00fablica Regional, que s\u00e3o os seguintes:<\/p>\n\n\n\n<p class=\"wp-block-paragraph\"><strong>Gabinete do Encarregado Geral de Prote\u00e7\u00e3o de Dados (GEGPD)<br><\/strong>Pal\u00e1cio do Governo Regional &#8211; Avenida Zarco<br>9004-527 FUNCHAL<br>Telefone: (351) 291 145 175<br>Email: gegpd@madeira.gov.pt<\/p>\n\n\n\n<p class=\"wp-block-paragraph\">A Autoridade de Controlo designada no ordenamento jur\u00eddico portugu\u00eas \u00e9 a Comiss\u00e3o Nacional de Prote\u00e7\u00e3o de Dados (CNPD), que poder\u00e1 ser contactada atrav\u00e9s dos seguintes meios:<br><strong>CNPD &#8211; Comiss\u00e3o Nacional de Prote\u00e7\u00e3o de Dados<br><\/strong>Av. D. Carlos I, 134, 1\u00ba<br>1200-651 Lisboa<br>T (+351) 213 928 400<br>F (+351) 213 976 832<br>Correio eletr\u00f3nico: geral@cnpd.pt<\/p>\n\n\n\n<p class=\"wp-block-paragraph\"><strong>No caso de detec\u00e7\u00e3o Viola\u00e7\u00e3o de Dados Pessoais, o respetivo Formul\u00e1rio de Notifica\u00e7\u00e3o est\u00e1 dispon\u00edvel no endere\u00e7o web<\/strong>: <a href=\"https:\/\/www.cnpd.pt\/databreach\/\" target=\"_blank\" rel=\"noreferrer noopener\">https:\/\/www.cnpd.pt\/databreach\/<\/a><\/p>\n\n\n\n<p class=\"wp-block-paragraph\">Data de origem da pol\u00edtica de privacidade: 3\/6\/2022<\/p>\n\n\n\n<p class=\"wp-block-paragraph\">\u00daltima altera\u00e7\u00e3o: 2\/9\/2026<\/p>\n\n\n\n<p class=\"wp-block-paragraph\"><\/p>\n","protected":false},"excerpt":{"rendered":"<p>A presente p\u00e1gina refere-se de forma gen\u00e9rica \u00e0 pol\u00edtica de privacidade do s\u00edtio eletr\u00f3nico da Escola B\u00e1sica com Pr\u00e9-escolar e Creche do Cani\u00e7al no endere\u00e7o www.escolacanical.pt, o qual se encontra alojado no Portal do Governo Regional da RAM. Pol\u00edtica de Privacidade (e&nbsp;cookies) &#8211; Termos e Condi\u00e7\u00f5es O Regulamento (UE) 2016\/679 do Parlamento Europeu e do &hellip; <\/p>\n<p class=\"link-more\"><a href=\"https:\/\/escoladigital.madeira.gov.pt\/ebpeccanical\/privacy-policy\/\" class=\"more-link\">Read more<span class=\"screen-reader-text\"> &#8220;Pol\u00edtica de Privacidade&#8221;<\/span><\/a><\/p>\n","protected":false},"author":52,"featured_media":189,"parent":0,"menu_order":0,"comment_status":"closed","ping_status":"open","template":"","meta":{"_themeisle_gutenberg_block_has_review":false,"inspiro_hide_title":false,"inspiro_hide_featured_image":false,"footnotes":"","_members_access_role":[],"_members_access_error":""},"categories":[],"tags":[],"class_list":["post-214","page","type-page","status-publish","has-post-thumbnail","hentry"],"_links":{"self":[{"href":"https:\/\/escoladigital.madeira.gov.pt\/ebpeccanical\/wp-json\/wp\/v2\/pages\/214","targetHints":{"allow":["GET"]}}],"collection":[{"href":"https:\/\/escoladigital.madeira.gov.pt\/ebpeccanical\/wp-json\/wp\/v2\/pages"}],"about":[{"href":"https:\/\/escoladigital.madeira.gov.pt\/ebpeccanical\/wp-json\/wp\/v2\/types\/page"}],"author":[{"embeddable":true,"href":"https:\/\/escoladigital.madeira.gov.pt\/ebpeccanical\/wp-json\/wp\/v2\/users\/52"}],"replies":[{"embeddable":true,"href":"https:\/\/escoladigital.madeira.gov.pt\/ebpeccanical\/wp-json\/wp\/v2\/comments?post=214"}],"version-history":[{"count":7,"href":"https:\/\/escoladigital.madeira.gov.pt\/ebpeccanical\/wp-json\/wp\/v2\/pages\/214\/revisions"}],"predecessor-version":[{"id":648,"href":"https:\/\/escoladigital.madeira.gov.pt\/ebpeccanical\/wp-json\/wp\/v2\/pages\/214\/revisions\/648"}],"wp:featuredmedia":[{"embeddable":true,"href":"https:\/\/escoladigital.madeira.gov.pt\/ebpeccanical\/wp-json\/wp\/v2\/media\/189"}],"wp:attachment":[{"href":"https:\/\/escoladigital.madeira.gov.pt\/ebpeccanical\/wp-json\/wp\/v2\/media?parent=214"}],"wp:term":[{"taxonomy":"category","embeddable":true,"href":"https:\/\/escoladigital.madeira.gov.pt\/ebpeccanical\/wp-json\/wp\/v2\/categories?post=214"},{"taxonomy":"post_tag","embeddable":true,"href":"https:\/\/escoladigital.madeira.gov.pt\/ebpeccanical\/wp-json\/wp\/v2\/tags?post=214"}],"curies":[{"name":"wp","href":"https:\/\/api.w.org\/{rel}","templated":true}]}}