{"id":1099,"date":"2024-09-09T19:17:35","date_gmt":"2024-09-09T19:17:35","guid":{"rendered":"https:\/\/escoladigital.madeira.gov.pt\/ebspdffbranco\/?page_id=1099"},"modified":"2024-09-09T20:56:12","modified_gmt":"2024-09-09T20:56:12","slug":"caminhar-conhecer-para-intervir","status":"publish","type":"page","link":"https:\/\/escoladigital.madeira.gov.pt\/ebspdffbranco\/caminhar-conhecer-para-intervir\/","title":{"rendered":""},"content":{"rendered":"\n<div class=\"wp-block-group alignfull is-vertical is-content-justification-center is-layout-flex wp-container-core-group-is-layout-e795610d wp-block-group-is-layout-flex\" style=\"padding-top:0;padding-right:var(--wp--preset--spacing--50);padding-bottom:0;padding-left:var(--wp--preset--spacing--50)\">\n<figure class=\"wp-block-image size-full is-resized\"><img fetchpriority=\"high\" decoding=\"async\" width=\"945\" height=\"226\" src=\"https:\/\/escoladigital.madeira.gov.pt\/ebspdffbranco\/wp-content\/uploads\/sites\/19\/2024\/09\/logocaminhar.jpg\" alt=\"\" class=\"wp-image-1100\" style=\"width:637px;height:auto\" srcset=\"https:\/\/escoladigital.madeira.gov.pt\/ebspdffbranco\/wp-content\/uploads\/sites\/19\/2024\/09\/logocaminhar.jpg 945w, https:\/\/escoladigital.madeira.gov.pt\/ebspdffbranco\/wp-content\/uploads\/sites\/19\/2024\/09\/logocaminhar-300x72.jpg 300w, https:\/\/escoladigital.madeira.gov.pt\/ebspdffbranco\/wp-content\/uploads\/sites\/19\/2024\/09\/logocaminhar-768x184.jpg 768w\" sizes=\"(max-width: 945px) 100vw, 945px\" \/><\/figure>\n<\/div>\n\n\n\n<figure class=\"wp-block-table is-style-regular\"><table class=\"has-border-color has-base-border-color\"><tbody><tr><td class=\"has-text-align-center\" data-align=\"center\">O Erasmus+ \u00e9 o Programa europeu para a educa\u00e7\u00e3o, forma\u00e7\u00e3o, juventude e desporto para o per\u00edodo 2021 a 2027 e visa&nbsp;potenciar o desenvolvimento pessoal e profissional de todos os cidad\u00e3os, para o refor\u00e7o da identidade europeia, do&nbsp;crescimento sustent\u00e1vel, da coes\u00e3o social e da empregabilidade das pessoas.<br>A A\u00e7\u00e3o Chave 1 assenta na mobilidade individual para fins de aprendizagem.<br><br><br>O&nbsp;<strong>projeto ERASMUS+ KA122, Ensino Escolar (SCH), com o t\u00edtulo \u201cCaminhar, Conhecer para Intervir\u201d<\/strong>, foi aprovado para o&nbsp;desenvolvimento das compet\u00eancias dos professores, o qual financia, para o ano de 2022\/2023, 10 mobilidades para&nbsp;pessoal docente e n\u00e3o docente.&nbsp;<br><br><a href=\"https:\/\/escolas.madeira-edu.pt\/LinkClick.aspx?fileticket=p4vhCe_OZYo%3d&amp;tabid=18253\" target=\"_blank\" rel=\"noreferrer noopener\"><strong>Apresenta\u00e7\u00e3o do Projeto<\/strong><\/a>&nbsp;<br><br><strong><a href=\"https:\/\/escolas.madeira-edu.pt\/LinkClick.aspx?fileticket=cUx7LxIPqiM%3d&amp;tabid=18253\">Condi\u00e7\u00f5es de participa\u00e7\u00e3o, crit\u00e9rios de sele\u00e7\u00e3o e seria\u00e7\u00e3o<\/a><\/strong>&nbsp;<br><br><strong><a href=\"https:\/\/escolas.madeira-edu.pt\/LinkClick.aspx?fileticket=8gybghC9JOc%3d&amp;tabid=18253\" target=\"_blank\" rel=\"noreferrer noopener\">Ficha de inscri\u00e7\u00e3o<\/a><\/strong>&nbsp;<br><br><strong><a href=\"https:\/\/escolas.madeira-edu.pt\/LinkClick.aspx?fileticket=bRbJFKmN73Y%3d&amp;tabid=18253\">Lista Ordenada dos candidatos \u00e0s bolsas do projeto<\/a><\/strong><br><br><img decoding=\"async\" width=\"500\" height=\"112\" src=\"https:\/\/escolas.madeira-edu.pt\/Portals\/112\/2223\/erasmus.jpg\" alt=\"\"><\/td><\/tr><\/tbody><\/table><\/figure>\n\n\n\n<figure class=\"wp-block-table aligncenter\"><table class=\"has-border-color has-base-border-color has-fixed-layout\"><tbody><tr><td class=\"has-text-align-center\" data-align=\"center\">No \u00e2mbito do projeto ERASMUS+ KA122, Ensino Escolar (SCH) &#8211; \u201cCaminhar, Conhecer para Intervir\u201d, coordenado pelas professoras S\u00f3nia Cortes\u00e3o e Rosalina Gomes, a docente Dalila Peixe frequentou em Praga, na Europass Teacher Academy a atividade formativa &#8220;Game-Based Learning and Gamification in the Classroom &#8221; no per\u00edodo de 26\/06\/2023 a 1\/07\/2023.<\/td><\/tr><tr><td class=\"has-text-align-center\" data-align=\"center\">&nbsp;<img decoding=\"async\" src=\"https:\/\/escolas.madeira-edu.pt\/Portals\/112\/2223\/praga.jpg\" width=\"250\" height=\"211\" alt=\"\"><img loading=\"lazy\" decoding=\"async\" src=\"https:\/\/escolas.madeira-edu.pt\/Portals\/112\/2223\/praga2.jpg\" width=\"250\" height=\"211\" alt=\"\"><img loading=\"lazy\" decoding=\"async\" src=\"https:\/\/escolas.madeira-edu.pt\/Portals\/112\/2223\/praga3.jpg\" width=\"250\" height=\"211\" alt=\"\"><\/td><\/tr><\/tbody><\/table><\/figure>\n\n\n\n<div class=\"wp-block-group alignfull has-contrast-color has-text-color has-background has-global-padding is-layout-constrained wp-container-core-group-is-layout-95859db0 wp-block-group-is-layout-constrained\" style=\"background-color:#d4e3cb;margin-top:0;margin-bottom:0;padding-top:0;padding-right:var(--wp--preset--spacing--20);padding-bottom:0;padding-left:var(--wp--preset--spacing--20)\">\n<div class=\"wp-block-group alignwide has-global-padding is-layout-constrained wp-block-group-is-layout-constrained\">\n<figure class=\"wp-block-table alignfull\"><table class=\"has-border-color has-fixed-layout\" style=\"border-color:#d8e3d0\"><tbody><tr><td class=\"has-text-align-center\" data-align=\"center\"><\/td><\/tr><tr><td class=\"has-text-align-center\" data-align=\"center\"><br>E assim chegou ao fim uma experi\u00eancia \u00fanica, no \u00e2mbito do Programa Erasmus + , Educa\u00e7\u00e3o e Forma\u00e7\u00e3o KA122 &#8211; SCH- 0000749977&nbsp;<strong>&#8220;Caminhar, Conhecer para Intervir&#8221; &#8211; English Language Course for Beginners da Europass Teacher Academy Ireland.<\/strong><br>Uma oportunidade incr\u00edvel para conviver durante uma semana com diferentes nacionalidades, descobrir e compartilhar as melhores pr\u00e1ticas, expandir um conjunto de habilidades e explorar estrat\u00e9gias de ensino e aprendizagem para alcan\u00e7ar melhores resultados de aprendizagem e envolvimento da comunidade, decorreu entre os dias&nbsp;<strong>6 a 10 de mar\u00e7o<\/strong>.<br><br><img loading=\"lazy\" decoding=\"async\" width=\"300\" height=\"169\" src=\"https:\/\/escolas.madeira-edu.pt\/Portals\/112\/2223\/erasmus\/er3.jpg\" alt=\"\">     <img loading=\"lazy\" decoding=\"async\" width=\"300\" height=\"157\" src=\"https:\/\/escolas.madeira-edu.pt\/Portals\/112\/2223\/erasmus\/er5.jpg\" alt=\"\"><img loading=\"lazy\" decoding=\"async\" width=\"250\" height=\"250\" src=\"https:\/\/escolas.madeira-edu.pt\/Portals\/112\/2223\/erasmus\/er4.jpg\" alt=\"\"><\/td><\/tr><\/tbody><\/table><\/figure>\n<\/div>\n<\/div>\n\n\n\n<div class=\"wp-block-group alignfull is-vertical is-content-justification-center is-layout-flex wp-container-core-group-is-layout-e795610d wp-block-group-is-layout-flex\" style=\"padding-top:0;padding-right:var(--wp--preset--spacing--50);padding-bottom:0;padding-left:var(--wp--preset--spacing--50)\">\n<p>No \u00e2mbito do projeto ERASMUS+ KA122, Ensino Escolar (SCH) &#8211; \u201cCaminhar, Conhecer para Intervir\u201d, os professores Magno Velosa, Carlos Silva e Miguel Silva frequentaram a Atividade Formativa&nbsp;<strong>&#8220;English Language Course for Intermediate Level&#8221;<\/strong>,na Europass Teacher Academy em Dublin, Irlanda, entre<strong>&nbsp;27 de fevereiro e 04 mar\u00e7o.<\/strong><\/p>\n\n\n\n<p><em>&#8220;Experience is simply the name we give our mistakes.&#8221; Oscar Wilde<\/em><\/p>\n\n\n\n<p><br>Este projeto \u00e9 coordenado pelas professoras S\u00f3nia Cortes\u00e3o e Rosalina Gomes.<\/p>\n\n\n\n<figure class=\"wp-block-gallery has-nested-images columns-default is-cropped wp-block-gallery-1 is-layout-flex wp-block-gallery-is-layout-flex\">\n<figure class=\"wp-block-image is-resized\"><img decoding=\"async\" src=\"https:\/\/escolas.madeira-edu.pt\/Portals\/112\/2223\/erasmus\/er1.jpg\" alt=\"\" style=\"width:259px;height:auto\" \/><\/figure>\n\n\n\n<figure class=\"wp-block-image is-resized\"><img decoding=\"async\" src=\"https:\/\/escolas.madeira-edu.pt\/Portals\/112\/2223\/erasmus\/er2.jpg\" alt=\"\" style=\"width:242px;height:auto\" \/><\/figure>\n<\/figure>\n<\/div>\n\n\n\n<div class=\"wp-block-group alignfull has-contrast-color has-text-color has-background has-global-padding is-layout-constrained wp-container-core-group-is-layout-95859db0 wp-block-group-is-layout-constrained\" style=\"background-color:#d4e3cb;margin-top:0;margin-bottom:0;padding-top:0;padding-right:var(--wp--preset--spacing--20);padding-bottom:0;padding-left:var(--wp--preset--spacing--20)\">\n<div class=\"wp-block-group alignwide has-global-padding is-layout-constrained wp-block-group-is-layout-constrained\">\n<figure class=\"wp-block-table alignfull\"><table class=\"has-border-color has-fixed-layout\" style=\"border-color:#d8e3d0\"><tbody><tr><td class=\"has-text-align-center\" data-align=\"center\"><\/td><\/tr><tr><td class=\"has-text-align-center\" data-align=\"center\"><br><strong>Caminhar, Conhecer para Intervir<\/strong><br>\u00a0<br>No \u00e2mbito do projeto\u00a0ERASMUS+ KA122, Ensino Escolar (SCH) &#8211; \u201cCaminhar, Conhecer para Intervir\u201d, as professoras S\u00f3nia Cortes\u00e3o, Rosalina Gomes e Elisabete Sousa, frequentaram em\u00a0<strong>Dublin, na Europass Teacher Academy a Atividade Formativa\u00a0<em>&#8220;English Language Course for Beginners&#8221;\u00a0<\/em>n<em>o\u00a0<\/em>per\u00edodo de 28\/11\/2022 a 3\/12\/2022.<\/strong><br><img loading=\"lazy\" decoding=\"async\" width=\"300\" height=\"227\" src=\"https:\/\/escolas.madeira-edu.pt\/Portals\/112\/2223\/ca1.jpg\" alt=\"\"><br>\u00a0<br><img loading=\"lazy\" decoding=\"async\" width=\"300\" height=\"400\" src=\"https:\/\/escolas.madeira-edu.pt\/Portals\/112\/2223\/cm2.JPG\" alt=\"\"><\/td><\/tr><\/tbody><\/table><\/figure>\n<\/div>\n<\/div>\n","protected":false},"excerpt":{"rendered":"<p>O Erasmus+ \u00e9 o Programa europeu para a educa\u00e7\u00e3o, forma\u00e7\u00e3o, juventude e desporto para o per\u00edodo 2021 a 2027 e visa&nbsp;potenciar o desenvolvimento pessoal e profissional de todos os cidad\u00e3os, para o refor\u00e7o da identidade europeia, do&nbsp;crescimento sustent\u00e1vel, da coes\u00e3o social e da empregabilidade das pessoas.A A\u00e7\u00e3o Chave 1 assenta na mobilidade individual para fins [&hellip;]<\/p>\n","protected":false},"author":28,"featured_media":0,"parent":0,"menu_order":0,"comment_status":"closed","ping_status":"closed","template":"","meta":{"_themeisle_gutenberg_block_has_review":false,"footnotes":""},"class_list":["post-1099","page","type-page","status-publish","hentry"],"_links":{"self":[{"href":"https:\/\/escoladigital.madeira.gov.pt\/ebspdffbranco\/wp-json\/wp\/v2\/pages\/1099","targetHints":{"allow":["GET"]}}],"collection":[{"href":"https:\/\/escoladigital.madeira.gov.pt\/ebspdffbranco\/wp-json\/wp\/v2\/pages"}],"about":[{"href":"https:\/\/escoladigital.madeira.gov.pt\/ebspdffbranco\/wp-json\/wp\/v2\/types\/page"}],"author":[{"embeddable":true,"href":"https:\/\/escoladigital.madeira.gov.pt\/ebspdffbranco\/wp-json\/wp\/v2\/users\/28"}],"replies":[{"embeddable":true,"href":"https:\/\/escoladigital.madeira.gov.pt\/ebspdffbranco\/wp-json\/wp\/v2\/comments?post=1099"}],"version-history":[{"count":7,"href":"https:\/\/escoladigital.madeira.gov.pt\/ebspdffbranco\/wp-json\/wp\/v2\/pages\/1099\/revisions"}],"predecessor-version":[{"id":1111,"href":"https:\/\/escoladigital.madeira.gov.pt\/ebspdffbranco\/wp-json\/wp\/v2\/pages\/1099\/revisions\/1111"}],"wp:attachment":[{"href":"https:\/\/escoladigital.madeira.gov.pt\/ebspdffbranco\/wp-json\/wp\/v2\/media?parent=1099"}],"curies":[{"name":"wp","href":"https:\/\/api.w.org\/{rel}","templated":true}]}}