{"id":117,"date":"2024-07-10T16:48:25","date_gmt":"2024-07-10T16:48:25","guid":{"rendered":"https:\/\/escoladigital.madeira.gov.pt\/ebspdffbranco\/?page_id=117"},"modified":"2026-03-06T15:38:11","modified_gmt":"2026-03-06T15:38:11","slug":"plano-anual-de-escola","status":"publish","type":"page","link":"https:\/\/escoladigital.madeira.gov.pt\/ebspdffbranco\/plano-anual-de-escola\/","title":{"rendered":"Plano Anual de Escola"},"content":{"rendered":"\n<div class=\"wp-block-columns is-layout-flex wp-container-core-columns-is-layout-28f84493 wp-block-columns-is-layout-flex\">\n<div class=\"wp-block-column is-layout-flow wp-block-column-is-layout-flow\" style=\"flex-basis:33.33%\">\n<p class=\"has-text-align-left\">O Plano Anual de Escola \u00e9 um dos documentos essenciais de toda a a\u00e7\u00e3o educativa da escola. Trata-se de um instrumento fundamental na afirma\u00e7\u00e3o da sua autonomia e, como tal, \u00e9 apresentado pelo normativo legal que o regula (Decreto Legislativo Regional n\u00ba 21\/2006\/M), como o documento que \u201cdefine, em fun\u00e7\u00e3o do projeto educativo, os objetivos, as formas de organiza\u00e7\u00e3o e de programa\u00e7\u00e3o das atividades e que procede \u00e0 identifica\u00e7\u00e3o dos recursos envolvidos\u201d<\/p>\n<\/div>\n\n\n\n<div class=\"wp-block-column is-layout-flow wp-block-column-is-layout-flow\" style=\"flex-basis:66.66%\">\n<div class=\"wp-block-columns is-layout-flex wp-container-core-columns-is-layout-28f84493 wp-block-columns-is-layout-flex\">\n<div class=\"wp-block-column is-layout-flow wp-block-column-is-layout-flow\" style=\"flex-basis:100%\">\n<p class=\"has-text-align-left\">Enquanto instrumento de gest\u00e3o e documento estruturante, o Plano Anual de Escola obedece a uma l\u00f3gica de integra\u00e7\u00e3o e articula\u00e7\u00e3o, tendo em vista a coer\u00eancia, efic\u00e1cia e qualidade do servi\u00e7o educativo. Mais do que uma formal planifica\u00e7\u00e3o, consideramos que o Plano Anual de Escola \u00e9 um plano de a\u00e7\u00e3o que pretende p\u00f4r em pr\u00e1tica, anualmente, atividades e projetos que visem alcan\u00e7ar os objetivos e metas definidos no Projeto Educativo de Escola.&nbsp;<\/p>\n\n\n\n<figure class=\"wp-block-image aligncenter size-full is-resized\"><a href=\"https:\/\/escoladigital.madeira.gov.pt\/ebspdffbranco\/wp-content\/uploads\/sites\/19\/2026\/03\/Plano-Anual-de-Escola-PAE-2025.2026.pdf\" target=\"_blank\" rel=\" noreferrer noopener\"><img fetchpriority=\"high\" decoding=\"async\" width=\"457\" height=\"650\" src=\"https:\/\/escoladigital.madeira.gov.pt\/ebspdffbranco\/wp-content\/uploads\/sites\/19\/2026\/03\/imgPAE.png\" alt=\"\" class=\"wp-image-5095\" style=\"aspect-ratio:0.703078250863061;width:147px;height:auto\" srcset=\"https:\/\/escoladigital.madeira.gov.pt\/ebspdffbranco\/wp-content\/uploads\/sites\/19\/2026\/03\/imgPAE.png 457w, https:\/\/escoladigital.madeira.gov.pt\/ebspdffbranco\/wp-content\/uploads\/sites\/19\/2026\/03\/imgPAE-211x300.png 211w\" sizes=\"(max-width: 457px) 100vw, 457px\" \/><\/a><\/figure>\n\n\n\n<p class=\"has-text-align-center\"><a href=\"https:\/\/escoladigital.madeira.gov.pt\/ebspdffbranco\/wp-content\/uploads\/sites\/19\/2026\/03\/Anexo-I-Plano-Anual-de-Atividades-ACC2526.pdf\" target=\"_blank\" rel=\"noreferrer noopener\">Anexo I &#8211; Plano Anual de Atividades<\/a><strong><br><\/strong><br><a href=\"https:\/\/escoladigital.madeira.gov.pt\/ebspdffbranco\/wp-content\/uploads\/sites\/19\/2026\/03\/Anexo-II-Atividades-de-enriquecimento-do-Curriculo-AEC-25_26_v2.pdf\" target=\"_blank\" rel=\"noreferrer noopener\">Anexo II &#8211; Atividades de Enriquecimento do Curr\u00edculo<\/a><\/p>\n<\/div>\n<\/div>\n<\/div>\n<\/div>\n\n\n\n<div style=\"height:0px\" aria-hidden=\"true\" class=\"wp-block-spacer\"><\/div>\n","protected":false},"excerpt":{"rendered":"<p>O Plano Anual de Escola \u00e9 um dos documentos essenciais de toda a a\u00e7\u00e3o educativa da escola. Trata-se de um instrumento fundamental na afirma\u00e7\u00e3o da sua autonomia e, como tal, \u00e9 apresentado pelo normativo legal que o regula (Decreto Legislativo Regional n\u00ba 21\/2006\/M), como o documento que \u201cdefine, em fun\u00e7\u00e3o do projeto educativo, os objetivos, [&hellip;]<\/p>\n","protected":false},"author":28,"featured_media":0,"parent":0,"menu_order":0,"comment_status":"closed","ping_status":"closed","template":"","meta":{"_themeisle_gutenberg_block_has_review":false,"footnotes":""},"class_list":["post-117","page","type-page","status-publish","hentry"],"_links":{"self":[{"href":"https:\/\/escoladigital.madeira.gov.pt\/ebspdffbranco\/wp-json\/wp\/v2\/pages\/117","targetHints":{"allow":["GET"]}}],"collection":[{"href":"https:\/\/escoladigital.madeira.gov.pt\/ebspdffbranco\/wp-json\/wp\/v2\/pages"}],"about":[{"href":"https:\/\/escoladigital.madeira.gov.pt\/ebspdffbranco\/wp-json\/wp\/v2\/types\/page"}],"author":[{"embeddable":true,"href":"https:\/\/escoladigital.madeira.gov.pt\/ebspdffbranco\/wp-json\/wp\/v2\/users\/28"}],"replies":[{"embeddable":true,"href":"https:\/\/escoladigital.madeira.gov.pt\/ebspdffbranco\/wp-json\/wp\/v2\/comments?post=117"}],"version-history":[{"count":16,"href":"https:\/\/escoladigital.madeira.gov.pt\/ebspdffbranco\/wp-json\/wp\/v2\/pages\/117\/revisions"}],"predecessor-version":[{"id":5116,"href":"https:\/\/escoladigital.madeira.gov.pt\/ebspdffbranco\/wp-json\/wp\/v2\/pages\/117\/revisions\/5116"}],"wp:attachment":[{"href":"https:\/\/escoladigital.madeira.gov.pt\/ebspdffbranco\/wp-json\/wp\/v2\/media?parent=117"}],"curies":[{"name":"wp","href":"https:\/\/api.w.org\/{rel}","templated":true}]}}