{"id":1214,"date":"2024-09-10T18:07:10","date_gmt":"2024-09-10T18:07:10","guid":{"rendered":"https:\/\/escoladigital.madeira.gov.pt\/ebspdffbranco\/?page_id=1214"},"modified":"2024-09-10T18:44:04","modified_gmt":"2024-09-10T18:44:04","slug":"1214-2","status":"publish","type":"page","link":"https:\/\/escoladigital.madeira.gov.pt\/ebspdffbranco\/1214-2\/","title":{"rendered":""},"content":{"rendered":"\n<p class=\"has-large-font-size\"><strong>PROJETO ERASMUS+ \u201cCULTURAL HERITAGE BEYOND BORDERS&#8221;<\/strong><\/p>\n\n\n\n<p class=\"has-text-align-center\"><img decoding=\"async\" width=\"340\" height=\"49\" src=\"https:\/\/escolas.madeira-edu.pt\/Portals\/112\/2021\/erasmus\/logops.png\" alt=\"\"><br><\/p>\n\n\n\n<p class=\"has-text-align-center has-medium-font-size\"><a href=\"https:\/\/escolas.madeira-edu.pt\/LinkClick.aspx?fileticket=0X0BnpwPsj4%3d&amp;tabid=17780\" target=\"_blank\" rel=\"noreferrer noopener\">Objetivos do Projeto<\/a><\/p>\n\n\n\n<figure class=\"wp-block-gallery has-nested-images columns-default is-cropped wp-block-gallery-3 is-layout-flex wp-block-gallery-is-layout-flex\">\n<figure class=\"wp-block-image size-large is-resized is-style-rounded is-style-rounded--1\"><a href=\"https:\/\/www.dnoticias.pt\/2023\/5\/31\/362218-erasmus-leva-alunos-do-porto-santo-a-hungria\/\" target=\"_blank\" rel=\"noreferrer noopener\"><img fetchpriority=\"high\" decoding=\"async\" width=\"466\" height=\"397\" data-id=\"1219\" src=\"https:\/\/escoladigital.madeira.gov.pt\/ebspdffbranco\/wp-content\/uploads\/sites\/19\/2024\/09\/image.png\" alt=\"\" class=\"wp-image-1219\" style=\"width:332px;height:auto\" srcset=\"https:\/\/escoladigital.madeira.gov.pt\/ebspdffbranco\/wp-content\/uploads\/sites\/19\/2024\/09\/image.png 466w, https:\/\/escoladigital.madeira.gov.pt\/ebspdffbranco\/wp-content\/uploads\/sites\/19\/2024\/09\/image-300x256.png 300w\" sizes=\"(max-width: 466px) 100vw, 466px\" \/><\/a><\/figure>\n\n\n\n<figure class=\"wp-block-image size-large is-resized is-style-rounded is-style-rounded--2\"><a href=\"https:\/\/www.dnoticias.pt\/2023\/1\/16\/344516-alunas-e-professoras-porto-santenses-em-projecto-erasmus-cultural-heritage-beyond-borders\/\" target=\"_blank\" rel=\"noreferrer noopener\"><img decoding=\"async\" width=\"662\" height=\"475\" data-id=\"1223\" src=\"https:\/\/escoladigital.madeira.gov.pt\/ebspdffbranco\/wp-content\/uploads\/sites\/19\/2024\/09\/image-1.png\" alt=\"\" class=\"wp-image-1223\" style=\"width:334px;height:auto\" srcset=\"https:\/\/escoladigital.madeira.gov.pt\/ebspdffbranco\/wp-content\/uploads\/sites\/19\/2024\/09\/image-1.png 662w, https:\/\/escoladigital.madeira.gov.pt\/ebspdffbranco\/wp-content\/uploads\/sites\/19\/2024\/09\/image-1-300x215.png 300w\" sizes=\"(max-width: 662px) 100vw, 662px\" \/><\/a><\/figure>\n<\/figure>\n\n\n\n<figure class=\"wp-block-image aligncenter size-full is-resized is-style-rounded is-style-rounded--4\"><a href=\"https:\/\/www.jm-madeira.pt\/regiao\/programa_erasmus_leva_quatro_alunas__e_duas_docentes_do_porto_santo_a_eslovaquia-BJJMART195861\" target=\"_blank\" rel=\"noreferrer noopener\"><img loading=\"lazy\" decoding=\"async\" width=\"378\" height=\"385\" src=\"https:\/\/escoladigital.madeira.gov.pt\/ebspdffbranco\/wp-content\/uploads\/sites\/19\/2024\/09\/image-2.png\" alt=\"\" class=\"wp-image-1226\" style=\"width:311px;height:auto\" srcset=\"https:\/\/escoladigital.madeira.gov.pt\/ebspdffbranco\/wp-content\/uploads\/sites\/19\/2024\/09\/image-2.png 378w, https:\/\/escoladigital.madeira.gov.pt\/ebspdffbranco\/wp-content\/uploads\/sites\/19\/2024\/09\/image-2-295x300.png 295w\" sizes=\"(max-width: 378px) 100vw, 378px\" \/><\/a><\/figure>\n\n\n\n<p class=\"has-text-align-center\"><strong>ALUNAS E PROFESSORAS PORTO-SANTENSES EM PROJETO ERASMUS+ \u201cCULTURAL HERITAGE BEYOND BORDERS&#8221;<\/strong><\/p>\n\n\n\n<p>Entre os dias 27 de maio e 04 de junho, quatro alunos do Curso de Artes Visuais deslocaram-se em mobilidade \u00e0 Hungria, cidade de Ajka no \u00e2mbito do programa Erasmus+, KA229, A\u00e7\u00e3o Chave 2- Parcerias de Interc\u00e2mbio Escolar no projeto \u201cCultural Heritage Beyond Borders\u201d que decorre na Fekete Istv\u00e1n &#8211; V\u00f6r\u00f6smarty Mih\u00e1ly \u00c1ltal\u00e1nos Iskola \u00e9s Gimn\u00e1zium, entre 29 de maio e 02 de junho de 2023 acompanhada pelas professoras Dalila Maria Peixe Silva e Maria Eug\u00e9nia Caldeira Migu\u00e9is. Esta mobilidade \u00e9 a \u00faltima deste projeto, que teve in\u00edcio em setembro de 2020, tendo como parceiros a Hungria, Portugal (Porto Santo), Eslov\u00e1quia, Turquia, coordenado por uma escola dos Pa\u00edses Baixos. \u00c9 de referir que o objetivo principal deste projeto \u00e9 encorajar a partilha de conhecimento do patrim\u00f3nio cultural da Europa, aumentando a consci\u00eancia da nossa hist\u00f3ria, cultura, valores comuns e refor\u00e7ando o sentimento de perten\u00e7a num espa\u00e7o europeu comum.<\/p>\n\n\n\n<figure class=\"wp-block-image aligncenter is-resized\"><img decoding=\"async\" src=\"https:\/\/escolas.madeira-edu.pt\/Portals\/112\/2223\/erasmus\/dalilahungria.jpg\" alt=\"\" style=\"width:419px;height:auto\" \/><\/figure>\n\n\n\n<p><\/p>\n\n\n\n<p class=\"has-text-align-center has-accent-4-background-color has-background\"><strong>ALUNAS E PROFESSORAS PORTO-SANTENSES EM PROJETO ERASMUS+ \u201cCULTURAL HERITAGE BEYOND BORDERS&#8221;<\/strong><\/p>\n\n\n\n<p class=\"has-background\" style=\"background-color:#ceddc6;margin-top:0;margin-right:0;margin-bottom:0;margin-left:0\"><br>2023 come\u00e7ou da melhor forma para quatro alunas do curso de Artes Visuais da Escola B\u00e1sica e Secund\u00e1ria com Pr\u00e9-escolar e Creche Professor Dr. Francisco de Freitas Branco da ilha do Porto Santo. Na passada sexta-feira, 13 de janeiro, duas alunas do 12.\u00ba ano e duas do 11.\u00ba, acompanhadas pelas professoras Dalila Peixe e Eug\u00e9nia Migu\u00e9is, coordenadoras do projeto, deslocaram-se a Star\u00e1 \u013dubov\u0148a, na Eslov\u00e1quia, onde se situa a escola Cirkevn\u00e9 Gymn\u00e1zium sv. Mikul\u00e1\u0161a, que nos acolher\u00e1, no \u00e2mbito do programa Erasmus+, KA229, A\u00e7\u00e3o Chave 2- Parcerias de Interc\u00e2mbio Escolar com o projeto \u201cCultural Heritage Beyond Borders\u201d que teve in\u00edcio em setembro de 2020. O objetivo principal deste projeto \u00e9 encorajar a partilha de conhecimento do patrim\u00f3nio cultural da Europa, aumentando a consci\u00eancia da nossa hist\u00f3ria, cultura, valores comuns e refor\u00e7ando o sentimento de perten\u00e7a num espa\u00e7o europeu comum. Os parceiros neste projeto s\u00e3o: Hungria, Portugal (Porto Santo), Eslov\u00e1quia, Turquia, coordenado por uma escola dos Pa\u00edses Baixos. Esperamos uma semana repleta de partilha de conhecimentos&#8230;<\/p>\n\n\n\n<figure class=\"wp-block-gallery has-nested-images columns-default is-cropped wp-block-gallery-5 is-layout-flex wp-block-gallery-is-layout-flex\">\n<figure class=\"wp-block-image aligncenter is-resized\"><a href=\"https:\/\/escolas.madeira-edu.pt\/Portals\/112\/2223\/erasmus\/Eslov%C3%A1quia.jpg\"><img decoding=\"async\" src=\"https:\/\/escolas.madeira-edu.pt\/Portals\/112\/2223\/erasmus\/Eslov%C3%A1quia.jpg\" alt=\"\" style=\"width:225px;height:auto\" \/><\/a><\/figure>\n\n\n\n<figure class=\"wp-block-image aligncenter is-resized\"><a href=\"https:\/\/escolas.madeira-edu.pt\/Portals\/112\/2223\/erasmus\/Eslov%C3%A1quia2.jpg\" target=\"_blank\" rel=\"noreferrer noopener\"><img decoding=\"async\" src=\"https:\/\/escolas.madeira-edu.pt\/Portals\/112\/2223\/erasmus\/Eslov%C3%A1quia2.jpg\" alt=\"\" style=\"width:243px;height:auto\" \/><\/a><\/figure>\n<\/figure>\n\n\n\n<p><\/p>\n\n\n\n<figure class=\"wp-block-image aligncenter is-resized\"><img decoding=\"async\" src=\"https:\/\/escolas.madeira-edu.pt\/Portals\/112\/2223\/erasmus\/Eslov%C3%A1quia3.jpg\" alt=\"\" style=\"width:422px;height:auto\" \/><\/figure>\n\n\n\n<figure class=\"wp-block-gallery has-nested-images columns-default is-cropped wp-block-gallery-6 is-layout-flex wp-block-gallery-is-layout-flex\">\n<figure class=\"wp-block-image aligncenter is-resized\"><a href=\"https:\/\/escolas.madeira-edu.pt\/Portals\/112\/2223\/erasmus\/Eslov%C3%A1quia4.jpg\" target=\"_blank\" rel=\"noreferrer noopener\"><img decoding=\"async\" src=\"https:\/\/escolas.madeira-edu.pt\/Portals\/112\/2223\/erasmus\/Eslov%C3%A1quia4.jpg\" alt=\"\" style=\"width:325px;height:auto\" \/><\/a><\/figure>\n\n\n\n<figure class=\"wp-block-image aligncenter is-resized\"><a href=\"https:\/\/escolas.madeira-edu.pt\/Portals\/112\/2223\/erasmus\/eslov%C3%A1quia5.jpg\"><img decoding=\"async\" src=\"https:\/\/escolas.madeira-edu.pt\/Portals\/112\/2223\/erasmus\/eslov%C3%A1quia5.jpg\" alt=\"\" style=\"width:274px;height:auto\" \/><\/a><\/figure>\n<\/figure>\n\n\n\n<figure class=\"wp-block-image aligncenter is-resized\"><a href=\"https:\/\/escolas.madeira-edu.pt\/Portals\/112\/2223\/erasmus\/eslov%C3%A1quia6.jpg\" target=\"_blank\" rel=\"noreferrer noopener\"><img decoding=\"async\" src=\"https:\/\/escolas.madeira-edu.pt\/Portals\/112\/2223\/erasmus\/eslov%C3%A1quia6.jpg\" alt=\"\" style=\"width:396px;height:auto\" \/><\/a><\/figure>\n\n\n\n<figure class=\"wp-block-gallery has-nested-images columns-default is-cropped wp-block-gallery-7 is-layout-flex wp-block-gallery-is-layout-flex\">\n<figure class=\"wp-block-image aligncenter is-resized\"><a href=\"https:\/\/escolas.madeira-edu.pt\/Portals\/112\/2223\/erasmus\/eslov%C3%A1quia7.jpg\" target=\"_blank\" rel=\"noreferrer noopener\"><img decoding=\"async\" src=\"https:\/\/escolas.madeira-edu.pt\/Portals\/112\/2223\/erasmus\/eslov%C3%A1quia7.jpg\" alt=\"\" style=\"width:254px;height:auto\" \/><\/a><\/figure>\n\n\n\n<figure class=\"wp-block-image aligncenter is-resized\"><a href=\"https:\/\/escolas.madeira-edu.pt\/Portals\/112\/2223\/erasmus\/eslov%C3%A1quia8.jpg\" target=\"_blank\" rel=\"noreferrer noopener\"><img decoding=\"async\" src=\"https:\/\/escolas.madeira-edu.pt\/Portals\/112\/2223\/erasmus\/eslov%C3%A1quia8.jpg\" alt=\"\" style=\"width:238px;height:auto\" \/><\/a><\/figure>\n<\/figure>\n\n\n\n<figure class=\"wp-block-gallery has-nested-images columns-default is-cropped wp-block-gallery-8 is-layout-flex wp-block-gallery-is-layout-flex\">\n<figure class=\"wp-block-image aligncenter is-resized\"><a href=\"https:\/\/escolas.madeira-edu.pt\/Portals\/112\/2223\/erasmus\/eslov%C3%A1quia10.jpg\" target=\"_blank\" rel=\"noreferrer noopener\"><img decoding=\"async\" src=\"https:\/\/escolas.madeira-edu.pt\/Portals\/112\/2223\/erasmus\/eslov%C3%A1quia10.jpg\" alt=\"\" style=\"width:268px;height:auto\" \/><\/a><\/figure>\n\n\n\n<figure class=\"wp-block-image aligncenter is-resized\"><a href=\"https:\/\/escolas.madeira-edu.pt\/Portals\/112\/2223\/erasmus\/eslov%C3%A1quia9.jpg\" target=\"_blank\" rel=\"noreferrer noopener\"><img decoding=\"async\" src=\"https:\/\/escolas.madeira-edu.pt\/Portals\/112\/2223\/erasmus\/eslov%C3%A1quia9.jpg\" alt=\"\" style=\"width:264px;height:auto\" \/><\/a><\/figure>\n<\/figure>\n\n\n\n<p class=\"has-background\" style=\"background-color:#cde0bf\">Duas professoras porto-santenses, Dalila Peixe e Eug\u00e9nia Migu\u00e9is, e quatro alunos do Curso de Artes Visuais da Escola B\u00e1sica e Secund\u00e1ria Professor Dr. Francisco de Freitas Branco (Porto Santo), est\u00e3o na&nbsp;<strong>Turquia no \u00e2mbito do programa Erasmus+ (KA220).<\/strong> Este interc\u00e2mbio escolar materializa-se atrav\u00e9s do projeto&nbsp;<strong>&#8220;Cultural Heritage Beyond Borders&#8221;<\/strong>, que desta vez decorrer\u00e1 na<strong>&nbsp;cidade de Tarso&nbsp;<\/strong>(regi\u00e3o Sul da Turquia) entre os<strong>&nbsp;dias 21 e 25 de mar\u00e7o<\/strong>. &#8220;O objetivo principal do projeto \u00e9 encorajar a partilha do patrim\u00f3nio cultural da Europa, aumentando a consci\u00eancia da sua hist\u00f3ria, cultura, valores comuns e refor\u00e7ando o sentimento de perten\u00e7a num espa\u00e7o europeu comum\u201d, explica uma nota envaida \u00e0 reda\u00e7\u00e3o. A escola da Ilha Dourada \u00e9 parceira com outros quatro estabelecimentos de ensino europeus da Eslov\u00e1quia, Hungria, Turquia e Pa\u00edses Baixos, esta \u00faltima escola \u00e9 coordenadora do projeto.<\/p>\n\n\n\n<figure class=\"wp-block-image aligncenter size-full is-resized\"><img loading=\"lazy\" decoding=\"async\" width=\"830\" height=\"465\" src=\"https:\/\/escoladigital.madeira.gov.pt\/ebspdffbranco\/wp-content\/uploads\/sites\/19\/2024\/09\/image-3.png\" alt=\"\" class=\"wp-image-1236\" style=\"width:671px;height:auto\" srcset=\"https:\/\/escoladigital.madeira.gov.pt\/ebspdffbranco\/wp-content\/uploads\/sites\/19\/2024\/09\/image-3.png 830w, https:\/\/escoladigital.madeira.gov.pt\/ebspdffbranco\/wp-content\/uploads\/sites\/19\/2024\/09\/image-3-300x168.png 300w, https:\/\/escoladigital.madeira.gov.pt\/ebspdffbranco\/wp-content\/uploads\/sites\/19\/2024\/09\/image-3-768x430.png 768w\" sizes=\"(max-width: 830px) 100vw, 830px\" \/><\/figure>\n\n\n\n<hr class=\"wp-block-separator has-text-color has-accent-4-color has-alpha-channel-opacity has-accent-4-background-color has-background is-style-dots\" \/>\n\n\n\n<figure class=\"wp-block-gallery has-nested-images columns-default is-cropped wp-block-gallery-9 is-layout-flex wp-block-gallery-is-layout-flex\">\n<figure class=\"wp-block-image size-large is-resized\"><a href=\"https:\/\/escolas.madeira-edu.pt\/LinkClick.aspx?fileticket=p9qU7NfTLyI%3d&amp;tabid=17780\" target=\"_blank\" rel=\"noreferrer noopener\"><img loading=\"lazy\" decoding=\"async\" width=\"335\" height=\"477\" data-id=\"1240\" src=\"https:\/\/escoladigital.madeira.gov.pt\/ebspdffbranco\/wp-content\/uploads\/sites\/19\/2024\/09\/805FEF92-1710-4E60-B1AA-BD370FCA3C6F.png\" alt=\"\" class=\"wp-image-1240\" style=\"width:222px;height:auto\" srcset=\"https:\/\/escoladigital.madeira.gov.pt\/ebspdffbranco\/wp-content\/uploads\/sites\/19\/2024\/09\/805FEF92-1710-4E60-B1AA-BD370FCA3C6F.png 335w, https:\/\/escoladigital.madeira.gov.pt\/ebspdffbranco\/wp-content\/uploads\/sites\/19\/2024\/09\/805FEF92-1710-4E60-B1AA-BD370FCA3C6F-211x300.png 211w\" sizes=\"(max-width: 335px) 100vw, 335px\" \/><\/a><\/figure>\n\n\n\n<figure class=\"wp-block-image size-large is-resized\"><a href=\"https:\/\/escolas.madeira-edu.pt\/LinkClick.aspx?fileticket=QKyFigduy1Y%3d&amp;tabid=17780\" target=\"_blank\" rel=\"noreferrer noopener\"><img loading=\"lazy\" decoding=\"async\" width=\"326\" height=\"465\" data-id=\"1244\" src=\"https:\/\/escoladigital.madeira.gov.pt\/ebspdffbranco\/wp-content\/uploads\/sites\/19\/2024\/09\/0D253A06-5DA3-495E-858D-52424C036D36.png\" alt=\"\" class=\"wp-image-1244\" style=\"width:223px;height:auto\" srcset=\"https:\/\/escoladigital.madeira.gov.pt\/ebspdffbranco\/wp-content\/uploads\/sites\/19\/2024\/09\/0D253A06-5DA3-495E-858D-52424C036D36.png 326w, https:\/\/escoladigital.madeira.gov.pt\/ebspdffbranco\/wp-content\/uploads\/sites\/19\/2024\/09\/0D253A06-5DA3-495E-858D-52424C036D36-210x300.png 210w\" sizes=\"(max-width: 326px) 100vw, 326px\" \/><\/a><\/figure>\n<\/figure>\n\n\n\n<figure class=\"wp-block-gallery has-nested-images columns-default is-cropped wp-block-gallery-10 is-layout-flex wp-block-gallery-is-layout-flex\">\n<figure class=\"wp-block-image size-large is-resized\"><a href=\"https:\/\/escolas.madeira-edu.pt\/LinkClick.aspx?fileticket=7C0ClvNuij4%3d&amp;tabid=17780\" target=\"_blank\" rel=\"noreferrer noopener\"><img loading=\"lazy\" decoding=\"async\" width=\"356\" height=\"460\" data-id=\"1248\" src=\"https:\/\/escoladigital.madeira.gov.pt\/ebspdffbranco\/wp-content\/uploads\/sites\/19\/2024\/09\/3A0F1F10-51F3-475C-BDCF-8809EC6D4488.png\" alt=\"\" class=\"wp-image-1248\" style=\"width:222px;height:auto\" srcset=\"https:\/\/escoladigital.madeira.gov.pt\/ebspdffbranco\/wp-content\/uploads\/sites\/19\/2024\/09\/3A0F1F10-51F3-475C-BDCF-8809EC6D4488.png 356w, https:\/\/escoladigital.madeira.gov.pt\/ebspdffbranco\/wp-content\/uploads\/sites\/19\/2024\/09\/3A0F1F10-51F3-475C-BDCF-8809EC6D4488-232x300.png 232w\" sizes=\"(max-width: 356px) 100vw, 356px\" \/><\/a><\/figure>\n\n\n\n<figure class=\"wp-block-image size-large is-resized\"><a href=\"https:\/\/escolas.madeira-edu.pt\/LinkClick.aspx?fileticket=fneEvVIRrXo%3d&amp;tabid=17780\" target=\"_blank\" rel=\"noreferrer noopener\"><img loading=\"lazy\" decoding=\"async\" width=\"300\" height=\"461\" data-id=\"1250\" src=\"https:\/\/escoladigital.madeira.gov.pt\/ebspdffbranco\/wp-content\/uploads\/sites\/19\/2024\/09\/1C7D8BC7-9356-454F-8688-1609ABE390A6.png\" alt=\"\" class=\"wp-image-1250\" style=\"width:213px;height:auto\" srcset=\"https:\/\/escoladigital.madeira.gov.pt\/ebspdffbranco\/wp-content\/uploads\/sites\/19\/2024\/09\/1C7D8BC7-9356-454F-8688-1609ABE390A6.png 300w, https:\/\/escoladigital.madeira.gov.pt\/ebspdffbranco\/wp-content\/uploads\/sites\/19\/2024\/09\/1C7D8BC7-9356-454F-8688-1609ABE390A6-195x300.png 195w\" sizes=\"(max-width: 300px) 100vw, 300px\" \/><\/a><\/figure>\n<\/figure>\n\n\n\n<figure class=\"wp-block-gallery has-nested-images columns-default is-cropped wp-block-gallery-11 is-layout-flex wp-block-gallery-is-layout-flex\">\n<figure class=\"wp-block-image size-large is-resized\"><a href=\"https:\/\/escolas.madeira-edu.pt\/LinkClick.aspx?fileticket=z4GiPUIXn_Q%3d&amp;tabid=17780\" target=\"_blank\" rel=\"noreferrer noopener\"><img loading=\"lazy\" decoding=\"async\" width=\"344\" height=\"450\" data-id=\"1253\" src=\"https:\/\/escoladigital.madeira.gov.pt\/ebspdffbranco\/wp-content\/uploads\/sites\/19\/2024\/09\/4F57425B-B41E-4AC9-A72F-96E441DB720A.png\" alt=\"\" class=\"wp-image-1253\" style=\"width:218px;height:auto\" srcset=\"https:\/\/escoladigital.madeira.gov.pt\/ebspdffbranco\/wp-content\/uploads\/sites\/19\/2024\/09\/4F57425B-B41E-4AC9-A72F-96E441DB720A.png 344w, https:\/\/escoladigital.madeira.gov.pt\/ebspdffbranco\/wp-content\/uploads\/sites\/19\/2024\/09\/4F57425B-B41E-4AC9-A72F-96E441DB720A-229x300.png 229w\" sizes=\"(max-width: 344px) 100vw, 344px\" \/><\/a><\/figure>\n\n\n\n<figure class=\"wp-block-image size-large is-resized\"><a href=\"https:\/\/escolas.madeira-edu.pt\/LinkClick.aspx?fileticket=nkhdpa6xfok%3d&amp;tabid=17780\" target=\"_blank\" rel=\"noreferrer noopener\"><img loading=\"lazy\" decoding=\"async\" width=\"339\" height=\"450\" data-id=\"1256\" src=\"https:\/\/escoladigital.madeira.gov.pt\/ebspdffbranco\/wp-content\/uploads\/sites\/19\/2024\/09\/49B269BD-4B26-4BDC-A838-FF64105E7B6E.png\" alt=\"\" class=\"wp-image-1256\" style=\"width:215px;height:auto\" srcset=\"https:\/\/escoladigital.madeira.gov.pt\/ebspdffbranco\/wp-content\/uploads\/sites\/19\/2024\/09\/49B269BD-4B26-4BDC-A838-FF64105E7B6E.png 339w, https:\/\/escoladigital.madeira.gov.pt\/ebspdffbranco\/wp-content\/uploads\/sites\/19\/2024\/09\/49B269BD-4B26-4BDC-A838-FF64105E7B6E-226x300.png 226w\" sizes=\"(max-width: 339px) 100vw, 339px\" \/><\/a><\/figure>\n<\/figure>\n","protected":false},"excerpt":{"rendered":"<p>PROJETO ERASMUS+ \u201cCULTURAL HERITAGE BEYOND BORDERS&#8221; Objetivos do Projeto ALUNAS E PROFESSORAS PORTO-SANTENSES EM PROJETO ERASMUS+ \u201cCULTURAL HERITAGE BEYOND BORDERS&#8221; Entre os dias 27 de maio e 04 de junho, quatro alunos do Curso de Artes Visuais deslocaram-se em mobilidade \u00e0 Hungria, cidade de Ajka no \u00e2mbito do programa Erasmus+, KA229, A\u00e7\u00e3o Chave 2- Parcerias [&hellip;]<\/p>\n","protected":false},"author":28,"featured_media":0,"parent":0,"menu_order":0,"comment_status":"closed","ping_status":"closed","template":"","meta":{"_themeisle_gutenberg_block_has_review":false,"footnotes":""},"class_list":["post-1214","page","type-page","status-publish","hentry"],"_links":{"self":[{"href":"https:\/\/escoladigital.madeira.gov.pt\/ebspdffbranco\/wp-json\/wp\/v2\/pages\/1214","targetHints":{"allow":["GET"]}}],"collection":[{"href":"https:\/\/escoladigital.madeira.gov.pt\/ebspdffbranco\/wp-json\/wp\/v2\/pages"}],"about":[{"href":"https:\/\/escoladigital.madeira.gov.pt\/ebspdffbranco\/wp-json\/wp\/v2\/types\/page"}],"author":[{"embeddable":true,"href":"https:\/\/escoladigital.madeira.gov.pt\/ebspdffbranco\/wp-json\/wp\/v2\/users\/28"}],"replies":[{"embeddable":true,"href":"https:\/\/escoladigital.madeira.gov.pt\/ebspdffbranco\/wp-json\/wp\/v2\/comments?post=1214"}],"version-history":[{"count":17,"href":"https:\/\/escoladigital.madeira.gov.pt\/ebspdffbranco\/wp-json\/wp\/v2\/pages\/1214\/revisions"}],"predecessor-version":[{"id":1258,"href":"https:\/\/escoladigital.madeira.gov.pt\/ebspdffbranco\/wp-json\/wp\/v2\/pages\/1214\/revisions\/1258"}],"wp:attachment":[{"href":"https:\/\/escoladigital.madeira.gov.pt\/ebspdffbranco\/wp-json\/wp\/v2\/media?parent=1214"}],"curies":[{"name":"wp","href":"https:\/\/api.w.org\/{rel}","templated":true}]}}