{"id":182,"date":"2024-07-10T10:59:55","date_gmt":"2024-07-10T10:59:55","guid":{"rendered":"https:\/\/escoladigital.madeira.gov.pt\/ebspdffbranco\/?page_id=182"},"modified":"2026-04-20T21:28:30","modified_gmt":"2026-04-20T21:28:30","slug":"historia","status":"publish","type":"page","link":"https:\/\/escoladigital.madeira.gov.pt\/ebspdffbranco\/historia\/","title":{"rendered":"Hist\u00f3ria"},"content":{"rendered":"\n<div class=\"wp-block-columns is-layout-flex wp-container-core-columns-is-layout-28f84493 wp-block-columns-is-layout-flex\">\n<div class=\"wp-block-column is-layout-flow wp-block-column-is-layout-flow\">\n<p class=\"has-text-align-left\">Nos&nbsp;anos 60 do s\u00e9culo passado,&nbsp; alguns jovens porto-santenses puderam prosseguir os seus estudos ap\u00f3s a quarta classe sem abandonar o lar, gra\u00e7as \u00e0 iniciativa de professores particulares que facultavam explica\u00e7\u00f5es. Entre os primeiros mestres-explicadores estavam os p\u00e1rocos do Porto Santo e alguns engenheiros que viveram temporariamente na Ilha durante a constru\u00e7\u00e3o do Aeroporto.<\/p>\n\n\n\n<p>Em 1966\/67 regressaram ao Porto Santo as irm\u00e3s Ana Maria e Maria,&nbsp;alargam as aulas\/explica\u00e7\u00f5es a duas dezenas de alunos do 1\u00ba ao 5\u00ba anos (hoje 5\u00ba ao 9\u00ba anos). Os estudantes, mais de meia centena, inscritos no Liceu de Jaime Moniz, estavam obrigados a prestar provas no Funchal no final do 2\u00ba e 5\u00ba anos.<\/p>\n\n\n\n<p>Por essa altura, tinha-se tamb\u00e9m ensaiado a extens\u00e3o do Ensino Prim\u00e1rio&nbsp; \u00e0 quinta e sexta&nbsp; classes, a partir dos recursos existentes na Escola Prim\u00e1ria da Vila. Pouco depois, chegou a Tele-escola, que trazia consigo o fasc\u00ednio da televis\u00e3o e do gravador magn\u00e9tico para os jovens do Ensino Preparat\u00f3rio do Porto Santo.<\/p>\n\n\n\n<p>Com a Revolu\u00e7\u00e3o de 25 de Abril de 1974, a cria\u00e7\u00e3o do ensino p\u00fablico preparat\u00f3rio e secund\u00e1rio \u00e9 assumida pela popula\u00e7\u00e3o local como a primeira e inalien\u00e1vel&nbsp; reivindica\u00e7\u00e3o democr\u00e1tica. <\/p>\n\n\n\n<hr class=\"wp-block-separator has-alpha-channel-opacity\" \/>\n<\/div>\n\n\n\n<div class=\"wp-block-column is-layout-flow wp-block-column-is-layout-flow\">\n<p>Centenas de porto-santenses chegam a tomar o Forte de S. Jos\u00e9 para a&nbsp; instala\u00e7\u00e3o de uma escola oficial. A\u00ed permanecem sem arredar p\u00e9 durante 48 horas, at\u00e9 \u00e0 garantia da satisfa\u00e7\u00e3o do que se reivindicava. Esta ter\u00e1 sido, ali\u00e1s, a maior concentra\u00e7\u00e3o popular da hist\u00f3ria do Porto Santo.<\/p>\n\n\n\n<p>A manifesta\u00e7\u00e3o&nbsp; foi desmobilizada&nbsp; com a negocia\u00e7\u00e3o, no Funchal, entre o ent\u00e3o presidente da Comiss\u00e3o Administrativa da C\u00e2mara Municipal do Porto Santo, Jos\u00e9 Jorge G\u00f3is Mendon\u00e7a, e o ent\u00e3o representante do Conselho de Revolu\u00e7\u00e3o na Madeira, Brigadeiro Carlos Azeredo, mediante o compromisso da cria\u00e7\u00e3o do ensino p\u00fablico preparat\u00f3rio no Porto Santo no ano letivo seguinte.<\/p>\n\n\n\n<p>A reivindica\u00e7\u00e3o seria formalmente satisfeita numa reuni\u00e3o entretanto realizada no Minist\u00e9rio da Educa\u00e7\u00e3o entre o autarca porto-santense e o Secret\u00e1rio de Estado da Educa\u00e7\u00e3o Ald\u00f3nio Gomes. <\/p>\n\n\n\n<p>Decide-se nesse encontro constituir uma comiss\u00e3o para a instala\u00e7\u00e3o da Escola Preparat\u00f3ria do Porto Santo e, com a Direc\u00e7\u00e3o-Geral do Ensino Particular, \u00e9 estabelecido um acordo para a funda\u00e7\u00e3o e financiamento, no ano lectivo imediato (1975\/76), do Externato do Porto Santo, que funcionaria com licen\u00e7a provis\u00f3ria para o ensino do 7\u00ba, 8\u00ba e 9\u00ba anos em articula\u00e7\u00e3o com o Liceu de Jaime Moniz, para onde seguiam anualmente as matr\u00edculas dos alunos.<\/p>\n<\/div>\n<\/div>\n\n\n\n<figure class=\"wp-block-image size-full is-resized\"><img fetchpriority=\"high\" decoding=\"async\" width=\"400\" height=\"231\" src=\"https:\/\/escoladigital.madeira.gov.pt\/ebspdffbranco\/wp-content\/uploads\/sites\/19\/2024\/07\/desembarque_antiga-e1720622615397.jpg\" alt=\"\" class=\"wp-image-215\" style=\"width:610px;height:auto\" \/><\/figure>\n\n\n\n<p>Foi neste contexto que se executaram pequenas obras de adapta\u00e7\u00e3o da Escola Prim\u00e1ria do Farrobo onde seria instalado o 1\u00ba e 2\u00ba anos do Ciclo Preparat\u00f3rio. Os alunos do primeiro ciclo que frequentavam esta escola foram, na maior parte, transferidos para a escola da Camacha. Simultaneamente, o Externato fica instalado num velho barrac\u00e3o adaptado para tr\u00eas salas, no S\u00edtio dos Sal\u00f5es, e pode levar a exame final de 9\u00ba ano todos os seus alunos. Em 1977 frequentam o Externato do Porto Santo mais de 100 alunos.<\/p>\n\n\n\n<p>Em 1975, pela primeira vez, os alunos do Porto Santo n\u00e3o s\u00e3o obrigados a ir ao Funchal para as provas de 2\u00ba e 9\u00ba anos: foi destacada uma equipa de professores da Madeira que se deslocou \u00e0 Escola Prim\u00e1ria da vila, onde decorreram os exames, mal sucedidos para a maioria, em parte devido ao ambiente de p\u00e2nico dos jovens examinandos na frente dos desconhecidos professores examinadores.<\/p>\n\n\n\n<p>Entretanto, a Escola Preparat\u00f3ria, no Farrobo, vivia a turbul\u00eancia natural do vento revolucion\u00e1rio que lhe deu ser e o primeiro encarregado da abertura da escola, nomeado pelo Governo Central, S\u00e9rgio Moutinho, acabaria por ser rejeitado pela popula\u00e7\u00e3o da ilha, discordante das orienta\u00e7\u00f5es pol\u00edticas que imprimia ao seu cargo, sendo necess\u00e1rio recorrer \u00e0 For\u00e7a A\u00e9rea para garantir uma fuga em seguran\u00e7a .<\/p>\n\n\n\n<p>Seria \u00c1lvaro dos Santos Caldeira, engenheiro rec\u00e9m-chegado de \u00c1frica, que, nomeado pelo Minist\u00e9rio da Educa\u00e7\u00e3o, re\u00fane os primeiros professores e p\u00f5e a escola a funcionar. Chegou ao Porto Santo em Setembro de 1975 (oficialmente passa a dirigir a escola no dia 9 de Outubro) mas s\u00f3 em Mar\u00e7o foi contratado o primeiro funcion\u00e1rio para a secretaria, instalada no centro da vila na casa camar\u00e1ria recentemente demolida anexa \u00e0 atual Biblioteca Caloust Gulbenkian. At\u00e9 ent\u00e3o, todo o funcionamento da escola estava nas m\u00e3os dos professores.<\/p>\n\n\n\n<div style=\"height:100px\" aria-hidden=\"true\" class=\"wp-block-spacer\"><\/div>\n","protected":false},"excerpt":{"rendered":"<p>Nos&nbsp;anos 60 do s\u00e9culo passado,&nbsp; alguns jovens porto-santenses puderam prosseguir os seus estudos ap\u00f3s a quarta classe sem abandonar o lar, gra\u00e7as \u00e0 iniciativa de professores particulares que facultavam explica\u00e7\u00f5es. Entre os primeiros mestres-explicadores estavam os p\u00e1rocos do Porto Santo e alguns engenheiros que viveram temporariamente na Ilha durante a constru\u00e7\u00e3o do Aeroporto. Em 1966\/67 [&hellip;]<\/p>\n","protected":false},"author":28,"featured_media":0,"parent":0,"menu_order":0,"comment_status":"closed","ping_status":"closed","template":"","meta":{"_themeisle_gutenberg_block_has_review":false,"footnotes":""},"class_list":["post-182","page","type-page","status-publish","hentry"],"_links":{"self":[{"href":"https:\/\/escoladigital.madeira.gov.pt\/ebspdffbranco\/wp-json\/wp\/v2\/pages\/182","targetHints":{"allow":["GET"]}}],"collection":[{"href":"https:\/\/escoladigital.madeira.gov.pt\/ebspdffbranco\/wp-json\/wp\/v2\/pages"}],"about":[{"href":"https:\/\/escoladigital.madeira.gov.pt\/ebspdffbranco\/wp-json\/wp\/v2\/types\/page"}],"author":[{"embeddable":true,"href":"https:\/\/escoladigital.madeira.gov.pt\/ebspdffbranco\/wp-json\/wp\/v2\/users\/28"}],"replies":[{"embeddable":true,"href":"https:\/\/escoladigital.madeira.gov.pt\/ebspdffbranco\/wp-json\/wp\/v2\/comments?post=182"}],"version-history":[{"count":27,"href":"https:\/\/escoladigital.madeira.gov.pt\/ebspdffbranco\/wp-json\/wp\/v2\/pages\/182\/revisions"}],"predecessor-version":[{"id":624,"href":"https:\/\/escoladigital.madeira.gov.pt\/ebspdffbranco\/wp-json\/wp\/v2\/pages\/182\/revisions\/624"}],"wp:attachment":[{"href":"https:\/\/escoladigital.madeira.gov.pt\/ebspdffbranco\/wp-json\/wp\/v2\/media?parent=182"}],"curies":[{"name":"wp","href":"https:\/\/api.w.org\/{rel}","templated":true}]}}