{"id":184,"date":"2024-07-10T16:38:24","date_gmt":"2024-07-10T16:38:24","guid":{"rendered":"https:\/\/escoladigital.madeira.gov.pt\/ebspdffbranco\/?page_id=184"},"modified":"2024-08-02T12:12:18","modified_gmt":"2024-08-02T12:12:18","slug":"projeto-educativo","status":"publish","type":"page","link":"https:\/\/escoladigital.madeira.gov.pt\/ebspdffbranco\/projeto-educativo\/","title":{"rendered":"Projeto Educativo"},"content":{"rendered":"\n<hr class=\"wp-block-separator has-alpha-channel-opacity is-style-dots\" \/>\n\n\n\n<div class=\"wp-block-columns is-layout-flex wp-container-core-columns-is-layout-28f84493 wp-block-columns-is-layout-flex\">\n<div class=\"wp-block-column is-layout-flow wp-block-column-is-layout-flow\" style=\"flex-basis:400%\">\n<div class=\"wp-block-group is-nowrap is-layout-flex wp-container-core-group-is-layout-6c531013 wp-block-group-is-layout-flex\">\n<p class=\"wp-container-content-f22b2ade\">O&nbsp;<strong>Projeto Educativo<\/strong> \u00e9 um instrumento central do processo de gest\u00e3o e autonomia das escolas que deve nortear as estrat\u00e9gias e op\u00e7\u00f5es definidas aos diversos n\u00edveis de planeamento, funcionamento e objetivos da Escola e evidenciar a sua identidade institucional, educativa e cultural.<\/p>\n<\/div>\n\n\n\n<figure class=\"wp-block-image alignleft size-full is-resized\"><a href=\"https:\/\/escoladigital.madeira.gov.pt\/ebspdffbranco\/wp-content\/uploads\/sites\/19\/2024\/07\/PEE_VersaoFinal_24_02_2023.pdf\" target=\"_blank\" rel=\"noreferrer noopener\"><img fetchpriority=\"high\" decoding=\"async\" width=\"392\" height=\"536\" src=\"https:\/\/escoladigital.madeira.gov.pt\/ebspdffbranco\/wp-content\/uploads\/sites\/19\/2024\/08\/projetoeducativoimg-1.png\" alt=\"\" class=\"wp-image-528\" style=\"width:170px;height:auto\" srcset=\"https:\/\/escoladigital.madeira.gov.pt\/ebspdffbranco\/wp-content\/uploads\/sites\/19\/2024\/08\/projetoeducativoimg-1.png 392w, https:\/\/escoladigital.madeira.gov.pt\/ebspdffbranco\/wp-content\/uploads\/sites\/19\/2024\/08\/projetoeducativoimg-1-219x300.png 219w\" sizes=\"(max-width: 392px) 100vw, 392px\" \/><\/a><\/figure>\n\n\n\n<div class=\"wp-block-group is-nowrap is-layout-flex wp-container-core-group-is-layout-6c531013 wp-block-group-is-layout-flex\">\n<p class=\"has-text-align-left\">Em termos simplistas,&nbsp; o&nbsp;<strong>Projeto Educativo<\/strong> deve introduzir as altera\u00e7\u00f5es necess\u00e1rias \u00e0 melhoria do funcionamento de todas as atividades escolares.<\/p>\n<\/div>\n<\/div>\n<\/div>\n\n\n\n<div style=\"height:39px\" aria-hidden=\"true\" class=\"wp-block-spacer\"><\/div>\n","protected":false},"excerpt":{"rendered":"<p>O&nbsp;Projeto Educativo \u00e9 um instrumento central do processo de gest\u00e3o e autonomia das escolas que deve nortear as estrat\u00e9gias e op\u00e7\u00f5es definidas aos diversos n\u00edveis de planeamento, funcionamento e objetivos da Escola e evidenciar a sua identidade institucional, educativa e cultural. Em termos simplistas,&nbsp; o&nbsp;Projeto Educativo deve introduzir as altera\u00e7\u00f5es necess\u00e1rias \u00e0 melhoria do funcionamento [&hellip;]<\/p>\n","protected":false},"author":28,"featured_media":0,"parent":0,"menu_order":0,"comment_status":"closed","ping_status":"closed","template":"","meta":{"_themeisle_gutenberg_block_has_review":false,"footnotes":""},"class_list":["post-184","page","type-page","status-publish","hentry"],"_links":{"self":[{"href":"https:\/\/escoladigital.madeira.gov.pt\/ebspdffbranco\/wp-json\/wp\/v2\/pages\/184","targetHints":{"allow":["GET"]}}],"collection":[{"href":"https:\/\/escoladigital.madeira.gov.pt\/ebspdffbranco\/wp-json\/wp\/v2\/pages"}],"about":[{"href":"https:\/\/escoladigital.madeira.gov.pt\/ebspdffbranco\/wp-json\/wp\/v2\/types\/page"}],"author":[{"embeddable":true,"href":"https:\/\/escoladigital.madeira.gov.pt\/ebspdffbranco\/wp-json\/wp\/v2\/users\/28"}],"replies":[{"embeddable":true,"href":"https:\/\/escoladigital.madeira.gov.pt\/ebspdffbranco\/wp-json\/wp\/v2\/comments?post=184"}],"version-history":[{"count":23,"href":"https:\/\/escoladigital.madeira.gov.pt\/ebspdffbranco\/wp-json\/wp\/v2\/pages\/184\/revisions"}],"predecessor-version":[{"id":534,"href":"https:\/\/escoladigital.madeira.gov.pt\/ebspdffbranco\/wp-json\/wp\/v2\/pages\/184\/revisions\/534"}],"wp:attachment":[{"href":"https:\/\/escoladigital.madeira.gov.pt\/ebspdffbranco\/wp-json\/wp\/v2\/media?parent=184"}],"curies":[{"name":"wp","href":"https:\/\/api.w.org\/{rel}","templated":true}]}}