{"id":300,"date":"2024-07-10T17:38:39","date_gmt":"2024-07-10T17:38:39","guid":{"rendered":"https:\/\/escoladigital.madeira.gov.pt\/ebspdffbranco\/?page_id=300"},"modified":"2026-08-06T11:29:36","modified_gmt":"2026-08-06T11:29:36","slug":"oferta-formativa","status":"publish","type":"page","link":"https:\/\/escoladigital.madeira.gov.pt\/ebspdffbranco\/oferta-formativa\/","title":{"rendered":"Oferta Formativa\n2026\/2027"},"content":{"rendered":"\n<div class=\"wp-block-columns is-layout-flex wp-container-core-columns-is-layout-4805a82d wp-block-columns-is-layout-flex\">\n<div class=\"wp-block-column is-layout-flow wp-block-column-is-layout-flow\"><\/div>\n<\/div>\n\n\n\n<div class=\"wp-block-columns has-small-font-size is-layout-flex wp-container-core-columns-is-layout-4805a82d wp-block-columns-is-layout-flex\">\n<div class=\"wp-block-column is-layout-flow wp-block-column-is-layout-flow\">\n<p class=\"wp-block-paragraph\">\ud83e\uddf8 Creche e Pr\u00e9-Escolar<\/p>\n\n\n\n<p class=\"wp-block-paragraph\">\ud83d\udcda Ensino B\u00e1sico Geral do 1.\u00ba Ciclo<\/p>\n\n\n\n<p class=\"wp-block-paragraph\">\ud83d\udcd6 Ensino B\u00e1sico Geral do 2.\u00ba Ciclo<\/p>\n\n\n\n<p class=\"wp-block-paragraph\"><strong>\ud83c\udfbc <\/strong>Curso B\u00e1sico de M\u00fasica do 2.\u00ba Ciclo<\/p>\n\n\n\n<p class=\"wp-block-paragraph\"><strong>\ud83c\udf93<\/strong> Ensino B\u00e1sico Geral do 3.\u00ba Ciclo<\/p>\n\n\n\n<p class=\"wp-block-paragraph\">\ud83c\udfbb Curso B\u00e1sico de M\u00fasica do 3.\u00ba Ciclo<\/p>\n\n\n\n<hr class=\"wp-block-separator has-alpha-channel-opacity is-style-dots\" \/>\n\n\n\n<h5 class=\"wp-block-heading\"><strong>Cursos Cient\u00edfico-Human\u00edsticos &#8211; Ensino Secund\u00e1rio<\/strong><\/h5>\n\n\n\n<p class=\"wp-block-paragraph\">\ud83d\udcc8 Ci\u00eancias Socioecon\u00f3micas<\/p>\n\n\n\n<p class=\"wp-block-paragraph\">\ud83c\udf0d L\u00ednguas e Humanidades<\/p>\n\n\n\n<p class=\"wp-block-paragraph\">\ud83c\udfa8 Artes Visuais<\/p>\n\n\n\n<p class=\"wp-block-paragraph\">\ud83d\udd2c Ci\u00eancias e Tecnologias<\/p>\n\n\n\n<hr class=\"wp-block-separator has-alpha-channel-opacity is-style-dots\" \/>\n\n\n\n<h5 class=\"wp-block-heading\"><strong>Cursos Profissionais<\/strong><\/h5>\n\n\n\n<p class=\"wp-block-paragraph\">\ud83c\udf93 T\u00e9cnico\/a de Apoio \u00e0 Gest\u00e3o Desportiva 2024 \u2013 2027<\/p>\n\n\n\n<p class=\"wp-block-paragraph\">\ud83d\udcbb T\u00e9cnico\/a de Inform\u00e1tica &#8211; Sistemas 2024 \u2013 2027<\/p>\n\n\n\n<p class=\"wp-block-paragraph\">\ud83c\udf3f T\u00e9cnico\/a de Turismo Ambiental e Rural 2024 \u2013 2027<\/p>\n\n\n\n<p class=\"wp-block-paragraph\">\ud83c\udf3f T\u00e9cnico\/a de Turismo Ambiental e Rural 2025 \u2013 2028<\/p>\n\n\n\n<p class=\"wp-block-paragraph\">\ud83d\udcca T\u00e9cnico\/a de Desporto 2026-2029 (em an\u00e1lise)<\/p>\n<\/div>\n<\/div>\n\n\n\n<hr class=\"wp-block-separator has-alpha-channel-opacity is-style-dots\" \/>\n\n\n\n<p class=\"wp-block-paragraph\"><strong>Educa\u00e7\u00e3o e Forma\u00e7\u00e3o de Adultos<\/strong><\/p>\n\n\n\n<p class=\"wp-block-paragraph\">\ud83c\udf93 CEFA N\u00edvel B\u00e1sico de N\u00edvel 1 Forma\u00e7\u00e3o &#8211; B2, Tipo A e Tipo B<\/p>\n\n\n\n<p class=\"wp-block-paragraph\">\ud83d\udcd8 CEFA N\u00edvel B\u00e1sico de N\u00edvel 2 Forma\u00e7\u00e3o &#8211; B3, Tipo A, Tipo B e Tipo C<\/p>\n\n\n\n<p class=\"wp-block-paragraph\">\ud83d\udcda CEFA N\u00edvel Secund\u00e1rio de N\u00edvel 3 Forma\u00e7\u00e3o &#8211; Tipo A, Tipo B e Tipo C<\/p>\n\n\n\n<p class=\"wp-block-paragraph\">\ud83d\udcda CEFA T\u00e9cnico\/a de A\u00e7\u00e3o Educativa de N\u00edvel 4 Forma\u00e7\u00e3o<strong> &#8211;<\/strong> Tipo A, Tipo B e Tipo C<\/p>\n\n\n\n<p class=\"wp-block-paragraph\">\ud83d\udcd6 EFA de N\u00edvel B\u00e1sico Escolar B2 &#8211; A<\/p>\n\n\n\n<p class=\"wp-block-paragraph\">\ud83d\udcd6 EFA de N\u00edvel B\u00e1sico Escolar B2 &#8211; B<\/p>\n\n\n\n<p class=\"wp-block-paragraph\">\ud83d\udcd6 EFA de N\u00edvel B\u00e1sico Escolar B3 &#8211; A<\/p>\n\n\n\n<p class=\"wp-block-paragraph\">\ud83d\udcd6 EFA de N\u00edvel B\u00e1sico Escolar B3 &#8211; B<\/p>\n\n\n\n<p class=\"wp-block-paragraph\">\ud83d\udcd6 EFA de N\u00edvel B\u00e1sico Escolar B3 &#8211; C<\/p>\n\n\n\n<hr class=\"wp-block-separator has-alpha-channel-opacity is-style-dots\" \/>\n\n\n\n<p class=\"wp-block-paragraph\">\ud83c\udf93 Ensino Recorrente<\/p>\n\n\n\n<div class=\"wp-block-columns is-layout-flex wp-container-core-columns-is-layout-4805a82d wp-block-columns-is-layout-flex\">\n<div class=\"wp-block-column is-layout-flow wp-block-column-is-layout-flow\"><\/div>\n<\/div>\n","protected":false},"excerpt":{"rendered":"<p>\ud83e\uddf8 Creche e Pr\u00e9-Escolar \ud83d\udcda Ensino B\u00e1sico Geral do 1.\u00ba Ciclo \ud83d\udcd6 Ensino B\u00e1sico Geral do 2.\u00ba Ciclo \ud83c\udfbc Curso B\u00e1sico de M\u00fasica do 2.\u00ba Ciclo \ud83c\udf93 Ensino B\u00e1sico Geral do 3.\u00ba Ciclo \ud83c\udfbb Curso B\u00e1sico de M\u00fasica do 3.\u00ba Ciclo Cursos Cient\u00edfico-Human\u00edsticos &#8211; Ensino Secund\u00e1rio \ud83d\udcc8 Ci\u00eancias Socioecon\u00f3micas \ud83c\udf0d L\u00ednguas e Humanidades \ud83c\udfa8 Artes [&hellip;]<\/p>\n","protected":false},"author":28,"featured_media":0,"parent":0,"menu_order":0,"comment_status":"closed","ping_status":"closed","template":"","meta":{"_themeisle_gutenberg_block_has_review":false,"footnotes":"","_members_access_role":[],"_members_access_error":""},"categories":[],"tags":[],"class_list":["post-300","page","type-page","status-publish","hentry"],"_links":{"self":[{"href":"https:\/\/escoladigital.madeira.gov.pt\/ebspdffbranco\/wp-json\/wp\/v2\/pages\/300","targetHints":{"allow":["GET"]}}],"collection":[{"href":"https:\/\/escoladigital.madeira.gov.pt\/ebspdffbranco\/wp-json\/wp\/v2\/pages"}],"about":[{"href":"https:\/\/escoladigital.madeira.gov.pt\/ebspdffbranco\/wp-json\/wp\/v2\/types\/page"}],"author":[{"embeddable":true,"href":"https:\/\/escoladigital.madeira.gov.pt\/ebspdffbranco\/wp-json\/wp\/v2\/users\/28"}],"replies":[{"embeddable":true,"href":"https:\/\/escoladigital.madeira.gov.pt\/ebspdffbranco\/wp-json\/wp\/v2\/comments?post=300"}],"version-history":[{"count":12,"href":"https:\/\/escoladigital.madeira.gov.pt\/ebspdffbranco\/wp-json\/wp\/v2\/pages\/300\/revisions"}],"predecessor-version":[{"id":5447,"href":"https:\/\/escoladigital.madeira.gov.pt\/ebspdffbranco\/wp-json\/wp\/v2\/pages\/300\/revisions\/5447"}],"wp:attachment":[{"href":"https:\/\/escoladigital.madeira.gov.pt\/ebspdffbranco\/wp-json\/wp\/v2\/media?parent=300"}],"wp:term":[{"taxonomy":"category","embeddable":true,"href":"https:\/\/escoladigital.madeira.gov.pt\/ebspdffbranco\/wp-json\/wp\/v2\/categories?post=300"},{"taxonomy":"post_tag","embeddable":true,"href":"https:\/\/escoladigital.madeira.gov.pt\/ebspdffbranco\/wp-json\/wp\/v2\/tags?post=300"}],"curies":[{"name":"wp","href":"https:\/\/api.w.org\/{rel}","templated":true}]}}