{"id":3008,"date":"2025-02-25T21:30:41","date_gmt":"2025-02-25T21:30:41","guid":{"rendered":"https:\/\/escoladigital.madeira.gov.pt\/ebspdffbranco\/?page_id=3008"},"modified":"2026-01-14T19:43:24","modified_gmt":"2026-01-14T19:43:24","slug":"3008-2","status":"publish","type":"page","link":"https:\/\/escoladigital.madeira.gov.pt\/ebspdffbranco\/3008-2\/","title":{"rendered":""},"content":{"rendered":"\n<figure class=\"wp-block-image size-full\"><img fetchpriority=\"high\" decoding=\"async\" width=\"651\" height=\"232\" src=\"https:\/\/escoladigital.madeira.gov.pt\/ebspdffbranco\/wp-content\/uploads\/sites\/19\/2025\/02\/image-13.png\" alt=\"\" class=\"wp-image-3013\" srcset=\"https:\/\/escoladigital.madeira.gov.pt\/ebspdffbranco\/wp-content\/uploads\/sites\/19\/2025\/02\/image-13.png 651w, https:\/\/escoladigital.madeira.gov.pt\/ebspdffbranco\/wp-content\/uploads\/sites\/19\/2025\/02\/image-13-300x107.png 300w\" sizes=\"(max-width: 651px) 100vw, 651px\" \/><\/figure>\n\n\n\n<div class=\"wp-block-group alignfull is-vertical is-content-justification-center is-layout-flex wp-container-core-group-is-layout-391756e8 wp-block-group-is-layout-flex\" style=\"margin-top:var(--wp--preset--spacing--20);margin-bottom:var(--wp--preset--spacing--20);padding-top:var(--wp--preset--spacing--30);padding-right:var(--wp--preset--spacing--60);padding-bottom:var(--wp--preset--spacing--30);padding-left:var(--wp--preset--spacing--60)\">\n<p class=\"has-text-align-left has-medium-font-size\">O <strong>projeto Caminhar, Construir e Capacitar<\/strong>, est\u00e1 inserido na <strong>A\u00e7\u00e3o-Chave1 \u2013 KA122<\/strong> e \u00e9 coordenado pelas docentes Rosalina Gomes e S\u00f3nia Cortes\u00e3o.<br><br>Os <strong>objetivos do projeto<\/strong> s\u00e3o capacitar o pessoal docente e n\u00e3o docente de ferramentas para trabalhar a diversidade cultural, social, a inclus\u00e3o, melhorar as compet\u00eancias digitais e lingu\u00edsticas e aumentar o trabalho e a qualidade das pr\u00e1ticas da institui\u00e7\u00e3o em rela\u00e7\u00e3o \u00e0s altera\u00e7\u00f5es clim\u00e1ticas e ao desenvolvimento sustent\u00e1vel. A dura\u00e7\u00e3o do projeto \u00e9 de 18 meses e teve in\u00edcio a 1 de junho de 2024<\/p>\n\n\n\n<p><\/p>\n<\/div>\n\n\n\n<h3 class=\"wp-block-heading alignfull has-text-align-center has-gradient-4-gradient-background has-background\" style=\"border-style:none;border-width:0px;border-radius:100px;margin-top:0;margin-right:0;margin-bottom:0;margin-left:0\"><strong>Forma\u00e7\u00e3o Erasmus+ Berlim, Alemanha(24 a 29 de novembro de 2025)<\/strong><\/h3>\n\n\n\n<div class=\"wp-block-group alignfull is-vertical is-content-justification-center is-layout-flex wp-container-core-group-is-layout-391756e8 wp-block-group-is-layout-flex\" style=\"margin-top:var(--wp--preset--spacing--20);margin-bottom:var(--wp--preset--spacing--20);padding-top:var(--wp--preset--spacing--30);padding-right:var(--wp--preset--spacing--60);padding-bottom:var(--wp--preset--spacing--30);padding-left:var(--wp--preset--spacing--60)\">\n<p class=\"has-text-align-left has-medium-font-size\"><strong>Escola aposta na Intelig\u00eancia Artificial com \u00e9tica e responsabilidade!<\/strong><\/p>\n\n\n\n<p><\/p>\n\n\n\n<p class=\"has-text-align-left has-medium-font-size\">No \u00e2mbito do projeto Erasmus+ \u201cCaminhar, Construir e Capacitar\u201d (c\u00f3digo 2024-1-PT01-KA122-SCH-000230243), as docentes Rosalina Gomes e S\u00f3nia Cortes\u00e3o participaram na a\u00e7\u00e3o de forma\u00e7\u00e3o internacional \u201cArtificial Intelligence for Education: Exploring the Frontiers of ICT\u201d, realizada em Berlim, Alemanha, entre 24 e 29 de novembro de 2025.<\/p>\n\n\n\n<p class=\"has-text-align-left\"><\/p>\n\n\n\n<p class=\"has-text-align-left has-medium-font-size\">Esta forma\u00e7\u00e3o permitiu aprofundar conhecimentos sobre a integra\u00e7\u00e3o da Intelig\u00eancia Artificial (IA) na educa\u00e7\u00e3o, em conformidade com o Regulamento Europeu da Intelig\u00eancia Artificial (AI Act) e as Orienta\u00e7\u00f5es \u00c9ticas para Educadores sobre a Utiliza\u00e7\u00e3o de Intelig\u00eancia Artificial e de Dados no Ensino e na Aprendizagem.<\/p>\n\n\n\n<p><\/p>\n\n\n\n<p class=\"has-text-align-left has-medium-font-size\">Como resultado, foi apresentada ao Conselho Pedag\u00f3gico uma proposta inovadora: \u201cAcordo para o Uso \u00c9tico e Respons\u00e1vel da Intelig\u00eancia Artificial (IA)\u201d pelos alunos. <br><br>Este documento pretende garantir que a utiliza\u00e7\u00e3o da IA na escola seja:<\/p>\n\n\n\n<ul class=\"wp-block-list\">\n<li class=\"has-medium-font-size\">Transparente e segura, respeitando os direitos fundamentais e a prote\u00e7\u00e3o de dados pessoais;<\/li>\n\n\n\n<li class=\"has-medium-font-size\">Promotora da literacia digital e do pensamento cr\u00edtico, prevenindo depend\u00eancias e riscos como desinforma\u00e7\u00e3o e vi\u00e9s algor\u00edtmico;<\/li>\n\n\n\n<li class=\"has-medium-font-size\">Supervisionada por humanos, assegurando responsabilidade e \u00e9tica em todas as pr\u00e1ticas.<\/li>\n<\/ul>\n<\/div>\n\n\n\n<figure class=\"wp-block-gallery has-nested-images columns-2 is-cropped wp-block-gallery-1 is-layout-flex wp-block-gallery-is-layout-flex\">\n<figure class=\"wp-block-image size-large\"><a href=\"https:\/\/escoladigital.madeira.gov.pt\/ebspdffbranco\/wp-content\/uploads\/sites\/19\/2026\/01\/ia1-1.jpeg\" target=\"_blank\" rel=\" noreferrer noopener\"><img decoding=\"async\" width=\"1024\" height=\"768\" data-id=\"4944\" src=\"https:\/\/escoladigital.madeira.gov.pt\/ebspdffbranco\/wp-content\/uploads\/sites\/19\/2026\/01\/ia1-1-1024x768.jpeg\" alt=\"\" class=\"wp-image-4944\" srcset=\"https:\/\/escoladigital.madeira.gov.pt\/ebspdffbranco\/wp-content\/uploads\/sites\/19\/2026\/01\/ia1-1-1024x768.jpeg 1024w, https:\/\/escoladigital.madeira.gov.pt\/ebspdffbranco\/wp-content\/uploads\/sites\/19\/2026\/01\/ia1-1-300x225.jpeg 300w, https:\/\/escoladigital.madeira.gov.pt\/ebspdffbranco\/wp-content\/uploads\/sites\/19\/2026\/01\/ia1-1-768x576.jpeg 768w, https:\/\/escoladigital.madeira.gov.pt\/ebspdffbranco\/wp-content\/uploads\/sites\/19\/2026\/01\/ia1-1-1536x1152.jpeg 1536w, https:\/\/escoladigital.madeira.gov.pt\/ebspdffbranco\/wp-content\/uploads\/sites\/19\/2026\/01\/ia1-1.jpeg 1600w\" sizes=\"(max-width: 1024px) 100vw, 1024px\" \/><\/a><\/figure>\n\n\n\n<figure class=\"wp-block-image size-large\"><a href=\"https:\/\/escoladigital.madeira.gov.pt\/ebspdffbranco\/wp-content\/uploads\/sites\/19\/2026\/01\/ia2-1.jpeg\" target=\"_blank\" rel=\" noreferrer noopener\"><img decoding=\"async\" width=\"768\" height=\"1024\" data-id=\"4942\" src=\"https:\/\/escoladigital.madeira.gov.pt\/ebspdffbranco\/wp-content\/uploads\/sites\/19\/2026\/01\/ia2-1-768x1024.jpeg\" alt=\"\" class=\"wp-image-4942\" srcset=\"https:\/\/escoladigital.madeira.gov.pt\/ebspdffbranco\/wp-content\/uploads\/sites\/19\/2026\/01\/ia2-1-768x1024.jpeg 768w, https:\/\/escoladigital.madeira.gov.pt\/ebspdffbranco\/wp-content\/uploads\/sites\/19\/2026\/01\/ia2-1-225x300.jpeg 225w, https:\/\/escoladigital.madeira.gov.pt\/ebspdffbranco\/wp-content\/uploads\/sites\/19\/2026\/01\/ia2-1-1152x1536.jpeg 1152w, https:\/\/escoladigital.madeira.gov.pt\/ebspdffbranco\/wp-content\/uploads\/sites\/19\/2026\/01\/ia2-1.jpeg 1200w\" sizes=\"(max-width: 768px) 100vw, 768px\" \/><\/a><\/figure>\n\n\n\n<figure class=\"wp-block-image size-large\"><a href=\"https:\/\/escoladigital.madeira.gov.pt\/ebspdffbranco\/wp-content\/uploads\/sites\/19\/2026\/01\/ia3-1.jpeg\" target=\"_blank\" rel=\" noreferrer noopener\"><img loading=\"lazy\" decoding=\"async\" width=\"768\" height=\"1024\" data-id=\"4943\" src=\"https:\/\/escoladigital.madeira.gov.pt\/ebspdffbranco\/wp-content\/uploads\/sites\/19\/2026\/01\/ia3-1-768x1024.jpeg\" alt=\"\" class=\"wp-image-4943\" srcset=\"https:\/\/escoladigital.madeira.gov.pt\/ebspdffbranco\/wp-content\/uploads\/sites\/19\/2026\/01\/ia3-1-768x1024.jpeg 768w, https:\/\/escoladigital.madeira.gov.pt\/ebspdffbranco\/wp-content\/uploads\/sites\/19\/2026\/01\/ia3-1-225x300.jpeg 225w, https:\/\/escoladigital.madeira.gov.pt\/ebspdffbranco\/wp-content\/uploads\/sites\/19\/2026\/01\/ia3-1-1152x1536.jpeg 1152w, https:\/\/escoladigital.madeira.gov.pt\/ebspdffbranco\/wp-content\/uploads\/sites\/19\/2026\/01\/ia3-1.jpeg 1200w\" sizes=\"(max-width: 768px) 100vw, 768px\" \/><\/a><\/figure>\n\n\n\n<figure class=\"wp-block-image size-large\"><a href=\"https:\/\/escoladigital.madeira.gov.pt\/ebspdffbranco\/wp-content\/uploads\/sites\/19\/2026\/01\/ia4-1.jpeg\" target=\"_blank\" rel=\" noreferrer noopener\"><img loading=\"lazy\" decoding=\"async\" width=\"576\" height=\"1024\" data-id=\"4941\" src=\"https:\/\/escoladigital.madeira.gov.pt\/ebspdffbranco\/wp-content\/uploads\/sites\/19\/2026\/01\/ia4-1-576x1024.jpeg\" alt=\"\" class=\"wp-image-4941\" srcset=\"https:\/\/escoladigital.madeira.gov.pt\/ebspdffbranco\/wp-content\/uploads\/sites\/19\/2026\/01\/ia4-1-576x1024.jpeg 576w, https:\/\/escoladigital.madeira.gov.pt\/ebspdffbranco\/wp-content\/uploads\/sites\/19\/2026\/01\/ia4-1-169x300.jpeg 169w, https:\/\/escoladigital.madeira.gov.pt\/ebspdffbranco\/wp-content\/uploads\/sites\/19\/2026\/01\/ia4-1-768x1365.jpeg 768w, https:\/\/escoladigital.madeira.gov.pt\/ebspdffbranco\/wp-content\/uploads\/sites\/19\/2026\/01\/ia4-1-864x1536.jpeg 864w, https:\/\/escoladigital.madeira.gov.pt\/ebspdffbranco\/wp-content\/uploads\/sites\/19\/2026\/01\/ia4-1.jpeg 900w\" sizes=\"(max-width: 576px) 100vw, 576px\" \/><\/a><\/figure>\n<\/figure>\n\n\n\n<div class=\"wp-block-group alignfull is-vertical is-content-justification-center is-layout-flex wp-container-core-group-is-layout-391756e8 wp-block-group-is-layout-flex\" style=\"margin-top:var(--wp--preset--spacing--20);margin-bottom:var(--wp--preset--spacing--20);padding-top:var(--wp--preset--spacing--30);padding-right:var(--wp--preset--spacing--60);padding-bottom:var(--wp--preset--spacing--30);padding-left:var(--wp--preset--spacing--60)\">\n<h3 class=\"wp-block-heading alignfull has-text-align-center has-gradient-4-gradient-background has-background\" style=\"border-style:none;border-width:0px;border-radius:100px;margin-top:0;margin-right:0;margin-bottom:0;margin-left:0\"><strong>Forma\u00e7\u00e3o Erasmus+ Floren\u00e7a, It\u00e1lia(27 a 31 de outubro de 2025)<\/strong><\/h3>\n\n\n\n<p class=\"has-text-align-left has-medium-font-size\">Entre os dias 27 e 31 de outubro de 2025, as professoras Rosalina Maria Leite Gomes e S\u00f3nia Cortes\u00e3o participaram num curso estruturado de Ingl\u00eas n\u00edvel interm\u00e9dio, realizado na cidade de Floren\u00e7a, It\u00e1lia, no \u00e2mbito do projeto Erasmus+ KA1 &#8220;Caminhar, Construir e Capacitar&#8221; (ID KA122-SCH-16592E4F).<\/p>\n\n\n\n<p><\/p>\n\n\n\n<p class=\"has-medium-font-size\">Esta forma\u00e7\u00e3o internacional teve como prop\u00f3sito refor\u00e7ar as compet\u00eancias lingu\u00edsticas, digitais e sociais das participantes, fundamentais para enfrentar os desafios da educa\u00e7\u00e3o contempor\u00e2nea. O curso proporcionou um ambiente de aprendizagem colaborativa, onde foi poss\u00edvel partilhar pr\u00e1ticas pedag\u00f3gicas inovadoras, promover a inclus\u00e3o e valorizar a diversidade cultural e social entre os participantes de diferentes nacionalidades.<\/p>\n\n\n\n<p><\/p>\n\n\n\n<p class=\"has-text-align-left has-medium-font-size\">A experi\u00eancia em Floren\u00e7a revelou-se uma oportunidade \u00fanica de enriquecimento pessoal e profissional, permitindo \u00e0s docentes mergulhar numa cultura vibrante e refletir sobre o papel da educa\u00e7\u00e3o na constru\u00e7\u00e3o de uma sociedade mais justa, sustent\u00e1vel e tecnologicamente preparada. Esta mobilidade contribui ainda para a melhoria das pr\u00e1ticas institucionais, alinhando-se com os objetivos do projeto, nomeadamente a integra\u00e7\u00e3o de tecnologias emergentes.<\/p>\n\n\n\n<figure class=\"wp-block-gallery has-nested-images columns-5 is-cropped wp-block-gallery-2 is-layout-flex wp-block-gallery-is-layout-flex\">\n<figure class=\"wp-block-image size-large\"><a href=\"https:\/\/escoladigital.madeira.gov.pt\/ebspdffbranco\/wp-content\/uploads\/sites\/19\/2025\/11\/floren1.png\" target=\"_blank\" rel=\" noreferrer noopener\"><img loading=\"lazy\" decoding=\"async\" width=\"845\" height=\"635\" data-id=\"4553\" src=\"https:\/\/escoladigital.madeira.gov.pt\/ebspdffbranco\/wp-content\/uploads\/sites\/19\/2025\/11\/floren1.png\" alt=\"\" class=\"wp-image-4553\" srcset=\"https:\/\/escoladigital.madeira.gov.pt\/ebspdffbranco\/wp-content\/uploads\/sites\/19\/2025\/11\/floren1.png 845w, https:\/\/escoladigital.madeira.gov.pt\/ebspdffbranco\/wp-content\/uploads\/sites\/19\/2025\/11\/floren1-300x225.png 300w, https:\/\/escoladigital.madeira.gov.pt\/ebspdffbranco\/wp-content\/uploads\/sites\/19\/2025\/11\/floren1-768x577.png 768w\" sizes=\"(max-width: 845px) 100vw, 845px\" \/><\/a><\/figure>\n\n\n\n<figure class=\"wp-block-image size-large\"><a href=\"https:\/\/escoladigital.madeira.gov.pt\/ebspdffbranco\/wp-content\/uploads\/sites\/19\/2025\/11\/floren2.png\" target=\"_blank\" rel=\" noreferrer noopener\"><img loading=\"lazy\" decoding=\"async\" width=\"839\" height=\"631\" data-id=\"4550\" src=\"https:\/\/escoladigital.madeira.gov.pt\/ebspdffbranco\/wp-content\/uploads\/sites\/19\/2025\/11\/floren2.png\" alt=\"\" class=\"wp-image-4550\" srcset=\"https:\/\/escoladigital.madeira.gov.pt\/ebspdffbranco\/wp-content\/uploads\/sites\/19\/2025\/11\/floren2.png 839w, https:\/\/escoladigital.madeira.gov.pt\/ebspdffbranco\/wp-content\/uploads\/sites\/19\/2025\/11\/floren2-300x226.png 300w, https:\/\/escoladigital.madeira.gov.pt\/ebspdffbranco\/wp-content\/uploads\/sites\/19\/2025\/11\/floren2-768x578.png 768w\" sizes=\"(max-width: 839px) 100vw, 839px\" \/><\/a><\/figure>\n\n\n\n<figure class=\"wp-block-image size-large\"><a href=\"https:\/\/escoladigital.madeira.gov.pt\/ebspdffbranco\/wp-content\/uploads\/sites\/19\/2025\/11\/floren3.png\" target=\"_blank\" rel=\" noreferrer noopener\"><img loading=\"lazy\" decoding=\"async\" width=\"837\" height=\"626\" data-id=\"4551\" src=\"https:\/\/escoladigital.madeira.gov.pt\/ebspdffbranco\/wp-content\/uploads\/sites\/19\/2025\/11\/floren3.png\" alt=\"\" class=\"wp-image-4551\" srcset=\"https:\/\/escoladigital.madeira.gov.pt\/ebspdffbranco\/wp-content\/uploads\/sites\/19\/2025\/11\/floren3.png 837w, https:\/\/escoladigital.madeira.gov.pt\/ebspdffbranco\/wp-content\/uploads\/sites\/19\/2025\/11\/floren3-300x224.png 300w, https:\/\/escoladigital.madeira.gov.pt\/ebspdffbranco\/wp-content\/uploads\/sites\/19\/2025\/11\/floren3-768x574.png 768w\" sizes=\"(max-width: 837px) 100vw, 837px\" \/><\/a><\/figure>\n\n\n\n<figure class=\"wp-block-image size-large\"><a href=\"https:\/\/escoladigital.madeira.gov.pt\/ebspdffbranco\/wp-content\/uploads\/sites\/19\/2025\/11\/floren4.png\" target=\"_blank\" rel=\" noreferrer noopener\"><img loading=\"lazy\" decoding=\"async\" width=\"843\" height=\"627\" data-id=\"4552\" src=\"https:\/\/escoladigital.madeira.gov.pt\/ebspdffbranco\/wp-content\/uploads\/sites\/19\/2025\/11\/floren4.png\" alt=\"\" class=\"wp-image-4552\" srcset=\"https:\/\/escoladigital.madeira.gov.pt\/ebspdffbranco\/wp-content\/uploads\/sites\/19\/2025\/11\/floren4.png 843w, https:\/\/escoladigital.madeira.gov.pt\/ebspdffbranco\/wp-content\/uploads\/sites\/19\/2025\/11\/floren4-300x223.png 300w, https:\/\/escoladigital.madeira.gov.pt\/ebspdffbranco\/wp-content\/uploads\/sites\/19\/2025\/11\/floren4-768x571.png 768w\" sizes=\"(max-width: 843px) 100vw, 843px\" \/><\/a><\/figure>\n\n\n\n<figure class=\"wp-block-image size-large\"><a href=\"https:\/\/escoladigital.madeira.gov.pt\/ebspdffbranco\/wp-content\/uploads\/sites\/19\/2025\/11\/floren5.png\" target=\"_blank\" rel=\" noreferrer noopener\"><img loading=\"lazy\" decoding=\"async\" width=\"474\" height=\"621\" data-id=\"4554\" src=\"https:\/\/escoladigital.madeira.gov.pt\/ebspdffbranco\/wp-content\/uploads\/sites\/19\/2025\/11\/floren5.png\" alt=\"\" class=\"wp-image-4554\" srcset=\"https:\/\/escoladigital.madeira.gov.pt\/ebspdffbranco\/wp-content\/uploads\/sites\/19\/2025\/11\/floren5.png 474w, https:\/\/escoladigital.madeira.gov.pt\/ebspdffbranco\/wp-content\/uploads\/sites\/19\/2025\/11\/floren5-229x300.png 229w\" sizes=\"(max-width: 474px) 100vw, 474px\" \/><\/a><\/figure>\n<\/figure>\n<\/div>\n\n\n\n<p><\/p>\n\n\n\n<h3 class=\"wp-block-heading alignfull has-text-align-center has-gradient-4-gradient-background has-background\" style=\"border-style:none;border-width:0px;border-radius:100px;margin-top:0;margin-right:0;margin-bottom:0;margin-left:0\"><strong>Forma\u00e7\u00e3o Erasmus+ Floren\u00e7a, It\u00e1lia(15 a 20 de setembro de 2025)<\/strong><\/h3>\n\n\n\n<div class=\"wp-block-group alignfull is-vertical is-content-justification-center is-layout-flex wp-container-core-group-is-layout-391756e8 wp-block-group-is-layout-flex\" style=\"margin-top:var(--wp--preset--spacing--20);margin-bottom:var(--wp--preset--spacing--20);padding-top:var(--wp--preset--spacing--30);padding-right:var(--wp--preset--spacing--60);padding-bottom:var(--wp--preset--spacing--30);padding-left:var(--wp--preset--spacing--60)\">\n<p class=\"has-text-align-left has-medium-font-size\">No \u00e2mbito do projeto ERASMUS+ \u201cCaminhar, Construir e Capacitar\u201d, liderado pelas professoras S\u00f3nia Cortes\u00e3o e Rosalina Gomes, a docente F\u00e1tima Gon\u00e7alves participou na forma\u00e7\u00e3o <strong>&#8220;Environmental Education:&nbsp;Learning and Acting for a Better Future &#8220;<\/strong>, que decorreu na <strong>Europass Teachers em Floren\u00e7a, It\u00e1lia, entre os dias 15 e 20 de setembro<\/strong>.<br><\/p>\n\n\n\n<p class=\"has-medium-font-size\">Esta forma\u00e7\u00e3o proporcionou, n\u00e3o s\u00f3 novos conhecimentos sobre estrat\u00e9gias inovadoras e inclusivas de ensino, como tamb\u00e9m promoveu uma rica intera\u00e7\u00e3o entre profissionais da educa\u00e7\u00e3o de diferentes pa\u00edses. Atrav\u00e9s da troca de experi\u00eancias foi poss\u00edvel explorar pr\u00e1ticas pedag\u00f3gicas diversificadas e fomentar a reflex\u00e3o sobre os desafios da educa\u00e7\u00e3o ambiental no contexto global.<br><\/p>\n\n\n\n<p class=\"has-medium-font-size\">Al\u00e9m disso, esta forma\u00e7\u00e3o revelou-se uma excelente oportunidade para apresentar as belezas e a cultura singular da nossa ilha a um p\u00fablico internacional, refor\u00e7ando o seu valor e identidade.<br><\/p>\n\n\n\n<p class=\"has-text-align-left has-medium-font-size\">A docente salienta a import\u00e2ncia desta iniciativa, agradecendo profundamente \u00e0s coordenadoras do projeto pelo seu compromisso e dedica\u00e7\u00e3o. Foi, indubitavelmente, uma viv\u00eancia de grande impacto pessoal e profissional.\u201d<\/p>\n\n\n\n<figure class=\"wp-block-gallery has-nested-images columns-5 is-cropped wp-block-gallery-3 is-layout-flex wp-block-gallery-is-layout-flex\">\n<figure class=\"wp-block-image size-large\"><a href=\"https:\/\/escoladigital.madeira.gov.pt\/ebspdffbranco\/wp-content\/uploads\/sites\/19\/2025\/10\/Diploma.jpg\" target=\"_blank\" rel=\" noreferrer noopener\"><img loading=\"lazy\" decoding=\"async\" width=\"651\" height=\"869\" data-id=\"4483\" src=\"https:\/\/escoladigital.madeira.gov.pt\/ebspdffbranco\/wp-content\/uploads\/sites\/19\/2025\/10\/Diploma.jpg\" alt=\"\" class=\"wp-image-4483\" srcset=\"https:\/\/escoladigital.madeira.gov.pt\/ebspdffbranco\/wp-content\/uploads\/sites\/19\/2025\/10\/Diploma.jpg 651w, https:\/\/escoladigital.madeira.gov.pt\/ebspdffbranco\/wp-content\/uploads\/sites\/19\/2025\/10\/Diploma-225x300.jpg 225w\" sizes=\"(max-width: 651px) 100vw, 651px\" \/><\/a><\/figure>\n\n\n\n<figure class=\"wp-block-image size-large\"><a href=\"https:\/\/escoladigital.madeira.gov.pt\/ebspdffbranco\/wp-content\/uploads\/sites\/19\/2025\/10\/gona1-1.png\" target=\"_blank\" rel=\" noreferrer noopener\"><img loading=\"lazy\" decoding=\"async\" width=\"927\" height=\"492\" data-id=\"4486\" src=\"https:\/\/escoladigital.madeira.gov.pt\/ebspdffbranco\/wp-content\/uploads\/sites\/19\/2025\/10\/gona1-1.png\" alt=\"\" class=\"wp-image-4486\" srcset=\"https:\/\/escoladigital.madeira.gov.pt\/ebspdffbranco\/wp-content\/uploads\/sites\/19\/2025\/10\/gona1-1.png 927w, https:\/\/escoladigital.madeira.gov.pt\/ebspdffbranco\/wp-content\/uploads\/sites\/19\/2025\/10\/gona1-1-300x159.png 300w, https:\/\/escoladigital.madeira.gov.pt\/ebspdffbranco\/wp-content\/uploads\/sites\/19\/2025\/10\/gona1-1-768x408.png 768w\" sizes=\"(max-width: 927px) 100vw, 927px\" \/><\/a><\/figure>\n\n\n\n<figure class=\"wp-block-image size-large\"><a href=\"https:\/\/escoladigital.madeira.gov.pt\/ebspdffbranco\/wp-content\/uploads\/sites\/19\/2025\/10\/gona2-1.png\" target=\"_blank\" rel=\" noreferrer noopener\"><img loading=\"lazy\" decoding=\"async\" width=\"1024\" height=\"606\" data-id=\"4487\" src=\"https:\/\/escoladigital.madeira.gov.pt\/ebspdffbranco\/wp-content\/uploads\/sites\/19\/2025\/10\/gona2-1-1024x606.png\" alt=\"\" class=\"wp-image-4487\" srcset=\"https:\/\/escoladigital.madeira.gov.pt\/ebspdffbranco\/wp-content\/uploads\/sites\/19\/2025\/10\/gona2-1-1024x606.png 1024w, https:\/\/escoladigital.madeira.gov.pt\/ebspdffbranco\/wp-content\/uploads\/sites\/19\/2025\/10\/gona2-1-300x178.png 300w, https:\/\/escoladigital.madeira.gov.pt\/ebspdffbranco\/wp-content\/uploads\/sites\/19\/2025\/10\/gona2-1-768x455.png 768w, https:\/\/escoladigital.madeira.gov.pt\/ebspdffbranco\/wp-content\/uploads\/sites\/19\/2025\/10\/gona2-1.png 1088w\" sizes=\"(max-width: 1024px) 100vw, 1024px\" \/><\/a><\/figure>\n\n\n\n<figure class=\"wp-block-image size-large\"><a href=\"https:\/\/escoladigital.madeira.gov.pt\/ebspdffbranco\/wp-content\/uploads\/sites\/19\/2025\/10\/gona3-1.png\" target=\"_blank\" rel=\" noreferrer noopener\"><img loading=\"lazy\" decoding=\"async\" width=\"366\" height=\"464\" data-id=\"4485\" src=\"https:\/\/escoladigital.madeira.gov.pt\/ebspdffbranco\/wp-content\/uploads\/sites\/19\/2025\/10\/gona3-1.png\" alt=\"\" class=\"wp-image-4485\" srcset=\"https:\/\/escoladigital.madeira.gov.pt\/ebspdffbranco\/wp-content\/uploads\/sites\/19\/2025\/10\/gona3-1.png 366w, https:\/\/escoladigital.madeira.gov.pt\/ebspdffbranco\/wp-content\/uploads\/sites\/19\/2025\/10\/gona3-1-237x300.png 237w\" sizes=\"(max-width: 366px) 100vw, 366px\" \/><\/a><\/figure>\n\n\n\n<figure class=\"wp-block-image size-large\"><a href=\"https:\/\/escoladigital.madeira.gov.pt\/ebspdffbranco\/wp-content\/uploads\/sites\/19\/2025\/10\/Padlet.png\" target=\"_blank\" rel=\" noreferrer noopener\"><img loading=\"lazy\" decoding=\"async\" width=\"709\" height=\"321\" data-id=\"4484\" src=\"https:\/\/escoladigital.madeira.gov.pt\/ebspdffbranco\/wp-content\/uploads\/sites\/19\/2025\/10\/Padlet.png\" alt=\"\" class=\"wp-image-4484\" srcset=\"https:\/\/escoladigital.madeira.gov.pt\/ebspdffbranco\/wp-content\/uploads\/sites\/19\/2025\/10\/Padlet.png 709w, https:\/\/escoladigital.madeira.gov.pt\/ebspdffbranco\/wp-content\/uploads\/sites\/19\/2025\/10\/Padlet-300x136.png 300w\" sizes=\"(max-width: 709px) 100vw, 709px\" \/><\/a><\/figure>\n<\/figure>\n<\/div>\n\n\n\n<h3 class=\"wp-block-heading alignfull has-text-align-center has-gradient-4-gradient-background has-background\" style=\"border-style:none;border-width:0px;border-radius:100px;margin-top:0;margin-right:0;margin-bottom:0;margin-left:0\"><strong>Forma\u00e7\u00e3o Erasmus+ Dublin, Irlanda(14 a 19 de julho de 2025)<\/strong><\/h3>\n\n\n\n<div class=\"wp-block-group alignfull is-vertical is-content-justification-center is-layout-flex wp-container-core-group-is-layout-e184fb0d wp-block-group-is-layout-flex\" style=\"margin-top:0;margin-bottom:0;padding-top:0;padding-right:var(--wp--preset--spacing--60);padding-bottom:0;padding-left:var(--wp--preset--spacing--60)\">\n<p class=\"has-text-align-left has-medium-font-size\"><\/p>\n\n\n\n<p class=\"has-medium-font-size\"><\/p>\n\n\n\n<p class=\"has-medium-font-size\"><strong>No \u00e2mbito do projeto ERASMUS+ KA122, Ensino Escolar (SCH) &#8220;Caminhar, Construir e Capacitar para Incluir&#8221;<\/strong>, coordenado pelas docentes&nbsp;<strong>S\u00f3nia Cortes\u00e3o<\/strong>&nbsp;e&nbsp;<strong>Rosalina Gomes<\/strong>, as funcion\u00e1rias \u2014&nbsp;<strong>Assistente Operacional, Ivone Castro<\/strong>&nbsp;e&nbsp;<strong>Assistentes T\u00e9cnicas Clara Neves, Donatila Oliveira, Petra Goes e Sandra Melim<\/strong>&nbsp;\u2014 participaram na atividade formativa&nbsp;<strong>&#8220;English Language Course for Beginners&#8221;<\/strong>, promovida pela&nbsp;<strong>Europass Teacher Academy<\/strong>, que decorreu em&nbsp;<strong>Dublin, Irlanda<\/strong>, entre os dias&nbsp;<strong>14 e 19 de julho de 2025<\/strong>.<\/p>\n\n\n\n<p class=\"has-medium-font-size\"><\/p>\n\n\n\n<p class=\"has-medium-font-size\">Para al\u00e9m da aprendizagem nos dom\u00ednios da&nbsp;<strong>oralidade e da escrita em l\u00edngua inglesa<\/strong>, destaca-se o&nbsp;<strong>conv\u00edvio enriquecedor com colegas de outras nacionalidades<\/strong>, bem como as&nbsp;<strong>visitas a locais de relevante interesse cultural<\/strong>. Esta mobilidade foi tamb\u00e9m uma excelente oportunidade para&nbsp;<strong>promover a nossa Ilha Dourada<\/strong>, divulgando os seus&nbsp;<strong>locais de interesse<\/strong>,&nbsp;<strong>atividades culturais<\/strong>,&nbsp;<strong>gastronomia<\/strong>&nbsp;e&nbsp;<strong>praias<\/strong>.<\/p>\n\n\n\n<p><\/p>\n\n\n\n<p class=\"has-medium-font-size\">Por fim, o grupo expressa o seu&nbsp;<strong>profundo agradecimento pela oportunidade de integrar este projeto<\/strong>, que constitui, sem d\u00favida, uma&nbsp;<strong>mais-valia para o crescimento pessoal e profissional<\/strong>&nbsp;de cada participante.<\/p>\n\n\n\n<p class=\"has-medium-font-size\">&nbsp;<\/p>\n\n\n\n<figure class=\"wp-block-gallery has-nested-images columns-default is-cropped wp-block-gallery-4 is-layout-flex wp-block-gallery-is-layout-flex\">\n<figure class=\"wp-block-image size-large\"><img loading=\"lazy\" decoding=\"async\" width=\"632\" height=\"610\" data-id=\"4275\" src=\"https:\/\/escoladigital.madeira.gov.pt\/ebspdffbranco\/wp-content\/uploads\/sites\/19\/2025\/07\/5b4.png\" alt=\"\" class=\"wp-image-4275\" srcset=\"https:\/\/escoladigital.madeira.gov.pt\/ebspdffbranco\/wp-content\/uploads\/sites\/19\/2025\/07\/5b4.png 632w, https:\/\/escoladigital.madeira.gov.pt\/ebspdffbranco\/wp-content\/uploads\/sites\/19\/2025\/07\/5b4-300x290.png 300w\" sizes=\"(max-width: 632px) 100vw, 632px\" \/><\/figure>\n\n\n\n<figure class=\"wp-block-image size-large\"><img loading=\"lazy\" decoding=\"async\" width=\"628\" height=\"705\" data-id=\"4277\" src=\"https:\/\/escoladigital.madeira.gov.pt\/ebspdffbranco\/wp-content\/uploads\/sites\/19\/2025\/07\/db3.png\" alt=\"\" class=\"wp-image-4277\" srcset=\"https:\/\/escoladigital.madeira.gov.pt\/ebspdffbranco\/wp-content\/uploads\/sites\/19\/2025\/07\/db3.png 628w, https:\/\/escoladigital.madeira.gov.pt\/ebspdffbranco\/wp-content\/uploads\/sites\/19\/2025\/07\/db3-267x300.png 267w\" sizes=\"(max-width: 628px) 100vw, 628px\" \/><\/figure>\n\n\n\n<figure class=\"wp-block-image size-large\"><img loading=\"lazy\" decoding=\"async\" width=\"695\" height=\"565\" data-id=\"4278\" src=\"https:\/\/escoladigital.madeira.gov.pt\/ebspdffbranco\/wp-content\/uploads\/sites\/19\/2025\/07\/db4.png\" alt=\"\" class=\"wp-image-4278\" srcset=\"https:\/\/escoladigital.madeira.gov.pt\/ebspdffbranco\/wp-content\/uploads\/sites\/19\/2025\/07\/db4.png 695w, https:\/\/escoladigital.madeira.gov.pt\/ebspdffbranco\/wp-content\/uploads\/sites\/19\/2025\/07\/db4-300x244.png 300w\" sizes=\"(max-width: 695px) 100vw, 695px\" \/><\/figure>\n\n\n\n<figure class=\"wp-block-image size-large\"><img loading=\"lazy\" decoding=\"async\" width=\"928\" height=\"527\" data-id=\"4276\" src=\"https:\/\/escoladigital.madeira.gov.pt\/ebspdffbranco\/wp-content\/uploads\/sites\/19\/2025\/07\/db2.png\" alt=\"\" class=\"wp-image-4276\" srcset=\"https:\/\/escoladigital.madeira.gov.pt\/ebspdffbranco\/wp-content\/uploads\/sites\/19\/2025\/07\/db2.png 928w, https:\/\/escoladigital.madeira.gov.pt\/ebspdffbranco\/wp-content\/uploads\/sites\/19\/2025\/07\/db2-300x170.png 300w, https:\/\/escoladigital.madeira.gov.pt\/ebspdffbranco\/wp-content\/uploads\/sites\/19\/2025\/07\/db2-768x436.png 768w\" sizes=\"(max-width: 928px) 100vw, 928px\" \/><\/figure>\n\n\n\n<figure data-wp-context=\"{&quot;imageId&quot;:&quot;69eec86362532&quot;}\" data-wp-interactive=\"core\/image\" data-wp-key=\"69eec86362532\" class=\"wp-block-image size-large wp-lightbox-container\"><img loading=\"lazy\" decoding=\"async\" width=\"940\" height=\"540\" data-wp-class--hide=\"state.isContentHidden\" data-wp-class--show=\"state.isContentVisible\" data-wp-init=\"callbacks.setButtonStyles\" data-wp-on--click=\"actions.showLightbox\" data-wp-on--load=\"callbacks.setButtonStyles\" data-wp-on-window--resize=\"callbacks.setButtonStyles\" data-id=\"4279\" src=\"https:\/\/escoladigital.madeira.gov.pt\/ebspdffbranco\/wp-content\/uploads\/sites\/19\/2025\/07\/db1.png\" alt=\"\" class=\"wp-image-4279\" srcset=\"https:\/\/escoladigital.madeira.gov.pt\/ebspdffbranco\/wp-content\/uploads\/sites\/19\/2025\/07\/db1.png 940w, https:\/\/escoladigital.madeira.gov.pt\/ebspdffbranco\/wp-content\/uploads\/sites\/19\/2025\/07\/db1-300x172.png 300w, https:\/\/escoladigital.madeira.gov.pt\/ebspdffbranco\/wp-content\/uploads\/sites\/19\/2025\/07\/db1-768x441.png 768w\" sizes=\"(max-width: 940px) 100vw, 940px\" \/><button\n\t\t\tclass=\"lightbox-trigger\"\n\t\t\ttype=\"button\"\n\t\t\taria-haspopup=\"dialog\"\n\t\t\taria-label=\"Ampliar\"\n\t\t\tdata-wp-init=\"callbacks.initTriggerButton\"\n\t\t\tdata-wp-on--click=\"actions.showLightbox\"\n\t\t\tdata-wp-style--right=\"state.imageButtonRight\"\n\t\t\tdata-wp-style--top=\"state.imageButtonTop\"\n\t\t>\n\t\t\t<svg xmlns=\"http:\/\/www.w3.org\/2000\/svg\" width=\"12\" height=\"12\" fill=\"none\" viewBox=\"0 0 12 12\">\n\t\t\t\t<path fill=\"#fff\" d=\"M2 0a2 2 0 0 0-2 2v2h1.5V2a.5.5 0 0 1 .5-.5h2V0H2Zm2 10.5H2a.5.5 0 0 1-.5-.5V8H0v2a2 2 0 0 0 2 2h2v-1.5ZM8 12v-1.5h2a.5.5 0 0 0 .5-.5V8H12v2a2 2 0 0 1-2 2H8Zm2-12a2 2 0 0 1 2 2v2h-1.5V2a.5.5 0 0 0-.5-.5H8V0h2Z\" \/>\n\t\t\t<\/svg>\n\t\t<\/button><\/figure>\n<\/figure>\n\n\n\n<p class=\"has-medium-font-size\"><\/p>\n\n\n\n<p><\/p>\n<\/div>\n\n\n\n<h3 class=\"wp-block-heading alignfull has-text-align-center has-gradient-4-gradient-background has-background\" style=\"border-style:none;border-width:0px;border-radius:100px;margin-top:0;margin-right:0;margin-bottom:0;margin-left:0\"><strong>Forma\u00e7\u00e3o Erasmus+ Lecco, It\u00e1lia (11 a 17 de maio de 2025)<\/strong><\/h3>\n\n\n\n<div class=\"wp-block-group alignfull is-vertical is-content-justification-center is-layout-flex wp-container-core-group-is-layout-e184fb0d wp-block-group-is-layout-flex\" style=\"margin-top:0;margin-bottom:0;padding-top:0;padding-right:var(--wp--preset--spacing--60);padding-bottom:0;padding-left:var(--wp--preset--spacing--60)\">\n<p class=\"has-text-align-left has-medium-font-size\"><\/p>\n\n\n\n<p class=\"has-medium-font-size\">\ud83c\uddea\ud83c\uddfa\u2728&nbsp;Erasmus+ em Lecco: \u201cCaminhar, construir e capacitar\u201d&nbsp;\u2728\ud83c\uddea\ud83c\uddfa<\/p>\n\n\n\n<p class=\"has-medium-font-size\"><\/p>\n\n\n\n<p class=\"has-medium-font-size\">De <strong>11 a 17 de maio de 2025,<\/strong> um grupo de 8 alunos da Escola B\u00e1sica e Secund\u00e1ria com Pr\u00e9-Escolar e Creche Professor Dr. Francisco de Freitas Branco \u2013 Porto Santo participou numa <strong>mobilidade Erasmus+ em Lecco, It\u00e1lia, no \u00e2mbito do projeto europeu \u201cCaminhar, construir e capacitar\u201d.<\/strong><\/p>\n\n\n\n<p class=\"has-medium-font-size\">Este projeto, coordenado pelas professoras Rosalina Gomes e S\u00f3nia Cortes\u00e3o, contou tamb\u00e9m com a sua presen\u00e7a como docentes acompanhantes durante toda a mobilidade, assegurando o acompanhamento pedag\u00f3gico, log\u00edstico e emocional dos alunos ao longo desta enriquecedora experi\u00eancia.<\/p>\n\n\n\n<p class=\"has-medium-font-size\"><\/p>\n\n\n\n<p class=\"has-medium-font-size\">A mobilidade envolveu ainda a participa\u00e7\u00e3o de estudantes espanh\u00f3is da regi\u00e3o de Lorca, promovendo um verdadeiro encontro intercultural entre jovens de tr\u00eas pa\u00edses: Portugal, It\u00e1lia e Espanha. Um momento de partilha, crescimento e constru\u00e7\u00e3o de la\u00e7os europeus.<\/p>\n\n\n\n<p class=\"has-medium-font-size\">Durante uma semana repleta de aprendizagens, os nossos alunos, com idades entre os 13 e os 17 anos, participaram em diversas atividades pedag\u00f3gicas e culturais organizadas pelo Istituto Statale d&#8217;Istruzione Superiore G. Bertacchi, como visitas educativas a Mil\u00e3o e B\u00e9rgamo, aulas integradas com colegas italianos, desafios em equipa no centro hist\u00f3rico de Lecco e oficinas colaborativas na escola anfitri\u00e3.<\/p>\n\n\n\n<p class=\"has-medium-font-size\"><\/p>\n\n\n\n<figure class=\"wp-block-gallery has-nested-images columns-4 is-cropped wp-block-gallery-5 is-layout-flex wp-block-gallery-is-layout-flex\">\n<figure data-wp-context=\"{&quot;imageId&quot;:&quot;69eec86362f6f&quot;}\" data-wp-interactive=\"core\/image\" data-wp-key=\"69eec86362f6f\" class=\"wp-block-image size-large wp-lightbox-container\"><img loading=\"lazy\" decoding=\"async\" width=\"1024\" height=\"576\" data-wp-class--hide=\"state.isContentHidden\" data-wp-class--show=\"state.isContentVisible\" data-wp-init=\"callbacks.setButtonStyles\" data-wp-on--click=\"actions.showLightbox\" data-wp-on--load=\"callbacks.setButtonStyles\" data-wp-on-window--resize=\"callbacks.setButtonStyles\" data-id=\"4108\" src=\"https:\/\/escoladigital.madeira.gov.pt\/ebspdffbranco\/wp-content\/uploads\/sites\/19\/2025\/06\/it2-1-1024x576.jpeg\" alt=\"\" class=\"wp-image-4108\" srcset=\"https:\/\/escoladigital.madeira.gov.pt\/ebspdffbranco\/wp-content\/uploads\/sites\/19\/2025\/06\/it2-1-1024x576.jpeg 1024w, https:\/\/escoladigital.madeira.gov.pt\/ebspdffbranco\/wp-content\/uploads\/sites\/19\/2025\/06\/it2-1-300x169.jpeg 300w, https:\/\/escoladigital.madeira.gov.pt\/ebspdffbranco\/wp-content\/uploads\/sites\/19\/2025\/06\/it2-1-768x432.jpeg 768w, https:\/\/escoladigital.madeira.gov.pt\/ebspdffbranco\/wp-content\/uploads\/sites\/19\/2025\/06\/it2-1-1536x864.jpeg 1536w, https:\/\/escoladigital.madeira.gov.pt\/ebspdffbranco\/wp-content\/uploads\/sites\/19\/2025\/06\/it2-1.jpeg 1600w\" sizes=\"(max-width: 1024px) 100vw, 1024px\" \/><button\n\t\t\tclass=\"lightbox-trigger\"\n\t\t\ttype=\"button\"\n\t\t\taria-haspopup=\"dialog\"\n\t\t\taria-label=\"Ampliar\"\n\t\t\tdata-wp-init=\"callbacks.initTriggerButton\"\n\t\t\tdata-wp-on--click=\"actions.showLightbox\"\n\t\t\tdata-wp-style--right=\"state.imageButtonRight\"\n\t\t\tdata-wp-style--top=\"state.imageButtonTop\"\n\t\t>\n\t\t\t<svg xmlns=\"http:\/\/www.w3.org\/2000\/svg\" width=\"12\" height=\"12\" fill=\"none\" viewBox=\"0 0 12 12\">\n\t\t\t\t<path fill=\"#fff\" d=\"M2 0a2 2 0 0 0-2 2v2h1.5V2a.5.5 0 0 1 .5-.5h2V0H2Zm2 10.5H2a.5.5 0 0 1-.5-.5V8H0v2a2 2 0 0 0 2 2h2v-1.5ZM8 12v-1.5h2a.5.5 0 0 0 .5-.5V8H12v2a2 2 0 0 1-2 2H8Zm2-12a2 2 0 0 1 2 2v2h-1.5V2a.5.5 0 0 0-.5-.5H8V0h2Z\" \/>\n\t\t\t<\/svg>\n\t\t<\/button><\/figure>\n\n\n\n<figure data-wp-context=\"{&quot;imageId&quot;:&quot;69eec863632b8&quot;}\" data-wp-interactive=\"core\/image\" data-wp-key=\"69eec863632b8\" class=\"wp-block-image size-large wp-lightbox-container\"><img loading=\"lazy\" decoding=\"async\" width=\"1024\" height=\"576\" data-wp-class--hide=\"state.isContentHidden\" data-wp-class--show=\"state.isContentVisible\" data-wp-init=\"callbacks.setButtonStyles\" data-wp-on--click=\"actions.showLightbox\" data-wp-on--load=\"callbacks.setButtonStyles\" data-wp-on-window--resize=\"callbacks.setButtonStyles\" data-id=\"4109\" src=\"https:\/\/escoladigital.madeira.gov.pt\/ebspdffbranco\/wp-content\/uploads\/sites\/19\/2025\/06\/it3-1-1024x576.jpeg\" alt=\"\" class=\"wp-image-4109\" srcset=\"https:\/\/escoladigital.madeira.gov.pt\/ebspdffbranco\/wp-content\/uploads\/sites\/19\/2025\/06\/it3-1-1024x576.jpeg 1024w, https:\/\/escoladigital.madeira.gov.pt\/ebspdffbranco\/wp-content\/uploads\/sites\/19\/2025\/06\/it3-1-300x169.jpeg 300w, https:\/\/escoladigital.madeira.gov.pt\/ebspdffbranco\/wp-content\/uploads\/sites\/19\/2025\/06\/it3-1-768x432.jpeg 768w, https:\/\/escoladigital.madeira.gov.pt\/ebspdffbranco\/wp-content\/uploads\/sites\/19\/2025\/06\/it3-1-1536x864.jpeg 1536w, https:\/\/escoladigital.madeira.gov.pt\/ebspdffbranco\/wp-content\/uploads\/sites\/19\/2025\/06\/it3-1.jpeg 1600w\" sizes=\"(max-width: 1024px) 100vw, 1024px\" \/><button\n\t\t\tclass=\"lightbox-trigger\"\n\t\t\ttype=\"button\"\n\t\t\taria-haspopup=\"dialog\"\n\t\t\taria-label=\"Ampliar\"\n\t\t\tdata-wp-init=\"callbacks.initTriggerButton\"\n\t\t\tdata-wp-on--click=\"actions.showLightbox\"\n\t\t\tdata-wp-style--right=\"state.imageButtonRight\"\n\t\t\tdata-wp-style--top=\"state.imageButtonTop\"\n\t\t>\n\t\t\t<svg xmlns=\"http:\/\/www.w3.org\/2000\/svg\" width=\"12\" height=\"12\" fill=\"none\" viewBox=\"0 0 12 12\">\n\t\t\t\t<path fill=\"#fff\" d=\"M2 0a2 2 0 0 0-2 2v2h1.5V2a.5.5 0 0 1 .5-.5h2V0H2Zm2 10.5H2a.5.5 0 0 1-.5-.5V8H0v2a2 2 0 0 0 2 2h2v-1.5ZM8 12v-1.5h2a.5.5 0 0 0 .5-.5V8H12v2a2 2 0 0 1-2 2H8Zm2-12a2 2 0 0 1 2 2v2h-1.5V2a.5.5 0 0 0-.5-.5H8V0h2Z\" \/>\n\t\t\t<\/svg>\n\t\t<\/button><\/figure>\n\n\n\n<figure data-wp-context=\"{&quot;imageId&quot;:&quot;69eec8636364f&quot;}\" data-wp-interactive=\"core\/image\" data-wp-key=\"69eec8636364f\" class=\"wp-block-image size-large wp-lightbox-container\"><img loading=\"lazy\" decoding=\"async\" width=\"1024\" height=\"576\" data-wp-class--hide=\"state.isContentHidden\" data-wp-class--show=\"state.isContentVisible\" data-wp-init=\"callbacks.setButtonStyles\" data-wp-on--click=\"actions.showLightbox\" data-wp-on--load=\"callbacks.setButtonStyles\" data-wp-on-window--resize=\"callbacks.setButtonStyles\" data-id=\"4110\" src=\"https:\/\/escoladigital.madeira.gov.pt\/ebspdffbranco\/wp-content\/uploads\/sites\/19\/2025\/06\/it4-1-1024x576.jpeg\" alt=\"\" class=\"wp-image-4110\" srcset=\"https:\/\/escoladigital.madeira.gov.pt\/ebspdffbranco\/wp-content\/uploads\/sites\/19\/2025\/06\/it4-1-1024x576.jpeg 1024w, https:\/\/escoladigital.madeira.gov.pt\/ebspdffbranco\/wp-content\/uploads\/sites\/19\/2025\/06\/it4-1-300x169.jpeg 300w, https:\/\/escoladigital.madeira.gov.pt\/ebspdffbranco\/wp-content\/uploads\/sites\/19\/2025\/06\/it4-1-768x432.jpeg 768w, https:\/\/escoladigital.madeira.gov.pt\/ebspdffbranco\/wp-content\/uploads\/sites\/19\/2025\/06\/it4-1-1536x864.jpeg 1536w, https:\/\/escoladigital.madeira.gov.pt\/ebspdffbranco\/wp-content\/uploads\/sites\/19\/2025\/06\/it4-1.jpeg 1600w\" sizes=\"(max-width: 1024px) 100vw, 1024px\" \/><button\n\t\t\tclass=\"lightbox-trigger\"\n\t\t\ttype=\"button\"\n\t\t\taria-haspopup=\"dialog\"\n\t\t\taria-label=\"Ampliar\"\n\t\t\tdata-wp-init=\"callbacks.initTriggerButton\"\n\t\t\tdata-wp-on--click=\"actions.showLightbox\"\n\t\t\tdata-wp-style--right=\"state.imageButtonRight\"\n\t\t\tdata-wp-style--top=\"state.imageButtonTop\"\n\t\t>\n\t\t\t<svg xmlns=\"http:\/\/www.w3.org\/2000\/svg\" width=\"12\" height=\"12\" fill=\"none\" viewBox=\"0 0 12 12\">\n\t\t\t\t<path fill=\"#fff\" d=\"M2 0a2 2 0 0 0-2 2v2h1.5V2a.5.5 0 0 1 .5-.5h2V0H2Zm2 10.5H2a.5.5 0 0 1-.5-.5V8H0v2a2 2 0 0 0 2 2h2v-1.5ZM8 12v-1.5h2a.5.5 0 0 0 .5-.5V8H12v2a2 2 0 0 1-2 2H8Zm2-12a2 2 0 0 1 2 2v2h-1.5V2a.5.5 0 0 0-.5-.5H8V0h2Z\" \/>\n\t\t\t<\/svg>\n\t\t<\/button><\/figure>\n\n\n\n<figure data-wp-context=\"{&quot;imageId&quot;:&quot;69eec86363942&quot;}\" data-wp-interactive=\"core\/image\" data-wp-key=\"69eec86363942\" class=\"wp-block-image size-large wp-lightbox-container\"><img loading=\"lazy\" decoding=\"async\" width=\"1024\" height=\"576\" data-wp-class--hide=\"state.isContentHidden\" data-wp-class--show=\"state.isContentVisible\" data-wp-init=\"callbacks.setButtonStyles\" data-wp-on--click=\"actions.showLightbox\" data-wp-on--load=\"callbacks.setButtonStyles\" data-wp-on-window--resize=\"callbacks.setButtonStyles\" data-id=\"4106\" src=\"https:\/\/escoladigital.madeira.gov.pt\/ebspdffbranco\/wp-content\/uploads\/sites\/19\/2025\/06\/it6-1-1024x576.jpeg\" alt=\"\" class=\"wp-image-4106\" srcset=\"https:\/\/escoladigital.madeira.gov.pt\/ebspdffbranco\/wp-content\/uploads\/sites\/19\/2025\/06\/it6-1-1024x576.jpeg 1024w, https:\/\/escoladigital.madeira.gov.pt\/ebspdffbranco\/wp-content\/uploads\/sites\/19\/2025\/06\/it6-1-300x169.jpeg 300w, https:\/\/escoladigital.madeira.gov.pt\/ebspdffbranco\/wp-content\/uploads\/sites\/19\/2025\/06\/it6-1-768x432.jpeg 768w, https:\/\/escoladigital.madeira.gov.pt\/ebspdffbranco\/wp-content\/uploads\/sites\/19\/2025\/06\/it6-1-1536x864.jpeg 1536w, https:\/\/escoladigital.madeira.gov.pt\/ebspdffbranco\/wp-content\/uploads\/sites\/19\/2025\/06\/it6-1.jpeg 1600w\" sizes=\"(max-width: 1024px) 100vw, 1024px\" \/><button\n\t\t\tclass=\"lightbox-trigger\"\n\t\t\ttype=\"button\"\n\t\t\taria-haspopup=\"dialog\"\n\t\t\taria-label=\"Ampliar\"\n\t\t\tdata-wp-init=\"callbacks.initTriggerButton\"\n\t\t\tdata-wp-on--click=\"actions.showLightbox\"\n\t\t\tdata-wp-style--right=\"state.imageButtonRight\"\n\t\t\tdata-wp-style--top=\"state.imageButtonTop\"\n\t\t>\n\t\t\t<svg xmlns=\"http:\/\/www.w3.org\/2000\/svg\" width=\"12\" height=\"12\" fill=\"none\" viewBox=\"0 0 12 12\">\n\t\t\t\t<path fill=\"#fff\" d=\"M2 0a2 2 0 0 0-2 2v2h1.5V2a.5.5 0 0 1 .5-.5h2V0H2Zm2 10.5H2a.5.5 0 0 1-.5-.5V8H0v2a2 2 0 0 0 2 2h2v-1.5ZM8 12v-1.5h2a.5.5 0 0 0 .5-.5V8H12v2a2 2 0 0 1-2 2H8Zm2-12a2 2 0 0 1 2 2v2h-1.5V2a.5.5 0 0 0-.5-.5H8V0h2Z\" \/>\n\t\t\t<\/svg>\n\t\t<\/button><\/figure>\n\n\n\n<figure data-wp-context=\"{&quot;imageId&quot;:&quot;69eec86363de1&quot;}\" data-wp-interactive=\"core\/image\" data-wp-key=\"69eec86363de1\" class=\"wp-block-image size-large wp-lightbox-container\"><img loading=\"lazy\" decoding=\"async\" width=\"1024\" height=\"576\" data-wp-class--hide=\"state.isContentHidden\" data-wp-class--show=\"state.isContentVisible\" data-wp-init=\"callbacks.setButtonStyles\" data-wp-on--click=\"actions.showLightbox\" data-wp-on--load=\"callbacks.setButtonStyles\" data-wp-on-window--resize=\"callbacks.setButtonStyles\" data-id=\"4107\" src=\"https:\/\/escoladigital.madeira.gov.pt\/ebspdffbranco\/wp-content\/uploads\/sites\/19\/2025\/06\/it8-1-1024x576.jpeg\" alt=\"\" class=\"wp-image-4107\" srcset=\"https:\/\/escoladigital.madeira.gov.pt\/ebspdffbranco\/wp-content\/uploads\/sites\/19\/2025\/06\/it8-1-1024x576.jpeg 1024w, https:\/\/escoladigital.madeira.gov.pt\/ebspdffbranco\/wp-content\/uploads\/sites\/19\/2025\/06\/it8-1-300x169.jpeg 300w, https:\/\/escoladigital.madeira.gov.pt\/ebspdffbranco\/wp-content\/uploads\/sites\/19\/2025\/06\/it8-1-768x432.jpeg 768w, https:\/\/escoladigital.madeira.gov.pt\/ebspdffbranco\/wp-content\/uploads\/sites\/19\/2025\/06\/it8-1-1536x864.jpeg 1536w, https:\/\/escoladigital.madeira.gov.pt\/ebspdffbranco\/wp-content\/uploads\/sites\/19\/2025\/06\/it8-1.jpeg 1600w\" sizes=\"(max-width: 1024px) 100vw, 1024px\" \/><button\n\t\t\tclass=\"lightbox-trigger\"\n\t\t\ttype=\"button\"\n\t\t\taria-haspopup=\"dialog\"\n\t\t\taria-label=\"Ampliar\"\n\t\t\tdata-wp-init=\"callbacks.initTriggerButton\"\n\t\t\tdata-wp-on--click=\"actions.showLightbox\"\n\t\t\tdata-wp-style--right=\"state.imageButtonRight\"\n\t\t\tdata-wp-style--top=\"state.imageButtonTop\"\n\t\t>\n\t\t\t<svg xmlns=\"http:\/\/www.w3.org\/2000\/svg\" width=\"12\" height=\"12\" fill=\"none\" viewBox=\"0 0 12 12\">\n\t\t\t\t<path fill=\"#fff\" d=\"M2 0a2 2 0 0 0-2 2v2h1.5V2a.5.5 0 0 1 .5-.5h2V0H2Zm2 10.5H2a.5.5 0 0 1-.5-.5V8H0v2a2 2 0 0 0 2 2h2v-1.5ZM8 12v-1.5h2a.5.5 0 0 0 .5-.5V8H12v2a2 2 0 0 1-2 2H8Zm2-12a2 2 0 0 1 2 2v2h-1.5V2a.5.5 0 0 0-.5-.5H8V0h2Z\" \/>\n\t\t\t<\/svg>\n\t\t<\/button><\/figure>\n\n\n\n<figure data-wp-context=\"{&quot;imageId&quot;:&quot;69eec8636443a&quot;}\" data-wp-interactive=\"core\/image\" data-wp-key=\"69eec8636443a\" class=\"wp-block-image size-large wp-lightbox-container\"><img loading=\"lazy\" decoding=\"async\" width=\"1024\" height=\"576\" data-wp-class--hide=\"state.isContentHidden\" data-wp-class--show=\"state.isContentVisible\" data-wp-init=\"callbacks.setButtonStyles\" data-wp-on--click=\"actions.showLightbox\" data-wp-on--load=\"callbacks.setButtonStyles\" data-wp-on-window--resize=\"callbacks.setButtonStyles\" data-id=\"4105\" src=\"https:\/\/escoladigital.madeira.gov.pt\/ebspdffbranco\/wp-content\/uploads\/sites\/19\/2025\/06\/it9-1-1024x576.jpeg\" alt=\"\" class=\"wp-image-4105\" srcset=\"https:\/\/escoladigital.madeira.gov.pt\/ebspdffbranco\/wp-content\/uploads\/sites\/19\/2025\/06\/it9-1-1024x576.jpeg 1024w, https:\/\/escoladigital.madeira.gov.pt\/ebspdffbranco\/wp-content\/uploads\/sites\/19\/2025\/06\/it9-1-300x169.jpeg 300w, https:\/\/escoladigital.madeira.gov.pt\/ebspdffbranco\/wp-content\/uploads\/sites\/19\/2025\/06\/it9-1-768x432.jpeg 768w, https:\/\/escoladigital.madeira.gov.pt\/ebspdffbranco\/wp-content\/uploads\/sites\/19\/2025\/06\/it9-1-1536x864.jpeg 1536w, https:\/\/escoladigital.madeira.gov.pt\/ebspdffbranco\/wp-content\/uploads\/sites\/19\/2025\/06\/it9-1.jpeg 1600w\" sizes=\"(max-width: 1024px) 100vw, 1024px\" \/><button\n\t\t\tclass=\"lightbox-trigger\"\n\t\t\ttype=\"button\"\n\t\t\taria-haspopup=\"dialog\"\n\t\t\taria-label=\"Ampliar\"\n\t\t\tdata-wp-init=\"callbacks.initTriggerButton\"\n\t\t\tdata-wp-on--click=\"actions.showLightbox\"\n\t\t\tdata-wp-style--right=\"state.imageButtonRight\"\n\t\t\tdata-wp-style--top=\"state.imageButtonTop\"\n\t\t>\n\t\t\t<svg xmlns=\"http:\/\/www.w3.org\/2000\/svg\" width=\"12\" height=\"12\" fill=\"none\" viewBox=\"0 0 12 12\">\n\t\t\t\t<path fill=\"#fff\" d=\"M2 0a2 2 0 0 0-2 2v2h1.5V2a.5.5 0 0 1 .5-.5h2V0H2Zm2 10.5H2a.5.5 0 0 1-.5-.5V8H0v2a2 2 0 0 0 2 2h2v-1.5ZM8 12v-1.5h2a.5.5 0 0 0 .5-.5V8H12v2a2 2 0 0 1-2 2H8Zm2-12a2 2 0 0 1 2 2v2h-1.5V2a.5.5 0 0 0-.5-.5H8V0h2Z\" \/>\n\t\t\t<\/svg>\n\t\t<\/button><\/figure>\n\n\n\n<figure data-wp-context=\"{&quot;imageId&quot;:&quot;69eec8636477b&quot;}\" data-wp-interactive=\"core\/image\" data-wp-key=\"69eec8636477b\" class=\"wp-block-image size-large wp-lightbox-container\"><img loading=\"lazy\" decoding=\"async\" width=\"1024\" height=\"576\" data-wp-class--hide=\"state.isContentHidden\" data-wp-class--show=\"state.isContentVisible\" data-wp-init=\"callbacks.setButtonStyles\" data-wp-on--click=\"actions.showLightbox\" data-wp-on--load=\"callbacks.setButtonStyles\" data-wp-on-window--resize=\"callbacks.setButtonStyles\" data-id=\"4111\" src=\"https:\/\/escoladigital.madeira.gov.pt\/ebspdffbranco\/wp-content\/uploads\/sites\/19\/2025\/06\/it10-1-1024x576.jpeg\" alt=\"\" class=\"wp-image-4111\" srcset=\"https:\/\/escoladigital.madeira.gov.pt\/ebspdffbranco\/wp-content\/uploads\/sites\/19\/2025\/06\/it10-1-1024x576.jpeg 1024w, https:\/\/escoladigital.madeira.gov.pt\/ebspdffbranco\/wp-content\/uploads\/sites\/19\/2025\/06\/it10-1-300x169.jpeg 300w, https:\/\/escoladigital.madeira.gov.pt\/ebspdffbranco\/wp-content\/uploads\/sites\/19\/2025\/06\/it10-1-768x432.jpeg 768w, https:\/\/escoladigital.madeira.gov.pt\/ebspdffbranco\/wp-content\/uploads\/sites\/19\/2025\/06\/it10-1-1536x864.jpeg 1536w, https:\/\/escoladigital.madeira.gov.pt\/ebspdffbranco\/wp-content\/uploads\/sites\/19\/2025\/06\/it10-1.jpeg 1600w\" sizes=\"(max-width: 1024px) 100vw, 1024px\" \/><button\n\t\t\tclass=\"lightbox-trigger\"\n\t\t\ttype=\"button\"\n\t\t\taria-haspopup=\"dialog\"\n\t\t\taria-label=\"Ampliar\"\n\t\t\tdata-wp-init=\"callbacks.initTriggerButton\"\n\t\t\tdata-wp-on--click=\"actions.showLightbox\"\n\t\t\tdata-wp-style--right=\"state.imageButtonRight\"\n\t\t\tdata-wp-style--top=\"state.imageButtonTop\"\n\t\t>\n\t\t\t<svg xmlns=\"http:\/\/www.w3.org\/2000\/svg\" width=\"12\" height=\"12\" fill=\"none\" viewBox=\"0 0 12 12\">\n\t\t\t\t<path fill=\"#fff\" d=\"M2 0a2 2 0 0 0-2 2v2h1.5V2a.5.5 0 0 1 .5-.5h2V0H2Zm2 10.5H2a.5.5 0 0 1-.5-.5V8H0v2a2 2 0 0 0 2 2h2v-1.5ZM8 12v-1.5h2a.5.5 0 0 0 .5-.5V8H12v2a2 2 0 0 1-2 2H8Zm2-12a2 2 0 0 1 2 2v2h-1.5V2a.5.5 0 0 0-.5-.5H8V0h2Z\" \/>\n\t\t\t<\/svg>\n\t\t<\/button><\/figure>\n\n\n\n<figure data-wp-context=\"{&quot;imageId&quot;:&quot;69eec86364aec&quot;}\" data-wp-interactive=\"core\/image\" data-wp-key=\"69eec86364aec\" class=\"wp-block-image size-large wp-lightbox-container\"><img loading=\"lazy\" decoding=\"async\" width=\"1024\" height=\"576\" data-wp-class--hide=\"state.isContentHidden\" data-wp-class--show=\"state.isContentVisible\" data-wp-init=\"callbacks.setButtonStyles\" data-wp-on--click=\"actions.showLightbox\" data-wp-on--load=\"callbacks.setButtonStyles\" data-wp-on-window--resize=\"callbacks.setButtonStyles\" data-id=\"4104\" src=\"https:\/\/escoladigital.madeira.gov.pt\/ebspdffbranco\/wp-content\/uploads\/sites\/19\/2025\/06\/it11-1-1024x576.jpeg\" alt=\"\" class=\"wp-image-4104\" srcset=\"https:\/\/escoladigital.madeira.gov.pt\/ebspdffbranco\/wp-content\/uploads\/sites\/19\/2025\/06\/it11-1-1024x576.jpeg 1024w, https:\/\/escoladigital.madeira.gov.pt\/ebspdffbranco\/wp-content\/uploads\/sites\/19\/2025\/06\/it11-1-300x169.jpeg 300w, https:\/\/escoladigital.madeira.gov.pt\/ebspdffbranco\/wp-content\/uploads\/sites\/19\/2025\/06\/it11-1-768x432.jpeg 768w, https:\/\/escoladigital.madeira.gov.pt\/ebspdffbranco\/wp-content\/uploads\/sites\/19\/2025\/06\/it11-1-1536x864.jpeg 1536w, https:\/\/escoladigital.madeira.gov.pt\/ebspdffbranco\/wp-content\/uploads\/sites\/19\/2025\/06\/it11-1.jpeg 1600w\" sizes=\"(max-width: 1024px) 100vw, 1024px\" \/><button\n\t\t\tclass=\"lightbox-trigger\"\n\t\t\ttype=\"button\"\n\t\t\taria-haspopup=\"dialog\"\n\t\t\taria-label=\"Ampliar\"\n\t\t\tdata-wp-init=\"callbacks.initTriggerButton\"\n\t\t\tdata-wp-on--click=\"actions.showLightbox\"\n\t\t\tdata-wp-style--right=\"state.imageButtonRight\"\n\t\t\tdata-wp-style--top=\"state.imageButtonTop\"\n\t\t>\n\t\t\t<svg xmlns=\"http:\/\/www.w3.org\/2000\/svg\" width=\"12\" height=\"12\" fill=\"none\" viewBox=\"0 0 12 12\">\n\t\t\t\t<path fill=\"#fff\" d=\"M2 0a2 2 0 0 0-2 2v2h1.5V2a.5.5 0 0 1 .5-.5h2V0H2Zm2 10.5H2a.5.5 0 0 1-.5-.5V8H0v2a2 2 0 0 0 2 2h2v-1.5ZM8 12v-1.5h2a.5.5 0 0 0 .5-.5V8H12v2a2 2 0 0 1-2 2H8Zm2-12a2 2 0 0 1 2 2v2h-1.5V2a.5.5 0 0 0-.5-.5H8V0h2Z\" \/>\n\t\t\t<\/svg>\n\t\t<\/button><\/figure>\n<\/figure>\n\n\n\n<p class=\"has-medium-font-size\">O projeto teve como principais objetivos o desenvolvimento de compet\u00eancias fundamentais como a inclus\u00e3o, sustentabilidade, cidadania europeia, comunica\u00e7\u00e3o em l\u00ednguas estrangeiras (com destaque para o ingl\u00eas), pensamento cr\u00edtico, autonomia e coopera\u00e7\u00e3o. Todas as atividades foram pensadas para valorizar a diversidade, o respeito m\u00fatuo e o sentimento de perten\u00e7a a uma Europa comum.<\/p>\n\n\n\n<p class=\"has-medium-font-size\"><\/p>\n\n\n\n<p class=\"has-medium-font-size\">\ud83c\udf0d&nbsp;Porque educar \u00e9 tamb\u00e9m caminhar com os outros, construir pontes e capacitar para o futuro, esta mobilidade representou mais uma etapa marcante no percurso europeu da nossa escola, promovendo o sucesso educativo, o enriquecimento cultural e a integra\u00e7\u00e3o plena dos nossos alunos no esp\u00edrito Erasmus+.&nbsp;<\/p>\n\n\n\n<p class=\"has-medium-font-size\"><\/p>\n<\/div>\n\n\n\n<figure class=\"wp-block-gallery has-nested-images columns-4 is-cropped wp-block-gallery-6 is-layout-flex wp-block-gallery-is-layout-flex\">\n<figure data-wp-context=\"{&quot;imageId&quot;:&quot;69eec86365270&quot;}\" data-wp-interactive=\"core\/image\" data-wp-key=\"69eec86365270\" class=\"wp-block-image size-large wp-lightbox-container\"><img loading=\"lazy\" decoding=\"async\" width=\"576\" height=\"1024\" data-wp-class--hide=\"state.isContentHidden\" data-wp-class--show=\"state.isContentVisible\" data-wp-init=\"callbacks.setButtonStyles\" data-wp-on--click=\"actions.showLightbox\" data-wp-on--load=\"callbacks.setButtonStyles\" data-wp-on-window--resize=\"callbacks.setButtonStyles\" data-id=\"4112\" src=\"https:\/\/escoladigital.madeira.gov.pt\/ebspdffbranco\/wp-content\/uploads\/sites\/19\/2025\/06\/it1-1-576x1024.jpeg\" alt=\"\" class=\"wp-image-4112\" srcset=\"https:\/\/escoladigital.madeira.gov.pt\/ebspdffbranco\/wp-content\/uploads\/sites\/19\/2025\/06\/it1-1-576x1024.jpeg 576w, https:\/\/escoladigital.madeira.gov.pt\/ebspdffbranco\/wp-content\/uploads\/sites\/19\/2025\/06\/it1-1-169x300.jpeg 169w, https:\/\/escoladigital.madeira.gov.pt\/ebspdffbranco\/wp-content\/uploads\/sites\/19\/2025\/06\/it1-1-768x1365.jpeg 768w, https:\/\/escoladigital.madeira.gov.pt\/ebspdffbranco\/wp-content\/uploads\/sites\/19\/2025\/06\/it1-1-864x1536.jpeg 864w, https:\/\/escoladigital.madeira.gov.pt\/ebspdffbranco\/wp-content\/uploads\/sites\/19\/2025\/06\/it1-1.jpeg 900w\" sizes=\"(max-width: 576px) 100vw, 576px\" \/><button\n\t\t\tclass=\"lightbox-trigger\"\n\t\t\ttype=\"button\"\n\t\t\taria-haspopup=\"dialog\"\n\t\t\taria-label=\"Ampliar\"\n\t\t\tdata-wp-init=\"callbacks.initTriggerButton\"\n\t\t\tdata-wp-on--click=\"actions.showLightbox\"\n\t\t\tdata-wp-style--right=\"state.imageButtonRight\"\n\t\t\tdata-wp-style--top=\"state.imageButtonTop\"\n\t\t>\n\t\t\t<svg xmlns=\"http:\/\/www.w3.org\/2000\/svg\" width=\"12\" height=\"12\" fill=\"none\" viewBox=\"0 0 12 12\">\n\t\t\t\t<path fill=\"#fff\" d=\"M2 0a2 2 0 0 0-2 2v2h1.5V2a.5.5 0 0 1 .5-.5h2V0H2Zm2 10.5H2a.5.5 0 0 1-.5-.5V8H0v2a2 2 0 0 0 2 2h2v-1.5ZM8 12v-1.5h2a.5.5 0 0 0 .5-.5V8H12v2a2 2 0 0 1-2 2H8Zm2-12a2 2 0 0 1 2 2v2h-1.5V2a.5.5 0 0 0-.5-.5H8V0h2Z\" \/>\n\t\t\t<\/svg>\n\t\t<\/button><\/figure>\n\n\n\n<figure data-wp-context=\"{&quot;imageId&quot;:&quot;69eec86365769&quot;}\" data-wp-interactive=\"core\/image\" data-wp-key=\"69eec86365769\" class=\"wp-block-image size-large wp-lightbox-container\"><img loading=\"lazy\" decoding=\"async\" width=\"768\" height=\"1024\" data-wp-class--hide=\"state.isContentHidden\" data-wp-class--show=\"state.isContentVisible\" data-wp-init=\"callbacks.setButtonStyles\" data-wp-on--click=\"actions.showLightbox\" data-wp-on--load=\"callbacks.setButtonStyles\" data-wp-on-window--resize=\"callbacks.setButtonStyles\" data-id=\"4114\" src=\"https:\/\/escoladigital.madeira.gov.pt\/ebspdffbranco\/wp-content\/uploads\/sites\/19\/2025\/06\/it5-1-768x1024.jpeg\" alt=\"\" class=\"wp-image-4114\" srcset=\"https:\/\/escoladigital.madeira.gov.pt\/ebspdffbranco\/wp-content\/uploads\/sites\/19\/2025\/06\/it5-1-768x1024.jpeg 768w, https:\/\/escoladigital.madeira.gov.pt\/ebspdffbranco\/wp-content\/uploads\/sites\/19\/2025\/06\/it5-1-225x300.jpeg 225w, https:\/\/escoladigital.madeira.gov.pt\/ebspdffbranco\/wp-content\/uploads\/sites\/19\/2025\/06\/it5-1-1152x1536.jpeg 1152w, https:\/\/escoladigital.madeira.gov.pt\/ebspdffbranco\/wp-content\/uploads\/sites\/19\/2025\/06\/it5-1.jpeg 1200w\" sizes=\"(max-width: 768px) 100vw, 768px\" \/><button\n\t\t\tclass=\"lightbox-trigger\"\n\t\t\ttype=\"button\"\n\t\t\taria-haspopup=\"dialog\"\n\t\t\taria-label=\"Ampliar\"\n\t\t\tdata-wp-init=\"callbacks.initTriggerButton\"\n\t\t\tdata-wp-on--click=\"actions.showLightbox\"\n\t\t\tdata-wp-style--right=\"state.imageButtonRight\"\n\t\t\tdata-wp-style--top=\"state.imageButtonTop\"\n\t\t>\n\t\t\t<svg xmlns=\"http:\/\/www.w3.org\/2000\/svg\" width=\"12\" height=\"12\" fill=\"none\" viewBox=\"0 0 12 12\">\n\t\t\t\t<path fill=\"#fff\" d=\"M2 0a2 2 0 0 0-2 2v2h1.5V2a.5.5 0 0 1 .5-.5h2V0H2Zm2 10.5H2a.5.5 0 0 1-.5-.5V8H0v2a2 2 0 0 0 2 2h2v-1.5ZM8 12v-1.5h2a.5.5 0 0 0 .5-.5V8H12v2a2 2 0 0 1-2 2H8Zm2-12a2 2 0 0 1 2 2v2h-1.5V2a.5.5 0 0 0-.5-.5H8V0h2Z\" \/>\n\t\t\t<\/svg>\n\t\t<\/button><\/figure>\n\n\n\n<figure data-wp-context=\"{&quot;imageId&quot;:&quot;69eec86365ac0&quot;}\" data-wp-interactive=\"core\/image\" data-wp-key=\"69eec86365ac0\" class=\"wp-block-image size-large wp-lightbox-container\"><img loading=\"lazy\" decoding=\"async\" width=\"768\" height=\"1024\" data-wp-class--hide=\"state.isContentHidden\" data-wp-class--show=\"state.isContentVisible\" data-wp-init=\"callbacks.setButtonStyles\" data-wp-on--click=\"actions.showLightbox\" data-wp-on--load=\"callbacks.setButtonStyles\" data-wp-on-window--resize=\"callbacks.setButtonStyles\" data-id=\"4115\" src=\"https:\/\/escoladigital.madeira.gov.pt\/ebspdffbranco\/wp-content\/uploads\/sites\/19\/2025\/06\/it7-1-768x1024.jpeg\" alt=\"\" class=\"wp-image-4115\" srcset=\"https:\/\/escoladigital.madeira.gov.pt\/ebspdffbranco\/wp-content\/uploads\/sites\/19\/2025\/06\/it7-1-768x1024.jpeg 768w, https:\/\/escoladigital.madeira.gov.pt\/ebspdffbranco\/wp-content\/uploads\/sites\/19\/2025\/06\/it7-1-225x300.jpeg 225w, https:\/\/escoladigital.madeira.gov.pt\/ebspdffbranco\/wp-content\/uploads\/sites\/19\/2025\/06\/it7-1-1152x1536.jpeg 1152w, https:\/\/escoladigital.madeira.gov.pt\/ebspdffbranco\/wp-content\/uploads\/sites\/19\/2025\/06\/it7-1.jpeg 1200w\" sizes=\"(max-width: 768px) 100vw, 768px\" \/><button\n\t\t\tclass=\"lightbox-trigger\"\n\t\t\ttype=\"button\"\n\t\t\taria-haspopup=\"dialog\"\n\t\t\taria-label=\"Ampliar\"\n\t\t\tdata-wp-init=\"callbacks.initTriggerButton\"\n\t\t\tdata-wp-on--click=\"actions.showLightbox\"\n\t\t\tdata-wp-style--right=\"state.imageButtonRight\"\n\t\t\tdata-wp-style--top=\"state.imageButtonTop\"\n\t\t>\n\t\t\t<svg xmlns=\"http:\/\/www.w3.org\/2000\/svg\" width=\"12\" height=\"12\" fill=\"none\" viewBox=\"0 0 12 12\">\n\t\t\t\t<path fill=\"#fff\" d=\"M2 0a2 2 0 0 0-2 2v2h1.5V2a.5.5 0 0 1 .5-.5h2V0H2Zm2 10.5H2a.5.5 0 0 1-.5-.5V8H0v2a2 2 0 0 0 2 2h2v-1.5ZM8 12v-1.5h2a.5.5 0 0 0 .5-.5V8H12v2a2 2 0 0 1-2 2H8Zm2-12a2 2 0 0 1 2 2v2h-1.5V2a.5.5 0 0 0-.5-.5H8V0h2Z\" \/>\n\t\t\t<\/svg>\n\t\t<\/button><\/figure>\n\n\n\n<figure data-wp-context=\"{&quot;imageId&quot;:&quot;69eec86365dc1&quot;}\" data-wp-interactive=\"core\/image\" data-wp-key=\"69eec86365dc1\" class=\"wp-block-image size-large wp-lightbox-container\"><img loading=\"lazy\" decoding=\"async\" width=\"768\" height=\"1024\" data-wp-class--hide=\"state.isContentHidden\" data-wp-class--show=\"state.isContentVisible\" data-wp-init=\"callbacks.setButtonStyles\" data-wp-on--click=\"actions.showLightbox\" data-wp-on--load=\"callbacks.setButtonStyles\" data-wp-on-window--resize=\"callbacks.setButtonStyles\" data-id=\"4113\" src=\"https:\/\/escoladigital.madeira.gov.pt\/ebspdffbranco\/wp-content\/uploads\/sites\/19\/2025\/06\/it12-1-768x1024.jpeg\" alt=\"\" class=\"wp-image-4113\" srcset=\"https:\/\/escoladigital.madeira.gov.pt\/ebspdffbranco\/wp-content\/uploads\/sites\/19\/2025\/06\/it12-1-768x1023.jpeg 768w, https:\/\/escoladigital.madeira.gov.pt\/ebspdffbranco\/wp-content\/uploads\/sites\/19\/2025\/06\/it12-1-225x300.jpeg 225w, https:\/\/escoladigital.madeira.gov.pt\/ebspdffbranco\/wp-content\/uploads\/sites\/19\/2025\/06\/it12-1-1153x1536.jpeg 1153w, https:\/\/escoladigital.madeira.gov.pt\/ebspdffbranco\/wp-content\/uploads\/sites\/19\/2025\/06\/it12-1.jpeg 1200w\" sizes=\"(max-width: 768px) 100vw, 768px\" \/><button\n\t\t\tclass=\"lightbox-trigger\"\n\t\t\ttype=\"button\"\n\t\t\taria-haspopup=\"dialog\"\n\t\t\taria-label=\"Ampliar\"\n\t\t\tdata-wp-init=\"callbacks.initTriggerButton\"\n\t\t\tdata-wp-on--click=\"actions.showLightbox\"\n\t\t\tdata-wp-style--right=\"state.imageButtonRight\"\n\t\t\tdata-wp-style--top=\"state.imageButtonTop\"\n\t\t>\n\t\t\t<svg xmlns=\"http:\/\/www.w3.org\/2000\/svg\" width=\"12\" height=\"12\" fill=\"none\" viewBox=\"0 0 12 12\">\n\t\t\t\t<path fill=\"#fff\" d=\"M2 0a2 2 0 0 0-2 2v2h1.5V2a.5.5 0 0 1 .5-.5h2V0H2Zm2 10.5H2a.5.5 0 0 1-.5-.5V8H0v2a2 2 0 0 0 2 2h2v-1.5ZM8 12v-1.5h2a.5.5 0 0 0 .5-.5V8H12v2a2 2 0 0 1-2 2H8Zm2-12a2 2 0 0 1 2 2v2h-1.5V2a.5.5 0 0 0-.5-.5H8V0h2Z\" \/>\n\t\t\t<\/svg>\n\t\t<\/button><\/figure>\n<\/figure>\n\n\n\n<div class=\"wp-block-group alignfull is-vertical is-content-justification-center is-layout-flex wp-container-core-group-is-layout-e184fb0d wp-block-group-is-layout-flex\" style=\"margin-top:0;margin-bottom:0;padding-top:0;padding-right:var(--wp--preset--spacing--60);padding-bottom:0;padding-left:var(--wp--preset--spacing--60)\">\n<h3 class=\"wp-block-heading alignfull has-text-align-center has-gradient-4-gradient-background has-background\" style=\"border-style:none;border-width:0px;border-radius:100px;margin-top:0;margin-right:0;margin-bottom:0;margin-left:0\"><strong>Forma\u00e7\u00e3o Erasmus+ Valleta, Malta(5 a 9 de maio de 2025)<\/strong><\/h3>\n\n\n\n<p><\/p>\n\n\n\n<p><\/p>\n\n\n\n<p class=\"has-text-align-left has-medium-font-size\">No \u00e2mbito do <strong>projeto ERASMUS+ \u201cCaminhar, Construir e Capacitar\u201d<\/strong>, coordenado pelas docentes, S\u00f3nia Cortes\u00e3o e Rosalina Gomes, os docentes, Abel Silva, Dina Fernandes e N\u00eddia Fernandes, participaram na <strong>atividade formativa &#8220;English Language Course for Beginners&#8221;<\/strong>, que teve lugar em Valletta &#8211; Malta, entre os dias 5 e 9 de maio. <\/p>\n\n\n\n<p class=\"has-text-align-left has-medium-font-size\"><\/p>\n\n\n\n<p class=\"has-medium-font-size\">Os conte\u00fados abordados foram importantes para o aperfei\u00e7oamento e capacita\u00e7\u00e3o da l\u00edngua inglesa, num arquip\u00e9lago onde a tradu\u00e7\u00e3o em portugu\u00eas \u00e9 praticamente inexistente. Assim, a auto-aprendizagem em contexto a par das aulas ministradas por uma professora de qualidade humana excecional, Mrs Lorraine Cassar e do diretor da academia, Mr. Nikolaus Conrad, tornaram-se completamentares. Assim, no futuro, a nossa participa\u00e7\u00e3o ativa e mais assertiva ao n\u00edvel da estrutura gramatical da l\u00edngua inglesa, em iniciativas internacionais ligadas \u00e0 educa\u00e7\u00e3o e \u00e0 troca de experi\u00eancias que se podem realizar neste mundo global, em especial ao n\u00edvel da educa\u00e7\u00e3o inclusiva.<\/p>\n\n\n\n<p><\/p>\n\n\n\n<p class=\"has-text-align-left has-medium-font-size\">Com esta forma\u00e7\u00e3o promoveu-se ainda a curiosidade pelo sossego da nossa ilha, um grupo muito agrad\u00e1vel e aplicado, oriundos de comunidades citadinas.<br>Os docentes agradecem a oportunidade concedida pela escola e pela DRE, bem como pelo empenho e dedica\u00e7\u00e3o das coordenadoras do projeto.<\/p>\n\n\n\n<figure class=\"wp-block-gallery has-nested-images columns-4 wp-block-gallery-7 is-layout-flex wp-block-gallery-is-layout-flex\">\n<figure data-wp-context=\"{&quot;imageId&quot;:&quot;69eec863662b8&quot;}\" data-wp-interactive=\"core\/image\" data-wp-key=\"69eec863662b8\" class=\"wp-block-image size-large wp-lightbox-container\"><img loading=\"lazy\" decoding=\"async\" width=\"576\" height=\"1024\" data-wp-class--hide=\"state.isContentHidden\" data-wp-class--show=\"state.isContentVisible\" data-wp-init=\"callbacks.setButtonStyles\" data-wp-on--click=\"actions.showLightbox\" data-wp-on--load=\"callbacks.setButtonStyles\" data-wp-on-window--resize=\"callbacks.setButtonStyles\" data-id=\"4047\" src=\"https:\/\/escoladigital.madeira.gov.pt\/ebspdffbranco\/wp-content\/uploads\/sites\/19\/2025\/05\/DinaAbel1-576x1024.jpg\" alt=\"\" class=\"wp-image-4047\" srcset=\"https:\/\/escoladigital.madeira.gov.pt\/ebspdffbranco\/wp-content\/uploads\/sites\/19\/2025\/05\/DinaAbel1-576x1024.jpg 576w, https:\/\/escoladigital.madeira.gov.pt\/ebspdffbranco\/wp-content\/uploads\/sites\/19\/2025\/05\/DinaAbel1-169x300.jpg 169w, https:\/\/escoladigital.madeira.gov.pt\/ebspdffbranco\/wp-content\/uploads\/sites\/19\/2025\/05\/DinaAbel1-768x1365.jpg 768w, https:\/\/escoladigital.madeira.gov.pt\/ebspdffbranco\/wp-content\/uploads\/sites\/19\/2025\/05\/DinaAbel1-864x1536.jpg 864w, https:\/\/escoladigital.madeira.gov.pt\/ebspdffbranco\/wp-content\/uploads\/sites\/19\/2025\/05\/DinaAbel1.jpg 1080w\" sizes=\"(max-width: 576px) 100vw, 576px\" \/><button\n\t\t\tclass=\"lightbox-trigger\"\n\t\t\ttype=\"button\"\n\t\t\taria-haspopup=\"dialog\"\n\t\t\taria-label=\"Ampliar\"\n\t\t\tdata-wp-init=\"callbacks.initTriggerButton\"\n\t\t\tdata-wp-on--click=\"actions.showLightbox\"\n\t\t\tdata-wp-style--right=\"state.imageButtonRight\"\n\t\t\tdata-wp-style--top=\"state.imageButtonTop\"\n\t\t>\n\t\t\t<svg xmlns=\"http:\/\/www.w3.org\/2000\/svg\" width=\"12\" height=\"12\" fill=\"none\" viewBox=\"0 0 12 12\">\n\t\t\t\t<path fill=\"#fff\" d=\"M2 0a2 2 0 0 0-2 2v2h1.5V2a.5.5 0 0 1 .5-.5h2V0H2Zm2 10.5H2a.5.5 0 0 1-.5-.5V8H0v2a2 2 0 0 0 2 2h2v-1.5ZM8 12v-1.5h2a.5.5 0 0 0 .5-.5V8H12v2a2 2 0 0 1-2 2H8Zm2-12a2 2 0 0 1 2 2v2h-1.5V2a.5.5 0 0 0-.5-.5H8V0h2Z\" \/>\n\t\t\t<\/svg>\n\t\t<\/button><\/figure>\n\n\n\n<figure data-wp-context=\"{&quot;imageId&quot;:&quot;69eec863665b2&quot;}\" data-wp-interactive=\"core\/image\" data-wp-key=\"69eec863665b2\" class=\"wp-block-image size-large wp-lightbox-container\"><img loading=\"lazy\" decoding=\"async\" width=\"576\" height=\"1024\" data-wp-class--hide=\"state.isContentHidden\" data-wp-class--show=\"state.isContentVisible\" data-wp-init=\"callbacks.setButtonStyles\" data-wp-on--click=\"actions.showLightbox\" data-wp-on--load=\"callbacks.setButtonStyles\" data-wp-on-window--resize=\"callbacks.setButtonStyles\" data-id=\"4046\" src=\"https:\/\/escoladigital.madeira.gov.pt\/ebspdffbranco\/wp-content\/uploads\/sites\/19\/2025\/05\/DinaAbel2-576x1024.jpg\" alt=\"\" class=\"wp-image-4046\" srcset=\"https:\/\/escoladigital.madeira.gov.pt\/ebspdffbranco\/wp-content\/uploads\/sites\/19\/2025\/05\/DinaAbel2-576x1024.jpg 576w, https:\/\/escoladigital.madeira.gov.pt\/ebspdffbranco\/wp-content\/uploads\/sites\/19\/2025\/05\/DinaAbel2-169x300.jpg 169w, https:\/\/escoladigital.madeira.gov.pt\/ebspdffbranco\/wp-content\/uploads\/sites\/19\/2025\/05\/DinaAbel2-768x1365.jpg 768w, https:\/\/escoladigital.madeira.gov.pt\/ebspdffbranco\/wp-content\/uploads\/sites\/19\/2025\/05\/DinaAbel2-864x1536.jpg 864w, https:\/\/escoladigital.madeira.gov.pt\/ebspdffbranco\/wp-content\/uploads\/sites\/19\/2025\/05\/DinaAbel2.jpg 1080w\" sizes=\"(max-width: 576px) 100vw, 576px\" \/><button\n\t\t\tclass=\"lightbox-trigger\"\n\t\t\ttype=\"button\"\n\t\t\taria-haspopup=\"dialog\"\n\t\t\taria-label=\"Ampliar\"\n\t\t\tdata-wp-init=\"callbacks.initTriggerButton\"\n\t\t\tdata-wp-on--click=\"actions.showLightbox\"\n\t\t\tdata-wp-style--right=\"state.imageButtonRight\"\n\t\t\tdata-wp-style--top=\"state.imageButtonTop\"\n\t\t>\n\t\t\t<svg xmlns=\"http:\/\/www.w3.org\/2000\/svg\" width=\"12\" height=\"12\" fill=\"none\" viewBox=\"0 0 12 12\">\n\t\t\t\t<path fill=\"#fff\" d=\"M2 0a2 2 0 0 0-2 2v2h1.5V2a.5.5 0 0 1 .5-.5h2V0H2Zm2 10.5H2a.5.5 0 0 1-.5-.5V8H0v2a2 2 0 0 0 2 2h2v-1.5ZM8 12v-1.5h2a.5.5 0 0 0 .5-.5V8H12v2a2 2 0 0 1-2 2H8Zm2-12a2 2 0 0 1 2 2v2h-1.5V2a.5.5 0 0 0-.5-.5H8V0h2Z\" \/>\n\t\t\t<\/svg>\n\t\t<\/button><\/figure>\n\n\n\n<figure data-wp-context=\"{&quot;imageId&quot;:&quot;69eec863668a1&quot;}\" data-wp-interactive=\"core\/image\" data-wp-key=\"69eec863668a1\" class=\"wp-block-image size-large wp-lightbox-container\"><img loading=\"lazy\" decoding=\"async\" width=\"576\" height=\"1024\" data-wp-class--hide=\"state.isContentHidden\" data-wp-class--show=\"state.isContentVisible\" data-wp-init=\"callbacks.setButtonStyles\" data-wp-on--click=\"actions.showLightbox\" data-wp-on--load=\"callbacks.setButtonStyles\" data-wp-on-window--resize=\"callbacks.setButtonStyles\" data-id=\"4048\" src=\"https:\/\/escoladigital.madeira.gov.pt\/ebspdffbranco\/wp-content\/uploads\/sites\/19\/2025\/05\/DinaAbel3-576x1024.jpg\" alt=\"\" class=\"wp-image-4048\" srcset=\"https:\/\/escoladigital.madeira.gov.pt\/ebspdffbranco\/wp-content\/uploads\/sites\/19\/2025\/05\/DinaAbel3-576x1024.jpg 576w, https:\/\/escoladigital.madeira.gov.pt\/ebspdffbranco\/wp-content\/uploads\/sites\/19\/2025\/05\/DinaAbel3-169x300.jpg 169w, https:\/\/escoladigital.madeira.gov.pt\/ebspdffbranco\/wp-content\/uploads\/sites\/19\/2025\/05\/DinaAbel3-768x1365.jpg 768w, https:\/\/escoladigital.madeira.gov.pt\/ebspdffbranco\/wp-content\/uploads\/sites\/19\/2025\/05\/DinaAbel3-864x1536.jpg 864w, https:\/\/escoladigital.madeira.gov.pt\/ebspdffbranco\/wp-content\/uploads\/sites\/19\/2025\/05\/DinaAbel3.jpg 1080w\" sizes=\"(max-width: 576px) 100vw, 576px\" \/><button\n\t\t\tclass=\"lightbox-trigger\"\n\t\t\ttype=\"button\"\n\t\t\taria-haspopup=\"dialog\"\n\t\t\taria-label=\"Ampliar\"\n\t\t\tdata-wp-init=\"callbacks.initTriggerButton\"\n\t\t\tdata-wp-on--click=\"actions.showLightbox\"\n\t\t\tdata-wp-style--right=\"state.imageButtonRight\"\n\t\t\tdata-wp-style--top=\"state.imageButtonTop\"\n\t\t>\n\t\t\t<svg xmlns=\"http:\/\/www.w3.org\/2000\/svg\" width=\"12\" height=\"12\" fill=\"none\" viewBox=\"0 0 12 12\">\n\t\t\t\t<path fill=\"#fff\" d=\"M2 0a2 2 0 0 0-2 2v2h1.5V2a.5.5 0 0 1 .5-.5h2V0H2Zm2 10.5H2a.5.5 0 0 1-.5-.5V8H0v2a2 2 0 0 0 2 2h2v-1.5ZM8 12v-1.5h2a.5.5 0 0 0 .5-.5V8H12v2a2 2 0 0 1-2 2H8Zm2-12a2 2 0 0 1 2 2v2h-1.5V2a.5.5 0 0 0-.5-.5H8V0h2Z\" \/>\n\t\t\t<\/svg>\n\t\t<\/button><\/figure>\n\n\n\n<figure data-wp-context=\"{&quot;imageId&quot;:&quot;69eec86366ba1&quot;}\" data-wp-interactive=\"core\/image\" data-wp-key=\"69eec86366ba1\" class=\"wp-block-image size-large wp-lightbox-container\"><img loading=\"lazy\" decoding=\"async\" width=\"1024\" height=\"842\" data-wp-class--hide=\"state.isContentHidden\" data-wp-class--show=\"state.isContentVisible\" data-wp-init=\"callbacks.setButtonStyles\" data-wp-on--click=\"actions.showLightbox\" data-wp-on--load=\"callbacks.setButtonStyles\" data-wp-on-window--resize=\"callbacks.setButtonStyles\" data-id=\"4049\" src=\"https:\/\/escoladigital.madeira.gov.pt\/ebspdffbranco\/wp-content\/uploads\/sites\/19\/2025\/05\/DinaAbel4-1024x842.jpg\" alt=\"\" class=\"wp-image-4049\" srcset=\"https:\/\/escoladigital.madeira.gov.pt\/ebspdffbranco\/wp-content\/uploads\/sites\/19\/2025\/05\/DinaAbel4-1024x842.jpg 1024w, https:\/\/escoladigital.madeira.gov.pt\/ebspdffbranco\/wp-content\/uploads\/sites\/19\/2025\/05\/DinaAbel4-300x247.jpg 300w, https:\/\/escoladigital.madeira.gov.pt\/ebspdffbranco\/wp-content\/uploads\/sites\/19\/2025\/05\/DinaAbel4-768x632.jpg 768w, https:\/\/escoladigital.madeira.gov.pt\/ebspdffbranco\/wp-content\/uploads\/sites\/19\/2025\/05\/DinaAbel4-1536x1263.jpg 1536w, https:\/\/escoladigital.madeira.gov.pt\/ebspdffbranco\/wp-content\/uploads\/sites\/19\/2025\/05\/DinaAbel4.jpg 2048w\" sizes=\"(max-width: 1024px) 100vw, 1024px\" \/><button\n\t\t\tclass=\"lightbox-trigger\"\n\t\t\ttype=\"button\"\n\t\t\taria-haspopup=\"dialog\"\n\t\t\taria-label=\"Ampliar\"\n\t\t\tdata-wp-init=\"callbacks.initTriggerButton\"\n\t\t\tdata-wp-on--click=\"actions.showLightbox\"\n\t\t\tdata-wp-style--right=\"state.imageButtonRight\"\n\t\t\tdata-wp-style--top=\"state.imageButtonTop\"\n\t\t>\n\t\t\t<svg xmlns=\"http:\/\/www.w3.org\/2000\/svg\" width=\"12\" height=\"12\" fill=\"none\" viewBox=\"0 0 12 12\">\n\t\t\t\t<path fill=\"#fff\" d=\"M2 0a2 2 0 0 0-2 2v2h1.5V2a.5.5 0 0 1 .5-.5h2V0H2Zm2 10.5H2a.5.5 0 0 1-.5-.5V8H0v2a2 2 0 0 0 2 2h2v-1.5ZM8 12v-1.5h2a.5.5 0 0 0 .5-.5V8H12v2a2 2 0 0 1-2 2H8Zm2-12a2 2 0 0 1 2 2v2h-1.5V2a.5.5 0 0 0-.5-.5H8V0h2Z\" \/>\n\t\t\t<\/svg>\n\t\t<\/button><\/figure>\n<\/figure>\n<\/div>\n\n\n\n<p class=\"has-text-align-left has-medium-font-size\"><\/p>\n\n\n\n<h3 class=\"wp-block-heading alignfull has-text-align-center has-gradient-4-gradient-background has-background\" style=\"border-style:none;border-width:0px;border-radius:100px;margin-top:0;margin-right:0;margin-bottom:0;margin-left:0\"><strong>Forma\u00e7\u00e3o Erasmus+ Porto Santo, Portugal(31 de mar\u00e7o a 4 de abril de 2025)<\/strong><\/h3>\n\n\n\n<figure class=\"wp-block-gallery has-nested-images columns-4 is-cropped wp-block-gallery-8 is-layout-flex wp-block-gallery-is-layout-flex\">\n<figure data-wp-context=\"{&quot;imageId&quot;:&quot;69eec86367186&quot;}\" data-wp-interactive=\"core\/image\" data-wp-key=\"69eec86367186\" class=\"wp-block-image size-full wp-lightbox-container\"><img loading=\"lazy\" decoding=\"async\" width=\"240\" height=\"320\" data-wp-class--hide=\"state.isContentHidden\" data-wp-class--show=\"state.isContentVisible\" data-wp-init=\"callbacks.setButtonStyles\" data-wp-on--click=\"actions.showLightbox\" data-wp-on--load=\"callbacks.setButtonStyles\" data-wp-on-window--resize=\"callbacks.setButtonStyles\" data-id=\"3398\" src=\"https:\/\/escoladigital.madeira.gov.pt\/ebspdffbranco\/wp-content\/uploads\/sites\/19\/2025\/04\/IMG_3957-\u2013-pequena-1.jpeg\" alt=\"\" class=\"wp-image-3398\" srcset=\"https:\/\/escoladigital.madeira.gov.pt\/ebspdffbranco\/wp-content\/uploads\/sites\/19\/2025\/04\/IMG_3957-\u2013-pequena-1.jpeg 240w, https:\/\/escoladigital.madeira.gov.pt\/ebspdffbranco\/wp-content\/uploads\/sites\/19\/2025\/04\/IMG_3957-\u2013-pequena-1-225x300.jpeg 225w\" sizes=\"(max-width: 240px) 100vw, 240px\" \/><button\n\t\t\tclass=\"lightbox-trigger\"\n\t\t\ttype=\"button\"\n\t\t\taria-haspopup=\"dialog\"\n\t\t\taria-label=\"Ampliar\"\n\t\t\tdata-wp-init=\"callbacks.initTriggerButton\"\n\t\t\tdata-wp-on--click=\"actions.showLightbox\"\n\t\t\tdata-wp-style--right=\"state.imageButtonRight\"\n\t\t\tdata-wp-style--top=\"state.imageButtonTop\"\n\t\t>\n\t\t\t<svg xmlns=\"http:\/\/www.w3.org\/2000\/svg\" width=\"12\" height=\"12\" fill=\"none\" viewBox=\"0 0 12 12\">\n\t\t\t\t<path fill=\"#fff\" d=\"M2 0a2 2 0 0 0-2 2v2h1.5V2a.5.5 0 0 1 .5-.5h2V0H2Zm2 10.5H2a.5.5 0 0 1-.5-.5V8H0v2a2 2 0 0 0 2 2h2v-1.5ZM8 12v-1.5h2a.5.5 0 0 0 .5-.5V8H12v2a2 2 0 0 1-2 2H8Zm2-12a2 2 0 0 1 2 2v2h-1.5V2a.5.5 0 0 0-.5-.5H8V0h2Z\" \/>\n\t\t\t<\/svg>\n\t\t<\/button><\/figure>\n\n\n\n<figure data-wp-context=\"{&quot;imageId&quot;:&quot;69eec86367456&quot;}\" data-wp-interactive=\"core\/image\" data-wp-key=\"69eec86367456\" class=\"wp-block-image size-full wp-lightbox-container\"><img loading=\"lazy\" decoding=\"async\" width=\"240\" height=\"320\" data-wp-class--hide=\"state.isContentHidden\" data-wp-class--show=\"state.isContentVisible\" data-wp-init=\"callbacks.setButtonStyles\" data-wp-on--click=\"actions.showLightbox\" data-wp-on--load=\"callbacks.setButtonStyles\" data-wp-on-window--resize=\"callbacks.setButtonStyles\" data-id=\"3399\" src=\"https:\/\/escoladigital.madeira.gov.pt\/ebspdffbranco\/wp-content\/uploads\/sites\/19\/2025\/04\/IMG_3971-\u2013-pequena-1.jpeg\" alt=\"\" class=\"wp-image-3399\" srcset=\"https:\/\/escoladigital.madeira.gov.pt\/ebspdffbranco\/wp-content\/uploads\/sites\/19\/2025\/04\/IMG_3971-\u2013-pequena-1.jpeg 240w, https:\/\/escoladigital.madeira.gov.pt\/ebspdffbranco\/wp-content\/uploads\/sites\/19\/2025\/04\/IMG_3971-\u2013-pequena-1-225x300.jpeg 225w\" sizes=\"(max-width: 240px) 100vw, 240px\" \/><button\n\t\t\tclass=\"lightbox-trigger\"\n\t\t\ttype=\"button\"\n\t\t\taria-haspopup=\"dialog\"\n\t\t\taria-label=\"Ampliar\"\n\t\t\tdata-wp-init=\"callbacks.initTriggerButton\"\n\t\t\tdata-wp-on--click=\"actions.showLightbox\"\n\t\t\tdata-wp-style--right=\"state.imageButtonRight\"\n\t\t\tdata-wp-style--top=\"state.imageButtonTop\"\n\t\t>\n\t\t\t<svg xmlns=\"http:\/\/www.w3.org\/2000\/svg\" width=\"12\" height=\"12\" fill=\"none\" viewBox=\"0 0 12 12\">\n\t\t\t\t<path fill=\"#fff\" d=\"M2 0a2 2 0 0 0-2 2v2h1.5V2a.5.5 0 0 1 .5-.5h2V0H2Zm2 10.5H2a.5.5 0 0 1-.5-.5V8H0v2a2 2 0 0 0 2 2h2v-1.5ZM8 12v-1.5h2a.5.5 0 0 0 .5-.5V8H12v2a2 2 0 0 1-2 2H8Zm2-12a2 2 0 0 1 2 2v2h-1.5V2a.5.5 0 0 0-.5-.5H8V0h2Z\" \/>\n\t\t\t<\/svg>\n\t\t<\/button><\/figure>\n\n\n\n<figure data-wp-context=\"{&quot;imageId&quot;:&quot;69eec86367780&quot;}\" data-wp-interactive=\"core\/image\" data-wp-key=\"69eec86367780\" class=\"wp-block-image size-full wp-lightbox-container\"><img loading=\"lazy\" decoding=\"async\" width=\"900\" height=\"1600\" data-wp-class--hide=\"state.isContentHidden\" data-wp-class--show=\"state.isContentVisible\" data-wp-init=\"callbacks.setButtonStyles\" data-wp-on--click=\"actions.showLightbox\" data-wp-on--load=\"callbacks.setButtonStyles\" data-wp-on-window--resize=\"callbacks.setButtonStyles\" data-id=\"3401\" src=\"https:\/\/escoladigital.madeira.gov.pt\/ebspdffbranco\/wp-content\/uploads\/sites\/19\/2025\/04\/WhatsApp-Image-2025-04-07-at-09.05.54-1.jpeg\" alt=\"\" class=\"wp-image-3401\" srcset=\"https:\/\/escoladigital.madeira.gov.pt\/ebspdffbranco\/wp-content\/uploads\/sites\/19\/2025\/04\/WhatsApp-Image-2025-04-07-at-09.05.54-1.jpeg 900w, https:\/\/escoladigital.madeira.gov.pt\/ebspdffbranco\/wp-content\/uploads\/sites\/19\/2025\/04\/WhatsApp-Image-2025-04-07-at-09.05.54-1-169x300.jpeg 169w, https:\/\/escoladigital.madeira.gov.pt\/ebspdffbranco\/wp-content\/uploads\/sites\/19\/2025\/04\/WhatsApp-Image-2025-04-07-at-09.05.54-1-576x1024.jpeg 576w, https:\/\/escoladigital.madeira.gov.pt\/ebspdffbranco\/wp-content\/uploads\/sites\/19\/2025\/04\/WhatsApp-Image-2025-04-07-at-09.05.54-1-768x1365.jpeg 768w, https:\/\/escoladigital.madeira.gov.pt\/ebspdffbranco\/wp-content\/uploads\/sites\/19\/2025\/04\/WhatsApp-Image-2025-04-07-at-09.05.54-1-864x1536.jpeg 864w\" sizes=\"(max-width: 900px) 100vw, 900px\" \/><button\n\t\t\tclass=\"lightbox-trigger\"\n\t\t\ttype=\"button\"\n\t\t\taria-haspopup=\"dialog\"\n\t\t\taria-label=\"Ampliar\"\n\t\t\tdata-wp-init=\"callbacks.initTriggerButton\"\n\t\t\tdata-wp-on--click=\"actions.showLightbox\"\n\t\t\tdata-wp-style--right=\"state.imageButtonRight\"\n\t\t\tdata-wp-style--top=\"state.imageButtonTop\"\n\t\t>\n\t\t\t<svg xmlns=\"http:\/\/www.w3.org\/2000\/svg\" width=\"12\" height=\"12\" fill=\"none\" viewBox=\"0 0 12 12\">\n\t\t\t\t<path fill=\"#fff\" d=\"M2 0a2 2 0 0 0-2 2v2h1.5V2a.5.5 0 0 1 .5-.5h2V0H2Zm2 10.5H2a.5.5 0 0 1-.5-.5V8H0v2a2 2 0 0 0 2 2h2v-1.5ZM8 12v-1.5h2a.5.5 0 0 0 .5-.5V8H12v2a2 2 0 0 1-2 2H8Zm2-12a2 2 0 0 1 2 2v2h-1.5V2a.5.5 0 0 0-.5-.5H8V0h2Z\" \/>\n\t\t\t<\/svg>\n\t\t<\/button><\/figure>\n\n\n\n<figure data-wp-context=\"{&quot;imageId&quot;:&quot;69eec86367c77&quot;}\" data-wp-interactive=\"core\/image\" data-wp-key=\"69eec86367c77\" class=\"wp-block-image size-full wp-lightbox-container\"><img loading=\"lazy\" decoding=\"async\" width=\"900\" height=\"1600\" data-wp-class--hide=\"state.isContentHidden\" data-wp-class--show=\"state.isContentVisible\" data-wp-init=\"callbacks.setButtonStyles\" data-wp-on--click=\"actions.showLightbox\" data-wp-on--load=\"callbacks.setButtonStyles\" data-wp-on-window--resize=\"callbacks.setButtonStyles\" data-id=\"3400\" src=\"https:\/\/escoladigital.madeira.gov.pt\/ebspdffbranco\/wp-content\/uploads\/sites\/19\/2025\/04\/WhatsApp-Image-2025-04-07-at-09.06.20-1.jpeg\" alt=\"\" class=\"wp-image-3400\" srcset=\"https:\/\/escoladigital.madeira.gov.pt\/ebspdffbranco\/wp-content\/uploads\/sites\/19\/2025\/04\/WhatsApp-Image-2025-04-07-at-09.06.20-1.jpeg 900w, https:\/\/escoladigital.madeira.gov.pt\/ebspdffbranco\/wp-content\/uploads\/sites\/19\/2025\/04\/WhatsApp-Image-2025-04-07-at-09.06.20-1-169x300.jpeg 169w, https:\/\/escoladigital.madeira.gov.pt\/ebspdffbranco\/wp-content\/uploads\/sites\/19\/2025\/04\/WhatsApp-Image-2025-04-07-at-09.06.20-1-576x1024.jpeg 576w, https:\/\/escoladigital.madeira.gov.pt\/ebspdffbranco\/wp-content\/uploads\/sites\/19\/2025\/04\/WhatsApp-Image-2025-04-07-at-09.06.20-1-768x1365.jpeg 768w, https:\/\/escoladigital.madeira.gov.pt\/ebspdffbranco\/wp-content\/uploads\/sites\/19\/2025\/04\/WhatsApp-Image-2025-04-07-at-09.06.20-1-864x1536.jpeg 864w\" sizes=\"(max-width: 900px) 100vw, 900px\" \/><button\n\t\t\tclass=\"lightbox-trigger\"\n\t\t\ttype=\"button\"\n\t\t\taria-haspopup=\"dialog\"\n\t\t\taria-label=\"Ampliar\"\n\t\t\tdata-wp-init=\"callbacks.initTriggerButton\"\n\t\t\tdata-wp-on--click=\"actions.showLightbox\"\n\t\t\tdata-wp-style--right=\"state.imageButtonRight\"\n\t\t\tdata-wp-style--top=\"state.imageButtonTop\"\n\t\t>\n\t\t\t<svg xmlns=\"http:\/\/www.w3.org\/2000\/svg\" width=\"12\" height=\"12\" fill=\"none\" viewBox=\"0 0 12 12\">\n\t\t\t\t<path fill=\"#fff\" d=\"M2 0a2 2 0 0 0-2 2v2h1.5V2a.5.5 0 0 1 .5-.5h2V0H2Zm2 10.5H2a.5.5 0 0 1-.5-.5V8H0v2a2 2 0 0 0 2 2h2v-1.5ZM8 12v-1.5h2a.5.5 0 0 0 .5-.5V8H12v2a2 2 0 0 1-2 2H8Zm2-12a2 2 0 0 1 2 2v2h-1.5V2a.5.5 0 0 0-.5-.5H8V0h2Z\" \/>\n\t\t\t<\/svg>\n\t\t<\/button><\/figure>\n<\/figure>\n\n\n\n<div class=\"wp-block-group alignfull is-vertical is-content-justification-center is-layout-flex wp-container-core-group-is-layout-e184fb0d wp-block-group-is-layout-flex\" style=\"margin-top:0;margin-bottom:0;padding-top:0;padding-right:var(--wp--preset--spacing--60);padding-bottom:0;padding-left:var(--wp--preset--spacing--60)\">\n<p class=\"has-text-align-left has-medium-font-size\">No \u00e2mbito do projeto Erasmus+,&nbsp;<em>Caminhar, Construir e Capacitar,&nbsp;<\/em>a nossa escola recebeu, durante esta semana, alunos oriundos da Eslov\u00e1quia (Catholic Primary School St Gorazd, Namestovo) e de Malta (The Archbishop\u2019s Minor Seminary) que participaram num programa de mobilidade de grupo e interc\u00e2mbio com alunos na nossa ilha.<\/p>\n\n\n\n<p><\/p>\n\n\n\n<p class=\"has-medium-font-size\">Apesar da instabilidade do tempo, que obrigou a alguns ajustes no programa, os dias foram repletos de atividades e aventuras pela nossa ilha. Na ter\u00e7a-feira participaram numa campanha de limpeza na praia da Fontinha e \u00e0 tarde puderam aproveitar a praia. Na quarta-feira visitaram v\u00e1rios pontos da ilha num passeio de jeep, seguindo-se um agrad\u00e1vel almo\u00e7o conv\u00edvio e atividades desportivas no Pavilh\u00e3o do Sporting. Na quinta-feira visitaram a Casa Colombo \u2013 Museu do Porto Santo e dos Descobrimentos Portugueses. Na sexta-feira participaram nas atividades de encerramento do 2\u00ba per\u00edodo na nossa escola \u2013 assistiram aos espet\u00e1culos musicais e desportivos, participaram nas diferentes atividades pela escola, experimentaram o tiro com arco e as professoras da Eslov\u00e1quia participaram no jogo de voleibol ao final da manh\u00e3. Houve ainda tempo para o encerramento oficial desta semana de interc\u00e2mbio, com a habitual entrega de diplomas aos alunos e professores visitantes. Ao longo da semana e sempre que poss\u00edvel, os alunos visitantes acompanharam os seus anfitri\u00f5es e assistiram a algumas aulas.<\/p>\n\n\n\n<p><\/p>\n\n\n\n<p class=\"has-medium-font-size\">Estas atividades estiveram sob a coordena\u00e7\u00e3o das professoras S\u00f3nia Cortes\u00e3o e Rosalina Gomes, coordenadoras do projeto e com o apoio da professora Isabel Oliveira. As docentes agradecem a colabora\u00e7\u00e3o e a disponibilidade de todos os envolvidos nas atividades ao longo da semana, \u00e0 D. Lub\u00e9lia pelo apoio log\u00edstico e colabora\u00e7\u00e3o, aos professores Miguel Silva, F\u00e1tima Gon\u00e7alves e Lu\u00edsa Esp\u00ednola ao Museu Casa Colombo \u00e0 C\u00e2mara Municipal do Porto Santo, ao Sporting Clube do Porto Santo e \u00e0 Vanessa Melim. Um agradecimento especial aos encarregados de educa\u00e7\u00e3o que foram excecionais, Muito obrigada!<\/p>\n\n\n\n<p><\/p>\n\n\n\n<p class=\"has-text-align-left has-medium-font-size\">Aos nossos visitantes agradecemos a simpatia com que aderiram a todas as atividades e desejos que regressem bem e em seguran\u00e7a \u00e0s suas casas. Esperemos que levem um pouco do Porto Santo no cora\u00e7\u00e3o.<\/p>\n<\/div>\n\n\n\n<figure class=\"wp-block-gallery alignwide has-nested-images columns-3 wp-block-gallery-9 is-layout-flex wp-block-gallery-is-layout-flex\">\n<figure data-wp-context=\"{&quot;imageId&quot;:&quot;69eec86368241&quot;}\" data-wp-interactive=\"core\/image\" data-wp-key=\"69eec86368241\" class=\"wp-block-image size-full wp-lightbox-container\"><img loading=\"lazy\" decoding=\"async\" width=\"320\" height=\"240\" data-wp-class--hide=\"state.isContentHidden\" data-wp-class--show=\"state.isContentVisible\" data-wp-init=\"callbacks.setButtonStyles\" data-wp-on--click=\"actions.showLightbox\" data-wp-on--load=\"callbacks.setButtonStyles\" data-wp-on-window--resize=\"callbacks.setButtonStyles\" data-id=\"3409\" src=\"https:\/\/escoladigital.madeira.gov.pt\/ebspdffbranco\/wp-content\/uploads\/sites\/19\/2025\/04\/IMG_3923-\u2013-pequena-1.jpeg\" alt=\"\" class=\"wp-image-3409\" srcset=\"https:\/\/escoladigital.madeira.gov.pt\/ebspdffbranco\/wp-content\/uploads\/sites\/19\/2025\/04\/IMG_3923-\u2013-pequena-1.jpeg 320w, https:\/\/escoladigital.madeira.gov.pt\/ebspdffbranco\/wp-content\/uploads\/sites\/19\/2025\/04\/IMG_3923-\u2013-pequena-1-300x225.jpeg 300w\" sizes=\"(max-width: 320px) 100vw, 320px\" \/><button\n\t\t\tclass=\"lightbox-trigger\"\n\t\t\ttype=\"button\"\n\t\t\taria-haspopup=\"dialog\"\n\t\t\taria-label=\"Ampliar\"\n\t\t\tdata-wp-init=\"callbacks.initTriggerButton\"\n\t\t\tdata-wp-on--click=\"actions.showLightbox\"\n\t\t\tdata-wp-style--right=\"state.imageButtonRight\"\n\t\t\tdata-wp-style--top=\"state.imageButtonTop\"\n\t\t>\n\t\t\t<svg xmlns=\"http:\/\/www.w3.org\/2000\/svg\" width=\"12\" height=\"12\" fill=\"none\" viewBox=\"0 0 12 12\">\n\t\t\t\t<path fill=\"#fff\" d=\"M2 0a2 2 0 0 0-2 2v2h1.5V2a.5.5 0 0 1 .5-.5h2V0H2Zm2 10.5H2a.5.5 0 0 1-.5-.5V8H0v2a2 2 0 0 0 2 2h2v-1.5ZM8 12v-1.5h2a.5.5 0 0 0 .5-.5V8H12v2a2 2 0 0 1-2 2H8Zm2-12a2 2 0 0 1 2 2v2h-1.5V2a.5.5 0 0 0-.5-.5H8V0h2Z\" \/>\n\t\t\t<\/svg>\n\t\t<\/button><\/figure>\n\n\n\n<figure data-wp-context=\"{&quot;imageId&quot;:&quot;69eec86368520&quot;}\" data-wp-interactive=\"core\/image\" data-wp-key=\"69eec86368520\" class=\"wp-block-image size-full wp-lightbox-container\"><img loading=\"lazy\" decoding=\"async\" width=\"320\" height=\"240\" data-wp-class--hide=\"state.isContentHidden\" data-wp-class--show=\"state.isContentVisible\" data-wp-init=\"callbacks.setButtonStyles\" data-wp-on--click=\"actions.showLightbox\" data-wp-on--load=\"callbacks.setButtonStyles\" data-wp-on-window--resize=\"callbacks.setButtonStyles\" data-id=\"3408\" src=\"https:\/\/escoladigital.madeira.gov.pt\/ebspdffbranco\/wp-content\/uploads\/sites\/19\/2025\/04\/IMG_3951-\u2013-pequena-1.jpeg\" alt=\"\" class=\"wp-image-3408\" srcset=\"https:\/\/escoladigital.madeira.gov.pt\/ebspdffbranco\/wp-content\/uploads\/sites\/19\/2025\/04\/IMG_3951-\u2013-pequena-1.jpeg 320w, https:\/\/escoladigital.madeira.gov.pt\/ebspdffbranco\/wp-content\/uploads\/sites\/19\/2025\/04\/IMG_3951-\u2013-pequena-1-300x225.jpeg 300w\" sizes=\"(max-width: 320px) 100vw, 320px\" \/><button\n\t\t\tclass=\"lightbox-trigger\"\n\t\t\ttype=\"button\"\n\t\t\taria-haspopup=\"dialog\"\n\t\t\taria-label=\"Ampliar\"\n\t\t\tdata-wp-init=\"callbacks.initTriggerButton\"\n\t\t\tdata-wp-on--click=\"actions.showLightbox\"\n\t\t\tdata-wp-style--right=\"state.imageButtonRight\"\n\t\t\tdata-wp-style--top=\"state.imageButtonTop\"\n\t\t>\n\t\t\t<svg xmlns=\"http:\/\/www.w3.org\/2000\/svg\" width=\"12\" height=\"12\" fill=\"none\" viewBox=\"0 0 12 12\">\n\t\t\t\t<path fill=\"#fff\" d=\"M2 0a2 2 0 0 0-2 2v2h1.5V2a.5.5 0 0 1 .5-.5h2V0H2Zm2 10.5H2a.5.5 0 0 1-.5-.5V8H0v2a2 2 0 0 0 2 2h2v-1.5ZM8 12v-1.5h2a.5.5 0 0 0 .5-.5V8H12v2a2 2 0 0 1-2 2H8Zm2-12a2 2 0 0 1 2 2v2h-1.5V2a.5.5 0 0 0-.5-.5H8V0h2Z\" \/>\n\t\t\t<\/svg>\n\t\t<\/button><\/figure>\n\n\n\n<figure data-wp-context=\"{&quot;imageId&quot;:&quot;69eec8636882f&quot;}\" data-wp-interactive=\"core\/image\" data-wp-key=\"69eec8636882f\" class=\"wp-block-image size-full wp-lightbox-container\"><img loading=\"lazy\" decoding=\"async\" width=\"320\" height=\"240\" data-wp-class--hide=\"state.isContentHidden\" data-wp-class--show=\"state.isContentVisible\" data-wp-init=\"callbacks.setButtonStyles\" data-wp-on--click=\"actions.showLightbox\" data-wp-on--load=\"callbacks.setButtonStyles\" data-wp-on-window--resize=\"callbacks.setButtonStyles\" data-id=\"3410\" src=\"https:\/\/escoladigital.madeira.gov.pt\/ebspdffbranco\/wp-content\/uploads\/sites\/19\/2025\/04\/IMG_3993-\u2013-pequena-2.jpeg\" alt=\"\" class=\"wp-image-3410\" srcset=\"https:\/\/escoladigital.madeira.gov.pt\/ebspdffbranco\/wp-content\/uploads\/sites\/19\/2025\/04\/IMG_3993-\u2013-pequena-2.jpeg 320w, https:\/\/escoladigital.madeira.gov.pt\/ebspdffbranco\/wp-content\/uploads\/sites\/19\/2025\/04\/IMG_3993-\u2013-pequena-2-300x225.jpeg 300w\" sizes=\"(max-width: 320px) 100vw, 320px\" \/><button\n\t\t\tclass=\"lightbox-trigger\"\n\t\t\ttype=\"button\"\n\t\t\taria-haspopup=\"dialog\"\n\t\t\taria-label=\"Ampliar\"\n\t\t\tdata-wp-init=\"callbacks.initTriggerButton\"\n\t\t\tdata-wp-on--click=\"actions.showLightbox\"\n\t\t\tdata-wp-style--right=\"state.imageButtonRight\"\n\t\t\tdata-wp-style--top=\"state.imageButtonTop\"\n\t\t>\n\t\t\t<svg xmlns=\"http:\/\/www.w3.org\/2000\/svg\" width=\"12\" height=\"12\" fill=\"none\" viewBox=\"0 0 12 12\">\n\t\t\t\t<path fill=\"#fff\" d=\"M2 0a2 2 0 0 0-2 2v2h1.5V2a.5.5 0 0 1 .5-.5h2V0H2Zm2 10.5H2a.5.5 0 0 1-.5-.5V8H0v2a2 2 0 0 0 2 2h2v-1.5ZM8 12v-1.5h2a.5.5 0 0 0 .5-.5V8H12v2a2 2 0 0 1-2 2H8Zm2-12a2 2 0 0 1 2 2v2h-1.5V2a.5.5 0 0 0-.5-.5H8V0h2Z\" \/>\n\t\t\t<\/svg>\n\t\t<\/button><\/figure>\n\n\n\n<figure data-wp-context=\"{&quot;imageId&quot;:&quot;69eec86368b0f&quot;}\" data-wp-interactive=\"core\/image\" data-wp-key=\"69eec86368b0f\" class=\"wp-block-image size-medium wp-lightbox-container\"><img loading=\"lazy\" decoding=\"async\" width=\"300\" height=\"225\" data-wp-class--hide=\"state.isContentHidden\" data-wp-class--show=\"state.isContentVisible\" data-wp-init=\"callbacks.setButtonStyles\" data-wp-on--click=\"actions.showLightbox\" data-wp-on--load=\"callbacks.setButtonStyles\" data-wp-on-window--resize=\"callbacks.setButtonStyles\" data-id=\"3407\" src=\"https:\/\/escoladigital.madeira.gov.pt\/ebspdffbranco\/wp-content\/uploads\/sites\/19\/2025\/04\/IMG_4029-\u2013-pequena-2-300x225.jpeg\" alt=\"\" class=\"wp-image-3407\" srcset=\"https:\/\/escoladigital.madeira.gov.pt\/ebspdffbranco\/wp-content\/uploads\/sites\/19\/2025\/04\/IMG_4029-\u2013-pequena-2-300x225.jpeg 300w, https:\/\/escoladigital.madeira.gov.pt\/ebspdffbranco\/wp-content\/uploads\/sites\/19\/2025\/04\/IMG_4029-\u2013-pequena-2.jpeg 320w\" sizes=\"(max-width: 300px) 100vw, 300px\" \/><button\n\t\t\tclass=\"lightbox-trigger\"\n\t\t\ttype=\"button\"\n\t\t\taria-haspopup=\"dialog\"\n\t\t\taria-label=\"Ampliar\"\n\t\t\tdata-wp-init=\"callbacks.initTriggerButton\"\n\t\t\tdata-wp-on--click=\"actions.showLightbox\"\n\t\t\tdata-wp-style--right=\"state.imageButtonRight\"\n\t\t\tdata-wp-style--top=\"state.imageButtonTop\"\n\t\t>\n\t\t\t<svg xmlns=\"http:\/\/www.w3.org\/2000\/svg\" width=\"12\" height=\"12\" fill=\"none\" viewBox=\"0 0 12 12\">\n\t\t\t\t<path fill=\"#fff\" d=\"M2 0a2 2 0 0 0-2 2v2h1.5V2a.5.5 0 0 1 .5-.5h2V0H2Zm2 10.5H2a.5.5 0 0 1-.5-.5V8H0v2a2 2 0 0 0 2 2h2v-1.5ZM8 12v-1.5h2a.5.5 0 0 0 .5-.5V8H12v2a2 2 0 0 1-2 2H8Zm2-12a2 2 0 0 1 2 2v2h-1.5V2a.5.5 0 0 0-.5-.5H8V0h2Z\" \/>\n\t\t\t<\/svg>\n\t\t<\/button><\/figure>\n\n\n\n<figure data-wp-context=\"{&quot;imageId&quot;:&quot;69eec86368e4c&quot;}\" data-wp-interactive=\"core\/image\" data-wp-key=\"69eec86368e4c\" class=\"wp-block-image size-large wp-lightbox-container\"><img loading=\"lazy\" decoding=\"async\" width=\"1024\" height=\"576\" data-wp-class--hide=\"state.isContentHidden\" data-wp-class--show=\"state.isContentVisible\" data-wp-init=\"callbacks.setButtonStyles\" data-wp-on--click=\"actions.showLightbox\" data-wp-on--load=\"callbacks.setButtonStyles\" data-wp-on-window--resize=\"callbacks.setButtonStyles\" data-id=\"3413\" src=\"https:\/\/escoladigital.madeira.gov.pt\/ebspdffbranco\/wp-content\/uploads\/sites\/19\/2025\/04\/WhatsApp-Image-2025-04-07-at-09.05.22-2-1024x576.jpeg\" alt=\"\" class=\"wp-image-3413\" srcset=\"https:\/\/escoladigital.madeira.gov.pt\/ebspdffbranco\/wp-content\/uploads\/sites\/19\/2025\/04\/WhatsApp-Image-2025-04-07-at-09.05.22-2-1024x576.jpeg 1024w, https:\/\/escoladigital.madeira.gov.pt\/ebspdffbranco\/wp-content\/uploads\/sites\/19\/2025\/04\/WhatsApp-Image-2025-04-07-at-09.05.22-2-300x169.jpeg 300w, https:\/\/escoladigital.madeira.gov.pt\/ebspdffbranco\/wp-content\/uploads\/sites\/19\/2025\/04\/WhatsApp-Image-2025-04-07-at-09.05.22-2-768x432.jpeg 768w, https:\/\/escoladigital.madeira.gov.pt\/ebspdffbranco\/wp-content\/uploads\/sites\/19\/2025\/04\/WhatsApp-Image-2025-04-07-at-09.05.22-2-1536x864.jpeg 1536w, https:\/\/escoladigital.madeira.gov.pt\/ebspdffbranco\/wp-content\/uploads\/sites\/19\/2025\/04\/WhatsApp-Image-2025-04-07-at-09.05.22-2.jpeg 1600w\" sizes=\"(max-width: 1024px) 100vw, 1024px\" \/><button\n\t\t\tclass=\"lightbox-trigger\"\n\t\t\ttype=\"button\"\n\t\t\taria-haspopup=\"dialog\"\n\t\t\taria-label=\"Ampliar\"\n\t\t\tdata-wp-init=\"callbacks.initTriggerButton\"\n\t\t\tdata-wp-on--click=\"actions.showLightbox\"\n\t\t\tdata-wp-style--right=\"state.imageButtonRight\"\n\t\t\tdata-wp-style--top=\"state.imageButtonTop\"\n\t\t>\n\t\t\t<svg xmlns=\"http:\/\/www.w3.org\/2000\/svg\" width=\"12\" height=\"12\" fill=\"none\" viewBox=\"0 0 12 12\">\n\t\t\t\t<path fill=\"#fff\" d=\"M2 0a2 2 0 0 0-2 2v2h1.5V2a.5.5 0 0 1 .5-.5h2V0H2Zm2 10.5H2a.5.5 0 0 1-.5-.5V8H0v2a2 2 0 0 0 2 2h2v-1.5ZM8 12v-1.5h2a.5.5 0 0 0 .5-.5V8H12v2a2 2 0 0 1-2 2H8Zm2-12a2 2 0 0 1 2 2v2h-1.5V2a.5.5 0 0 0-.5-.5H8V0h2Z\" \/>\n\t\t\t<\/svg>\n\t\t<\/button><\/figure>\n\n\n\n<figure data-wp-context=\"{&quot;imageId&quot;:&quot;69eec8636918b&quot;}\" data-wp-interactive=\"core\/image\" data-wp-key=\"69eec8636918b\" class=\"wp-block-image size-large wp-lightbox-container\"><img loading=\"lazy\" decoding=\"async\" width=\"1024\" height=\"576\" data-wp-class--hide=\"state.isContentHidden\" data-wp-class--show=\"state.isContentVisible\" data-wp-init=\"callbacks.setButtonStyles\" data-wp-on--click=\"actions.showLightbox\" data-wp-on--load=\"callbacks.setButtonStyles\" data-wp-on-window--resize=\"callbacks.setButtonStyles\" data-id=\"3416\" src=\"https:\/\/escoladigital.madeira.gov.pt\/ebspdffbranco\/wp-content\/uploads\/sites\/19\/2025\/04\/WhatsApp-Image-2025-04-07-at-09.06.38-1-1024x576.jpeg\" alt=\"\" class=\"wp-image-3416\" srcset=\"https:\/\/escoladigital.madeira.gov.pt\/ebspdffbranco\/wp-content\/uploads\/sites\/19\/2025\/04\/WhatsApp-Image-2025-04-07-at-09.06.38-1-1024x576.jpeg 1024w, https:\/\/escoladigital.madeira.gov.pt\/ebspdffbranco\/wp-content\/uploads\/sites\/19\/2025\/04\/WhatsApp-Image-2025-04-07-at-09.06.38-1-300x169.jpeg 300w, https:\/\/escoladigital.madeira.gov.pt\/ebspdffbranco\/wp-content\/uploads\/sites\/19\/2025\/04\/WhatsApp-Image-2025-04-07-at-09.06.38-1-768x432.jpeg 768w, https:\/\/escoladigital.madeira.gov.pt\/ebspdffbranco\/wp-content\/uploads\/sites\/19\/2025\/04\/WhatsApp-Image-2025-04-07-at-09.06.38-1-1536x864.jpeg 1536w, https:\/\/escoladigital.madeira.gov.pt\/ebspdffbranco\/wp-content\/uploads\/sites\/19\/2025\/04\/WhatsApp-Image-2025-04-07-at-09.06.38-1.jpeg 1600w\" sizes=\"(max-width: 1024px) 100vw, 1024px\" \/><button\n\t\t\tclass=\"lightbox-trigger\"\n\t\t\ttype=\"button\"\n\t\t\taria-haspopup=\"dialog\"\n\t\t\taria-label=\"Ampliar\"\n\t\t\tdata-wp-init=\"callbacks.initTriggerButton\"\n\t\t\tdata-wp-on--click=\"actions.showLightbox\"\n\t\t\tdata-wp-style--right=\"state.imageButtonRight\"\n\t\t\tdata-wp-style--top=\"state.imageButtonTop\"\n\t\t>\n\t\t\t<svg xmlns=\"http:\/\/www.w3.org\/2000\/svg\" width=\"12\" height=\"12\" fill=\"none\" viewBox=\"0 0 12 12\">\n\t\t\t\t<path fill=\"#fff\" d=\"M2 0a2 2 0 0 0-2 2v2h1.5V2a.5.5 0 0 1 .5-.5h2V0H2Zm2 10.5H2a.5.5 0 0 1-.5-.5V8H0v2a2 2 0 0 0 2 2h2v-1.5ZM8 12v-1.5h2a.5.5 0 0 0 .5-.5V8H12v2a2 2 0 0 1-2 2H8Zm2-12a2 2 0 0 1 2 2v2h-1.5V2a.5.5 0 0 0-.5-.5H8V0h2Z\" \/>\n\t\t\t<\/svg>\n\t\t<\/button><\/figure>\n\n\n\n<figure data-wp-context=\"{&quot;imageId&quot;:&quot;69eec863694cc&quot;}\" data-wp-interactive=\"core\/image\" data-wp-key=\"69eec863694cc\" class=\"wp-block-image size-large wp-lightbox-container\"><img loading=\"lazy\" decoding=\"async\" width=\"1024\" height=\"576\" data-wp-class--hide=\"state.isContentHidden\" data-wp-class--show=\"state.isContentVisible\" data-wp-init=\"callbacks.setButtonStyles\" data-wp-on--click=\"actions.showLightbox\" data-wp-on--load=\"callbacks.setButtonStyles\" data-wp-on-window--resize=\"callbacks.setButtonStyles\" data-id=\"3414\" src=\"https:\/\/escoladigital.madeira.gov.pt\/ebspdffbranco\/wp-content\/uploads\/sites\/19\/2025\/04\/WhatsApp-Image-2025-04-07-at-09.07.36-1-1024x576.jpeg\" alt=\"\" class=\"wp-image-3414\" srcset=\"https:\/\/escoladigital.madeira.gov.pt\/ebspdffbranco\/wp-content\/uploads\/sites\/19\/2025\/04\/WhatsApp-Image-2025-04-07-at-09.07.36-1-1024x576.jpeg 1024w, https:\/\/escoladigital.madeira.gov.pt\/ebspdffbranco\/wp-content\/uploads\/sites\/19\/2025\/04\/WhatsApp-Image-2025-04-07-at-09.07.36-1-300x169.jpeg 300w, https:\/\/escoladigital.madeira.gov.pt\/ebspdffbranco\/wp-content\/uploads\/sites\/19\/2025\/04\/WhatsApp-Image-2025-04-07-at-09.07.36-1-768x432.jpeg 768w, https:\/\/escoladigital.madeira.gov.pt\/ebspdffbranco\/wp-content\/uploads\/sites\/19\/2025\/04\/WhatsApp-Image-2025-04-07-at-09.07.36-1-1536x864.jpeg 1536w, https:\/\/escoladigital.madeira.gov.pt\/ebspdffbranco\/wp-content\/uploads\/sites\/19\/2025\/04\/WhatsApp-Image-2025-04-07-at-09.07.36-1.jpeg 1600w\" sizes=\"(max-width: 1024px) 100vw, 1024px\" \/><button\n\t\t\tclass=\"lightbox-trigger\"\n\t\t\ttype=\"button\"\n\t\t\taria-haspopup=\"dialog\"\n\t\t\taria-label=\"Ampliar\"\n\t\t\tdata-wp-init=\"callbacks.initTriggerButton\"\n\t\t\tdata-wp-on--click=\"actions.showLightbox\"\n\t\t\tdata-wp-style--right=\"state.imageButtonRight\"\n\t\t\tdata-wp-style--top=\"state.imageButtonTop\"\n\t\t>\n\t\t\t<svg xmlns=\"http:\/\/www.w3.org\/2000\/svg\" width=\"12\" height=\"12\" fill=\"none\" viewBox=\"0 0 12 12\">\n\t\t\t\t<path fill=\"#fff\" d=\"M2 0a2 2 0 0 0-2 2v2h1.5V2a.5.5 0 0 1 .5-.5h2V0H2Zm2 10.5H2a.5.5 0 0 1-.5-.5V8H0v2a2 2 0 0 0 2 2h2v-1.5ZM8 12v-1.5h2a.5.5 0 0 0 .5-.5V8H12v2a2 2 0 0 1-2 2H8Zm2-12a2 2 0 0 1 2 2v2h-1.5V2a.5.5 0 0 0-.5-.5H8V0h2Z\" \/>\n\t\t\t<\/svg>\n\t\t<\/button><\/figure>\n\n\n\n<figure data-wp-context=\"{&quot;imageId&quot;:&quot;69eec86369807&quot;}\" data-wp-interactive=\"core\/image\" data-wp-key=\"69eec86369807\" class=\"wp-block-image size-large wp-lightbox-container\"><img loading=\"lazy\" decoding=\"async\" width=\"1024\" height=\"576\" data-wp-class--hide=\"state.isContentHidden\" data-wp-class--show=\"state.isContentVisible\" data-wp-init=\"callbacks.setButtonStyles\" data-wp-on--click=\"actions.showLightbox\" data-wp-on--load=\"callbacks.setButtonStyles\" data-wp-on-window--resize=\"callbacks.setButtonStyles\" data-id=\"3415\" src=\"https:\/\/escoladigital.madeira.gov.pt\/ebspdffbranco\/wp-content\/uploads\/sites\/19\/2025\/04\/WhatsApp-Image-2025-04-07-at-09.08.13-1-1024x576.jpeg\" alt=\"\" class=\"wp-image-3415\" srcset=\"https:\/\/escoladigital.madeira.gov.pt\/ebspdffbranco\/wp-content\/uploads\/sites\/19\/2025\/04\/WhatsApp-Image-2025-04-07-at-09.08.13-1-1024x576.jpeg 1024w, https:\/\/escoladigital.madeira.gov.pt\/ebspdffbranco\/wp-content\/uploads\/sites\/19\/2025\/04\/WhatsApp-Image-2025-04-07-at-09.08.13-1-300x169.jpeg 300w, https:\/\/escoladigital.madeira.gov.pt\/ebspdffbranco\/wp-content\/uploads\/sites\/19\/2025\/04\/WhatsApp-Image-2025-04-07-at-09.08.13-1-768x432.jpeg 768w, https:\/\/escoladigital.madeira.gov.pt\/ebspdffbranco\/wp-content\/uploads\/sites\/19\/2025\/04\/WhatsApp-Image-2025-04-07-at-09.08.13-1-1536x864.jpeg 1536w, https:\/\/escoladigital.madeira.gov.pt\/ebspdffbranco\/wp-content\/uploads\/sites\/19\/2025\/04\/WhatsApp-Image-2025-04-07-at-09.08.13-1.jpeg 1600w\" sizes=\"(max-width: 1024px) 100vw, 1024px\" \/><button\n\t\t\tclass=\"lightbox-trigger\"\n\t\t\ttype=\"button\"\n\t\t\taria-haspopup=\"dialog\"\n\t\t\taria-label=\"Ampliar\"\n\t\t\tdata-wp-init=\"callbacks.initTriggerButton\"\n\t\t\tdata-wp-on--click=\"actions.showLightbox\"\n\t\t\tdata-wp-style--right=\"state.imageButtonRight\"\n\t\t\tdata-wp-style--top=\"state.imageButtonTop\"\n\t\t>\n\t\t\t<svg xmlns=\"http:\/\/www.w3.org\/2000\/svg\" width=\"12\" height=\"12\" fill=\"none\" viewBox=\"0 0 12 12\">\n\t\t\t\t<path fill=\"#fff\" d=\"M2 0a2 2 0 0 0-2 2v2h1.5V2a.5.5 0 0 1 .5-.5h2V0H2Zm2 10.5H2a.5.5 0 0 1-.5-.5V8H0v2a2 2 0 0 0 2 2h2v-1.5ZM8 12v-1.5h2a.5.5 0 0 0 .5-.5V8H12v2a2 2 0 0 1-2 2H8Zm2-12a2 2 0 0 1 2 2v2h-1.5V2a.5.5 0 0 0-.5-.5H8V0h2Z\" \/>\n\t\t\t<\/svg>\n\t\t<\/button><\/figure>\n\n\n\n<figure data-wp-context=\"{&quot;imageId&quot;:&quot;69eec86369ae5&quot;}\" data-wp-interactive=\"core\/image\" data-wp-key=\"69eec86369ae5\" class=\"wp-block-image size-large wp-lightbox-container\"><img loading=\"lazy\" decoding=\"async\" width=\"1024\" height=\"576\" data-wp-class--hide=\"state.isContentHidden\" data-wp-class--show=\"state.isContentVisible\" data-wp-init=\"callbacks.setButtonStyles\" data-wp-on--click=\"actions.showLightbox\" data-wp-on--load=\"callbacks.setButtonStyles\" data-wp-on-window--resize=\"callbacks.setButtonStyles\" data-id=\"3411\" src=\"https:\/\/escoladigital.madeira.gov.pt\/ebspdffbranco\/wp-content\/uploads\/sites\/19\/2025\/04\/WhatsApp-Image-2025-04-07-at-09.08.35-1-1024x576.jpeg\" alt=\"\" class=\"wp-image-3411\" srcset=\"https:\/\/escoladigital.madeira.gov.pt\/ebspdffbranco\/wp-content\/uploads\/sites\/19\/2025\/04\/WhatsApp-Image-2025-04-07-at-09.08.35-1-1024x576.jpeg 1024w, https:\/\/escoladigital.madeira.gov.pt\/ebspdffbranco\/wp-content\/uploads\/sites\/19\/2025\/04\/WhatsApp-Image-2025-04-07-at-09.08.35-1-300x169.jpeg 300w, https:\/\/escoladigital.madeira.gov.pt\/ebspdffbranco\/wp-content\/uploads\/sites\/19\/2025\/04\/WhatsApp-Image-2025-04-07-at-09.08.35-1-768x432.jpeg 768w, https:\/\/escoladigital.madeira.gov.pt\/ebspdffbranco\/wp-content\/uploads\/sites\/19\/2025\/04\/WhatsApp-Image-2025-04-07-at-09.08.35-1-1536x864.jpeg 1536w, https:\/\/escoladigital.madeira.gov.pt\/ebspdffbranco\/wp-content\/uploads\/sites\/19\/2025\/04\/WhatsApp-Image-2025-04-07-at-09.08.35-1.jpeg 1600w\" sizes=\"(max-width: 1024px) 100vw, 1024px\" \/><button\n\t\t\tclass=\"lightbox-trigger\"\n\t\t\ttype=\"button\"\n\t\t\taria-haspopup=\"dialog\"\n\t\t\taria-label=\"Ampliar\"\n\t\t\tdata-wp-init=\"callbacks.initTriggerButton\"\n\t\t\tdata-wp-on--click=\"actions.showLightbox\"\n\t\t\tdata-wp-style--right=\"state.imageButtonRight\"\n\t\t\tdata-wp-style--top=\"state.imageButtonTop\"\n\t\t>\n\t\t\t<svg xmlns=\"http:\/\/www.w3.org\/2000\/svg\" width=\"12\" height=\"12\" fill=\"none\" viewBox=\"0 0 12 12\">\n\t\t\t\t<path fill=\"#fff\" d=\"M2 0a2 2 0 0 0-2 2v2h1.5V2a.5.5 0 0 1 .5-.5h2V0H2Zm2 10.5H2a.5.5 0 0 1-.5-.5V8H0v2a2 2 0 0 0 2 2h2v-1.5ZM8 12v-1.5h2a.5.5 0 0 0 .5-.5V8H12v2a2 2 0 0 1-2 2H8Zm2-12a2 2 0 0 1 2 2v2h-1.5V2a.5.5 0 0 0-.5-.5H8V0h2Z\" \/>\n\t\t\t<\/svg>\n\t\t<\/button><\/figure>\n\n\n\n<figure data-wp-context=\"{&quot;imageId&quot;:&quot;69eec86369e19&quot;}\" data-wp-interactive=\"core\/image\" data-wp-key=\"69eec86369e19\" class=\"wp-block-image size-large wp-lightbox-container\"><img loading=\"lazy\" decoding=\"async\" width=\"1024\" height=\"576\" data-wp-class--hide=\"state.isContentHidden\" data-wp-class--show=\"state.isContentVisible\" data-wp-init=\"callbacks.setButtonStyles\" data-wp-on--click=\"actions.showLightbox\" data-wp-on--load=\"callbacks.setButtonStyles\" data-wp-on-window--resize=\"callbacks.setButtonStyles\" data-id=\"3412\" src=\"https:\/\/escoladigital.madeira.gov.pt\/ebspdffbranco\/wp-content\/uploads\/sites\/19\/2025\/04\/WhatsApp-Image-2025-04-07-at-09.09.21-1-1024x576.jpeg\" alt=\"\" class=\"wp-image-3412\" srcset=\"https:\/\/escoladigital.madeira.gov.pt\/ebspdffbranco\/wp-content\/uploads\/sites\/19\/2025\/04\/WhatsApp-Image-2025-04-07-at-09.09.21-1-1024x576.jpeg 1024w, https:\/\/escoladigital.madeira.gov.pt\/ebspdffbranco\/wp-content\/uploads\/sites\/19\/2025\/04\/WhatsApp-Image-2025-04-07-at-09.09.21-1-300x169.jpeg 300w, https:\/\/escoladigital.madeira.gov.pt\/ebspdffbranco\/wp-content\/uploads\/sites\/19\/2025\/04\/WhatsApp-Image-2025-04-07-at-09.09.21-1-768x432.jpeg 768w, https:\/\/escoladigital.madeira.gov.pt\/ebspdffbranco\/wp-content\/uploads\/sites\/19\/2025\/04\/WhatsApp-Image-2025-04-07-at-09.09.21-1-1536x864.jpeg 1536w, https:\/\/escoladigital.madeira.gov.pt\/ebspdffbranco\/wp-content\/uploads\/sites\/19\/2025\/04\/WhatsApp-Image-2025-04-07-at-09.09.21-1.jpeg 1600w\" sizes=\"(max-width: 1024px) 100vw, 1024px\" \/><button\n\t\t\tclass=\"lightbox-trigger\"\n\t\t\ttype=\"button\"\n\t\t\taria-haspopup=\"dialog\"\n\t\t\taria-label=\"Ampliar\"\n\t\t\tdata-wp-init=\"callbacks.initTriggerButton\"\n\t\t\tdata-wp-on--click=\"actions.showLightbox\"\n\t\t\tdata-wp-style--right=\"state.imageButtonRight\"\n\t\t\tdata-wp-style--top=\"state.imageButtonTop\"\n\t\t>\n\t\t\t<svg xmlns=\"http:\/\/www.w3.org\/2000\/svg\" width=\"12\" height=\"12\" fill=\"none\" viewBox=\"0 0 12 12\">\n\t\t\t\t<path fill=\"#fff\" d=\"M2 0a2 2 0 0 0-2 2v2h1.5V2a.5.5 0 0 1 .5-.5h2V0H2Zm2 10.5H2a.5.5 0 0 1-.5-.5V8H0v2a2 2 0 0 0 2 2h2v-1.5ZM8 12v-1.5h2a.5.5 0 0 0 .5-.5V8H12v2a2 2 0 0 1-2 2H8Zm2-12a2 2 0 0 1 2 2v2h-1.5V2a.5.5 0 0 0-.5-.5H8V0h2Z\" \/>\n\t\t\t<\/svg>\n\t\t<\/button><\/figure>\n<\/figure>\n\n\n\n<div class=\"wp-block-group alignfull is-vertical is-content-justification-center is-layout-flex wp-container-core-group-is-layout-391756e8 wp-block-group-is-layout-flex\" style=\"margin-top:var(--wp--preset--spacing--20);margin-bottom:var(--wp--preset--spacing--20);padding-top:var(--wp--preset--spacing--30);padding-right:var(--wp--preset--spacing--60);padding-bottom:var(--wp--preset--spacing--30);padding-left:var(--wp--preset--spacing--60)\">\n<h3 class=\"wp-block-heading alignfull has-text-align-center has-gradient-1-gradient-background has-background\" style=\"border-style:none;border-width:0px;border-radius:100px;margin-top:0;margin-right:0;margin-bottom:0;margin-left:0\"><strong>Forma\u00e7\u00e3o Erasmus+ Atenas, Gr\u00e9cia (17 a 21 de mar\u00e7o de 2025)<\/strong><\/h3>\n\n\n\n<p><\/p>\n\n\n\n<p class=\"has-text-align-left has-medium-font-size\">No \u00e2mbito do projeto ERASMUS+ \u201cCaminhar, Construir e Capacitar\u201d, as docentes J\u00falia Soares, Susana Rodrigues e Zulmira Ruivo participaram na forma\u00e7\u00e3o &#8220;Happy Lesson ; Valuable Tips to Create a Joyful Classroom&#8221;, que decorreu em Atenas, Gr\u00e9cia, entre os dias 17 e 21 de mar\u00e7o.<\/p>\n\n\n\n<p><\/p>\n\n\n\n<p class=\"has-medium-font-size\" style=\"padding-top:0;padding-right:0;padding-bottom:0;padding-left:0\">Esta forma\u00e7\u00e3o proporcionou, n\u00e3o s\u00f3 novos conhecimentos sobre estrat\u00e9gias inclusivas de ensino, como tamb\u00e9m promoveu uma rica intera\u00e7\u00e3o entre profissionais da educa\u00e7\u00e3o de diferentes pa\u00edses. Atrav\u00e9s da troca de experi\u00eancias foi poss\u00edvel explorar pr\u00e1ticas pedag\u00f3gicas diversificadas e fomentar a reflex\u00e3o sobre os desafios da educa\u00e7\u00e3o no contexto global.<\/p>\n\n\n\n<p><\/p>\n\n\n\n<p class=\"has-medium-font-size\" style=\"padding-top:0;padding-right:0;padding-bottom:0;padding-left:0\">Al\u00e9m disso, esta forma\u00e7\u00e3o revelou-se uma excelente oportunidade para apresentar as belezas e a cultura singular da nossa ilha a um p\u00fablico internacional, refor\u00e7ando o seu valor e identidade.<\/p>\n\n\n\n<p><\/p>\n\n\n\n<p class=\"has-medium-font-size\" style=\"padding-top:0;padding-right:0;padding-bottom:0;padding-left:0\">As docentes sublinharam a import\u00e2ncia desta iniciativa, agradecendo profundamente \u00e0s coordenadoras do projeto pelo seu compromisso e dedica\u00e7\u00e3o. Foi, sem d\u00favida, uma viv\u00eancia de grande impacto pessoal e profissional. Os agradecimentos s\u00e3o extensivos \u00e0s entidades C\u00e2mara Municipal do Porto Santo, Junta de Freguesia do Porto Santo, Draps e H\u00e9lios Bar. Juntos continuamos a dar vida e destaque ao potencial \u00fanico do Porto Santo, partilhando as suas maravilhas a n\u00edvel internacional.<\/p>\n<\/div>\n\n\n\n<figure class=\"wp-block-gallery has-nested-images columns-default is-cropped wp-block-gallery-10 is-layout-flex wp-block-gallery-is-layout-flex\">\n<figure data-wp-context=\"{&quot;imageId&quot;:&quot;69eec8636a58e&quot;}\" data-wp-interactive=\"core\/image\" data-wp-key=\"69eec8636a58e\" class=\"wp-block-image size-large wp-lightbox-container\"><img loading=\"lazy\" decoding=\"async\" width=\"1024\" height=\"769\" data-wp-class--hide=\"state.isContentHidden\" data-wp-class--show=\"state.isContentVisible\" data-wp-init=\"callbacks.setButtonStyles\" data-wp-on--click=\"actions.showLightbox\" data-wp-on--load=\"callbacks.setButtonStyles\" data-wp-on-window--resize=\"callbacks.setButtonStyles\" data-id=\"3363\" src=\"https:\/\/escoladigital.madeira.gov.pt\/ebspdffbranco\/wp-content\/uploads\/sites\/19\/2025\/04\/7zu6-1-1024x769.jpg\" alt=\"\" class=\"wp-image-3363\" srcset=\"https:\/\/escoladigital.madeira.gov.pt\/ebspdffbranco\/wp-content\/uploads\/sites\/19\/2025\/04\/7zu6-1-1024x769.jpg 1024w, https:\/\/escoladigital.madeira.gov.pt\/ebspdffbranco\/wp-content\/uploads\/sites\/19\/2025\/04\/7zu6-1-300x225.jpg 300w, https:\/\/escoladigital.madeira.gov.pt\/ebspdffbranco\/wp-content\/uploads\/sites\/19\/2025\/04\/7zu6-1-768x577.jpg 768w, https:\/\/escoladigital.madeira.gov.pt\/ebspdffbranco\/wp-content\/uploads\/sites\/19\/2025\/04\/7zu6-1.jpg 1080w\" sizes=\"(max-width: 1024px) 100vw, 1024px\" \/><button\n\t\t\tclass=\"lightbox-trigger\"\n\t\t\ttype=\"button\"\n\t\t\taria-haspopup=\"dialog\"\n\t\t\taria-label=\"Ampliar\"\n\t\t\tdata-wp-init=\"callbacks.initTriggerButton\"\n\t\t\tdata-wp-on--click=\"actions.showLightbox\"\n\t\t\tdata-wp-style--right=\"state.imageButtonRight\"\n\t\t\tdata-wp-style--top=\"state.imageButtonTop\"\n\t\t>\n\t\t\t<svg xmlns=\"http:\/\/www.w3.org\/2000\/svg\" width=\"12\" height=\"12\" fill=\"none\" viewBox=\"0 0 12 12\">\n\t\t\t\t<path fill=\"#fff\" d=\"M2 0a2 2 0 0 0-2 2v2h1.5V2a.5.5 0 0 1 .5-.5h2V0H2Zm2 10.5H2a.5.5 0 0 1-.5-.5V8H0v2a2 2 0 0 0 2 2h2v-1.5ZM8 12v-1.5h2a.5.5 0 0 0 .5-.5V8H12v2a2 2 0 0 1-2 2H8Zm2-12a2 2 0 0 1 2 2v2h-1.5V2a.5.5 0 0 0-.5-.5H8V0h2Z\" \/>\n\t\t\t<\/svg>\n\t\t<\/button><\/figure>\n\n\n\n<figure data-wp-context=\"{&quot;imageId&quot;:&quot;69eec8636a948&quot;}\" data-wp-interactive=\"core\/image\" data-wp-key=\"69eec8636a948\" class=\"wp-block-image size-large wp-lightbox-container\"><img loading=\"lazy\" decoding=\"async\" width=\"829\" height=\"1024\" data-wp-class--hide=\"state.isContentHidden\" data-wp-class--show=\"state.isContentVisible\" data-wp-init=\"callbacks.setButtonStyles\" data-wp-on--click=\"actions.showLightbox\" data-wp-on--load=\"callbacks.setButtonStyles\" data-wp-on-window--resize=\"callbacks.setButtonStyles\" data-id=\"3371\" src=\"https:\/\/escoladigital.madeira.gov.pt\/ebspdffbranco\/wp-content\/uploads\/sites\/19\/2025\/04\/8zu7-1-829x1024.jpg\" alt=\"\" class=\"wp-image-3371\" srcset=\"https:\/\/escoladigital.madeira.gov.pt\/ebspdffbranco\/wp-content\/uploads\/sites\/19\/2025\/04\/8zu7-1-829x1024.jpg 829w, https:\/\/escoladigital.madeira.gov.pt\/ebspdffbranco\/wp-content\/uploads\/sites\/19\/2025\/04\/8zu7-1-243x300.jpg 243w, https:\/\/escoladigital.madeira.gov.pt\/ebspdffbranco\/wp-content\/uploads\/sites\/19\/2025\/04\/8zu7-1-768x949.jpg 768w, https:\/\/escoladigital.madeira.gov.pt\/ebspdffbranco\/wp-content\/uploads\/sites\/19\/2025\/04\/8zu7-1-1243x1536.jpg 1243w, https:\/\/escoladigital.madeira.gov.pt\/ebspdffbranco\/wp-content\/uploads\/sites\/19\/2025\/04\/8zu7-1.jpg 1657w\" sizes=\"(max-width: 829px) 100vw, 829px\" \/><button\n\t\t\tclass=\"lightbox-trigger\"\n\t\t\ttype=\"button\"\n\t\t\taria-haspopup=\"dialog\"\n\t\t\taria-label=\"Ampliar\"\n\t\t\tdata-wp-init=\"callbacks.initTriggerButton\"\n\t\t\tdata-wp-on--click=\"actions.showLightbox\"\n\t\t\tdata-wp-style--right=\"state.imageButtonRight\"\n\t\t\tdata-wp-style--top=\"state.imageButtonTop\"\n\t\t>\n\t\t\t<svg xmlns=\"http:\/\/www.w3.org\/2000\/svg\" width=\"12\" height=\"12\" fill=\"none\" viewBox=\"0 0 12 12\">\n\t\t\t\t<path fill=\"#fff\" d=\"M2 0a2 2 0 0 0-2 2v2h1.5V2a.5.5 0 0 1 .5-.5h2V0H2Zm2 10.5H2a.5.5 0 0 1-.5-.5V8H0v2a2 2 0 0 0 2 2h2v-1.5ZM8 12v-1.5h2a.5.5 0 0 0 .5-.5V8H12v2a2 2 0 0 1-2 2H8Zm2-12a2 2 0 0 1 2 2v2h-1.5V2a.5.5 0 0 0-.5-.5H8V0h2Z\" \/>\n\t\t\t<\/svg>\n\t\t<\/button><\/figure>\n\n\n\n<figure data-wp-context=\"{&quot;imageId&quot;:&quot;69eec8636acb1&quot;}\" data-wp-interactive=\"core\/image\" data-wp-key=\"69eec8636acb1\" class=\"wp-block-image size-large wp-lightbox-container\"><img loading=\"lazy\" decoding=\"async\" width=\"1024\" height=\"768\" data-wp-class--hide=\"state.isContentHidden\" data-wp-class--show=\"state.isContentVisible\" data-wp-init=\"callbacks.setButtonStyles\" data-wp-on--click=\"actions.showLightbox\" data-wp-on--load=\"callbacks.setButtonStyles\" data-wp-on-window--resize=\"callbacks.setButtonStyles\" data-id=\"3369\" src=\"https:\/\/escoladigital.madeira.gov.pt\/ebspdffbranco\/wp-content\/uploads\/sites\/19\/2025\/04\/zu1-1-1024x768.jpg\" alt=\"\" class=\"wp-image-3369\" srcset=\"https:\/\/escoladigital.madeira.gov.pt\/ebspdffbranco\/wp-content\/uploads\/sites\/19\/2025\/04\/zu1-1-1024x768.jpg 1024w, https:\/\/escoladigital.madeira.gov.pt\/ebspdffbranco\/wp-content\/uploads\/sites\/19\/2025\/04\/zu1-1-300x225.jpg 300w, https:\/\/escoladigital.madeira.gov.pt\/ebspdffbranco\/wp-content\/uploads\/sites\/19\/2025\/04\/zu1-1-768x576.jpg 768w, https:\/\/escoladigital.madeira.gov.pt\/ebspdffbranco\/wp-content\/uploads\/sites\/19\/2025\/04\/zu1-1.jpg 1440w\" sizes=\"(max-width: 1024px) 100vw, 1024px\" \/><button\n\t\t\tclass=\"lightbox-trigger\"\n\t\t\ttype=\"button\"\n\t\t\taria-haspopup=\"dialog\"\n\t\t\taria-label=\"Ampliar\"\n\t\t\tdata-wp-init=\"callbacks.initTriggerButton\"\n\t\t\tdata-wp-on--click=\"actions.showLightbox\"\n\t\t\tdata-wp-style--right=\"state.imageButtonRight\"\n\t\t\tdata-wp-style--top=\"state.imageButtonTop\"\n\t\t>\n\t\t\t<svg xmlns=\"http:\/\/www.w3.org\/2000\/svg\" width=\"12\" height=\"12\" fill=\"none\" viewBox=\"0 0 12 12\">\n\t\t\t\t<path fill=\"#fff\" d=\"M2 0a2 2 0 0 0-2 2v2h1.5V2a.5.5 0 0 1 .5-.5h2V0H2Zm2 10.5H2a.5.5 0 0 1-.5-.5V8H0v2a2 2 0 0 0 2 2h2v-1.5ZM8 12v-1.5h2a.5.5 0 0 0 .5-.5V8H12v2a2 2 0 0 1-2 2H8Zm2-12a2 2 0 0 1 2 2v2h-1.5V2a.5.5 0 0 0-.5-.5H8V0h2Z\" \/>\n\t\t\t<\/svg>\n\t\t<\/button><\/figure>\n\n\n\n<figure data-wp-context=\"{&quot;imageId&quot;:&quot;69eec8636b09b&quot;}\" data-wp-interactive=\"core\/image\" data-wp-key=\"69eec8636b09b\" class=\"wp-block-image size-large wp-lightbox-container\"><img loading=\"lazy\" decoding=\"async\" width=\"1024\" height=\"769\" data-wp-class--hide=\"state.isContentHidden\" data-wp-class--show=\"state.isContentVisible\" data-wp-init=\"callbacks.setButtonStyles\" data-wp-on--click=\"actions.showLightbox\" data-wp-on--load=\"callbacks.setButtonStyles\" data-wp-on-window--resize=\"callbacks.setButtonStyles\" data-id=\"3368\" src=\"https:\/\/escoladigital.madeira.gov.pt\/ebspdffbranco\/wp-content\/uploads\/sites\/19\/2025\/04\/zu2-1-1024x769.jpg\" alt=\"\" class=\"wp-image-3368\" srcset=\"https:\/\/escoladigital.madeira.gov.pt\/ebspdffbranco\/wp-content\/uploads\/sites\/19\/2025\/04\/zu2-1-1024x769.jpg 1024w, https:\/\/escoladigital.madeira.gov.pt\/ebspdffbranco\/wp-content\/uploads\/sites\/19\/2025\/04\/zu2-1-300x225.jpg 300w, https:\/\/escoladigital.madeira.gov.pt\/ebspdffbranco\/wp-content\/uploads\/sites\/19\/2025\/04\/zu2-1-768x577.jpg 768w, https:\/\/escoladigital.madeira.gov.pt\/ebspdffbranco\/wp-content\/uploads\/sites\/19\/2025\/04\/zu2-1.jpg 1440w\" sizes=\"(max-width: 1024px) 100vw, 1024px\" \/><button\n\t\t\tclass=\"lightbox-trigger\"\n\t\t\ttype=\"button\"\n\t\t\taria-haspopup=\"dialog\"\n\t\t\taria-label=\"Ampliar\"\n\t\t\tdata-wp-init=\"callbacks.initTriggerButton\"\n\t\t\tdata-wp-on--click=\"actions.showLightbox\"\n\t\t\tdata-wp-style--right=\"state.imageButtonRight\"\n\t\t\tdata-wp-style--top=\"state.imageButtonTop\"\n\t\t>\n\t\t\t<svg xmlns=\"http:\/\/www.w3.org\/2000\/svg\" width=\"12\" height=\"12\" fill=\"none\" viewBox=\"0 0 12 12\">\n\t\t\t\t<path fill=\"#fff\" d=\"M2 0a2 2 0 0 0-2 2v2h1.5V2a.5.5 0 0 1 .5-.5h2V0H2Zm2 10.5H2a.5.5 0 0 1-.5-.5V8H0v2a2 2 0 0 0 2 2h2v-1.5ZM8 12v-1.5h2a.5.5 0 0 0 .5-.5V8H12v2a2 2 0 0 1-2 2H8Zm2-12a2 2 0 0 1 2 2v2h-1.5V2a.5.5 0 0 0-.5-.5H8V0h2Z\" \/>\n\t\t\t<\/svg>\n\t\t<\/button><\/figure>\n\n\n\n<figure data-wp-context=\"{&quot;imageId&quot;:&quot;69eec8636b3c9&quot;}\" data-wp-interactive=\"core\/image\" data-wp-key=\"69eec8636b3c9\" class=\"wp-block-image size-large wp-lightbox-container\"><img loading=\"lazy\" decoding=\"async\" width=\"1024\" height=\"766\" data-wp-class--hide=\"state.isContentHidden\" data-wp-class--show=\"state.isContentVisible\" data-wp-init=\"callbacks.setButtonStyles\" data-wp-on--click=\"actions.showLightbox\" data-wp-on--load=\"callbacks.setButtonStyles\" data-wp-on-window--resize=\"callbacks.setButtonStyles\" data-id=\"3367\" src=\"https:\/\/escoladigital.madeira.gov.pt\/ebspdffbranco\/wp-content\/uploads\/sites\/19\/2025\/04\/zu3-1-1024x766.jpg\" alt=\"\" class=\"wp-image-3367\" srcset=\"https:\/\/escoladigital.madeira.gov.pt\/ebspdffbranco\/wp-content\/uploads\/sites\/19\/2025\/04\/zu3-1-1024x766.jpg 1024w, https:\/\/escoladigital.madeira.gov.pt\/ebspdffbranco\/wp-content\/uploads\/sites\/19\/2025\/04\/zu3-1-300x224.jpg 300w, https:\/\/escoladigital.madeira.gov.pt\/ebspdffbranco\/wp-content\/uploads\/sites\/19\/2025\/04\/zu3-1-768x574.jpg 768w, https:\/\/escoladigital.madeira.gov.pt\/ebspdffbranco\/wp-content\/uploads\/sites\/19\/2025\/04\/zu3-1.jpg 1440w\" sizes=\"(max-width: 1024px) 100vw, 1024px\" \/><button\n\t\t\tclass=\"lightbox-trigger\"\n\t\t\ttype=\"button\"\n\t\t\taria-haspopup=\"dialog\"\n\t\t\taria-label=\"Ampliar\"\n\t\t\tdata-wp-init=\"callbacks.initTriggerButton\"\n\t\t\tdata-wp-on--click=\"actions.showLightbox\"\n\t\t\tdata-wp-style--right=\"state.imageButtonRight\"\n\t\t\tdata-wp-style--top=\"state.imageButtonTop\"\n\t\t>\n\t\t\t<svg xmlns=\"http:\/\/www.w3.org\/2000\/svg\" width=\"12\" height=\"12\" fill=\"none\" viewBox=\"0 0 12 12\">\n\t\t\t\t<path fill=\"#fff\" d=\"M2 0a2 2 0 0 0-2 2v2h1.5V2a.5.5 0 0 1 .5-.5h2V0H2Zm2 10.5H2a.5.5 0 0 1-.5-.5V8H0v2a2 2 0 0 0 2 2h2v-1.5ZM8 12v-1.5h2a.5.5 0 0 0 .5-.5V8H12v2a2 2 0 0 1-2 2H8Zm2-12a2 2 0 0 1 2 2v2h-1.5V2a.5.5 0 0 0-.5-.5H8V0h2Z\" \/>\n\t\t\t<\/svg>\n\t\t<\/button><\/figure>\n\n\n\n<figure data-wp-context=\"{&quot;imageId&quot;:&quot;69eec8636b89f&quot;}\" data-wp-interactive=\"core\/image\" data-wp-key=\"69eec8636b89f\" class=\"wp-block-image size-large wp-lightbox-container\"><img loading=\"lazy\" decoding=\"async\" width=\"1024\" height=\"766\" data-wp-class--hide=\"state.isContentHidden\" data-wp-class--show=\"state.isContentVisible\" data-wp-init=\"callbacks.setButtonStyles\" data-wp-on--click=\"actions.showLightbox\" data-wp-on--load=\"callbacks.setButtonStyles\" data-wp-on-window--resize=\"callbacks.setButtonStyles\" data-id=\"3365\" src=\"https:\/\/escoladigital.madeira.gov.pt\/ebspdffbranco\/wp-content\/uploads\/sites\/19\/2025\/04\/zu4-1-1024x766.jpg\" alt=\"\" class=\"wp-image-3365\" srcset=\"https:\/\/escoladigital.madeira.gov.pt\/ebspdffbranco\/wp-content\/uploads\/sites\/19\/2025\/04\/zu4-1-1024x766.jpg 1024w, https:\/\/escoladigital.madeira.gov.pt\/ebspdffbranco\/wp-content\/uploads\/sites\/19\/2025\/04\/zu4-1-300x224.jpg 300w, https:\/\/escoladigital.madeira.gov.pt\/ebspdffbranco\/wp-content\/uploads\/sites\/19\/2025\/04\/zu4-1-768x574.jpg 768w, https:\/\/escoladigital.madeira.gov.pt\/ebspdffbranco\/wp-content\/uploads\/sites\/19\/2025\/04\/zu4-1.jpg 1440w\" sizes=\"(max-width: 1024px) 100vw, 1024px\" \/><button\n\t\t\tclass=\"lightbox-trigger\"\n\t\t\ttype=\"button\"\n\t\t\taria-haspopup=\"dialog\"\n\t\t\taria-label=\"Ampliar\"\n\t\t\tdata-wp-init=\"callbacks.initTriggerButton\"\n\t\t\tdata-wp-on--click=\"actions.showLightbox\"\n\t\t\tdata-wp-style--right=\"state.imageButtonRight\"\n\t\t\tdata-wp-style--top=\"state.imageButtonTop\"\n\t\t>\n\t\t\t<svg xmlns=\"http:\/\/www.w3.org\/2000\/svg\" width=\"12\" height=\"12\" fill=\"none\" viewBox=\"0 0 12 12\">\n\t\t\t\t<path fill=\"#fff\" d=\"M2 0a2 2 0 0 0-2 2v2h1.5V2a.5.5 0 0 1 .5-.5h2V0H2Zm2 10.5H2a.5.5 0 0 1-.5-.5V8H0v2a2 2 0 0 0 2 2h2v-1.5ZM8 12v-1.5h2a.5.5 0 0 0 .5-.5V8H12v2a2 2 0 0 1-2 2H8Zm2-12a2 2 0 0 1 2 2v2h-1.5V2a.5.5 0 0 0-.5-.5H8V0h2Z\" \/>\n\t\t\t<\/svg>\n\t\t<\/button><\/figure>\n\n\n\n<figure data-wp-context=\"{&quot;imageId&quot;:&quot;69eec8636bd3b&quot;}\" data-wp-interactive=\"core\/image\" data-wp-key=\"69eec8636bd3b\" class=\"wp-block-image size-large wp-lightbox-container\"><img loading=\"lazy\" decoding=\"async\" width=\"1024\" height=\"766\" data-wp-class--hide=\"state.isContentHidden\" data-wp-class--show=\"state.isContentVisible\" data-wp-init=\"callbacks.setButtonStyles\" data-wp-on--click=\"actions.showLightbox\" data-wp-on--load=\"callbacks.setButtonStyles\" data-wp-on-window--resize=\"callbacks.setButtonStyles\" data-id=\"3370\" src=\"https:\/\/escoladigital.madeira.gov.pt\/ebspdffbranco\/wp-content\/uploads\/sites\/19\/2025\/04\/zu5-1-1024x766.jpg\" alt=\"\" class=\"wp-image-3370\" srcset=\"https:\/\/escoladigital.madeira.gov.pt\/ebspdffbranco\/wp-content\/uploads\/sites\/19\/2025\/04\/zu5-1-1024x766.jpg 1024w, https:\/\/escoladigital.madeira.gov.pt\/ebspdffbranco\/wp-content\/uploads\/sites\/19\/2025\/04\/zu5-1-300x224.jpg 300w, https:\/\/escoladigital.madeira.gov.pt\/ebspdffbranco\/wp-content\/uploads\/sites\/19\/2025\/04\/zu5-1-768x574.jpg 768w, https:\/\/escoladigital.madeira.gov.pt\/ebspdffbranco\/wp-content\/uploads\/sites\/19\/2025\/04\/zu5-1.jpg 1440w\" sizes=\"(max-width: 1024px) 100vw, 1024px\" \/><button\n\t\t\tclass=\"lightbox-trigger\"\n\t\t\ttype=\"button\"\n\t\t\taria-haspopup=\"dialog\"\n\t\t\taria-label=\"Ampliar\"\n\t\t\tdata-wp-init=\"callbacks.initTriggerButton\"\n\t\t\tdata-wp-on--click=\"actions.showLightbox\"\n\t\t\tdata-wp-style--right=\"state.imageButtonRight\"\n\t\t\tdata-wp-style--top=\"state.imageButtonTop\"\n\t\t>\n\t\t\t<svg xmlns=\"http:\/\/www.w3.org\/2000\/svg\" width=\"12\" height=\"12\" fill=\"none\" viewBox=\"0 0 12 12\">\n\t\t\t\t<path fill=\"#fff\" d=\"M2 0a2 2 0 0 0-2 2v2h1.5V2a.5.5 0 0 1 .5-.5h2V0H2Zm2 10.5H2a.5.5 0 0 1-.5-.5V8H0v2a2 2 0 0 0 2 2h2v-1.5ZM8 12v-1.5h2a.5.5 0 0 0 .5-.5V8H12v2a2 2 0 0 1-2 2H8Zm2-12a2 2 0 0 1 2 2v2h-1.5V2a.5.5 0 0 0-.5-.5H8V0h2Z\" \/>\n\t\t\t<\/svg>\n\t\t<\/button><\/figure>\n\n\n\n<figure data-wp-context=\"{&quot;imageId&quot;:&quot;69eec8636c0ef&quot;}\" data-wp-interactive=\"core\/image\" data-wp-key=\"69eec8636c0ef\" class=\"wp-block-image size-large wp-lightbox-container\"><img loading=\"lazy\" decoding=\"async\" width=\"1024\" height=\"766\" data-wp-class--hide=\"state.isContentHidden\" data-wp-class--show=\"state.isContentVisible\" data-wp-init=\"callbacks.setButtonStyles\" data-wp-on--click=\"actions.showLightbox\" data-wp-on--load=\"callbacks.setButtonStyles\" data-wp-on-window--resize=\"callbacks.setButtonStyles\" data-id=\"3366\" src=\"https:\/\/escoladigital.madeira.gov.pt\/ebspdffbranco\/wp-content\/uploads\/sites\/19\/2025\/04\/zu6-1-1024x766.jpg\" alt=\"\" class=\"wp-image-3366\" srcset=\"https:\/\/escoladigital.madeira.gov.pt\/ebspdffbranco\/wp-content\/uploads\/sites\/19\/2025\/04\/zu6-1-1024x766.jpg 1024w, https:\/\/escoladigital.madeira.gov.pt\/ebspdffbranco\/wp-content\/uploads\/sites\/19\/2025\/04\/zu6-1-300x224.jpg 300w, https:\/\/escoladigital.madeira.gov.pt\/ebspdffbranco\/wp-content\/uploads\/sites\/19\/2025\/04\/zu6-1-768x574.jpg 768w, https:\/\/escoladigital.madeira.gov.pt\/ebspdffbranco\/wp-content\/uploads\/sites\/19\/2025\/04\/zu6-1.jpg 1440w\" sizes=\"(max-width: 1024px) 100vw, 1024px\" \/><button\n\t\t\tclass=\"lightbox-trigger\"\n\t\t\ttype=\"button\"\n\t\t\taria-haspopup=\"dialog\"\n\t\t\taria-label=\"Ampliar\"\n\t\t\tdata-wp-init=\"callbacks.initTriggerButton\"\n\t\t\tdata-wp-on--click=\"actions.showLightbox\"\n\t\t\tdata-wp-style--right=\"state.imageButtonRight\"\n\t\t\tdata-wp-style--top=\"state.imageButtonTop\"\n\t\t>\n\t\t\t<svg xmlns=\"http:\/\/www.w3.org\/2000\/svg\" width=\"12\" height=\"12\" fill=\"none\" viewBox=\"0 0 12 12\">\n\t\t\t\t<path fill=\"#fff\" d=\"M2 0a2 2 0 0 0-2 2v2h1.5V2a.5.5 0 0 1 .5-.5h2V0H2Zm2 10.5H2a.5.5 0 0 1-.5-.5V8H0v2a2 2 0 0 0 2 2h2v-1.5ZM8 12v-1.5h2a.5.5 0 0 0 .5-.5V8H12v2a2 2 0 0 1-2 2H8Zm2-12a2 2 0 0 1 2 2v2h-1.5V2a.5.5 0 0 0-.5-.5H8V0h2Z\" \/>\n\t\t\t<\/svg>\n\t\t<\/button><\/figure>\n\n\n\n<figure data-wp-context=\"{&quot;imageId&quot;:&quot;69eec8636c4a7&quot;}\" data-wp-interactive=\"core\/image\" data-wp-key=\"69eec8636c4a7\" class=\"wp-block-image size-large wp-lightbox-container\"><img loading=\"lazy\" decoding=\"async\" width=\"1024\" height=\"769\" data-wp-class--hide=\"state.isContentHidden\" data-wp-class--show=\"state.isContentVisible\" data-wp-init=\"callbacks.setButtonStyles\" data-wp-on--click=\"actions.showLightbox\" data-wp-on--load=\"callbacks.setButtonStyles\" data-wp-on-window--resize=\"callbacks.setButtonStyles\" data-id=\"3364\" src=\"https:\/\/escoladigital.madeira.gov.pt\/ebspdffbranco\/wp-content\/uploads\/sites\/19\/2025\/04\/zu7-1-1024x769.jpg\" alt=\"\" class=\"wp-image-3364\" srcset=\"https:\/\/escoladigital.madeira.gov.pt\/ebspdffbranco\/wp-content\/uploads\/sites\/19\/2025\/04\/zu7-1-1024x769.jpg 1024w, https:\/\/escoladigital.madeira.gov.pt\/ebspdffbranco\/wp-content\/uploads\/sites\/19\/2025\/04\/zu7-1-300x225.jpg 300w, https:\/\/escoladigital.madeira.gov.pt\/ebspdffbranco\/wp-content\/uploads\/sites\/19\/2025\/04\/zu7-1-768x577.jpg 768w, https:\/\/escoladigital.madeira.gov.pt\/ebspdffbranco\/wp-content\/uploads\/sites\/19\/2025\/04\/zu7-1.jpg 1080w\" sizes=\"(max-width: 1024px) 100vw, 1024px\" \/><button\n\t\t\tclass=\"lightbox-trigger\"\n\t\t\ttype=\"button\"\n\t\t\taria-haspopup=\"dialog\"\n\t\t\taria-label=\"Ampliar\"\n\t\t\tdata-wp-init=\"callbacks.initTriggerButton\"\n\t\t\tdata-wp-on--click=\"actions.showLightbox\"\n\t\t\tdata-wp-style--right=\"state.imageButtonRight\"\n\t\t\tdata-wp-style--top=\"state.imageButtonTop\"\n\t\t>\n\t\t\t<svg xmlns=\"http:\/\/www.w3.org\/2000\/svg\" width=\"12\" height=\"12\" fill=\"none\" viewBox=\"0 0 12 12\">\n\t\t\t\t<path fill=\"#fff\" d=\"M2 0a2 2 0 0 0-2 2v2h1.5V2a.5.5 0 0 1 .5-.5h2V0H2Zm2 10.5H2a.5.5 0 0 1-.5-.5V8H0v2a2 2 0 0 0 2 2h2v-1.5ZM8 12v-1.5h2a.5.5 0 0 0 .5-.5V8H12v2a2 2 0 0 1-2 2H8Zm2-12a2 2 0 0 1 2 2v2h-1.5V2a.5.5 0 0 0-.5-.5H8V0h2Z\" \/>\n\t\t\t<\/svg>\n\t\t<\/button><\/figure>\n<\/figure>\n\n\n\n<div class=\"wp-block-group alignfull is-vertical is-content-justification-center is-layout-flex wp-container-core-group-is-layout-391756e8 wp-block-group-is-layout-flex\" style=\"margin-top:var(--wp--preset--spacing--20);margin-bottom:var(--wp--preset--spacing--20);padding-top:var(--wp--preset--spacing--30);padding-right:var(--wp--preset--spacing--60);padding-bottom:var(--wp--preset--spacing--30);padding-left:var(--wp--preset--spacing--60)\">\n<p class=\"has-medium-font-size\" style=\"padding-top:0;padding-right:0;padding-bottom:0;padding-left:0\"><\/p>\n\n\n\n<h3 class=\"wp-block-heading alignfull has-text-align-center is-style-default has-gradient-2-gradient-background has-background\" style=\"border-style:none;border-width:0px;border-radius:100px;margin-right:var(--wp--preset--spacing--10);margin-left:var(--wp--preset--spacing--10)\"><strong>Forma\u00e7\u00e3o Erasmus+ Atenas, Gr\u00e9cia <\/strong><br><strong>(3 a 7 de mar\u00e7o de 2025)<\/strong><\/h3>\n<\/div>\n\n\n\n<div class=\"wp-block-group alignfull is-vertical is-layout-flex wp-container-core-group-is-layout-fe9cc265 wp-block-group-is-layout-flex\">\n<div class=\"wp-block-group is-vertical is-content-justification-center is-layout-flex wp-container-core-group-is-layout-23c3492c wp-block-group-is-layout-flex\" style=\"margin-top:var(--wp--preset--spacing--10);margin-bottom:var(--wp--preset--spacing--10);padding-top:var(--wp--preset--spacing--10);padding-right:var(--wp--preset--spacing--60);padding-bottom:var(--wp--preset--spacing--10);padding-left:var(--wp--preset--spacing--60)\">\n<p class=\"has-medium-font-size\">Os professores Jorge Dias e Jo\u00e3o Carlos Silva participaram na atividade formativa&nbsp;<strong>&#8220;Successful Strategies for Teaching Students with Special Needs in Every Classroom&#8221;<\/strong>, que teve lugar em Atenas, Gr\u00e9cia, entre os dias 3 e 7 de mar\u00e7o.<\/p>\n\n\n\n<p class=\"has-medium-font-size\">Para al\u00e9m dos conte\u00fados abordados, importa destacar a relevante troca de experi\u00eancias com escolas de diversas nacionalidades, num ambiente de trabalho din\u00e2mico e enriquecedor. Esta forma\u00e7\u00e3o constituiu igualmente uma excelente oportunidade para promover a nossa ilha em contexto internacional.<\/p>\n\n\n\n<p class=\"has-medium-font-size\">Os docentes expressam o seu profundo agradecimento pela oportunidade concedida, bem como pelo empenho e dedica\u00e7\u00e3o das coordenadoras do projeto. Sem d\u00favida, foi uma experi\u00eancia extremamente enriquecedora, tanto a n\u00edvel profissional como pessoal.<\/p>\n\n\n\n<figure class=\"wp-block-gallery has-nested-images columns-default is-cropped wp-block-gallery-11 is-layout-flex wp-block-gallery-is-layout-flex\">\n<figure data-wp-context=\"{&quot;imageId&quot;:&quot;69eec8636d461&quot;}\" data-wp-interactive=\"core\/image\" data-wp-key=\"69eec8636d461\" class=\"wp-block-image size-large is-resized wp-lightbox-container\"><img loading=\"lazy\" decoding=\"async\" width=\"1024\" height=\"768\" data-wp-class--hide=\"state.isContentHidden\" data-wp-class--show=\"state.isContentVisible\" data-wp-init=\"callbacks.setButtonStyles\" data-wp-on--click=\"actions.showLightbox\" data-wp-on--load=\"callbacks.setButtonStyles\" data-wp-on-window--resize=\"callbacks.setButtonStyles\" data-id=\"3318\" src=\"https:\/\/escoladigital.madeira.gov.pt\/ebspdffbranco\/wp-content\/uploads\/sites\/19\/2025\/03\/Erasmjj-1-1024x768.jpeg\" alt=\"\" class=\"wp-image-3318\" style=\"width:289px;height:auto\" srcset=\"https:\/\/escoladigital.madeira.gov.pt\/ebspdffbranco\/wp-content\/uploads\/sites\/19\/2025\/03\/Erasmjj-1-1024x768.jpeg 1024w, https:\/\/escoladigital.madeira.gov.pt\/ebspdffbranco\/wp-content\/uploads\/sites\/19\/2025\/03\/Erasmjj-1-300x225.jpeg 300w, https:\/\/escoladigital.madeira.gov.pt\/ebspdffbranco\/wp-content\/uploads\/sites\/19\/2025\/03\/Erasmjj-1-768x576.jpeg 768w, https:\/\/escoladigital.madeira.gov.pt\/ebspdffbranco\/wp-content\/uploads\/sites\/19\/2025\/03\/Erasmjj-1-1536x1152.jpeg 1536w, https:\/\/escoladigital.madeira.gov.pt\/ebspdffbranco\/wp-content\/uploads\/sites\/19\/2025\/03\/Erasmjj-1.jpeg 1600w\" sizes=\"(max-width: 1024px) 100vw, 1024px\" \/><button\n\t\t\tclass=\"lightbox-trigger\"\n\t\t\ttype=\"button\"\n\t\t\taria-haspopup=\"dialog\"\n\t\t\taria-label=\"Ampliar\"\n\t\t\tdata-wp-init=\"callbacks.initTriggerButton\"\n\t\t\tdata-wp-on--click=\"actions.showLightbox\"\n\t\t\tdata-wp-style--right=\"state.imageButtonRight\"\n\t\t\tdata-wp-style--top=\"state.imageButtonTop\"\n\t\t>\n\t\t\t<svg xmlns=\"http:\/\/www.w3.org\/2000\/svg\" width=\"12\" height=\"12\" fill=\"none\" viewBox=\"0 0 12 12\">\n\t\t\t\t<path fill=\"#fff\" d=\"M2 0a2 2 0 0 0-2 2v2h1.5V2a.5.5 0 0 1 .5-.5h2V0H2Zm2 10.5H2a.5.5 0 0 1-.5-.5V8H0v2a2 2 0 0 0 2 2h2v-1.5ZM8 12v-1.5h2a.5.5 0 0 0 .5-.5V8H12v2a2 2 0 0 1-2 2H8Zm2-12a2 2 0 0 1 2 2v2h-1.5V2a.5.5 0 0 0-.5-.5H8V0h2Z\" \/>\n\t\t\t<\/svg>\n\t\t<\/button><\/figure>\n\n\n\n<figure data-wp-context=\"{&quot;imageId&quot;:&quot;69eec8636da1c&quot;}\" data-wp-interactive=\"core\/image\" data-wp-key=\"69eec8636da1c\" class=\"wp-block-image size-large is-resized wp-lightbox-container\"><img loading=\"lazy\" decoding=\"async\" width=\"1024\" height=\"768\" data-wp-class--hide=\"state.isContentHidden\" data-wp-class--show=\"state.isContentVisible\" data-wp-init=\"callbacks.setButtonStyles\" data-wp-on--click=\"actions.showLightbox\" data-wp-on--load=\"callbacks.setButtonStyles\" data-wp-on-window--resize=\"callbacks.setButtonStyles\" data-id=\"3319\" src=\"https:\/\/escoladigital.madeira.gov.pt\/ebspdffbranco\/wp-content\/uploads\/sites\/19\/2025\/03\/Erasmjj2-1-1024x768.jpeg\" alt=\"\" class=\"wp-image-3319\" style=\"width:345px;height:auto\" srcset=\"https:\/\/escoladigital.madeira.gov.pt\/ebspdffbranco\/wp-content\/uploads\/sites\/19\/2025\/03\/Erasmjj2-1-1024x768.jpeg 1024w, https:\/\/escoladigital.madeira.gov.pt\/ebspdffbranco\/wp-content\/uploads\/sites\/19\/2025\/03\/Erasmjj2-1-300x225.jpeg 300w, https:\/\/escoladigital.madeira.gov.pt\/ebspdffbranco\/wp-content\/uploads\/sites\/19\/2025\/03\/Erasmjj2-1-768x576.jpeg 768w, https:\/\/escoladigital.madeira.gov.pt\/ebspdffbranco\/wp-content\/uploads\/sites\/19\/2025\/03\/Erasmjj2-1-1536x1152.jpeg 1536w, https:\/\/escoladigital.madeira.gov.pt\/ebspdffbranco\/wp-content\/uploads\/sites\/19\/2025\/03\/Erasmjj2-1.jpeg 1600w\" sizes=\"(max-width: 1024px) 100vw, 1024px\" \/><button\n\t\t\tclass=\"lightbox-trigger\"\n\t\t\ttype=\"button\"\n\t\t\taria-haspopup=\"dialog\"\n\t\t\taria-label=\"Ampliar\"\n\t\t\tdata-wp-init=\"callbacks.initTriggerButton\"\n\t\t\tdata-wp-on--click=\"actions.showLightbox\"\n\t\t\tdata-wp-style--right=\"state.imageButtonRight\"\n\t\t\tdata-wp-style--top=\"state.imageButtonTop\"\n\t\t>\n\t\t\t<svg xmlns=\"http:\/\/www.w3.org\/2000\/svg\" width=\"12\" height=\"12\" fill=\"none\" viewBox=\"0 0 12 12\">\n\t\t\t\t<path fill=\"#fff\" d=\"M2 0a2 2 0 0 0-2 2v2h1.5V2a.5.5 0 0 1 .5-.5h2V0H2Zm2 10.5H2a.5.5 0 0 1-.5-.5V8H0v2a2 2 0 0 0 2 2h2v-1.5ZM8 12v-1.5h2a.5.5 0 0 0 .5-.5V8H12v2a2 2 0 0 1-2 2H8Zm2-12a2 2 0 0 1 2 2v2h-1.5V2a.5.5 0 0 0-.5-.5H8V0h2Z\" \/>\n\t\t\t<\/svg>\n\t\t<\/button><\/figure>\n<\/figure>\n<\/div>\n<\/div>\n\n\n\n<h3 class=\"wp-block-heading alignfull has-text-align-center has-gradient-4-gradient-background has-background\" style=\"border-style:none;border-width:0px;border-radius:100px;margin-right:0;margin-left:0\"><strong>Forma\u00e7\u00e3o Erasmus+ Amesterd\u00e3o, Pa\u00edses Baixos <\/strong><br><strong>(10 a 15 de fevereiro de 2025)<\/strong><\/h3>\n\n\n\n<figure data-wp-context=\"{&quot;imageId&quot;:&quot;69eec8636e4d4&quot;}\" data-wp-interactive=\"core\/image\" data-wp-key=\"69eec8636e4d4\" class=\"wp-block-image aligncenter size-large is-resized is-style-rounded is-style-rounded--12 wp-lightbox-container\"><img loading=\"lazy\" decoding=\"async\" width=\"768\" height=\"1024\" data-wp-class--hide=\"state.isContentHidden\" data-wp-class--show=\"state.isContentVisible\" data-wp-init=\"callbacks.setButtonStyles\" data-wp-on--click=\"actions.showLightbox\" data-wp-on--load=\"callbacks.setButtonStyles\" data-wp-on-window--resize=\"callbacks.setButtonStyles\" src=\"https:\/\/escoladigital.madeira.gov.pt\/ebspdffbranco\/wp-content\/uploads\/sites\/19\/2025\/03\/lub5-768x1024.jpeg\" alt=\"\" class=\"wp-image-3228\" style=\"width:170px;height:auto\" srcset=\"https:\/\/escoladigital.madeira.gov.pt\/ebspdffbranco\/wp-content\/uploads\/sites\/19\/2025\/03\/lub5-768x1024.jpeg 768w, https:\/\/escoladigital.madeira.gov.pt\/ebspdffbranco\/wp-content\/uploads\/sites\/19\/2025\/03\/lub5-225x300.jpeg 225w, https:\/\/escoladigital.madeira.gov.pt\/ebspdffbranco\/wp-content\/uploads\/sites\/19\/2025\/03\/lub5-1152x1536.jpeg 1152w, https:\/\/escoladigital.madeira.gov.pt\/ebspdffbranco\/wp-content\/uploads\/sites\/19\/2025\/03\/lub5.jpeg 1200w\" sizes=\"(max-width: 768px) 100vw, 768px\" \/><button\n\t\t\tclass=\"lightbox-trigger\"\n\t\t\ttype=\"button\"\n\t\t\taria-haspopup=\"dialog\"\n\t\t\taria-label=\"Ampliar\"\n\t\t\tdata-wp-init=\"callbacks.initTriggerButton\"\n\t\t\tdata-wp-on--click=\"actions.showLightbox\"\n\t\t\tdata-wp-style--right=\"state.imageButtonRight\"\n\t\t\tdata-wp-style--top=\"state.imageButtonTop\"\n\t\t>\n\t\t\t<svg xmlns=\"http:\/\/www.w3.org\/2000\/svg\" width=\"12\" height=\"12\" fill=\"none\" viewBox=\"0 0 12 12\">\n\t\t\t\t<path fill=\"#fff\" d=\"M2 0a2 2 0 0 0-2 2v2h1.5V2a.5.5 0 0 1 .5-.5h2V0H2Zm2 10.5H2a.5.5 0 0 1-.5-.5V8H0v2a2 2 0 0 0 2 2h2v-1.5ZM8 12v-1.5h2a.5.5 0 0 0 .5-.5V8H12v2a2 2 0 0 1-2 2H8Zm2-12a2 2 0 0 1 2 2v2h-1.5V2a.5.5 0 0 0-.5-.5H8V0h2Z\" \/>\n\t\t\t<\/svg>\n\t\t<\/button><\/figure>\n\n\n\n<div class=\"wp-block-columns alignfull is-layout-flex wp-container-core-columns-is-layout-28f84493 wp-block-columns-is-layout-flex\">\n<div class=\"wp-block-column is-layout-flow wp-block-column-is-layout-flow\" style=\"flex-basis:100%\">\n<p class=\"has-medium-font-size\" style=\"margin-top:0;margin-right:var(--wp--preset--spacing--60);margin-bottom:0;margin-left:var(--wp--preset--spacing--60)\">Entre os dias 10 e 15 de Fevereiro de 2025 os Assistentes Operacionais Orlando Vieira, Nicholas C\u00e2mara e Assistente T\u00e9cnica de biblioteca Lub\u00e9lia Melim participaram na atividade formativa \u201cEnglish Language Course for Beginners na Europass Teacher&nbsp; Academy, que se realizou em Amesterd\u00e3o,&nbsp; Pa\u00edses Baixos. Al\u00e9m da aprendizagem nos dom\u00ednios da Oralidade e da Escrita, destaca se o conv\u00edvio enriquecedor com colegas de outras nacionalidades, bem como visitas a locais de relevante interesse cultural. Esta foi tamb\u00e9m uma oportunidade de promover a Ilha Dourada, locais de interesse, atividades culturais, gastronomia e praia.&nbsp; A finalizar, o grupo agradece a oportunidade que foi dada a participar neste projeto que \u00e9,&nbsp; sem d\u00favida, uma mais-valia para o nosso crescimento pessoal e profissional.<\/p>\n\n\n\n<p class=\"has-medium-font-size\"><\/p>\n<\/div>\n<\/div>\n\n\n\n<figure class=\"wp-block-gallery has-nested-images columns-default is-cropped wp-block-gallery-18 is-layout-flex wp-block-gallery-is-layout-flex\">\n<figure data-wp-context=\"{&quot;imageId&quot;:&quot;69eec8636ede3&quot;}\" data-wp-interactive=\"core\/image\" data-wp-key=\"69eec8636ede3\" class=\"wp-block-image size-large is-style-rounded is-style-rounded--13 wp-lightbox-container\"><img loading=\"lazy\" decoding=\"async\" width=\"768\" height=\"1024\" data-wp-class--hide=\"state.isContentHidden\" data-wp-class--show=\"state.isContentVisible\" data-wp-init=\"callbacks.setButtonStyles\" data-wp-on--click=\"actions.showLightbox\" data-wp-on--load=\"callbacks.setButtonStyles\" data-wp-on-window--resize=\"callbacks.setButtonStyles\" data-id=\"3234\" src=\"https:\/\/escoladigital.madeira.gov.pt\/ebspdffbranco\/wp-content\/uploads\/sites\/19\/2025\/03\/lub1-768x1024.jpeg\" alt=\"\" class=\"wp-image-3234\" srcset=\"https:\/\/escoladigital.madeira.gov.pt\/ebspdffbranco\/wp-content\/uploads\/sites\/19\/2025\/03\/lub1-768x1024.jpeg 768w, https:\/\/escoladigital.madeira.gov.pt\/ebspdffbranco\/wp-content\/uploads\/sites\/19\/2025\/03\/lub1-225x300.jpeg 225w, https:\/\/escoladigital.madeira.gov.pt\/ebspdffbranco\/wp-content\/uploads\/sites\/19\/2025\/03\/lub1-1152x1536.jpeg 1152w, https:\/\/escoladigital.madeira.gov.pt\/ebspdffbranco\/wp-content\/uploads\/sites\/19\/2025\/03\/lub1.jpeg 1500w\" sizes=\"(max-width: 768px) 100vw, 768px\" \/><button\n\t\t\tclass=\"lightbox-trigger\"\n\t\t\ttype=\"button\"\n\t\t\taria-haspopup=\"dialog\"\n\t\t\taria-label=\"Ampliar\"\n\t\t\tdata-wp-init=\"callbacks.initTriggerButton\"\n\t\t\tdata-wp-on--click=\"actions.showLightbox\"\n\t\t\tdata-wp-style--right=\"state.imageButtonRight\"\n\t\t\tdata-wp-style--top=\"state.imageButtonTop\"\n\t\t>\n\t\t\t<svg xmlns=\"http:\/\/www.w3.org\/2000\/svg\" width=\"12\" height=\"12\" fill=\"none\" viewBox=\"0 0 12 12\">\n\t\t\t\t<path fill=\"#fff\" d=\"M2 0a2 2 0 0 0-2 2v2h1.5V2a.5.5 0 0 1 .5-.5h2V0H2Zm2 10.5H2a.5.5 0 0 1-.5-.5V8H0v2a2 2 0 0 0 2 2h2v-1.5ZM8 12v-1.5h2a.5.5 0 0 0 .5-.5V8H12v2a2 2 0 0 1-2 2H8Zm2-12a2 2 0 0 1 2 2v2h-1.5V2a.5.5 0 0 0-.5-.5H8V0h2Z\" \/>\n\t\t\t<\/svg>\n\t\t<\/button><\/figure>\n\n\n\n<figure data-wp-context=\"{&quot;imageId&quot;:&quot;69eec8636f748&quot;}\" data-wp-interactive=\"core\/image\" data-wp-key=\"69eec8636f748\" class=\"wp-block-image size-large is-style-rounded is-style-rounded--14 wp-lightbox-container\"><img loading=\"lazy\" decoding=\"async\" width=\"1024\" height=\"768\" data-wp-class--hide=\"state.isContentHidden\" data-wp-class--show=\"state.isContentVisible\" data-wp-init=\"callbacks.setButtonStyles\" data-wp-on--click=\"actions.showLightbox\" data-wp-on--load=\"callbacks.setButtonStyles\" data-wp-on-window--resize=\"callbacks.setButtonStyles\" data-id=\"3231\" src=\"https:\/\/escoladigital.madeira.gov.pt\/ebspdffbranco\/wp-content\/uploads\/sites\/19\/2025\/03\/ub6-1024x768.jpeg\" alt=\"\" class=\"wp-image-3231\" srcset=\"https:\/\/escoladigital.madeira.gov.pt\/ebspdffbranco\/wp-content\/uploads\/sites\/19\/2025\/03\/ub6-1024x768.jpeg 1024w, https:\/\/escoladigital.madeira.gov.pt\/ebspdffbranco\/wp-content\/uploads\/sites\/19\/2025\/03\/ub6-300x225.jpeg 300w, https:\/\/escoladigital.madeira.gov.pt\/ebspdffbranco\/wp-content\/uploads\/sites\/19\/2025\/03\/ub6-768x576.jpeg 768w, https:\/\/escoladigital.madeira.gov.pt\/ebspdffbranco\/wp-content\/uploads\/sites\/19\/2025\/03\/ub6-1536x1152.jpeg 1536w, https:\/\/escoladigital.madeira.gov.pt\/ebspdffbranco\/wp-content\/uploads\/sites\/19\/2025\/03\/ub6.jpeg 1600w\" sizes=\"(max-width: 1024px) 100vw, 1024px\" \/><button\n\t\t\tclass=\"lightbox-trigger\"\n\t\t\ttype=\"button\"\n\t\t\taria-haspopup=\"dialog\"\n\t\t\taria-label=\"Ampliar\"\n\t\t\tdata-wp-init=\"callbacks.initTriggerButton\"\n\t\t\tdata-wp-on--click=\"actions.showLightbox\"\n\t\t\tdata-wp-style--right=\"state.imageButtonRight\"\n\t\t\tdata-wp-style--top=\"state.imageButtonTop\"\n\t\t>\n\t\t\t<svg xmlns=\"http:\/\/www.w3.org\/2000\/svg\" width=\"12\" height=\"12\" fill=\"none\" viewBox=\"0 0 12 12\">\n\t\t\t\t<path fill=\"#fff\" d=\"M2 0a2 2 0 0 0-2 2v2h1.5V2a.5.5 0 0 1 .5-.5h2V0H2Zm2 10.5H2a.5.5 0 0 1-.5-.5V8H0v2a2 2 0 0 0 2 2h2v-1.5ZM8 12v-1.5h2a.5.5 0 0 0 .5-.5V8H12v2a2 2 0 0 1-2 2H8Zm2-12a2 2 0 0 1 2 2v2h-1.5V2a.5.5 0 0 0-.5-.5H8V0h2Z\" \/>\n\t\t\t<\/svg>\n\t\t<\/button><\/figure>\n\n\n\n<figure data-wp-context=\"{&quot;imageId&quot;:&quot;69eec8636fe65&quot;}\" data-wp-interactive=\"core\/image\" data-wp-key=\"69eec8636fe65\" class=\"wp-block-image size-large is-style-rounded is-style-rounded--15 wp-lightbox-container\"><img loading=\"lazy\" decoding=\"async\" width=\"1024\" height=\"768\" data-wp-class--hide=\"state.isContentHidden\" data-wp-class--show=\"state.isContentVisible\" data-wp-init=\"callbacks.setButtonStyles\" data-wp-on--click=\"actions.showLightbox\" data-wp-on--load=\"callbacks.setButtonStyles\" data-wp-on-window--resize=\"callbacks.setButtonStyles\" data-id=\"3232\" src=\"https:\/\/escoladigital.madeira.gov.pt\/ebspdffbranco\/wp-content\/uploads\/sites\/19\/2025\/03\/lub3-1024x768.jpeg\" alt=\"\" class=\"wp-image-3232\" srcset=\"https:\/\/escoladigital.madeira.gov.pt\/ebspdffbranco\/wp-content\/uploads\/sites\/19\/2025\/03\/lub3-1024x768.jpeg 1024w, https:\/\/escoladigital.madeira.gov.pt\/ebspdffbranco\/wp-content\/uploads\/sites\/19\/2025\/03\/lub3-300x225.jpeg 300w, https:\/\/escoladigital.madeira.gov.pt\/ebspdffbranco\/wp-content\/uploads\/sites\/19\/2025\/03\/lub3-768x576.jpeg 768w, https:\/\/escoladigital.madeira.gov.pt\/ebspdffbranco\/wp-content\/uploads\/sites\/19\/2025\/03\/lub3-1536x1152.jpeg 1536w, https:\/\/escoladigital.madeira.gov.pt\/ebspdffbranco\/wp-content\/uploads\/sites\/19\/2025\/03\/lub3.jpeg 2000w\" sizes=\"(max-width: 1024px) 100vw, 1024px\" \/><button\n\t\t\tclass=\"lightbox-trigger\"\n\t\t\ttype=\"button\"\n\t\t\taria-haspopup=\"dialog\"\n\t\t\taria-label=\"Ampliar\"\n\t\t\tdata-wp-init=\"callbacks.initTriggerButton\"\n\t\t\tdata-wp-on--click=\"actions.showLightbox\"\n\t\t\tdata-wp-style--right=\"state.imageButtonRight\"\n\t\t\tdata-wp-style--top=\"state.imageButtonTop\"\n\t\t>\n\t\t\t<svg xmlns=\"http:\/\/www.w3.org\/2000\/svg\" width=\"12\" height=\"12\" fill=\"none\" viewBox=\"0 0 12 12\">\n\t\t\t\t<path fill=\"#fff\" d=\"M2 0a2 2 0 0 0-2 2v2h1.5V2a.5.5 0 0 1 .5-.5h2V0H2Zm2 10.5H2a.5.5 0 0 1-.5-.5V8H0v2a2 2 0 0 0 2 2h2v-1.5ZM8 12v-1.5h2a.5.5 0 0 0 .5-.5V8H12v2a2 2 0 0 1-2 2H8Zm2-12a2 2 0 0 1 2 2v2h-1.5V2a.5.5 0 0 0-.5-.5H8V0h2Z\" \/>\n\t\t\t<\/svg>\n\t\t<\/button><\/figure>\n\n\n\n<figure data-wp-context=\"{&quot;imageId&quot;:&quot;69eec863705b4&quot;}\" data-wp-interactive=\"core\/image\" data-wp-key=\"69eec863705b4\" class=\"wp-block-image size-large is-style-rounded is-style-rounded--16 wp-lightbox-container\"><img loading=\"lazy\" decoding=\"async\" width=\"1024\" height=\"473\" data-wp-class--hide=\"state.isContentHidden\" data-wp-class--show=\"state.isContentVisible\" data-wp-init=\"callbacks.setButtonStyles\" data-wp-on--click=\"actions.showLightbox\" data-wp-on--load=\"callbacks.setButtonStyles\" data-wp-on-window--resize=\"callbacks.setButtonStyles\" data-id=\"3230\" src=\"https:\/\/escoladigital.madeira.gov.pt\/ebspdffbranco\/wp-content\/uploads\/sites\/19\/2025\/03\/lun2-1024x473.jpeg\" alt=\"\" class=\"wp-image-3230\" srcset=\"https:\/\/escoladigital.madeira.gov.pt\/ebspdffbranco\/wp-content\/uploads\/sites\/19\/2025\/03\/lun2-1024x473.jpeg 1024w, https:\/\/escoladigital.madeira.gov.pt\/ebspdffbranco\/wp-content\/uploads\/sites\/19\/2025\/03\/lun2-300x139.jpeg 300w, https:\/\/escoladigital.madeira.gov.pt\/ebspdffbranco\/wp-content\/uploads\/sites\/19\/2025\/03\/lun2-768x355.jpeg 768w, https:\/\/escoladigital.madeira.gov.pt\/ebspdffbranco\/wp-content\/uploads\/sites\/19\/2025\/03\/lun2-1536x709.jpeg 1536w, https:\/\/escoladigital.madeira.gov.pt\/ebspdffbranco\/wp-content\/uploads\/sites\/19\/2025\/03\/lun2.jpeg 1600w\" sizes=\"(max-width: 1024px) 100vw, 1024px\" \/><button\n\t\t\tclass=\"lightbox-trigger\"\n\t\t\ttype=\"button\"\n\t\t\taria-haspopup=\"dialog\"\n\t\t\taria-label=\"Ampliar\"\n\t\t\tdata-wp-init=\"callbacks.initTriggerButton\"\n\t\t\tdata-wp-on--click=\"actions.showLightbox\"\n\t\t\tdata-wp-style--right=\"state.imageButtonRight\"\n\t\t\tdata-wp-style--top=\"state.imageButtonTop\"\n\t\t>\n\t\t\t<svg xmlns=\"http:\/\/www.w3.org\/2000\/svg\" width=\"12\" height=\"12\" fill=\"none\" viewBox=\"0 0 12 12\">\n\t\t\t\t<path fill=\"#fff\" d=\"M2 0a2 2 0 0 0-2 2v2h1.5V2a.5.5 0 0 1 .5-.5h2V0H2Zm2 10.5H2a.5.5 0 0 1-.5-.5V8H0v2a2 2 0 0 0 2 2h2v-1.5ZM8 12v-1.5h2a.5.5 0 0 0 .5-.5V8H12v2a2 2 0 0 1-2 2H8Zm2-12a2 2 0 0 1 2 2v2h-1.5V2a.5.5 0 0 0-.5-.5H8V0h2Z\" \/>\n\t\t\t<\/svg>\n\t\t<\/button><\/figure>\n\n\n\n<figure data-wp-context=\"{&quot;imageId&quot;:&quot;69eec86370dc8&quot;}\" data-wp-interactive=\"core\/image\" data-wp-key=\"69eec86370dc8\" class=\"wp-block-image size-large is-style-rounded is-style-rounded--17 wp-lightbox-container\"><img loading=\"lazy\" decoding=\"async\" width=\"1024\" height=\"768\" data-wp-class--hide=\"state.isContentHidden\" data-wp-class--show=\"state.isContentVisible\" data-wp-init=\"callbacks.setButtonStyles\" data-wp-on--click=\"actions.showLightbox\" data-wp-on--load=\"callbacks.setButtonStyles\" data-wp-on-window--resize=\"callbacks.setButtonStyles\" data-id=\"3233\" src=\"https:\/\/escoladigital.madeira.gov.pt\/ebspdffbranco\/wp-content\/uploads\/sites\/19\/2025\/03\/lub4-1024x768.jpeg\" alt=\"\" class=\"wp-image-3233\" srcset=\"https:\/\/escoladigital.madeira.gov.pt\/ebspdffbranco\/wp-content\/uploads\/sites\/19\/2025\/03\/lub4-1024x768.jpeg 1024w, https:\/\/escoladigital.madeira.gov.pt\/ebspdffbranco\/wp-content\/uploads\/sites\/19\/2025\/03\/lub4-300x225.jpeg 300w, https:\/\/escoladigital.madeira.gov.pt\/ebspdffbranco\/wp-content\/uploads\/sites\/19\/2025\/03\/lub4-768x576.jpeg 768w, https:\/\/escoladigital.madeira.gov.pt\/ebspdffbranco\/wp-content\/uploads\/sites\/19\/2025\/03\/lub4-1536x1152.jpeg 1536w, https:\/\/escoladigital.madeira.gov.pt\/ebspdffbranco\/wp-content\/uploads\/sites\/19\/2025\/03\/lub4.jpeg 2000w\" sizes=\"(max-width: 1024px) 100vw, 1024px\" \/><button\n\t\t\tclass=\"lightbox-trigger\"\n\t\t\ttype=\"button\"\n\t\t\taria-haspopup=\"dialog\"\n\t\t\taria-label=\"Ampliar\"\n\t\t\tdata-wp-init=\"callbacks.initTriggerButton\"\n\t\t\tdata-wp-on--click=\"actions.showLightbox\"\n\t\t\tdata-wp-style--right=\"state.imageButtonRight\"\n\t\t\tdata-wp-style--top=\"state.imageButtonTop\"\n\t\t>\n\t\t\t<svg xmlns=\"http:\/\/www.w3.org\/2000\/svg\" width=\"12\" height=\"12\" fill=\"none\" viewBox=\"0 0 12 12\">\n\t\t\t\t<path fill=\"#fff\" d=\"M2 0a2 2 0 0 0-2 2v2h1.5V2a.5.5 0 0 1 .5-.5h2V0H2Zm2 10.5H2a.5.5 0 0 1-.5-.5V8H0v2a2 2 0 0 0 2 2h2v-1.5ZM8 12v-1.5h2a.5.5 0 0 0 .5-.5V8H12v2a2 2 0 0 1-2 2H8Zm2-12a2 2 0 0 1 2 2v2h-1.5V2a.5.5 0 0 0-.5-.5H8V0h2Z\" \/>\n\t\t\t<\/svg>\n\t\t<\/button><\/figure>\n<\/figure>\n\n\n\n<h2 class=\"wp-block-heading alignfull has-text-align-center has-accent-background-color has-background\" style=\"border-style:none;border-width:0px;border-radius:100px\"><strong>Forma\u00e7\u00e3o Erasmus+ Dublin, Irlanda <\/strong><br><strong>(3 a 8 de fevereiro de 2025)<\/strong><\/h2>\n\n\n\n<div class=\"wp-block-group alignfull is-vertical is-content-justification-center is-layout-flex wp-container-core-group-is-layout-391756e8 wp-block-group-is-layout-flex\" style=\"margin-top:var(--wp--preset--spacing--20);margin-bottom:var(--wp--preset--spacing--20);padding-top:var(--wp--preset--spacing--30);padding-right:var(--wp--preset--spacing--60);padding-bottom:var(--wp--preset--spacing--30);padding-left:var(--wp--preset--spacing--60)\">\n<div class=\"wp-block-group is-nowrap is-layout-flex wp-container-core-group-is-layout-6c531013 wp-block-group-is-layout-flex\">\n<p class=\"has-text-align-left has-medium-font-size\">No \u00e2mbito do projeto Erasmus+ KA122, Ensino Escolar (SCH) \u2013 &#8220;Caminhar, Construir e Capacitar&#8221; a <strong>docente Maria Elma C\u00e2mara Gomes de Sousa<\/strong> participou na atividade formativa&nbsp;<strong>&#8220;Artificial Intelligence Tools for Language Teachers&#8221;<\/strong>, na Europass Teacher Academy, que se realizou em Dublin, na Irlanda entre os dias 3 e 8 de Fevereiro de 2025. <\/p>\n\n\n\n<p class=\"has-text-align-left has-medium-font-size\">\u201cFoi uma experi\u00eancia verdadeiramente enriquecedora, que me proporcionou uma nova perspetiva sobre o ensino e a aprendizagem na era digital. Atrav\u00e9s da tecnologia, descobri formas eficazes de&nbsp;<strong>promover o pensamento cr\u00edtico, apoiar a autoavalia\u00e7\u00e3o e incentivar a responsabilidade no processo de aprendizagem<\/strong>&nbsp;\u2013 compet\u00eancias essenciais tanto para professoras e professores quanto para alunas e alunos no mundo atual.<\/p>\n<\/div>\n\n\n\n<div class=\"wp-block-group is-nowrap is-layout-flex wp-container-core-group-is-layout-6c531013 wp-block-group-is-layout-flex\">\n<figure data-wp-context=\"{&quot;imageId&quot;:&quot;69eec863718d8&quot;}\" data-wp-interactive=\"core\/image\" data-wp-key=\"69eec863718d8\" class=\"wp-block-image size-large is-resized is-style-rounded is-style-rounded--19 wp-lightbox-container\"><img loading=\"lazy\" decoding=\"async\" width=\"1024\" height=\"765\" data-wp-class--hide=\"state.isContentHidden\" data-wp-class--show=\"state.isContentVisible\" data-wp-init=\"callbacks.setButtonStyles\" data-wp-on--click=\"actions.showLightbox\" data-wp-on--load=\"callbacks.setButtonStyles\" data-wp-on-window--resize=\"callbacks.setButtonStyles\" src=\"https:\/\/escoladigital.madeira.gov.pt\/ebspdffbranco\/wp-content\/uploads\/sites\/19\/2025\/02\/475676880_2353382765020498_3186783026389965332_n-1024x765.jpg\" alt=\"\" class=\"wp-image-3029\" style=\"width:375px;height:auto\" srcset=\"https:\/\/escoladigital.madeira.gov.pt\/ebspdffbranco\/wp-content\/uploads\/sites\/19\/2025\/02\/475676880_2353382765020498_3186783026389965332_n-1024x765.jpg 1024w, https:\/\/escoladigital.madeira.gov.pt\/ebspdffbranco\/wp-content\/uploads\/sites\/19\/2025\/02\/475676880_2353382765020498_3186783026389965332_n-300x224.jpg 300w, https:\/\/escoladigital.madeira.gov.pt\/ebspdffbranco\/wp-content\/uploads\/sites\/19\/2025\/02\/475676880_2353382765020498_3186783026389965332_n-768x574.jpg 768w, https:\/\/escoladigital.madeira.gov.pt\/ebspdffbranco\/wp-content\/uploads\/sites\/19\/2025\/02\/475676880_2353382765020498_3186783026389965332_n.jpg 1073w\" sizes=\"(max-width: 1024px) 100vw, 1024px\" \/><button\n\t\t\tclass=\"lightbox-trigger\"\n\t\t\ttype=\"button\"\n\t\t\taria-haspopup=\"dialog\"\n\t\t\taria-label=\"Ampliar\"\n\t\t\tdata-wp-init=\"callbacks.initTriggerButton\"\n\t\t\tdata-wp-on--click=\"actions.showLightbox\"\n\t\t\tdata-wp-style--right=\"state.imageButtonRight\"\n\t\t\tdata-wp-style--top=\"state.imageButtonTop\"\n\t\t>\n\t\t\t<svg xmlns=\"http:\/\/www.w3.org\/2000\/svg\" width=\"12\" height=\"12\" fill=\"none\" viewBox=\"0 0 12 12\">\n\t\t\t\t<path fill=\"#fff\" d=\"M2 0a2 2 0 0 0-2 2v2h1.5V2a.5.5 0 0 1 .5-.5h2V0H2Zm2 10.5H2a.5.5 0 0 1-.5-.5V8H0v2a2 2 0 0 0 2 2h2v-1.5ZM8 12v-1.5h2a.5.5 0 0 0 .5-.5V8H12v2a2 2 0 0 1-2 2H8Zm2-12a2 2 0 0 1 2 2v2h-1.5V2a.5.5 0 0 0-.5-.5H8V0h2Z\" \/>\n\t\t\t<\/svg>\n\t\t<\/button><\/figure>\n\n\n\n<figure data-wp-context=\"{&quot;imageId&quot;:&quot;69eec86372171&quot;}\" data-wp-interactive=\"core\/image\" data-wp-key=\"69eec86372171\" class=\"wp-block-image size-large is-resized is-style-rounded is-style-rounded--20 wp-lightbox-container\"><img loading=\"lazy\" decoding=\"async\" width=\"1024\" height=\"742\" data-wp-class--hide=\"state.isContentHidden\" data-wp-class--show=\"state.isContentVisible\" data-wp-init=\"callbacks.setButtonStyles\" data-wp-on--click=\"actions.showLightbox\" data-wp-on--load=\"callbacks.setButtonStyles\" data-wp-on-window--resize=\"callbacks.setButtonStyles\" src=\"https:\/\/escoladigital.madeira.gov.pt\/ebspdffbranco\/wp-content\/uploads\/sites\/19\/2025\/02\/474146045_922786890014971_2450308669368023111_n-1024x742.jpg\" alt=\"\" class=\"wp-image-3038\" style=\"width:386px;height:auto\" srcset=\"https:\/\/escoladigital.madeira.gov.pt\/ebspdffbranco\/wp-content\/uploads\/sites\/19\/2025\/02\/474146045_922786890014971_2450308669368023111_n-1024x742.jpg 1024w, https:\/\/escoladigital.madeira.gov.pt\/ebspdffbranco\/wp-content\/uploads\/sites\/19\/2025\/02\/474146045_922786890014971_2450308669368023111_n-300x218.jpg 300w, https:\/\/escoladigital.madeira.gov.pt\/ebspdffbranco\/wp-content\/uploads\/sites\/19\/2025\/02\/474146045_922786890014971_2450308669368023111_n-768x557.jpg 768w, https:\/\/escoladigital.madeira.gov.pt\/ebspdffbranco\/wp-content\/uploads\/sites\/19\/2025\/02\/474146045_922786890014971_2450308669368023111_n.jpg 1080w\" sizes=\"(max-width: 1024px) 100vw, 1024px\" \/><button\n\t\t\tclass=\"lightbox-trigger\"\n\t\t\ttype=\"button\"\n\t\t\taria-haspopup=\"dialog\"\n\t\t\taria-label=\"Ampliar\"\n\t\t\tdata-wp-init=\"callbacks.initTriggerButton\"\n\t\t\tdata-wp-on--click=\"actions.showLightbox\"\n\t\t\tdata-wp-style--right=\"state.imageButtonRight\"\n\t\t\tdata-wp-style--top=\"state.imageButtonTop\"\n\t\t>\n\t\t\t<svg xmlns=\"http:\/\/www.w3.org\/2000\/svg\" width=\"12\" height=\"12\" fill=\"none\" viewBox=\"0 0 12 12\">\n\t\t\t\t<path fill=\"#fff\" d=\"M2 0a2 2 0 0 0-2 2v2h1.5V2a.5.5 0 0 1 .5-.5h2V0H2Zm2 10.5H2a.5.5 0 0 1-.5-.5V8H0v2a2 2 0 0 0 2 2h2v-1.5ZM8 12v-1.5h2a.5.5 0 0 0 .5-.5V8H12v2a2 2 0 0 1-2 2H8Zm2-12a2 2 0 0 1 2 2v2h-1.5V2a.5.5 0 0 0-.5-.5H8V0h2Z\" \/>\n\t\t\t<\/svg>\n\t\t<\/button><\/figure>\n\n\n\n<p class=\"has-text-align-left has-medium-font-size\"><br><\/p>\n<\/div>\n\n\n\n<div class=\"wp-block-group is-nowrap is-layout-flex wp-container-core-group-is-layout-6c531013 wp-block-group-is-layout-flex\">\n<p class=\"has-text-align-left has-medium-font-size\">Um dos aspetos mais marcantes do curso foi a maior conscientiza\u00e7\u00e3o sobre os&nbsp;<strong>riscos e desafios \u00e9ticos<\/strong>&nbsp;da IA na educa\u00e7\u00e3o. Como educadora, tenho a responsabilidade de orientar as minhas alunas e os meus alunos n\u00e3o apenas no uso da IA como ferramenta, mas tamb\u00e9m na compreens\u00e3o das suas implica\u00e7\u00f5es e na tomada de decis\u00f5es informadas. Essa consci\u00eancia ajuda a desenvolver um senso de responsabilidade, permitindo que assumam o controle do pr\u00f3prio processo de aprendizagem, em vez de dependerem passivamente da tecnologia.<br><\/p>\n<\/div>\n\n\n\n<p class=\"has-text-align-left has-medium-font-size\">O que tornou a forma\u00e7\u00e3o ainda mais inspiradora foi a&nbsp;<strong>paix\u00e3o e compet\u00eancia da nossa formadora, Emma<\/strong>. O seu entusiasmo era contagiante, e ela demonstrou uma habilidade extraordin\u00e1ria para envolver e capacitar todas as professoras presentes. Atrav\u00e9s de atividades interativas, discuss\u00f5es instigantes e experi\u00eancias pr\u00e1ticas, mostrou-nos que a IA n\u00e3o se trata apenas de automa\u00e7\u00e3o, mas sim de&nbsp;<strong>potenciar o talento humano na educa\u00e7\u00e3o<\/strong>.<br><\/p>\n\n\n\n<div class=\"wp-block-group is-nowrap is-layout-flex wp-container-core-group-is-layout-6c531013 wp-block-group-is-layout-flex\">\n<p class=\"has-text-align-left has-medium-font-size\">Este curso mudou verdadeiramente a forma como vejo o meu papel como professora na era digital. Agora, sinto-me mais motivada do que nunca para integrar a IA de maneira consciente e estrat\u00e9gica no meu ensino, garantindo que ela seja uma ferramenta para&nbsp;<strong>crescimento, empoderamento e experi\u00eancias de aprendizagem significativas<\/strong>. O Erasmus+ voltou a demonstrar ser uma plataforma inestim\u00e1vel para o desenvolvimento profissional e pessoal, e estou profundamente grata pelos conhecimentos adquiridos e pelas conex\u00f5es criadas ao longo desta experi\u00eancia inesquec\u00edvel .\u201d<\/p>\n<\/div>\n<\/div>\n\n\n\n<figure class=\"wp-block-gallery has-nested-images columns-4 is-cropped wp-block-gallery-24 is-layout-flex wp-block-gallery-is-layout-flex\">\n<figure data-wp-context=\"{&quot;imageId&quot;:&quot;69eec86372da6&quot;}\" data-wp-interactive=\"core\/image\" data-wp-key=\"69eec86372da6\" class=\"wp-block-image size-large is-style-rounded is-style-rounded--21 wp-lightbox-container\"><img loading=\"lazy\" decoding=\"async\" width=\"1024\" height=\"768\" data-wp-class--hide=\"state.isContentHidden\" data-wp-class--show=\"state.isContentVisible\" data-wp-init=\"callbacks.setButtonStyles\" data-wp-on--click=\"actions.showLightbox\" data-wp-on--load=\"callbacks.setButtonStyles\" data-wp-on-window--resize=\"callbacks.setButtonStyles\" data-id=\"3041\" src=\"https:\/\/escoladigital.madeira.gov.pt\/ebspdffbranco\/wp-content\/uploads\/sites\/19\/2025\/02\/475727303_919133083711638_4892157858395403530_n-1024x768.jpg\" alt=\"\" class=\"wp-image-3041\" srcset=\"https:\/\/escoladigital.madeira.gov.pt\/ebspdffbranco\/wp-content\/uploads\/sites\/19\/2025\/02\/475727303_919133083711638_4892157858395403530_n-1024x768.jpg 1024w, https:\/\/escoladigital.madeira.gov.pt\/ebspdffbranco\/wp-content\/uploads\/sites\/19\/2025\/02\/475727303_919133083711638_4892157858395403530_n-300x225.jpg 300w, https:\/\/escoladigital.madeira.gov.pt\/ebspdffbranco\/wp-content\/uploads\/sites\/19\/2025\/02\/475727303_919133083711638_4892157858395403530_n-768x576.jpg 768w, https:\/\/escoladigital.madeira.gov.pt\/ebspdffbranco\/wp-content\/uploads\/sites\/19\/2025\/02\/475727303_919133083711638_4892157858395403530_n-1536x1152.jpg 1536w, https:\/\/escoladigital.madeira.gov.pt\/ebspdffbranco\/wp-content\/uploads\/sites\/19\/2025\/02\/475727303_919133083711638_4892157858395403530_n.jpg 2016w\" sizes=\"(max-width: 1024px) 100vw, 1024px\" \/><button\n\t\t\tclass=\"lightbox-trigger\"\n\t\t\ttype=\"button\"\n\t\t\taria-haspopup=\"dialog\"\n\t\t\taria-label=\"Ampliar\"\n\t\t\tdata-wp-init=\"callbacks.initTriggerButton\"\n\t\t\tdata-wp-on--click=\"actions.showLightbox\"\n\t\t\tdata-wp-style--right=\"state.imageButtonRight\"\n\t\t\tdata-wp-style--top=\"state.imageButtonTop\"\n\t\t>\n\t\t\t<svg xmlns=\"http:\/\/www.w3.org\/2000\/svg\" width=\"12\" height=\"12\" fill=\"none\" viewBox=\"0 0 12 12\">\n\t\t\t\t<path fill=\"#fff\" d=\"M2 0a2 2 0 0 0-2 2v2h1.5V2a.5.5 0 0 1 .5-.5h2V0H2Zm2 10.5H2a.5.5 0 0 1-.5-.5V8H0v2a2 2 0 0 0 2 2h2v-1.5ZM8 12v-1.5h2a.5.5 0 0 0 .5-.5V8H12v2a2 2 0 0 1-2 2H8Zm2-12a2 2 0 0 1 2 2v2h-1.5V2a.5.5 0 0 0-.5-.5H8V0h2Z\" \/>\n\t\t\t<\/svg>\n\t\t<\/button><\/figure>\n\n\n\n<figure data-wp-context=\"{&quot;imageId&quot;:&quot;69eec86373927&quot;}\" data-wp-interactive=\"core\/image\" data-wp-key=\"69eec86373927\" class=\"wp-block-image size-large is-style-rounded is-style-rounded--22 wp-lightbox-container\"><img loading=\"lazy\" decoding=\"async\" width=\"601\" height=\"1024\" data-wp-class--hide=\"state.isContentHidden\" data-wp-class--show=\"state.isContentVisible\" data-wp-init=\"callbacks.setButtonStyles\" data-wp-on--click=\"actions.showLightbox\" data-wp-on--load=\"callbacks.setButtonStyles\" data-wp-on-window--resize=\"callbacks.setButtonStyles\" data-id=\"3048\" src=\"https:\/\/escoladigital.madeira.gov.pt\/ebspdffbranco\/wp-content\/uploads\/sites\/19\/2025\/02\/475974746_860983512734457_4758247562444038315_n-1-601x1024.jpg\" alt=\"\" class=\"wp-image-3048\" srcset=\"https:\/\/escoladigital.madeira.gov.pt\/ebspdffbranco\/wp-content\/uploads\/sites\/19\/2025\/02\/475974746_860983512734457_4758247562444038315_n-1-601x1024.jpg 601w, https:\/\/escoladigital.madeira.gov.pt\/ebspdffbranco\/wp-content\/uploads\/sites\/19\/2025\/02\/475974746_860983512734457_4758247562444038315_n-1-176x300.jpg 176w, https:\/\/escoladigital.madeira.gov.pt\/ebspdffbranco\/wp-content\/uploads\/sites\/19\/2025\/02\/475974746_860983512734457_4758247562444038315_n-1.jpg 703w\" sizes=\"(max-width: 601px) 100vw, 601px\" \/><button\n\t\t\tclass=\"lightbox-trigger\"\n\t\t\ttype=\"button\"\n\t\t\taria-haspopup=\"dialog\"\n\t\t\taria-label=\"Ampliar\"\n\t\t\tdata-wp-init=\"callbacks.initTriggerButton\"\n\t\t\tdata-wp-on--click=\"actions.showLightbox\"\n\t\t\tdata-wp-style--right=\"state.imageButtonRight\"\n\t\t\tdata-wp-style--top=\"state.imageButtonTop\"\n\t\t>\n\t\t\t<svg xmlns=\"http:\/\/www.w3.org\/2000\/svg\" width=\"12\" height=\"12\" fill=\"none\" viewBox=\"0 0 12 12\">\n\t\t\t\t<path fill=\"#fff\" d=\"M2 0a2 2 0 0 0-2 2v2h1.5V2a.5.5 0 0 1 .5-.5h2V0H2Zm2 10.5H2a.5.5 0 0 1-.5-.5V8H0v2a2 2 0 0 0 2 2h2v-1.5ZM8 12v-1.5h2a.5.5 0 0 0 .5-.5V8H12v2a2 2 0 0 1-2 2H8Zm2-12a2 2 0 0 1 2 2v2h-1.5V2a.5.5 0 0 0-.5-.5H8V0h2Z\" \/>\n\t\t\t<\/svg>\n\t\t<\/button><\/figure>\n\n\n\n<figure data-wp-context=\"{&quot;imageId&quot;:&quot;69eec863741a1&quot;}\" data-wp-interactive=\"core\/image\" data-wp-key=\"69eec863741a1\" class=\"wp-block-image size-large is-style-rounded is-style-rounded--23 wp-lightbox-container\"><img loading=\"lazy\" decoding=\"async\" width=\"787\" height=\"1024\" data-wp-class--hide=\"state.isContentHidden\" data-wp-class--show=\"state.isContentVisible\" data-wp-init=\"callbacks.setButtonStyles\" data-wp-on--click=\"actions.showLightbox\" data-wp-on--load=\"callbacks.setButtonStyles\" data-wp-on-window--resize=\"callbacks.setButtonStyles\" data-id=\"3040\" src=\"https:\/\/escoladigital.madeira.gov.pt\/ebspdffbranco\/wp-content\/uploads\/sites\/19\/2025\/02\/476075481_1769964623848416_8424103869266462386_n-787x1024.jpg\" alt=\"\" class=\"wp-image-3040\" srcset=\"https:\/\/escoladigital.madeira.gov.pt\/ebspdffbranco\/wp-content\/uploads\/sites\/19\/2025\/02\/476075481_1769964623848416_8424103869266462386_n-787x1024.jpg 787w, https:\/\/escoladigital.madeira.gov.pt\/ebspdffbranco\/wp-content\/uploads\/sites\/19\/2025\/02\/476075481_1769964623848416_8424103869266462386_n-231x300.jpg 231w, https:\/\/escoladigital.madeira.gov.pt\/ebspdffbranco\/wp-content\/uploads\/sites\/19\/2025\/02\/476075481_1769964623848416_8424103869266462386_n-768x999.jpg 768w, https:\/\/escoladigital.madeira.gov.pt\/ebspdffbranco\/wp-content\/uploads\/sites\/19\/2025\/02\/476075481_1769964623848416_8424103869266462386_n.jpg 1080w\" sizes=\"(max-width: 787px) 100vw, 787px\" \/><button\n\t\t\tclass=\"lightbox-trigger\"\n\t\t\ttype=\"button\"\n\t\t\taria-haspopup=\"dialog\"\n\t\t\taria-label=\"Ampliar\"\n\t\t\tdata-wp-init=\"callbacks.initTriggerButton\"\n\t\t\tdata-wp-on--click=\"actions.showLightbox\"\n\t\t\tdata-wp-style--right=\"state.imageButtonRight\"\n\t\t\tdata-wp-style--top=\"state.imageButtonTop\"\n\t\t>\n\t\t\t<svg xmlns=\"http:\/\/www.w3.org\/2000\/svg\" width=\"12\" height=\"12\" fill=\"none\" viewBox=\"0 0 12 12\">\n\t\t\t\t<path fill=\"#fff\" d=\"M2 0a2 2 0 0 0-2 2v2h1.5V2a.5.5 0 0 1 .5-.5h2V0H2Zm2 10.5H2a.5.5 0 0 1-.5-.5V8H0v2a2 2 0 0 0 2 2h2v-1.5ZM8 12v-1.5h2a.5.5 0 0 0 .5-.5V8H12v2a2 2 0 0 1-2 2H8Zm2-12a2 2 0 0 1 2 2v2h-1.5V2a.5.5 0 0 0-.5-.5H8V0h2Z\" \/>\n\t\t\t<\/svg>\n\t\t<\/button><\/figure>\n<\/figure>\n\n\n\n<hr class=\"wp-block-separator has-text-color has-accent-color has-alpha-channel-opacity has-accent-background-color has-background is-style-wide\" \/>\n","protected":false},"excerpt":{"rendered":"<p>O projeto Caminhar, Construir e Capacitar, est\u00e1 inserido na A\u00e7\u00e3o-Chave1 \u2013 KA122 e \u00e9 coordenado pelas docentes Rosalina Gomes e S\u00f3nia Cortes\u00e3o. Os objetivos do projeto s\u00e3o capacitar o pessoal docente e n\u00e3o docente de ferramentas para trabalhar a diversidade cultural, social, a inclus\u00e3o, melhorar as compet\u00eancias digitais e lingu\u00edsticas e aumentar o trabalho e [&hellip;]<\/p>\n","protected":false},"author":28,"featured_media":0,"parent":0,"menu_order":0,"comment_status":"closed","ping_status":"closed","template":"","meta":{"_themeisle_gutenberg_block_has_review":false,"footnotes":""},"class_list":["post-3008","page","type-page","status-publish","hentry"],"_links":{"self":[{"href":"https:\/\/escoladigital.madeira.gov.pt\/ebspdffbranco\/wp-json\/wp\/v2\/pages\/3008","targetHints":{"allow":["GET"]}}],"collection":[{"href":"https:\/\/escoladigital.madeira.gov.pt\/ebspdffbranco\/wp-json\/wp\/v2\/pages"}],"about":[{"href":"https:\/\/escoladigital.madeira.gov.pt\/ebspdffbranco\/wp-json\/wp\/v2\/types\/page"}],"author":[{"embeddable":true,"href":"https:\/\/escoladigital.madeira.gov.pt\/ebspdffbranco\/wp-json\/wp\/v2\/users\/28"}],"replies":[{"embeddable":true,"href":"https:\/\/escoladigital.madeira.gov.pt\/ebspdffbranco\/wp-json\/wp\/v2\/comments?post=3008"}],"version-history":[{"count":57,"href":"https:\/\/escoladigital.madeira.gov.pt\/ebspdffbranco\/wp-json\/wp\/v2\/pages\/3008\/revisions"}],"predecessor-version":[{"id":4948,"href":"https:\/\/escoladigital.madeira.gov.pt\/ebspdffbranco\/wp-json\/wp\/v2\/pages\/3008\/revisions\/4948"}],"wp:attachment":[{"href":"https:\/\/escoladigital.madeira.gov.pt\/ebspdffbranco\/wp-json\/wp\/v2\/media?parent=3008"}],"curies":[{"name":"wp","href":"https:\/\/api.w.org\/{rel}","templated":true}]}}