{"id":315,"date":"2024-07-10T23:31:10","date_gmt":"2024-07-10T23:31:10","guid":{"rendered":"https:\/\/escoladigital.madeira.gov.pt\/ebspdffbranco\/?page_id=315"},"modified":"2025-07-28T16:08:17","modified_gmt":"2025-07-28T16:08:17","slug":"calendario-escolar","status":"publish","type":"page","link":"https:\/\/escoladigital.madeira.gov.pt\/ebspdffbranco\/calendario-escolar\/","title":{"rendered":"Calend\u00e1rio Escolar"},"content":{"rendered":"\n<blockquote class=\"wp-block-quote is-layout-flow wp-block-quote-is-layout-flow\" style=\"font-size:0.3rem\">\n<figure class=\"wp-block-image size-full\"><a href=\"https:\/\/escoladigital.madeira.gov.pt\/ebspdffbranco\/wp-content\/uploads\/sites\/19\/2025\/07\/ce20252026.png\" target=\"_blank\" rel=\"noreferrer noopener\"><img fetchpriority=\"high\" decoding=\"async\" width=\"587\" height=\"897\" src=\"https:\/\/escoladigital.madeira.gov.pt\/ebspdffbranco\/wp-content\/uploads\/sites\/19\/2025\/07\/ce20252026.png\" alt=\"\" class=\"wp-image-4262\" srcset=\"https:\/\/escoladigital.madeira.gov.pt\/ebspdffbranco\/wp-content\/uploads\/sites\/19\/2025\/07\/ce20252026.png 587w, https:\/\/escoladigital.madeira.gov.pt\/ebspdffbranco\/wp-content\/uploads\/sites\/19\/2025\/07\/ce20252026-196x300.png 196w\" sizes=\"(max-width: 587px) 100vw, 587px\" \/><\/a><\/figure>\n<\/blockquote>\n\n\n\n<p><strong><a href=\"https:\/\/escoladigital.madeira.gov.pt\/ebspdffbranco\/wp-content\/uploads\/sites\/19\/2025\/07\/IISerie-115-2025-06-30_despacho.pdf\" target=\"_blank\" rel=\"noreferrer noopener\">Despacho n.\u00ba 521\/2025<\/a><\/strong><a href=\"https:\/\/escoladigital.madeira.gov.pt\/ebspdffbranco\/wp-content\/uploads\/sites\/19\/2024\/08\/Despacho-358_2024_Calendario-Escolar.pdf\"><br><\/a><em>Aprova o Calend\u00e1rio Escolar para o ano letivo de 2025\/2026 dos estabelecimentos de educa\u00e7\u00e3o e ensino da rede p\u00fablica da Regi\u00e3o Aut\u00f3noma da Madeira.<\/em><\/p>\n\n\n\n<div style=\"height:100px\" aria-hidden=\"true\" class=\"wp-block-spacer\"><\/div>\n","protected":false},"excerpt":{"rendered":"<p>Despacho n.\u00ba 521\/2025Aprova o Calend\u00e1rio Escolar para o ano letivo de 2025\/2026 dos estabelecimentos de educa\u00e7\u00e3o e ensino da rede p\u00fablica da Regi\u00e3o Aut\u00f3noma da Madeira.<\/p>\n","protected":false},"author":28,"featured_media":0,"parent":0,"menu_order":0,"comment_status":"closed","ping_status":"closed","template":"","meta":{"_themeisle_gutenberg_block_has_review":false,"footnotes":""},"class_list":["post-315","page","type-page","status-publish","hentry"],"_links":{"self":[{"href":"https:\/\/escoladigital.madeira.gov.pt\/ebspdffbranco\/wp-json\/wp\/v2\/pages\/315","targetHints":{"allow":["GET"]}}],"collection":[{"href":"https:\/\/escoladigital.madeira.gov.pt\/ebspdffbranco\/wp-json\/wp\/v2\/pages"}],"about":[{"href":"https:\/\/escoladigital.madeira.gov.pt\/ebspdffbranco\/wp-json\/wp\/v2\/types\/page"}],"author":[{"embeddable":true,"href":"https:\/\/escoladigital.madeira.gov.pt\/ebspdffbranco\/wp-json\/wp\/v2\/users\/28"}],"replies":[{"embeddable":true,"href":"https:\/\/escoladigital.madeira.gov.pt\/ebspdffbranco\/wp-json\/wp\/v2\/comments?post=315"}],"version-history":[{"count":8,"href":"https:\/\/escoladigital.madeira.gov.pt\/ebspdffbranco\/wp-json\/wp\/v2\/pages\/315\/revisions"}],"predecessor-version":[{"id":4265,"href":"https:\/\/escoladigital.madeira.gov.pt\/ebspdffbranco\/wp-json\/wp\/v2\/pages\/315\/revisions\/4265"}],"wp:attachment":[{"href":"https:\/\/escoladigital.madeira.gov.pt\/ebspdffbranco\/wp-json\/wp\/v2\/media?parent=315"}],"curies":[{"name":"wp","href":"https:\/\/api.w.org\/{rel}","templated":true}]}}