{"id":329,"date":"2024-07-11T00:16:32","date_gmt":"2024-07-11T00:16:32","guid":{"rendered":"https:\/\/escoladigital.madeira.gov.pt\/ebspdffbranco\/?page_id=329"},"modified":"2025-03-14T13:04:57","modified_gmt":"2025-03-14T13:04:57","slug":"conselho-pedagogico","status":"publish","type":"page","link":"https:\/\/escoladigital.madeira.gov.pt\/ebspdffbranco\/conselho-pedagogico\/","title":{"rendered":"Conselho Pedag\u00f3gico"},"content":{"rendered":"\n<div id=\"wp-block-themeisle-blocks-advanced-columns-55e31fec\" class=\"wp-block-themeisle-blocks-advanced-columns has-2-columns has-desktop-twoOne-layout has-tablet-equal-layout has-mobile-collapsedRows-layout has-vertical-unset\"><div class=\"wp-block-themeisle-blocks-advanced-columns-overlay\"><\/div><div class=\"innerblocks-wrap\">\n<div id=\"wp-block-themeisle-blocks-advanced-column-947b5081\" class=\"wp-block-themeisle-blocks-advanced-column\">\n<figure class=\"wp-block-image size-large is-resized is-style-rounded is-style-rounded--1\"><img fetchpriority=\"high\" decoding=\"async\" width=\"1024\" height=\"768\" src=\"https:\/\/escoladigital.madeira.gov.pt\/ebspdffbranco\/wp-content\/uploads\/sites\/19\/2024\/07\/conselhopedagogicoimagens-1024x768.jpeg\" alt=\"\" class=\"wp-image-330\" style=\"width:364px;height:auto\" srcset=\"https:\/\/escoladigital.madeira.gov.pt\/ebspdffbranco\/wp-content\/uploads\/sites\/19\/2024\/07\/conselhopedagogicoimagens-1024x768.jpeg 1024w, https:\/\/escoladigital.madeira.gov.pt\/ebspdffbranco\/wp-content\/uploads\/sites\/19\/2024\/07\/conselhopedagogicoimagens-300x225.jpeg 300w, https:\/\/escoladigital.madeira.gov.pt\/ebspdffbranco\/wp-content\/uploads\/sites\/19\/2024\/07\/conselhopedagogicoimagens-768x576.jpeg 768w, https:\/\/escoladigital.madeira.gov.pt\/ebspdffbranco\/wp-content\/uploads\/sites\/19\/2024\/07\/conselhopedagogicoimagens-1536x1152.jpeg 1536w, https:\/\/escoladigital.madeira.gov.pt\/ebspdffbranco\/wp-content\/uploads\/sites\/19\/2024\/07\/conselhopedagogicoimagens-2048x1536.jpeg 2048w\" sizes=\"(max-width: 1024px) 100vw, 1024px\" \/><\/figure>\n<\/div>\n\n\n\n<div id=\"wp-block-themeisle-blocks-advanced-column-9e67aa5f\" class=\"wp-block-themeisle-blocks-advanced-column\">\n<p>O&nbsp;<strong>Conselho Pedag\u00f3gico<\/strong>&nbsp;\u00e9 um org\u00e3o que tem como compet\u00eancias aprovar os regulamentos espec\u00edficos das v\u00e1rias estruturas e servi\u00e7os de apoio da escola; aprovar os regulamentos das instala\u00e7\u00f5es espec\u00edficas que lhe forem apresentadas e exercer as demais compet\u00eancias previstas na legisla\u00e7\u00e3o em vigor.<\/p>\n<\/div>\n<\/div><\/div>\n\n\n\n<div style=\"height:40px\" aria-hidden=\"true\" class=\"wp-block-spacer\"><\/div>\n\n\n\n<div class=\"wp-block-columns is-layout-flex wp-container-core-columns-is-layout-28f84493 wp-block-columns-is-layout-flex\">\n<div class=\"wp-block-column is-layout-flow wp-block-column-is-layout-flow\">\n<p class=\"has-text-align-center\"><strong>Presidente do Conselho Pedag\u00f3gico<\/strong><\/p>\n\n\n\n<p class=\"has-text-align-center\">Maria Jos\u00e9 de Sousa Vital&nbsp;<\/p>\n\n\n\n<hr class=\"wp-block-separator aligncenter has-alpha-channel-opacity\" \/>\n\n\n\n<p><strong>Coordenadora do Pr\u00e9-escolar e creche<\/strong><\/p>\n\n\n\n<p class=\"has-text-align-center\">Maria Julieta Ribeiro Queiroz Mendon\u00e7a<\/p>\n\n\n\n<p class=\"has-text-align-center\"><strong>Coordenador do 1.\u00ba Ciclo<\/strong>&nbsp;<\/p>\n\n\n\n<p class=\"has-text-align-center\">\u00c9lvio Rui Teixeira de Sousa<\/p>\n\n\n\n<p class=\"has-text-align-center\"><strong>Coordenador do 2.\u00ba Ciclo<\/strong><\/p>\n\n\n\n<p class=\"has-text-align-center\">Armando Santos Marques Neves<\/p>\n\n\n\n<p class=\"has-text-align-center\"><strong>Coordenador do 3.\u00ba Ciclo<\/strong><\/p>\n\n\n\n<p class=\"has-text-align-center\">Jo\u00e3o Carlos Henrique da Silva<\/p>\n\n\n\n<p class=\"has-text-align-center\"><strong>Coordenadora do Ensino Secund\u00e1rio<\/strong><\/p>\n\n\n\n<p class=\"has-text-align-center\">Gina Maria de Oliveira de Brito e Mendes<\/p>\n\n\n\n<hr class=\"wp-block-separator aligncenter has-alpha-channel-opacity\" \/>\n\n\n\n<p class=\"has-text-align-center\"><strong>Coordenador da Forma\u00e7\u00e3o Cont\u00ednua<\/strong><\/p>\n\n\n\n<p class=\"has-text-align-center\">Carlos Alberto Mourinha da Silva Rapoula<\/p>\n\n\n\n<hr class=\"wp-block-separator aligncenter has-alpha-channel-opacity\" \/>\n\n\n\n<p class=\"has-text-align-center\"><strong>Coordenadora das Atividades de Complemento Curricular<\/strong><\/p>\n\n\n\n<p class=\"has-text-align-center\">Ana Filipa Gouveia Abreu<\/p>\n\n\n\n<hr class=\"wp-block-separator aligncenter has-alpha-channel-opacity\" \/>\n\n\n\n<p class=\"has-text-align-center\">&nbsp;<\/p>\n<\/div>\n\n\n\n<div class=\"wp-block-column is-layout-flow wp-block-column-is-layout-flow\">\n<p class=\"has-text-align-center\"><strong>Coordenador do TIC<\/strong>&nbsp;<\/p>\n\n\n\n<p class=\"has-text-align-center\">Artur Francisco Baixinho Pereira<\/p>\n\n\n\n<hr class=\"wp-block-separator aligncenter has-alpha-channel-opacity\" \/>\n\n\n\n<p class=\"has-text-align-center\"><strong>Coordenador do Departamento de L\u00ednguas<\/strong><\/p>\n\n\n\n<p class=\"has-text-align-center\">Ant\u00f3nio Constantino Pereira Fernandes Duro<\/p>\n\n\n\n<p class=\"has-text-align-center\"><strong>Coordenador do Departamento de Ci\u00eancias Humanas e Sociais<\/strong><\/p>\n\n\n\n<p class=\"has-text-align-center\">Andreia Moreira Mota<\/p>\n\n\n\n<p class=\"has-text-align-center\"><strong>Coordenador do Departamento de Ci\u00eancias Exatas e da Natureza e Tecnologias<\/strong><\/p>\n\n\n\n<p class=\"has-text-align-center\">Duarte Filipe Ramos do Ros\u00e1rio<\/p>\n\n\n\n<p class=\"has-text-align-center\"><strong>&nbsp;Coordenadora do Departamento de Express\u00f5es<\/strong><\/p>\n\n\n\n<p class=\"has-text-align-center\">Isabel Maria Santos Estrela<\/p>\n\n\n\n<hr class=\"wp-block-separator aligncenter has-alpha-channel-opacity\" \/>\n\n\n\n<p class=\"has-text-align-center\"><strong>Presidente do Conselho Executivo<\/strong><\/p>\n\n\n\n<p class=\"has-text-align-center\">Jos\u00e9 Ricardo Teixeira Vasconcelos<\/p>\n<\/div>\n<\/div>\n\n\n\n<div style=\"height:100px\" aria-hidden=\"true\" class=\"wp-block-spacer\"><\/div>\n","protected":false},"excerpt":{"rendered":"<p>Presidente do Conselho Pedag\u00f3gico Maria Jos\u00e9 de Sousa Vital&nbsp; Coordenadora do Pr\u00e9-escolar e creche Maria Julieta Ribeiro Queiroz Mendon\u00e7a Coordenador do 1.\u00ba Ciclo&nbsp; \u00c9lvio Rui Teixeira de Sousa Coordenador do 2.\u00ba Ciclo Armando Santos Marques Neves Coordenador do 3.\u00ba Ciclo Jo\u00e3o Carlos Henrique da Silva Coordenadora do Ensino Secund\u00e1rio Gina Maria de Oliveira de Brito [&hellip;]<\/p>\n","protected":false},"author":28,"featured_media":0,"parent":0,"menu_order":0,"comment_status":"closed","ping_status":"closed","template":"","meta":{"_themeisle_gutenberg_block_has_review":false,"footnotes":""},"class_list":["post-329","page","type-page","status-publish","hentry"],"_links":{"self":[{"href":"https:\/\/escoladigital.madeira.gov.pt\/ebspdffbranco\/wp-json\/wp\/v2\/pages\/329","targetHints":{"allow":["GET"]}}],"collection":[{"href":"https:\/\/escoladigital.madeira.gov.pt\/ebspdffbranco\/wp-json\/wp\/v2\/pages"}],"about":[{"href":"https:\/\/escoladigital.madeira.gov.pt\/ebspdffbranco\/wp-json\/wp\/v2\/types\/page"}],"author":[{"embeddable":true,"href":"https:\/\/escoladigital.madeira.gov.pt\/ebspdffbranco\/wp-json\/wp\/v2\/users\/28"}],"replies":[{"embeddable":true,"href":"https:\/\/escoladigital.madeira.gov.pt\/ebspdffbranco\/wp-json\/wp\/v2\/comments?post=329"}],"version-history":[{"count":14,"href":"https:\/\/escoladigital.madeira.gov.pt\/ebspdffbranco\/wp-json\/wp\/v2\/pages\/329\/revisions"}],"predecessor-version":[{"id":3321,"href":"https:\/\/escoladigital.madeira.gov.pt\/ebspdffbranco\/wp-json\/wp\/v2\/pages\/329\/revisions\/3321"}],"wp:attachment":[{"href":"https:\/\/escoladigital.madeira.gov.pt\/ebspdffbranco\/wp-json\/wp\/v2\/media?parent=329"}],"curies":[{"name":"wp","href":"https:\/\/api.w.org\/{rel}","templated":true}]}}