{"id":4908,"date":"2026-01-05T23:47:08","date_gmt":"2026-01-05T23:47:08","guid":{"rendered":"https:\/\/escoladigital.madeira.gov.pt\/ebspdffbranco\/?page_id=4908"},"modified":"2026-04-17T20:18:57","modified_gmt":"2026-04-17T20:18:57","slug":"digiconet-erasmus","status":"publish","type":"page","link":"https:\/\/escoladigital.madeira.gov.pt\/ebspdffbranco\/digiconet-erasmus\/","title":{"rendered":"DigiCoNet  Erasmus +"},"content":{"rendered":"\n<figure class=\"wp-block-image size-large\"><a href=\"https:\/\/erasmuspxo.wixsite.com\/digiconet\" target=\"_blank\" rel=\" noreferrer noopener\"><img fetchpriority=\"high\" decoding=\"async\" width=\"1024\" height=\"386\" src=\"https:\/\/escoladigital.madeira.gov.pt\/ebspdffbranco\/wp-content\/uploads\/sites\/19\/2026\/01\/Logo-Digionet-1024x386.png\" alt=\"\" class=\"wp-image-4909\" srcset=\"https:\/\/escoladigital.madeira.gov.pt\/ebspdffbranco\/wp-content\/uploads\/sites\/19\/2026\/01\/Logo-Digionet-1024x386.png 1024w, https:\/\/escoladigital.madeira.gov.pt\/ebspdffbranco\/wp-content\/uploads\/sites\/19\/2026\/01\/Logo-Digionet-300x113.png 300w, https:\/\/escoladigital.madeira.gov.pt\/ebspdffbranco\/wp-content\/uploads\/sites\/19\/2026\/01\/Logo-Digionet-768x289.png 768w, https:\/\/escoladigital.madeira.gov.pt\/ebspdffbranco\/wp-content\/uploads\/sites\/19\/2026\/01\/Logo-Digionet.png 1176w\" sizes=\"(max-width: 1024px) 100vw, 1024px\" \/><\/a><\/figure>\n\n\n\n<div class=\"wp-block-group alignfull has-base-background-color has-background is-vertical is-content-justification-center is-layout-flex wp-container-core-group-is-layout-d4d7a0fb wp-block-group-is-layout-flex\" style=\"margin-top:0;margin-bottom:0;padding-top:var(--wp--preset--spacing--30);padding-right:var(--wp--preset--spacing--50);padding-bottom:var(--wp--preset--spacing--30);padding-left:var(--wp--preset--spacing--50)\">\n<p class=\"has-text-color has-link-color has-medium-font-size wp-elements-06c7934bb1ff43e43b04df14c6ebb17e\" style=\"color:#69a873\"><strong>Vis\u00e3o Geral do Projeto<\/strong><\/p>\n\n\n\n<p class=\"has-text-color has-link-color has-medium-font-size wp-elements-01eab2d3480624f8f67d868e6c5d0dda\" style=\"color:#69a873\"><strong>Atividades<\/strong><\/p>\n\n\n\n<p class=\"has-text-align-center\">A <strong>DigiCoNet <\/strong>liga escolas de seis pa\u00edses europeus para fomentar a inova\u00e7\u00e3o e refor\u00e7ar a compet\u00eancia digital na educa\u00e7\u00e3o.<br>O projeto desenvolve curr\u00edculos integrados com IA e inclusivos, capacitando tanto professores como alunos para utilizar a tecnologia de forma eficaz no processo de aprendizagem. Ao promover a colabora\u00e7\u00e3o, a criatividade e a inclus\u00e3o digital, visa construir uma rede europeia sustent\u00e1vel para a transforma\u00e7\u00e3o digital nas escolas. <\/p>\n\n\n\n<p class=\"has-text-align-left\">Forma\u00e7\u00e3o de Pessoal em Tecnopedagogia na Turquia e na Bulg\u00e1ria.<br>Mobilidade Mista para alunos, focada na aprendizagem entre pares.<br>Reuni\u00f5es Transnacionais do Projeto para coordena\u00e7\u00e3o e avalia\u00e7\u00e3o.<br>Resultados Intelectuais: Curr\u00edculo DigiCoNet, M\u00f3dulos de Ensino, Aplica\u00e7\u00e3o M\u00f3vel, Plataforma Online.<br><\/p>\n\n\n\n<hr class=\"wp-block-separator has-alpha-channel-opacity\" \/>\n\n\n\n<h3 class=\"wp-block-heading has-text-color has-link-color wp-elements-572a076de11572df8c39ac858b016ae7\" style=\"color:#81b784\"><strong>Erasmus+ KA220 &#8220;DigiCoNet&#8221; &#8211; It\u00e1lia, entre os dias 23 e 25 de novembro <\/strong><\/h3>\n\n\n\n<hr class=\"wp-block-separator has-alpha-channel-opacity is-style-wide\" \/>\n\n\n\n<figure class=\"wp-block-image size-medium\"><a href=\"https:\/\/escoladigital.madeira.gov.pt\/ebspdffbranco\/wp-content\/uploads\/sites\/19\/2026\/01\/bandeita.jpg\" target=\"_blank\" rel=\" noreferrer noopener\"><img decoding=\"async\" width=\"225\" height=\"300\" src=\"https:\/\/escoladigital.madeira.gov.pt\/ebspdffbranco\/wp-content\/uploads\/sites\/19\/2026\/01\/bandeita-225x300.jpg\" alt=\"\" class=\"wp-image-4956\" style=\"object-fit:cover\" srcset=\"https:\/\/escoladigital.madeira.gov.pt\/ebspdffbranco\/wp-content\/uploads\/sites\/19\/2026\/01\/bandeita-225x300.jpg 225w, https:\/\/escoladigital.madeira.gov.pt\/ebspdffbranco\/wp-content\/uploads\/sites\/19\/2026\/01\/bandeita-768x1024.jpg 768w, https:\/\/escoladigital.madeira.gov.pt\/ebspdffbranco\/wp-content\/uploads\/sites\/19\/2026\/01\/bandeita-1152x1536.jpg 1152w, https:\/\/escoladigital.madeira.gov.pt\/ebspdffbranco\/wp-content\/uploads\/sites\/19\/2026\/01\/bandeita.jpg 1536w\" sizes=\"(max-width: 225px) 100vw, 225px\" \/><\/a><\/figure>\n\n\n\n<p>\u00c9 com imensa satisfa\u00e7\u00e3o e orgulho que partilhamos a experi\u00eancia vivida na primeira Reuni\u00e3o Transnacional do projeto Erasmus+ KA220 \u201cDigiCoNet&#8221; (Rede de Compet\u00eancias Digitais na Educa\u00e7\u00e3o Escolar) que decorreu em It\u00e1lia, entre 23 e 25 de novembro. Para a nossa escola do Porto Santo, coordenar este encontro foi uma experi\u00eancia que nos encheu de orgulho e de um sentido profundo de responsabilidade.<\/p>\n\n\n\n<p>A nossa equipa foi representada nesta primeira mobilidade pela Coordenadora do Projeto, docente Dalila Peixe, pela docente da disciplina de Tecnologias da  Informa\u00e7\u00e3o e Comunica\u00e7\u00e3o,  Filipa Abreu e pelo docente Coordenador do Projeto 3DWorks, Roberto Le\u00e3o, que sentiram o peso e a alegria de representar a nossa ilha num cen\u00e1rio europeu. <\/p>\n\n\n\n<p>Fomos recebidos de bra\u00e7os abertos pela comunidade do Istituto Statale d&#8217;Istruzione Superiore &#8220;E. Mattei&#8221;, em Fiorenzuola d\u2019Arda. Finalmente, os nomes dos nossos parceiros da Rom\u00e9nia, Turquia, It\u00e1lia, Espanha e Bulg\u00e1ria ganharam rostos, sorrisos e hist\u00f3rias. Foi o momento de dizer &#8220;muito prazer&#8221;, pessoalmente, depois de tanto planificar \u00e0 dist\u00e2ncia.<\/p>\n\n\n\n<p>Como era o nosso primeiro encontro, come\u00e7\u00e1mos por nos apresentar. Cada escola mostrou um pouco do seu pa\u00eds, da sua cidade e da sua identidade. Foi assim que, entre din\u00e2micas de grupo e partilhas, come\u00e7\u00e1mos a construir muito mais do que um projeto: constru\u00edmos uma equipa.<br>Mergulh\u00e1mos de cabe\u00e7a na estrutura daquilo que vamos construir juntos ao longo dos pr\u00f3ximos dois anos. Esbo\u00e7\u00e1mos os nossos futuros recursos educativos, assegurando que ser\u00e3o \u00fateis, coerentes e de qualidade para todos. Pass\u00e1mos depois \u00e0 a\u00e7\u00e3o pr\u00e1tica: desenh\u00e1mos, detalhe a detalhe, o calend\u00e1rio do projeto num diagrama de GANTT, marcando no mapa os momentos mais esperados, como as futuras mobilidades de alunos e professores. <\/p>\n\n\n\n<figure class=\"wp-block-gallery has-nested-images columns-7 is-cropped wp-block-gallery-1 is-layout-flex wp-block-gallery-is-layout-flex\">\n<figure class=\"wp-block-image size-large\"><a href=\"https:\/\/escoladigital.madeira.gov.pt\/ebspdffbranco\/wp-content\/uploads\/sites\/19\/2026\/01\/IMG_5068-scaled.jpg\" target=\"_blank\" rel=\" noreferrer noopener\"><img decoding=\"async\" width=\"1024\" height=\"768\" data-id=\"4966\" src=\"https:\/\/escoladigital.madeira.gov.pt\/ebspdffbranco\/wp-content\/uploads\/sites\/19\/2026\/01\/IMG_5068-1024x768.jpg\" alt=\"\" class=\"wp-image-4966\" srcset=\"https:\/\/escoladigital.madeira.gov.pt\/ebspdffbranco\/wp-content\/uploads\/sites\/19\/2026\/01\/IMG_5068-1024x768.jpg 1024w, https:\/\/escoladigital.madeira.gov.pt\/ebspdffbranco\/wp-content\/uploads\/sites\/19\/2026\/01\/IMG_5068-300x225.jpg 300w, https:\/\/escoladigital.madeira.gov.pt\/ebspdffbranco\/wp-content\/uploads\/sites\/19\/2026\/01\/IMG_5068-768x576.jpg 768w, https:\/\/escoladigital.madeira.gov.pt\/ebspdffbranco\/wp-content\/uploads\/sites\/19\/2026\/01\/IMG_5068-1536x1152.jpg 1536w, https:\/\/escoladigital.madeira.gov.pt\/ebspdffbranco\/wp-content\/uploads\/sites\/19\/2026\/01\/IMG_5068-2048x1536.jpg 2048w\" sizes=\"(max-width: 1024px) 100vw, 1024px\" \/><\/a><\/figure>\n\n\n\n<figure class=\"wp-block-image size-large\"><a href=\"https:\/\/escoladigital.madeira.gov.pt\/ebspdffbranco\/wp-content\/uploads\/sites\/19\/2026\/01\/IMG_5077-scaled.jpg\" target=\"_blank\" rel=\" noreferrer noopener\"><img loading=\"lazy\" decoding=\"async\" width=\"803\" height=\"1024\" data-id=\"4964\" src=\"https:\/\/escoladigital.madeira.gov.pt\/ebspdffbranco\/wp-content\/uploads\/sites\/19\/2026\/01\/IMG_5077-803x1024.jpg\" alt=\"\" class=\"wp-image-4964\" srcset=\"https:\/\/escoladigital.madeira.gov.pt\/ebspdffbranco\/wp-content\/uploads\/sites\/19\/2026\/01\/IMG_5077-803x1024.jpg 803w, https:\/\/escoladigital.madeira.gov.pt\/ebspdffbranco\/wp-content\/uploads\/sites\/19\/2026\/01\/IMG_5077-235x300.jpg 235w, https:\/\/escoladigital.madeira.gov.pt\/ebspdffbranco\/wp-content\/uploads\/sites\/19\/2026\/01\/IMG_5077-768x980.jpg 768w, https:\/\/escoladigital.madeira.gov.pt\/ebspdffbranco\/wp-content\/uploads\/sites\/19\/2026\/01\/IMG_5077-1204x1536.jpg 1204w, https:\/\/escoladigital.madeira.gov.pt\/ebspdffbranco\/wp-content\/uploads\/sites\/19\/2026\/01\/IMG_5077-1605x2048.jpg 1605w, https:\/\/escoladigital.madeira.gov.pt\/ebspdffbranco\/wp-content\/uploads\/sites\/19\/2026\/01\/IMG_5077-scaled.jpg 2007w\" sizes=\"(max-width: 803px) 100vw, 803px\" \/><\/a><\/figure>\n\n\n\n<figure class=\"wp-block-image size-large\"><a href=\"https:\/\/escoladigital.madeira.gov.pt\/ebspdffbranco\/wp-content\/uploads\/sites\/19\/2026\/01\/IMG_5088-scaled.jpg\" target=\"_blank\" rel=\" noreferrer noopener\"><img loading=\"lazy\" decoding=\"async\" width=\"768\" height=\"1024\" data-id=\"4967\" src=\"https:\/\/escoladigital.madeira.gov.pt\/ebspdffbranco\/wp-content\/uploads\/sites\/19\/2026\/01\/IMG_5088-768x1024.jpg\" alt=\"\" class=\"wp-image-4967\" srcset=\"https:\/\/escoladigital.madeira.gov.pt\/ebspdffbranco\/wp-content\/uploads\/sites\/19\/2026\/01\/IMG_5088-768x1024.jpg 768w, https:\/\/escoladigital.madeira.gov.pt\/ebspdffbranco\/wp-content\/uploads\/sites\/19\/2026\/01\/IMG_5088-225x300.jpg 225w, https:\/\/escoladigital.madeira.gov.pt\/ebspdffbranco\/wp-content\/uploads\/sites\/19\/2026\/01\/IMG_5088-1152x1536.jpg 1152w, https:\/\/escoladigital.madeira.gov.pt\/ebspdffbranco\/wp-content\/uploads\/sites\/19\/2026\/01\/IMG_5088-1536x2048.jpg 1536w, https:\/\/escoladigital.madeira.gov.pt\/ebspdffbranco\/wp-content\/uploads\/sites\/19\/2026\/01\/IMG_5088-scaled.jpg 1920w\" sizes=\"(max-width: 768px) 100vw, 768px\" \/><\/a><\/figure>\n\n\n\n<figure class=\"wp-block-image size-large\"><a href=\"https:\/\/escoladigital.madeira.gov.pt\/ebspdffbranco\/wp-content\/uploads\/sites\/19\/2026\/01\/IMG_5096-scaled.jpg\" target=\"_blank\" rel=\" noreferrer noopener\"><img loading=\"lazy\" decoding=\"async\" width=\"768\" height=\"1024\" data-id=\"4965\" src=\"https:\/\/escoladigital.madeira.gov.pt\/ebspdffbranco\/wp-content\/uploads\/sites\/19\/2026\/01\/IMG_5096-768x1024.jpg\" alt=\"\" class=\"wp-image-4965\" srcset=\"https:\/\/escoladigital.madeira.gov.pt\/ebspdffbranco\/wp-content\/uploads\/sites\/19\/2026\/01\/IMG_5096-768x1024.jpg 768w, https:\/\/escoladigital.madeira.gov.pt\/ebspdffbranco\/wp-content\/uploads\/sites\/19\/2026\/01\/IMG_5096-225x300.jpg 225w, https:\/\/escoladigital.madeira.gov.pt\/ebspdffbranco\/wp-content\/uploads\/sites\/19\/2026\/01\/IMG_5096-1152x1536.jpg 1152w, https:\/\/escoladigital.madeira.gov.pt\/ebspdffbranco\/wp-content\/uploads\/sites\/19\/2026\/01\/IMG_5096-1536x2048.jpg 1536w, https:\/\/escoladigital.madeira.gov.pt\/ebspdffbranco\/wp-content\/uploads\/sites\/19\/2026\/01\/IMG_5096-scaled.jpg 1920w\" sizes=\"(max-width: 768px) 100vw, 768px\" \/><\/a><\/figure>\n\n\n\n<figure class=\"wp-block-image size-large\"><a href=\"https:\/\/escoladigital.madeira.gov.pt\/ebspdffbranco\/wp-content\/uploads\/sites\/19\/2026\/01\/ita1-1.jpg\" target=\"_blank\" rel=\" noreferrer noopener\"><img loading=\"lazy\" decoding=\"async\" width=\"768\" height=\"1024\" data-id=\"4961\" src=\"https:\/\/escoladigital.madeira.gov.pt\/ebspdffbranco\/wp-content\/uploads\/sites\/19\/2026\/01\/ita1-1-768x1024.jpg\" alt=\"\" class=\"wp-image-4961\" srcset=\"https:\/\/escoladigital.madeira.gov.pt\/ebspdffbranco\/wp-content\/uploads\/sites\/19\/2026\/01\/ita1-1-768x1024.jpg 768w, https:\/\/escoladigital.madeira.gov.pt\/ebspdffbranco\/wp-content\/uploads\/sites\/19\/2026\/01\/ita1-1-225x300.jpg 225w, https:\/\/escoladigital.madeira.gov.pt\/ebspdffbranco\/wp-content\/uploads\/sites\/19\/2026\/01\/ita1-1-1152x1536.jpg 1152w, https:\/\/escoladigital.madeira.gov.pt\/ebspdffbranco\/wp-content\/uploads\/sites\/19\/2026\/01\/ita1-1.jpg 1536w\" sizes=\"(max-width: 768px) 100vw, 768px\" \/><\/a><\/figure>\n\n\n\n<figure class=\"wp-block-image size-large\"><a href=\"https:\/\/escoladigital.madeira.gov.pt\/ebspdffbranco\/wp-content\/uploads\/sites\/19\/2026\/01\/ita2.jpg\" target=\"_blank\" rel=\" noreferrer noopener\"><img loading=\"lazy\" decoding=\"async\" width=\"768\" height=\"1024\" data-id=\"4962\" src=\"https:\/\/escoladigital.madeira.gov.pt\/ebspdffbranco\/wp-content\/uploads\/sites\/19\/2026\/01\/ita2-768x1024.jpg\" alt=\"\" class=\"wp-image-4962\" srcset=\"https:\/\/escoladigital.madeira.gov.pt\/ebspdffbranco\/wp-content\/uploads\/sites\/19\/2026\/01\/ita2-768x1024.jpg 768w, https:\/\/escoladigital.madeira.gov.pt\/ebspdffbranco\/wp-content\/uploads\/sites\/19\/2026\/01\/ita2-225x300.jpg 225w, https:\/\/escoladigital.madeira.gov.pt\/ebspdffbranco\/wp-content\/uploads\/sites\/19\/2026\/01\/ita2-1152x1536.jpg 1152w, https:\/\/escoladigital.madeira.gov.pt\/ebspdffbranco\/wp-content\/uploads\/sites\/19\/2026\/01\/ita2.jpg 1536w\" sizes=\"(max-width: 768px) 100vw, 768px\" \/><\/a><\/figure>\n\n\n\n<figure class=\"wp-block-image size-large\"><a href=\"https:\/\/escoladigital.madeira.gov.pt\/ebspdffbranco\/wp-content\/uploads\/sites\/19\/2026\/01\/ita3-1.jpg\" target=\"_blank\" rel=\" noreferrer noopener\"><img loading=\"lazy\" decoding=\"async\" width=\"768\" height=\"1024\" data-id=\"4963\" src=\"https:\/\/escoladigital.madeira.gov.pt\/ebspdffbranco\/wp-content\/uploads\/sites\/19\/2026\/01\/ita3-1-768x1024.jpg\" alt=\"\" class=\"wp-image-4963\" srcset=\"https:\/\/escoladigital.madeira.gov.pt\/ebspdffbranco\/wp-content\/uploads\/sites\/19\/2026\/01\/ita3-1-768x1024.jpg 768w, https:\/\/escoladigital.madeira.gov.pt\/ebspdffbranco\/wp-content\/uploads\/sites\/19\/2026\/01\/ita3-1-225x300.jpg 225w, https:\/\/escoladigital.madeira.gov.pt\/ebspdffbranco\/wp-content\/uploads\/sites\/19\/2026\/01\/ita3-1-1152x1536.jpg 1152w, https:\/\/escoladigital.madeira.gov.pt\/ebspdffbranco\/wp-content\/uploads\/sites\/19\/2026\/01\/ita3-1.jpg 1536w\" sizes=\"(max-width: 768px) 100vw, 768px\" \/><\/a><\/figure>\n<\/figure>\n\n\n\n<p>Foi igualmente crucial sentarmos todos \u00e0 mesma mesa para alinhar as formas como vamos monitorizar este percurso, garantindo transpar\u00eancia e efic\u00e1cia em cada passo. No fundo, este projeto, que come\u00e7ou a 6 de outubro, \u00e9 sobre pessoas. Os nossos alunos s\u00e3o o seu cora\u00e7\u00e3o pulsante \u2013 ter\u00e3o a oportunidade \u00fanica de viajar, colaborar com jovens de outras culturas e desenvolver compet\u00eancias para o futuro. Os nossos professores s\u00e3o a sua for\u00e7a motora \u2013 atrav\u00e9s da forma\u00e7\u00e3o e da partilha de experi\u00eancias, v\u00e3o trazer nova energia e inova\u00e7\u00e3o para dentro da nossa sala de aula.<\/p>\n\n\n\n<p>Este arranque em It\u00e1lia deixou-nos uma certeza que levaremos para sempre: o tamanho dos nossos sonhos n\u00e3o se mede pelo mapa. A partir da nossa pequena ilha, estamos a liderar, a inovar e a materializar um projeto com uma dimens\u00e3o verdadeiramente europeia. \u00c9 a prova viva do que a nossa comunidade escolar&nbsp;\u00e9&nbsp;capaz.<\/p>\n<\/div>\n\n\n\n<div class=\"wp-block-group alignfull has-background is-vertical is-content-justification-center is-layout-flex wp-container-core-group-is-layout-d4d7a0fb wp-block-group-is-layout-flex\" style=\"background-color:#e4e4e4;margin-top:0;margin-bottom:0;padding-top:var(--wp--preset--spacing--30);padding-right:var(--wp--preset--spacing--50);padding-bottom:var(--wp--preset--spacing--30);padding-left:var(--wp--preset--spacing--50)\">\n<h3 class=\"wp-block-heading has-text-color has-link-color wp-elements-94b28446f60c29930ad3b716fa5fd8b5\" style=\"color:#81b784\"><strong>Mobilidade DigiCoNet na Turquia &#8211;<\/strong> <strong>Inova\u00e7\u00e3o e integra\u00e7\u00e3o STEAM<\/strong><\/h3>\n\n\n\n<hr class=\"wp-block-separator has-alpha-channel-opacity is-style-wide\" \/>\n\n\n\n<figure class=\"wp-block-image size-medium\"><a href=\"https:\/\/escoladigital.madeira.gov.pt\/ebspdffbranco\/wp-content\/uploads\/sites\/19\/2026\/04\/EscolaTurquia1.jpeg\" target=\"_blank\" rel=\" noreferrer noopener\"><img loading=\"lazy\" decoding=\"async\" width=\"225\" height=\"300\" src=\"https:\/\/escoladigital.madeira.gov.pt\/ebspdffbranco\/wp-content\/uploads\/sites\/19\/2026\/04\/EscolaTurquia1-225x300.jpeg\" alt=\"\" class=\"wp-image-5190\" style=\"object-fit:cover\" srcset=\"https:\/\/escoladigital.madeira.gov.pt\/ebspdffbranco\/wp-content\/uploads\/sites\/19\/2026\/04\/EscolaTurquia1-225x300.jpeg 225w, https:\/\/escoladigital.madeira.gov.pt\/ebspdffbranco\/wp-content\/uploads\/sites\/19\/2026\/04\/EscolaTurquia1-768x1024.jpeg 768w, https:\/\/escoladigital.madeira.gov.pt\/ebspdffbranco\/wp-content\/uploads\/sites\/19\/2026\/04\/EscolaTurquia1-1152x1536.jpeg 1152w, https:\/\/escoladigital.madeira.gov.pt\/ebspdffbranco\/wp-content\/uploads\/sites\/19\/2026\/04\/EscolaTurquia1.jpeg 1536w\" sizes=\"(max-width: 225px) 100vw, 225px\" \/><\/a><\/figure>\n\n\n\n<p>Entre os dias 9 e 13 de mar\u00e7o, quatro docentes da nossa escola \u2013 que \u00e9 a coordenadora do projeto Erasmus+ KA220 \u201c DigiCoNet \u201d (Rede de Compet\u00eancias Digitais na Educa\u00e7\u00e3o Escolar) \u2013 participaram numa Atividade de Forma\u00e7\u00e3o Conjunta de Pessoal de Curta Dura\u00e7\u00e3o em Adana, na Turquia, ao lado de parceiros de It\u00e1lia, Rom\u00e9nia, Bulg\u00e1ria, Espanha e do pa\u00eds anfitri\u00e3o, a Turquia.<\/p>\n\n\n\n<p>Foi uma experi\u00eancia incr\u00edvel! Observ\u00e1mos na pr\u00e1tica como integrar ferramentas digitais nas disciplinas, com especial aten\u00e7\u00e3o \u00e0s abordagens centradas nos alunos. Tivemos sess\u00f5es de f\u00edsica e biologia, conversas estrat\u00e9gicas entre parceiros e at\u00e9 um jogo de voleibol para fortalecer o esp\u00edrito de equipa. Na Academia de Ci\u00eancias e Artes de Adana (Bilim ve Sanat Akademisi), explor\u00e1mos realidade virtual, m\u00fasica digital e outras ferramentas t\u00e9cnicas, sempre a pensar no desenvolvimento de recursos digitais e na melhoria dos curr\u00edculos. Tamb\u00e9m houve tempo para conhecer a cultura e os valores europeus: visit\u00e1mos Tarsus, a terra natal de S\u00e3o Paulo, com a sua arquitetura \u00fanica, e vimos exposi\u00e7\u00f5es sobre o papel da arte e da identidade feminina.<\/p>\n\n\n\n<figure class=\"wp-block-gallery has-nested-images columns-7 is-cropped wp-block-gallery-2 is-layout-flex wp-block-gallery-is-layout-flex\">\n<figure class=\"wp-block-image size-large\"><a href=\"https:\/\/escoladigital.madeira.gov.pt\/ebspdffbranco\/wp-content\/uploads\/sites\/19\/2026\/04\/Escolagrupoturquia.jpeg\" target=\"_blank\" rel=\" noreferrer noopener\"><img loading=\"lazy\" decoding=\"async\" width=\"1024\" height=\"768\" data-id=\"5195\" src=\"https:\/\/escoladigital.madeira.gov.pt\/ebspdffbranco\/wp-content\/uploads\/sites\/19\/2026\/04\/Escolagrupoturquia-1024x768.jpeg\" alt=\"\" class=\"wp-image-5195\" srcset=\"https:\/\/escoladigital.madeira.gov.pt\/ebspdffbranco\/wp-content\/uploads\/sites\/19\/2026\/04\/Escolagrupoturquia-1024x768.jpeg 1024w, https:\/\/escoladigital.madeira.gov.pt\/ebspdffbranco\/wp-content\/uploads\/sites\/19\/2026\/04\/Escolagrupoturquia-300x225.jpeg 300w, https:\/\/escoladigital.madeira.gov.pt\/ebspdffbranco\/wp-content\/uploads\/sites\/19\/2026\/04\/Escolagrupoturquia-768x576.jpeg 768w, https:\/\/escoladigital.madeira.gov.pt\/ebspdffbranco\/wp-content\/uploads\/sites\/19\/2026\/04\/Escolagrupoturquia-1536x1152.jpeg 1536w, https:\/\/escoladigital.madeira.gov.pt\/ebspdffbranco\/wp-content\/uploads\/sites\/19\/2026\/04\/Escolagrupoturquia.jpeg 1600w\" sizes=\"(max-width: 1024px) 100vw, 1024px\" \/><\/a><\/figure>\n\n\n\n<figure class=\"wp-block-image size-large\"><a href=\"https:\/\/escoladigital.madeira.gov.pt\/ebspdffbranco\/wp-content\/uploads\/sites\/19\/2026\/04\/t2.jpeg\" target=\"_blank\" rel=\" noreferrer noopener\"><img loading=\"lazy\" decoding=\"async\" width=\"768\" height=\"1024\" data-id=\"5196\" src=\"https:\/\/escoladigital.madeira.gov.pt\/ebspdffbranco\/wp-content\/uploads\/sites\/19\/2026\/04\/t2-768x1024.jpeg\" alt=\"\" class=\"wp-image-5196\" srcset=\"https:\/\/escoladigital.madeira.gov.pt\/ebspdffbranco\/wp-content\/uploads\/sites\/19\/2026\/04\/t2-768x1024.jpeg 768w, https:\/\/escoladigital.madeira.gov.pt\/ebspdffbranco\/wp-content\/uploads\/sites\/19\/2026\/04\/t2-225x300.jpeg 225w, https:\/\/escoladigital.madeira.gov.pt\/ebspdffbranco\/wp-content\/uploads\/sites\/19\/2026\/04\/t2-1152x1536.jpeg 1152w, https:\/\/escoladigital.madeira.gov.pt\/ebspdffbranco\/wp-content\/uploads\/sites\/19\/2026\/04\/t2.jpeg 1536w\" sizes=\"(max-width: 768px) 100vw, 768px\" \/><\/a><\/figure>\n\n\n\n<figure class=\"wp-block-image size-full\"><a href=\"https:\/\/escoladigital.madeira.gov.pt\/ebspdffbranco\/wp-content\/uploads\/sites\/19\/2026\/04\/t3.png\" target=\"_blank\" rel=\" noreferrer noopener\"><img loading=\"lazy\" decoding=\"async\" width=\"628\" height=\"822\" data-id=\"5197\" src=\"https:\/\/escoladigital.madeira.gov.pt\/ebspdffbranco\/wp-content\/uploads\/sites\/19\/2026\/04\/t3.png\" alt=\"\" class=\"wp-image-5197\" srcset=\"https:\/\/escoladigital.madeira.gov.pt\/ebspdffbranco\/wp-content\/uploads\/sites\/19\/2026\/04\/t3.png 628w, https:\/\/escoladigital.madeira.gov.pt\/ebspdffbranco\/wp-content\/uploads\/sites\/19\/2026\/04\/t3-229x300.png 229w\" sizes=\"(max-width: 628px) 100vw, 628px\" \/><\/a><\/figure>\n\n\n\n<figure class=\"wp-block-image size-large\"><a href=\"https:\/\/escoladigital.madeira.gov.pt\/ebspdffbranco\/wp-content\/uploads\/sites\/19\/2026\/04\/turquia6.jpeg\" target=\"_blank\" rel=\" noreferrer noopener\"><img loading=\"lazy\" decoding=\"async\" width=\"1024\" height=\"768\" data-id=\"5199\" src=\"https:\/\/escoladigital.madeira.gov.pt\/ebspdffbranco\/wp-content\/uploads\/sites\/19\/2026\/04\/turquia6-1024x768.jpeg\" alt=\"\" class=\"wp-image-5199\" srcset=\"https:\/\/escoladigital.madeira.gov.pt\/ebspdffbranco\/wp-content\/uploads\/sites\/19\/2026\/04\/turquia6-1024x768.jpeg 1024w, https:\/\/escoladigital.madeira.gov.pt\/ebspdffbranco\/wp-content\/uploads\/sites\/19\/2026\/04\/turquia6-300x225.jpeg 300w, https:\/\/escoladigital.madeira.gov.pt\/ebspdffbranco\/wp-content\/uploads\/sites\/19\/2026\/04\/turquia6-768x576.jpeg 768w, https:\/\/escoladigital.madeira.gov.pt\/ebspdffbranco\/wp-content\/uploads\/sites\/19\/2026\/04\/turquia6-1536x1152.jpeg 1536w, https:\/\/escoladigital.madeira.gov.pt\/ebspdffbranco\/wp-content\/uploads\/sites\/19\/2026\/04\/turquia6.jpeg 1600w\" sizes=\"(max-width: 1024px) 100vw, 1024px\" \/><\/a><\/figure>\n\n\n\n<figure class=\"wp-block-image size-full\"><a href=\"https:\/\/escoladigital.madeira.gov.pt\/ebspdffbranco\/wp-content\/uploads\/sites\/19\/2026\/04\/t4.png\" target=\"_blank\" rel=\" noreferrer noopener\"><img loading=\"lazy\" decoding=\"async\" width=\"626\" height=\"825\" data-id=\"5200\" src=\"https:\/\/escoladigital.madeira.gov.pt\/ebspdffbranco\/wp-content\/uploads\/sites\/19\/2026\/04\/t4.png\" alt=\"\" class=\"wp-image-5200\" srcset=\"https:\/\/escoladigital.madeira.gov.pt\/ebspdffbranco\/wp-content\/uploads\/sites\/19\/2026\/04\/t4.png 626w, https:\/\/escoladigital.madeira.gov.pt\/ebspdffbranco\/wp-content\/uploads\/sites\/19\/2026\/04\/t4-228x300.png 228w\" sizes=\"(max-width: 626px) 100vw, 626px\" \/><\/a><\/figure>\n\n\n\n<figure class=\"wp-block-image size-full\"><a href=\"https:\/\/escoladigital.madeira.gov.pt\/ebspdffbranco\/wp-content\/uploads\/sites\/19\/2026\/04\/t5.png\" target=\"_blank\" rel=\" noreferrer noopener\"><img loading=\"lazy\" decoding=\"async\" width=\"625\" height=\"806\" data-id=\"5201\" src=\"https:\/\/escoladigital.madeira.gov.pt\/ebspdffbranco\/wp-content\/uploads\/sites\/19\/2026\/04\/t5.png\" alt=\"\" class=\"wp-image-5201\" srcset=\"https:\/\/escoladigital.madeira.gov.pt\/ebspdffbranco\/wp-content\/uploads\/sites\/19\/2026\/04\/t5.png 625w, https:\/\/escoladigital.madeira.gov.pt\/ebspdffbranco\/wp-content\/uploads\/sites\/19\/2026\/04\/t5-233x300.png 233w\" sizes=\"(max-width: 625px) 100vw, 625px\" \/><\/a><\/figure>\n\n\n\n<figure class=\"wp-block-image size-large\"><a href=\"https:\/\/escoladigital.madeira.gov.pt\/ebspdffbranco\/wp-content\/uploads\/sites\/19\/2026\/04\/turquia7.jpeg\" target=\"_blank\" rel=\" noreferrer noopener\"><img loading=\"lazy\" decoding=\"async\" width=\"768\" height=\"1024\" data-id=\"5202\" src=\"https:\/\/escoladigital.madeira.gov.pt\/ebspdffbranco\/wp-content\/uploads\/sites\/19\/2026\/04\/turquia7-768x1024.jpeg\" alt=\"\" class=\"wp-image-5202\" srcset=\"https:\/\/escoladigital.madeira.gov.pt\/ebspdffbranco\/wp-content\/uploads\/sites\/19\/2026\/04\/turquia7-768x1024.jpeg 768w, https:\/\/escoladigital.madeira.gov.pt\/ebspdffbranco\/wp-content\/uploads\/sites\/19\/2026\/04\/turquia7-225x300.jpeg 225w, https:\/\/escoladigital.madeira.gov.pt\/ebspdffbranco\/wp-content\/uploads\/sites\/19\/2026\/04\/turquia7-1152x1536.jpeg 1152w, https:\/\/escoladigital.madeira.gov.pt\/ebspdffbranco\/wp-content\/uploads\/sites\/19\/2026\/04\/turquia7.jpeg 1200w\" sizes=\"(max-width: 768px) 100vw, 768px\" \/><\/a><\/figure>\n<\/figure>\n\n\n\n<p>A grande li\u00e7\u00e3o que trouxemos \u00e9 que o sucesso da educa\u00e7\u00e3o digital n\u00e3o depende apenas da tecnologia, mas sobretudo das liga\u00e7\u00f5es humanas e culturais que constru\u00edmos. Voltamos com um modelo pedag\u00f3gico mais forte e uma vis\u00e3o clara para a integra\u00e7\u00e3o STEAM.<\/p>\n\n\n\n<p>Na pr\u00f3xima semana, vamos receber na nossa escola, no Porto Santo, um grupo de alunos e professores das escolas parceiras \u2013 seis alunos e dois a tr\u00eas professores de cada pa\u00eds.<br>A coopera\u00e7\u00e3o internacional continua bem viva!<\/p>\n\n\n\n<p><\/p>\n<\/div>\n","protected":false},"excerpt":{"rendered":"<p>Vis\u00e3o Geral do Projeto Atividades A DigiCoNet liga escolas de seis pa\u00edses europeus para fomentar a inova\u00e7\u00e3o e refor\u00e7ar a compet\u00eancia digital na educa\u00e7\u00e3o.O projeto desenvolve curr\u00edculos integrados com IA e inclusivos, capacitando tanto professores como alunos para utilizar a tecnologia de forma eficaz no processo de aprendizagem. Ao promover a colabora\u00e7\u00e3o, a criatividade e [&hellip;]<\/p>\n","protected":false},"author":28,"featured_media":0,"parent":0,"menu_order":0,"comment_status":"closed","ping_status":"closed","template":"","meta":{"_themeisle_gutenberg_block_has_review":false,"footnotes":""},"class_list":["post-4908","page","type-page","status-publish","hentry"],"_links":{"self":[{"href":"https:\/\/escoladigital.madeira.gov.pt\/ebspdffbranco\/wp-json\/wp\/v2\/pages\/4908","targetHints":{"allow":["GET"]}}],"collection":[{"href":"https:\/\/escoladigital.madeira.gov.pt\/ebspdffbranco\/wp-json\/wp\/v2\/pages"}],"about":[{"href":"https:\/\/escoladigital.madeira.gov.pt\/ebspdffbranco\/wp-json\/wp\/v2\/types\/page"}],"author":[{"embeddable":true,"href":"https:\/\/escoladigital.madeira.gov.pt\/ebspdffbranco\/wp-json\/wp\/v2\/users\/28"}],"replies":[{"embeddable":true,"href":"https:\/\/escoladigital.madeira.gov.pt\/ebspdffbranco\/wp-json\/wp\/v2\/comments?post=4908"}],"version-history":[{"count":16,"href":"https:\/\/escoladigital.madeira.gov.pt\/ebspdffbranco\/wp-json\/wp\/v2\/pages\/4908\/revisions"}],"predecessor-version":[{"id":5203,"href":"https:\/\/escoladigital.madeira.gov.pt\/ebspdffbranco\/wp-json\/wp\/v2\/pages\/4908\/revisions\/5203"}],"wp:attachment":[{"href":"https:\/\/escoladigital.madeira.gov.pt\/ebspdffbranco\/wp-json\/wp\/v2\/media?parent=4908"}],"curies":[{"name":"wp","href":"https:\/\/api.w.org\/{rel}","templated":true}]}}