{"id":604,"date":"2024-08-26T17:13:37","date_gmt":"2024-08-26T17:13:37","guid":{"rendered":"https:\/\/escoladigital.madeira.gov.pt\/ebspdffbranco\/?page_id=604"},"modified":"2025-10-06T16:48:13","modified_gmt":"2025-10-06T16:48:13","slug":"horario-das-turmas","status":"publish","type":"page","link":"https:\/\/escoladigital.madeira.gov.pt\/ebspdffbranco\/horario-das-turmas\/","title":{"rendered":"Hor\u00e1rio das Turmas"},"content":{"rendered":"\n<div id=\"wp-block-themeisle-blocks-accordion-e1ab5666\" class=\"wp-block-themeisle-blocks-accordion exclusive\">\n<details class=\"wp-block-themeisle-blocks-accordion-item\"><summary class=\"wp-block-themeisle-blocks-accordion-item__title\"><div><strong>Turmas do 1\u00ba Ciclo<\/strong><\/div><\/summary><div class=\"wp-block-themeisle-blocks-accordion-item__content\">\n<p class=\"has-background\" style=\"background:linear-gradient(82deg,#C2A990 0%,#F9F9F9 100%)\">Em atualiza\u00e7\u00e3o<\/p>\n<\/div><\/details>\n\n\n\n<details class=\"wp-block-themeisle-blocks-accordion-item\"><summary class=\"wp-block-themeisle-blocks-accordion-item__title\"><div><strong>Turmas do 2\u00ba Ciclo<\/strong><\/div><\/summary><div class=\"wp-block-themeisle-blocks-accordion-item__content\">\n<p class=\"has-text-align-center has-gradient-4-gradient-background has-background has-medium-font-size wp-container-content-69bc4bdf\"><a href=\"https:\/\/escoladigital.madeira.gov.pt\/ebspdffbranco\/wp-content\/uploads\/sites\/19\/2025\/10\/5oA.pdf\" target=\"_blank\" rel=\"noreferrer noopener\"><strong>5\u00ba A<\/strong><\/a><\/p>\n\n\n\n<p class=\"has-text-align-center has-gradient-4-gradient-background has-background has-medium-font-size wp-container-content-69bc4bdf\"><a href=\"https:\/\/escoladigital.madeira.gov.pt\/ebspdffbranco\/wp-content\/uploads\/sites\/19\/2025\/10\/5oAA-1.pdf\" target=\"_blank\" rel=\"noreferrer noopener\"><strong>5\u00ba AA<\/strong><\/a><\/p>\n\n\n\n<p class=\"has-text-align-center has-gradient-4-gradient-background has-background has-medium-font-size wp-container-content-69bc4bdf\"><a href=\"https:\/\/escoladigital.madeira.gov.pt\/ebspdffbranco\/wp-content\/uploads\/sites\/19\/2025\/10\/5oB-1.pdf\" target=\"_blank\" rel=\"noreferrer noopener\"><strong>5\u00ba B<\/strong><\/a><\/p>\n\n\n\n<p class=\"has-text-align-center has-gradient-4-gradient-background has-background has-medium-font-size wp-container-content-69bc4bdf\"><a href=\"https:\/\/escoladigital.madeira.gov.pt\/ebspdffbranco\/wp-content\/uploads\/sites\/19\/2025\/10\/5oBA-1.pdf\" target=\"_blank\" rel=\"noreferrer noopener\"><strong>5\u00baBA<\/strong><\/a><\/p>\n\n\n\n<p class=\"has-text-align-center has-gradient-4-gradient-background has-background has-medium-font-size wp-container-content-69bc4bdf\"><a href=\"https:\/\/escoladigital.madeira.gov.pt\/ebspdffbranco\/wp-content\/uploads\/sites\/19\/2025\/10\/5oC-1.pdf\" target=\"_blank\" rel=\"noreferrer noopener\"><strong>5\u00ba C<\/strong><\/a><\/p>\n\n\n\n<p class=\"has-text-align-center has-gradient-4-gradient-background has-background has-medium-font-size wp-container-content-69bc4bdf\"><a href=\"https:\/\/escoladigital.madeira.gov.pt\/ebspdffbranco\/wp-content\/uploads\/sites\/19\/2025\/10\/6oA-1.pdf\" target=\"_blank\" rel=\"noreferrer noopener\"><strong>6\u00ba A<\/strong><\/a><\/p>\n\n\n\n<p class=\"has-text-align-center has-gradient-4-gradient-background has-background has-medium-font-size wp-container-content-69bc4bdf\"><a href=\"https:\/\/escoladigital.madeira.gov.pt\/ebspdffbranco\/wp-content\/uploads\/sites\/19\/2025\/10\/6oB-1.pdf\" target=\"_blank\" rel=\"noreferrer noopener\"><strong>6\u00ba B<\/strong><\/a><\/p>\n\n\n\n<p class=\"has-text-align-center has-gradient-4-gradient-background has-background has-medium-font-size wp-container-content-69bc4bdf\"><a href=\"https:\/\/escoladigital.madeira.gov.pt\/ebspdffbranco\/wp-content\/uploads\/sites\/19\/2025\/10\/6oC-1.pdf\" target=\"_blank\" rel=\"noreferrer noopener\"><strong>6\u00ba C<\/strong><\/a><\/p>\n<\/div><\/details>\n\n\n\n<details class=\"wp-block-themeisle-blocks-accordion-item\"><summary class=\"wp-block-themeisle-blocks-accordion-item__title\"><div><strong>Turmas do 3\u00ba Ciclo<\/strong><\/div><\/summary><div class=\"wp-block-themeisle-blocks-accordion-item__content\">\n<p class=\"has-text-align-center has-gradient-2-gradient-background has-background has-medium-font-size wp-container-content-69bc4bdf\"><a href=\"https:\/\/escoladigital.madeira.gov.pt\/ebspdffbranco\/wp-content\/uploads\/sites\/19\/2025\/10\/7oA-1.pdf\" target=\"_blank\" rel=\"noreferrer noopener\"><strong>7\u00ba A<\/strong><\/a><\/p>\n\n\n\n<p class=\"has-text-align-center has-gradient-2-gradient-background has-background has-medium-font-size wp-container-content-69bc4bdf\"><a href=\"https:\/\/escoladigital.madeira.gov.pt\/ebspdffbranco\/wp-content\/uploads\/sites\/19\/2025\/10\/7oAA-1.pdf\" target=\"_blank\" rel=\"noreferrer noopener\"><strong>7\u00ba AA<\/strong><\/a><\/p>\n\n\n\n<p class=\"has-text-align-center has-gradient-2-gradient-background has-background has-medium-font-size wp-container-content-69bc4bdf\"><a href=\"https:\/\/escoladigital.madeira.gov.pt\/ebspdffbranco\/wp-content\/uploads\/sites\/19\/2025\/10\/7oB-1.pdf\" target=\"_blank\" rel=\"noreferrer noopener\"><strong>7\u00ba B<\/strong><\/a><\/p>\n\n\n\n<p class=\"has-text-align-center has-gradient-2-gradient-background has-background has-medium-font-size wp-container-content-69bc4bdf\"><a href=\"https:\/\/escoladigital.madeira.gov.pt\/ebspdffbranco\/wp-content\/uploads\/sites\/19\/2025\/10\/7oC-1.pdf\" target=\"_blank\" rel=\"noreferrer noopener\"><strong>7\u00ba C<\/strong><\/a><\/p>\n\n\n\n<p class=\"has-text-align-center has-gradient-2-gradient-background has-background has-medium-font-size wp-container-content-69bc4bdf\"><a href=\"https:\/\/escoladigital.madeira.gov.pt\/ebspdffbranco\/wp-content\/uploads\/sites\/19\/2025\/10\/8oA-1.pdf\" target=\"_blank\" rel=\"noreferrer noopener\"><strong>8\u00ba A<\/strong><\/a><\/p>\n\n\n\n<p class=\"has-text-align-center has-gradient-2-gradient-background has-background has-medium-font-size wp-container-content-69bc4bdf\"><a href=\"https:\/\/escoladigital.madeira.gov.pt\/ebspdffbranco\/wp-content\/uploads\/sites\/19\/2025\/10\/8oB-1.pdf\" target=\"_blank\" rel=\"noreferrer noopener\"><strong>8\u00ba B<\/strong><\/a><\/p>\n\n\n\n<p class=\"has-text-align-center has-gradient-2-gradient-background has-background has-medium-font-size wp-container-content-69bc4bdf\"><a href=\"https:\/\/escoladigital.madeira.gov.pt\/ebspdffbranco\/wp-content\/uploads\/sites\/19\/2025\/10\/8oC-1.pdf\" target=\"_blank\" rel=\"noreferrer noopener\"><strong>8\u00ba C<\/strong><\/a><\/p>\n\n\n\n<p class=\"has-text-align-center has-gradient-2-gradient-background has-background has-medium-font-size wp-container-content-69bc4bdf\"><a href=\"https:\/\/escoladigital.madeira.gov.pt\/ebspdffbranco\/wp-content\/uploads\/sites\/19\/2025\/10\/9oA-1.pdf\" target=\"_blank\" rel=\"noreferrer noopener\"><strong>9\u00ba A<\/strong><\/a><\/p>\n\n\n\n<p class=\"has-text-align-center has-gradient-2-gradient-background has-background has-medium-font-size wp-container-content-69bc4bdf\"><a href=\"https:\/\/escoladigital.madeira.gov.pt\/ebspdffbranco\/wp-content\/uploads\/sites\/19\/2025\/10\/9oB-1.pdf\" target=\"_blank\" rel=\"noreferrer noopener\"><strong>9\u00ba B<\/strong><\/a><\/p>\n\n\n\n<p class=\"has-text-align-center has-gradient-2-gradient-background has-background has-medium-font-size wp-container-content-69bc4bdf\"><a href=\"https:\/\/escoladigital.madeira.gov.pt\/ebspdffbranco\/wp-content\/uploads\/sites\/19\/2025\/10\/9oB_K-1.pdf\" target=\"_blank\" rel=\"noreferrer noopener\"><strong>9\u00ba BK<\/strong><\/a><\/p>\n\n\n\n<p class=\"has-text-align-center has-gradient-2-gradient-background has-background has-medium-font-size wp-container-content-69bc4bdf\"><a href=\"https:\/\/escoladigital.madeira.gov.pt\/ebspdffbranco\/wp-content\/uploads\/sites\/19\/2025\/10\/9oC-1.pdf\" target=\"_blank\" rel=\"noreferrer noopener\"><strong>9\u00ba C<\/strong><\/a><\/p>\n\n\n\n<p class=\"has-text-align-center has-gradient-2-gradient-background has-background has-medium-font-size wp-container-content-69bc4bdf\"><a href=\"https:\/\/escoladigital.madeira.gov.pt\/ebspdffbranco\/wp-content\/uploads\/sites\/19\/2025\/10\/2oOI-1.pdf\" target=\"_blank\" rel=\"noreferrer noopener\"><strong>2.\u00baAno &#8211; Curso de Educa\u00e7\u00e3o e Forma\u00e7\u00e3o &#8211; Operador de Inform\u00e1tica<\/strong><\/a><\/p>\n<\/div><\/details>\n\n\n\n<details class=\"wp-block-themeisle-blocks-accordion-item\"><summary class=\"wp-block-themeisle-blocks-accordion-item__title\"><div><strong>Turmas do Ensino Secund\u00e1rio<\/strong><\/div><\/summary><div class=\"wp-block-themeisle-blocks-accordion-item__content\">\n<p class=\"has-text-align-center has-gradient-1-gradient-background has-background has-medium-font-size wp-container-content-69bc4bdf\"><strong><a href=\"https:\/\/escoladigital.madeira.gov.pt\/ebspdffbranco\/wp-content\/uploads\/sites\/19\/2025\/10\/10oCT-1.pdf\" target=\"_blank\" rel=\"noreferrer noopener\">10\u00ba CT<\/a><\/strong><\/p>\n\n\n\n<p class=\"has-text-align-center has-gradient-1-gradient-background has-background has-medium-font-size wp-container-content-69bc4bdf\"><strong><a href=\"https:\/\/escoladigital.madeira.gov.pt\/ebspdffbranco\/wp-content\/uploads\/sites\/19\/2025\/10\/10oAV-1.pdf\" target=\"_blank\" rel=\"noreferrer noopener\">10\u00ba AV<\/a><\/strong><\/p>\n\n\n\n<p class=\"has-text-align-center has-gradient-1-gradient-background has-background has-medium-font-size wp-container-content-69bc4bdf\"><strong><a href=\"https:\/\/escoladigital.madeira.gov.pt\/ebspdffbranco\/wp-content\/uploads\/sites\/19\/2025\/10\/10oCSE-1.pdf\" target=\"_blank\" rel=\"noreferrer noopener\">10\u00ba CSE<\/a><\/strong><\/p>\n\n\n\n<p class=\"has-text-align-center has-gradient-1-gradient-background has-background has-medium-font-size wp-container-content-69bc4bdf\"><strong><a href=\"https:\/\/escoladigital.madeira.gov.pt\/ebspdffbranco\/wp-content\/uploads\/sites\/19\/2025\/10\/10oLH-1.pdf\" target=\"_blank\" rel=\"noreferrer noopener\">10\u00ba LH<\/a><\/strong><\/p>\n\n\n\n<p class=\"has-text-align-center has-gradient-1-gradient-background has-background has-medium-font-size wp-container-content-69bc4bdf\"><strong><a href=\"https:\/\/escoladigital.madeira.gov.pt\/ebspdffbranco\/wp-content\/uploads\/sites\/19\/2025\/10\/11oCT-1.pdf\" target=\"_blank\" rel=\"noreferrer noopener\">11\u00ba CT<\/a><\/strong><\/p>\n\n\n\n<p class=\"has-text-align-center has-gradient-1-gradient-background has-background has-medium-font-size wp-container-content-69bc4bdf\"><strong><a href=\"https:\/\/escoladigital.madeira.gov.pt\/ebspdffbranco\/wp-content\/uploads\/sites\/19\/2025\/10\/11oCT_RR-1.pdf\" target=\"_blank\" rel=\"noreferrer noopener\">11\u00ba CT_RR<\/a><\/strong><\/p>\n\n\n\n<p class=\"has-text-align-center has-gradient-1-gradient-background has-background has-medium-font-size wp-container-content-69bc4bdf\"><strong><a href=\"https:\/\/escoladigital.madeira.gov.pt\/ebspdffbranco\/wp-content\/uploads\/sites\/19\/2025\/10\/11oAV-1.pdf\" target=\"_blank\" rel=\"noreferrer noopener\">11\u00ba AV<\/a><\/strong><\/p>\n\n\n\n<p class=\"has-text-align-center has-gradient-1-gradient-background has-background has-medium-font-size wp-container-content-69bc4bdf\"><strong><a href=\"https:\/\/escoladigital.madeira.gov.pt\/ebspdffbranco\/wp-content\/uploads\/sites\/19\/2025\/10\/11oCSE-1.pdf\" target=\"_blank\" rel=\"noreferrer noopener\">11\u00ba CSE<\/a><\/strong><\/p>\n\n\n\n<p class=\"has-text-align-center has-gradient-1-gradient-background has-background has-medium-font-size wp-container-content-69bc4bdf\"><strong><a href=\"https:\/\/escoladigital.madeira.gov.pt\/ebspdffbranco\/wp-content\/uploads\/sites\/19\/2025\/10\/11oLH-1.pdf\" target=\"_blank\" rel=\"noreferrer noopener\">11\u00ba LH<\/a><\/strong><\/p>\n\n\n\n<p class=\"has-text-align-center has-gradient-1-gradient-background has-background has-medium-font-size wp-container-content-69bc4bdf\"><strong><a href=\"https:\/\/escoladigital.madeira.gov.pt\/ebspdffbranco\/wp-content\/uploads\/sites\/19\/2025\/10\/12oCT-1.pdf\" target=\"_blank\" rel=\"noreferrer noopener\">12\u00ba CT<\/a><\/strong><\/p>\n\n\n\n<p class=\"has-text-align-center has-gradient-1-gradient-background has-background has-medium-font-size wp-container-content-69bc4bdf\"><strong><a href=\"https:\/\/escoladigital.madeira.gov.pt\/ebspdffbranco\/wp-content\/uploads\/sites\/19\/2025\/10\/12oAV-1.pdf\" target=\"_blank\" rel=\"noreferrer noopener\">12\u00ba AV<\/a><\/strong><\/p>\n\n\n\n<p class=\"has-text-align-center has-gradient-1-gradient-background has-background has-medium-font-size wp-container-content-69bc4bdf\"><strong><a href=\"https:\/\/escoladigital.madeira.gov.pt\/ebspdffbranco\/wp-content\/uploads\/sites\/19\/2025\/10\/12oCSE-1.pdf\" target=\"_blank\" rel=\"noreferrer noopener\">12\u00ba CSE<\/a><\/strong><\/p>\n\n\n\n<p class=\"has-text-align-center has-gradient-1-gradient-background has-background has-medium-font-size wp-container-content-69bc4bdf\"><strong><a href=\"https:\/\/escoladigital.madeira.gov.pt\/ebspdffbranco\/wp-content\/uploads\/sites\/19\/2025\/10\/12oLH-1.pdf\" target=\"_blank\" rel=\"noreferrer noopener\">12\u00ba LH<\/a><\/strong><\/p>\n<\/div><\/details>\n\n\n\n<details class=\"wp-block-themeisle-blocks-accordion-item\"><summary class=\"wp-block-themeisle-blocks-accordion-item__title\"><div><strong>Turmas do Ensino Profissional<\/strong><\/div><\/summary><div class=\"wp-block-themeisle-blocks-accordion-item__content\">\n<p class=\"has-text-align-left has-gradient-3-gradient-background has-background has-medium-font-size wp-container-content-69bc4bdf\"><strong><a href=\"https:\/\/escoladigital.madeira.gov.pt\/ebspdffbranco\/wp-content\/uploads\/sites\/19\/2025\/10\/1oTTAR-1.pdf\" target=\"_blank\" rel=\"noreferrer noopener\">1\u00ba Ano &#8211; Curso Profissional T\u00e9cnico de Turismo Ambiental e Rural &#8211; TTAR<\/a><\/strong><\/p>\n\n\n\n<p class=\"has-text-align-left has-gradient-3-gradient-background has-background has-medium-font-size wp-container-content-69bc4bdf\"><strong><a href=\"https:\/\/escoladigital.madeira.gov.pt\/ebspdffbranco\/wp-content\/uploads\/sites\/19\/2025\/10\/2oTAGD-1.pdf\" target=\"_blank\" rel=\"noreferrer noopener\">2\u00ba Ano &#8211; Curso Profissional T\u00e9cnico Apoio \u00e0 Gest\u00e3o Desportiva<\/a><\/strong><\/p>\n\n\n\n<p class=\"has-text-align-left has-gradient-3-gradient-background has-background has-medium-font-size wp-container-content-69bc4bdf\"><strong><strong><a href=\"https:\/\/escoladigital.madeira.gov.pt\/ebspdffbranco\/wp-content\/uploads\/sites\/19\/2025\/10\/2oTI-1.pdf\" target=\"_blank\" rel=\"noreferrer noopener\">2\u00ba Ano &#8211; Curso Profissional T\u00e9cnico de Inform\u00e1tica e Sistemas<\/a><\/strong><\/strong><\/p>\n\n\n\n<p class=\"has-text-align-left has-gradient-3-gradient-background has-background has-medium-font-size wp-container-content-69bc4bdf\"><strong><a href=\"https:\/\/escoladigital.madeira.gov.pt\/ebspdffbranco\/wp-content\/uploads\/sites\/19\/2025\/10\/2oTTAR-1.pdf\" target=\"_blank\" rel=\"noreferrer noopener\">2\u00ba Ano &#8211; Curso Profissional T\u00e9cnico de Turismo Ambiental e Rural<\/a><\/strong><\/p>\n\n\n\n<p><\/p>\n<\/div><\/details>\n\n\n\n<details class=\"wp-block-themeisle-blocks-accordion-item\"><summary class=\"wp-block-themeisle-blocks-accordion-item__title\"><div><strong>Turmas de Educa\u00e7\u00e3o e Forma\u00e7\u00e3o Adultos<\/strong><\/div><\/summary><div class=\"wp-block-themeisle-blocks-accordion-item__content\">\n<p class=\"has-text-align-left has-background has-medium-font-size wp-container-content-69bc4bdf\" style=\"background:linear-gradient(256deg,rgb(194,169,144) 0%,rgb(249,249,249) 100%)\"><strong><a href=\"https:\/\/escoladigital.madeira.gov.pt\/ebspdffbranco\/wp-content\/uploads\/sites\/19\/2025\/10\/EFA_B3-1.pdf\" target=\"_blank\" rel=\"noreferrer noopener\">Curso EFA B\u00e1sico &#8211; 3\u00ba Ciclo<\/a><\/strong><\/p>\n\n\n\n<p class=\"has-text-align-left has-background has-medium-font-size wp-container-content-69bc4bdf\" style=\"background:linear-gradient(256deg,rgb(194,169,144) 0%,rgb(249,249,249) 100%)\"><strong><a href=\"https:\/\/escoladigital.madeira.gov.pt\/ebspdffbranco\/wp-content\/uploads\/sites\/19\/2025\/10\/EFA_S.pdf\" target=\"_blank\" rel=\"noreferrer noopener\">Curso EFA Secund\u00e1rio<\/a><\/strong><\/p>\n<\/div><\/details>\n<\/div>\n\n\n\n<p><\/p>\n","protected":false},"excerpt":{"rendered":"","protected":false},"author":28,"featured_media":0,"parent":0,"menu_order":0,"comment_status":"closed","ping_status":"closed","template":"","meta":{"_themeisle_gutenberg_block_has_review":false,"footnotes":""},"class_list":["post-604","page","type-page","status-publish","hentry"],"_links":{"self":[{"href":"https:\/\/escoladigital.madeira.gov.pt\/ebspdffbranco\/wp-json\/wp\/v2\/pages\/604","targetHints":{"allow":["GET"]}}],"collection":[{"href":"https:\/\/escoladigital.madeira.gov.pt\/ebspdffbranco\/wp-json\/wp\/v2\/pages"}],"about":[{"href":"https:\/\/escoladigital.madeira.gov.pt\/ebspdffbranco\/wp-json\/wp\/v2\/types\/page"}],"author":[{"embeddable":true,"href":"https:\/\/escoladigital.madeira.gov.pt\/ebspdffbranco\/wp-json\/wp\/v2\/users\/28"}],"replies":[{"embeddable":true,"href":"https:\/\/escoladigital.madeira.gov.pt\/ebspdffbranco\/wp-json\/wp\/v2\/comments?post=604"}],"version-history":[{"count":61,"href":"https:\/\/escoladigital.madeira.gov.pt\/ebspdffbranco\/wp-json\/wp\/v2\/pages\/604\/revisions"}],"predecessor-version":[{"id":4472,"href":"https:\/\/escoladigital.madeira.gov.pt\/ebspdffbranco\/wp-json\/wp\/v2\/pages\/604\/revisions\/4472"}],"wp:attachment":[{"href":"https:\/\/escoladigital.madeira.gov.pt\/ebspdffbranco\/wp-json\/wp\/v2\/media?parent=604"}],"curies":[{"name":"wp","href":"https:\/\/api.w.org\/{rel}","templated":true}]}}