{"id":611,"date":"2024-08-27T09:21:26","date_gmt":"2024-08-27T09:21:26","guid":{"rendered":"https:\/\/escoladigital.madeira.gov.pt\/ebspdffbranco\/?page_id=611"},"modified":"2026-04-22T19:32:12","modified_gmt":"2026-04-22T19:32:12","slug":"criterios-de-avaliacao","status":"publish","type":"page","link":"https:\/\/escoladigital.madeira.gov.pt\/ebspdffbranco\/criterios-de-avaliacao\/","title":{"rendered":"Crit\u00e9rios de Avalia\u00e7\u00e3o"},"content":{"rendered":"\n<div id=\"wp-block-themeisle-blocks-accordion-b22d4802\" class=\"wp-block-themeisle-blocks-accordion exclusive\">\n<details class=\"wp-block-themeisle-blocks-accordion-item\"><summary class=\"wp-block-themeisle-blocks-accordion-item__title\"><div><strong>1.\u00ba Ciclo<\/strong><\/div><\/summary><div class=\"wp-block-themeisle-blocks-accordion-item__content\">\n<p><a href=\"https:\/\/escoladigital.madeira.gov.pt\/ebspdffbranco\/wp-content\/uploads\/sites\/19\/2026\/04\/DEPARTAMENTO-1.o-CICLO-CRITERIOS-DE-AVALIACAO-2025.26.vf_.pdf\" target=\"_blank\" rel=\"noreferrer noopener\">Crit\u00e9rios de avalia\u00e7\u00e3o do 1.\u00ba Ciclo<\/a><\/p>\n<\/div><\/details>\n\n\n\n<details class=\"wp-block-themeisle-blocks-accordion-item\"><summary class=\"wp-block-themeisle-blocks-accordion-item__title\"><div><strong>2.\u00ba Ciclo<\/strong><\/div><\/summary><div class=\"wp-block-themeisle-blocks-accordion-item__content\">\n<div class=\"wp-block-columns is-layout-flex wp-container-core-columns-is-layout-28f84493 wp-block-columns-is-layout-flex\">\n<div class=\"wp-block-column is-layout-flow wp-block-column-is-layout-flow\">\n<p><strong>5.\u00ba Ano<\/strong><\/p>\n\n\n\n<p class=\"has-small-font-size\"><a href=\"https:\/\/escoladigital.madeira.gov.pt\/ebspdffbranco\/wp-content\/uploads\/sites\/19\/2025\/12\/Portugues-5.o-Ano.pdf\" target=\"_blank\" rel=\"noreferrer noopener\">Portugu\u00eas<\/a><\/p>\n\n\n\n<p class=\"has-small-font-size\"><a href=\"https:\/\/escoladigital.madeira.gov.pt\/ebspdffbranco\/wp-content\/uploads\/sites\/19\/2025\/12\/Ingles-5.o-ano.pdf\" target=\"_blank\" rel=\"noreferrer noopener\">Ingl\u00eas<\/a><\/p>\n\n\n\n<p class=\"has-small-font-size\"><a href=\"https:\/\/escoladigital.madeira.gov.pt\/ebspdffbranco\/wp-content\/uploads\/sites\/19\/2025\/12\/Historia-e-Geografia-de-Portugal-5.o-ano.pdf\" target=\"_blank\" rel=\"noreferrer noopener\">Hist\u00f3ria e Geografia de Portugal&nbsp;<\/a><\/p>\n\n\n\n<p class=\"has-small-font-size\"><a href=\"https:\/\/escoladigital.madeira.gov.pt\/ebspdffbranco\/wp-content\/uploads\/sites\/19\/2025\/12\/Cidadania-e-Desenvolvimentol-5.o-ano.pdf\" target=\"_blank\" rel=\"noreferrer noopener\">Cidadania e Desenvolvimento&nbsp;<\/a><\/p>\n\n\n\n<p class=\"has-small-font-size\"><a href=\"https:\/\/escoladigital.madeira.gov.pt\/ebspdffbranco\/wp-content\/uploads\/sites\/19\/2025\/12\/Matematica-5.o-ano.pdf\" target=\"_blank\" rel=\"noreferrer noopener\">Matem\u00e1tica&nbsp;<\/a><\/p>\n\n\n\n<p class=\"has-small-font-size\"><a href=\"https:\/\/escoladigital.madeira.gov.pt\/ebspdffbranco\/wp-content\/uploads\/sites\/19\/2025\/12\/Ciencias-Naturais-5.o-ano.pdf\" target=\"_blank\" rel=\"noreferrer noopener\">Ci\u00eancias Naturais<\/a><\/p>\n\n\n\n<p class=\"has-small-font-size\"><a href=\"https:\/\/escoladigital.madeira.gov.pt\/ebspdffbranco\/wp-content\/uploads\/sites\/19\/2025\/12\/Educacao-Visual-5.o-ano.pdf\" target=\"_blank\" rel=\"noreferrer noopener\">Educa\u00e7\u00e3o Visual<\/a><\/p>\n\n\n\n<p class=\"has-small-font-size\"><a href=\"https:\/\/escoladigital.madeira.gov.pt\/ebspdffbranco\/wp-content\/uploads\/sites\/19\/2025\/12\/Educacao-Tecnologica-5.o-ano.pdf\" target=\"_blank\" rel=\"noreferrer noopener\">Educa\u00e7\u00e3o Tecnol\u00f3gica<\/a><\/p>\n\n\n\n<p class=\"has-small-font-size\"><a href=\"https:\/\/escoladigital.madeira.gov.pt\/ebspdffbranco\/wp-content\/uploads\/sites\/19\/2025\/12\/Educacao-Musical-5.o-ano.pdf\" target=\"_blank\" rel=\"noreferrer noopener\">Educa\u00e7\u00e3o Musical<\/a><\/p>\n\n\n\n<p class=\"has-small-font-size\"><a href=\"https:\/\/escoladigital.madeira.gov.pt\/ebspdffbranco\/wp-content\/uploads\/sites\/19\/2025\/12\/TIC-5.o-ano.pdf\" target=\"_blank\" rel=\"noreferrer noopener\">TIC<\/a><\/p>\n\n\n\n<p class=\"has-small-font-size\"><a href=\"https:\/\/escoladigital.madeira.gov.pt\/ebspdffbranco\/wp-content\/uploads\/sites\/19\/2025\/12\/Educacao-Fisica-5.o-ano.pdf\" target=\"_blank\" rel=\"noreferrer noopener\">&nbsp;Educa\u00e7\u00e3o F\u00edsica&nbsp;<\/a><\/p>\n\n\n\n<p class=\"has-small-font-size\"><a href=\"https:\/\/escoladigital.madeira.gov.pt\/ebspdffbranco\/wp-content\/uploads\/sites\/19\/2025\/12\/EMRC-5.o-ano.pdf\" target=\"_blank\" rel=\"noreferrer noopener\">Educa\u00e7\u00e3o MRC&nbsp;<\/a><\/p>\n\n\n\n<p class=\"has-small-font-size\"><a href=\"https:\/\/escoladigital.madeira.gov.pt\/ebspdffbranco\/wp-content\/uploads\/sites\/19\/2025\/12\/Oferta-Complementar-5.o-ano.pdf\" target=\"_blank\" rel=\"noreferrer noopener\">Oferta Complementar<\/a><\/p>\n\n\n\n<p><\/p>\n\n\n\n<p><strong>6.\u00ba Ano<\/strong><\/p>\n\n\n\n<p><a href=\"https:\/\/escoladigital.madeira.gov.pt\/ebspdffbranco\/wp-content\/uploads\/sites\/19\/2025\/12\/Portugues-6.o-Ano.pdf\">Portugu\u00eas&nbsp;<\/a><\/p>\n\n\n\n<p><a href=\"https:\/\/escoladigital.madeira.gov.pt\/ebspdffbranco\/wp-content\/uploads\/sites\/19\/2025\/12\/Portugues-Lingua-Segunda-L2-6.o-Ano.pdf\" target=\"_blank\" rel=\"noreferrer noopener\">Portugu\u00eas L\u00edngua Segunda &#8211; L2<\/a><\/p>\n\n\n\n<p><a href=\"https:\/\/escoladigital.madeira.gov.pt\/ebspdffbranco\/wp-content\/uploads\/sites\/19\/2025\/12\/Lingua-Gestual-Portuguesa-6.o-Ano.pdf\" target=\"_blank\" rel=\"noreferrer noopener\">LGP &#8211; L\u00edngua Gestual Portuguesa<\/a><\/p>\n\n\n\n<p><a href=\"https:\/\/escoladigital.madeira.gov.pt\/ebspdffbranco\/wp-content\/uploads\/sites\/19\/2025\/12\/Ingles-6.o-ano.pdf\" target=\"_blank\" rel=\"noreferrer noopener\">&nbsp;Ingl\u00eas&nbsp;&nbsp;<\/a><\/p>\n\n\n\n<p><a href=\"https:\/\/escoladigital.madeira.gov.pt\/ebspdffbranco\/wp-content\/uploads\/sites\/19\/2025\/12\/Historia-e-Geografia-de-Portugal-6.o-ano.pdf\" target=\"_blank\" rel=\"noreferrer noopener\">Hist\u00f3ria e Geografia de Portugal&nbsp;<\/a><\/p>\n\n\n\n<p><a href=\"https:\/\/escoladigital.madeira.gov.pt\/ebspdffbranco\/wp-content\/uploads\/sites\/19\/2025\/12\/Cidadania-e-Desenvolvimentol-6.o-ano.pdf\" target=\"_blank\" rel=\"noreferrer noopener\">Cidadania e Desenvolvimento<\/a><\/p>\n\n\n\n<p><a href=\"https:\/\/escoladigital.madeira.gov.pt\/ebspdffbranco\/wp-content\/uploads\/sites\/19\/2025\/12\/Matematica-6.o-ano.pdf\" target=\"_blank\" rel=\"noreferrer noopener\">Matem\u00e1tica&nbsp;<\/a><\/p>\n\n\n\n<p><a href=\"https:\/\/escoladigital.madeira.gov.pt\/ebspdffbranco\/wp-content\/uploads\/sites\/19\/2025\/12\/Ciencias-Naturais-6.o-ano.pdf\" target=\"_blank\" rel=\"noreferrer noopener\">Ci\u00eancias Naturais&nbsp;<\/a><\/p>\n\n\n\n<p><a href=\"https:\/\/escoladigital.madeira.gov.pt\/ebspdffbranco\/wp-content\/uploads\/sites\/19\/2025\/12\/Educacao-Visual-6.o-ano.pdf\" target=\"_blank\" rel=\"noreferrer noopener\">Educa\u00e7\u00e3o Visual&nbsp;<\/a><\/p>\n\n\n\n<p><a href=\"https:\/\/escoladigital.madeira.gov.pt\/ebspdffbranco\/wp-content\/uploads\/sites\/19\/2025\/12\/Educacao-Tecnologica-6.o-ano.pdf\" target=\"_blank\" rel=\"noreferrer noopener\">Educa\u00e7\u00e3o Tecnol\u00f3gica&nbsp;<\/a><\/p>\n\n\n\n<p><a href=\"https:\/\/escoladigital.madeira.gov.pt\/ebspdffbranco\/wp-content\/uploads\/sites\/19\/2025\/12\/Educacao-Musical-6.o-ano.pdf\" target=\"_blank\" rel=\"noreferrer noopener\">Educa\u00e7\u00e3o Musical&nbsp;<\/a><\/p>\n\n\n\n<p><a href=\"https:\/\/escoladigital.madeira.gov.pt\/ebspdffbranco\/wp-content\/uploads\/sites\/19\/2025\/12\/TIC-6.o-ano.pdf\" target=\"_blank\" rel=\"noreferrer noopener\">TIC&nbsp;<\/a><\/p>\n\n\n\n<p><a href=\"https:\/\/escoladigital.madeira.gov.pt\/ebspdffbranco\/wp-content\/uploads\/sites\/19\/2025\/12\/Educacao-Fisica-6.o-ano.pdf\" target=\"_blank\" rel=\"noreferrer noopener\">Educa\u00e7\u00e3o F\u00edsica&nbsp;<\/a><\/p>\n\n\n\n<p><a href=\"https:\/\/escoladigital.madeira.gov.pt\/ebspdffbranco\/wp-content\/uploads\/sites\/19\/2025\/12\/EMRC-6.o-ano.pdf\" target=\"_blank\" rel=\"noreferrer noopener\">Educa\u00e7\u00e3o MRC&nbsp;<\/a><\/p>\n\n\n\n<p><a href=\"https:\/\/escoladigital.madeira.gov.pt\/ebspdffbranco\/wp-content\/uploads\/sites\/19\/2025\/12\/Oferta-Complementar-6.o-ano.pdf\" target=\"_blank\" rel=\"noreferrer noopener\">Oferta Complementar<\/a><\/p>\n<\/div>\n<\/div>\n<\/div><\/details>\n\n\n\n<details class=\"wp-block-themeisle-blocks-accordion-item\"><summary class=\"wp-block-themeisle-blocks-accordion-item__title\"><div><strong>3.\u00ba Ciclo<\/strong> <\/div><\/summary><div class=\"wp-block-themeisle-blocks-accordion-item__content\">\n<div class=\"wp-block-columns is-layout-flex wp-container-core-columns-is-layout-28f84493 wp-block-columns-is-layout-flex\">\n<div class=\"wp-block-column is-layout-flow wp-block-column-is-layout-flow\">\n<p><strong>7.\u00ba Ano<\/strong><\/p>\n\n\n\n<p><a href=\"https:\/\/escoladigital.madeira.gov.pt\/ebspdffbranco\/wp-content\/uploads\/sites\/19\/2025\/12\/Portugues-7o-ano.pdf\">Portugu\u00eas<\/a><\/p>\n\n\n\n<p><a href=\"https:\/\/escoladigital.madeira.gov.pt\/ebspdffbranco\/wp-content\/uploads\/sites\/19\/2025\/12\/Portugues-LNM-7.o-ano.pdf\" target=\"_blank\" rel=\"noreferrer noopener\">Portugu\u00eas LNM<\/a><\/p>\n\n\n\n<p><a href=\"https:\/\/escoladigital.madeira.gov.pt\/ebspdffbranco\/wp-content\/uploads\/sites\/19\/2025\/12\/Alemao-7.o-ano.pdf\" target=\"_blank\" rel=\"noreferrer noopener\">Alem\u00e3o<\/a><\/p>\n\n\n\n<p><a href=\"https:\/\/escoladigital.madeira.gov.pt\/ebspdffbranco\/wp-content\/uploads\/sites\/19\/2025\/12\/Ingles-7.o-ano.pdf\" target=\"_blank\" rel=\"noreferrer noopener\">Ingl\u00eas<\/a><\/p>\n\n\n\n<p><a href=\"https:\/\/escoladigital.madeira.gov.pt\/ebspdffbranco\/wp-content\/uploads\/sites\/19\/2025\/12\/Frances-7.o-ano.pdf\" target=\"_blank\" rel=\"noreferrer noopener\">Franc\u00eas<\/a><\/p>\n\n\n\n<p><a href=\"https:\/\/escoladigital.madeira.gov.pt\/ebspdffbranco\/wp-content\/uploads\/sites\/19\/2025\/12\/Historia-7.o-ano.pdf\" target=\"_blank\" rel=\"noreferrer noopener\">Hist\u00f3ria<\/a><\/p>\n\n\n\n<p><a href=\"https:\/\/escoladigital.madeira.gov.pt\/ebspdffbranco\/wp-content\/uploads\/sites\/19\/2025\/12\/Geografia-7.o-ano.pdf\" target=\"_blank\" rel=\"noreferrer noopener\">Geografia<\/a><\/p>\n\n\n\n<p><a href=\"https:\/\/escoladigital.madeira.gov.pt\/ebspdffbranco\/wp-content\/uploads\/sites\/19\/2025\/12\/Cidadania-e-Desenvolvimento-7.o-ano.pdf\" target=\"_blank\" rel=\"noreferrer noopener\">Cidadania e Desenvolvimento<\/a><\/p>\n\n\n\n<p><a href=\"https:\/\/escoladigital.madeira.gov.pt\/ebspdffbranco\/wp-content\/uploads\/sites\/19\/2025\/12\/Matematica-7.o-ano.pdf\" target=\"_blank\" rel=\"noreferrer noopener\">Matem\u00e1tica<\/a><\/p>\n\n\n\n<p><a href=\"https:\/\/escoladigital.madeira.gov.pt\/ebspdffbranco\/wp-content\/uploads\/sites\/19\/2025\/12\/Ciencias-Naturais-7.o-ano.pdf\" target=\"_blank\" rel=\"noreferrer noopener\">Ci\u00eancias Naturais<\/a><\/p>\n\n\n\n<p><a href=\"https:\/\/escoladigital.madeira.gov.pt\/ebspdffbranco\/wp-content\/uploads\/sites\/19\/2025\/12\/Fisico-Quimica-7.o-ano.pdf\" target=\"_blank\" rel=\"noreferrer noopener\">F\u00edsico-Qu\u00edmica<\/a><\/p>\n\n\n\n<p><a href=\"https:\/\/escoladigital.madeira.gov.pt\/ebspdffbranco\/wp-content\/uploads\/sites\/19\/2025\/12\/Educacao-Visual-7.o-ano.pdf\" target=\"_blank\" rel=\"noreferrer noopener\">Educa\u00e7\u00e3o Visual<\/a><\/p>\n\n\n\n<p><a href=\"https:\/\/escoladigital.madeira.gov.pt\/ebspdffbranco\/wp-content\/uploads\/sites\/19\/2025\/12\/Educacao-Tecnologica-7.o-ano.pdf\" target=\"_blank\" rel=\"noreferrer noopener\">Educa\u00e7\u00e3o Tecnol\u00f3gica<\/a><\/p>\n\n\n\n<p><a href=\"https:\/\/escoladigital.madeira.gov.pt\/ebspdffbranco\/wp-content\/uploads\/sites\/19\/2025\/12\/Tecnologias-de-Informacao-e-Comunicacao-7.o-ano.pdf\" target=\"_blank\" rel=\"noreferrer noopener\">TIC<\/a><\/p>\n\n\n\n<p><a href=\"https:\/\/escoladigital.madeira.gov.pt\/ebspdffbranco\/wp-content\/uploads\/sites\/19\/2025\/12\/Educacao-Fisica-7.o-ano.pdf\" target=\"_blank\" rel=\"noreferrer noopener\">Educa\u00e7\u00e3o F\u00edsica<\/a><\/p>\n\n\n\n<p><a href=\"https:\/\/escoladigital.madeira.gov.pt\/ebspdffbranco\/wp-content\/uploads\/sites\/19\/2025\/12\/EMRC-7.o-ano.pdf\" target=\"_blank\" rel=\"noreferrer noopener\">Educa\u00e7\u00e3o MRC<\/a><\/p>\n\n\n\n<p><a href=\"https:\/\/escoladigital.madeira.gov.pt\/ebspdffbranco\/wp-content\/uploads\/sites\/19\/2025\/12\/Oferta-Complementar-7.o-ano.pdf\" target=\"_blank\" rel=\"noreferrer noopener\">Oferta Complementar<\/a><\/p>\n<\/div>\n\n\n\n<div class=\"wp-block-column is-layout-flow wp-block-column-is-layout-flow\"><\/div>\n\n\n\n<div class=\"wp-block-column is-layout-flow wp-block-column-is-layout-flow\">\n<p><strong>8.\u00ba Ano<\/strong><\/p>\n\n\n\n<p><a href=\"https:\/\/escoladigital.madeira.gov.pt\/ebspdffbranco\/wp-content\/uploads\/sites\/19\/2025\/12\/Portugues-8.o-ano.pdf\" target=\"_blank\" rel=\"noreferrer noopener\">Portugu\u00eas<\/a><\/p>\n\n\n\n<p><a href=\"https:\/\/escoladigital.madeira.gov.pt\/ebspdffbranco\/wp-content\/uploads\/sites\/19\/2025\/12\/Ingles-8.o-ano.pdf\" target=\"_blank\" rel=\"noreferrer noopener\">Ingl\u00eas<\/a><\/p>\n\n\n\n<p><a href=\"https:\/\/escoladigital.madeira.gov.pt\/ebspdffbranco\/wp-content\/uploads\/sites\/19\/2025\/12\/Frances-8.o-ano.pdf\" target=\"_blank\" rel=\"noreferrer noopener\">Franc\u00eas<\/a><\/p>\n\n\n\n<p><a href=\"https:\/\/escoladigital.madeira.gov.pt\/ebspdffbranco\/wp-content\/uploads\/sites\/19\/2025\/12\/Alemao-8.o-ano.pdf\" target=\"_blank\" rel=\"noreferrer noopener\">Alem\u00e3o<\/a><\/p>\n\n\n\n<p><a href=\"https:\/\/escoladigital.madeira.gov.pt\/ebspdffbranco\/wp-content\/uploads\/sites\/19\/2025\/12\/Historia-8.o-ano.pdf\" target=\"_blank\" rel=\"noreferrer noopener\">Hist\u00f3ria<\/a><\/p>\n\n\n\n<p><a href=\"https:\/\/escoladigital.madeira.gov.pt\/ebspdffbranco\/wp-content\/uploads\/sites\/19\/2025\/12\/Geografia-8.o-ano.pdf\" target=\"_blank\" rel=\"noreferrer noopener\">Geografia<\/a><\/p>\n\n\n\n<p><a href=\"https:\/\/escoladigital.madeira.gov.pt\/ebspdffbranco\/wp-content\/uploads\/sites\/19\/2025\/12\/Matematica-8.o-ano.pdf\" target=\"_blank\" rel=\"noreferrer noopener\">Matem\u00e1tica<\/a><\/p>\n\n\n\n<p><a href=\"https:\/\/escoladigital.madeira.gov.pt\/ebspdffbranco\/wp-content\/uploads\/sites\/19\/2025\/12\/Cidadania-e-Desenvolvimento-8.o-ano.pdf\" target=\"_blank\" rel=\"noreferrer noopener\">Cidadania e Desenvolvimento<\/a><\/p>\n\n\n\n<p><a href=\"https:\/\/escoladigital.madeira.gov.pt\/ebspdffbranco\/wp-content\/uploads\/sites\/19\/2025\/12\/Fisico-Quimica-8.o-ano.pdf\" target=\"_blank\" rel=\"noreferrer noopener\">F\u00edsico-Qu\u00edmica<\/a><\/p>\n\n\n\n<p><a href=\"https:\/\/escoladigital.madeira.gov.pt\/ebspdffbranco\/wp-content\/uploads\/sites\/19\/2025\/12\/Ciencias-Naturais-8.o-ano.pdf\" target=\"_blank\" rel=\"noreferrer noopener\">Ci\u00eancias Naturais<\/a><\/p>\n\n\n\n<p><a href=\"https:\/\/escoladigital.madeira.gov.pt\/ebspdffbranco\/wp-content\/uploads\/sites\/19\/2025\/12\/Educacao-Tecnologica-8.o-ano.pdf\" target=\"_blank\" rel=\"noreferrer noopener\">Educa\u00e7\u00e3o Tecnol\u00f3gica<\/a><\/p>\n\n\n\n<p><a href=\"https:\/\/escoladigital.madeira.gov.pt\/ebspdffbranco\/wp-content\/uploads\/sites\/19\/2025\/12\/Educacao-Visual-8.o-ano.pdf\" target=\"_blank\" rel=\"noreferrer noopener\">Educa\u00e7\u00e3o Visual<\/a><\/p>\n\n\n\n<p><a href=\"https:\/\/escoladigital.madeira.gov.pt\/ebspdffbranco\/wp-content\/uploads\/sites\/19\/2025\/12\/Tecnologias-de-Informacao-e-Comunicacao-8.o-ano.pdf\" target=\"_blank\" rel=\"noreferrer noopener\">TIC<\/a><\/p>\n\n\n\n<p><a href=\"https:\/\/escoladigital.madeira.gov.pt\/ebspdffbranco\/wp-content\/uploads\/sites\/19\/2025\/12\/Educacao-Fisica-8.o-ano.pdf\" target=\"_blank\" rel=\"noreferrer noopener\">Educa\u00e7\u00e3o F\u00edsica<\/a><\/p>\n\n\n\n<p><a href=\"https:\/\/escoladigital.madeira.gov.pt\/ebspdffbranco\/wp-content\/uploads\/sites\/19\/2025\/12\/EMRC-8.o-ano.pdf\" target=\"_blank\" rel=\"noreferrer noopener\">Educa\u00e7\u00e3o MRC<\/a><\/p>\n\n\n\n<p><a href=\"https:\/\/escoladigital.madeira.gov.pt\/ebspdffbranco\/wp-content\/uploads\/sites\/19\/2025\/12\/Oferta-Complementar-8.o-ano.pdf\" target=\"_blank\" rel=\"noreferrer noopener\">Oferta Complementar<\/a><\/p>\n<\/div>\n<\/div>\n\n\n\n<hr class=\"wp-block-separator has-alpha-channel-opacity is-style-dots\" \/>\n\n\n\n<p><strong>9.\u00ba Ano<\/strong><\/p>\n\n\n\n<p><a href=\"https:\/\/escoladigital.madeira.gov.pt\/ebspdffbranco\/wp-content\/uploads\/sites\/19\/2025\/12\/Portugues-9.o-ano.pdf\" target=\"_blank\" rel=\"noreferrer noopener\">Portugu\u00eas<\/a><\/p>\n\n\n\n<p><a href=\"https:\/\/escoladigital.madeira.gov.pt\/ebspdffbranco\/wp-content\/uploads\/sites\/19\/2025\/12\/Ingles-9.o-ano.pdf\" target=\"_blank\" rel=\"noreferrer noopener\">Ingl\u00eas<\/a><\/p>\n\n\n\n<p><a href=\"https:\/\/escoladigital.madeira.gov.pt\/ebspdffbranco\/wp-content\/uploads\/sites\/19\/2025\/12\/Frances-9.o-ano.pdf\" target=\"_blank\" rel=\"noreferrer noopener\">Franc\u00eas<\/a><\/p>\n\n\n\n<p><a href=\"https:\/\/escoladigital.madeira.gov.pt\/ebspdffbranco\/wp-content\/uploads\/sites\/19\/2025\/12\/Alemao-9.o-ano.pdf\" target=\"_blank\" rel=\"noreferrer noopener\">Alem\u00e3o<\/a><\/p>\n\n\n\n<p><a href=\"https:\/\/escoladigital.madeira.gov.pt\/ebspdffbranco\/wp-content\/uploads\/sites\/19\/2025\/12\/Historia-9.o-ano.pdf\" target=\"_blank\" rel=\"noreferrer noopener\">Hist\u00f3ria<\/a><\/p>\n\n\n\n<p><a href=\"https:\/\/escoladigital.madeira.gov.pt\/ebspdffbranco\/wp-content\/uploads\/sites\/19\/2025\/12\/Geografia-9.o-ano.pdf\" target=\"_blank\" rel=\"noreferrer noopener\">Geografia<\/a><\/p>\n\n\n\n<p><a href=\"https:\/\/escoladigital.madeira.gov.pt\/ebspdffbranco\/wp-content\/uploads\/sites\/19\/2025\/12\/Matematica-9.o-ano.pdf\" target=\"_blank\" rel=\"noreferrer noopener\">Matem\u00e1tica<\/a><\/p>\n\n\n\n<p><a href=\"https:\/\/escoladigital.madeira.gov.pt\/ebspdffbranco\/wp-content\/uploads\/sites\/19\/2025\/12\/Ciencias-Naturais-9.o-ano.pdf\" target=\"_blank\" rel=\"noreferrer noopener\">Ci\u00eancias Naturais<\/a><\/p>\n\n\n\n<p><a href=\"https:\/\/escoladigital.madeira.gov.pt\/ebspdffbranco\/wp-content\/uploads\/sites\/19\/2025\/12\/Fisico-Quimica-9.o-ano.pdf\" target=\"_blank\" rel=\"noreferrer noopener\">F\u00edsico-Qu\u00edmica<\/a><\/p>\n\n\n\n<p><a href=\"https:\/\/escoladigital.madeira.gov.pt\/ebspdffbranco\/wp-content\/uploads\/sites\/19\/2025\/12\/Educacao-Visual-9.o-ano.pdf\" target=\"_blank\" rel=\"noreferrer noopener\">Educa\u00e7\u00e3o Visual<\/a><\/p>\n\n\n\n<p><a href=\"https:\/\/escoladigital.madeira.gov.pt\/ebspdffbranco\/wp-content\/uploads\/sites\/19\/2025\/12\/Educacao-Fisica-9.o-ano.pdf\" target=\"_blank\" rel=\"noreferrer noopener\">Educa\u00e7\u00e3o F\u00edsica<\/a><\/p>\n\n\n\n<p><a href=\"https:\/\/escoladigital.madeira.gov.pt\/ebspdffbranco\/wp-content\/uploads\/sites\/19\/2025\/12\/EMRC-9.o-ano.pdf\" target=\"_blank\" rel=\"noreferrer noopener\">Educa\u00e7\u00e3o MRC<\/a><\/p>\n\n\n\n<p><a href=\"https:\/\/escoladigital.madeira.gov.pt\/ebspdffbranco\/wp-content\/uploads\/sites\/19\/2025\/12\/Cidadania-e-Desenvolvimento-9.o-ano.pdf\" target=\"_blank\" rel=\"noreferrer noopener\">Cidadania e Desenvolvimento<\/a><\/p>\n\n\n\n<p><a href=\"https:\/\/escoladigital.madeira.gov.pt\/ebspdffbranco\/wp-content\/uploads\/sites\/19\/2025\/12\/Educacao-Tecnologica-9.o-ano.pdf\" target=\"_blank\" rel=\"noreferrer noopener\">Educa\u00e7\u00e3o Tecnol\u00f3gica<\/a><\/p>\n\n\n\n<p><a href=\"https:\/\/escoladigital.madeira.gov.pt\/ebspdffbranco\/wp-content\/uploads\/sites\/19\/2025\/12\/Oferta-Complementar-9.o-ano.pdf\" target=\"_blank\" rel=\"noreferrer noopener\">Oferta Complementar<\/a><\/p>\n\n\n\n<p><a href=\"https:\/\/escoladigital.madeira.gov.pt\/ebspdffbranco\/wp-content\/uploads\/sites\/19\/2025\/12\/Tecnologias-de-Informacao-e-Comunicacao-9.o-ano.pdf\" target=\"_blank\" rel=\"noreferrer noopener\">TIC<\/a><\/p>\n<\/div><\/details>\n\n\n\n<details class=\"wp-block-themeisle-blocks-accordion-item\"><summary class=\"wp-block-themeisle-blocks-accordion-item__title\"><div><strong>Ensino Secund\u00e1rio &#8211; 10.\u00ba Ano <\/strong><\/div><\/summary><div class=\"wp-block-themeisle-blocks-accordion-item__content\">\n<div class=\"wp-block-columns is-layout-flex wp-container-core-columns-is-layout-28f84493 wp-block-columns-is-layout-flex\">\n<div class=\"wp-block-column is-layout-flow wp-block-column-is-layout-flow\">\n<p class=\"has-accent-2-color has-text-color has-link-color wp-elements-dc67aaffb92844227716011acacd1a72\"><strong>10.\u00ba Ano<\/strong><\/p>\n\n\n\n<p class=\"has-accent-2-color has-text-color has-link-color has-small-font-size wp-elements-d0261c1319c204c5f3716b4d56cef68c\"><strong>Curso Cient\u00edfico &#8211; Human\u00edstico de&nbsp;Ci\u00eancias e Tecnologias&nbsp;<\/strong><\/p>\n\n\n\n<p><a href=\"https:\/\/escoladigital.madeira.gov.pt\/ebspdffbranco\/wp-content\/uploads\/sites\/19\/2025\/12\/1-Criterios-de-avaliacao-de-Portugues-10.o-ano-2.pdf\" target=\"_blank\" rel=\"noreferrer noopener\">Portugu\u00eas<\/a><\/p>\n\n\n\n<p><a href=\"https:\/\/escoladigital.madeira.gov.pt\/ebspdffbranco\/wp-content\/uploads\/sites\/19\/2025\/12\/2-Criterios-de-avaliacao-de-Ingles-FG-10.o-ano-2.pdf\" target=\"_blank\" rel=\"noreferrer noopener\">Ingl\u00eas (FG)<\/a><\/p>\n\n\n\n<p><a href=\"https:\/\/escoladigital.madeira.gov.pt\/ebspdffbranco\/wp-content\/uploads\/sites\/19\/2025\/12\/2-Criterios-de-avaliacao-de-Frances-FG-continuacao-10.o-ano-1.pdf\" target=\"_blank\" rel=\"noreferrer noopener\">Franc\u00eas(FG continua\u00e7\u00e3o)<\/a><\/p>\n\n\n\n<p><a href=\"https:\/\/escoladigital.madeira.gov.pt\/ebspdffbranco\/wp-content\/uploads\/sites\/19\/2025\/12\/2-Criterios-de-avaliacao-de-Alemao-10.o-ano.pdf\" target=\"_blank\" rel=\"noreferrer noopener\">Alem\u00e3o<\/a><\/p>\n\n\n\n<p><a href=\"https:\/\/escoladigital.madeira.gov.pt\/ebspdffbranco\/wp-content\/uploads\/sites\/19\/2025\/12\/3-Criterios-de-avaliacao-de-Filosofia-10.o-ano-2.pdf\" target=\"_blank\" rel=\"noreferrer noopener\">Filosofia<\/a><\/p>\n\n\n\n<p><a href=\"https:\/\/escoladigital.madeira.gov.pt\/ebspdffbranco\/wp-content\/uploads\/sites\/19\/2025\/12\/4-Criterios-de-avaliacao-de-Educacao-Fisica-11.o-ano.pdf\" target=\"_blank\" rel=\"noreferrer noopener\">Educa\u00e7\u00e3o F\u00edsica<\/a><\/p>\n\n\n\n<p><a href=\"https:\/\/escoladigital.madeira.gov.pt\/ebspdffbranco\/wp-content\/uploads\/sites\/19\/2025\/12\/6-Criterios-de-avaliacao-de-Biologia-e-Geologia-10.o-ano.pdf\" target=\"_blank\" rel=\"noreferrer noopener\">Biologia e Geologia&nbsp;&nbsp;<\/a><\/p>\n\n\n\n<p>F\u00edsica e Qu\u00edmica A&nbsp;&nbsp;<\/p>\n\n\n\n<p><a href=\"https:\/\/escoladigital.madeira.gov.pt\/ebspdffbranco\/wp-content\/uploads\/sites\/19\/2025\/12\/8-Criterios-de-avaliacao-de-GDA-A-10.o-ano.pdf\" target=\"_blank\" rel=\"noreferrer noopener\">GDA A&nbsp;<\/a><\/p>\n\n\n\n<p><a href=\"https:\/\/escoladigital.madeira.gov.pt\/ebspdffbranco\/wp-content\/uploads\/sites\/19\/2025\/12\/5-Criterios-de-avaliacao-de-Matematica-A-10.o-ano.pdf\" target=\"_blank\" rel=\"noreferrer noopener\">Matem\u00e1tica A&nbsp;&nbsp;<\/a><\/p>\n\n\n\n<p><a href=\"https:\/\/escoladigital.madeira.gov.pt\/ebspdffbranco\/wp-content\/uploads\/sites\/19\/2025\/12\/16-Criterios-de-avaliacao-de-EMRC-10.o-11.o-e-12.o-anos-1.pdf\" target=\"_blank\" rel=\"noreferrer noopener\">E.M.R.Cat\u00f3lica<\/a><\/p>\n\n\n\n<hr class=\"wp-block-separator has-alpha-channel-opacity is-style-dots\" \/>\n\n\n\n<p class=\"has-accent-2-color has-text-color has-link-color wp-elements-dc67aaffb92844227716011acacd1a72\"><strong>10.\u00ba Ano<\/strong><\/p>\n\n\n\n<p class=\"has-accent-2-color has-text-color has-link-color wp-elements-ebcab6ab49eb939c56e0df5f7cf51631\"><strong>Curso Cient\u00edfico &#8211; Human\u00edstico de&nbsp;L\u00ednguas e Humanidades<\/strong><\/p>\n\n\n\n<p><a href=\"https:\/\/escoladigital.madeira.gov.pt\/ebspdffbranco\/wp-content\/uploads\/sites\/19\/2025\/12\/1-Criterios-de-avaliacao-de-Portugues-10.o-ano-1.pdf\" target=\"_blank\" rel=\"noreferrer noopener\">Portugu\u00eas&nbsp;&nbsp;<\/a><\/p>\n\n\n\n<p><a href=\"https:\/\/escoladigital.madeira.gov.pt\/ebspdffbranco\/wp-content\/uploads\/sites\/19\/2025\/12\/2-Criterios-de-avaliacao-de-Frances-FG-continuacao-10.o-ano.pdf\" target=\"_blank\" rel=\"noreferrer noopener\">Franc\u00eas (FG continua\u00e7\u00e3o)&nbsp;&nbsp;<\/a><\/p>\n\n\n\n<p><a href=\"https:\/\/escoladigital.madeira.gov.pt\/ebspdffbranco\/wp-content\/uploads\/sites\/19\/2025\/12\/2-Criterios-de-avaliacao-de-Ingles-FG-10.o-ano-1.pdf\" target=\"_blank\" rel=\"noreferrer noopener\">Ingl\u00eas (FG)&nbsp;&nbsp;<\/a><\/p>\n\n\n\n<p><a href=\"https:\/\/escoladigital.madeira.gov.pt\/ebspdffbranco\/wp-content\/uploads\/sites\/19\/2025\/12\/5-Criterios-de-avaliacao-de-Historia-A-10.o-ano.pdf\" target=\"_blank\" rel=\"noreferrer noopener\">Hist\u00f3ria A&nbsp;&nbsp;<\/a><\/p>\n\n\n\n<p><a href=\"https:\/\/escoladigital.madeira.gov.pt\/ebspdffbranco\/wp-content\/uploads\/sites\/19\/2025\/12\/3-Criterios-de-avaliacao-de-Filosofia-10.o-ano-1.pdf\" target=\"_blank\" rel=\"noreferrer noopener\">Filosofia&nbsp;&nbsp;<\/a><\/p>\n\n\n\n<p><a href=\"https:\/\/escoladigital.madeira.gov.pt\/ebspdffbranco\/wp-content\/uploads\/sites\/19\/2025\/12\/4-Criterios-de-avaliacao-de-Educacao-Fisica-10.o-ano-1.pdf\" target=\"_blank\" rel=\"noreferrer noopener\">Educa\u00e7\u00e3o F\u00edsica&nbsp;<\/a><\/p>\n\n\n\n<p><a href=\"https:\/\/escoladigital.madeira.gov.pt\/ebspdffbranco\/wp-content\/uploads\/sites\/19\/2025\/12\/6-Criterios-de-avaliacao-de-Geografia-A-10.o-ano.pdf\" target=\"_blank\" rel=\"noreferrer noopener\">Geografia A&nbsp;<\/a><\/p>\n\n\n\n<p><a href=\"https:\/\/escoladigital.madeira.gov.pt\/ebspdffbranco\/wp-content\/uploads\/sites\/19\/2025\/12\/7-Criterios-de-avaliacao-de-MACS-10.o-ano.pdf\" target=\"_blank\" rel=\"noreferrer noopener\">MACS&nbsp;<\/a><\/p>\n\n\n\n<p><a href=\"https:\/\/escoladigital.madeira.gov.pt\/ebspdffbranco\/wp-content\/uploads\/sites\/19\/2025\/12\/8-Criterios-de-avaliacao-de-Latim-A-10.o-ano.pdf\" target=\"_blank\" rel=\"noreferrer noopener\">Latim<\/a><\/p>\n\n\n\n<p><a href=\"https:\/\/escoladigital.madeira.gov.pt\/ebspdffbranco\/wp-content\/uploads\/sites\/19\/2025\/12\/16-Criterios-de-avaliacao-de-EMRC-10.o-11.o-e-12.o-anos.pdf\" target=\"_blank\" rel=\"noreferrer noopener\">E.M.R.Cat\u00f3lica<\/a><\/p>\n<\/div>\n\n\n\n<div class=\"wp-block-column is-layout-flow wp-block-column-is-layout-flow\">\n<p class=\"has-accent-2-color has-text-color has-link-color wp-elements-dc67aaffb92844227716011acacd1a72\"><strong>10.\u00ba Ano<\/strong><\/p>\n\n\n\n<p class=\"has-accent-2-color has-text-color has-link-color wp-elements-abb2eabfb38d1242d44ccb5520198d59\"><strong>Curso Cient\u00edfico &#8211; Human\u00edstico de&nbsp;Ci\u00eancias Socioecon\u00f3micas<\/strong><\/p>\n\n\n\n<p><a href=\"https:\/\/escoladigital.madeira.gov.pt\/ebspdffbranco\/wp-content\/uploads\/sites\/19\/2025\/12\/1-Criterios-de-avaliacao-de-Portugues-10.o-ano-3.pdf\" target=\"_blank\" rel=\"noreferrer noopener\">Portugu\u00eas&nbsp;&nbsp;<\/a><\/p>\n\n\n\n<p><a href=\"https:\/\/escoladigital.madeira.gov.pt\/ebspdffbranco\/wp-content\/uploads\/sites\/19\/2025\/12\/2-Criterios-de-avaliacao-de-Alemao-10.o-ano-1.pdf\" target=\"_blank\" rel=\"noreferrer noopener\">Alem\u00e3o<\/a><\/p>\n\n\n\n<p><a href=\"https:\/\/escoladigital.madeira.gov.pt\/ebspdffbranco\/wp-content\/uploads\/sites\/19\/2025\/12\/2-Criterios-de-avaliacao-de-Ingles-FG-10.o-ano-3.pdf\" target=\"_blank\" rel=\"noreferrer noopener\">Ingl\u00eas (FG)&nbsp;&nbsp;<\/a><\/p>\n\n\n\n<p><a href=\"https:\/\/escoladigital.madeira.gov.pt\/ebspdffbranco\/wp-content\/uploads\/sites\/19\/2025\/12\/3-Criterios-de-avaliacao-de-Filosofia-10.o-ano-3.pdf\" target=\"_blank\" rel=\"noreferrer noopener\">Filosofia&nbsp;<\/a><\/p>\n\n\n\n<p><a href=\"https:\/\/escoladigital.madeira.gov.pt\/ebspdffbranco\/wp-content\/uploads\/sites\/19\/2025\/12\/4-Criterios-de-avaliacao-de-Educacao-Fisica-10.o-ano-2.pdf\" target=\"_blank\" rel=\"noreferrer noopener\">Educa\u00e7\u00e3o F\u00edsica&nbsp;<\/a><\/p>\n\n\n\n<p><a href=\"https:\/\/escoladigital.madeira.gov.pt\/ebspdffbranco\/wp-content\/uploads\/sites\/19\/2025\/12\/6-Criterios-de-avaliacao-de-Geografia-A-10.o-ano-1.pdf\" target=\"_blank\" rel=\"noreferrer noopener\">Geografia A&nbsp;&nbsp;<\/a><\/p>\n\n\n\n<p><a href=\"https:\/\/escoladigital.madeira.gov.pt\/ebspdffbranco\/wp-content\/uploads\/sites\/19\/2025\/12\/5-Criterios-de-avaliacao-de-Matematica-A-10.o-ano-1.pdf\" target=\"_blank\" rel=\"noreferrer noopener\">Matem\u00e1tica A&nbsp;&nbsp;&nbsp;&nbsp;<\/a><\/p>\n\n\n\n<p><a href=\"https:\/\/escoladigital.madeira.gov.pt\/ebspdffbranco\/wp-content\/uploads\/sites\/19\/2025\/12\/7-Criterios-de-Avaliacao-de-Economia-A-10.o-ano.pdf\" target=\"_blank\" rel=\"noreferrer noopener\">Economia A<\/a><\/p>\n\n\n\n<p><a href=\"https:\/\/escoladigital.madeira.gov.pt\/ebspdffbranco\/wp-content\/uploads\/sites\/19\/2025\/12\/10-Criterios-de-avaliacao-de-EMRC-10.o-11.o-e-12.o-anos.pdf\" target=\"_blank\" rel=\"noreferrer noopener\">E.M.R.Cat\u00f3lica<\/a><\/p>\n\n\n\n<hr class=\"wp-block-separator has-alpha-channel-opacity is-style-dots\" \/>\n\n\n\n<p class=\"has-accent-2-color has-text-color has-link-color wp-elements-dc67aaffb92844227716011acacd1a72\"><strong>10.\u00ba Ano<\/strong><\/p>\n\n\n\n<p class=\"has-accent-2-color has-text-color has-link-color wp-elements-a73e231c00355a2645ced253a0cd538d\"><strong>Curso Cient\u00edfico &#8211; Human\u00edstico de<\/strong><strong>&nbsp;Artes Visuais<\/strong><\/p>\n\n\n\n<p><a href=\"https:\/\/escoladigital.madeira.gov.pt\/ebspdffbranco\/wp-content\/uploads\/sites\/19\/2025\/12\/1-Criterios-de-avaliacao-de-Portugues-10.o-ano.pdf\" target=\"_blank\" rel=\"noreferrer noopener\">Portugu\u00eas<\/a><\/p>\n\n\n\n<p><a href=\"https:\/\/escoladigital.madeira.gov.pt\/ebspdffbranco\/wp-content\/uploads\/sites\/19\/2025\/12\/2-Criterios-de-avaliacao-de-Ingles-FG-10.o-ano.pdf\" target=\"_blank\" rel=\"noreferrer noopener\">Ingl\u00eas&nbsp;(FG)<\/a><\/p>\n\n\n\n<p><a href=\"https:\/\/escoladigital.madeira.gov.pt\/ebspdffbranco\/wp-content\/uploads\/sites\/19\/2025\/12\/5-Criterios-de-avaliacao-de-Desenho-A-10.o-ano.pdf\" target=\"_blank\" rel=\"noreferrer noopener\">Desenho A&nbsp;<\/a><\/p>\n\n\n\n<p><a href=\"https:\/\/escoladigital.madeira.gov.pt\/ebspdffbranco\/wp-content\/uploads\/sites\/19\/2025\/12\/3-Criterios-de-avaliacao-de-Filosofia-10.o-ano.pdf\">Filosofia<\/a><\/p>\n\n\n\n<p><a href=\"https:\/\/escoladigital.madeira.gov.pt\/ebspdffbranco\/wp-content\/uploads\/sites\/19\/2025\/12\/4-Criterios-de-avaliacao-de-Educacao-Fisica-10.o-ano.pdf\" target=\"_blank\" rel=\"noreferrer noopener\">Educa\u00e7\u00e3o F\u00edsica<\/a><\/p>\n\n\n\n<p><a href=\"https:\/\/escoladigital.madeira.gov.pt\/ebspdffbranco\/wp-content\/uploads\/sites\/19\/2025\/12\/6-Criterios-de-avaliacao-de-GDA-A-10.o-ano.pdf\" target=\"_blank\" rel=\"noreferrer noopener\">GDA A&nbsp;<\/a><\/p>\n\n\n\n<p><a href=\"https:\/\/escoladigital.madeira.gov.pt\/ebspdffbranco\/wp-content\/uploads\/sites\/19\/2025\/12\/8-Criterios-de-avaliacao-de-Matematica-B-11.o-ano.pdf\" target=\"_blank\" rel=\"noreferrer noopener\">Matem\u00e1tica B<\/a><\/p>\n\n\n\n<p><a href=\"https:\/\/escoladigital.madeira.gov.pt\/ebspdffbranco\/wp-content\/uploads\/sites\/19\/2025\/12\/7-Criterios-de-avaliacao-de-Historia-da-Cultura-e-das-Artes-10.o-ano.pdf\" target=\"_blank\" rel=\"noreferrer noopener\">Hist\u00f3ria da Cultura e das Artes<\/a><\/p>\n\n\n\n<p><a href=\"https:\/\/escoladigital.madeira.gov.pt\/ebspdffbranco\/wp-content\/uploads\/sites\/19\/2025\/12\/11-Criterios-de-avaliacao-de-EMRC-10.o-11.o-e-12.o-anos.pdf\" target=\"_blank\" rel=\"noreferrer noopener\">E.M.R. Cat\u00f3lica<\/a><\/p>\n<\/div>\n<\/div>\n\n\n\n<p><\/p>\n<\/div><\/details>\n\n\n\n<details class=\"wp-block-themeisle-blocks-accordion-item\"><summary class=\"wp-block-themeisle-blocks-accordion-item__title\"><div><strong>Ensino Secund\u00e1rio &#8211; 11.\u00ba Ano &#8211;<\/strong> <\/div><\/summary><div class=\"wp-block-themeisle-blocks-accordion-item__content\">\n<div class=\"wp-block-columns is-layout-flex wp-container-core-columns-is-layout-28f84493 wp-block-columns-is-layout-flex\">\n<div class=\"wp-block-column is-layout-flow wp-block-column-is-layout-flow\">\n<p class=\"has-accent-4-color has-text-color has-link-color wp-elements-4d0381879e806340e04089c64e37f9d5\"><strong>11.\u00ba Ano<\/strong><\/p>\n\n\n\n<p class=\"has-accent-4-color has-text-color has-link-color has-small-font-size wp-elements-1321cbe1c00a68d60ab20519ea47ef9d\"><strong>Curso Cient\u00edfico &#8211; Human\u00edstico de&nbsp;Ci\u00eancias e Tecnologias&nbsp;<\/strong><\/p>\n\n\n\n<p><a href=\"https:\/\/escoladigital.madeira.gov.pt\/ebspdffbranco\/wp-content\/uploads\/sites\/19\/2025\/12\/1-Criterios-de-avaliacao-de-Portugues-11.o-ano.pdf\" target=\"_blank\" rel=\"noreferrer noopener\">Portugu\u00eas&nbsp;<\/a><\/p>\n\n\n\n<p><a href=\"https:\/\/escoladigital.madeira.gov.pt\/ebspdffbranco\/wp-content\/uploads\/sites\/19\/2025\/12\/2-Criterios-de-avaliacao-de-Frances-FG-continuacao-11.o-ano-1.pdf\" target=\"_blank\" rel=\"noreferrer noopener\">Franc\u00eas (FG &#8211; continua\u00e7\u00e3o)&nbsp;&nbsp;<\/a><\/p>\n\n\n\n<p><a href=\"https:\/\/escoladigital.madeira.gov.pt\/ebspdffbranco\/wp-content\/uploads\/sites\/19\/2025\/12\/2-Criterios-de-avaliacao-de-Ingles-FG-11.o-ano.pdf\" target=\"_blank\" rel=\"noreferrer noopener\">Ingl\u00eas (FG)&nbsp;&nbsp;&nbsp;&nbsp;&nbsp;<\/a><\/p>\n\n\n\n<p><a href=\"https:\/\/escoladigital.madeira.gov.pt\/ebspdffbranco\/wp-content\/uploads\/sites\/19\/2025\/12\/3-Criterios-de-avaliacao-de-Filosofia-11.o-ano.pdf\" target=\"_blank\" rel=\"noreferrer noopener\">Filosofia&nbsp;&nbsp;&nbsp;<\/a><\/p>\n\n\n\n<p><a href=\"https:\/\/escoladigital.madeira.gov.pt\/ebspdffbranco\/wp-content\/uploads\/sites\/19\/2025\/12\/4-Criterios-de-avaliacao-de-Educacao-Fisica-11.o-ano.pdf\" target=\"_blank\" rel=\"noreferrer noopener\">Educa\u00e7\u00e3o F\u00edsica&nbsp;&nbsp;<\/a><\/p>\n\n\n\n<p><a href=\"https:\/\/escoladigital.madeira.gov.pt\/ebspdffbranco\/wp-content\/uploads\/sites\/19\/2025\/12\/6-Criterios-de-avaliacao-de-Biologia-e-Geologia-11.o-ano.pdf\" target=\"_blank\" rel=\"noreferrer noopener\">Biologia Geologia&nbsp;&nbsp;<\/a><\/p>\n\n\n\n<p>F\u00edsica e Qu\u00edmica A&nbsp;<\/p>\n\n\n\n<p><a href=\"https:\/\/escoladigital.madeira.gov.pt\/ebspdffbranco\/wp-content\/uploads\/sites\/19\/2025\/12\/6-Criterios-de-avaliacao-de-GDA-A-11.o-ano.pdf\" target=\"_blank\" rel=\"noreferrer noopener\">GDA A&nbsp;<\/a><\/p>\n\n\n\n<p><a href=\"https:\/\/escoladigital.madeira.gov.pt\/ebspdffbranco\/wp-content\/uploads\/sites\/19\/2025\/12\/5-Criterios-de-avaliacao-de-Matematica-A-11.o-ano.pdf\" target=\"_blank\" rel=\"noreferrer noopener\">Matem\u00e1tica A&nbsp;&nbsp;<\/a><\/p>\n\n\n\n<p><a href=\"https:\/\/escoladigital.madeira.gov.pt\/ebspdffbranco\/wp-content\/uploads\/sites\/19\/2025\/12\/16-Criterios-de-avaliacao-de-EMRC-10.o-11.o-e-12.o-anos-2.pdf\" target=\"_blank\" rel=\"noreferrer noopener\">E.M.R.Cat\u00f3lica<\/a><\/p>\n\n\n\n<p><\/p>\n\n\n\n<hr class=\"wp-block-separator has-alpha-channel-opacity is-style-dots\" \/>\n\n\n\n<p class=\"has-accent-4-color has-text-color has-link-color wp-elements-4d0381879e806340e04089c64e37f9d5\"><strong>11.\u00ba Ano<\/strong><\/p>\n\n\n\n<p class=\"has-accent-4-color has-text-color has-link-color wp-elements-2698f72194764cec8601dc3e14bf56c8\"><strong>Curso Cient\u00edfico &#8211; Human\u00edstico de&nbsp;L\u00ednguas e Humanidades<\/strong><\/p>\n\n\n\n<p><a href=\"https:\/\/escoladigital.madeira.gov.pt\/ebspdffbranco\/wp-content\/uploads\/sites\/19\/2026\/01\/Portugues-11.o-ano.pdf\" target=\"_blank\" rel=\"noreferrer noopener\">Portugu\u00eas&nbsp;&nbsp;<\/a><\/p>\n\n\n\n<p><a href=\"https:\/\/escoladigital.madeira.gov.pt\/ebspdffbranco\/wp-content\/uploads\/sites\/19\/2026\/01\/Frances-FE-continuacao-11.o-ano.pdf\" target=\"_blank\" rel=\"noreferrer noopener\">Franc\u00eas&nbsp; (FE continua\u00e7\u00e3o)&nbsp;&nbsp;<\/a><\/p>\n\n\n\n<p><a href=\"https:\/\/escoladigital.madeira.gov.pt\/ebspdffbranco\/wp-content\/uploads\/sites\/19\/2026\/01\/Frances-FG-continuacao-11.o-ano.pdf\" target=\"_blank\" rel=\"noreferrer noopener\">Franc\u00eas (FG continua\u00e7\u00e3o)<\/a><\/p>\n\n\n\n<p><a href=\"https:\/\/escoladigital.madeira.gov.pt\/ebspdffbranco\/wp-content\/uploads\/sites\/19\/2026\/01\/Ingles-FG-11.o-ano.pdf\" target=\"_blank\" rel=\"noreferrer noopener\">Ingl\u00eas&nbsp;(FG)&nbsp;<\/a><\/p>\n\n\n\n<p><a href=\"https:\/\/escoladigital.madeira.gov.pt\/ebspdffbranco\/wp-content\/uploads\/sites\/19\/2026\/01\/Latim-A-11.o-ano.pdf\" target=\"_blank\" rel=\"noreferrer noopener\">Latim A<\/a><\/p>\n\n\n\n<p><a href=\"https:\/\/escoladigital.madeira.gov.pt\/ebspdffbranco\/wp-content\/uploads\/sites\/19\/2026\/01\/Filosofia-11.o-ano.pdf\" target=\"_blank\" rel=\"noreferrer noopener\">Filosofia&nbsp;&nbsp;&nbsp;<\/a><\/p>\n\n\n\n<p><a href=\"https:\/\/escoladigital.madeira.gov.pt\/ebspdffbranco\/wp-content\/uploads\/sites\/19\/2026\/01\/Educacao-Fisica-11.o-ano.pdf\" target=\"_blank\" rel=\"noreferrer noopener\">Educa\u00e7\u00e3o F\u00edsica<\/a><\/p>\n\n\n\n<p><a href=\"https:\/\/escoladigital.madeira.gov.pt\/ebspdffbranco\/wp-content\/uploads\/sites\/19\/2026\/01\/MACS-11.o-ano.pdf\" target=\"_blank\" rel=\"noreferrer noopener\">MACS<\/a><\/p>\n\n\n\n<p><a href=\"https:\/\/escoladigital.madeira.gov.pt\/ebspdffbranco\/wp-content\/uploads\/sites\/19\/2026\/01\/Historia-A-11.o-ano.pdf\" target=\"_blank\" rel=\"noreferrer noopener\">&nbsp;Hist\u00f3ria A<\/a><\/p>\n\n\n\n<p><a href=\"https:\/\/escoladigital.madeira.gov.pt\/ebspdffbranco\/wp-content\/uploads\/sites\/19\/2026\/01\/Geografia-A-11.o-ano.pdf\" target=\"_blank\" rel=\"noreferrer noopener\">Geografia A<\/a><\/p>\n\n\n\n<p><a href=\"https:\/\/escoladigital.madeira.gov.pt\/ebspdffbranco\/wp-content\/uploads\/sites\/19\/2025\/12\/11-Criterios-de-avaliacao-de-EMRC-10.o-11.o-e-12.o-anos-1.pdf\" target=\"_blank\" rel=\"noreferrer noopener\">E.M.R. Cat\u00f3lica<\/a><\/p>\n<\/div>\n\n\n\n<div class=\"wp-block-column is-layout-flow wp-block-column-is-layout-flow\">\n<p class=\"has-accent-4-color has-text-color has-link-color wp-elements-4d0381879e806340e04089c64e37f9d5\"><strong>11.\u00ba Ano<\/strong><\/p>\n\n\n\n<p class=\"has-accent-4-color has-text-color has-link-color wp-elements-698c15e5773421c67c075622d6d567c8\"><strong>Curso Cient\u00edfico &#8211; Human\u00edstico de&nbsp;Ci\u00eancias Socioecon\u00f3micas<\/strong><\/p>\n\n\n\n<p><a href=\"https:\/\/escoladigital.madeira.gov.pt\/ebspdffbranco\/wp-content\/uploads\/sites\/19\/2026\/01\/Portugues-11.o-ano.pdf\" target=\"_blank\" rel=\"noreferrer noopener\">Portugu\u00eas<\/a><\/p>\n\n\n\n<p><a href=\"https:\/\/escoladigital.madeira.gov.pt\/ebspdffbranco\/wp-content\/uploads\/sites\/19\/2026\/01\/Ingles-FG-11.o-ano.pdf\" target=\"_blank\" rel=\"noreferrer noopener\">Ingl\u00eas (FG)<\/a><\/p>\n\n\n\n<p><a href=\"https:\/\/escoladigital.madeira.gov.pt\/ebspdffbranco\/wp-content\/uploads\/sites\/19\/2026\/01\/Frances-FG-continuacao-11.o-ano.pdf\" target=\"_blank\" rel=\"noreferrer noopener\">Franc\u00eas (FG continua\u00e7\u00e3o<\/a>)<\/p>\n\n\n\n<p><a href=\"https:\/\/escoladigital.madeira.gov.pt\/ebspdffbranco\/wp-content\/uploads\/sites\/19\/2026\/01\/Frances-FE-continuacao-11.o-ano.pdf\" target=\"_blank\" rel=\"noreferrer noopener\">Franc\u00eas (FE continua\u00e7\u00e3o)<\/a><\/p>\n\n\n\n<p><a href=\"https:\/\/escoladigital.madeira.gov.pt\/ebspdffbranco\/wp-content\/uploads\/sites\/19\/2026\/01\/Latim-A-11.o-ano.pdf\" target=\"_blank\" rel=\"noreferrer noopener\">Latim A<\/a><\/p>\n\n\n\n<p><a href=\"https:\/\/escoladigital.madeira.gov.pt\/ebspdffbranco\/wp-content\/uploads\/sites\/19\/2026\/01\/Filosofia-11.o-ano.pdf\" target=\"_blank\" rel=\"noreferrer noopener\">Filosofia<\/a><\/p>\n\n\n\n<p><a href=\"https:\/\/escoladigital.madeira.gov.pt\/ebspdffbranco\/wp-content\/uploads\/sites\/19\/2026\/01\/Educacao-Fisica-11.o-ano.pdf\" target=\"_blank\" rel=\"noreferrer noopener\">Educa\u00e7\u00e3o F\u00edsica<\/a><\/p>\n\n\n\n<p><a href=\"https:\/\/escoladigital.madeira.gov.pt\/ebspdffbranco\/wp-content\/uploads\/sites\/19\/2026\/01\/Historia-A-11.o-ano.pdf\" target=\"_blank\" rel=\"noreferrer noopener\">Hist\u00f3ria A&nbsp;<\/a><\/p>\n\n\n\n<p><a href=\"https:\/\/escoladigital.madeira.gov.pt\/ebspdffbranco\/wp-content\/uploads\/sites\/19\/2026\/01\/Geografia-A-11.o-ano.pdf\" target=\"_blank\" rel=\"noreferrer noopener\">Geografia A<\/a><\/p>\n\n\n\n<p><a href=\"https:\/\/escoladigital.madeira.gov.pt\/ebspdffbranco\/wp-content\/uploads\/sites\/19\/2026\/01\/Economia-A-11.o-ano.pdf\" target=\"_blank\" rel=\"noreferrer noopener\">Economia A<\/a><\/p>\n\n\n\n<p><a href=\"https:\/\/escoladigital.madeira.gov.pt\/ebspdffbranco\/wp-content\/uploads\/sites\/19\/2025\/12\/5-Criterios-de-avaliacao-de-Matematica-A-11.o-ano.pdf\" target=\"_blank\" rel=\"noreferrer noopener\">Matem\u00e1tica A&nbsp;<\/a><\/p>\n\n\n\n<p><a href=\"https:\/\/escoladigital.madeira.gov.pt\/ebspdffbranco\/wp-content\/uploads\/sites\/19\/2026\/01\/EMRC-10.o-11.o-e-12.o-anos.pdf\" target=\"_blank\" rel=\"noreferrer noopener\">E.M.R. Cat\u00f3lica<\/a><\/p>\n\n\n\n<hr class=\"wp-block-separator has-alpha-channel-opacity is-style-dots\" \/>\n\n\n\n<p class=\"has-accent-4-color has-text-color has-link-color wp-elements-4d0381879e806340e04089c64e37f9d5\"><strong>11.\u00ba Ano<\/strong><\/p>\n\n\n\n<p class=\"has-accent-4-color has-text-color has-link-color wp-elements-7c81a8d884c2c8b0790b87886a833114\"><strong>Curso Cient\u00edfico &#8211; Human\u00edstico de<\/strong><strong>&nbsp;Artes Visuais<\/strong><\/p>\n\n\n\n<p><a href=\"https:\/\/escoladigital.madeira.gov.pt\/ebspdffbranco\/wp-content\/uploads\/sites\/19\/2026\/01\/1-Criterios-de-avaliacao-de-Portugues-11.o-ano-1.pdf\" target=\"_blank\" rel=\"noreferrer noopener\">Portugu\u00eas<\/a><\/p>\n\n\n\n<p><a href=\"https:\/\/escoladigital.madeira.gov.pt\/ebspdffbranco\/wp-content\/uploads\/sites\/19\/2026\/01\/2-Criterios-de-avaliacao-de-Frances-FG-continuacao-11.o-ano.pdf\" target=\"_blank\" rel=\"noreferrer noopener\">Franc\u00eas (FG continua\u00e7\u00e3o)<\/a><\/p>\n\n\n\n<p><a href=\"https:\/\/escoladigital.madeira.gov.pt\/ebspdffbranco\/wp-content\/uploads\/sites\/19\/2026\/01\/2-Criterios-de-avaliacao-de-Ingles-FG-11.o-ano.pdf\" target=\"_blank\" rel=\"noreferrer noopener\">Ingl\u00eas (FG)<\/a><\/p>\n\n\n\n<p><a href=\"https:\/\/escoladigital.madeira.gov.pt\/ebspdffbranco\/wp-content\/uploads\/sites\/19\/2026\/01\/3-Criterios-de-avaliacao-de-Filosofia-11.o-ano.pdf\" target=\"_blank\" rel=\"noreferrer noopener\">Filosofia<\/a><\/p>\n\n\n\n<p><a href=\"https:\/\/escoladigital.madeira.gov.pt\/ebspdffbranco\/wp-content\/uploads\/sites\/19\/2026\/01\/4-Criterios-de-avaliacao-de-Educacao-Fisica-11.o-ano.pdf\" target=\"_blank\" rel=\"noreferrer noopener\">Educa\u00e7\u00e3o F\u00edsica<\/a><\/p>\n\n\n\n<p><a href=\"https:\/\/escoladigital.madeira.gov.pt\/ebspdffbranco\/wp-content\/uploads\/sites\/19\/2026\/01\/8-Criterios-de-avaliacao-de-Matematica-B-11.o-ano.pdf\" target=\"_blank\" rel=\"noreferrer noopener\">Matem\u00e1tica B<\/a><\/p>\n\n\n\n<p><a href=\"https:\/\/escoladigital.madeira.gov.pt\/ebspdffbranco\/wp-content\/uploads\/sites\/19\/2026\/01\/5-Criterios-de-avaliacao-de-Desenho-A-11.o-ano.pdf\" target=\"_blank\" rel=\"noreferrer noopener\">Desenho A<\/a><\/p>\n\n\n\n<p><a href=\"https:\/\/escoladigital.madeira.gov.pt\/ebspdffbranco\/wp-content\/uploads\/sites\/19\/2026\/01\/6-Criterios-de-avaliacao-de-GDA-A-11.o-ano.pdf\" target=\"_blank\" rel=\"noreferrer noopener\">GDA A&nbsp;<\/a><\/p>\n\n\n\n<p><a href=\"https:\/\/escoladigital.madeira.gov.pt\/ebspdffbranco\/wp-content\/uploads\/sites\/19\/2026\/01\/7-Criterios-de-avaliacao-de-Historia-da-Cultura-e-das-Artes-11.o-ano.pdf\" target=\"_blank\" rel=\"noreferrer noopener\">Hist\u00f3ria da Cultura e das Artes<\/a><\/p>\n\n\n\n<p><a href=\"https:\/\/escoladigital.madeira.gov.pt\/ebspdffbranco\/wp-content\/uploads\/sites\/19\/2026\/01\/11-Criterios-de-avaliacao-de-EMRC-10.o-11.o-e-12.o-anos.pdf\" target=\"_blank\" rel=\"noreferrer noopener\">E.M.R. cat\u00f3lica<\/a><\/p>\n<\/div>\n<\/div>\n\n\n\n<p><\/p>\n<\/div><\/details>\n\n\n\n<details class=\"wp-block-themeisle-blocks-accordion-item\"><summary class=\"wp-block-themeisle-blocks-accordion-item__title\"><div><strong>Ensino Secund\u00e1rio &#8211; 12.\u00ba Ano &#8211;<\/strong> <\/div><\/summary><div class=\"wp-block-themeisle-blocks-accordion-item__content\">\n<div class=\"wp-block-columns is-layout-flex wp-container-core-columns-is-layout-28f84493 wp-block-columns-is-layout-flex\">\n<div class=\"wp-block-column is-layout-flow wp-block-column-is-layout-flow\">\n<p class=\"has-text-color has-link-color wp-elements-38d5b7b0d07e8ae72de1b9a7d590f87a\" style=\"color:#d3893e\"><strong>12.\u00ba Ano<\/strong><\/p>\n\n\n\n<p class=\"has-text-color has-link-color has-small-font-size wp-elements-7f0893bb350ba4511e2d174421b19ccc\" style=\"color:#d3893e\"><strong>Curso Cient\u00edfico &#8211; Human\u00edstico de&nbsp;Ci\u00eancias e Tecnologias&nbsp;<\/strong><\/p>\n\n\n\n<p><a href=\"https:\/\/escoladigital.madeira.gov.pt\/ebspdffbranco\/wp-content\/uploads\/sites\/19\/2026\/01\/Portugues-12.o-ano.pdf\" target=\"_blank\" rel=\"noreferrer noopener\">Portugu\u00eas&nbsp;&nbsp;&nbsp;<\/a><\/p>\n\n\n\n<p><a href=\"https:\/\/escoladigital.madeira.gov.pt\/ebspdffbranco\/wp-content\/uploads\/sites\/19\/2026\/01\/Educacao-Fisica-12.o-ano.pdf\" target=\"_blank\" rel=\"noreferrer noopener\">Educa\u00e7\u00e3o F\u00edsica&nbsp;&nbsp;<\/a><\/p>\n\n\n\n<p><a href=\"https:\/\/escoladigital.madeira.gov.pt\/ebspdffbranco\/wp-content\/uploads\/sites\/19\/2026\/01\/Ingles-FE-12.o-ano.pdf\" target=\"_blank\" rel=\"noreferrer noopener\">Ingl\u00eas (FE)<\/a><\/p>\n\n\n\n<p><a href=\"https:\/\/escoladigital.madeira.gov.pt\/ebspdffbranco\/wp-content\/uploads\/sites\/19\/2026\/01\/Biologia-12.o-ano.pdf\" target=\"_blank\" rel=\"noreferrer noopener\">Biologia<\/a><\/p>\n\n\n\n<p><a href=\"https:\/\/escoladigital.madeira.gov.pt\/ebspdffbranco\/wp-content\/uploads\/sites\/19\/2026\/01\/Fisica-12.o-Ano.pdf\" target=\"_blank\" rel=\"noreferrer noopener\">F\u00edsica&nbsp;&nbsp;<\/a><\/p>\n\n\n\n<p><a href=\"https:\/\/escoladigital.madeira.gov.pt\/ebspdffbranco\/wp-content\/uploads\/sites\/19\/2026\/01\/Matematica-A-12.o-ano.pdf\" target=\"_blank\" rel=\"noreferrer noopener\">Matem\u00e1tica A&nbsp;<\/a><\/p>\n\n\n\n<p><a href=\"https:\/\/escoladigital.madeira.gov.pt\/ebspdffbranco\/wp-content\/uploads\/sites\/19\/2026\/01\/Quimica-12.o-Ano.pdf\" target=\"_blank\" rel=\"noreferrer noopener\">Qu\u00edmica&nbsp;<\/a><\/p>\n\n\n\n<p><a href=\"https:\/\/escoladigital.madeira.gov.pt\/ebspdffbranco\/wp-content\/uploads\/sites\/19\/2026\/01\/Psicologia-B-12.o-ano.pdf\" target=\"_blank\" rel=\"noreferrer noopener\">Psicologia B<\/a><\/p>\n\n\n\n<p><a href=\"https:\/\/escoladigital.madeira.gov.pt\/ebspdffbranco\/wp-content\/uploads\/sites\/19\/2026\/01\/Economia-C-12.o-ano.pdf\" target=\"_blank\" rel=\"noreferrer noopener\">Economia C<\/a><\/p>\n\n\n\n<p><a href=\"https:\/\/escoladigital.madeira.gov.pt\/ebspdffbranco\/wp-content\/uploads\/sites\/19\/2026\/01\/Aplicacoes-Inf.-B-12.o-ano.pdf\" target=\"_blank\" rel=\"noreferrer noopener\">Aplica\u00e7\u00f5es Inform\u00e1ticas B&nbsp;<\/a><\/p>\n\n\n\n<p><a href=\"https:\/\/escoladigital.madeira.gov.pt\/ebspdffbranco\/wp-content\/uploads\/sites\/19\/2025\/12\/11-Criterios-de-avaliacao-de-EMRC-10.o-11.o-e-12.o-anos-1.pdf\" target=\"_blank\" rel=\"noreferrer noopener\">E.M.R. Cat\u00f3lica<\/a><\/p>\n\n\n\n<hr class=\"wp-block-separator has-alpha-channel-opacity is-style-dots\" \/>\n\n\n\n<p class=\"has-text-color has-link-color wp-elements-38d5b7b0d07e8ae72de1b9a7d590f87a\" style=\"color:#d3893e\"><strong>12.\u00ba Ano<\/strong><\/p>\n\n\n\n<p class=\"has-text-color has-link-color wp-elements-dbba1b54aff0054368d927b2738595ad\" style=\"color:#d3893e\"><strong>Curso Cient\u00edfico &#8211; Human\u00edstico de&nbsp;L\u00ednguas e Humanidades<\/strong><\/p>\n\n\n\n<p><a href=\"https:\/\/escoladigital.madeira.gov.pt\/ebspdffbranco\/wp-content\/uploads\/sites\/19\/2026\/01\/Portugues-12.o-ano-1.pdf\" target=\"_blank\" rel=\"noreferrer noopener\">Portugu\u00eas<\/a><\/p>\n\n\n\n<p><a href=\"https:\/\/escoladigital.madeira.gov.pt\/ebspdffbranco\/wp-content\/uploads\/sites\/19\/2026\/01\/Literaturas-de-Linguas-Portuguesa-12.o-ano.pdf\" target=\"_blank\" rel=\"noreferrer noopener\">Literaturas de L\u00ednguas Portuguesa<\/a><\/p>\n\n\n\n<p><a href=\"https:\/\/escoladigital.madeira.gov.pt\/ebspdffbranco\/wp-content\/uploads\/sites\/19\/2026\/01\/Educacao-Fisica-12.o-ano-1.pdf\" target=\"_blank\" rel=\"noreferrer noopener\">Educa\u00e7\u00e3o F\u00edsica<\/a><\/p>\n\n\n\n<p><a href=\"https:\/\/escoladigital.madeira.gov.pt\/ebspdffbranco\/wp-content\/uploads\/sites\/19\/2026\/01\/Historia-A-12.o-ano.pdf\" target=\"_blank\" rel=\"noreferrer noopener\">Hist\u00f3ria A<\/a><\/p>\n\n\n\n<p><a href=\"https:\/\/escoladigital.madeira.gov.pt\/ebspdffbranco\/wp-content\/uploads\/sites\/19\/2026\/01\/Economia-C-12.o-ano-1.pdf\" target=\"_blank\" rel=\"noreferrer noopener\">Economia C<\/a><\/p>\n\n\n\n<p><a href=\"https:\/\/escoladigital.madeira.gov.pt\/ebspdffbranco\/wp-content\/uploads\/sites\/19\/2026\/01\/Sociologia-12.o-ano.pdf\" target=\"_blank\" rel=\"noreferrer noopener\">Sociologia&nbsp;&nbsp;<\/a><\/p>\n\n\n\n<p><a href=\"https:\/\/escoladigital.madeira.gov.pt\/ebspdffbranco\/wp-content\/uploads\/sites\/19\/2026\/01\/Ingles-FE-12.o-ano-1.pdf\" target=\"_blank\" rel=\"noreferrer noopener\">Ingl\u00eas (FE)&nbsp;<\/a><\/p>\n\n\n\n<p><a href=\"https:\/\/escoladigital.madeira.gov.pt\/ebspdffbranco\/wp-content\/uploads\/sites\/19\/2026\/01\/Psicologia-B-12.o-ano-1.pdf\" target=\"_blank\" rel=\"noreferrer noopener\">Psicologia B&nbsp;<\/a><\/p>\n\n\n\n<p><a href=\"https:\/\/escoladigital.madeira.gov.pt\/ebspdffbranco\/wp-content\/uploads\/sites\/19\/2026\/01\/Aplicacoes-Inf.-B-12.o-ano-1.pdf\" target=\"_blank\" rel=\"noreferrer noopener\">Aplica\u00e7\u00f5es Inform\u00e1ticas B&nbsp;<\/a><\/p>\n\n\n\n<p><a href=\"https:\/\/escoladigital.madeira.gov.pt\/ebspdffbranco\/wp-content\/uploads\/sites\/19\/2025\/12\/11-Criterios-de-avaliacao-de-EMRC-10.o-11.o-e-12.o-anos-1.pdf\" target=\"_blank\" rel=\"noreferrer noopener\">E. M. R. Cat\u00f3lica&nbsp;&nbsp;<\/a><\/p>\n<\/div>\n\n\n\n<div class=\"wp-block-column is-layout-flow wp-block-column-is-layout-flow\">\n<p class=\"has-text-color has-link-color wp-elements-38d5b7b0d07e8ae72de1b9a7d590f87a\" style=\"color:#d3893e\"><strong>12.\u00ba Ano<\/strong><\/p>\n\n\n\n<p class=\"has-text-color has-link-color wp-elements-3a0f4705869013567afd8bca020a5099\" style=\"color:#d3893e\"><strong>Curso Cient\u00edfico &#8211; Human\u00edstico de&nbsp;Ci\u00eancias Socioecon\u00f3micas<\/strong><\/p>\n\n\n\n<p><a href=\"https:\/\/escoladigital.madeira.gov.pt\/ebspdffbranco\/wp-content\/uploads\/sites\/19\/2026\/01\/Portugues-12.o-ano-2.pdf\" target=\"_blank\" rel=\"noreferrer noopener\">Portugu\u00eas<\/a><\/p>\n\n\n\n<p><a href=\"https:\/\/escoladigital.madeira.gov.pt\/ebspdffbranco\/wp-content\/uploads\/sites\/19\/2026\/01\/Educacao-Fisica-12.o-ano-2.pdf\" target=\"_blank\" rel=\"noreferrer noopener\">Educa\u00e7\u00e3o F\u00edsica<\/a><\/p>\n\n\n\n<p><a href=\"https:\/\/escoladigital.madeira.gov.pt\/ebspdffbranco\/wp-content\/uploads\/sites\/19\/2026\/01\/Matematica-A-12.o-ano-1.pdf\" target=\"_blank\" rel=\"noreferrer noopener\">Matem\u00e1tica A&nbsp;<\/a><\/p>\n\n\n\n<p><a href=\"https:\/\/escoladigital.madeira.gov.pt\/ebspdffbranco\/wp-content\/uploads\/sites\/19\/2026\/01\/Economia-C-12.o-ano-2.pdf\" target=\"_blank\" rel=\"noreferrer noopener\">Economia C<\/a><\/p>\n\n\n\n<p><a href=\"https:\/\/escoladigital.madeira.gov.pt\/ebspdffbranco\/wp-content\/uploads\/sites\/19\/2026\/01\/Aplicacoes-Inf.-B-12.o-ano-2.pdf\" target=\"_blank\" rel=\"noreferrer noopener\">Aplica\u00e7\u00f5es Inform\u00e1ticas B<\/a><\/p>\n\n\n\n<p><a href=\"https:\/\/escoladigital.madeira.gov.pt\/ebspdffbranco\/wp-content\/uploads\/sites\/19\/2025\/12\/11-Criterios-de-avaliacao-de-EMRC-10.o-11.o-e-12.o-anos-1.pdf\" target=\"_blank\" rel=\"noreferrer noopener\">E.M.R. Cat\u00f3lica<\/a><\/p>\n\n\n\n<hr class=\"wp-block-separator has-alpha-channel-opacity is-style-dots\" \/>\n\n\n\n<p class=\"has-text-color has-link-color wp-elements-38d5b7b0d07e8ae72de1b9a7d590f87a\" style=\"color:#d3893e\"><strong>12.\u00ba Ano<\/strong><\/p>\n\n\n\n<p class=\"has-text-color has-link-color wp-elements-64b4af8138a76b3d6430713b599dec38\" style=\"color:#d3893e\"><strong>Curso Cient\u00edfico &#8211; Human\u00edstico de<\/strong><strong>&nbsp;Artes Visuais<\/strong><\/p>\n\n\n\n<p><a href=\"https:\/\/escoladigital.madeira.gov.pt\/ebspdffbranco\/wp-content\/uploads\/sites\/19\/2026\/01\/Portugues-12.o-ano-3.pdf\" target=\"_blank\" rel=\"noreferrer noopener\">Portugu\u00eas<\/a><\/p>\n\n\n\n<p><a href=\"https:\/\/escoladigital.madeira.gov.pt\/ebspdffbranco\/wp-content\/uploads\/sites\/19\/2026\/01\/Desenho-A-12.o-ano.pdf\" target=\"_blank\" rel=\"noreferrer noopener\">Desenho A<\/a><\/p>\n\n\n\n<p><a href=\"https:\/\/escoladigital.madeira.gov.pt\/ebspdffbranco\/wp-content\/uploads\/sites\/19\/2026\/01\/Educacao-Fisica-12.o-ano-3.pdf\" target=\"_blank\" rel=\"noreferrer noopener\">Educa\u00e7\u00e3o F\u00edsica<\/a><\/p>\n\n\n\n<p><a href=\"https:\/\/escoladigital.madeira.gov.pt\/ebspdffbranco\/wp-content\/uploads\/sites\/19\/2026\/01\/Oficinas-de-Multimedia-B-12.o-ano.pdf\" target=\"_blank\" rel=\"noreferrer noopener\">Oficinas de Multim\u00e9dia B<\/a><\/p>\n\n\n\n<p><a href=\"https:\/\/escoladigital.madeira.gov.pt\/ebspdffbranco\/wp-content\/uploads\/sites\/19\/2026\/01\/Ingles-FE-12.o-ano-2.pdf\" target=\"_blank\" rel=\"noreferrer noopener\">Ingl\u00eas (FE)<\/a><\/p>\n\n\n\n<p><a href=\"https:\/\/escoladigital.madeira.gov.pt\/ebspdffbranco\/wp-content\/uploads\/sites\/19\/2025\/12\/11-Criterios-de-avaliacao-de-EMRC-10.o-11.o-e-12.o-anos-1.pdf\" target=\"_blank\" rel=\"noreferrer noopener\">E.M.R. Cat\u00f3lica<\/a><\/p>\n<\/div>\n<\/div>\n\n\n\n<p><\/p>\n<\/div><\/details>\n<\/div>\n\n\n\n<div style=\"height:60px\" aria-hidden=\"true\" class=\"wp-block-spacer\"><\/div>\n","protected":false},"excerpt":{"rendered":"","protected":false},"author":28,"featured_media":0,"parent":0,"menu_order":0,"comment_status":"closed","ping_status":"closed","template":"","meta":{"_themeisle_gutenberg_block_has_review":false,"footnotes":""},"class_list":["post-611","page","type-page","status-publish","hentry"],"_links":{"self":[{"href":"https:\/\/escoladigital.madeira.gov.pt\/ebspdffbranco\/wp-json\/wp\/v2\/pages\/611","targetHints":{"allow":["GET"]}}],"collection":[{"href":"https:\/\/escoladigital.madeira.gov.pt\/ebspdffbranco\/wp-json\/wp\/v2\/pages"}],"about":[{"href":"https:\/\/escoladigital.madeira.gov.pt\/ebspdffbranco\/wp-json\/wp\/v2\/types\/page"}],"author":[{"embeddable":true,"href":"https:\/\/escoladigital.madeira.gov.pt\/ebspdffbranco\/wp-json\/wp\/v2\/users\/28"}],"replies":[{"embeddable":true,"href":"https:\/\/escoladigital.madeira.gov.pt\/ebspdffbranco\/wp-json\/wp\/v2\/comments?post=611"}],"version-history":[{"count":89,"href":"https:\/\/escoladigital.madeira.gov.pt\/ebspdffbranco\/wp-json\/wp\/v2\/pages\/611\/revisions"}],"predecessor-version":[{"id":5225,"href":"https:\/\/escoladigital.madeira.gov.pt\/ebspdffbranco\/wp-json\/wp\/v2\/pages\/611\/revisions\/5225"}],"wp:attachment":[{"href":"https:\/\/escoladigital.madeira.gov.pt\/ebspdffbranco\/wp-json\/wp\/v2\/media?parent=611"}],"curies":[{"name":"wp","href":"https:\/\/api.w.org\/{rel}","templated":true}]}}