{"id":767,"date":"2024-09-03T09:55:54","date_gmt":"2024-09-03T09:55:54","guid":{"rendered":"https:\/\/escoladigital.madeira.gov.pt\/ebspdffbranco\/?page_id=767"},"modified":"2024-09-11T14:09:22","modified_gmt":"2024-09-11T14:09:22","slug":"servico-especializado-de-apoio-educativo","status":"publish","type":"page","link":"https:\/\/escoladigital.madeira.gov.pt\/ebspdffbranco\/servico-especializado-de-apoio-educativo\/","title":{"rendered":"Servi\u00e7o Especializado de Apoio Educativo"},"content":{"rendered":"\n<p>Os&nbsp;<strong>servi\u00e7os especializados de apoio educativo&nbsp;<\/strong>destinam-se a promover condi\u00e7\u00f5es que assegurem a plena integra\u00e7\u00e3o escolar dos alunos, respondendo \u00e0 diversidade das necessidades&nbsp; e potencialidades de todos.&nbsp;<\/p>\n\n\n\n<figure class=\"wp-block-image aligncenter size-medium\"><img fetchpriority=\"high\" decoding=\"async\" width=\"300\" height=\"192\" src=\"https:\/\/escoladigital.madeira.gov.pt\/ebspdffbranco\/wp-content\/uploads\/sites\/19\/2024\/09\/PSICOLOGIA-300x192.jpg\" alt=\"\" class=\"wp-image-760\" srcset=\"https:\/\/escoladigital.madeira.gov.pt\/ebspdffbranco\/wp-content\/uploads\/sites\/19\/2024\/09\/PSICOLOGIA-300x192.jpg 300w, https:\/\/escoladigital.madeira.gov.pt\/ebspdffbranco\/wp-content\/uploads\/sites\/19\/2024\/09\/PSICOLOGIA-1024x656.jpg 1024w, https:\/\/escoladigital.madeira.gov.pt\/ebspdffbranco\/wp-content\/uploads\/sites\/19\/2024\/09\/PSICOLOGIA-768x492.jpg 768w, https:\/\/escoladigital.madeira.gov.pt\/ebspdffbranco\/wp-content\/uploads\/sites\/19\/2024\/09\/PSICOLOGIA-1536x983.jpg 1536w, https:\/\/escoladigital.madeira.gov.pt\/ebspdffbranco\/wp-content\/uploads\/sites\/19\/2024\/09\/PSICOLOGIA-2048x1311.jpg 2048w\" sizes=\"(max-width: 300px) 100vw, 300px\" \/><\/figure>\n\n\n\n<hr class=\"wp-block-separator has-alpha-channel-opacity is-style-dots\" \/>\n\n\n\n<p class=\"has-text-align-center has-background has-large-font-size\" style=\"background-color:#e0e9d8\"><strong>Equipa de Apoio Educativo<\/strong><\/p>\n\n\n\n<p class=\"has-text-align-center\"><strong>Psic\u00f3loga&nbsp;<\/strong><\/p>\n\n\n\n<p class=\"has-text-align-center\">Leila da Silva Pedro<\/p>\n\n\n\n<p class=\"has-text-align-center\"><strong>Docentes da Educa\u00e7\u00e3o Especial<\/strong><\/p>\n\n\n\n<p class=\"has-text-align-center\">Isabel Cristina de Sousa Oliveira<\/p>\n\n\n\n<p class=\"has-text-align-center\">S\u00f3nia Isabel da Silva Cortes\u00e3o<\/p>\n\n\n\n<p class=\"has-text-align-center\">Joana de Jesus Rodrigues de Moura<\/p>\n\n\n\n<p class=\"has-text-align-center\">Martha Manuela Arantes Briote<\/p>\n\n\n\n<p class=\"has-text-align-center\">Paloma Lorrane Arantes Briote<\/p>\n\n\n\n<p class=\"has-text-align-center\">Abel Agostinho Nogueira da Silva<\/p>\n\n\n\n<p class=\"has-text-align-center\">Ana Filipa Vieira Roma<\/p>\n\n\n\n<div style=\"height:11px\" aria-hidden=\"true\" class=\"wp-block-spacer\"><\/div>\n\n\n\n<h2 class=\"wp-block-heading alignwide has-background\" style=\"background-color:#e8f4de;margin-top:0;margin-right:0px;margin-bottom:0;margin-left:0px\"><strong>Equipa Multidisciplinar de Apoio \u00e0 Educa\u00e7\u00e3o Inclusiva, EMAEI<\/strong><\/h2>\n\n\n\n<p class=\"has-text-align-center has-small-font-size\" style=\"margin-top:var(--wp--preset--spacing--10);margin-right:0;margin-left:0;line-height:2\"><strong>Representante do \u00d3rg\u00e3o de Gest\u00e3o<\/strong><br>Maria Jos\u00e9 de Sousa Vital<br><br><strong>Docente de Educa\u00e7\u00e3o Especial<\/strong><br> Isabel Cristina de Sousa Oliveira<br><br><strong>Membros do Conselho Pedag\u00f3gico<\/strong><br> Maria Julieta Ribeiro Queiroz Mendon\u00e7a<br> \u00c9lvio Rui Teixeira de Sousa<br> Jo\u00e3o Carlos Henriques da Silva<br> Gina Maria de Oliveira de Brito e Mendes<br><br><strong>Psic\u00f3loga<\/strong><br> Leila da Silva Pedro<br><\/p>\n\n\n\n<p><\/p>\n","protected":false},"excerpt":{"rendered":"<p>Os&nbsp;servi\u00e7os especializados de apoio educativo&nbsp;destinam-se a promover condi\u00e7\u00f5es que assegurem a plena integra\u00e7\u00e3o escolar dos alunos, respondendo \u00e0 diversidade das necessidades&nbsp; e potencialidades de todos.&nbsp; Equipa de Apoio Educativo Psic\u00f3loga&nbsp; Leila da Silva Pedro Docentes da Educa\u00e7\u00e3o Especial Isabel Cristina de Sousa Oliveira S\u00f3nia Isabel da Silva Cortes\u00e3o Joana de Jesus Rodrigues de Moura Martha [&hellip;]<\/p>\n","protected":false},"author":28,"featured_media":0,"parent":0,"menu_order":0,"comment_status":"closed","ping_status":"closed","template":"","meta":{"_themeisle_gutenberg_block_has_review":false,"footnotes":""},"class_list":["post-767","page","type-page","status-publish","hentry"],"_links":{"self":[{"href":"https:\/\/escoladigital.madeira.gov.pt\/ebspdffbranco\/wp-json\/wp\/v2\/pages\/767","targetHints":{"allow":["GET"]}}],"collection":[{"href":"https:\/\/escoladigital.madeira.gov.pt\/ebspdffbranco\/wp-json\/wp\/v2\/pages"}],"about":[{"href":"https:\/\/escoladigital.madeira.gov.pt\/ebspdffbranco\/wp-json\/wp\/v2\/types\/page"}],"author":[{"embeddable":true,"href":"https:\/\/escoladigital.madeira.gov.pt\/ebspdffbranco\/wp-json\/wp\/v2\/users\/28"}],"replies":[{"embeddable":true,"href":"https:\/\/escoladigital.madeira.gov.pt\/ebspdffbranco\/wp-json\/wp\/v2\/comments?post=767"}],"version-history":[{"count":12,"href":"https:\/\/escoladigital.madeira.gov.pt\/ebspdffbranco\/wp-json\/wp\/v2\/pages\/767\/revisions"}],"predecessor-version":[{"id":1278,"href":"https:\/\/escoladigital.madeira.gov.pt\/ebspdffbranco\/wp-json\/wp\/v2\/pages\/767\/revisions\/1278"}],"wp:attachment":[{"href":"https:\/\/escoladigital.madeira.gov.pt\/ebspdffbranco\/wp-json\/wp\/v2\/media?parent=767"}],"curies":[{"name":"wp","href":"https:\/\/api.w.org\/{rel}","templated":true}]}}