{"id":770,"date":"2024-09-03T10:00:47","date_gmt":"2024-09-03T10:00:47","guid":{"rendered":"https:\/\/escoladigital.madeira.gov.pt\/ebspdffbranco\/?page_id=770"},"modified":"2025-01-06T16:40:42","modified_gmt":"2025-01-06T16:40:42","slug":"gabinete-de-apoio-juridico","status":"publish","type":"page","link":"https:\/\/escoladigital.madeira.gov.pt\/ebspdffbranco\/gabinete-de-apoio-juridico\/","title":{"rendered":"Gabinete Disciplinar"},"content":{"rendered":"\n<p>O Gabinete Disciplinar auxilia o Conselho Executivo na gest\u00e3o dos processos disciplinares, agilizando e tornando c\u00e9lere a elabora\u00e7\u00e3o da documenta\u00e7\u00e3o inerente.\u00a0\u00a0<\/p>\n\n\n\n<hr class=\"wp-block-separator has-alpha-channel-opacity is-style-dots\" \/>\n\n\n\n<figure class=\"wp-block-image aligncenter size-medium is-style-rounded is-style-rounded--1\"><img fetchpriority=\"high\" decoding=\"async\" width=\"300\" height=\"225\" src=\"https:\/\/escoladigital.madeira.gov.pt\/ebspdffbranco\/wp-content\/uploads\/sites\/19\/2024\/09\/apoiojuridico-300x225.jpg\" alt=\"\" class=\"wp-image-771\" srcset=\"https:\/\/escoladigital.madeira.gov.pt\/ebspdffbranco\/wp-content\/uploads\/sites\/19\/2024\/09\/apoiojuridico-300x225.jpg 300w, https:\/\/escoladigital.madeira.gov.pt\/ebspdffbranco\/wp-content\/uploads\/sites\/19\/2024\/09\/apoiojuridico-1024x767.jpg 1024w, https:\/\/escoladigital.madeira.gov.pt\/ebspdffbranco\/wp-content\/uploads\/sites\/19\/2024\/09\/apoiojuridico-768x575.jpg 768w, https:\/\/escoladigital.madeira.gov.pt\/ebspdffbranco\/wp-content\/uploads\/sites\/19\/2024\/09\/apoiojuridico.jpg 1440w\" sizes=\"(max-width: 300px) 100vw, 300px\" \/><\/figure>\n\n\n\n<h3 class=\"wp-block-heading has-text-align-center has-large-font-size\"><strong>Equipa do gabinete disciplinar<\/strong><\/h3>\n\n\n\n<h3 class=\"wp-block-heading has-text-align-center has-medium-font-size\">Paulo Jorge Esc\u00f3rcio Almeida&nbsp;&nbsp;<\/h3>\n\n\n\n<h3 class=\"wp-block-heading has-text-align-center has-medium-font-size\">Judite Maria Botelho Guerra&nbsp;<\/h3>\n\n\n\n<h3 class=\"wp-block-heading has-text-align-center has-medium-font-size\">Diana Manuel Sousa Branco&nbsp;&nbsp;<\/h3>\n\n\n\n<h3 class=\"wp-block-heading has-text-align-center has-medium-font-size\">Bruno Renato Matos do Vale Santos&nbsp;&nbsp;&nbsp;<\/h3>\n\n\n\n<h3 class=\"wp-block-heading has-text-align-center has-medium-font-size\">Artur Francisco Baixinho Pereira&nbsp;<\/h3>\n\n\n\n<div style=\"height:100px\" aria-hidden=\"true\" class=\"wp-block-spacer\"><\/div>\n\n\n\n<p><\/p>\n","protected":false},"excerpt":{"rendered":"<p>O Gabinete Disciplinar auxilia o Conselho Executivo na gest\u00e3o dos processos disciplinares, agilizando e tornando c\u00e9lere a elabora\u00e7\u00e3o da documenta\u00e7\u00e3o inerente.\u00a0\u00a0 Equipa do gabinete disciplinar Paulo Jorge Esc\u00f3rcio Almeida&nbsp;&nbsp; Judite Maria Botelho Guerra&nbsp; Diana Manuel Sousa Branco&nbsp;&nbsp; Bruno Renato Matos do Vale Santos&nbsp;&nbsp;&nbsp; Artur Francisco Baixinho Pereira&nbsp;<\/p>\n","protected":false},"author":28,"featured_media":0,"parent":0,"menu_order":0,"comment_status":"closed","ping_status":"closed","template":"","meta":{"_themeisle_gutenberg_block_has_review":false,"footnotes":""},"class_list":["post-770","page","type-page","status-publish","hentry"],"_links":{"self":[{"href":"https:\/\/escoladigital.madeira.gov.pt\/ebspdffbranco\/wp-json\/wp\/v2\/pages\/770","targetHints":{"allow":["GET"]}}],"collection":[{"href":"https:\/\/escoladigital.madeira.gov.pt\/ebspdffbranco\/wp-json\/wp\/v2\/pages"}],"about":[{"href":"https:\/\/escoladigital.madeira.gov.pt\/ebspdffbranco\/wp-json\/wp\/v2\/types\/page"}],"author":[{"embeddable":true,"href":"https:\/\/escoladigital.madeira.gov.pt\/ebspdffbranco\/wp-json\/wp\/v2\/users\/28"}],"replies":[{"embeddable":true,"href":"https:\/\/escoladigital.madeira.gov.pt\/ebspdffbranco\/wp-json\/wp\/v2\/comments?post=770"}],"version-history":[{"count":2,"href":"https:\/\/escoladigital.madeira.gov.pt\/ebspdffbranco\/wp-json\/wp\/v2\/pages\/770\/revisions"}],"predecessor-version":[{"id":2452,"href":"https:\/\/escoladigital.madeira.gov.pt\/ebspdffbranco\/wp-json\/wp\/v2\/pages\/770\/revisions\/2452"}],"wp:attachment":[{"href":"https:\/\/escoladigital.madeira.gov.pt\/ebspdffbranco\/wp-json\/wp\/v2\/media?parent=770"}],"curies":[{"name":"wp","href":"https:\/\/api.w.org\/{rel}","templated":true}]}}