{"id":786,"date":"2024-09-03T10:38:41","date_gmt":"2024-09-03T10:38:41","guid":{"rendered":"https:\/\/escoladigital.madeira.gov.pt\/ebspdffbranco\/?page_id=786"},"modified":"2024-10-21T10:43:58","modified_gmt":"2024-10-21T10:43:58","slug":"power-of-colors","status":"publish","type":"page","link":"https:\/\/escoladigital.madeira.gov.pt\/ebspdffbranco\/power-of-colors\/","title":{"rendered":"Power Of Colors"},"content":{"rendered":"\n<div class=\"wp-block-group alignfull has-base-background-color has-background is-nowrap is-layout-flex wp-container-core-group-is-layout-61d1a84d wp-block-group-is-layout-flex\" style=\"margin-top:0;margin-bottom:0;padding-top:var(--wp--preset--spacing--20);padding-right:var(--wp--preset--spacing--50);padding-bottom:var(--wp--preset--spacing--20);padding-left:var(--wp--preset--spacing--50)\">\n<div class=\"wp-block-columns alignwide is-layout-flex wp-container-core-columns-is-layout-28f84493 wp-block-columns-is-layout-flex\">\n<div class=\"wp-block-column is-layout-flow wp-block-column-is-layout-flow\" style=\"flex-basis:40%\">\n<figure class=\"wp-block-image aligncenter size-large\"><img fetchpriority=\"high\" decoding=\"async\" width=\"1024\" height=\"338\" src=\"https:\/\/escoladigital.madeira.gov.pt\/ebspdffbranco\/wp-content\/uploads\/sites\/19\/2024\/09\/logopower-1-1024x338.png\" alt=\"\" class=\"wp-image-789\" srcset=\"https:\/\/escoladigital.madeira.gov.pt\/ebspdffbranco\/wp-content\/uploads\/sites\/19\/2024\/09\/logopower-1-1024x338.png 1024w, https:\/\/escoladigital.madeira.gov.pt\/ebspdffbranco\/wp-content\/uploads\/sites\/19\/2024\/09\/logopower-1-300x99.png 300w, https:\/\/escoladigital.madeira.gov.pt\/ebspdffbranco\/wp-content\/uploads\/sites\/19\/2024\/09\/logopower-1-768x254.png 768w, https:\/\/escoladigital.madeira.gov.pt\/ebspdffbranco\/wp-content\/uploads\/sites\/19\/2024\/09\/logopower-1.png 1278w\" sizes=\"(max-width: 1024px) 100vw, 1024px\" \/><\/figure>\n<\/div>\n\n\n\n<div class=\"wp-block-column is-layout-flow wp-block-column-is-layout-flow\" style=\"flex-basis:60%\">\n<p class=\"has-medium-font-size\">O <strong><a href=\"https:\/\/escoladigital.madeira.gov.pt\/ebspdffbranco\/power-of-colors\/\" data-type=\"page\" data-id=\"786\" target=\"_blank\" rel=\"noreferrer noopener\">objetivo <\/a><\/strong>deste projeto passa por olhar as cores como ponte de<br>conex\u00e3o de uma sociedade, aumentando os pontos comuns e<br>diminuindo as diversidades e discrep\u00e2ncias.<br>N\u00e3o devemos esquecer que o uso de determinadas cores podem<br>facilitar a nossa vida, como por exemplo na sinaliza\u00e7\u00e3o existente nas estradas, nas bandeiras da praia, entre outros.<\/p>\n<\/div>\n<\/div>\n<\/div>\n\n\n\n<div class=\"wp-block-group alignfull has-background is-vertical is-content-justification-center is-layout-flex wp-container-core-group-is-layout-76c381b7 wp-block-group-is-layout-flex\" style=\"background-color:#f0fbe8;margin-top:0;margin-bottom:0;padding-top:var(--wp--preset--spacing--20);padding-right:var(--wp--preset--spacing--50);padding-bottom:var(--wp--preset--spacing--20);padding-left:var(--wp--preset--spacing--50)\">\n<p>Entre <strong>30 de setembro e 04 de outubro, no \u00e2mbito do programa Erasmus+, KA210, A\u00e7\u00e3o Chave 2- Parcerias de pequena escala na educa\u00e7\u00e3o escolar com o projeto \u201cPower of Colors<\/strong>\u201d, um grupo de alunos e professores provenientes da Turquia, da Rom\u00e9nia, da Pol\u00f3nia foram recebidos pela nossa escola, sendo esta a \u00faltima mobilidade do projeto que teve in\u00edcio em novembro de 2022. A nossa escola fez os poss\u00edveis por deixar uma boa mem\u00f3ria nos parceiros do projeto que agora termina.<\/p>\n\n\n\n<figure class=\"wp-block-image size-large is-resized\"><a href=\"https:\/\/escoladigital.madeira.gov.pt\/ebspdffbranco\/wp-content\/uploads\/sites\/19\/2024\/10\/colors1.jpg\" target=\"_blank\" rel=\"noreferrer noopener\"><img decoding=\"async\" width=\"1024\" height=\"768\" src=\"https:\/\/escoladigital.madeira.gov.pt\/ebspdffbranco\/wp-content\/uploads\/sites\/19\/2024\/10\/colors1-1024x768.jpg\" alt=\"\" class=\"wp-image-1492\" style=\"width:420px;height:auto\" srcset=\"https:\/\/escoladigital.madeira.gov.pt\/ebspdffbranco\/wp-content\/uploads\/sites\/19\/2024\/10\/colors1-1024x768.jpg 1024w, https:\/\/escoladigital.madeira.gov.pt\/ebspdffbranco\/wp-content\/uploads\/sites\/19\/2024\/10\/colors1-300x225.jpg 300w, https:\/\/escoladigital.madeira.gov.pt\/ebspdffbranco\/wp-content\/uploads\/sites\/19\/2024\/10\/colors1-768x576.jpg 768w, https:\/\/escoladigital.madeira.gov.pt\/ebspdffbranco\/wp-content\/uploads\/sites\/19\/2024\/10\/colors1.jpg 1440w\" sizes=\"(max-width: 1024px) 100vw, 1024px\" \/><\/a><\/figure>\n\n\n\n<p>O objetivo deste projeto passa por olhar as cores como ponte de conex\u00e3o de uma sociedade, aumentando os pontos comuns e diminuindo as diversidades e discrep\u00e2ncias.<\/p>\n\n\n\n<p>Cada escola escolheu uma cor a trabalhar: Azul-Pol\u00f3nia, Amarelo-Rom\u00e9nia, Verde-Turquia e Dourado- Portugal, tendo cada escola encontrado o lugar e a import\u00e2ncia da cor escolhida no quotidiano e na sua cultura.<\/p>\n\n\n\n<p>Durante essa semana, a cor predominante foi sem d\u00favida o dourado, tendo em conta que essa \u00e9 a cor que a escola do Porto Santo escolheu para trabalhar ao longo do projeto.<\/p>\n\n\n\n<p>As fam\u00edlias dos alunos envolvida no projeto, da nossa escola acolheram os alunos provenientes dos pa\u00edses parceiros durante aquela semana, partilhando conhecimentos sobre a cultura local e puderam tamb\u00e9m assistir a aulas na nossa escola.<\/p>\n\n\n\n<figure class=\"wp-block-gallery has-nested-images columns-4 is-cropped wp-block-gallery-1 is-layout-flex wp-block-gallery-is-layout-flex\">\n<figure class=\"wp-block-image size-large\"><a href=\"https:\/\/escoladigital.madeira.gov.pt\/ebspdffbranco\/wp-content\/uploads\/sites\/19\/2024\/10\/colors5.jpg\" target=\"_blank\" rel=\"noreferrer noopener\"><img decoding=\"async\" width=\"1024\" height=\"769\" data-id=\"1493\" src=\"https:\/\/escoladigital.madeira.gov.pt\/ebspdffbranco\/wp-content\/uploads\/sites\/19\/2024\/10\/colors5-1024x769.jpg\" alt=\"\" class=\"wp-image-1493\" srcset=\"https:\/\/escoladigital.madeira.gov.pt\/ebspdffbranco\/wp-content\/uploads\/sites\/19\/2024\/10\/colors5-1024x769.jpg 1024w, https:\/\/escoladigital.madeira.gov.pt\/ebspdffbranco\/wp-content\/uploads\/sites\/19\/2024\/10\/colors5-300x225.jpg 300w, https:\/\/escoladigital.madeira.gov.pt\/ebspdffbranco\/wp-content\/uploads\/sites\/19\/2024\/10\/colors5-768x577.jpg 768w, https:\/\/escoladigital.madeira.gov.pt\/ebspdffbranco\/wp-content\/uploads\/sites\/19\/2024\/10\/colors5.jpg 1080w\" sizes=\"(max-width: 1024px) 100vw, 1024px\" \/><\/a><\/figure>\n\n\n\n<figure class=\"wp-block-image size-large\"><a href=\"https:\/\/escoladigital.madeira.gov.pt\/ebspdffbranco\/wp-content\/uploads\/sites\/19\/2024\/10\/colors6.jpg\" target=\"_blank\" rel=\"noreferrer noopener\"><img loading=\"lazy\" decoding=\"async\" width=\"1024\" height=\"766\" data-id=\"1495\" src=\"https:\/\/escoladigital.madeira.gov.pt\/ebspdffbranco\/wp-content\/uploads\/sites\/19\/2024\/10\/colors6-1024x766.jpg\" alt=\"\" class=\"wp-image-1495\" srcset=\"https:\/\/escoladigital.madeira.gov.pt\/ebspdffbranco\/wp-content\/uploads\/sites\/19\/2024\/10\/colors6-1024x766.jpg 1024w, https:\/\/escoladigital.madeira.gov.pt\/ebspdffbranco\/wp-content\/uploads\/sites\/19\/2024\/10\/colors6-300x224.jpg 300w, https:\/\/escoladigital.madeira.gov.pt\/ebspdffbranco\/wp-content\/uploads\/sites\/19\/2024\/10\/colors6-768x574.jpg 768w, https:\/\/escoladigital.madeira.gov.pt\/ebspdffbranco\/wp-content\/uploads\/sites\/19\/2024\/10\/colors6.jpg 1440w\" sizes=\"(max-width: 1024px) 100vw, 1024px\" \/><\/a><\/figure>\n\n\n\n<figure class=\"wp-block-image size-large\"><a href=\"https:\/\/escoladigital.madeira.gov.pt\/ebspdffbranco\/wp-content\/uploads\/sites\/19\/2024\/10\/colors7.jpg\" target=\"_blank\" rel=\"noreferrer noopener\"><img loading=\"lazy\" decoding=\"async\" width=\"1024\" height=\"769\" data-id=\"1494\" src=\"https:\/\/escoladigital.madeira.gov.pt\/ebspdffbranco\/wp-content\/uploads\/sites\/19\/2024\/10\/colors7-1024x769.jpg\" alt=\"\" class=\"wp-image-1494\" srcset=\"https:\/\/escoladigital.madeira.gov.pt\/ebspdffbranco\/wp-content\/uploads\/sites\/19\/2024\/10\/colors7-1024x769.jpg 1024w, https:\/\/escoladigital.madeira.gov.pt\/ebspdffbranco\/wp-content\/uploads\/sites\/19\/2024\/10\/colors7-300x225.jpg 300w, https:\/\/escoladigital.madeira.gov.pt\/ebspdffbranco\/wp-content\/uploads\/sites\/19\/2024\/10\/colors7-768x577.jpg 768w, https:\/\/escoladigital.madeira.gov.pt\/ebspdffbranco\/wp-content\/uploads\/sites\/19\/2024\/10\/colors7.jpg 1080w\" sizes=\"(max-width: 1024px) 100vw, 1024px\" \/><\/a><\/figure>\n\n\n\n<figure class=\"wp-block-image size-large\"><a href=\"https:\/\/escoladigital.madeira.gov.pt\/ebspdffbranco\/wp-content\/uploads\/sites\/19\/2024\/10\/colors8.jpg\" target=\"_blank\" rel=\"noreferrer noopener\"><img loading=\"lazy\" decoding=\"async\" width=\"1024\" height=\"769\" data-id=\"1496\" src=\"https:\/\/escoladigital.madeira.gov.pt\/ebspdffbranco\/wp-content\/uploads\/sites\/19\/2024\/10\/colors8-1024x769.jpg\" alt=\"\" class=\"wp-image-1496\" srcset=\"https:\/\/escoladigital.madeira.gov.pt\/ebspdffbranco\/wp-content\/uploads\/sites\/19\/2024\/10\/colors8-1024x769.jpg 1024w, https:\/\/escoladigital.madeira.gov.pt\/ebspdffbranco\/wp-content\/uploads\/sites\/19\/2024\/10\/colors8-300x225.jpg 300w, https:\/\/escoladigital.madeira.gov.pt\/ebspdffbranco\/wp-content\/uploads\/sites\/19\/2024\/10\/colors8-768x577.jpg 768w, https:\/\/escoladigital.madeira.gov.pt\/ebspdffbranco\/wp-content\/uploads\/sites\/19\/2024\/10\/colors8.jpg 1080w\" sizes=\"(max-width: 1024px) 100vw, 1024px\" \/><\/a><\/figure>\n<\/figure>\n\n\n\n<figure class=\"wp-block-gallery has-nested-images columns-4 is-cropped wp-block-gallery-2 is-layout-flex wp-block-gallery-is-layout-flex\">\n<figure class=\"wp-block-image size-large\"><a href=\"https:\/\/escoladigital.madeira.gov.pt\/ebspdffbranco\/wp-content\/uploads\/sites\/19\/2024\/10\/8colors7.jpg\" target=\"_blank\" rel=\"noreferrer noopener\"><img loading=\"lazy\" decoding=\"async\" width=\"1024\" height=\"769\" data-id=\"1497\" src=\"https:\/\/escoladigital.madeira.gov.pt\/ebspdffbranco\/wp-content\/uploads\/sites\/19\/2024\/10\/8colors7-1024x769.jpg\" alt=\"\" class=\"wp-image-1497\" srcset=\"https:\/\/escoladigital.madeira.gov.pt\/ebspdffbranco\/wp-content\/uploads\/sites\/19\/2024\/10\/8colors7-1024x769.jpg 1024w, https:\/\/escoladigital.madeira.gov.pt\/ebspdffbranco\/wp-content\/uploads\/sites\/19\/2024\/10\/8colors7-300x225.jpg 300w, https:\/\/escoladigital.madeira.gov.pt\/ebspdffbranco\/wp-content\/uploads\/sites\/19\/2024\/10\/8colors7-768x577.jpg 768w, https:\/\/escoladigital.madeira.gov.pt\/ebspdffbranco\/wp-content\/uploads\/sites\/19\/2024\/10\/8colors7.jpg 1080w\" sizes=\"(max-width: 1024px) 100vw, 1024px\" \/><\/a><\/figure>\n\n\n\n<figure class=\"wp-block-image size-large\"><a href=\"https:\/\/escoladigital.madeira.gov.pt\/ebspdffbranco\/wp-content\/uploads\/sites\/19\/2024\/10\/9colors8.jpg\" target=\"_blank\" rel=\"noreferrer noopener\"><img loading=\"lazy\" decoding=\"async\" width=\"1024\" height=\"769\" data-id=\"1498\" src=\"https:\/\/escoladigital.madeira.gov.pt\/ebspdffbranco\/wp-content\/uploads\/sites\/19\/2024\/10\/9colors8-1024x769.jpg\" alt=\"\" class=\"wp-image-1498\" srcset=\"https:\/\/escoladigital.madeira.gov.pt\/ebspdffbranco\/wp-content\/uploads\/sites\/19\/2024\/10\/9colors8-1024x769.jpg 1024w, https:\/\/escoladigital.madeira.gov.pt\/ebspdffbranco\/wp-content\/uploads\/sites\/19\/2024\/10\/9colors8-300x225.jpg 300w, https:\/\/escoladigital.madeira.gov.pt\/ebspdffbranco\/wp-content\/uploads\/sites\/19\/2024\/10\/9colors8-768x577.jpg 768w, https:\/\/escoladigital.madeira.gov.pt\/ebspdffbranco\/wp-content\/uploads\/sites\/19\/2024\/10\/9colors8.jpg 1080w\" sizes=\"(max-width: 1024px) 100vw, 1024px\" \/><\/a><\/figure>\n\n\n\n<figure class=\"wp-block-image size-large\"><a href=\"https:\/\/escoladigital.madeira.gov.pt\/ebspdffbranco\/wp-content\/uploads\/sites\/19\/2024\/10\/colors2.jpg\" target=\"_blank\" rel=\"noreferrer noopener\"><img loading=\"lazy\" decoding=\"async\" width=\"1024\" height=\"766\" data-id=\"1499\" src=\"https:\/\/escoladigital.madeira.gov.pt\/ebspdffbranco\/wp-content\/uploads\/sites\/19\/2024\/10\/colors2-1024x766.jpg\" alt=\"\" class=\"wp-image-1499\" srcset=\"https:\/\/escoladigital.madeira.gov.pt\/ebspdffbranco\/wp-content\/uploads\/sites\/19\/2024\/10\/colors2-1024x766.jpg 1024w, https:\/\/escoladigital.madeira.gov.pt\/ebspdffbranco\/wp-content\/uploads\/sites\/19\/2024\/10\/colors2-300x224.jpg 300w, https:\/\/escoladigital.madeira.gov.pt\/ebspdffbranco\/wp-content\/uploads\/sites\/19\/2024\/10\/colors2-768x574.jpg 768w, https:\/\/escoladigital.madeira.gov.pt\/ebspdffbranco\/wp-content\/uploads\/sites\/19\/2024\/10\/colors2.jpg 1440w\" sizes=\"(max-width: 1024px) 100vw, 1024px\" \/><\/a><\/figure>\n\n\n\n<figure class=\"wp-block-image size-large\"><a href=\"https:\/\/escoladigital.madeira.gov.pt\/ebspdffbranco\/wp-content\/uploads\/sites\/19\/2024\/10\/colors3.jpg\" target=\"_blank\" rel=\"noreferrer noopener\"><img loading=\"lazy\" decoding=\"async\" width=\"1024\" height=\"769\" data-id=\"1500\" src=\"https:\/\/escoladigital.madeira.gov.pt\/ebspdffbranco\/wp-content\/uploads\/sites\/19\/2024\/10\/colors3-1024x769.jpg\" alt=\"\" class=\"wp-image-1500\" srcset=\"https:\/\/escoladigital.madeira.gov.pt\/ebspdffbranco\/wp-content\/uploads\/sites\/19\/2024\/10\/colors3-1024x769.jpg 1024w, https:\/\/escoladigital.madeira.gov.pt\/ebspdffbranco\/wp-content\/uploads\/sites\/19\/2024\/10\/colors3-300x225.jpg 300w, https:\/\/escoladigital.madeira.gov.pt\/ebspdffbranco\/wp-content\/uploads\/sites\/19\/2024\/10\/colors3-768x577.jpg 768w, https:\/\/escoladigital.madeira.gov.pt\/ebspdffbranco\/wp-content\/uploads\/sites\/19\/2024\/10\/colors3.jpg 1080w\" sizes=\"(max-width: 1024px) 100vw, 1024px\" \/><\/a><\/figure>\n<\/figure>\n\n\n\n<p><\/p>\n<\/div>\n\n\n\n<div class=\"wp-block-group alignfull has-base-background-color has-background is-nowrap is-layout-flex wp-container-core-group-is-layout-560e8266 wp-block-group-is-layout-flex\" style=\"margin-top:0;margin-bottom:0;padding-top:var(--wp--preset--spacing--50);padding-right:var(--wp--preset--spacing--50);padding-bottom:var(--wp--preset--spacing--50);padding-left:var(--wp--preset--spacing--50)\">\n<div class=\"wp-block-columns alignwide is-layout-flex wp-container-core-columns-is-layout-549b0c86 wp-block-columns-is-layout-flex\">\n<div class=\"wp-block-column has-medium-font-size is-layout-flow wp-container-core-column-is-layout-119bc444 wp-block-column-is-layout-flow\" style=\"flex-basis:60%\">\n<div class=\"wp-block-columns is-layout-flex wp-container-core-columns-is-layout-87beb0d0 wp-block-columns-is-layout-flex\">\n<div class=\"wp-block-column is-layout-flow wp-block-column-is-layout-flow\">\n<p class=\"has-small-font-size wp-container-content-9cfa9a5a\">No \u00e2mbito do projeto Erasmus + \u201cFlower Power\u201d, My Madeira Island trouxe ao Porto Santo um grupo de 30 jovens provenientes da B\u00e9lgica, Espanha e da Ilha da Madeira para uma excelente semana de novas aprendizagens. O grupo chegou no dia 31 de mar\u00e7o e, no dia do regresso \u00e0 Ilha da Madeira, 08 de abril, terminaram a mobilidade promovendo as oportunidades dos projetos Erasmus+ e apresentando na nossa escola os trabalhos desenvolvidos ao<\/p>\n\n\n\n<p class=\"has-small-font-size wp-container-content-9cfa9a5a\">longo da semana, onde puderam estar presentes os alunos do 11\u00baCT, acompanhados pelo professor Leonardo Ferreira. O professor Paulo Almeida fez aos honras da casa!<br>\u00c9 inspirador ver como o Erasmus+ proporciona experi\u00eancias enriquecedoras e interc\u00e2mbio cultural entre jovens de diferentes pa\u00edses. Parab\u00e9ns a todos os participantes e aos professores envolvidos!<\/p>\n\n\n\n<figure class=\"wp-block-image size-medium\"><img loading=\"lazy\" decoding=\"async\" width=\"300\" height=\"225\" src=\"https:\/\/escoladigital.madeira.gov.pt\/ebspdffbranco\/wp-content\/uploads\/sites\/19\/2024\/09\/pflower3-3-300x225.png\" alt=\"\" class=\"wp-image-812\" srcset=\"https:\/\/escoladigital.madeira.gov.pt\/ebspdffbranco\/wp-content\/uploads\/sites\/19\/2024\/09\/pflower3-3-300x225.png 300w, https:\/\/escoladigital.madeira.gov.pt\/ebspdffbranco\/wp-content\/uploads\/sites\/19\/2024\/09\/pflower3-3-1024x769.png 1024w, https:\/\/escoladigital.madeira.gov.pt\/ebspdffbranco\/wp-content\/uploads\/sites\/19\/2024\/09\/pflower3-3-768x577.png 768w, https:\/\/escoladigital.madeira.gov.pt\/ebspdffbranco\/wp-content\/uploads\/sites\/19\/2024\/09\/pflower3-3.png 1212w\" sizes=\"(max-width: 300px) 100vw, 300px\" \/><\/figure>\n<\/div>\n<\/div>\n<\/div>\n\n\n\n<div class=\"wp-block-column has-global-padding is-content-justification-left is-layout-constrained wp-container-core-column-is-layout-4f15e8fe wp-block-column-is-layout-constrained\" style=\"flex-basis:40%\">\n<figure class=\"wp-block-image size-full\"><img loading=\"lazy\" decoding=\"async\" width=\"683\" height=\"911\" src=\"https:\/\/escoladigital.madeira.gov.pt\/ebspdffbranco\/wp-content\/uploads\/sites\/19\/2024\/09\/pflower-1.png\" alt=\"\" class=\"wp-image-805\" style=\"aspect-ratio:4\/3;object-fit:cover\" srcset=\"https:\/\/escoladigital.madeira.gov.pt\/ebspdffbranco\/wp-content\/uploads\/sites\/19\/2024\/09\/pflower-1.png 683w, https:\/\/escoladigital.madeira.gov.pt\/ebspdffbranco\/wp-content\/uploads\/sites\/19\/2024\/09\/pflower-1-225x300.png 225w\" sizes=\"(max-width: 683px) 100vw, 683px\" \/><\/figure>\n\n\n\n<figure class=\"wp-block-image size-full is-resized\"><img loading=\"lazy\" decoding=\"async\" width=\"837\" height=\"635\" src=\"https:\/\/escoladigital.madeira.gov.pt\/ebspdffbranco\/wp-content\/uploads\/sites\/19\/2024\/09\/pflower2-1.png\" alt=\"\" class=\"wp-image-806\" style=\"width:260px;height:auto\" srcset=\"https:\/\/escoladigital.madeira.gov.pt\/ebspdffbranco\/wp-content\/uploads\/sites\/19\/2024\/09\/pflower2-1.png 837w, https:\/\/escoladigital.madeira.gov.pt\/ebspdffbranco\/wp-content\/uploads\/sites\/19\/2024\/09\/pflower2-1-300x228.png 300w, https:\/\/escoladigital.madeira.gov.pt\/ebspdffbranco\/wp-content\/uploads\/sites\/19\/2024\/09\/pflower2-1-768x583.png 768w\" sizes=\"(max-width: 837px) 100vw, 837px\" \/><\/figure>\n<\/div>\n<\/div>\n<\/div>\n\n\n\n<div class=\"wp-block-cover alignfull is-light has-parallax has-aspect-ratio\" style=\"padding-top:var(--wp--preset--spacing--50);padding-right:var(--wp--preset--spacing--50);padding-bottom:var(--wp--preset--spacing--50);padding-left:var(--wp--preset--spacing--50);aspect-ratio:auto;min-height:unset;\"><span aria-hidden=\"true\" class=\"wp-block-cover__background has-base-background-color has-background-dim-60 has-background-dim\"><\/span><div class=\"wp-block-cover__image-background wp-image-787 has-parallax\" style=\"background-position:50% 50%;background-image:url(https:\/\/escoladigital.madeira.gov.pt\/ebspdffbranco\/wp-content\/uploads\/sites\/19\/2024\/09\/logopower.png)\"><\/div><div class=\"wp-block-cover__inner-container has-global-padding is-layout-constrained wp-container-core-cover-is-layout-e4fd886c wp-block-cover-is-layout-constrained\">\n<div style=\"height:500px\" aria-hidden=\"true\" class=\"wp-block-spacer\"><\/div>\n<\/div><\/div>\n\n\n\n<div class=\"wp-block-group alignfull has-base-2-background-color has-background is-nowrap is-layout-flex wp-container-core-group-is-layout-97462de8 wp-block-group-is-layout-flex\" style=\"margin-top:0;margin-bottom:0;padding-top:var(--wp--preset--spacing--30);padding-right:var(--wp--preset--spacing--60);padding-bottom:var(--wp--preset--spacing--30);padding-left:var(--wp--preset--spacing--60)\">\n<div class=\"wp-block-group alignwide is-layout-flow wp-block-group-is-layout-flow\">\n<p class=\"has-small-font-size\">No passado dia 06 do m\u00eas de abril, quatro alunos e duas professoras Dalila Peixe e Elisabete Santos da Escola B\u00e1sica e Secund\u00e1ria com Pr\u00e9 -escolar e Creche Professor Dr. Francisco de Freitas Branco da ilha do Porto Santo, no \u00e2mbito do programa Erasmus+, KA210, A\u00e7\u00e3o Chave 2- Parcerias de pequena escala na educa\u00e7\u00e3o escolar com o projeto \u201cPower of Colors\u201d, deslocaram-se a Zimnicea, na Rom\u00e9nia, onde foram calorosamente recebidos no dia 08 do mesmo m\u00eas, pela escola Palatul Copiilor Alexandria- Structura Clubul Copliilor Zimnicea, parceira do projeto.<\/p>\n\n\n\n<p class=\"has-small-font-size\">Entre 08 e 12 de abril tiveram a oportunidade de conhecer melhor os outros parceiros do projeto: Turquia e Pol\u00f3nia.<\/p>\n\n\n\n<p class=\"has-small-font-size\">Durante essa semana, a cor predominante foi sem d\u00favida o amarelo, uma das cores da bandeira do pa\u00eds, tendo em conta que essa \u00e9 a cor que a escola da Rom\u00e9nia escolheu para trabalhar ao longo do projeto.<\/p>\n\n\n\n<p class=\"has-small-font-size\">Tiveram a oportunidade de visitar v\u00e1rias escolas em Zimnicea, acompanhados pelo Presidente da C\u00e2mara e em Alexandria, onde foram tamb\u00e9m recebidos pela vice-presidente da C\u00e2mara.<\/p>\n\n\n\n<p class=\"has-small-font-size\">Puderam ainda ensinar os mais curiosos a fazer pulseiras em macram\u00e9\u2026. E que sucesso fizeram!<\/p>\n\n\n\n<p class=\"has-small-font-size\">Um dos momentos altos do evento aconteceu aquando a entrega dos certificados, numa igreja em Zimnicea, pelo Presidente da C\u00e2mara que t\u00e3o bem nos acolheu ao longo da semana de mobilidade que n\u00e3o podia terminar da melhor forma, com a visita \u00e0 capital do pa\u00eds \u2013 Bucareste!<\/p>\n\n\n\n<figure class=\"wp-block-gallery has-nested-images columns-default is-cropped wp-block-gallery-3 is-layout-flex wp-block-gallery-is-layout-flex\">\n<figure class=\"wp-block-image size-medium\"><img loading=\"lazy\" decoding=\"async\" width=\"300\" height=\"225\" data-id=\"815\" src=\"https:\/\/escoladigital.madeira.gov.pt\/ebspdffbranco\/wp-content\/uploads\/sites\/19\/2024\/09\/bucareste1-300x225.jpg\" alt=\"\" class=\"wp-image-815\" srcset=\"https:\/\/escoladigital.madeira.gov.pt\/ebspdffbranco\/wp-content\/uploads\/sites\/19\/2024\/09\/bucareste1-300x225.jpg 300w, https:\/\/escoladigital.madeira.gov.pt\/ebspdffbranco\/wp-content\/uploads\/sites\/19\/2024\/09\/bucareste1-1024x768.jpg 1024w, https:\/\/escoladigital.madeira.gov.pt\/ebspdffbranco\/wp-content\/uploads\/sites\/19\/2024\/09\/bucareste1-768x576.jpg 768w, https:\/\/escoladigital.madeira.gov.pt\/ebspdffbranco\/wp-content\/uploads\/sites\/19\/2024\/09\/bucareste1.jpg 1440w\" sizes=\"(max-width: 300px) 100vw, 300px\" \/><\/figure>\n\n\n\n<figure class=\"wp-block-image size-medium\"><img loading=\"lazy\" decoding=\"async\" width=\"300\" height=\"224\" data-id=\"818\" src=\"https:\/\/escoladigital.madeira.gov.pt\/ebspdffbranco\/wp-content\/uploads\/sites\/19\/2024\/09\/bucareste2-300x224.jpg\" alt=\"\" class=\"wp-image-818\" srcset=\"https:\/\/escoladigital.madeira.gov.pt\/ebspdffbranco\/wp-content\/uploads\/sites\/19\/2024\/09\/bucareste2-300x224.jpg 300w, https:\/\/escoladigital.madeira.gov.pt\/ebspdffbranco\/wp-content\/uploads\/sites\/19\/2024\/09\/bucareste2-1024x766.jpg 1024w, https:\/\/escoladigital.madeira.gov.pt\/ebspdffbranco\/wp-content\/uploads\/sites\/19\/2024\/09\/bucareste2-768x574.jpg 768w, https:\/\/escoladigital.madeira.gov.pt\/ebspdffbranco\/wp-content\/uploads\/sites\/19\/2024\/09\/bucareste2.jpg 1440w\" sizes=\"(max-width: 300px) 100vw, 300px\" \/><\/figure>\n\n\n\n<figure class=\"wp-block-image size-medium\"><img loading=\"lazy\" decoding=\"async\" width=\"300\" height=\"224\" data-id=\"821\" src=\"https:\/\/escoladigital.madeira.gov.pt\/ebspdffbranco\/wp-content\/uploads\/sites\/19\/2024\/09\/bucareste3-300x224.jpg\" alt=\"\" class=\"wp-image-821\" srcset=\"https:\/\/escoladigital.madeira.gov.pt\/ebspdffbranco\/wp-content\/uploads\/sites\/19\/2024\/09\/bucareste3-300x224.jpg 300w, https:\/\/escoladigital.madeira.gov.pt\/ebspdffbranco\/wp-content\/uploads\/sites\/19\/2024\/09\/bucareste3-1024x766.jpg 1024w, https:\/\/escoladigital.madeira.gov.pt\/ebspdffbranco\/wp-content\/uploads\/sites\/19\/2024\/09\/bucareste3-768x574.jpg 768w, https:\/\/escoladigital.madeira.gov.pt\/ebspdffbranco\/wp-content\/uploads\/sites\/19\/2024\/09\/bucareste3.jpg 1440w\" sizes=\"(max-width: 300px) 100vw, 300px\" \/><\/figure>\n\n\n\n<figure class=\"wp-block-image size-medium\"><img loading=\"lazy\" decoding=\"async\" width=\"300\" height=\"224\" data-id=\"817\" src=\"https:\/\/escoladigital.madeira.gov.pt\/ebspdffbranco\/wp-content\/uploads\/sites\/19\/2024\/09\/bucareste4-300x224.jpg\" alt=\"\" class=\"wp-image-817\" srcset=\"https:\/\/escoladigital.madeira.gov.pt\/ebspdffbranco\/wp-content\/uploads\/sites\/19\/2024\/09\/bucareste4-300x224.jpg 300w, https:\/\/escoladigital.madeira.gov.pt\/ebspdffbranco\/wp-content\/uploads\/sites\/19\/2024\/09\/bucareste4-1024x766.jpg 1024w, https:\/\/escoladigital.madeira.gov.pt\/ebspdffbranco\/wp-content\/uploads\/sites\/19\/2024\/09\/bucareste4-768x574.jpg 768w, https:\/\/escoladigital.madeira.gov.pt\/ebspdffbranco\/wp-content\/uploads\/sites\/19\/2024\/09\/bucareste4.jpg 1440w\" sizes=\"(max-width: 300px) 100vw, 300px\" \/><\/figure>\n\n\n\n<figure class=\"wp-block-image size-medium\"><img loading=\"lazy\" decoding=\"async\" width=\"300\" height=\"224\" data-id=\"816\" src=\"https:\/\/escoladigital.madeira.gov.pt\/ebspdffbranco\/wp-content\/uploads\/sites\/19\/2024\/09\/bucareste5-300x224.jpg\" alt=\"\" class=\"wp-image-816\" srcset=\"https:\/\/escoladigital.madeira.gov.pt\/ebspdffbranco\/wp-content\/uploads\/sites\/19\/2024\/09\/bucareste5-300x224.jpg 300w, https:\/\/escoladigital.madeira.gov.pt\/ebspdffbranco\/wp-content\/uploads\/sites\/19\/2024\/09\/bucareste5-1024x766.jpg 1024w, https:\/\/escoladigital.madeira.gov.pt\/ebspdffbranco\/wp-content\/uploads\/sites\/19\/2024\/09\/bucareste5-768x574.jpg 768w, https:\/\/escoladigital.madeira.gov.pt\/ebspdffbranco\/wp-content\/uploads\/sites\/19\/2024\/09\/bucareste5.jpg 1440w\" sizes=\"(max-width: 300px) 100vw, 300px\" \/><\/figure>\n\n\n\n<figure class=\"wp-block-image size-medium\"><img loading=\"lazy\" decoding=\"async\" width=\"300\" height=\"224\" data-id=\"819\" src=\"https:\/\/escoladigital.madeira.gov.pt\/ebspdffbranco\/wp-content\/uploads\/sites\/19\/2024\/09\/bucareste6-300x224.jpg\" alt=\"\" class=\"wp-image-819\" srcset=\"https:\/\/escoladigital.madeira.gov.pt\/ebspdffbranco\/wp-content\/uploads\/sites\/19\/2024\/09\/bucareste6-300x224.jpg 300w, https:\/\/escoladigital.madeira.gov.pt\/ebspdffbranco\/wp-content\/uploads\/sites\/19\/2024\/09\/bucareste6-1024x766.jpg 1024w, https:\/\/escoladigital.madeira.gov.pt\/ebspdffbranco\/wp-content\/uploads\/sites\/19\/2024\/09\/bucareste6-768x574.jpg 768w, https:\/\/escoladigital.madeira.gov.pt\/ebspdffbranco\/wp-content\/uploads\/sites\/19\/2024\/09\/bucareste6.jpg 1440w\" sizes=\"(max-width: 300px) 100vw, 300px\" \/><\/figure>\n\n\n\n<figure class=\"wp-block-image size-medium\"><img loading=\"lazy\" decoding=\"async\" width=\"300\" height=\"225\" data-id=\"822\" src=\"https:\/\/escoladigital.madeira.gov.pt\/ebspdffbranco\/wp-content\/uploads\/sites\/19\/2024\/09\/bucareste7-300x225.jpg\" alt=\"\" class=\"wp-image-822\" srcset=\"https:\/\/escoladigital.madeira.gov.pt\/ebspdffbranco\/wp-content\/uploads\/sites\/19\/2024\/09\/bucareste7-300x225.jpg 300w, https:\/\/escoladigital.madeira.gov.pt\/ebspdffbranco\/wp-content\/uploads\/sites\/19\/2024\/09\/bucareste7-1024x769.jpg 1024w, https:\/\/escoladigital.madeira.gov.pt\/ebspdffbranco\/wp-content\/uploads\/sites\/19\/2024\/09\/bucareste7-768x577.jpg 768w, https:\/\/escoladigital.madeira.gov.pt\/ebspdffbranco\/wp-content\/uploads\/sites\/19\/2024\/09\/bucareste7.jpg 1080w\" sizes=\"(max-width: 300px) 100vw, 300px\" \/><\/figure>\n\n\n\n<figure class=\"wp-block-image size-medium\"><img loading=\"lazy\" decoding=\"async\" width=\"300\" height=\"224\" data-id=\"820\" src=\"https:\/\/escoladigital.madeira.gov.pt\/ebspdffbranco\/wp-content\/uploads\/sites\/19\/2024\/09\/bucareste8-300x224.jpg\" alt=\"\" class=\"wp-image-820\" srcset=\"https:\/\/escoladigital.madeira.gov.pt\/ebspdffbranco\/wp-content\/uploads\/sites\/19\/2024\/09\/bucareste8-300x224.jpg 300w, https:\/\/escoladigital.madeira.gov.pt\/ebspdffbranco\/wp-content\/uploads\/sites\/19\/2024\/09\/bucareste8-1024x766.jpg 1024w, https:\/\/escoladigital.madeira.gov.pt\/ebspdffbranco\/wp-content\/uploads\/sites\/19\/2024\/09\/bucareste8-768x574.jpg 768w, https:\/\/escoladigital.madeira.gov.pt\/ebspdffbranco\/wp-content\/uploads\/sites\/19\/2024\/09\/bucareste8.jpg 1440w\" sizes=\"(max-width: 300px) 100vw, 300px\" \/><\/figure>\n<\/figure>\n<\/div>\n<\/div>\n\n\n\n<div class=\"wp-block-group alignfull has-base-2-color has-text-color has-background has-link-color wp-elements-a47d4328a8c7821eb74fbe82992ac5aa is-nowrap is-layout-flex wp-container-core-group-is-layout-0c166e59 wp-block-group-is-layout-flex\" style=\"background-color:#e9f4e5;margin-top:0;margin-bottom:0;padding-top:var(--wp--preset--spacing--40);padding-right:var(--wp--preset--spacing--50);padding-bottom:var(--wp--preset--spacing--40);padding-left:var(--wp--preset--spacing--50)\">\n<div class=\"wp-block-columns alignwide is-layout-flex wp-container-core-columns-is-layout-d1c656ed wp-block-columns-is-layout-flex\">\n<div class=\"wp-block-column is-vertically-aligned-stretch has-contrast-color has-text-color has-link-color wp-elements-fdd4b915b812b00d15b023292edfe066 is-layout-flow wp-block-column-is-layout-flow\" style=\"padding-right:0;flex-basis:60%\">\n<div class=\"wp-block-group is-vertical is-content-justification-stretch is-layout-flex wp-container-core-group-is-layout-ae24f51d wp-block-group-is-layout-flex\" style=\"min-height:100%\">\n<p>No passado dia&nbsp;<strong>11 do m\u00eas de novembro<\/strong>, duas professoras Dalila Peixe e F\u00e1tima Guerra da Escola B\u00e1sica e Secund\u00e1ria com Pr\u00e9-escolar e Creche Professor Dr. Francisco de Freitas Branco, da ilha do Porto Santo, no \u00e2mbito do programa Erasmus+, KA210, A\u00e7\u00e3o Chave 2- Parcerias de pequena escala na educa\u00e7\u00e3o escolar com o projeto \u201cPower of Colors\u201d, deslocaram-se a Radzy\u0144 Che\u0142mi\u0144ski, na Pol\u00f3nia, onde foram recebidas no dia 13 do mesmo m\u00eas, pela escola Zesp\u00f3\u0142 Szk\u00f3\u0142 w Radzyniu Che\u0142mi\u0144skim, coordenadora do projeto.<\/p>\n\n\n\n<p>Entre&nbsp;<strong>13 e 17 de novembro,<\/strong>&nbsp;tiveram a oportunidade de conhecer melhor os outros parceiros do projeto: Turquia, Rom\u00e9nia e Pol\u00f3nia. A conclus\u00e3o do projeto que agora se inicia no terreno est\u00e1 prevista para dezembro de 2024. Durante essa semana, a cor predominante foi sem d\u00favida o azul, tendo em conta que essa \u00e9 a cor que a escola da Pol\u00f3nia escolheu para trabalhar ao longo do projeto.<\/p>\n\n\n\n<p>Pudemos \u201cviajar\u201d pela escola como se fosse a aldeia dos Smurfs, as crian\u00e7as rigorosamente vestidas, eram os seus habitantes e tivemos a oportunidade de jogar, dan\u00e7ar e at\u00e9 de cozinhar numa aldeia imagin\u00e1ria, onde todos sabiam bem o papel que desempenhavam.<\/p>\n\n\n\n<p>Pudemos ainda confecionar a \u201cescarpiada\u201d levando assim um pouco da nossa cultura aos pa\u00edses parceiros. Ensinamos ainda como fazer origamis a alunos, que de uma certa forma, pareciam querer aprender tudo muito r\u00e1pido.<\/p>\n\n\n\n<p>Todos queriam saber de onde v\u00ednhamos, e quando fal\u00e1vamos em Portugal, l\u00e1 vinha o grito \u201csiiiiiiim\u201d do nosso Cristiano&nbsp;Ronaldo.<\/p>\n<\/div>\n<\/div>\n\n\n\n<div class=\"wp-block-column has-contrast-color has-text-color has-link-color wp-elements-ba64dcebe3ea419f9a775b97e36609d9 is-layout-flow wp-block-column-is-layout-flow\" style=\"padding-right:0;flex-basis:40%\">\n<div class=\"wp-block-group has-global-padding is-layout-constrained wp-block-group-is-layout-constrained\">\n<figure class=\"wp-block-image size-full\"><img loading=\"lazy\" decoding=\"async\" width=\"1024\" height=\"768\" src=\"https:\/\/escoladigital.madeira.gov.pt\/ebspdffbranco\/wp-content\/uploads\/sites\/19\/2024\/09\/mobi1.jpg\" alt=\"\" class=\"wp-image-825\" srcset=\"https:\/\/escoladigital.madeira.gov.pt\/ebspdffbranco\/wp-content\/uploads\/sites\/19\/2024\/09\/mobi1.jpg 1024w, https:\/\/escoladigital.madeira.gov.pt\/ebspdffbranco\/wp-content\/uploads\/sites\/19\/2024\/09\/mobi1-300x225.jpg 300w, https:\/\/escoladigital.madeira.gov.pt\/ebspdffbranco\/wp-content\/uploads\/sites\/19\/2024\/09\/mobi1-768x576.jpg 768w\" sizes=\"(max-width: 1024px) 100vw, 1024px\" \/><\/figure>\n<\/div>\n\n\n\n<figure class=\"wp-block-image size-large\"><img loading=\"lazy\" decoding=\"async\" width=\"1024\" height=\"769\" src=\"https:\/\/escoladigital.madeira.gov.pt\/ebspdffbranco\/wp-content\/uploads\/sites\/19\/2024\/09\/mobi2-1024x769.jpg\" alt=\"\" class=\"wp-image-826\" srcset=\"https:\/\/escoladigital.madeira.gov.pt\/ebspdffbranco\/wp-content\/uploads\/sites\/19\/2024\/09\/mobi2-1024x769.jpg 1024w, https:\/\/escoladigital.madeira.gov.pt\/ebspdffbranco\/wp-content\/uploads\/sites\/19\/2024\/09\/mobi2-300x225.jpg 300w, https:\/\/escoladigital.madeira.gov.pt\/ebspdffbranco\/wp-content\/uploads\/sites\/19\/2024\/09\/mobi2-768x576.jpg 768w, https:\/\/escoladigital.madeira.gov.pt\/ebspdffbranco\/wp-content\/uploads\/sites\/19\/2024\/09\/mobi2-1536x1153.jpg 1536w, https:\/\/escoladigital.madeira.gov.pt\/ebspdffbranco\/wp-content\/uploads\/sites\/19\/2024\/09\/mobi2.jpg 2048w\" sizes=\"(max-width: 1024px) 100vw, 1024px\" \/><\/figure>\n<\/div>\n<\/div>\n<\/div>\n","protected":false},"excerpt":{"rendered":"<p>O objetivo deste projeto passa por olhar as cores como ponte deconex\u00e3o de uma sociedade, aumentando os pontos comuns ediminuindo as diversidades e discrep\u00e2ncias.N\u00e3o devemos esquecer que o uso de determinadas cores podemfacilitar a nossa vida, como por exemplo na sinaliza\u00e7\u00e3o existente nas estradas, nas bandeiras da praia, entre outros. Entre 30 de setembro e [&hellip;]<\/p>\n","protected":false},"author":28,"featured_media":0,"parent":0,"menu_order":0,"comment_status":"closed","ping_status":"closed","template":"","meta":{"_themeisle_gutenberg_block_has_review":false,"footnotes":""},"class_list":["post-786","page","type-page","status-publish","hentry"],"_links":{"self":[{"href":"https:\/\/escoladigital.madeira.gov.pt\/ebspdffbranco\/wp-json\/wp\/v2\/pages\/786","targetHints":{"allow":["GET"]}}],"collection":[{"href":"https:\/\/escoladigital.madeira.gov.pt\/ebspdffbranco\/wp-json\/wp\/v2\/pages"}],"about":[{"href":"https:\/\/escoladigital.madeira.gov.pt\/ebspdffbranco\/wp-json\/wp\/v2\/types\/page"}],"author":[{"embeddable":true,"href":"https:\/\/escoladigital.madeira.gov.pt\/ebspdffbranco\/wp-json\/wp\/v2\/users\/28"}],"replies":[{"embeddable":true,"href":"https:\/\/escoladigital.madeira.gov.pt\/ebspdffbranco\/wp-json\/wp\/v2\/comments?post=786"}],"version-history":[{"count":13,"href":"https:\/\/escoladigital.madeira.gov.pt\/ebspdffbranco\/wp-json\/wp\/v2\/pages\/786\/revisions"}],"predecessor-version":[{"id":1501,"href":"https:\/\/escoladigital.madeira.gov.pt\/ebspdffbranco\/wp-json\/wp\/v2\/pages\/786\/revisions\/1501"}],"wp:attachment":[{"href":"https:\/\/escoladigital.madeira.gov.pt\/ebspdffbranco\/wp-json\/wp\/v2\/media?parent=786"}],"curies":[{"name":"wp","href":"https:\/\/api.w.org\/{rel}","templated":true}]}}