{"id":829,"date":"2024-09-03T11:26:44","date_gmt":"2024-09-03T11:26:44","guid":{"rendered":"https:\/\/escoladigital.madeira.gov.pt\/ebspdffbranco\/?page_id=829"},"modified":"2025-03-31T15:29:06","modified_gmt":"2025-03-31T15:29:06","slug":"capacitar-para-incluir","status":"publish","type":"page","link":"https:\/\/escoladigital.madeira.gov.pt\/ebspdffbranco\/capacitar-para-incluir\/","title":{"rendered":"Capacitar para Incluir"},"content":{"rendered":"\n<div class=\"wp-block-group alignfull has-base-background-color has-background is-nowrap is-layout-flex wp-container-core-group-is-layout-61d1a84d wp-block-group-is-layout-flex\" style=\"margin-top:0;margin-bottom:0;padding-top:var(--wp--preset--spacing--20);padding-right:var(--wp--preset--spacing--50);padding-bottom:var(--wp--preset--spacing--20);padding-left:var(--wp--preset--spacing--50)\">\n<div class=\"wp-block-columns alignwide is-layout-flex wp-container-core-columns-is-layout-28f84493 wp-block-columns-is-layout-flex\">\n<div class=\"wp-block-column is-layout-flow wp-block-column-is-layout-flow\" style=\"flex-basis:40%\">\n<p class=\"has-medium-font-size\"><strong>\u201cCapacitar para Incluir\u201d |Erasmus+ | A\u00e7\u00e3o Chave 1 KA122<\/strong><\/p>\n\n\n\n<p class=\"has-small-font-size\">O Erasmus+ \u00e9 o Programa europeu para a educa\u00e7\u00e3o, forma\u00e7\u00e3o, juventude e desporto para o per\u00edodo 2021 a 2027 e visa&nbsp;potenciar o desenvolvimento pessoal e profissional de todos os cidad\u00e3os, para o refor\u00e7o da identidade europeia, do&nbsp;crescimento sustent\u00e1vel, da coes\u00e3o social e da empregabilidade das pessoas. A A\u00e7\u00e3o Chave 1 assenta na mobilidade individual ou mobilidade de grupos para fins de aprendizagem.&nbsp;O projeto ERASMUS+ KA122, Ensino Escolar (SCH), com o t\u00edtulo \u201c&nbsp;Capacitar para Incluir \u201d, foi aprovado para o&nbsp;desenvolvimento das compet\u00eancias do pessoal educativo, o qual financia, para o ano de 2023\/2024, 15 mobilidades.<\/p>\n<\/div>\n\n\n\n<div class=\"wp-block-column is-layout-flow wp-block-column-is-layout-flow\" style=\"flex-basis:60%\">\n<figure class=\"wp-block-image aligncenter size-full\"><img fetchpriority=\"high\" decoding=\"async\" width=\"400\" height=\"180\" src=\"https:\/\/escoladigital.madeira.gov.pt\/ebspdffbranco\/wp-content\/uploads\/sites\/19\/2024\/09\/logo-capacitar.png\" alt=\"\" class=\"wp-image-831\" srcset=\"https:\/\/escoladigital.madeira.gov.pt\/ebspdffbranco\/wp-content\/uploads\/sites\/19\/2024\/09\/logo-capacitar.png 400w, https:\/\/escoladigital.madeira.gov.pt\/ebspdffbranco\/wp-content\/uploads\/sites\/19\/2024\/09\/logo-capacitar-300x135.png 300w\" sizes=\"(max-width: 400px) 100vw, 400px\" \/><\/figure>\n\n\n\n<p class=\"has-small-font-size\">A A\u00e7\u00e3o Chave 1 assenta na mobilidade individual ou mobilidade de grupos para fins de aprendizagem.<\/p>\n\n\n\n<p class=\"has-small-font-size\">O projeto ERASMUS+ KA122, Ensino Escolar (SCH), com o t\u00edtulo \u201cCapacitar para Incluir \u201d, foi aprovado para o desenvolvimento das compet\u00eancias do pessoal educativo, o qual financia, para o ano de 2023\/2024, 15 mobilidades.<\/p>\n<\/div>\n<\/div>\n<\/div>\n\n\n\n<div class=\"wp-block-group alignfull has-accent-background-color has-background is-vertical is-content-justification-center is-layout-flex wp-container-core-group-is-layout-76c381b7 wp-block-group-is-layout-flex\" style=\"margin-top:0;margin-bottom:0;padding-top:var(--wp--preset--spacing--20);padding-right:var(--wp--preset--spacing--50);padding-bottom:var(--wp--preset--spacing--20);padding-left:var(--wp--preset--spacing--50)\">\n<p class=\"has-text-align-center has-medium-font-size\"><\/p>\n\n\n\n<p class=\"has-accent-background-color has-background\">No \u00e2mbito do<strong> projeto Erasmus+, KA122,\u00a0<em>Capacitar\u00a0para Incluir,<\/em><\/strong><em>\u00a0<\/em>um grupo de alunas do<strong> 3\u00ba ciclo <\/strong>da nossa escola, acompanhadas pelas coordenadoras do projeto, professoras S\u00f3nia Cortes\u00e3o e Rosalina Gomes e pela professora Isabel Oliveira, <strong>deslocaram-se \u00e0 Eslov\u00e1quia, passando pela Pol\u00f3nia<\/strong>, entre os <strong>dia 14 e 21 de fevereiro<\/strong>, para participarem num programa de mobilidade de grupo e interc\u00e2mbio entre alunos deste pa\u00eds, de Malta e da Pol\u00f3nia.<br><br>Foi uma experi\u00eancia muito enriquecedora, que as alunas descreveram assim:\u00a0\u00a0\u00a0\u00a0<br><br>\u201c<em>Esta experi\u00eancia Erasmus+ na Eslov\u00e1quia foi incr\u00edvel! Viaj\u00e1mos do Porto Santo para Crac\u00f3via, explor\u00e1mos a cidade e visit\u00e1mos museus. Depois, seguimos para Namestovo.\u00a0Na Catholic Primary School St. Gorazd, conhecemos alunos da Eslov\u00e1quia, Malta e Pol\u00f3nia, fizemos atividades de grupo e workshops sobre sustentabilidade, inclus\u00e3o, compet\u00eancias sociais e emocionais, tudo enquanto pratic\u00e1vamos ingl\u00eas.\u00a0O conv\u00edvio com as fam\u00edlias de acolhimento foi especial e permitiu-nos conhecer melhor a cultura local. Tamb\u00e9m explor\u00e1mos Namestovo com os nossos novos amigos.\u00a0No dia 21 de fevereiro, volt\u00e1mos para casa super cansadas, mas cheias de boas mem\u00f3rias e novas amizades.\u201d<\/em><br><br>\u00a0Partilhamos aqui alguns desses momentos \u00fanicos e que ficar\u00e3o para sempre na mem\u00f3ria das participantes.\u00a0<\/p>\n\n\n\n<figure class=\"wp-block-gallery has-nested-images columns-default is-cropped wp-block-gallery-1 is-layout-flex wp-block-gallery-is-layout-flex\">\n<figure data-wp-context=\"{&quot;imageId&quot;:&quot;69eec8651e4b4&quot;}\" data-wp-interactive=\"core\/image\" data-wp-key=\"69eec8651e4b4\" class=\"wp-block-image is-resized wp-lightbox-container\"><img decoding=\"async\" data-wp-class--hide=\"state.isContentHidden\" data-wp-class--show=\"state.isContentVisible\" data-wp-init=\"callbacks.setButtonStyles\" data-wp-on--click=\"actions.showLightbox\" data-wp-on--load=\"callbacks.setButtonStyles\" data-wp-on-window--resize=\"callbacks.setButtonStyles\" src=\"https:\/\/attachments.office.net\/owa\/filipagabreu%40edu.madeira.gov.pt\/service.svc\/s\/GetAttachmentThumbnail?id=AAMkADMwMDNmMDQ3LWMzZGMtNDUyMy1hOTZkLTVlOTEzZDQwZDljMQBGAAAAAADN%2FVN9rQhYTIdIIy9QdMwcBwCJ4koZIeLNTao153lMAdI7AAAAAVXaAAABpkXhePQ2RarAb6%2F2wqMHAAsmgQEfAAABEgAQAKd1wdPbimtLtEkFfoKnA0U%3D&amp;thumbnailType=2&amp;token=eyJhbGciOiJSUzI1NiIsInR5cCI6IkpXVCIsImtpZCI6IlEzODJuZnFnVXlMMWFvZWM2RGlxK2ZNZUR5TT0iLCJ4NXQiOiJRMzgybmZxZ1V5TDFhb2VjNkRpcStmTWVEeU09Iiwibm9uY2UiOiItWlI0VFdwTUtzVFpZLTV3NmZwaXpJWGJGQ1JJUEF0YUFyLW5sR0lobWpPLWxnRWVQMS1OSmN3THhScl9tZVFaLS1RbmItNi1vMGtIeE9KY1ZIN1Mwdkh5SExkUkVsV1pEMW5wSGlWSmlnNHltVGtFa2JVajlMaG9VWjc5MDdJTFdtZEhWeFJSZzlaaE9Nc2dETGYxSUE1Tk1mUExZVWhvcG5iNW1yNWlhQXciLCJpc3Nsb2MiOiJQQTRQUjAxTUI3NTY1Iiwic3JzbiI6NjM4Nzg5MTc4NDcxNTM3NTc1fQ.eyJzYXAtdmVyc2lvbiI6IjMxIiwiYXBwaWQiOiJhZjNlYmJiYS1jMjNmLTQ5MmEtYWE5My04MzQyMTY5NmVjNGIiLCJpc3NyaW5nIjoiV1ciLCJhcHBpZGFjciI6IjIiLCJhcHBfZGlzcGxheW5hbWUiOiIiLCJ1dGkiOiIzMmY0N2YxYS05ZWQ4LTQyMjAtODFkNS1jMjY2M2Q3N2Y2ZTciLCJpYXQiOjE3NDM0MzQ3NzAsInZlciI6IlNUSS5Vc2VyLkNhbGxiYWNrVG9rZW4uVjEiLCJ0aWQiOiI0ZGQ4MDU2ZTQyYzQ0ZTY2OTRkMTJjMmQxM2NmODAwOSIsInRydXN0ZWRmb3JkZWxlZ2F0aW9uIjoiZmFsc2UiLCJ0b3BvbG9neSI6IntcIlR5cGVcIjpcIk1hY2hpbmVcIixcIlZhbHVlXCI6XCJQQTRQUjAxTUI3NTY1LmV1cnByZDAxLnByb2QuZXhjaGFuZ2VsYWJzLmNvbVwifSIsInJlcXVlc3Rvcl9hcHBpZCI6IjE1N2NkZmJmLTczOTgtNGE1Ni05NmMzLWU5M2U5YWIzMDliNSIsInJlcXVlc3Rvcl9hcHBfZGlzcGxheW5hbWUiOiJPZmZpY2UgMzY1IEV4Y2hhbmdlIE1pY3Jvc2VydmljZSIsInNjcCI6Ik93YUF0dGFjaG1lbnRzLlJlYWQiLCJvaWQiOiIyOTI1YjFiMy05NzY4LTQxN2QtOGRhZS04MTU2MTA2NTIxMTQiLCJwdWlkIjoiMTAwMzNGRkY4MDcxREVBMyIsInNtdHAiOiJmaWxpcGFnYWJyZXVAZWR1Lm1hZGVpcmEuZ292LnB0IiwidXBuIjoiZmlsaXBhZ2FicmV1QGVkdS5tYWRlaXJhLmdvdi5wdCIsInVzZXJjYWxsYmFja3VzZXJjb250ZXh0aWQiOiI2NWUyNmM1NjJlMjE0MmYzYTZjYWJkMDZhMDkxNzU4MyIsInNpZ25pbl9zdGF0ZSI6Imttc2kiLCJlcGsiOiJ7XCJrdHlcIjpcIlJTQVwiLFwiblwiOlwidEJUUndoeGVibzJ6dElRMVRyZTVIR2lnbHh4RmRrc2xOWi1WT1o0clR3Zk43ZWZoWEljQmNvNHRrMHlMMm9iN19NbmVobWpKak12RkFlWnE4dW43Uko3S2tBRlF3LXR3Mk5GZkdpMEtBSG9nQm94dHZ4QWpYdEtFQVBHNzNyOHlDWkZoekdvRGxEWWcycWVYMGdlV25lWXhULVBSbjVjNEpINUJVcXhmRnktNURxMjJWcU0tc3VRMFl0T3N0YWkyaFh4bkk3aDdxUjVKWnVhNXo0M19LQUFTZGZnVzBSb2gtTm1qd2tLaDNJRDZ3UUZseHpSblUwVXFjMFFxaFpUWm5qbkdFblB3Nkh5YXJSM3hzZjRjRU9ydlhIRGF3OU5iX1hjRVZQcEIySUR2YktTd1EzWll5cEt2QURYempkZHNJb0E3YkhXWkNBRWkwbWtZbEFpcGVRXCIsXCJlXCI6XCJBUUFCXCIsXCJhbGdcIjpcIlJTMjU2XCIsXCJleHBcIjpcIjE3NDM1MjQ1OTNcIixcImV4cF9kaWZmXCI6XCI4NjQwMFwiLFwia2lkXCI6XCI0ODJ3VXpEc1FhRjRGSWFORkNrSWtzbzByQTBcIn0uUnVFUytMU1Y5ajlLVEtjRHRkTG9zUHhPUDJpeCtmd2w5VzJ4WlhlOXVNZWNRcmpSRk52eWJnZnowaGszU2YvQ3RxYVVneVlwYnhqdEdVK05nMjhBVXBDeU1vNnZoLzVPdVBOZ2hFV0pkak84ZytoN0hBUzFkRGJZdjhsSDZ3dzZ6Rnc2Ly8xOEpJUHpvMC9STm9td2p4Q2RkTityQWlSU3FTbEZ5aFc1MEZVeTFGd3FrWmZwblZpdHhwUzl6S09sMXRUaS9pcDZHNU8zZ1h0VzdiRTUyMjJUdndRZjNXdWdBa09WVStZYUI4ZnBRU292Z3gxWjBJbVQ3aHBVV0gyY2pxbk1rUExhM0N1cDVTL3BsN1g5NnNEMUF6NXFzUVBFV2VMTWYrNHlYTitIeFh4M01hV0tRSUhocGprRnkyMlFrajI1RTQ3aHlzSzhOR08ya2trckhRPT0iLCJuYmYiOjE3NDM0MzQ3NzAsImV4cCI6MTc0MzQzNTA3MCwiaXNzIjoiaHR0cHM6Ly9zdWJzdHJhdGUub2ZmaWNlLmNvbS9zdHMvIiwiYXVkIjoiaHR0cHM6Ly9vdXRsb29rLm9mZmljZS5jb20iLCJzc2VjIjoiRTc0MGFod1grc2ZXT2lrcCJ9.SntBT1mHxDaKLzbpCuKQMgB8s1t6Biye-KEQPfbCAm9HUhkQq9bOrWymSrACoKiujWaKX6WC6vV5RqCsEYaHWwMMvUCVJdnzdGiD6vxv-QAA18kECgHNkApMOT5qMjv14o6OW2cIQVv3ynYi-TkoXBVXVuNitl_fEQvbkDDxX4-EtY9RN62kzVp-Z0KHmKLA4k2UAxs1Fb3XQYJWhq52VvXD0mSI2XbN9LzSVjYxdzOAXHtFeXyUT4w4GIhyxmSzGvcXVD0-hhs513rUJEXWJ3KF6BSt1Utx17jGRPvT20dyGoBBFwt1kkIvU1e9WixdZ2ZNT_Ux0oBQNPT0JoelnA&amp;X-OWA-CANARY=wTQ4TRtX1E0AAAAAAAAAALAab2VocN0Yxm-gFhirhercAsStULpqte0W7VPYk-eB0VGxKPSTUsw.&amp;owa=outlook.office.com&amp;scriptVer=20250320055.21&amp;clientId=A58DDB636D0247D59A61FC2E256F7F36&amp;animation=true\" alt=\"Pr\u00e9-visualiza\u00e7\u00e3o da imagem\" style=\"width:336px;height:auto\" \/><button\n\t\t\tclass=\"lightbox-trigger\"\n\t\t\ttype=\"button\"\n\t\t\taria-haspopup=\"dialog\"\n\t\t\taria-label=\"Ampliar\"\n\t\t\tdata-wp-init=\"callbacks.initTriggerButton\"\n\t\t\tdata-wp-on--click=\"actions.showLightbox\"\n\t\t\tdata-wp-style--right=\"state.imageButtonRight\"\n\t\t\tdata-wp-style--top=\"state.imageButtonTop\"\n\t\t>\n\t\t\t<svg xmlns=\"http:\/\/www.w3.org\/2000\/svg\" width=\"12\" height=\"12\" fill=\"none\" viewBox=\"0 0 12 12\">\n\t\t\t\t<path fill=\"#fff\" d=\"M2 0a2 2 0 0 0-2 2v2h1.5V2a.5.5 0 0 1 .5-.5h2V0H2Zm2 10.5H2a.5.5 0 0 1-.5-.5V8H0v2a2 2 0 0 0 2 2h2v-1.5ZM8 12v-1.5h2a.5.5 0 0 0 .5-.5V8H12v2a2 2 0 0 1-2 2H8Zm2-12a2 2 0 0 1 2 2v2h-1.5V2a.5.5 0 0 0-.5-.5H8V0h2Z\" \/>\n\t\t\t<\/svg>\n\t\t<\/button><\/figure>\n\n\n\n<figure data-wp-context=\"{&quot;imageId&quot;:&quot;69eec8651e9e7&quot;}\" data-wp-interactive=\"core\/image\" data-wp-key=\"69eec8651e9e7\" class=\"wp-block-image size-large is-resized wp-lightbox-container\"><img decoding=\"async\" width=\"640\" height=\"452\" data-wp-class--hide=\"state.isContentHidden\" data-wp-class--show=\"state.isContentVisible\" data-wp-init=\"callbacks.setButtonStyles\" data-wp-on--click=\"actions.showLightbox\" data-wp-on--load=\"callbacks.setButtonStyles\" data-wp-on-window--resize=\"callbacks.setButtonStyles\" data-id=\"3343\" src=\"https:\/\/escoladigital.madeira.gov.pt\/ebspdffbranco\/wp-content\/uploads\/sites\/19\/2025\/03\/4ec9231d-0efc-4b64-9047-ef104e3c8584.jpg\" alt=\"\" class=\"wp-image-3343\" style=\"width:334px;height:auto\" srcset=\"https:\/\/escoladigital.madeira.gov.pt\/ebspdffbranco\/wp-content\/uploads\/sites\/19\/2025\/03\/4ec9231d-0efc-4b64-9047-ef104e3c8584.jpg 640w, https:\/\/escoladigital.madeira.gov.pt\/ebspdffbranco\/wp-content\/uploads\/sites\/19\/2025\/03\/4ec9231d-0efc-4b64-9047-ef104e3c8584-300x212.jpg 300w\" sizes=\"(max-width: 640px) 100vw, 640px\" \/><button\n\t\t\tclass=\"lightbox-trigger\"\n\t\t\ttype=\"button\"\n\t\t\taria-haspopup=\"dialog\"\n\t\t\taria-label=\"Ampliar\"\n\t\t\tdata-wp-init=\"callbacks.initTriggerButton\"\n\t\t\tdata-wp-on--click=\"actions.showLightbox\"\n\t\t\tdata-wp-style--right=\"state.imageButtonRight\"\n\t\t\tdata-wp-style--top=\"state.imageButtonTop\"\n\t\t>\n\t\t\t<svg xmlns=\"http:\/\/www.w3.org\/2000\/svg\" width=\"12\" height=\"12\" fill=\"none\" viewBox=\"0 0 12 12\">\n\t\t\t\t<path fill=\"#fff\" d=\"M2 0a2 2 0 0 0-2 2v2h1.5V2a.5.5 0 0 1 .5-.5h2V0H2Zm2 10.5H2a.5.5 0 0 1-.5-.5V8H0v2a2 2 0 0 0 2 2h2v-1.5ZM8 12v-1.5h2a.5.5 0 0 0 .5-.5V8H12v2a2 2 0 0 1-2 2H8Zm2-12a2 2 0 0 1 2 2v2h-1.5V2a.5.5 0 0 0-.5-.5H8V0h2Z\" \/>\n\t\t\t<\/svg>\n\t\t<\/button><\/figure>\n\n\n\n<figure data-wp-context=\"{&quot;imageId&quot;:&quot;69eec8651ec41&quot;}\" data-wp-interactive=\"core\/image\" data-wp-key=\"69eec8651ec41\" class=\"wp-block-image is-resized wp-lightbox-container\"><img decoding=\"async\" data-wp-class--hide=\"state.isContentHidden\" data-wp-class--show=\"state.isContentVisible\" data-wp-init=\"callbacks.setButtonStyles\" data-wp-on--click=\"actions.showLightbox\" data-wp-on--load=\"callbacks.setButtonStyles\" data-wp-on-window--resize=\"callbacks.setButtonStyles\" src=\"https:\/\/attachments.office.net\/owa\/filipagabreu%40edu.madeira.gov.pt\/service.svc\/s\/GetAttachmentThumbnail?id=AAMkADMwMDNmMDQ3LWMzZGMtNDUyMy1hOTZkLTVlOTEzZDQwZDljMQBGAAAAAADN%2FVN9rQhYTIdIIy9QdMwcBwCJ4koZIeLNTao153lMAdI7AAAAAVXaAAABpkXhePQ2RarAb6%2F2wqMHAAsmgQEfAAABEgAQAF%2FcPE%2BPsstMg9kzDPcAfa8%3D&amp;thumbnailType=2&amp;token=eyJhbGciOiJSUzI1NiIsInR5cCI6IkpXVCIsImtpZCI6IlEzODJuZnFnVXlMMWFvZWM2RGlxK2ZNZUR5TT0iLCJ4NXQiOiJRMzgybmZxZ1V5TDFhb2VjNkRpcStmTWVEeU09Iiwibm9uY2UiOiItWlI0VFdwTUtzVFpZLTV3NmZwaXpJWGJGQ1JJUEF0YUFyLW5sR0lobWpPLWxnRWVQMS1OSmN3THhScl9tZVFaLS1RbmItNi1vMGtIeE9KY1ZIN1Mwdkh5SExkUkVsV1pEMW5wSGlWSmlnNHltVGtFa2JVajlMaG9VWjc5MDdJTFdtZEhWeFJSZzlaaE9Nc2dETGYxSUE1Tk1mUExZVWhvcG5iNW1yNWlhQXciLCJpc3Nsb2MiOiJQQTRQUjAxTUI3NTY1Iiwic3JzbiI6NjM4Nzg5MTc4NDcxNTM3NTc1fQ.eyJzYXAtdmVyc2lvbiI6IjMxIiwiYXBwaWQiOiJhZjNlYmJiYS1jMjNmLTQ5MmEtYWE5My04MzQyMTY5NmVjNGIiLCJpc3NyaW5nIjoiV1ciLCJhcHBpZGFjciI6IjIiLCJhcHBfZGlzcGxheW5hbWUiOiIiLCJ1dGkiOiIzMmY0N2YxYS05ZWQ4LTQyMjAtODFkNS1jMjY2M2Q3N2Y2ZTciLCJpYXQiOjE3NDM0MzQ3NzAsInZlciI6IlNUSS5Vc2VyLkNhbGxiYWNrVG9rZW4uVjEiLCJ0aWQiOiI0ZGQ4MDU2ZTQyYzQ0ZTY2OTRkMTJjMmQxM2NmODAwOSIsInRydXN0ZWRmb3JkZWxlZ2F0aW9uIjoiZmFsc2UiLCJ0b3BvbG9neSI6IntcIlR5cGVcIjpcIk1hY2hpbmVcIixcIlZhbHVlXCI6XCJQQTRQUjAxTUI3NTY1LmV1cnByZDAxLnByb2QuZXhjaGFuZ2VsYWJzLmNvbVwifSIsInJlcXVlc3Rvcl9hcHBpZCI6IjE1N2NkZmJmLTczOTgtNGE1Ni05NmMzLWU5M2U5YWIzMDliNSIsInJlcXVlc3Rvcl9hcHBfZGlzcGxheW5hbWUiOiJPZmZpY2UgMzY1IEV4Y2hhbmdlIE1pY3Jvc2VydmljZSIsInNjcCI6Ik93YUF0dGFjaG1lbnRzLlJlYWQiLCJvaWQiOiIyOTI1YjFiMy05NzY4LTQxN2QtOGRhZS04MTU2MTA2NTIxMTQiLCJwdWlkIjoiMTAwMzNGRkY4MDcxREVBMyIsInNtdHAiOiJmaWxpcGFnYWJyZXVAZWR1Lm1hZGVpcmEuZ292LnB0IiwidXBuIjoiZmlsaXBhZ2FicmV1QGVkdS5tYWRlaXJhLmdvdi5wdCIsInVzZXJjYWxsYmFja3VzZXJjb250ZXh0aWQiOiI2NWUyNmM1NjJlMjE0MmYzYTZjYWJkMDZhMDkxNzU4MyIsInNpZ25pbl9zdGF0ZSI6Imttc2kiLCJlcGsiOiJ7XCJrdHlcIjpcIlJTQVwiLFwiblwiOlwidEJUUndoeGVibzJ6dElRMVRyZTVIR2lnbHh4RmRrc2xOWi1WT1o0clR3Zk43ZWZoWEljQmNvNHRrMHlMMm9iN19NbmVobWpKak12RkFlWnE4dW43Uko3S2tBRlF3LXR3Mk5GZkdpMEtBSG9nQm94dHZ4QWpYdEtFQVBHNzNyOHlDWkZoekdvRGxEWWcycWVYMGdlV25lWXhULVBSbjVjNEpINUJVcXhmRnktNURxMjJWcU0tc3VRMFl0T3N0YWkyaFh4bkk3aDdxUjVKWnVhNXo0M19LQUFTZGZnVzBSb2gtTm1qd2tLaDNJRDZ3UUZseHpSblUwVXFjMFFxaFpUWm5qbkdFblB3Nkh5YXJSM3hzZjRjRU9ydlhIRGF3OU5iX1hjRVZQcEIySUR2YktTd1EzWll5cEt2QURYempkZHNJb0E3YkhXWkNBRWkwbWtZbEFpcGVRXCIsXCJlXCI6XCJBUUFCXCIsXCJhbGdcIjpcIlJTMjU2XCIsXCJleHBcIjpcIjE3NDM1MjQ1OTNcIixcImV4cF9kaWZmXCI6XCI4NjQwMFwiLFwia2lkXCI6XCI0ODJ3VXpEc1FhRjRGSWFORkNrSWtzbzByQTBcIn0uUnVFUytMU1Y5ajlLVEtjRHRkTG9zUHhPUDJpeCtmd2w5VzJ4WlhlOXVNZWNRcmpSRk52eWJnZnowaGszU2YvQ3RxYVVneVlwYnhqdEdVK05nMjhBVXBDeU1vNnZoLzVPdVBOZ2hFV0pkak84ZytoN0hBUzFkRGJZdjhsSDZ3dzZ6Rnc2Ly8xOEpJUHpvMC9STm9td2p4Q2RkTityQWlSU3FTbEZ5aFc1MEZVeTFGd3FrWmZwblZpdHhwUzl6S09sMXRUaS9pcDZHNU8zZ1h0VzdiRTUyMjJUdndRZjNXdWdBa09WVStZYUI4ZnBRU292Z3gxWjBJbVQ3aHBVV0gyY2pxbk1rUExhM0N1cDVTL3BsN1g5NnNEMUF6NXFzUVBFV2VMTWYrNHlYTitIeFh4M01hV0tRSUhocGprRnkyMlFrajI1RTQ3aHlzSzhOR08ya2trckhRPT0iLCJuYmYiOjE3NDM0MzQ3NzAsImV4cCI6MTc0MzQzNTA3MCwiaXNzIjoiaHR0cHM6Ly9zdWJzdHJhdGUub2ZmaWNlLmNvbS9zdHMvIiwiYXVkIjoiaHR0cHM6Ly9vdXRsb29rLm9mZmljZS5jb20iLCJzc2VjIjoiRTc0MGFod1grc2ZXT2lrcCJ9.SntBT1mHxDaKLzbpCuKQMgB8s1t6Biye-KEQPfbCAm9HUhkQq9bOrWymSrACoKiujWaKX6WC6vV5RqCsEYaHWwMMvUCVJdnzdGiD6vxv-QAA18kECgHNkApMOT5qMjv14o6OW2cIQVv3ynYi-TkoXBVXVuNitl_fEQvbkDDxX4-EtY9RN62kzVp-Z0KHmKLA4k2UAxs1Fb3XQYJWhq52VvXD0mSI2XbN9LzSVjYxdzOAXHtFeXyUT4w4GIhyxmSzGvcXVD0-hhs513rUJEXWJ3KF6BSt1Utx17jGRPvT20dyGoBBFwt1kkIvU1e9WixdZ2ZNT_Ux0oBQNPT0JoelnA&amp;X-OWA-CANARY=wTQ4TRtX1E0AAAAAAAAAABCAZV1ocN0YozVbnwtXXW74bREBiZ83XwDUVIJrDl6KYuewA_qi_RM.&amp;owa=outlook.office.com&amp;scriptVer=20250320055.21&amp;clientId=A58DDB636D0247D59A61FC2E256F7F36&amp;animation=true\" alt=\"Pr\u00e9-visualiza\u00e7\u00e3o da imagem\" style=\"width:318px;height:auto\" \/><button\n\t\t\tclass=\"lightbox-trigger\"\n\t\t\ttype=\"button\"\n\t\t\taria-haspopup=\"dialog\"\n\t\t\taria-label=\"Ampliar\"\n\t\t\tdata-wp-init=\"callbacks.initTriggerButton\"\n\t\t\tdata-wp-on--click=\"actions.showLightbox\"\n\t\t\tdata-wp-style--right=\"state.imageButtonRight\"\n\t\t\tdata-wp-style--top=\"state.imageButtonTop\"\n\t\t>\n\t\t\t<svg xmlns=\"http:\/\/www.w3.org\/2000\/svg\" width=\"12\" height=\"12\" fill=\"none\" viewBox=\"0 0 12 12\">\n\t\t\t\t<path fill=\"#fff\" d=\"M2 0a2 2 0 0 0-2 2v2h1.5V2a.5.5 0 0 1 .5-.5h2V0H2Zm2 10.5H2a.5.5 0 0 1-.5-.5V8H0v2a2 2 0 0 0 2 2h2v-1.5ZM8 12v-1.5h2a.5.5 0 0 0 .5-.5V8H12v2a2 2 0 0 1-2 2H8Zm2-12a2 2 0 0 1 2 2v2h-1.5V2a.5.5 0 0 0-.5-.5H8V0h2Z\" \/>\n\t\t\t<\/svg>\n\t\t<\/button><\/figure>\n<\/figure>\n<\/div>\n\n\n\n<div class=\"wp-block-group alignfull has-background is-vertical is-content-justification-center is-layout-flex wp-container-core-group-is-layout-76c381b7 wp-block-group-is-layout-flex\" style=\"background-color:#f0fbe8;margin-top:0;margin-bottom:0;padding-top:var(--wp--preset--spacing--20);padding-right:var(--wp--preset--spacing--50);padding-bottom:var(--wp--preset--spacing--20);padding-left:var(--wp--preset--spacing--50)\">\n<p class=\"has-text-align-center has-medium-font-size\"><\/p>\n\n\n\n<p>No \u00e2mbito do <strong>projeto Erasmus+ &#8220;Capacitar para Incluir&#8221;<\/strong>, <strong>entre os dias 20 e 27 de outubro <\/strong>do corrente ano, alguns alunos do terceiro ciclo do ensino b\u00e1sico da nossa escola, acompanhados pelas coordenadoras do Projeto, Rosalina Gomes e S\u00f3nia Cortes\u00e3o, realizaram uma <strong>desloca\u00e7\u00e3o a Rabat, Malta.<\/strong> Durante esta viagem, tiveram a oportunidade de participar num programa de mobilidade de grupo e interc\u00e2mbio com as escolas parceiras The Archbishop\u2019s Seminary, Secondary School, Matla; Catholic primary school st. Gorazd, Slovakia e Gymn\u00e1zium Pavla Jozefa \u0160af\u00e1rika- Pavol Jozef \u0160af\u00e1rik Gimn\u00e1zium Ro\u017e\u0148ava, Slovakia.<\/p>\n\n\n\n<p>Com esta experi\u00eancia, os participantes puderam aprimorar a sua profici\u00eancia em l\u00ednguas estrangeiras, especialmente em ingl\u00eas; envolver-se mais com o conceito de ser um cidad\u00e3o ativo na Uni\u00e3o Europeia; desenvolver interesse e respeito pela cultura e tradi\u00e7\u00f5es de outros pa\u00edses; promover e ensinar a cidadania ativa juntamente com a sustentabilidade e promover a inclus\u00e3o.<\/p>\n\n\n\n<p>Aqui fica um pequeno v\u00eddeo realizado pelos alunos que participaram na mobilidade, com alguns registos desta experi\u00eancia \u00fanica e fant\u00e1stica que ficar\u00e1 para sempre na mem\u00f3ria dos participantes.<\/p>\n\n\n\n<figure class=\"wp-block-video\"><video height=\"480\" style=\"aspect-ratio: 848 \/ 480;\" width=\"848\" controls src=\"https:\/\/escoladigital.madeira.gov.pt\/ebspdffbranco\/wp-content\/uploads\/sites\/19\/2024\/11\/Video-Malta-Erasmus-Out-2024.mp4\"><\/video><\/figure>\n<\/div>\n\n\n\n<div class=\"wp-block-group alignfull has-base-background-color has-background is-nowrap is-layout-flex wp-container-core-group-is-layout-560e8266 wp-block-group-is-layout-flex\" style=\"margin-top:0;margin-bottom:0;padding-top:var(--wp--preset--spacing--50);padding-right:var(--wp--preset--spacing--50);padding-bottom:var(--wp--preset--spacing--50);padding-left:var(--wp--preset--spacing--50)\">\n<div class=\"wp-block-columns alignwide is-layout-flex wp-container-core-columns-is-layout-549b0c86 wp-block-columns-is-layout-flex\">\n<div class=\"wp-block-column has-medium-font-size is-layout-flow wp-container-core-column-is-layout-119bc444 wp-block-column-is-layout-flow\" style=\"flex-basis:60%\">\n<div class=\"wp-block-columns is-layout-flex wp-container-core-columns-is-layout-87beb0d0 wp-block-columns-is-layout-flex\">\n<div class=\"wp-block-column is-layout-flow wp-block-column-is-layout-flow\">\n<p>No \u00e2mbito do&nbsp;<strong>projeto ERASMUS+ KA122, Ensino Escolar (SCH) &#8211; \u201cCapacitar para Incluir\u201d,<\/strong>&nbsp;coordenado pelas docentes S\u00f3nia Cortes\u00e3o e Rosalina Gomes, os professores Andr\u00e9 Silva, Armando Neves, Ramiro Correia, Roberto Nascimento e o t\u00e9cnico administrativo \u00c9lvio Ornelas participaram na&nbsp;<strong>Atividade Formativa \u201cEnglish Course for Beginners with the Callan Method\u201d, na Europass Teacher Academy, que se realizou em Split, Cro\u00e1cia, entre os dias 29 de abril e 3 de maio de 2024<\/strong>.<br>Al\u00e9m da aprendizagem nos dom\u00ednios da oralidade e da escrita, destaca-se o conv\u00edvio enriquecedor com colegas de outras nacionalidades, bem como as visitas a locais de relevante interesse cultural. Esta foi, tamb\u00e9m, uma oportunidade para promover as atividades e boas pr\u00e1ticas da doc\u00eancia na nossa escola e, como n\u00e3o podia deixar de ser, para a promo\u00e7\u00e3o da Ilha Dourada \u2013 locais de interesse, atividades culturais, gastronomia, praia.<\/p>\n\n\n\n<figure class=\"wp-block-image aligncenter size-full is-resized\"><img decoding=\"async\" width=\"865\" height=\"1080\" src=\"https:\/\/escoladigital.madeira.gov.pt\/ebspdffbranco\/wp-content\/uploads\/sites\/19\/2024\/09\/croacia2.jpg\" alt=\"\" class=\"wp-image-839\" style=\"width:316px;height:auto\" srcset=\"https:\/\/escoladigital.madeira.gov.pt\/ebspdffbranco\/wp-content\/uploads\/sites\/19\/2024\/09\/croacia2.jpg 865w, https:\/\/escoladigital.madeira.gov.pt\/ebspdffbranco\/wp-content\/uploads\/sites\/19\/2024\/09\/croacia2-240x300.jpg 240w, https:\/\/escoladigital.madeira.gov.pt\/ebspdffbranco\/wp-content\/uploads\/sites\/19\/2024\/09\/croacia2-820x1024.jpg 820w, https:\/\/escoladigital.madeira.gov.pt\/ebspdffbranco\/wp-content\/uploads\/sites\/19\/2024\/09\/croacia2-768x959.jpg 768w\" sizes=\"(max-width: 865px) 100vw, 865px\" \/><\/figure>\n\n\n\n<p><br>A finalizar, o grupo agradece a oportunidade que lhe foi dada de participar neste projeto que \u00e9, sem d\u00favida, uma mais-valia para o seu crescimento pessoal e profissional.<\/p>\n<\/div>\n<\/div>\n<\/div>\n\n\n\n<div class=\"wp-block-column has-global-padding is-content-justification-left is-layout-constrained wp-container-core-column-is-layout-4f15e8fe wp-block-column-is-layout-constrained\" style=\"flex-basis:40%\">\n<figure class=\"wp-block-image size-medium\"><img loading=\"lazy\" decoding=\"async\" width=\"240\" height=\"300\" src=\"https:\/\/escoladigital.madeira.gov.pt\/ebspdffbranco\/wp-content\/uploads\/sites\/19\/2024\/09\/croacia1-240x300.jpg\" alt=\"\" class=\"wp-image-835\" srcset=\"https:\/\/escoladigital.madeira.gov.pt\/ebspdffbranco\/wp-content\/uploads\/sites\/19\/2024\/09\/croacia1-240x300.jpg 240w, https:\/\/escoladigital.madeira.gov.pt\/ebspdffbranco\/wp-content\/uploads\/sites\/19\/2024\/09\/croacia1.jpg 649w\" sizes=\"(max-width: 240px) 100vw, 240px\" \/><\/figure>\n\n\n\n<figure class=\"wp-block-image size-medium is-resized\"><img loading=\"lazy\" decoding=\"async\" width=\"240\" height=\"300\" src=\"https:\/\/escoladigital.madeira.gov.pt\/ebspdffbranco\/wp-content\/uploads\/sites\/19\/2024\/09\/croacia3-240x300.jpg\" alt=\"\" class=\"wp-image-837\" style=\"width:239px;height:auto\" srcset=\"https:\/\/escoladigital.madeira.gov.pt\/ebspdffbranco\/wp-content\/uploads\/sites\/19\/2024\/09\/croacia3-240x300.jpg 240w, https:\/\/escoladigital.madeira.gov.pt\/ebspdffbranco\/wp-content\/uploads\/sites\/19\/2024\/09\/croacia3-820x1024.jpg 820w, https:\/\/escoladigital.madeira.gov.pt\/ebspdffbranco\/wp-content\/uploads\/sites\/19\/2024\/09\/croacia3-768x959.jpg 768w, https:\/\/escoladigital.madeira.gov.pt\/ebspdffbranco\/wp-content\/uploads\/sites\/19\/2024\/09\/croacia3.jpg 865w\" sizes=\"(max-width: 240px) 100vw, 240px\" \/><\/figure>\n\n\n\n<figure class=\"wp-block-gallery has-nested-images columns-default is-cropped wp-block-gallery-2 is-layout-flex wp-block-gallery-is-layout-flex\"><\/figure>\n<\/div>\n<\/div>\n<\/div>\n\n\n\n<div class=\"wp-block-cover alignfull is-light has-parallax has-small-font-size has-aspect-ratio\" style=\"padding-top:var(--wp--preset--spacing--30);padding-right:var(--wp--preset--spacing--50);padding-bottom:var(--wp--preset--spacing--30);padding-left:var(--wp--preset--spacing--50);aspect-ratio:auto;min-height:unset;\"><span aria-hidden=\"true\" class=\"wp-block-cover__background has-base-background-color has-background-dim-60 has-background-dim\"><\/span><div class=\"wp-block-cover__image-background wp-image-841 has-parallax\" style=\"background-position:50% 50%;background-image:url(https:\/\/escoladigital.madeira.gov.pt\/ebspdffbranco\/wp-content\/uploads\/sites\/19\/2024\/09\/logo-capacitar-1.png)\"><\/div><div class=\"wp-block-cover__inner-container has-global-padding is-layout-constrained wp-container-core-cover-is-layout-c354c7ca wp-block-cover-is-layout-constrained\">\n<div style=\"height:500px\" aria-hidden=\"true\" class=\"wp-block-spacer\"><\/div>\n<\/div><\/div>\n\n\n\n<div class=\"wp-block-group alignfull has-base-2-background-color has-background has-global-padding is-layout-constrained wp-container-core-group-is-layout-218c8f3f wp-block-group-is-layout-constrained\" style=\"margin-top:0;margin-bottom:0;padding-top:var(--wp--preset--spacing--30);padding-right:var(--wp--preset--spacing--60);padding-bottom:var(--wp--preset--spacing--30);padding-left:var(--wp--preset--spacing--60)\">\n<div class=\"wp-block-group alignwide is-layout-flow wp-block-group-is-layout-flow\">\n<p class=\"has-small-font-size\">No \u00e2mbito do projeto&nbsp;<strong>ERASMUS+ KA122, Ensino Escolar (SCH) &#8211; \u201cCapacitar para Incluir\u201d,<\/strong>&nbsp;coordenado pelas docentes S\u00f3nia Cortes\u00e3o e Rosalina Gomes, as professoras C\u00e1tia Ornelas, Dulce Agostinho, Isabel Gl\u00f3ria Freitas e Maria Filomena Oliveira participaram na&nbsp;<strong>Atividade Formativa \u201cEnglish Language Course for Beginners\u201d, na Europass Teacher Academy, que se realizou em Floren\u00e7a, It\u00e1lia, entre os dias 22 e 27 de abril de 2024.<\/strong>&nbsp;Al\u00e9m da aprendizagem nos dom\u00ednios da oralidade e da escrita, destaque para o conv\u00edvio enriquecedor com colegas de outras nacionalidades, bem como para as visitas a locais de relevante interesse cultural. Esta foi, tamb\u00e9m, uma oportunidade para promover as atividades e boas pr\u00e1ticas da doc\u00eancia na nossa escola e, como n\u00e3o podia deixar de ser, para a promo\u00e7\u00e3o da Ilha Dourada \u2013 locais de interesse, atividades culturais, gastronomia, praia. A finalizar, as docentes agradecem a oportunidade que lhes foi dada de participarem neste projeto que \u00e9, sem d\u00favida, uma mais-valia para o seu crescimento profissional.<\/p>\n<\/div>\n\n\n\n<figure class=\"wp-block-image aligncenter size-full is-resized\"><img loading=\"lazy\" decoding=\"async\" width=\"1080\" height=\"1081\" src=\"https:\/\/escoladigital.madeira.gov.pt\/ebspdffbranco\/wp-content\/uploads\/sites\/19\/2024\/09\/florence2.jpg\" alt=\"\" class=\"wp-image-844\" style=\"width:382px;height:auto\" srcset=\"https:\/\/escoladigital.madeira.gov.pt\/ebspdffbranco\/wp-content\/uploads\/sites\/19\/2024\/09\/florence2.jpg 1080w, https:\/\/escoladigital.madeira.gov.pt\/ebspdffbranco\/wp-content\/uploads\/sites\/19\/2024\/09\/florence2-300x300.jpg 300w, https:\/\/escoladigital.madeira.gov.pt\/ebspdffbranco\/wp-content\/uploads\/sites\/19\/2024\/09\/florence2-1024x1024.jpg 1024w, https:\/\/escoladigital.madeira.gov.pt\/ebspdffbranco\/wp-content\/uploads\/sites\/19\/2024\/09\/florence2-150x150.jpg 150w, https:\/\/escoladigital.madeira.gov.pt\/ebspdffbranco\/wp-content\/uploads\/sites\/19\/2024\/09\/florence2-768x769.jpg 768w\" sizes=\"(max-width: 1080px) 100vw, 1080px\" \/><\/figure>\n\n\n\n<figure class=\"wp-block-image aligncenter size-full is-resized\"><img loading=\"lazy\" decoding=\"async\" width=\"1440\" height=\"1440\" src=\"https:\/\/escoladigital.madeira.gov.pt\/ebspdffbranco\/wp-content\/uploads\/sites\/19\/2024\/09\/florence1-1.jpg\" alt=\"\" class=\"wp-image-845\" style=\"width:394px;height:auto\" srcset=\"https:\/\/escoladigital.madeira.gov.pt\/ebspdffbranco\/wp-content\/uploads\/sites\/19\/2024\/09\/florence1-1.jpg 1440w, https:\/\/escoladigital.madeira.gov.pt\/ebspdffbranco\/wp-content\/uploads\/sites\/19\/2024\/09\/florence1-1-300x300.jpg 300w, https:\/\/escoladigital.madeira.gov.pt\/ebspdffbranco\/wp-content\/uploads\/sites\/19\/2024\/09\/florence1-1-1024x1024.jpg 1024w, https:\/\/escoladigital.madeira.gov.pt\/ebspdffbranco\/wp-content\/uploads\/sites\/19\/2024\/09\/florence1-1-150x150.jpg 150w, https:\/\/escoladigital.madeira.gov.pt\/ebspdffbranco\/wp-content\/uploads\/sites\/19\/2024\/09\/florence1-1-768x768.jpg 768w\" sizes=\"(max-width: 1440px) 100vw, 1440px\" \/><\/figure>\n<\/div>\n\n\n\n<div class=\"wp-block-group alignfull has-base-2-color has-text-color has-background has-link-color wp-elements-dfb224113d92ff13258db6702c189772 is-vertical is-layout-flex wp-container-core-group-is-layout-a18721be wp-block-group-is-layout-flex\" style=\"background-color:#e9f4e5;margin-top:0;margin-bottom:0;padding-top:var(--wp--preset--spacing--40);padding-right:var(--wp--preset--spacing--50);padding-bottom:var(--wp--preset--spacing--40);padding-left:var(--wp--preset--spacing--50)\">\n<div class=\"wp-block-columns alignwide is-layout-flex wp-container-core-columns-is-layout-d1c656ed wp-block-columns-is-layout-flex\">\n<div class=\"wp-block-column is-vertically-aligned-stretch has-contrast-color has-text-color has-link-color wp-elements-6559844d6ad6f8f671c1a59a6adcefbc is-layout-flow wp-block-column-is-layout-flow\" style=\"padding-right:0;flex-basis:60%\">\n<div class=\"wp-block-group is-vertical is-content-justification-stretch is-layout-flex wp-container-core-group-is-layout-ae24f51d wp-block-group-is-layout-flex\" style=\"min-height:100%\">\n<p class=\"has-text-align-left\">No \u00e2mbito do<strong>&nbsp;projeto Erasmus+ &#8220;Capacitar para Incluir&#8221;,<\/strong>&nbsp;entre os dias 13 e 18 de abril, alguns alunos do ensino secund\u00e1rio da nossa escola, acompanhados pelas coordenadoras do Projeto, Rosalina Gomes e S\u00f3nia Cortes\u00e3o, e pela administrativa Clara Neves, realizaram uma desloca\u00e7\u00e3o a&nbsp;<strong>Viena e Wiener Neustadt, na \u00c1ustria.<\/strong>&nbsp;Durante esta viagem, tiveram a oportunidade de participar num programa de mobilidade de grupo e interc\u00e2mbio com a escola parceira Bundesgymnasium Zehnergasse.<br><br>Com esta experi\u00eancia, os participantes puderam aprimorar a sua profici\u00eancia em l\u00ednguas estrangeiras, especialmente em alem\u00e3o e ingl\u00eas; estimular o desenvolvimento do pensamento cr\u00edtico; desenvolver interesse e respeito pela cultura e tradi\u00e7\u00f5es de outros pa\u00edses; e aprenderam o programa Simply Strong.<br><br>Aqui ficam alguns registos desta experi\u00eancia \u00fanica e fant\u00e1stica que ficar\u00e1 para sempre na mem\u00f3ria dos participantes.<\/p>\n<\/div>\n<\/div>\n\n\n\n<div class=\"wp-block-column has-contrast-color has-text-color has-link-color wp-elements-e7dd3977b98da40f3dcec1fb5f8f782f is-layout-flow wp-block-column-is-layout-flow\" style=\"padding-right:0;flex-basis:40%\">\n<div class=\"wp-block-group has-global-padding is-layout-constrained wp-block-group-is-layout-constrained\">\n<div id=\"wp-block-themeisle-blocks-slider-47e58c3d\" class=\"wp-block-themeisle-blocks-slider glide\" data-per-view=\"1\" data-gap=\"0\" data-peek=\"0\" data-autoplay=\"5000\" data-height=\"400px\" data-hide-arrows=\"false\"><div class=\"glide__track\" data-glide-el=\"track\"><div class=\"glide__slides\"><div class=\"wp-block-themeisle-blocks-slider-item-wrapper glide__slide\"><figure><img decoding=\"async\" class=\"wp-block-themeisle-blocks-slider-item\" src=\"https:\/\/escoladigital.madeira.gov.pt\/ebspdffbranco\/wp-content\/uploads\/sites\/19\/2024\/09\/wa8.png\" alt=\"\" title=\"\" data-id=\"855\" \/><\/figure><\/div><div class=\"wp-block-themeisle-blocks-slider-item-wrapper glide__slide\"><figure><img decoding=\"async\" class=\"wp-block-themeisle-blocks-slider-item\" src=\"https:\/\/escoladigital.madeira.gov.pt\/ebspdffbranco\/wp-content\/uploads\/sites\/19\/2024\/09\/wa7.png\" alt=\"\" title=\"\" data-id=\"854\" \/><\/figure><\/div><div class=\"wp-block-themeisle-blocks-slider-item-wrapper glide__slide\"><figure><img decoding=\"async\" class=\"wp-block-themeisle-blocks-slider-item\" src=\"https:\/\/escoladigital.madeira.gov.pt\/ebspdffbranco\/wp-content\/uploads\/sites\/19\/2024\/09\/wa6.png\" alt=\"\" title=\"\" data-id=\"853\" \/><\/figure><\/div><div class=\"wp-block-themeisle-blocks-slider-item-wrapper glide__slide\"><figure><img decoding=\"async\" class=\"wp-block-themeisle-blocks-slider-item\" src=\"https:\/\/escoladigital.madeira.gov.pt\/ebspdffbranco\/wp-content\/uploads\/sites\/19\/2024\/09\/wa5.png\" alt=\"\" title=\"\" data-id=\"852\" \/><\/figure><\/div><div class=\"wp-block-themeisle-blocks-slider-item-wrapper glide__slide\"><figure><img decoding=\"async\" class=\"wp-block-themeisle-blocks-slider-item\" src=\"https:\/\/escoladigital.madeira.gov.pt\/ebspdffbranco\/wp-content\/uploads\/sites\/19\/2024\/09\/wa4.png\" alt=\"\" title=\"\" data-id=\"851\" \/><\/figure><\/div><div class=\"wp-block-themeisle-blocks-slider-item-wrapper glide__slide\"><figure><img decoding=\"async\" class=\"wp-block-themeisle-blocks-slider-item\" src=\"https:\/\/escoladigital.madeira.gov.pt\/ebspdffbranco\/wp-content\/uploads\/sites\/19\/2024\/09\/wa3.png\" alt=\"\" title=\"\" data-id=\"850\" \/><\/figure><\/div><div class=\"wp-block-themeisle-blocks-slider-item-wrapper glide__slide\"><figure><img decoding=\"async\" class=\"wp-block-themeisle-blocks-slider-item\" src=\"https:\/\/escoladigital.madeira.gov.pt\/ebspdffbranco\/wp-content\/uploads\/sites\/19\/2024\/09\/wa2.png\" alt=\"\" title=\"\" data-id=\"849\" \/><\/figure><\/div><div class=\"wp-block-themeisle-blocks-slider-item-wrapper glide__slide\"><figure><img decoding=\"async\" class=\"wp-block-themeisle-blocks-slider-item\" src=\"https:\/\/escoladigital.madeira.gov.pt\/ebspdffbranco\/wp-content\/uploads\/sites\/19\/2024\/09\/wa1.png\" alt=\"\" title=\"\" data-id=\"848\" \/><\/figure><\/div><\/div><div class=\"glide__bullets\" data-glide-el=\"controls[nav]\"><button class=\"glide__bullet\" data-glide-dir=\"=0\"><\/button><button class=\"glide__bullet\" data-glide-dir=\"=1\"><\/button><button class=\"glide__bullet\" data-glide-dir=\"=2\"><\/button><button class=\"glide__bullet\" data-glide-dir=\"=3\"><\/button><button class=\"glide__bullet\" data-glide-dir=\"=4\"><\/button><button class=\"glide__bullet\" data-glide-dir=\"=5\"><\/button><button class=\"glide__bullet\" data-glide-dir=\"=6\"><\/button><button class=\"glide__bullet\" data-glide-dir=\"=7\"><\/button><\/div><\/div><\/div>\n<\/div>\n<\/div>\n<\/div>\n<\/div>\n\n\n\n<div class=\"wp-block-group alignfull has-base-2-background-color has-background is-vertical is-layout-flex wp-container-core-group-is-layout-b893037c wp-block-group-is-layout-flex\" style=\"margin-top:0;margin-bottom:0;padding-top:var(--wp--preset--spacing--30);padding-right:var(--wp--preset--spacing--60);padding-bottom:var(--wp--preset--spacing--30);padding-left:var(--wp--preset--spacing--60)\">\n<div class=\"wp-block-group alignwide is-layout-flow wp-block-group-is-layout-flow\">\n<p class=\"has-small-font-size\">No \u00e2mbito do projeto ERASMUS+ KA122, Ensino Escolar (SCH) &#8211; \u201cCapacitar para Incluir\u201d, coordenado pelas docentes S\u00f3nia Cortes\u00e3o e Rosalina Gomes, o professor Ant\u00f3nio F\u00e9lix frequentou a Atividade Formativa \u201cArtificial Intelligence for Education: Exploring the Frontiers of ICT\u201d, na Europass Teacher Academy em Roma, It\u00e1lia, entre 1 de abril e 6 de abril.<\/p>\n\n\n\n<figure class=\"wp-block-image aligncenter size-full is-resized\"><img loading=\"lazy\" decoding=\"async\" width=\"958\" height=\"720\" src=\"https:\/\/escoladigital.madeira.gov.pt\/ebspdffbranco\/wp-content\/uploads\/sites\/19\/2024\/09\/roma1.jpg\" alt=\"\" class=\"wp-image-860\" style=\"width:432px;height:auto\" srcset=\"https:\/\/escoladigital.madeira.gov.pt\/ebspdffbranco\/wp-content\/uploads\/sites\/19\/2024\/09\/roma1.jpg 958w, https:\/\/escoladigital.madeira.gov.pt\/ebspdffbranco\/wp-content\/uploads\/sites\/19\/2024\/09\/roma1-300x225.jpg 300w, https:\/\/escoladigital.madeira.gov.pt\/ebspdffbranco\/wp-content\/uploads\/sites\/19\/2024\/09\/roma1-768x577.jpg 768w\" sizes=\"(max-width: 958px) 100vw, 958px\" \/><\/figure>\n\n\n\n<figure class=\"wp-block-image aligncenter size-full is-resized\"><img loading=\"lazy\" decoding=\"async\" width=\"1440\" height=\"1082\" src=\"https:\/\/escoladigital.madeira.gov.pt\/ebspdffbranco\/wp-content\/uploads\/sites\/19\/2024\/09\/roma2-1.jpg\" alt=\"\" class=\"wp-image-862\" style=\"width:442px;height:auto\" srcset=\"https:\/\/escoladigital.madeira.gov.pt\/ebspdffbranco\/wp-content\/uploads\/sites\/19\/2024\/09\/roma2-1.jpg 1440w, https:\/\/escoladigital.madeira.gov.pt\/ebspdffbranco\/wp-content\/uploads\/sites\/19\/2024\/09\/roma2-1-300x225.jpg 300w, https:\/\/escoladigital.madeira.gov.pt\/ebspdffbranco\/wp-content\/uploads\/sites\/19\/2024\/09\/roma2-1-1024x769.jpg 1024w, https:\/\/escoladigital.madeira.gov.pt\/ebspdffbranco\/wp-content\/uploads\/sites\/19\/2024\/09\/roma2-1-768x577.jpg 768w\" sizes=\"(max-width: 1440px) 100vw, 1440px\" \/><\/figure>\n<\/div>\n<\/div>\n\n\n\n<div class=\"wp-block-group alignfull has-base-2-color has-text-color has-background has-link-color wp-elements-65e3e1e9e9078093cab13d03384d93a8 is-vertical is-layout-flex wp-container-core-group-is-layout-8d8dbf1f wp-block-group-is-layout-flex\" style=\"background-color:#e9f4e5;margin-top:0;margin-bottom:0;padding-top:var(--wp--preset--spacing--30);padding-right:var(--wp--preset--spacing--50);padding-bottom:var(--wp--preset--spacing--30);padding-left:var(--wp--preset--spacing--50)\">\n<div class=\"wp-block-columns alignwide is-layout-flex wp-container-core-columns-is-layout-d1c656ed wp-block-columns-is-layout-flex\">\n<div class=\"wp-block-column is-vertically-aligned-stretch has-contrast-color has-text-color has-link-color wp-elements-2b5d13736f44a815e46a39a1a311d389 is-layout-flow wp-block-column-is-layout-flow\" style=\"padding-right:0;flex-basis:60%\">\n<div class=\"wp-block-group is-vertical is-content-justification-stretch is-layout-flex wp-container-core-group-is-layout-ae24f51d wp-block-group-is-layout-flex\" style=\"min-height:100%\">\n<p>No \u00e2mbito do projeto ERASMUS+ KA122, Ensino Escolar (SCH) &#8211; \u201cCapacitar para Incluir\u201d, coordenado pelas docentes S\u00f3nia Cortes\u00e3o e Rosalina Gomes, a professora Solana Rodrigues frequentou a atividade formativa \u201cDiscovering the Cultural Heritage of Rome\u201d, na Europass Teacher Academy em Roma, It\u00e1lia, entre 1 e 6 de abril. O curso teve como base os princ\u00edpios da Educa\u00e7\u00e3o do Patrim\u00f3nio Cultural, uma abordagem promovida pelo Conselho da Europa que visa incorporar a Educa\u00e7\u00e3o Patrimonial de forma mais eficaz nos curr\u00edculos escolares, a fim de aumentar a consci\u00eancia da hist\u00f3ria e dos valores comuns entre as gera\u00e7\u00f5es mais jovens e fortalecer o sentimento de perten\u00e7a a um espa\u00e7o cultural e pol\u00edtico europeu partilhado.<\/p>\n<\/div>\n<\/div>\n\n\n\n<div class=\"wp-block-column has-contrast-color has-text-color has-link-color wp-elements-bbd1ec4cc152346017c36a4546899edc is-layout-flow wp-container-core-column-is-layout-2686da28 wp-block-column-is-layout-flow\" style=\"padding-right:0;flex-basis:40%\">\n<div id=\"wp-block-themeisle-blocks-slider-9535551b\" class=\"wp-block-themeisle-blocks-slider glide\" data-per-view=\"1\" data-gap=\"0\" data-peek=\"0\" data-autoplay=\"5000\" data-height=\"400px\" data-hide-arrows=\"false\"><div class=\"glide__track\" data-glide-el=\"track\"><div class=\"glide__slides\"><div class=\"wp-block-themeisle-blocks-slider-item-wrapper glide__slide\"><figure><img decoding=\"async\" class=\"wp-block-themeisle-blocks-slider-item\" src=\"https:\/\/escoladigital.madeira.gov.pt\/ebspdffbranco\/wp-content\/uploads\/sites\/19\/2024\/09\/roma4-3.jpg\" alt=\"\" title=\"\" data-id=\"886\" \/><\/figure><\/div><div class=\"wp-block-themeisle-blocks-slider-item-wrapper glide__slide\"><figure><img decoding=\"async\" class=\"wp-block-themeisle-blocks-slider-item\" src=\"https:\/\/escoladigital.madeira.gov.pt\/ebspdffbranco\/wp-content\/uploads\/sites\/19\/2024\/09\/roma5-3.jpg\" alt=\"\" title=\"\" data-id=\"887\" \/><\/figure><\/div><div class=\"wp-block-themeisle-blocks-slider-item-wrapper glide__slide\"><figure><img decoding=\"async\" class=\"wp-block-themeisle-blocks-slider-item\" src=\"https:\/\/escoladigital.madeira.gov.pt\/ebspdffbranco\/wp-content\/uploads\/sites\/19\/2024\/09\/roma6-3.jpg\" alt=\"\" title=\"\" data-id=\"888\" \/><\/figure><\/div><\/div><div class=\"glide__bullets\" data-glide-el=\"controls[nav]\"><button class=\"glide__bullet\" data-glide-dir=\"=0\"><\/button><button class=\"glide__bullet\" data-glide-dir=\"=1\"><\/button><button class=\"glide__bullet\" data-glide-dir=\"=2\"><\/button><\/div><\/div><\/div>\n<\/div>\n<\/div>\n<\/div>\n\n\n\n<div class=\"wp-block-group alignfull has-base-2-background-color has-background is-vertical is-layout-flex wp-container-core-group-is-layout-ef33a198 wp-block-group-is-layout-flex\" style=\"margin-top:0;margin-bottom:0;padding-top:var(--wp--preset--spacing--10);padding-right:var(--wp--preset--spacing--60);padding-bottom:var(--wp--preset--spacing--10);padding-left:var(--wp--preset--spacing--60)\">\n<div class=\"wp-block-group is-nowrap is-layout-flex wp-container-core-group-is-layout-6c531013 wp-block-group-is-layout-flex\">\n<div class=\"wp-block-group alignwide is-layout-flow wp-block-group-is-layout-flow\">\n<p>No \u00e2mbito do projeto Erasmus+ KA122 \u201cCapacitar para Incluir\u201d, entre os dias 26 de fevereiro e 2 de mar\u00e7o, as professoras Isabel Silva, Isabel Oliveira e as coordenadoras do projeto S\u00f3nia Cortes\u00e3o e Rosalina Gomes frequentaram a atividade formativa \u201cBasic English for International Projets\u201d, na Europass Teachers Academy em Hels\u00ednquia, Finl\u00e2ndia.<\/p>\n\n\n\n<p>Tendo o ingl\u00eas como base de comunica\u00e7\u00e3o, foi uma experi\u00eancia multicultural entre professores de v\u00e1rios pa\u00edses da Europa. Aprendemos muito, trocamos experi\u00eancias\u2026 e levamos um pouco do \u201ccalor comunicativo\u201d do Porto Santo e de Portugal para a g\u00e9lida Finl\u00e2ndia.<\/p>\n\n\n\n<p>Within the scope of the Erasmus+ KA122 project &#8220;Empowering for Inclusion,&#8221; between February 26 and March 2, teachers Isabel Silva, Isabel Oliveira, and project coordinators S\u00f3nia Cortes\u00e3o and Rosalina Gomes attended the training activity &#8220;Basic English for International Projects&#8221; at the Europass Teachers Academy in Helsinki, Finland.<\/p>\n\n\n\n<p>With English as the basis of communication, it was a multicultural experience among teachers from various European countries. We learned a lot, exchanged experiences&#8230; and brought a bit of the &#8220;communicative warmth&#8221; of Porto Santo and Portugal to the icy Finland. <\/p>\n\n\n\n<p>Kiito and Moi Mo<\/p>\n<\/div>\n<\/div>\n\n\n\n<figure class=\"wp-block-gallery has-nested-images columns-default is-cropped wp-block-gallery-3 is-layout-flex wp-block-gallery-is-layout-flex\">\n<figure class=\"wp-block-image size-large has-custom-border is-style-default\"><img loading=\"lazy\" decoding=\"async\" width=\"640\" height=\"470\" data-id=\"893\" src=\"https:\/\/escoladigital.madeira.gov.pt\/ebspdffbranco\/wp-content\/uploads\/sites\/19\/2024\/09\/capacitar1.png\" alt=\"\" class=\"wp-image-893\" style=\"border-radius:0px\" srcset=\"https:\/\/escoladigital.madeira.gov.pt\/ebspdffbranco\/wp-content\/uploads\/sites\/19\/2024\/09\/capacitar1.png 640w, https:\/\/escoladigital.madeira.gov.pt\/ebspdffbranco\/wp-content\/uploads\/sites\/19\/2024\/09\/capacitar1-300x220.png 300w\" sizes=\"(max-width: 640px) 100vw, 640px\" \/><\/figure>\n\n\n\n<figure class=\"wp-block-image size-large\"><img loading=\"lazy\" decoding=\"async\" width=\"640\" height=\"480\" data-id=\"892\" src=\"https:\/\/escoladigital.madeira.gov.pt\/ebspdffbranco\/wp-content\/uploads\/sites\/19\/2024\/09\/capacitar2.png\" alt=\"\" class=\"wp-image-892\" srcset=\"https:\/\/escoladigital.madeira.gov.pt\/ebspdffbranco\/wp-content\/uploads\/sites\/19\/2024\/09\/capacitar2.png 640w, https:\/\/escoladigital.madeira.gov.pt\/ebspdffbranco\/wp-content\/uploads\/sites\/19\/2024\/09\/capacitar2-300x225.png 300w\" sizes=\"(max-width: 640px) 100vw, 640px\" \/><\/figure>\n<\/figure>\n<\/div>\n\n\n\n<div class=\"wp-block-group alignfull has-base-2-color has-text-color has-background has-link-color wp-elements-df650839a96f16addbb3d94252800f49 is-vertical is-layout-flex wp-container-core-group-is-layout-3caec59f wp-block-group-is-layout-flex\" style=\"background-color:#e9f4e5;margin-top:0;margin-bottom:0;padding-top:var(--wp--preset--spacing--20);padding-right:var(--wp--preset--spacing--50);padding-bottom:var(--wp--preset--spacing--20);padding-left:var(--wp--preset--spacing--50)\">\n<div class=\"wp-block-columns alignwide is-layout-flex wp-container-core-columns-is-layout-5a20467d wp-block-columns-is-layout-flex\" style=\"padding-top:var(--wp--preset--spacing--10);padding-right:var(--wp--preset--spacing--40);padding-bottom:var(--wp--preset--spacing--10);padding-left:var(--wp--preset--spacing--40)\">\n<div class=\"wp-block-column is-vertically-aligned-stretch has-contrast-color has-text-color has-link-color wp-elements-0d4b4e93183e3b2c79cf8a5892379e8e is-layout-flow wp-block-column-is-layout-flow\" style=\"padding-right:0;flex-basis:60%\">\n<div class=\"wp-block-group is-vertical is-content-justification-stretch is-layout-flex wp-container-core-group-is-layout-ae24f51d wp-block-group-is-layout-flex\" style=\"min-height:100%\">\n<p class=\"has-large-font-size\"><strong><a href=\"https:\/\/escoladigital.madeira.gov.pt\/ebspdffbranco\/wp-content\/uploads\/sites\/19\/2024\/09\/Apresentacao-Projeto-Erasmus-Capacitar-para-Incluir.pdf\" target=\"_blank\" rel=\"noreferrer noopener\">Sess\u00e3o de divulga\u00e7\u00e3o do Projeto<\/a><\/strong><\/p>\n\n\n\n<p class=\"has-contrast-color has-text-color has-link-color wp-elements-a2e6dc1ca61ba128945aa45ca0edcd0b\">Mobilidade Erasmus+ KA1 \u2013 Ensino Escolar &#8211;&nbsp;<a href=\"https:\/\/escoladigital.madeira.gov.pt\/ebspdffbranco\/wp-content\/uploads\/sites\/19\/2024\/09\/Condicoes-de-participacao-seriacao-e-selecao-do-Projeto.pdf\" target=\"_blank\" rel=\"noreferrer noopener\"><strong>Condi\u00e7\u00f5es de participa\u00e7\u00e3o, crit\u00e9rios de sele\u00e7\u00e3o e seria\u00e7\u00e3o<\/strong><\/a><\/p>\n\n\n\n<p class=\"has-text-align-left has-contrast-color has-text-color has-link-color wp-elements-588b2f3b9dc58f03354176d8bfec6caa\"><a href=\"https:\/\/escoladigital.madeira.gov.pt\/ebspdffbranco\/wp-content\/uploads\/sites\/19\/2024\/09\/Formulario-de-candidatura_2023.doc\" target=\"_blank\" rel=\"noreferrer noopener\"><strong>Formul\u00e1rio de Candidatura<\/strong><\/a><\/p>\n\n\n\n<figure class=\"wp-block-image size-full is-resized\"><img loading=\"lazy\" decoding=\"async\" width=\"483\" height=\"596\" src=\"https:\/\/escoladigital.madeira.gov.pt\/ebspdffbranco\/wp-content\/uploads\/sites\/19\/2024\/09\/sessaodivulgacao.png\" alt=\"\" class=\"wp-image-905\" style=\"width:304px;height:auto\" srcset=\"https:\/\/escoladigital.madeira.gov.pt\/ebspdffbranco\/wp-content\/uploads\/sites\/19\/2024\/09\/sessaodivulgacao.png 483w, https:\/\/escoladigital.madeira.gov.pt\/ebspdffbranco\/wp-content\/uploads\/sites\/19\/2024\/09\/sessaodivulgacao-243x300.png 243w\" sizes=\"(max-width: 483px) 100vw, 483px\" \/><\/figure>\n\n\n\n<p class=\"has-contrast-color has-text-color has-link-color wp-elements-9d6e87a8b26d79ffa1887dd3a654a1da\"><a href=\"https:\/\/escoladigital.madeira.gov.pt\/ebspdffbranco\/wp-content\/uploads\/sites\/19\/2024\/09\/Lista-ordenada.pdf\" target=\"_blank\" rel=\"noreferrer noopener\"><strong>Lista ordenada dos candidatos<\/strong><\/a> que concorreram \u00e0s mobilidades<\/p>\n\n\n\n<figure class=\"wp-block-gallery has-nested-images columns-default is-cropped wp-block-gallery-4 is-layout-flex wp-block-gallery-is-layout-flex\">\n<figure class=\"wp-block-image is-resized\"><img decoding=\"async\" src=\"https:\/\/escolas.madeira-edu.pt\/Portals\/112\/2324\/PHOTO-2023-10-03-15-25-02.jpg\" alt=\"\" style=\"width:316px;height:auto\" \/><\/figure>\n\n\n\n<figure class=\"wp-block-image is-resized\"><img decoding=\"async\" src=\"https:\/\/escolas.madeira-edu.pt\/Portals\/112\/2324\/PHOTO-2023-09-29-16-39-01.jpg\" alt=\"\" style=\"width:317px;height:auto\" \/><\/figure>\n<\/figure>\n\n\n\n<hr class=\"wp-block-separator has-alpha-channel-opacity is-style-dots\" \/>\n\n\n\n<p class=\"has-text-align-left has-large-font-size\"><strong>Candidaturas a mobilidades de alunos no \u00e2mbito do projeto Erasmus+<\/strong><\/p>\n\n\n\n<p class=\"has-text-align-left\">&nbsp;As candidaturas decorrem entre os dias&nbsp;<strong>29 de janeiro a 2 de fevereiro de 2024<\/strong><\/p>\n\n\n\n<p><a href=\"https:\/\/escoladigital.madeira.gov.pt\/ebspdffbranco\/wp-content\/uploads\/sites\/19\/2024\/09\/Criterios-de-selecao-Mobilidades-Alunos.pdf\" target=\"_blank\" rel=\"noreferrer noopener\"><strong>Crit\u00e9rios de sele\u00e7\u00e3o<\/strong><\/a> para a participa\u00e7\u00e3o de alunos em mobilidade<\/p>\n\n\n\n<p><a href=\"https:\/\/escoladigital.madeira.gov.pt\/ebspdffbranco\/wp-content\/uploads\/sites\/19\/2024\/09\/Edital-Candidatura-Alunos.pdf\" target=\"_blank\" rel=\"noreferrer noopener\"><strong>Edital da candidatura <\/strong><\/a>para os alunos<\/p>\n\n\n\n<p class=\"has-text-align-left\"><a href=\"https:\/\/escoladigital.madeira.gov.pt\/ebspdffbranco\/wp-content\/uploads\/sites\/19\/2024\/09\/Alunos-selecionados-para-a-mobilidade-a-Malta.pdf\" target=\"_blank\" rel=\"noreferrer noopener\"><strong>Lista <\/strong>de alunos selecionados<\/a><\/p>\n<\/div>\n<\/div>\n<\/div>\n<\/div>\n","protected":false},"excerpt":{"rendered":"<p>\u201cCapacitar para Incluir\u201d |Erasmus+ | A\u00e7\u00e3o Chave 1 KA122 O Erasmus+ \u00e9 o Programa europeu para a educa\u00e7\u00e3o, forma\u00e7\u00e3o, juventude e desporto para o per\u00edodo 2021 a 2027 e visa&nbsp;potenciar o desenvolvimento pessoal e profissional de todos os cidad\u00e3os, para o refor\u00e7o da identidade europeia, do&nbsp;crescimento sustent\u00e1vel, da coes\u00e3o social e da empregabilidade das pessoas. [&hellip;]<\/p>\n","protected":false},"author":28,"featured_media":0,"parent":0,"menu_order":0,"comment_status":"closed","ping_status":"closed","template":"","meta":{"_themeisle_gutenberg_block_has_review":false,"footnotes":""},"class_list":["post-829","page","type-page","status-publish","hentry"],"_links":{"self":[{"href":"https:\/\/escoladigital.madeira.gov.pt\/ebspdffbranco\/wp-json\/wp\/v2\/pages\/829","targetHints":{"allow":["GET"]}}],"collection":[{"href":"https:\/\/escoladigital.madeira.gov.pt\/ebspdffbranco\/wp-json\/wp\/v2\/pages"}],"about":[{"href":"https:\/\/escoladigital.madeira.gov.pt\/ebspdffbranco\/wp-json\/wp\/v2\/types\/page"}],"author":[{"embeddable":true,"href":"https:\/\/escoladigital.madeira.gov.pt\/ebspdffbranco\/wp-json\/wp\/v2\/users\/28"}],"replies":[{"embeddable":true,"href":"https:\/\/escoladigital.madeira.gov.pt\/ebspdffbranco\/wp-json\/wp\/v2\/comments?post=829"}],"version-history":[{"count":55,"href":"https:\/\/escoladigital.madeira.gov.pt\/ebspdffbranco\/wp-json\/wp\/v2\/pages\/829\/revisions"}],"predecessor-version":[{"id":3349,"href":"https:\/\/escoladigital.madeira.gov.pt\/ebspdffbranco\/wp-json\/wp\/v2\/pages\/829\/revisions\/3349"}],"wp:attachment":[{"href":"https:\/\/escoladigital.madeira.gov.pt\/ebspdffbranco\/wp-json\/wp\/v2\/media?parent=829"}],"curies":[{"name":"wp","href":"https:\/\/api.w.org\/{rel}","templated":true}]}}