{"id":942,"date":"2024-09-03T22:55:36","date_gmt":"2024-09-03T22:55:36","guid":{"rendered":"https:\/\/escoladigital.madeira.gov.pt\/ebspdffbranco\/?page_id=942"},"modified":"2026-04-14T23:30:54","modified_gmt":"2026-04-14T23:30:54","slug":"provas-exames","status":"publish","type":"page","link":"https:\/\/escoladigital.madeira.gov.pt\/ebspdffbranco\/provas-exames\/","title":{"rendered":"Provas\/Exames 2025 &#8211; 2026"},"content":{"rendered":"\n<div id=\"wp-block-themeisle-blocks-accordion-59d88545\" class=\"wp-block-themeisle-blocks-accordion exclusive\"><\/div>\n\n\n\n<p class=\"has-body-font-family has-medium-font-size\"><strong><a href=\"https:\/\/escoladigital.madeira.gov.pt\/ebspdffbranco\/wp-content\/uploads\/sites\/19\/2026\/01\/IP-Geral-2026_29nov.pdf\" target=\"_blank\" rel=\"noreferrer noopener\">Informa\u00e7\u00f5es &#8211; Prova Geral 2025\/2026<\/a><\/strong><\/p>\n\n\n\n<p class=\"has-body-font-family has-medium-font-size\"><strong><a href=\"https:\/\/jnepiepe.dge.mec.pt\/site\/login\" target=\"_blank\" rel=\"noreferrer noopener\">Plataforma PIEPE &#8211; <\/a><\/strong><a href=\"https:\/\/jnepiepe.dge.mec.pt\/site\/login\" target=\"_blank\" rel=\"noreferrer noopener\">Plataforma de Inscri\u00e7\u00e3o Eletr\u00f3nica em Provas e Exames 2025\/2026<\/a><\/p>\n\n\n\n<p class=\"has-body-font-family has-medium-font-size\"><a href=\"https:\/\/escoladigital.madeira.gov.pt\/ebspdffbranco\/wp-content\/uploads\/sites\/19\/2026\/03\/Condicoes-de-inscricao-nas-Provas-do-EB_2026.pdf\" target=\"_blank\" rel=\"noreferrer noopener\">Condi\u00e7\u00f5es de<strong> inscri\u00e7\u00e3o nas Provas do Ensino B\u00e1sico <\/strong>2025\/2026<\/a><\/p>\n\n\n\n<p class=\"has-body-font-family has-medium-font-size\"><a href=\"https:\/\/escoladigital.madeira.gov.pt\/ebspdffbranco\/wp-content\/uploads\/sites\/19\/2026\/03\/Condicoes-de-inscricao-nos-Exames-do-ES_2026.pdf\" target=\"_blank\" rel=\"noreferrer noopener\">Condi\u00e7\u00f5es de<strong> inscri\u00e7\u00e3o nos Exames do Ensino Secund\u00e1rio<\/strong> 2025\/2026<\/a><\/p>\n\n\n\n<p class=\"has-body-font-family has-medium-font-size\"><a href=\"https:\/\/escoladigital.madeira.gov.pt\/ebspdffbranco\/wp-content\/uploads\/sites\/19\/2026\/03\/Prazos-Inscricao-Exames-e-Provas_25.26.pdf\" target=\"_blank\" rel=\"noreferrer noopener\"><strong>Prazos das Inscri\u00e7\u00f5es<\/strong> nos Exames e Provas<\/a><\/p>\n\n\n\n<p class=\"has-body-font-family has-medium-font-size\"><a href=\"https:\/\/www.dge.mec.pt\/perguntas-frequentes-faqs\" target=\"_blank\" rel=\"noreferrer noopener\">Est\u00e1 dispon\u00edvel no s\u00edtio da Dire\u00e7\u00e3o Geral de Educa\u00e7\u00e3o \/ J\u00fari Nacional de Exames (JNE) no endere\u00e7o &#8211;&nbsp;https:\/\/www.dge.mec.pt\/perguntas-frequentes-faqs&nbsp;&#8211; as&nbsp;<strong>perguntas frequentes (FAQ\u2019s) sobre o Ensino B\u00e1sico, Ensino Secund\u00e1rio, Aplica\u00e7\u00e3o de adapta\u00e7\u00f5es e calculadoras<\/strong>.<\/a><\/p>\n\n\n\n\n\n\n\n\n\n\n\n\n\n\n\n\n\n\n\n\n\n\n\n<div id=\"wp-block-themeisle-blocks-accordion-8ea7e2e5\" class=\"wp-block-themeisle-blocks-accordion exclusive\">\n\n\n\n<\/div>\n\n\n\n<hr class=\"wp-block-separator has-alpha-channel-opacity is-style-dots\" \/>\n\n\n\n\n\n\n\n\n\n\n\n\n\n\n\n<div id=\"wp-block-themeisle-blocks-accordion-496e6444\" class=\"wp-block-themeisle-blocks-accordion exclusive\">\n<details class=\"wp-block-themeisle-blocks-accordion-item\"><summary class=\"wp-block-themeisle-blocks-accordion-item__title\"><div><strong>Guia Geral de Exames 2026 <\/strong><\/div><\/summary><div class=\"wp-block-themeisle-blocks-accordion-item__content\">\n<p><strong>Esta publica\u00e7\u00e3o tem como objetivos:<\/strong><\/p>\n\n\n\n<p>Divulgar informa\u00e7\u00e3o relativa aos cursos e exames finais nacionais do ensino<br>secund\u00e1rio, incluindo a que se refere \u00e0 sua articula\u00e7\u00e3o com o acesso ao ensino<br>superior.<\/p>\n\n\n\n<p><br>Apresentar, em linhas gerais, o sistema de acesso ao ensino superior em 2026.<\/p>\n\n\n\n<p><br>Responder \u00e0s quest\u00f5es que, sobre estas mat\u00e9rias, mais frequentemente s\u00e3o<br>colocadas por estudantes, pais, encarregados de educa\u00e7\u00e3o e professores.<\/p>\n\n\n\n<p><br>Disponibilizar as informa\u00e7\u00f5es necess\u00e1rias para uma correta inscri\u00e7\u00e3o e realiza\u00e7\u00e3o dos exames finais nacionais do ensino secund\u00e1rio, com efeitos na conclus\u00e3o de curso e acesso ao ensino superior.<\/p>\n\n\n\n<p><strong><a href=\"https:\/\/escoladigital.madeira.gov.pt\/ebspdffbranco\/wp-content\/uploads\/sites\/19\/2026\/03\/Guia-Geral-de-exames-2026.pdf\" target=\"_blank\" rel=\"noreferrer noopener\">Guia Geral de Exames 2026<\/a><\/strong><\/p>\n<\/div><\/details>\n\n\n\n<details class=\"wp-block-themeisle-blocks-accordion-item\"><summary class=\"wp-block-themeisle-blocks-accordion-item__title\"><div><strong>NORMA 01\/JNE\/2026 <\/strong>\u2013 Instru\u00e7\u00f5es para a Inscri\u00e7\u00e3o nas Provas e Exames do Ensino B\u00e1sico e do Ensino Secund\u00e1rio<\/div><\/summary><div class=\"wp-block-themeisle-blocks-accordion-item__content\">\n<p>A <strong>Norma 01\/JNE\/2026 <\/strong>cont\u00e9m as instru\u00e7\u00f5es a observar, no presente ano letivo,<br>pelos agrupamentos de escolas, escolas n\u00e3o agrupadas, estabelecimentos do<br>ensino particular e cooperativo, escolas portuguesas no estrangeiro e, ainda, os<br>estabelecimentos de ensino de iniciativa privada situados fora do territ\u00f3rio<br>nacional que ministram o curr\u00edculo portugu\u00eas, doravante designados, no seu<br>conjunto, por escolas, relativamente ao processo de inscri\u00e7\u00e3o para a realiza\u00e7\u00e3o<br>de:<\/p>\n\n\n\n<p><strong>Provas a n\u00edvel de escola dos ensinos b\u00e1sico e secund\u00e1rio.<br>Provas finais do ensino b\u00e1sico;<br>Exames finais nacionais do ensino secund\u00e1rio;<br>Exames a n\u00edvel de escola de l\u00ednguas estrangeiras equivalentes a exames<br>finais nacionais;<br>Provas de equival\u00eancia \u00e0 frequ\u00eancia dos 1.\u00ba, 2.\u00ba e 3.\u00ba ciclos do ensino<br>b\u00e1sico e do ensino secund\u00e1rio;<\/strong><\/p>\n\n\n\n<p><strong><a href=\"https:\/\/escoladigital.madeira.gov.pt\/ebspdffbranco\/wp-content\/uploads\/sites\/19\/2026\/03\/norma_01_2026_inscricoes.pdf\" target=\"_blank\" rel=\"noreferrer noopener\">Norm 01\/JNE\/2026<\/a><\/strong><\/p>\n<\/div><\/details>\n\n\n\n<details class=\"wp-block-themeisle-blocks-accordion-item\"><summary class=\"wp-block-themeisle-blocks-accordion-item__title\"><div><strong>NORMA 02\/JNE\/2026 <\/strong>\u2013 Informa\u00e7\u00f5es para Alunos e Encarregados de Educa\u00e7\u00e3o &#8211; <strong>Ensino B\u00e1sico  &#8211;<\/strong><\/div><\/summary><div class=\"wp-block-themeisle-blocks-accordion-item__content\">\n<p><strong><a href=\"https:\/\/escoladigital.madeira.gov.pt\/ebspdffbranco\/wp-content\/uploads\/sites\/19\/2026\/04\/Sumula_Norma-2-JNE_Inf.-Alunos-e-Enc.-Educacao_2026_EBasico.pdf\" target=\"_blank\" rel=\"noreferrer noopener\">NORMAS PARA A REALIZA\u00c7\u00c3O DAS PROVAS DO ENSINO B\u00c1SICO<\/a><\/strong><\/p>\n\n\n\n<p><\/p>\n<\/div><\/details>\n\n\n\n<details class=\"wp-block-themeisle-blocks-accordion-item\"><summary class=\"wp-block-themeisle-blocks-accordion-item__title\"><div><strong>NORMA 02\/JNE\/2026 <\/strong>\u2013 Informa\u00e7\u00f5es para Alunos e Encarregados de Educa\u00e7\u00e3o &#8211; <strong>Ensino Secund\u00e1rio-<\/strong><\/div><\/summary><div class=\"wp-block-themeisle-blocks-accordion-item__content\">\n<p><strong><a href=\"https:\/\/escoladigital.madeira.gov.pt\/ebspdffbranco\/wp-content\/uploads\/sites\/19\/2026\/04\/Sumula_Norma-2-JNE_Inf.-Alunos-e-Enc.-Educacao_2026_ESecundario.pdf\" target=\"_blank\" rel=\"noreferrer noopener\">NORMAS PARA A REALIZA\u00c7\u00c3O DAS PROVAS DO ENSINO SECUND\u00c1RIO<\/a><\/strong><\/p>\n\n\n\n<p><\/p>\n<\/div><\/details>\n\n\n\n<details class=\"wp-block-themeisle-blocks-accordion-item\"><summary class=\"wp-block-themeisle-blocks-accordion-item__title\"><div><strong>Despacho Normativo n.\u00ba 3\/2026, de 23 de fevereiro<\/strong><\/div><\/summary><div class=\"wp-block-themeisle-blocks-accordion-item__content\">\n<p>Aprova o Regulamento das Provas de Avalia\u00e7\u00e3o Externa e das Provas de Equival\u00eancia \u00e0 Frequ\u00eancia dos Ensinos B\u00e1sico e Secund\u00e1rio para os anos letivos de 2025-2026 a 2027-2028<\/p>\n\n\n\n<p><a href=\"https:\/\/escoladigital.madeira.gov.pt\/ebspdffbranco\/wp-content\/uploads\/sites\/19\/2026\/03\/despacho_3_2026_de_23_de_fev_2026_regulamento.pdf\" target=\"_blank\" rel=\"noreferrer noopener\"><strong>Despacho Normativo n.\u00ba 3\/2026, de 23 de fevereiro<\/strong><\/a><\/p>\n<\/div><\/details>\n\n\n\n<details class=\"wp-block-themeisle-blocks-accordion-item\"><summary class=\"wp-block-themeisle-blocks-accordion-item__title\"><div><strong>Decreto-Lei n.\u00ba 56\/2026, de 16 de fevereiro<\/strong><\/div><\/summary><div class=\"wp-block-themeisle-blocks-accordion-item__content\">\n<p>Altera o Decreto-Lei n.\u00ba 296-A\/98, de 25 de setembro, que regula o regime geral de acesso e ingresso no ensino superior.<\/p>\n\n\n\n<p><strong><a href=\"https:\/\/escoladigital.madeira.gov.pt\/ebspdffbranco\/wp-content\/uploads\/sites\/19\/2026\/02\/DL_56_2026_-Ingresso-no-Ensino-Superior.pdf\" target=\"_blank\" rel=\"noreferrer noopener\">Decreto-Lei n.\u00ba 56\/2026, de 16 de fevereiro<\/a><\/strong><\/p>\n<\/div><\/details>\n\n\n\n<details class=\"wp-block-themeisle-blocks-accordion-item\"><summary class=\"wp-block-themeisle-blocks-accordion-item__title\"><div><strong>Despacho n.\u00ba 14616-A\/2025, de 7 de dezembro<\/strong><\/div><\/summary><div class=\"wp-block-themeisle-blocks-accordion-item__content\">\n<p><strong>Aprova o calend\u00e1rio, para o ano letivo de 2025-2026, <\/strong>das provas de Monitoriza\u00e7\u00e3o da Aprendizagem, das provas finais do ensino b\u00e1sico, das provas de equival\u00eancia \u00e0 frequ\u00eancia do ensino b\u00e1sico, dos exames finais nacionais do ensino secund\u00e1rio e das provas de equival\u00eancia \u00e0 frequ\u00eancia do ensino secund\u00e1rio.<\/p>\n\n\n\n<p><strong><a href=\"https:\/\/iave.pt\/wp-content\/uploads\/2025\/12\/Despacho-n.o-14616-A-2025-Calendario-de-exames-25_26.pdf\" target=\"_blank\" rel=\"noreferrer noopener\">Despacho n.\u00ba 14616-A\/2015<\/a><\/strong><\/p>\n<\/div><\/details>\n\n\n\n<details class=\"wp-block-themeisle-blocks-accordion-item\"><summary class=\"wp-block-themeisle-blocks-accordion-item__title\"><div><strong>Altera\u00e7\u00e3o ao Calend\u00e1rio das Provas de Ensaio &#8211; 4.\u00ba, 6.\u00ba e 9.\u00ba Anos<\/strong><\/div><\/summary><div class=\"wp-block-themeisle-blocks-accordion-item__content\">\n<p>Provas-Ensaio &#8211; 4.\u00ba Ano de escolaridade do 1.\u00ba ciclo do Ensino B\u00e1sico<\/p>\n\n\n\n<figure class=\"wp-block-image size-full is-resized\"><img decoding=\"async\" width=\"528\" height=\"29\" src=\"https:\/\/escoladigital.madeira.gov.pt\/ebspdffbranco\/wp-content\/uploads\/sites\/19\/2026\/02\/image.png\" alt=\"\" class=\"wp-image-5048\" style=\"aspect-ratio:18.216172506738545;width:528px;height:auto\" srcset=\"https:\/\/escoladigital.madeira.gov.pt\/ebspdffbranco\/wp-content\/uploads\/sites\/19\/2026\/02\/image.png 528w, https:\/\/escoladigital.madeira.gov.pt\/ebspdffbranco\/wp-content\/uploads\/sites\/19\/2026\/02\/image-300x16.png 300w\" sizes=\"(max-width: 528px) 100vw, 528px\" \/><\/figure>\n\n\n\n<figure class=\"wp-block-image size-full\"><img decoding=\"async\" width=\"520\" height=\"31\" src=\"https:\/\/escoladigital.madeira.gov.pt\/ebspdffbranco\/wp-content\/uploads\/sites\/19\/2026\/02\/image-1.png\" alt=\"\" class=\"wp-image-5049\" srcset=\"https:\/\/escoladigital.madeira.gov.pt\/ebspdffbranco\/wp-content\/uploads\/sites\/19\/2026\/02\/image-1.png 520w, https:\/\/escoladigital.madeira.gov.pt\/ebspdffbranco\/wp-content\/uploads\/sites\/19\/2026\/02\/image-1-300x18.png 300w\" sizes=\"(max-width: 520px) 100vw, 520px\" \/><\/figure>\n\n\n\n<p>Provas-Ensaio &#8211; 6.\u00ba Ano de escolaridade do 2.\u00ba ciclo do Ensino B\u00e1sico<\/p>\n\n\n\n<figure class=\"wp-block-image size-full\"><img decoding=\"async\" width=\"511\" height=\"34\" src=\"https:\/\/escoladigital.madeira.gov.pt\/ebspdffbranco\/wp-content\/uploads\/sites\/19\/2026\/02\/image-2.png\" alt=\"\" class=\"wp-image-5050\" srcset=\"https:\/\/escoladigital.madeira.gov.pt\/ebspdffbranco\/wp-content\/uploads\/sites\/19\/2026\/02\/image-2.png 511w, https:\/\/escoladigital.madeira.gov.pt\/ebspdffbranco\/wp-content\/uploads\/sites\/19\/2026\/02\/image-2-300x20.png 300w\" sizes=\"(max-width: 511px) 100vw, 511px\" \/><\/figure>\n\n\n\n<figure class=\"wp-block-image size-full\"><img loading=\"lazy\" decoding=\"async\" width=\"529\" height=\"30\" src=\"https:\/\/escoladigital.madeira.gov.pt\/ebspdffbranco\/wp-content\/uploads\/sites\/19\/2026\/02\/image-3.png\" alt=\"\" class=\"wp-image-5051\" srcset=\"https:\/\/escoladigital.madeira.gov.pt\/ebspdffbranco\/wp-content\/uploads\/sites\/19\/2026\/02\/image-3.png 529w, https:\/\/escoladigital.madeira.gov.pt\/ebspdffbranco\/wp-content\/uploads\/sites\/19\/2026\/02\/image-3-300x17.png 300w\" sizes=\"(max-width: 529px) 100vw, 529px\" \/><\/figure>\n\n\n\n<figure class=\"wp-block-image size-full\"><img loading=\"lazy\" decoding=\"async\" width=\"532\" height=\"28\" src=\"https:\/\/escoladigital.madeira.gov.pt\/ebspdffbranco\/wp-content\/uploads\/sites\/19\/2026\/02\/image-4.png\" alt=\"\" class=\"wp-image-5052\" srcset=\"https:\/\/escoladigital.madeira.gov.pt\/ebspdffbranco\/wp-content\/uploads\/sites\/19\/2026\/02\/image-4.png 532w, https:\/\/escoladigital.madeira.gov.pt\/ebspdffbranco\/wp-content\/uploads\/sites\/19\/2026\/02\/image-4-300x16.png 300w\" sizes=\"(max-width: 532px) 100vw, 532px\" \/><\/figure>\n\n\n\n<p>Provas-Ensaio &#8211; 9.\u00ba Ano de escolaridade do 3.\u00ba ciclo do Ensino B\u00e1sico<\/p>\n\n\n\n<figure class=\"wp-block-image size-full\"><img loading=\"lazy\" decoding=\"async\" width=\"526\" height=\"82\" src=\"https:\/\/escoladigital.madeira.gov.pt\/ebspdffbranco\/wp-content\/uploads\/sites\/19\/2026\/02\/image-5.png\" alt=\"\" class=\"wp-image-5058\" srcset=\"https:\/\/escoladigital.madeira.gov.pt\/ebspdffbranco\/wp-content\/uploads\/sites\/19\/2026\/02\/image-5.png 526w, https:\/\/escoladigital.madeira.gov.pt\/ebspdffbranco\/wp-content\/uploads\/sites\/19\/2026\/02\/image-5-300x47.png 300w\" sizes=\"(max-width: 526px) 100vw, 526px\" \/><\/figure>\n<\/div><\/details>\n\n\n\n<details class=\"wp-block-themeisle-blocks-accordion-item\"><summary class=\"wp-block-themeisle-blocks-accordion-item__title\"><div><strong>Provas &#8211; Ensaio 2026 &#8211; Comunica\u00e7\u00e3o <\/strong><\/div><\/summary><div class=\"wp-block-themeisle-blocks-accordion-item__content\">\n<figure class=\"wp-block-image size-full\"><a href=\"https:\/\/escoladigital.madeira.gov.pt\/ebspdffbranco\/wp-content\/uploads\/sites\/19\/2026\/02\/Provas-Ensaio-2026_Comunicacao-as-escolas_Final.pdf\" target=\"_blank\" rel=\" noreferrer noopener\"><img loading=\"lazy\" decoding=\"async\" width=\"233\" height=\"112\" src=\"https:\/\/escoladigital.madeira.gov.pt\/ebspdffbranco\/wp-content\/uploads\/sites\/19\/2026\/02\/Comunicacao-MODA.png\" alt=\"\" class=\"wp-image-5000\" \/><\/a><\/figure>\n\n\n\n<p><\/p>\n<\/div><\/details>\n\n\n\n<details class=\"wp-block-themeisle-blocks-accordion-item\"><summary class=\"wp-block-themeisle-blocks-accordion-item__title\"><div><strong>Calend\u00e1rio das Provas ModA &#8211; 4.\u00ba e 6.\u00ba Anos<\/strong> &#8211;<\/div><\/summary><div class=\"wp-block-themeisle-blocks-accordion-item__content\">\n<p><a href=\"https:\/\/escoladigital.madeira.gov.pt\/ebspdffbranco\/wp-content\/uploads\/sites\/19\/2026\/02\/Calendarizacao-das-provas-ModA-4.o-ano-2026.pdf\" target=\"_blank\" rel=\"noreferrer noopener\">4.\u00ba ano de escolaridade do 1.\u00ba Ciclo do Ensino B\u00e1sico<\/a><\/p>\n\n\n\n<p><a href=\"https:\/\/escoladigital.madeira.gov.pt\/ebspdffbranco\/wp-content\/uploads\/sites\/19\/2026\/02\/Calendarizacao-das-provas-ModA-6.o-ano-2026.pdf\" target=\"_blank\" rel=\"noreferrer noopener\">6.\u00ba ano de escolaridade do 2.\u00ba Ciclo do Ensino B\u00e1sico<\/a><\/p>\n\n\n\n<p><\/p>\n<\/div><\/details>\n\n\n\n<details class=\"wp-block-themeisle-blocks-accordion-item\"><summary class=\"wp-block-themeisle-blocks-accordion-item__title\"><div><strong>Calend\u00e1rio das Provas Finais &#8211; 9.\u00ba Ano <\/strong><\/div><\/summary><div class=\"wp-block-themeisle-blocks-accordion-item__content\">\n<figure class=\"wp-block-image size-full\"><img loading=\"lazy\" decoding=\"async\" width=\"794\" height=\"713\" src=\"https:\/\/escoladigital.madeira.gov.pt\/ebspdffbranco\/wp-content\/uploads\/sites\/19\/2026\/02\/image-6.png\" alt=\"\" class=\"wp-image-5061\" srcset=\"https:\/\/escoladigital.madeira.gov.pt\/ebspdffbranco\/wp-content\/uploads\/sites\/19\/2026\/02\/image-6.png 794w, https:\/\/escoladigital.madeira.gov.pt\/ebspdffbranco\/wp-content\/uploads\/sites\/19\/2026\/02\/image-6-300x269.png 300w, https:\/\/escoladigital.madeira.gov.pt\/ebspdffbranco\/wp-content\/uploads\/sites\/19\/2026\/02\/image-6-768x690.png 768w\" sizes=\"(max-width: 794px) 100vw, 794px\" \/><\/figure>\n\n\n\n<hr class=\"wp-block-separator has-alpha-channel-opacity\" \/>\n\n\n\n<figure class=\"wp-block-image size-full\"><img loading=\"lazy\" decoding=\"async\" width=\"717\" height=\"421\" src=\"https:\/\/escoladigital.madeira.gov.pt\/ebspdffbranco\/wp-content\/uploads\/sites\/19\/2026\/02\/image-7.png\" alt=\"\" class=\"wp-image-5064\" srcset=\"https:\/\/escoladigital.madeira.gov.pt\/ebspdffbranco\/wp-content\/uploads\/sites\/19\/2026\/02\/image-7.png 717w, https:\/\/escoladigital.madeira.gov.pt\/ebspdffbranco\/wp-content\/uploads\/sites\/19\/2026\/02\/image-7-300x176.png 300w\" sizes=\"(max-width: 717px) 100vw, 717px\" \/><\/figure>\n<\/div><\/details>\n<\/div>\n\n\n\n<p class=\"has-text-align-left\"><\/p>\n\n\n\n<div id=\"wp-block-themeisle-blocks-accordion-10978acd\" class=\"wp-block-themeisle-blocks-accordion exclusive\">\n\n\n\n\n\n\n\n\n\n\n\n\n\n<\/div>\n\n\n\n<hr class=\"wp-block-separator has-alpha-channel-opacity is-style-dots\" \/>\n\n\n\n<p><\/p>\n","protected":false},"excerpt":{"rendered":"<p>Informa\u00e7\u00f5es &#8211; Prova Geral 2025\/2026 Plataforma PIEPE &#8211; Plataforma de Inscri\u00e7\u00e3o Eletr\u00f3nica em Provas e Exames 2025\/2026 Condi\u00e7\u00f5es de inscri\u00e7\u00e3o nas Provas do Ensino B\u00e1sico 2025\/2026 Condi\u00e7\u00f5es de inscri\u00e7\u00e3o nos Exames do Ensino Secund\u00e1rio 2025\/2026 Prazos das Inscri\u00e7\u00f5es nos Exames e Provas Est\u00e1 dispon\u00edvel no s\u00edtio da Dire\u00e7\u00e3o Geral de Educa\u00e7\u00e3o \/ J\u00fari Nacional de [&hellip;]<\/p>\n","protected":false},"author":28,"featured_media":0,"parent":0,"menu_order":0,"comment_status":"closed","ping_status":"closed","template":"","meta":{"_themeisle_gutenberg_block_has_review":false,"footnotes":""},"class_list":["post-942","page","type-page","status-publish","hentry"],"_links":{"self":[{"href":"https:\/\/escoladigital.madeira.gov.pt\/ebspdffbranco\/wp-json\/wp\/v2\/pages\/942","targetHints":{"allow":["GET"]}}],"collection":[{"href":"https:\/\/escoladigital.madeira.gov.pt\/ebspdffbranco\/wp-json\/wp\/v2\/pages"}],"about":[{"href":"https:\/\/escoladigital.madeira.gov.pt\/ebspdffbranco\/wp-json\/wp\/v2\/types\/page"}],"author":[{"embeddable":true,"href":"https:\/\/escoladigital.madeira.gov.pt\/ebspdffbranco\/wp-json\/wp\/v2\/users\/28"}],"replies":[{"embeddable":true,"href":"https:\/\/escoladigital.madeira.gov.pt\/ebspdffbranco\/wp-json\/wp\/v2\/comments?post=942"}],"version-history":[{"count":129,"href":"https:\/\/escoladigital.madeira.gov.pt\/ebspdffbranco\/wp-json\/wp\/v2\/pages\/942\/revisions"}],"predecessor-version":[{"id":5185,"href":"https:\/\/escoladigital.madeira.gov.pt\/ebspdffbranco\/wp-json\/wp\/v2\/pages\/942\/revisions\/5185"}],"wp:attachment":[{"href":"https:\/\/escoladigital.madeira.gov.pt\/ebspdffbranco\/wp-json\/wp\/v2\/media?parent=942"}],"curies":[{"name":"wp","href":"https:\/\/api.w.org\/{rel}","templated":true}]}}