{"id":971,"date":"2024-09-03T23:34:56","date_gmt":"2024-09-03T23:34:56","guid":{"rendered":"https:\/\/escoladigital.madeira.gov.pt\/ebspdffbranco\/?page_id=971"},"modified":"2026-04-21T22:05:12","modified_gmt":"2026-04-21T22:05:12","slug":"ponto-e-virgula","status":"publish","type":"page","link":"https:\/\/escoladigital.madeira.gov.pt\/ebspdffbranco\/ponto-e-virgula\/","title":{"rendered":"Ponto e V\u00edrgula (.,)"},"content":{"rendered":"\n<div class=\"wp-block-group alignfull has-base-2-background-color has-background is-nowrap is-layout-flex wp-container-core-group-is-layout-b5abd03e wp-block-group-is-layout-flex\" style=\"margin-top:0;margin-bottom:0;padding-top:var(--wp--preset--spacing--50);padding-right:var(--wp--preset--spacing--50);padding-bottom:var(--wp--preset--spacing--50);padding-left:var(--wp--preset--spacing--50)\">\n<p><strong>A Tua Vez &#8211; Abril<\/strong> &#8211; Trabalho p\u00e1gina 11: &#8211; Ilustra\u00e7\u00e3o &#8220;Formas + Cores = Arte com Matem\u00e1tica&#8221;, da aluna Francisca de Sousa do 7\u00baA.<\/p>\n\n\n\n<figure class=\"wp-block-image size-medium is-style-default wp-container-content-9cfa9a5a\"><a href=\"https:\/\/online.fliphtml5.com\/iaacu\/paginas-atv\/#p=1\" target=\"_blank\" rel=\" noreferrer noopener\"><img fetchpriority=\"high\" decoding=\"async\" width=\"221\" height=\"300\" src=\"https:\/\/escoladigital.madeira.gov.pt\/ebspdffbranco\/wp-content\/uploads\/sites\/19\/2026\/04\/A-tua-vez-Abril-221x300.png\" alt=\"\" class=\"wp-image-5214\" style=\"object-fit:cover\" srcset=\"https:\/\/escoladigital.madeira.gov.pt\/ebspdffbranco\/wp-content\/uploads\/sites\/19\/2026\/04\/A-tua-vez-Abril-221x300.png 221w, https:\/\/escoladigital.madeira.gov.pt\/ebspdffbranco\/wp-content\/uploads\/sites\/19\/2026\/04\/A-tua-vez-Abril.png 666w\" sizes=\"(max-width: 221px) 100vw, 221px\" \/><\/a><\/figure>\n<\/div>\n\n\n\n<div class=\"wp-block-group alignfull has-accent-4-background-color has-background is-vertical is-layout-flex wp-container-core-group-is-layout-056709a1 wp-block-group-is-layout-flex\" style=\"margin-top:0;margin-bottom:0;padding-top:var(--wp--preset--spacing--50);padding-right:var(--wp--preset--spacing--50);padding-bottom:var(--wp--preset--spacing--50);padding-left:var(--wp--preset--spacing--50)\">\n<div class=\"wp-block-group is-nowrap is-layout-flex wp-container-core-group-is-layout-6c531013 wp-block-group-is-layout-flex\">\n<p><strong>Mar\u00e7o 2026<\/strong> &#8211; Os trabalhos dos nossos alunos no &#8220;Ponto e V\u00edrgula&#8221; s\u00e3o os seguintes:- na p\u00e1g. 6, Matilde Velez: &#8220;Porto Santo desenvolve paix\u00e3o pela m\u00fasica&#8221; &#8211; p\u00e1g. 9, Jo\u00e3o Pedro Martins &#8211; Ilustra\u00e7\u00e3o: &#8220;A dualidade do ser&#8221;.<\/p>\n<\/div>\n\n\n\n<figure class=\"wp-block-image size-medium has-custom-border is-style-default\"><a href=\"https:\/\/online.fliphtml5.com\/zrcir\/PV-n6_mar2026-WEB\/\" target=\"_blank\" rel=\" noreferrer noopener\"><img decoding=\"async\" width=\"237\" height=\"300\" src=\"https:\/\/escoladigital.madeira.gov.pt\/ebspdffbranco\/wp-content\/uploads\/sites\/19\/2026\/04\/Capa_Marco-1-237x300.png\" alt=\"\" class=\"wp-image-5212\" style=\"border-style:none;border-width:0px\" srcset=\"https:\/\/escoladigital.madeira.gov.pt\/ebspdffbranco\/wp-content\/uploads\/sites\/19\/2026\/04\/Capa_Marco-1-237x300.png 237w, https:\/\/escoladigital.madeira.gov.pt\/ebspdffbranco\/wp-content\/uploads\/sites\/19\/2026\/04\/Capa_Marco-1.png 676w\" sizes=\"(max-width: 237px) 100vw, 237px\" \/><\/a><\/figure>\n<\/div>\n\n\n\n<div class=\"wp-block-group alignfull has-base-2-background-color has-background is-nowrap is-layout-flex wp-container-core-group-is-layout-b5abd03e wp-block-group-is-layout-flex\" style=\"margin-top:0;margin-bottom:0;padding-top:var(--wp--preset--spacing--50);padding-right:var(--wp--preset--spacing--50);padding-bottom:var(--wp--preset--spacing--50);padding-left:var(--wp--preset--spacing--50)\">\n<p><strong>Fevereiro de 2026<\/strong> &#8211; Os trabalhos dos nossos alunos no &#8220;Ponto e V\u00edrgula&#8221; s\u00e3o os seguintes:<br>&#8211;<strong>&#8220;H\u00e1bitos leves para dias pesados&#8221;<\/strong> (Lia Sousa, p\u00e1g. 5);<br>&#8211; Reportagem: <strong>&#8220;O Porto Santo apagou janeiro do calend\u00e1rio&#8221;<\/strong> (Sara Silva, p\u00e1g. 11).<\/p>\n\n\n\n<figure class=\"wp-block-image size-medium is-style-default wp-container-content-9cfa9a5a\"><a href=\"https:\/\/online.fliphtml5.com\/kayys\/otej\/\" target=\"_blank\" rel=\" noreferrer noopener\"><img decoding=\"async\" width=\"237\" height=\"300\" src=\"https:\/\/escoladigital.madeira.gov.pt\/ebspdffbranco\/wp-content\/uploads\/sites\/19\/2026\/02\/Capa_FEV-237x300.png\" alt=\"\" class=\"wp-image-5073\" style=\"object-fit:cover\" srcset=\"https:\/\/escoladigital.madeira.gov.pt\/ebspdffbranco\/wp-content\/uploads\/sites\/19\/2026\/02\/Capa_FEV-237x300.png 237w, https:\/\/escoladigital.madeira.gov.pt\/ebspdffbranco\/wp-content\/uploads\/sites\/19\/2026\/02\/Capa_FEV.png 328w\" sizes=\"(max-width: 237px) 100vw, 237px\" \/><\/a><\/figure>\n<\/div>\n\n\n\n<div class=\"wp-block-group alignfull has-accent-4-background-color has-background is-nowrap is-layout-flex wp-container-core-group-is-layout-b5abd03e wp-block-group-is-layout-flex\" style=\"margin-top:0;margin-bottom:0;padding-top:var(--wp--preset--spacing--50);padding-right:var(--wp--preset--spacing--50);padding-bottom:var(--wp--preset--spacing--50);padding-left:var(--wp--preset--spacing--50)\">\n<figure class=\"wp-block-image size-full wp-container-content-9cfa9a5a\"><a href=\"https:\/\/online.fliphtml5.com\/kayys\/kwuq\/\" target=\"_blank\" rel=\" noreferrer noopener\"><img loading=\"lazy\" decoding=\"async\" width=\"333\" height=\"425\" src=\"https:\/\/escoladigital.madeira.gov.pt\/ebspdffbranco\/wp-content\/uploads\/sites\/19\/2026\/01\/Capa_JAN.png\" alt=\"\" class=\"wp-image-4987\" style=\"object-fit:cover\" srcset=\"https:\/\/escoladigital.madeira.gov.pt\/ebspdffbranco\/wp-content\/uploads\/sites\/19\/2026\/01\/Capa_JAN.png 333w, https:\/\/escoladigital.madeira.gov.pt\/ebspdffbranco\/wp-content\/uploads\/sites\/19\/2026\/01\/Capa_JAN-235x300.png 235w\" sizes=\"(max-width: 333px) 100vw, 333px\" \/><\/a><\/figure>\n\n\n\n<p><strong>Janeiro 2026<\/strong> &#8211; Os trabalhos dos nossos alunos no &#8220;Ponto e V\u00edrgula&#8221; s\u00e3o os seguintes:<\/p>\n\n\n\n<p>&#8211; Capa: <strong>&#8220;A honra do saber&#8221;<\/strong> (Sara Oliveira);<br>&#8211; <strong>&#8220;O Insta do Cam\u00f5es&#8221; <\/strong>(Matilde Velez, p\u00e1g. 7);<br>&#8211; Conto:<strong> &#8220;Um suspiro de liberdade&#8221; <\/strong>(Lara Melim, p\u00e1g. 14).<\/p>\n<\/div>\n\n\n\n<div class=\"wp-block-group alignfull has-base-background-color has-background is-nowrap is-layout-flex wp-container-core-group-is-layout-b5abd03e wp-block-group-is-layout-flex\" style=\"margin-top:0;margin-bottom:0;padding-top:var(--wp--preset--spacing--50);padding-right:var(--wp--preset--spacing--50);padding-bottom:var(--wp--preset--spacing--50);padding-left:var(--wp--preset--spacing--50)\">\n<p><strong>Dezembro 2025<\/strong> &#8211; Podem encontrar os trabalhos das nossas alunas: Lia Sousa,<br> \u201cPodengo do Porto Santo\u201d, na p\u00e1gina 4 e Jo\u00e3o Gabriel Silva, \u201cFotografia &#8211; Pausas em Movimento\u201d, na p\u00e1gina 10.<\/p>\n\n\n\n<figure class=\"wp-block-image size-full is-resized\"><a href=\"https:\/\/online.fliphtml5.com\/kayys\/huly\/?1767631550916\" target=\"_blank\" rel=\" noreferrer noopener\"><img loading=\"lazy\" decoding=\"async\" width=\"655\" height=\"832\" src=\"https:\/\/escoladigital.madeira.gov.pt\/ebspdffbranco\/wp-content\/uploads\/sites\/19\/2026\/01\/Capa_DEZ.png\" alt=\"\" class=\"wp-image-4811\" style=\"width:271px;height:auto\" srcset=\"https:\/\/escoladigital.madeira.gov.pt\/ebspdffbranco\/wp-content\/uploads\/sites\/19\/2026\/01\/Capa_DEZ.png 655w, https:\/\/escoladigital.madeira.gov.pt\/ebspdffbranco\/wp-content\/uploads\/sites\/19\/2026\/01\/Capa_DEZ-236x300.png 236w\" sizes=\"(max-width: 655px) 100vw, 655px\" \/><\/a><\/figure>\n<\/div>\n\n\n\n<div class=\"wp-block-group alignfull has-accent-4-background-color has-background is-nowrap is-layout-flex wp-container-core-group-is-layout-b5abd03e wp-block-group-is-layout-flex\" style=\"margin-top:0;margin-bottom:0;padding-top:var(--wp--preset--spacing--50);padding-right:var(--wp--preset--spacing--50);padding-bottom:var(--wp--preset--spacing--50);padding-left:var(--wp--preset--spacing--50)\">\n<figure class=\"wp-block-image size-full is-resized\"><a href=\"https:\/\/online.fliphtml5.com\/kayys\/cphu\/\" target=\"_blank\" rel=\" noreferrer noopener\"><img loading=\"lazy\" decoding=\"async\" width=\"636\" height=\"825\" src=\"https:\/\/escoladigital.madeira.gov.pt\/ebspdffbranco\/wp-content\/uploads\/sites\/19\/2025\/11\/Capa_Nov.png\" alt=\"\" class=\"wp-image-4581\" style=\"width:271px;height:auto\" srcset=\"https:\/\/escoladigital.madeira.gov.pt\/ebspdffbranco\/wp-content\/uploads\/sites\/19\/2025\/11\/Capa_Nov.png 636w, https:\/\/escoladigital.madeira.gov.pt\/ebspdffbranco\/wp-content\/uploads\/sites\/19\/2025\/11\/Capa_Nov-231x300.png 231w\" sizes=\"(max-width: 636px) 100vw, 636px\" \/><\/a><\/figure>\n\n\n\n<p><strong> Novembro 2025<\/strong> &#8211; Podemos encontrar os trabalhos das nossas alunas nas p\u00e1ginas 3 (Lia Sousa &#8211; not\u00edcia) e p\u00e1gina 14 (Matilde Velez &#8211; conto: &#8220;Cinco minutos&#8221;).<\/p>\n<\/div>\n\n\n\n<div class=\"wp-block-group alignfull has-base-background-color has-background is-nowrap is-layout-flex wp-container-core-group-is-layout-b5abd03e wp-block-group-is-layout-flex\" style=\"margin-top:0;margin-bottom:0;padding-top:var(--wp--preset--spacing--50);padding-right:var(--wp--preset--spacing--50);padding-bottom:var(--wp--preset--spacing--50);padding-left:var(--wp--preset--spacing--50)\">\n<p><strong> Outubro 2025<\/strong> &#8211;  As alunas correspondentes da nossa Escola no &#8220;Ponto e V\u00edrgula&#8221; s\u00e3o a Lia Sousa (10\u00ba LH) e a Matilde Velez (11\u00baCT).<\/p>\n\n\n\n<figure class=\"wp-block-image size-full is-resized\"><a href=\"https:\/\/online.fliphtml5.com\/kayys\/ezuk\/?1762347575223\" target=\"_blank\" rel=\" noreferrer noopener\"><img loading=\"lazy\" decoding=\"async\" width=\"337\" height=\"424\" src=\"https:\/\/escoladigital.madeira.gov.pt\/ebspdffbranco\/wp-content\/uploads\/sites\/19\/2025\/11\/Capa_Out-1.png\" alt=\"\" class=\"wp-image-4532\" style=\"width:271px;height:auto\" srcset=\"https:\/\/escoladigital.madeira.gov.pt\/ebspdffbranco\/wp-content\/uploads\/sites\/19\/2025\/11\/Capa_Out-1.png 337w, https:\/\/escoladigital.madeira.gov.pt\/ebspdffbranco\/wp-content\/uploads\/sites\/19\/2025\/11\/Capa_Out-1-238x300.png 238w\" sizes=\"(max-width: 337px) 100vw, 337px\" \/><\/a><\/figure>\n<\/div>\n\n\n\n<div class=\"wp-block-group alignfull has-accent-4-background-color has-background is-nowrap is-layout-flex wp-container-core-group-is-layout-b5abd03e wp-block-group-is-layout-flex\" style=\"margin-top:0;margin-bottom:0;padding-top:var(--wp--preset--spacing--50);padding-right:var(--wp--preset--spacing--50);padding-bottom:var(--wp--preset--spacing--50);padding-left:var(--wp--preset--spacing--50)\">\n<figure class=\"wp-block-image size-full is-resized\"><a href=\"https:\/\/online.fliphtml5.com\/kayys\/cxsv\/\" target=\"_blank\" rel=\" noreferrer noopener\"><img loading=\"lazy\" decoding=\"async\" width=\"651\" height=\"846\" src=\"https:\/\/escoladigital.madeira.gov.pt\/ebspdffbranco\/wp-content\/uploads\/sites\/19\/2025\/06\/Capa_junho.png\" alt=\"\" class=\"wp-image-4192\" style=\"width:271px;height:auto\" srcset=\"https:\/\/escoladigital.madeira.gov.pt\/ebspdffbranco\/wp-content\/uploads\/sites\/19\/2025\/06\/Capa_junho.png 651w, https:\/\/escoladigital.madeira.gov.pt\/ebspdffbranco\/wp-content\/uploads\/sites\/19\/2025\/06\/Capa_junho-231x300.png 231w\" sizes=\"(max-width: 651px) 100vw, 651px\" \/><\/a><\/figure>\n\n\n\n<p><strong> Junho 2025<\/strong> &#8211; Podemos encontrar as declara\u00e7\u00f5es do Presidente do Conselho Executivo, na p\u00e1gina 7.<\/p>\n<\/div>\n\n\n\n<div class=\"wp-block-group alignfull has-base-background-color has-background is-nowrap is-layout-flex wp-container-core-group-is-layout-b5abd03e wp-block-group-is-layout-flex\" style=\"margin-top:0;margin-bottom:0;padding-top:var(--wp--preset--spacing--50);padding-right:var(--wp--preset--spacing--50);padding-bottom:var(--wp--preset--spacing--50);padding-left:var(--wp--preset--spacing--50)\">\n<p><strong> Maio 2025<\/strong> &#8211; Podemos encontrar o trabalho da nossa correspondente, In\u00eas Silva, na p\u00e1gina 6 e o nosso aluno Rodrigo Rodrigues na \u00faltima p\u00e1gina.<\/p>\n\n\n\n<figure class=\"wp-block-image size-full is-resized\"><a href=\"https:\/\/online.fliphtml5.com\/zrcir\/lgkd\/#p=1\" target=\"_blank\" rel=\" noreferrer noopener\"><img loading=\"lazy\" decoding=\"async\" width=\"552\" height=\"673\" src=\"https:\/\/escoladigital.madeira.gov.pt\/ebspdffbranco\/wp-content\/uploads\/sites\/19\/2025\/06\/Capa_maio.png\" alt=\"\" class=\"wp-image-4195\" style=\"width:271px;height:auto\" srcset=\"https:\/\/escoladigital.madeira.gov.pt\/ebspdffbranco\/wp-content\/uploads\/sites\/19\/2025\/06\/Capa_maio.png 552w, https:\/\/escoladigital.madeira.gov.pt\/ebspdffbranco\/wp-content\/uploads\/sites\/19\/2025\/06\/Capa_maio-246x300.png 246w\" sizes=\"(max-width: 552px) 100vw, 552px\" \/><\/a><\/figure>\n<\/div>\n\n\n\n<div class=\"wp-block-group alignfull has-base-2-background-color has-background is-nowrap is-layout-flex wp-container-core-group-is-layout-b5abd03e wp-block-group-is-layout-flex\" style=\"margin-top:0;margin-bottom:0;padding-top:var(--wp--preset--spacing--50);padding-right:var(--wp--preset--spacing--50);padding-bottom:var(--wp--preset--spacing--50);padding-left:var(--wp--preset--spacing--50)\">\n<figure class=\"wp-block-image size-full is-resized\"><a href=\"https:\/\/online.fliphtml5.com\/zrcir\/vucr\/#p=1\" target=\"_blank\" rel=\" noreferrer noopener\"><img loading=\"lazy\" decoding=\"async\" width=\"657\" height=\"836\" src=\"https:\/\/escoladigital.madeira.gov.pt\/ebspdffbranco\/wp-content\/uploads\/sites\/19\/2025\/05\/Capa_Abril.png\" alt=\"\" class=\"wp-image-3865\" style=\"width:271px;height:auto\" srcset=\"https:\/\/escoladigital.madeira.gov.pt\/ebspdffbranco\/wp-content\/uploads\/sites\/19\/2025\/05\/Capa_Abril.png 657w, https:\/\/escoladigital.madeira.gov.pt\/ebspdffbranco\/wp-content\/uploads\/sites\/19\/2025\/05\/Capa_Abril-236x300.png 236w\" sizes=\"(max-width: 657px) 100vw, 657px\" \/><\/a><\/figure>\n\n\n\n<p><strong> Abril 2025<\/strong> &#8211; Podemos encontrar o trabalho do aluno, Rodrigo Rodrigues, na p\u00e1gina 5 e da aluna Matilde Velez, na p\u00e1gina 15.<\/p>\n<\/div>\n\n\n\n<div class=\"wp-block-group alignfull has-background is-nowrap is-layout-flex wp-container-core-group-is-layout-b5abd03e wp-block-group-is-layout-flex\" style=\"background-color:#c9dfbb;margin-top:0;margin-bottom:0;padding-top:var(--wp--preset--spacing--50);padding-right:var(--wp--preset--spacing--50);padding-bottom:var(--wp--preset--spacing--50);padding-left:var(--wp--preset--spacing--50)\">\n<figure class=\"wp-block-image size-full is-resized\"><a href=\"https:\/\/online.fliphtml5.com\/zrcir\/enyq\/#p=1\" target=\"_blank\" rel=\" noreferrer noopener\"><img loading=\"lazy\" decoding=\"async\" width=\"448\" height=\"544\" src=\"https:\/\/escoladigital.madeira.gov.pt\/ebspdffbranco\/wp-content\/uploads\/sites\/19\/2025\/04\/capa_marco.png\" alt=\"\" class=\"wp-image-3374\" style=\"width:283px;height:auto\" srcset=\"https:\/\/escoladigital.madeira.gov.pt\/ebspdffbranco\/wp-content\/uploads\/sites\/19\/2025\/04\/capa_marco.png 448w, https:\/\/escoladigital.madeira.gov.pt\/ebspdffbranco\/wp-content\/uploads\/sites\/19\/2025\/04\/capa_marco-247x300.png 247w\" sizes=\"(max-width: 448px) 100vw, 448px\" \/><\/a><\/figure>\n\n\n\n<p><strong> Mar\u00e7o 2025<\/strong> &#8211; Podemos encontrar os trabalhos da nossa aluna In\u00eas Silva, nas p\u00e1ginas n.\u00ba 2 e 8. Do aluno, Jo\u00e3o Gabriel Silva, na p\u00e1gina n.\u00ba 13<br><br>Suplemento <strong>&#8220;a tua vez&#8221;<\/strong> &#8211; trabalho do nosso aluno Santiago Andrade Faria, na p\u00e1gina 7.<\/p>\n\n\n\n<figure class=\"wp-block-image size-full is-resized\"><a href=\"https:\/\/escoladigital.madeira.gov.pt\/ebspdffbranco\/wp-content\/uploads\/sites\/19\/2025\/04\/ATV-serie7-n2-mar2025-WEB.pdf\" target=\"_blank\" rel=\" noreferrer noopener\"><img loading=\"lazy\" decoding=\"async\" width=\"654\" height=\"883\" src=\"https:\/\/escoladigital.madeira.gov.pt\/ebspdffbranco\/wp-content\/uploads\/sites\/19\/2025\/04\/capaatuavez.png\" alt=\"\" class=\"wp-image-3604\" style=\"width:241px;height:auto\" srcset=\"https:\/\/escoladigital.madeira.gov.pt\/ebspdffbranco\/wp-content\/uploads\/sites\/19\/2025\/04\/capaatuavez.png 654w, https:\/\/escoladigital.madeira.gov.pt\/ebspdffbranco\/wp-content\/uploads\/sites\/19\/2025\/04\/capaatuavez-222x300.png 222w\" sizes=\"(max-width: 654px) 100vw, 654px\" \/><\/a><\/figure>\n<\/div>\n\n\n\n<div class=\"wp-block-group alignfull has-base-2-background-color has-background is-nowrap is-layout-flex wp-container-core-group-is-layout-b5abd03e wp-block-group-is-layout-flex\" style=\"margin-top:0;margin-bottom:0;padding-top:var(--wp--preset--spacing--50);padding-right:var(--wp--preset--spacing--50);padding-bottom:var(--wp--preset--spacing--50);padding-left:var(--wp--preset--spacing--50)\">\n<figure class=\"wp-block-image size-full is-resized\"><a href=\"https:\/\/online.fliphtml5.com\/kayys\/hnno\/?1740585690510\" target=\"_blank\" rel=\"noreferrer noopener\"><img loading=\"lazy\" decoding=\"async\" width=\"656\" height=\"825\" src=\"https:\/\/escoladigital.madeira.gov.pt\/ebspdffbranco\/wp-content\/uploads\/sites\/19\/2025\/02\/capa_fevereiro.png\" alt=\"\" class=\"wp-image-3052\" style=\"width:271px;height:auto\" srcset=\"https:\/\/escoladigital.madeira.gov.pt\/ebspdffbranco\/wp-content\/uploads\/sites\/19\/2025\/02\/capa_fevereiro.png 656w, https:\/\/escoladigital.madeira.gov.pt\/ebspdffbranco\/wp-content\/uploads\/sites\/19\/2025\/02\/capa_fevereiro-239x300.png 239w\" sizes=\"(max-width: 656px) 100vw, 656px\" \/><\/a><\/figure>\n\n\n\n<p><strong> Fevereiro 2025<\/strong> &#8211; Podemos encontrar os trabalhos das nossas alunas est\u00e3o nas p\u00e1ginas 3 (In\u00eas Silva) e 12 (L\u00facia Borges).<\/p>\n<\/div>\n\n\n\n<div class=\"wp-block-group alignfull has-background is-nowrap is-layout-flex wp-container-core-group-is-layout-b5abd03e wp-block-group-is-layout-flex\" style=\"background-color:#c9dfbb;margin-top:0;margin-bottom:0;padding-top:var(--wp--preset--spacing--50);padding-right:var(--wp--preset--spacing--50);padding-bottom:var(--wp--preset--spacing--50);padding-left:var(--wp--preset--spacing--50)\">\n<p><strong> Janeiro 2025<\/strong> &#8211; Podemos encontrar os trabalhos dos nossos alunos nas p\u00e1ginas 7 e 14.<\/p>\n\n\n\n<figure class=\"wp-block-image size-full is-resized\"><a href=\"https:\/\/online.fliphtml5.com\/zrcir\/vscp\/#p=1\" target=\"_blank\" rel=\" noreferrer noopener\"><img loading=\"lazy\" decoding=\"async\" width=\"628\" height=\"803\" src=\"https:\/\/escoladigital.madeira.gov.pt\/ebspdffbranco\/wp-content\/uploads\/sites\/19\/2025\/02\/capa_janeiro.png\" alt=\"\" class=\"wp-image-2762\" style=\"width:283px;height:auto\" srcset=\"https:\/\/escoladigital.madeira.gov.pt\/ebspdffbranco\/wp-content\/uploads\/sites\/19\/2025\/02\/capa_janeiro.png 628w, https:\/\/escoladigital.madeira.gov.pt\/ebspdffbranco\/wp-content\/uploads\/sites\/19\/2025\/02\/capa_janeiro-235x300.png 235w\" sizes=\"(max-width: 628px) 100vw, 628px\" \/><\/a><\/figure>\n<\/div>\n\n\n\n<div class=\"wp-block-group alignfull has-base-2-background-color has-background is-nowrap is-layout-flex wp-container-core-group-is-layout-b5abd03e wp-block-group-is-layout-flex\" style=\"margin-top:0;margin-bottom:0;padding-top:var(--wp--preset--spacing--50);padding-right:var(--wp--preset--spacing--50);padding-bottom:var(--wp--preset--spacing--50);padding-left:var(--wp--preset--spacing--50)\">\n<figure class=\"wp-block-image size-full is-resized\"><a href=\"https:\/\/online.fliphtml5.com\/zrcir\/olrj\/#p=1\" target=\"_blank\" rel=\"noreferrer noopener\"><img loading=\"lazy\" decoding=\"async\" width=\"635\" height=\"816\" src=\"https:\/\/escoladigital.madeira.gov.pt\/ebspdffbranco\/wp-content\/uploads\/sites\/19\/2024\/12\/Capa_dezembro.png\" alt=\"\" class=\"wp-image-2239\" style=\"width:275px;height:auto\" srcset=\"https:\/\/escoladigital.madeira.gov.pt\/ebspdffbranco\/wp-content\/uploads\/sites\/19\/2024\/12\/Capa_dezembro.png 635w, https:\/\/escoladigital.madeira.gov.pt\/ebspdffbranco\/wp-content\/uploads\/sites\/19\/2024\/12\/Capa_dezembro-233x300.png 233w\" sizes=\"(max-width: 635px) 100vw, 635px\" \/><\/a><\/figure>\n\n\n\n<p><strong> Dezembro 2024<\/strong> &#8211; Podemos encontrar os trabalhos dos nossos alunos nas p\u00e1ginas 2 e 3 (In\u00eas Silva) e 14 (Jo\u00e3o Pedro Correia).<\/p>\n<\/div>\n\n\n\n<div class=\"wp-block-group alignfull has-background is-nowrap is-layout-flex wp-container-core-group-is-layout-b5abd03e wp-block-group-is-layout-flex\" style=\"background-color:#c9dfbb;margin-top:0;margin-bottom:0;padding-top:var(--wp--preset--spacing--50);padding-right:var(--wp--preset--spacing--50);padding-bottom:var(--wp--preset--spacing--50);padding-left:var(--wp--preset--spacing--50)\">\n<p><strong> Novembro 2024<\/strong> &#8211; Podemos encontrar os trabalhos dos nossos alunos nas p\u00e1ginas 7 e 10<\/p>\n\n\n\n<figure class=\"wp-block-image size-full is-resized\"><a href=\"https:\/\/online.fliphtml5.com\/zrcir\/dloq\/#p=1\" target=\"_blank\" rel=\"noreferrer noopener\"><img loading=\"lazy\" decoding=\"async\" width=\"627\" height=\"813\" src=\"https:\/\/escoladigital.madeira.gov.pt\/ebspdffbranco\/wp-content\/uploads\/sites\/19\/2024\/11\/capa_novembro.png\" alt=\"\" class=\"wp-image-1887\" style=\"width:282px;height:auto\" srcset=\"https:\/\/escoladigital.madeira.gov.pt\/ebspdffbranco\/wp-content\/uploads\/sites\/19\/2024\/11\/capa_novembro.png 627w, https:\/\/escoladigital.madeira.gov.pt\/ebspdffbranco\/wp-content\/uploads\/sites\/19\/2024\/11\/capa_novembro-231x300.png 231w\" sizes=\"(max-width: 627px) 100vw, 627px\" \/><\/a><\/figure>\n<\/div>\n\n\n\n<p class=\"has-medium-font-size\"><strong>Todas as edi\u00e7\u00f5es do Ponto e V\u00edrgula<\/strong><\/p>\n\n\n\n<div class=\"wp-block-group is-nowrap is-layout-flex wp-container-core-group-is-layout-6c531013 wp-block-group-is-layout-flex\">\n<p><a href=\"https:\/\/fliphtml5.com\/bookcase\/zmyhl\" target=\"_blank\" rel=\"noreferrer noopener\">https:\/\/fliphtml5.com\/bookcase\/zmyh<\/a><a href=\"https:\/\/fliphtml5.com\/bookcase\/zmyhl\">l<\/a><\/p>\n<\/div>\n\n\n\n<p><\/p>\n","protected":false},"excerpt":{"rendered":"<p>A Tua Vez &#8211; Abril &#8211; Trabalho p\u00e1gina 11: &#8211; Ilustra\u00e7\u00e3o &#8220;Formas + Cores = Arte com Matem\u00e1tica&#8221;, da aluna Francisca de Sousa do 7\u00baA. Mar\u00e7o 2026 &#8211; Os trabalhos dos nossos alunos no &#8220;Ponto e V\u00edrgula&#8221; s\u00e3o os seguintes:- na p\u00e1g. 6, Matilde Velez: &#8220;Porto Santo desenvolve paix\u00e3o pela m\u00fasica&#8221; &#8211; p\u00e1g. 9, Jo\u00e3o [&hellip;]<\/p>\n","protected":false},"author":28,"featured_media":0,"parent":0,"menu_order":0,"comment_status":"closed","ping_status":"closed","template":"","meta":{"_themeisle_gutenberg_block_has_review":false,"footnotes":""},"class_list":["post-971","page","type-page","status-publish","hentry"],"_links":{"self":[{"href":"https:\/\/escoladigital.madeira.gov.pt\/ebspdffbranco\/wp-json\/wp\/v2\/pages\/971","targetHints":{"allow":["GET"]}}],"collection":[{"href":"https:\/\/escoladigital.madeira.gov.pt\/ebspdffbranco\/wp-json\/wp\/v2\/pages"}],"about":[{"href":"https:\/\/escoladigital.madeira.gov.pt\/ebspdffbranco\/wp-json\/wp\/v2\/types\/page"}],"author":[{"embeddable":true,"href":"https:\/\/escoladigital.madeira.gov.pt\/ebspdffbranco\/wp-json\/wp\/v2\/users\/28"}],"replies":[{"embeddable":true,"href":"https:\/\/escoladigital.madeira.gov.pt\/ebspdffbranco\/wp-json\/wp\/v2\/comments?post=971"}],"version-history":[{"count":53,"href":"https:\/\/escoladigital.madeira.gov.pt\/ebspdffbranco\/wp-json\/wp\/v2\/pages\/971\/revisions"}],"predecessor-version":[{"id":5220,"href":"https:\/\/escoladigital.madeira.gov.pt\/ebspdffbranco\/wp-json\/wp\/v2\/pages\/971\/revisions\/5220"}],"wp:attachment":[{"href":"https:\/\/escoladigital.madeira.gov.pt\/ebspdffbranco\/wp-json\/wp\/v2\/media?parent=971"}],"curies":[{"name":"wp","href":"https:\/\/api.w.org\/{rel}","templated":true}]}}