{"id":2799,"date":"2025-02-10T15:05:08","date_gmt":"2025-02-10T15:05:08","guid":{"rendered":"https:\/\/escoladigital.madeira.gov.pt\/ebspecalheta\/?page_id=2799"},"modified":"2026-04-17T20:46:06","modified_gmt":"2026-04-17T20:46:06","slug":"pagina-principal","status":"publish","type":"page","link":"https:\/\/escoladigital.madeira.gov.pt\/ebspecalheta\/","title":{"rendered":"P\u00e1gina Principal"},"content":{"rendered":"\t\t<div data-elementor-type=\"wp-page\" data-elementor-id=\"2799\" class=\"elementor elementor-2799\">\n\t\t\t\t<div class=\"elementor-element elementor-element-89a194a e-grid e-con-boxed e-con e-parent\" data-id=\"89a194a\" data-element_type=\"container\" data-e-type=\"container\">\n\t\t\t\t\t<div class=\"e-con-inner\">\n\t\t\t\t<div class=\"elementor-element elementor-element-0996c78 elementor-view-default elementor-position-block-start elementor-mobile-position-block-start elementor-widget elementor-widget-icon-box\" data-id=\"0996c78\" data-element_type=\"widget\" data-e-type=\"widget\" data-widget_type=\"icon-box.default\">\n\t\t\t\t<div class=\"elementor-widget-container\">\n\t\t\t\t\t\t\t<div class=\"elementor-icon-box-wrapper\">\n\n\t\t\t\t\t\t<div class=\"elementor-icon-box-icon\">\n\t\t\t\t<a href=\"https:\/\/escoladigital.madeira.gov.pt\/ebspecalheta\/exames-2026\/\" class=\"elementor-icon\" tabindex=\"-1\" aria-label=\"Exames 2026\">\n\t\t\t\t<svg aria-hidden=\"true\" class=\"e-font-icon-svg e-far-bookmark\" viewBox=\"0 0 384 512\" xmlns=\"http:\/\/www.w3.org\/2000\/svg\"><path d=\"M336 0H48C21.49 0 0 21.49 0 48v464l192-112 192 112V48c0-26.51-21.49-48-48-48zm0 428.43l-144-84-144 84V54a6 6 0 0 1 6-6h276c3.314 0 6 2.683 6 5.996V428.43z\"><\/path><\/svg>\t\t\t\t<\/a>\n\t\t\t<\/div>\n\t\t\t\n\t\t\t\t\t\t<div class=\"elementor-icon-box-content\">\n\n\t\t\t\t\t\t\t\t\t<h4 class=\"elementor-icon-box-title\">\n\t\t\t\t\t\t<a href=\"https:\/\/escoladigital.madeira.gov.pt\/ebspecalheta\/exames-2026\/\" >\n\t\t\t\t\t\t\tExames 2026\t\t\t\t\t\t<\/a>\n\t\t\t\t\t<\/h4>\n\t\t\t\t\n\t\t\t\t\n\t\t\t<\/div>\n\t\t\t\n\t\t<\/div>\n\t\t\t\t\t\t<\/div>\n\t\t\t\t<\/div>\n\t\t\t\t<div class=\"elementor-element elementor-element-c880efc elementor-widget elementor-widget-image\" data-id=\"c880efc\" data-element_type=\"widget\" data-e-type=\"widget\" data-widget_type=\"image.default\">\n\t\t\t\t<div class=\"elementor-widget-container\">\n\t\t\t\t\t\t\t\t\t\t\t\t\t\t\t\t<a href=\"https:\/\/escoladigital.madeira.gov.pt\/ebspecalheta\/2026\/04\/13\/vi-edicao-do-concurso-de-fotografia-artee-mim\/\">\n\t\t\t\t\t\t\t<img fetchpriority=\"high\" decoding=\"async\" width=\"300\" height=\"169\" src=\"https:\/\/escoladigital.madeira.gov.pt\/ebspecalheta\/wp-content\/uploads\/sites\/3\/2026\/04\/capa-300x169.jpg\" class=\"attachment-medium size-medium wp-image-5986\" alt=\"\" srcset=\"https:\/\/escoladigital.madeira.gov.pt\/ebspecalheta\/wp-content\/uploads\/sites\/3\/2026\/04\/capa-300x169.jpg 300w, https:\/\/escoladigital.madeira.gov.pt\/ebspecalheta\/wp-content\/uploads\/sites\/3\/2026\/04\/capa-1024x576.jpg 1024w, https:\/\/escoladigital.madeira.gov.pt\/ebspecalheta\/wp-content\/uploads\/sites\/3\/2026\/04\/capa-768x432.jpg 768w, https:\/\/escoladigital.madeira.gov.pt\/ebspecalheta\/wp-content\/uploads\/sites\/3\/2026\/04\/capa.jpg 1280w\" sizes=\"(max-width: 300px) 100vw, 300px\" \/>\t\t\t\t\t\t\t\t<\/a>\n\t\t\t\t\t\t\t\t\t\t\t\t\t\t\t<\/div>\n\t\t\t\t<\/div>\n\t\t\t\t\t<\/div>\n\t\t\t\t<\/div>\n\t\t<div class=\"elementor-element elementor-element-e9a1286 e-con-full e-flex e-con e-parent\" data-id=\"e9a1286\" data-element_type=\"container\" data-e-type=\"container\">\n\t\t<div class=\"elementor-element elementor-element-7a46e87 e-grid e-con-full e-con e-child\" data-id=\"7a46e87\" data-element_type=\"container\" data-e-type=\"container\">\n\t\t\t\t<div class=\"elementor-element elementor-element-d8ecc1a premium-post-ticker__layout-2 premium-typing-yes elementor-widget elementor-widget-premium-post-ticker\" data-id=\"d8ecc1a\" data-element_type=\"widget\" data-e-type=\"widget\" data-settings=\"{&quot;_animation&quot;:&quot;none&quot;}\" data-widget_type=\"premium-post-ticker.default\">\n\t\t\t\t<div class=\"elementor-widget-container\">\n\t\t\t\t\t\t\t\t<div class=\"premium-post-ticker__outer-wrapper premium-post-ticker__hidden \" data-ticker-settings=\"{&quot;layout&quot;:&quot;layout-2&quot;,&quot;typing&quot;:true,&quot;fade&quot;:false,&quot;arrows&quot;:false,&quot;infinite&quot;:false,&quot;autoPlay&quot;:false,&quot;vertical&quot;:false,&quot;speed&quot;:5000,&quot;slidesToShow&quot;:null,&quot;pauseOnHover&quot;:false,&quot;animation&quot;:&quot;&quot;,&quot;shouldBeRtl&quot;:false}\">\n\t\t\t\t\n\t\t\t\t\t\t\t\t\t\t<div class=\"premium-post-ticker__header-wrapper\">\n\t\t\t\t\t\t\t\t<div class=\"premium-post-ticker__title-wrapper\">\n\t\t\t\n\t\t\t<h4 class=\"premium-post-ticker__title\"> Pensamento da semana <\/h4>\n\t\t<\/div>\n\t\t\t\t\t\t\t<\/div>\n\t\t\t\t\t\n\t\t\t\t\t<div class=\"premium-post-ticker__content\">\n\t\t\t\t\t\t\n\t\t\t\t\t\t<div dir=\"ltr\" class=\"premium-post-ticker__posts-wrapper\">\n\t\t\t\t\t\t\t\t\t\t<div class=\"premium-post-ticker__post-wrapper elementor-repeater-item-164a6eb animated \">\n\t\t\t\t<div class=\"premium-post-ticker__post-title\">\n\t\t\t\t\t<a href=\"#\" data-typing=\"\u201cExistem momentos na vida onde a quest\u00e3o de saber se se pode pensar diferentemente do que se pensa, e perceber diferentemente do que se v\u00ea, \u00e9 indispens\u00e1vel para continuar a olhar ou a refletir.\u201d  M. Foucault \">\n\t\t\t\t\t\t\u201cExistem momentos na vida onde a quest\u00e3o de saber se se pode pensar diferentemente do que se pensa, e perceber diferentemente do que se v\u00ea, \u00e9 indispens\u00e1vel para continuar a olhar ou a refletir.\u201d  M. Foucault \t\t\t\t\t<\/a>\n\t\t\t\t<\/div>\n\t\t\t\t\t\t\t\t\t\t\t<\/div>\n\t\t\t\t\t\t\t\t\t<\/div>\n\n\t\t\t\t\t\t\t\t\t\t\t<\/div>\n\n\t\t\t\t\t\t\t<\/div>\n\t\t\t\t\t\t<\/div>\n\t\t\t\t<\/div>\n\t\t\t\t<div class=\"elementor-element elementor-element-c64aaa6 premium-blog-align-justify pa-container-right elementor-widget elementor-widget-premium-notifications\" data-id=\"c64aaa6\" data-element_type=\"widget\" data-e-type=\"widget\" data-settings=\"{&quot;cookies&quot;:&quot;yes&quot;,&quot;icon_type&quot;:&quot;icon&quot;,&quot;cookies_interval&quot;:1,&quot;posts_box_width&quot;:{&quot;unit&quot;:&quot;px&quot;,&quot;size&quot;:&quot;&quot;,&quot;sizes&quot;:[]},&quot;posts_box_width_tablet&quot;:{&quot;unit&quot;:&quot;px&quot;,&quot;size&quot;:&quot;&quot;,&quot;sizes&quot;:[]},&quot;posts_box_width_mobile&quot;:{&quot;unit&quot;:&quot;px&quot;,&quot;size&quot;:&quot;&quot;,&quot;sizes&quot;:[]},&quot;posts_box_position&quot;:&quot;right&quot;,&quot;posts_animation&quot;:&quot;fadeInUp&quot;,&quot;header_animation&quot;:&quot;fadeInDown&quot;}\" data-widget_type=\"premium-notifications.default\">\n\t\t\t\t<div class=\"elementor-widget-container\">\n\t\t\t\t\t\n\t\t<div class=\"pa-recent-notification\" data-recent=\"6179,6173,6166,6160,6148\">\n\n\t\t\t<div class=\"pa-rec-not-icon-wrap\">\n\t\t\t\t\t\t\t\t\t<svg class=\"premium-not-icon premium-svg-nodraw premium-drawable-icon premium-notification-icon e-font-icon-svg e-far-bell\" aria-hidden=\"true\" viewBox=\"0 0 448 512\" xmlns=\"http:\/\/www.w3.org\/2000\/svg\"><path d=\"M439.39 362.29c-19.32-20.76-55.47-51.99-55.47-154.29 0-77.7-54.48-139.9-127.94-155.16V32c0-17.67-14.32-32-31.98-32s-31.98 14.33-31.98 32v20.84C118.56 68.1 64.08 130.3 64.08 208c0 102.3-36.15 133.53-55.47 154.29-6 6.45-8.66 14.16-8.61 21.71.11 16.4 12.98 32 32.1 32h383.8c19.12 0 32-15.6 32.1-32 .05-7.55-2.61-15.27-8.61-21.71zM67.53 368c21.22-27.97 44.42-74.33 44.53-159.42 0-.2-.06-.38-.06-.58 0-61.86 50.14-112 112-112s112 50.14 112 112c0 .2-.06.38-.06.58.11 85.1 23.31 131.46 44.53 159.42H67.53zM224 512c35.32 0 63.97-28.65 63.97-64H160.03c0 35.35 28.65 64 63.97 64z\"><\/path><\/svg>\n\t\t\t\t\n\t\t\t\t\t\t\t\t\t\t\t\t\t\n\t\t\t\t\t\t\t\t\t<div class=\"pa-rec-not-number\">\n\t\t\t\t\t\t<span>5<\/span>\n\t\t\t\t\t<\/div>\n\t\t\t\t\n\t\t\t<\/div>\n\n\t\t<\/div>\n\n\t\t<div class=\"premium-blog-wrap  pa-rec-posts-container elementor-invisible\">\n\t\t\t<div class=\"pa-rec-posts-header\">\n\n\t\t\t\t<div class=\"pa-rec-title-wrap\">\n\n\t\t\t\t\t\n\t\t\t\t\t<h2 class=\"pa-rec-title\">\n\t\t\t\t\t\tNovidades\t\t\t\t\t<\/h2>\n\n\n\t\t\t\t<\/div>\n\n\t\t\t\t<div class=\"pa-rec-posts-close\">\n\t\t\t\t\t<i class=\"pa-rec-posts-close-icon fa fa-close\" aria-hidden=\"true\"><\/i>\n\t\t\t\t<\/div>\n\t\t\t<\/div>\n\n\t\t\t<div class=\"pa-rec-posts-body\">\n\t\t\t\t\t\t<article class=\"premium-blog-post-outer-container\" data-total=\"31\">\n\t\t\t<div class=\"premium-blog-post-container premium-blog-skin-classic\">\n\t\t\t\t\t\t\t\t\t\t\t\t<div class=\"premium-blog-content-wrapper empty-thumb\">\n\n\t\t\t\t\t<div class=\"premium-blog-inner-container\">\n\n\t\t\t\t\t\t\t\t\t\t\t\t\t\t<h2 class=\"premium-blog-entry-title\">\n\t\t\t<a href=\"https:\/\/escoladigital.madeira.gov.pt\/ebspecalheta\/2026\/04\/29\/assembleia-vai-a-escola\/\" target=\"_blank\">\n\t\t\t\tAssembleia vai \u00e0 Escola\t\t\t<\/a>\n\t\t<\/h2>\n\t\t\t\t<div class=\"premium-blog-entry-meta\">\n\t\t\t\n\t\t\t\t\t\t\t<span class=\"premium-blog-meta-separator\">\u2022<\/span>\n\t\t\t\t<div class=\"premium-blog-post-time premium-blog-meta-data\">\n\t\t\t\t\t<i class=\"fa fa-calendar-alt\" aria-hidden=\"true\"><\/i>\n\t\t\t\t\t<span>29 de Abril, 2026<\/span>\n\t\t\t\t<\/div>\n\t\t\t\n\t\t\t\t\t\t\t<span class=\"premium-blog-meta-separator\">\u2022<\/span>\n\t\t\t\t<div class=\"premium-blog-post-categories premium-blog-meta-data\">\n\t\t\t\t\t<i class=\"fa fa-align-left fa-fw\" aria-hidden=\"true\"><\/i>\n\t\t\t\t\t<a href=\"https:\/\/escoladigital.madeira.gov.pt\/ebspecalheta\/category\/noticias\/2semestre\/\" rel=\"category tag\">2\u00ba Semestre<\/a>\t\t\t\t<\/div>\n\t\t\t\n\t\t\t\t\t<\/div>\n\t\t\n\t\t\t\t\t<\/div>\n\n\t\t\t\t\t\t\t<div class=\"premium-blog-content-inner-wrapper\">\n\t\t<p class=\"premium-blog-post-content\">No dia 22 de abril, a nossa escola recebeu a atividade \u201cAssembleia vai \u00e0 Escola\u201d, dirigida aos alunos do 3.\u00ba e 4.\u00baanos \u2026<\/p>\t\t<\/div>\n\t\t\t\t\t\t\t\n\t\t\t\t<\/div>\n\t\t\t<\/div>\n\t\t<\/article>\n\n\t\t\t\t<article class=\"premium-blog-post-outer-container\" data-total=\"31\">\n\t\t\t<div class=\"premium-blog-post-container premium-blog-skin-classic\">\n\t\t\t\t\t\t\t\t\t\t\t\t<div class=\"premium-blog-content-wrapper empty-thumb\">\n\n\t\t\t\t\t<div class=\"premium-blog-inner-container\">\n\n\t\t\t\t\t\t\t\t\t\t\t\t\t\t<h2 class=\"premium-blog-entry-title\">\n\t\t\t<a href=\"https:\/\/escoladigital.madeira.gov.pt\/ebspecalheta\/2026\/04\/29\/ciencia-em-movimento-do-milho-dancante-a-arte-com-leite\/\" target=\"_blank\">\n\t\t\t\tCi\u00eancia em Movimento: Do Milho Dan\u00e7ante \u00e0 Arte com Leite\t\t\t<\/a>\n\t\t<\/h2>\n\t\t\t\t<div class=\"premium-blog-entry-meta\">\n\t\t\t\n\t\t\t\t\t\t\t<span class=\"premium-blog-meta-separator\">\u2022<\/span>\n\t\t\t\t<div class=\"premium-blog-post-time premium-blog-meta-data\">\n\t\t\t\t\t<i class=\"fa fa-calendar-alt\" aria-hidden=\"true\"><\/i>\n\t\t\t\t\t<span>29 de Abril, 2026<\/span>\n\t\t\t\t<\/div>\n\t\t\t\n\t\t\t\t\t\t\t<span class=\"premium-blog-meta-separator\">\u2022<\/span>\n\t\t\t\t<div class=\"premium-blog-post-categories premium-blog-meta-data\">\n\t\t\t\t\t<i class=\"fa fa-align-left fa-fw\" aria-hidden=\"true\"><\/i>\n\t\t\t\t\t<a href=\"https:\/\/escoladigital.madeira.gov.pt\/ebspecalheta\/category\/ebsciencia\/\" rel=\"category tag\">EBS Ci\u00eancia<\/a>\t\t\t\t<\/div>\n\t\t\t\n\t\t\t\t\t<\/div>\n\t\t\n\t\t\t\t\t<\/div>\n\n\t\t\t\t\t\t\t<div class=\"premium-blog-content-inner-wrapper\">\n\t\t<p class=\"premium-blog-post-content\">O EBSCI\u00caNCIA continua a surpreender com experi\u00eancias simples, seguras e cheias de criatividade, provando que a ci\u00eancia pode \u2014 e deve \u2014 \u2026<\/p>\t\t<\/div>\n\t\t\t\t\t\t\t\n\t\t\t\t<\/div>\n\t\t\t<\/div>\n\t\t<\/article>\n\n\t\t\t\t<article class=\"premium-blog-post-outer-container\" data-total=\"31\">\n\t\t\t<div class=\"premium-blog-post-container premium-blog-skin-classic\">\n\t\t\t\t\t\t\t\t\t\t\t\t<div class=\"premium-blog-content-wrapper empty-thumb\">\n\n\t\t\t\t\t<div class=\"premium-blog-inner-container\">\n\n\t\t\t\t\t\t\t\t\t\t\t\t\t\t<h2 class=\"premium-blog-entry-title\">\n\t\t\t<a href=\"https:\/\/escoladigital.madeira.gov.pt\/ebspecalheta\/2026\/04\/29\/escola-recebe-compostor-para-incentivar-praticas-sustentaveis\/\" target=\"_blank\">\n\t\t\t\tEscola recebe compostor para incentivar pr\u00e1ticas sustent\u00e1veis\t\t\t<\/a>\n\t\t<\/h2>\n\t\t\t\t<div class=\"premium-blog-entry-meta\">\n\t\t\t\n\t\t\t\t\t\t\t<span class=\"premium-blog-meta-separator\">\u2022<\/span>\n\t\t\t\t<div class=\"premium-blog-post-time premium-blog-meta-data\">\n\t\t\t\t\t<i class=\"fa fa-calendar-alt\" aria-hidden=\"true\"><\/i>\n\t\t\t\t\t<span>29 de Abril, 2026<\/span>\n\t\t\t\t<\/div>\n\t\t\t\n\t\t\t\t\t\t\t<span class=\"premium-blog-meta-separator\">\u2022<\/span>\n\t\t\t\t<div class=\"premium-blog-post-categories premium-blog-meta-data\">\n\t\t\t\t\t<i class=\"fa fa-align-left fa-fw\" aria-hidden=\"true\"><\/i>\n\t\t\t\t\t<a href=\"https:\/\/escoladigital.madeira.gov.pt\/ebspecalheta\/category\/eco-escolas\/\" rel=\"category tag\">Eco Escolas<\/a>\t\t\t\t<\/div>\n\t\t\t\n\t\t\t\t\t<\/div>\n\t\t\n\t\t\t\t\t<\/div>\n\n\t\t\t\t\t\t\t<div class=\"premium-blog-content-inner-wrapper\">\n\t\t<p class=\"premium-blog-post-content\">A nossa escola recebeu recentemente um compostor oferecido pela C\u00e2mara Municipal da Calheta, com o objetivo de promover a compostagem e sensibilizar \u2026<\/p>\t\t<\/div>\n\t\t\t\t\t\t\t\n\t\t\t\t<\/div>\n\t\t\t<\/div>\n\t\t<\/article>\n\n\t\t\t\t<article class=\"premium-blog-post-outer-container\" data-total=\"31\">\n\t\t\t<div class=\"premium-blog-post-container premium-blog-skin-classic\">\n\t\t\t\t\t\t\t\t\t\t\t\t<div class=\"premium-blog-content-wrapper empty-thumb\">\n\n\t\t\t\t\t<div class=\"premium-blog-inner-container\">\n\n\t\t\t\t\t\t\t\t\t\t\t\t\t\t<h2 class=\"premium-blog-entry-title\">\n\t\t\t<a href=\"https:\/\/escoladigital.madeira.gov.pt\/ebspecalheta\/2026\/04\/29\/palestra-o-lixo-marinho-sensibiliza-alunos-para-a-protecao-dos-oceanos\/\" target=\"_blank\">\n\t\t\t\tPalestra \u201cO Lixo Marinho\u201d sensibiliza alunos para a prote\u00e7\u00e3o dos oceanos\t\t\t<\/a>\n\t\t<\/h2>\n\t\t\t\t<div class=\"premium-blog-entry-meta\">\n\t\t\t\n\t\t\t\t\t\t\t<span class=\"premium-blog-meta-separator\">\u2022<\/span>\n\t\t\t\t<div class=\"premium-blog-post-time premium-blog-meta-data\">\n\t\t\t\t\t<i class=\"fa fa-calendar-alt\" aria-hidden=\"true\"><\/i>\n\t\t\t\t\t<span>29 de Abril, 2026<\/span>\n\t\t\t\t<\/div>\n\t\t\t\n\t\t\t\t\t\t\t<span class=\"premium-blog-meta-separator\">\u2022<\/span>\n\t\t\t\t<div class=\"premium-blog-post-categories premium-blog-meta-data\">\n\t\t\t\t\t<i class=\"fa fa-align-left fa-fw\" aria-hidden=\"true\"><\/i>\n\t\t\t\t\t<a href=\"https:\/\/escoladigital.madeira.gov.pt\/ebspecalheta\/category\/eco-escolas\/\" rel=\"category tag\">Eco Escolas<\/a>\t\t\t\t<\/div>\n\t\t\t\n\t\t\t\t\t<\/div>\n\t\t\n\t\t\t\t\t<\/div>\n\n\t\t\t\t\t\t\t<div class=\"premium-blog-content-inner-wrapper\">\n\t\t<p class=\"premium-blog-post-content\">No passado dia 24 de abril, realizou-se a palestra \u201cO Lixo Marinho\u201d, uma iniciativa dinamizada pela Dra. Cristina, do Instituto de Florestas \u2026<\/p>\t\t<\/div>\n\t\t\t\t\t\t\t\n\t\t\t\t<\/div>\n\t\t\t<\/div>\n\t\t<\/article>\n\n\t\t\t\t<article class=\"premium-blog-post-outer-container\" data-total=\"31\">\n\t\t\t<div class=\"premium-blog-post-container premium-blog-skin-classic\">\n\t\t\t\t\t\t\t\t\t\t\t\t<div class=\"premium-blog-content-wrapper empty-thumb\">\n\n\t\t\t\t\t<div class=\"premium-blog-inner-container\">\n\n\t\t\t\t\t\t\t\t\t\t\t\t\t\t<h2 class=\"premium-blog-entry-title\">\n\t\t\t<a href=\"https:\/\/escoladigital.madeira.gov.pt\/ebspecalheta\/2026\/04\/29\/biodiversidade-e-conservacao-nos-ecossistemas-de-agua-doce-mobiliza-turma-10-4\/\" target=\"_blank\">\n\t\t\t\tBiodiversidade e conserva\u00e7\u00e3o nos ecossistemas de \u00e1gua doce mobiliza turma 10\/4\t\t\t<\/a>\n\t\t<\/h2>\n\t\t\t\t<div class=\"premium-blog-entry-meta\">\n\t\t\t\n\t\t\t\t\t\t\t<span class=\"premium-blog-meta-separator\">\u2022<\/span>\n\t\t\t\t<div class=\"premium-blog-post-time premium-blog-meta-data\">\n\t\t\t\t\t<i class=\"fa fa-calendar-alt\" aria-hidden=\"true\"><\/i>\n\t\t\t\t\t<span>29 de Abril, 2026<\/span>\n\t\t\t\t<\/div>\n\t\t\t\n\t\t\t\t\t\t\t<span class=\"premium-blog-meta-separator\">\u2022<\/span>\n\t\t\t\t<div class=\"premium-blog-post-categories premium-blog-meta-data\">\n\t\t\t\t\t<i class=\"fa fa-align-left fa-fw\" aria-hidden=\"true\"><\/i>\n\t\t\t\t\t<a href=\"https:\/\/escoladigital.madeira.gov.pt\/ebspecalheta\/category\/eco-escolas\/\" rel=\"category tag\">Eco Escolas<\/a>\t\t\t\t<\/div>\n\t\t\t\n\t\t\t\t\t<\/div>\n\t\t\n\t\t\t\t\t<\/div>\n\n\t\t\t\t\t\t\t<div class=\"premium-blog-content-inner-wrapper\">\n\t\t<p class=\"premium-blog-post-content\">No passado dia 23 de abril, a turma 10\/4 participou na atividade \u201cBiodiversidade e conserva\u00e7\u00e3o nos ecossistemas de \u00e1gua doce\u201d, uma iniciativa \u2026<\/p>\t\t<\/div>\n\t\t\t\t\t\t\t\n\t\t\t\t<\/div>\n\t\t\t<\/div>\n\t\t<\/article>\n\n\t\t\t\t\t<\/div>\n\n\n\t\t<\/div>\n\n\t\t\n\t\t\t\t\t\t<\/div>\n\t\t\t\t<\/div>\n\t\t\t\t<\/div>\n\t\t\t\t<\/div>\n\t\t<div class=\"elementor-element elementor-element-5ea0cbe e-flex e-con-boxed e-con e-parent\" data-id=\"5ea0cbe\" data-element_type=\"container\" data-e-type=\"container\">\n\t\t\t\t\t<div class=\"e-con-inner\">\n\t\t\t\t<div class=\"elementor-element elementor-element-3b64a18 elementor-grid-eael-col-4 elementor-grid-tablet-eael-col-2 elementor-grid-mobile-eael-col-1 elementor-widget elementor-widget-eael-post-grid\" data-id=\"3b64a18\" data-element_type=\"widget\" data-e-type=\"widget\" data-settings=\"{&quot;eael_post_grid_columns&quot;:&quot;eael-col-4&quot;,&quot;eael_post_grid_columns_tablet&quot;:&quot;eael-col-2&quot;,&quot;eael_post_grid_columns_mobile&quot;:&quot;eael-col-1&quot;}\" data-widget_type=\"eael-post-grid.default\">\n\t\t\t\t<div class=\"elementor-widget-container\">\n\t\t\t\t\t<div id=\"eael-post-grid-3b64a18\" class=\"eael-post-grid-container\">\n            <div class=\"eael-post-grid eael-post-appender eael-post-appender-3b64a18 eael-post-grid-style-one\" data-layout-mode=\"grid\"><article class=\"eael-grid-post  eael-post-grid-column eael-pg-post-6179 category-2semestre\" data-id=\"6179\">\n        <div class=\"eael-grid-post-holder\">\n            <div class=\"eael-grid-post-holder-inner\"><div class=\"eael-entry-media\"><div class=\"eael-entry-overlay fade-in\"><i class=\"fas fa-long-arrow-alt-right\" aria-hidden=\"true\"><\/i><a href=\"https:\/\/escoladigital.madeira.gov.pt\/ebspecalheta\/2026\/04\/29\/assembleia-vai-a-escola\/\"><\/a><\/div><div class=\"eael-entry-thumbnail eael-image-ratio\">\n                <img decoding=\"async\" width=\"300\" height=\"169\" src=\"https:\/\/escoladigital.madeira.gov.pt\/ebspecalheta\/wp-content\/uploads\/sites\/3\/2026\/04\/assembleia-300x169.jpg\" class=\"attachment-medium size-medium wp-image-6180\" alt=\"\" srcset=\"https:\/\/escoladigital.madeira.gov.pt\/ebspecalheta\/wp-content\/uploads\/sites\/3\/2026\/04\/assembleia-300x169.jpg 300w, https:\/\/escoladigital.madeira.gov.pt\/ebspecalheta\/wp-content\/uploads\/sites\/3\/2026\/04\/assembleia-768x432.jpg 768w, https:\/\/escoladigital.madeira.gov.pt\/ebspecalheta\/wp-content\/uploads\/sites\/3\/2026\/04\/assembleia.jpg 960w\" sizes=\"(max-width: 300px) 100vw, 300px\" \/>\n            <\/div>\n        <\/div><div class=\"eael-entry-wrapper\"><header class=\"eael-entry-header\"><h2 class=\"eael-entry-title\"><a class=\"eael-grid-post-link\" href=\"https:\/\/escoladigital.madeira.gov.pt\/ebspecalheta\/2026\/04\/29\/assembleia-vai-a-escola\/\" title=\"Assembleia vai \u00e0 Escola\">Assembleia vai \u00e0 Escola<\/a><\/h2><\/header><div class=\"eael-entry-header-after\"><div class=\"eael-entry-meta\"><span class=\"eael-posted-on\"><time datetime=\"29 de Abril, 2026\">29 de Abril, 2026<\/time><\/span><\/div><\/div><div class=\"eael-entry-content\">\n                        <div class=\"eael-grid-post-excerpt\"><p>No dia 22 de abril, a nossa escola recebeu a atividade \u201cAssembleia vai \u00e0 Escola\u201d, dirigida aos alunos do 3.\u00ba e 4.\u00baanos do 1\u00baCiclo do polo da Faj\u00e3 da Ovelha. Esta iniciativa da Assembleia Legislativa Regional, inserida na componente curricular de Cidadania e Desenvolvimento e na dimens\u00e3o &#8220;Democracia e Institui\u00e7\u00f5es...<\/p><a href=\"https:\/\/escoladigital.madeira.gov.pt\/ebspecalheta\/2026\/04\/29\/assembleia-vai-a-escola\/\" class=\"eael-post-elements-readmore-btn\"rel=\"nofollow\">Ler mais<\/a><\/div>\n                    <\/div><\/div><\/div>\n        <\/div>\n    <\/article><article class=\"eael-grid-post  eael-post-grid-column eael-pg-post-6173 category-ebsciencia\" data-id=\"6173\">\n        <div class=\"eael-grid-post-holder\">\n            <div class=\"eael-grid-post-holder-inner\"><div class=\"eael-entry-media\"><div class=\"eael-entry-overlay fade-in\"><i class=\"fas fa-long-arrow-alt-right\" aria-hidden=\"true\"><\/i><a href=\"https:\/\/escoladigital.madeira.gov.pt\/ebspecalheta\/2026\/04\/29\/ciencia-em-movimento-do-milho-dancante-a-arte-com-leite\/\"><\/a><\/div><div class=\"eael-entry-thumbnail eael-image-ratio\">\n                <img decoding=\"async\" width=\"300\" height=\"169\" src=\"https:\/\/escoladigital.madeira.gov.pt\/ebspecalheta\/wp-content\/uploads\/sites\/3\/2026\/04\/exp-300x169.jpg\" class=\"attachment-medium size-medium wp-image-6178\" alt=\"\" srcset=\"https:\/\/escoladigital.madeira.gov.pt\/ebspecalheta\/wp-content\/uploads\/sites\/3\/2026\/04\/exp-300x169.jpg 300w, https:\/\/escoladigital.madeira.gov.pt\/ebspecalheta\/wp-content\/uploads\/sites\/3\/2026\/04\/exp-1024x576.jpg 1024w, https:\/\/escoladigital.madeira.gov.pt\/ebspecalheta\/wp-content\/uploads\/sites\/3\/2026\/04\/exp-768x432.jpg 768w, https:\/\/escoladigital.madeira.gov.pt\/ebspecalheta\/wp-content\/uploads\/sites\/3\/2026\/04\/exp.jpg 1280w\" sizes=\"(max-width: 300px) 100vw, 300px\" \/>\n            <\/div>\n        <\/div><div class=\"eael-entry-wrapper\"><header class=\"eael-entry-header\"><h2 class=\"eael-entry-title\"><a class=\"eael-grid-post-link\" href=\"https:\/\/escoladigital.madeira.gov.pt\/ebspecalheta\/2026\/04\/29\/ciencia-em-movimento-do-milho-dancante-a-arte-com-leite\/\" title=\"Ci\u00eancia em Movimento: Do Milho Dan\u00e7ante \u00e0 Arte com Leite\">Ci\u00eancia em Movimento: Do Milho Dan\u00e7ante \u00e0 Arte com Leite<\/a><\/h2><\/header><div class=\"eael-entry-header-after\"><div class=\"eael-entry-meta\"><span class=\"eael-posted-on\"><time datetime=\"29 de Abril, 2026\">29 de Abril, 2026<\/time><\/span><\/div><\/div><div class=\"eael-entry-content\">\n                        <div class=\"eael-grid-post-excerpt\"><p>O EBSCI\u00caNCIA continua a surpreender com experi\u00eancias simples, seguras e cheias de criatividade, provando que a ci\u00eancia pode \u2014 e deve \u2014 ser divertida e acess\u00edvel a todos. Entre as atividades apresentadas, destaca-se a \u201cexperi\u00eancia do milho dan\u00e7ante\u201d. Basta encher um copo com \u00e1gua, adicionar alguns gr\u00e3os de milho e...<\/p><a href=\"https:\/\/escoladigital.madeira.gov.pt\/ebspecalheta\/2026\/04\/29\/ciencia-em-movimento-do-milho-dancante-a-arte-com-leite\/\" class=\"eael-post-elements-readmore-btn\"rel=\"nofollow\">Ler mais<\/a><\/div>\n                    <\/div><\/div><\/div>\n        <\/div>\n    <\/article><article class=\"eael-grid-post  eael-post-grid-column eael-pg-post-6166 category-eco-escolas\" data-id=\"6166\">\n        <div class=\"eael-grid-post-holder\">\n            <div class=\"eael-grid-post-holder-inner\"><div class=\"eael-entry-media\"><div class=\"eael-entry-overlay fade-in\"><i class=\"fas fa-long-arrow-alt-right\" aria-hidden=\"true\"><\/i><a href=\"https:\/\/escoladigital.madeira.gov.pt\/ebspecalheta\/2026\/04\/29\/escola-recebe-compostor-para-incentivar-praticas-sustentaveis\/\"><\/a><\/div><div class=\"eael-entry-thumbnail eael-image-ratio\">\n                <img loading=\"lazy\" decoding=\"async\" width=\"300\" height=\"169\" src=\"https:\/\/escoladigital.madeira.gov.pt\/ebspecalheta\/wp-content\/uploads\/sites\/3\/2026\/04\/comp2-300x169.jpg\" class=\"attachment-medium size-medium wp-image-6168\" alt=\"\" srcset=\"https:\/\/escoladigital.madeira.gov.pt\/ebspecalheta\/wp-content\/uploads\/sites\/3\/2026\/04\/comp2-300x169.jpg 300w, https:\/\/escoladigital.madeira.gov.pt\/ebspecalheta\/wp-content\/uploads\/sites\/3\/2026\/04\/comp2-1024x576.jpg 1024w, https:\/\/escoladigital.madeira.gov.pt\/ebspecalheta\/wp-content\/uploads\/sites\/3\/2026\/04\/comp2-768x432.jpg 768w, https:\/\/escoladigital.madeira.gov.pt\/ebspecalheta\/wp-content\/uploads\/sites\/3\/2026\/04\/comp2.jpg 1280w\" sizes=\"(max-width: 300px) 100vw, 300px\" \/>\n            <\/div>\n        <\/div><div class=\"eael-entry-wrapper\"><header class=\"eael-entry-header\"><h2 class=\"eael-entry-title\"><a class=\"eael-grid-post-link\" href=\"https:\/\/escoladigital.madeira.gov.pt\/ebspecalheta\/2026\/04\/29\/escola-recebe-compostor-para-incentivar-praticas-sustentaveis\/\" title=\"Escola recebe compostor para incentivar pr\u00e1ticas sustent\u00e1veis\">Escola recebe compostor para incentivar pr\u00e1ticas sustent\u00e1veis<\/a><\/h2><\/header><div class=\"eael-entry-header-after\"><div class=\"eael-entry-meta\"><span class=\"eael-posted-on\"><time datetime=\"29 de Abril, 2026\">29 de Abril, 2026<\/time><\/span><\/div><\/div><div class=\"eael-entry-content\">\n                        <div class=\"eael-grid-post-excerpt\"><p>A nossa escola recebeu recentemente um compostor oferecido pela C\u00e2mara Municipal da Calheta, com o objetivo de promover a compostagem e sensibilizar toda a comunidade escolar para a import\u00e2ncia da gest\u00e3o sustent\u00e1vel dos res\u00edduos org\u00e2nicos. A compostagem \u00e9 um processo natural de decomposi\u00e7\u00e3o de restos de alimentos, folhas secas e...<\/p><a href=\"https:\/\/escoladigital.madeira.gov.pt\/ebspecalheta\/2026\/04\/29\/escola-recebe-compostor-para-incentivar-praticas-sustentaveis\/\" class=\"eael-post-elements-readmore-btn\"rel=\"nofollow\">Ler mais<\/a><\/div>\n                    <\/div><\/div><\/div>\n        <\/div>\n    <\/article><article class=\"eael-grid-post  eael-post-grid-column eael-pg-post-6160 category-eco-escolas\" data-id=\"6160\">\n        <div class=\"eael-grid-post-holder\">\n            <div class=\"eael-grid-post-holder-inner\"><div class=\"eael-entry-media\"><div class=\"eael-entry-overlay fade-in\"><i class=\"fas fa-long-arrow-alt-right\" aria-hidden=\"true\"><\/i><a href=\"https:\/\/escoladigital.madeira.gov.pt\/ebspecalheta\/2026\/04\/29\/palestra-o-lixo-marinho-sensibiliza-alunos-para-a-protecao-dos-oceanos\/\"><\/a><\/div><div class=\"eael-entry-thumbnail eael-image-ratio\">\n                <img loading=\"lazy\" decoding=\"async\" width=\"300\" height=\"169\" src=\"https:\/\/escoladigital.madeira.gov.pt\/ebspecalheta\/wp-content\/uploads\/sites\/3\/2026\/04\/24abril-300x169.jpg\" class=\"attachment-medium size-medium wp-image-6161\" alt=\"\" srcset=\"https:\/\/escoladigital.madeira.gov.pt\/ebspecalheta\/wp-content\/uploads\/sites\/3\/2026\/04\/24abril-300x169.jpg 300w, https:\/\/escoladigital.madeira.gov.pt\/ebspecalheta\/wp-content\/uploads\/sites\/3\/2026\/04\/24abril-1024x576.jpg 1024w, https:\/\/escoladigital.madeira.gov.pt\/ebspecalheta\/wp-content\/uploads\/sites\/3\/2026\/04\/24abril-768x432.jpg 768w, https:\/\/escoladigital.madeira.gov.pt\/ebspecalheta\/wp-content\/uploads\/sites\/3\/2026\/04\/24abril.jpg 1280w\" sizes=\"(max-width: 300px) 100vw, 300px\" \/>\n            <\/div>\n        <\/div><div class=\"eael-entry-wrapper\"><header class=\"eael-entry-header\"><h2 class=\"eael-entry-title\"><a class=\"eael-grid-post-link\" href=\"https:\/\/escoladigital.madeira.gov.pt\/ebspecalheta\/2026\/04\/29\/palestra-o-lixo-marinho-sensibiliza-alunos-para-a-protecao-dos-oceanos\/\" title=\"Palestra \u201cO Lixo Marinho\u201d sensibiliza alunos para a prote\u00e7\u00e3o dos oceanos\">Palestra \u201cO Lixo Marinho\u201d sensibiliza alunos para a prote\u00e7\u00e3o dos oceanos<\/a><\/h2><\/header><div class=\"eael-entry-header-after\"><div class=\"eael-entry-meta\"><span class=\"eael-posted-on\"><time datetime=\"29 de Abril, 2026\">29 de Abril, 2026<\/time><\/span><\/div><\/div><div class=\"eael-entry-content\">\n                        <div class=\"eael-grid-post-excerpt\"><p>No passado dia 24 de abril, realizou-se a palestra \u201cO Lixo Marinho\u201d, uma iniciativa dinamizada pela Dra. Cristina, do Instituto de Florestas e Conserva\u00e7\u00e3o da Natureza, inserida no trabalho DAC da turma subordinado ao tema \u201cVida Marinha\u201d. A atividade, organizada pelo Projeto Eco-Escolas, teve como principal objetivo sensibilizar os alunos...<\/p><a href=\"https:\/\/escoladigital.madeira.gov.pt\/ebspecalheta\/2026\/04\/29\/palestra-o-lixo-marinho-sensibiliza-alunos-para-a-protecao-dos-oceanos\/\" class=\"eael-post-elements-readmore-btn\"rel=\"nofollow\">Ler mais<\/a><\/div>\n                    <\/div><\/div><\/div>\n        <\/div>\n    <\/article><article class=\"eael-grid-post  eael-post-grid-column eael-pg-post-6148 category-eco-escolas\" data-id=\"6148\">\n        <div class=\"eael-grid-post-holder\">\n            <div class=\"eael-grid-post-holder-inner\"><div class=\"eael-entry-media\"><div class=\"eael-entry-overlay fade-in\"><i class=\"fas fa-long-arrow-alt-right\" aria-hidden=\"true\"><\/i><a href=\"https:\/\/escoladigital.madeira.gov.pt\/ebspecalheta\/2026\/04\/29\/biodiversidade-e-conservacao-nos-ecossistemas-de-agua-doce-mobiliza-turma-10-4\/\"><\/a><\/div><div class=\"eael-entry-thumbnail eael-image-ratio\">\n                <img loading=\"lazy\" decoding=\"async\" width=\"300\" height=\"169\" src=\"https:\/\/escoladigital.madeira.gov.pt\/ebspecalheta\/wp-content\/uploads\/sites\/3\/2026\/04\/23_04_1-300x169.jpg\" class=\"attachment-medium size-medium wp-image-6149\" alt=\"\" srcset=\"https:\/\/escoladigital.madeira.gov.pt\/ebspecalheta\/wp-content\/uploads\/sites\/3\/2026\/04\/23_04_1-300x169.jpg 300w, https:\/\/escoladigital.madeira.gov.pt\/ebspecalheta\/wp-content\/uploads\/sites\/3\/2026\/04\/23_04_1-1024x576.jpg 1024w, https:\/\/escoladigital.madeira.gov.pt\/ebspecalheta\/wp-content\/uploads\/sites\/3\/2026\/04\/23_04_1-768x432.jpg 768w, https:\/\/escoladigital.madeira.gov.pt\/ebspecalheta\/wp-content\/uploads\/sites\/3\/2026\/04\/23_04_1.jpg 1280w\" sizes=\"(max-width: 300px) 100vw, 300px\" \/>\n            <\/div>\n        <\/div><div class=\"eael-entry-wrapper\"><header class=\"eael-entry-header\"><h2 class=\"eael-entry-title\"><a class=\"eael-grid-post-link\" href=\"https:\/\/escoladigital.madeira.gov.pt\/ebspecalheta\/2026\/04\/29\/biodiversidade-e-conservacao-nos-ecossistemas-de-agua-doce-mobiliza-turma-10-4\/\" title=\"Biodiversidade e conserva\u00e7\u00e3o nos ecossistemas de \u00e1gua doce mobiliza turma 10\/4\">Biodiversidade e conserva\u00e7\u00e3o nos ecossistemas de \u00e1gua doce mobiliza turma 10\/4<\/a><\/h2><\/header><div class=\"eael-entry-header-after\"><div class=\"eael-entry-meta\"><span class=\"eael-posted-on\"><time datetime=\"29 de Abril, 2026\">29 de Abril, 2026<\/time><\/span><\/div><\/div><div class=\"eael-entry-content\">\n                        <div class=\"eael-grid-post-excerpt\"><p>No passado dia 23 de abril, a turma 10\/4 participou na atividade \u201cBiodiversidade e conserva\u00e7\u00e3o nos ecossistemas de \u00e1gua doce\u201d, uma iniciativa dinamizada pela Ag\u00eancia Regional para o Desenvolvimento da Investiga\u00e7\u00e3o, Tecnologia e Inova\u00e7\u00e3o, em articula\u00e7\u00e3o com a C\u00e2mara Municipal da Calheta e o Projeto Eco-Escolas, no \u00e2mbito da candidatura...<\/p><a href=\"https:\/\/escoladigital.madeira.gov.pt\/ebspecalheta\/2026\/04\/29\/biodiversidade-e-conservacao-nos-ecossistemas-de-agua-doce-mobiliza-turma-10-4\/\" class=\"eael-post-elements-readmore-btn\"rel=\"nofollow\">Ler mais<\/a><\/div>\n                    <\/div><\/div><\/div>\n        <\/div>\n    <\/article><article class=\"eael-grid-post  eael-post-grid-column eael-pg-post-6142 category-2semestre\" data-id=\"6142\">\n        <div class=\"eael-grid-post-holder\">\n            <div class=\"eael-grid-post-holder-inner\"><div class=\"eael-entry-wrapper\"><header class=\"eael-entry-header\"><h2 class=\"eael-entry-title\"><a class=\"eael-grid-post-link\" href=\"https:\/\/escoladigital.madeira.gov.pt\/ebspecalheta\/2026\/04\/29\/dia-mundial-do-livro-1-o-ciclo\/\" title=\"Dia mundial do livro &#8211; 1.\u00ba Ciclo\">Dia mundial do livro &#8211; 1.\u00ba Ciclo<\/a><\/h2><\/header><div class=\"eael-entry-header-after\"><div class=\"eael-entry-meta\"><span class=\"eael-posted-on\"><time datetime=\"29 de Abril, 2026\">29 de Abril, 2026<\/time><\/span><\/div><\/div><div class=\"eael-entry-content\">\n                        <div class=\"eael-grid-post-excerpt\"><p>Na semana em que se comemorou o Dia Mundial do Livro,\u00a0 os alunos do 1\u00ba ciclo, na AEC Biblioteca,\u00a0 foram desafiados a ilustrarem capas de livros, cujas hist\u00f3rias s\u00e3o sobejamente conhecidas de todos n\u00f3s,\u00a0 e a ilustrarem excertos do poema &#8220;Can\u00e7\u00e3o do livro&#8221;, de Ant\u00f3nio Cruz, demonstrando deste modo a...<\/p><a href=\"https:\/\/escoladigital.madeira.gov.pt\/ebspecalheta\/2026\/04\/29\/dia-mundial-do-livro-1-o-ciclo\/\" class=\"eael-post-elements-readmore-btn\"rel=\"nofollow\">Ler mais<\/a><\/div>\n                    <\/div><\/div><\/div>\n        <\/div>\n    <\/article><article class=\"eael-grid-post  eael-post-grid-column eael-pg-post-6128 category-2semestre\" data-id=\"6128\">\n        <div class=\"eael-grid-post-holder\">\n            <div class=\"eael-grid-post-holder-inner\"><div class=\"eael-entry-media\"><div class=\"eael-entry-overlay fade-in\"><i class=\"fas fa-long-arrow-alt-right\" aria-hidden=\"true\"><\/i><a href=\"https:\/\/escoladigital.madeira.gov.pt\/ebspecalheta\/2026\/04\/29\/storytelling-a-home-for-everyone\/\"><\/a><\/div><div class=\"eael-entry-thumbnail eael-image-ratio\">\n                <img loading=\"lazy\" decoding=\"async\" width=\"300\" height=\"169\" src=\"https:\/\/escoladigital.madeira.gov.pt\/ebspecalheta\/wp-content\/uploads\/sites\/3\/2026\/04\/ana2-300x169.jpg\" class=\"attachment-medium size-medium wp-image-6131\" alt=\"\" srcset=\"https:\/\/escoladigital.madeira.gov.pt\/ebspecalheta\/wp-content\/uploads\/sites\/3\/2026\/04\/ana2-300x169.jpg 300w, https:\/\/escoladigital.madeira.gov.pt\/ebspecalheta\/wp-content\/uploads\/sites\/3\/2026\/04\/ana2-1024x576.jpg 1024w, https:\/\/escoladigital.madeira.gov.pt\/ebspecalheta\/wp-content\/uploads\/sites\/3\/2026\/04\/ana2-768x432.jpg 768w, https:\/\/escoladigital.madeira.gov.pt\/ebspecalheta\/wp-content\/uploads\/sites\/3\/2026\/04\/ana2.jpg 1280w\" sizes=\"(max-width: 300px) 100vw, 300px\" \/>\n            <\/div>\n        <\/div><div class=\"eael-entry-wrapper\"><header class=\"eael-entry-header\"><h2 class=\"eael-entry-title\"><a class=\"eael-grid-post-link\" href=\"https:\/\/escoladigital.madeira.gov.pt\/ebspecalheta\/2026\/04\/29\/storytelling-a-home-for-everyone\/\" title=\"StoryTelling  \u201cA Home for Everyone&#8221;\">StoryTelling  \u201cA Home for Everyone&#8221;<\/a><\/h2><\/header><div class=\"eael-entry-header-after\"><div class=\"eael-entry-meta\"><span class=\"eael-posted-on\"><time datetime=\"29 de Abril, 2026\">29 de Abril, 2026<\/time><\/span><\/div><\/div><div class=\"eael-entry-content\">\n                        <div class=\"eael-grid-post-excerpt\"><p>No dia 27 de abril, no \u00e2mbito da disciplina de Ingl\u00eas e partindo da iniciativa da Editora\u00a0Leya, os alunos de algumas turmas do 6.\u00ba ano, participaram na sess\u00e3o de\u00a0StoryTelling, dinamizada pela Dr.\u00aa Cl\u00e1udia Correia, contando com a participa\u00e7\u00e3o aproximada de 60 discentes. Esta atividade teve como objetivo a explora\u00e7\u00e3o da\u00a0Extensive...<\/p><a href=\"https:\/\/escoladigital.madeira.gov.pt\/ebspecalheta\/2026\/04\/29\/storytelling-a-home-for-everyone\/\" class=\"eael-post-elements-readmore-btn\"rel=\"nofollow\">Ler mais<\/a><\/div>\n                    <\/div><\/div><\/div>\n        <\/div>\n    <\/article><article class=\"eael-grid-post  eael-post-grid-column eael-pg-post-6115 category-plano-regional-de-prevencao-rodoviaria\" data-id=\"6115\">\n        <div class=\"eael-grid-post-holder\">\n            <div class=\"eael-grid-post-holder-inner\"><div class=\"eael-entry-media\"><div class=\"eael-entry-overlay fade-in\"><i class=\"fas fa-long-arrow-alt-right\" aria-hidden=\"true\"><\/i><a href=\"https:\/\/escoladigital.madeira.gov.pt\/ebspecalheta\/2026\/04\/23\/taca-escolar-de-prevencao-rodoviaria-ebs-pe-da-calheta\/\"><\/a><\/div><div class=\"eael-entry-thumbnail eael-image-ratio\">\n                <img loading=\"lazy\" decoding=\"async\" width=\"300\" height=\"169\" src=\"https:\/\/escoladigital.madeira.gov.pt\/ebspecalheta\/wp-content\/uploads\/sites\/3\/2026\/04\/rodabril3-300x169.jpg\" class=\"attachment-medium size-medium wp-image-6119\" alt=\"\" srcset=\"https:\/\/escoladigital.madeira.gov.pt\/ebspecalheta\/wp-content\/uploads\/sites\/3\/2026\/04\/rodabril3-300x169.jpg 300w, https:\/\/escoladigital.madeira.gov.pt\/ebspecalheta\/wp-content\/uploads\/sites\/3\/2026\/04\/rodabril3-1024x576.jpg 1024w, https:\/\/escoladigital.madeira.gov.pt\/ebspecalheta\/wp-content\/uploads\/sites\/3\/2026\/04\/rodabril3-768x432.jpg 768w, https:\/\/escoladigital.madeira.gov.pt\/ebspecalheta\/wp-content\/uploads\/sites\/3\/2026\/04\/rodabril3.jpg 1280w\" sizes=\"(max-width: 300px) 100vw, 300px\" \/>\n            <\/div>\n        <\/div><div class=\"eael-entry-wrapper\"><header class=\"eael-entry-header\"><h2 class=\"eael-entry-title\"><a class=\"eael-grid-post-link\" href=\"https:\/\/escoladigital.madeira.gov.pt\/ebspecalheta\/2026\/04\/23\/taca-escolar-de-prevencao-rodoviaria-ebs-pe-da-calheta\/\" title=\"Ta\u00e7a Escolar de Preven\u00e7\u00e3o Rodovi\u00e1ria\u00a0\u2013\u00a0EBS\/PE da Calheta\u00a0\">Ta\u00e7a Escolar de Preven\u00e7\u00e3o Rodovi\u00e1ria\u00a0\u2013\u00a0EBS\/PE da Calheta\u00a0<\/a><\/h2><\/header><div class=\"eael-entry-header-after\"><div class=\"eael-entry-meta\"><span class=\"eael-posted-on\"><time datetime=\"23 de Abril, 2026\">23 de Abril, 2026<\/time><\/span><\/div><\/div><div class=\"eael-entry-content\">\n                        <div class=\"eael-grid-post-excerpt\"><p>Neste per\u00edodo realizou-se\u00a0a\u00a0Ta\u00e7a Escolar de Educa\u00e7\u00e3o Rodovi\u00e1ria (PRER), nos\u00a0polos da\u00a0Calheta, no \u00e2mbito do Projeto de Educa\u00e7\u00e3o Rodovi\u00e1ria, sob orienta\u00e7\u00e3o do professor Fernando Meneses.\u00a0\u00a0 Tratou-se de uma prova dividida em duas partes, uma escrita, de avalia\u00e7\u00e3o de conhecimentos e outra pr\u00e1tica, de avalia\u00e7\u00e3o de maneabilidade. Os alunos tiveram oportunidade de fazer...<\/p><a href=\"https:\/\/escoladigital.madeira.gov.pt\/ebspecalheta\/2026\/04\/23\/taca-escolar-de-prevencao-rodoviaria-ebs-pe-da-calheta\/\" class=\"eael-post-elements-readmore-btn\"rel=\"nofollow\">Ler mais<\/a><\/div>\n                    <\/div><\/div><\/div>\n        <\/div>\n    <\/article><article class=\"eael-grid-post  eael-post-grid-column eael-pg-post-6107 category-1semestre-noticias\" data-id=\"6107\">\n        <div class=\"eael-grid-post-holder\">\n            <div class=\"eael-grid-post-holder-inner\"><div class=\"eael-entry-media\"><div class=\"eael-entry-overlay fade-in\"><i class=\"fas fa-long-arrow-alt-right\" aria-hidden=\"true\"><\/i><a href=\"https:\/\/escoladigital.madeira.gov.pt\/ebspecalheta\/2026\/04\/23\/participacao-da-turma-7o4-na-v-explorar-a-madeira-2026\/\"><\/a><\/div><div class=\"eael-entry-thumbnail eael-image-ratio\">\n                <img loading=\"lazy\" decoding=\"async\" width=\"300\" height=\"169\" src=\"https:\/\/escoladigital.madeira.gov.pt\/ebspecalheta\/wp-content\/uploads\/sites\/3\/2026\/04\/ines1-300x169.jpg\" class=\"attachment-medium size-medium wp-image-6108\" alt=\"\" srcset=\"https:\/\/escoladigital.madeira.gov.pt\/ebspecalheta\/wp-content\/uploads\/sites\/3\/2026\/04\/ines1-300x169.jpg 300w, https:\/\/escoladigital.madeira.gov.pt\/ebspecalheta\/wp-content\/uploads\/sites\/3\/2026\/04\/ines1-1024x576.jpg 1024w, https:\/\/escoladigital.madeira.gov.pt\/ebspecalheta\/wp-content\/uploads\/sites\/3\/2026\/04\/ines1-768x432.jpg 768w, https:\/\/escoladigital.madeira.gov.pt\/ebspecalheta\/wp-content\/uploads\/sites\/3\/2026\/04\/ines1.jpg 1280w\" sizes=\"(max-width: 300px) 100vw, 300px\" \/>\n            <\/div>\n        <\/div><div class=\"eael-entry-wrapper\"><header class=\"eael-entry-header\"><h2 class=\"eael-entry-title\"><a class=\"eael-grid-post-link\" href=\"https:\/\/escoladigital.madeira.gov.pt\/ebspecalheta\/2026\/04\/23\/participacao-da-turma-7o4-na-v-explorar-a-madeira-2026\/\" title=\"Participa\u00e7\u00e3o da turma 7\u00ba4 na \u201cV Explorar a Madeira 2026\u201d\">Participa\u00e7\u00e3o da turma 7\u00ba4 na \u201cV Explorar a Madeira 2026\u201d<\/a><\/h2><\/header><div class=\"eael-entry-header-after\"><div class=\"eael-entry-meta\"><span class=\"eael-posted-on\"><time datetime=\"23 de Abril, 2026\">23 de Abril, 2026<\/time><\/span><\/div><\/div><div class=\"eael-entry-content\">\n                        <div class=\"eael-grid-post-excerpt\"><p>A iniciativa \u201cV Explorar a Madeira 2026\u201d, promovida pela Dire\u00e7\u00e3o Regional de Educa\u00e7\u00e3o, destinou-se aos alunos do 3.\u00ba ciclo da Regi\u00e3o Aut\u00f3noma da Madeira, decorrendo no concelho da Calheta. O evento inspirou-se na can\u00e7\u00e3o tradicional \u201cBailinho da Madeira\u201d e desenvolveu-se ao longo de v\u00e1rios dias, com um roteiro pela Calheta,...<\/p><a href=\"https:\/\/escoladigital.madeira.gov.pt\/ebspecalheta\/2026\/04\/23\/participacao-da-turma-7o4-na-v-explorar-a-madeira-2026\/\" class=\"eael-post-elements-readmore-btn\"rel=\"nofollow\">Ler mais<\/a><\/div>\n                    <\/div><\/div><\/div>\n        <\/div>\n    <\/article><article class=\"eael-grid-post  eael-post-grid-column eael-pg-post-6101 category-2semestre-noticias\" data-id=\"6101\">\n        <div class=\"eael-grid-post-holder\">\n            <div class=\"eael-grid-post-holder-inner\"><div class=\"eael-entry-media\"><div class=\"eael-entry-overlay fade-in\"><i class=\"fas fa-long-arrow-alt-right\" aria-hidden=\"true\"><\/i><a href=\"https:\/\/escoladigital.madeira.gov.pt\/ebspecalheta\/2026\/04\/22\/observacao-astronomica-24-de-abril\/\"><\/a><\/div><div class=\"eael-entry-thumbnail eael-image-ratio\">\n                <img loading=\"lazy\" decoding=\"async\" width=\"300\" height=\"190\" src=\"https:\/\/escoladigital.madeira.gov.pt\/ebspecalheta\/wp-content\/uploads\/sites\/3\/2026\/04\/observacaoastronomica2026FQpag-300x190.png\" class=\"attachment-medium size-medium wp-image-6102\" alt=\"\" srcset=\"https:\/\/escoladigital.madeira.gov.pt\/ebspecalheta\/wp-content\/uploads\/sites\/3\/2026\/04\/observacaoastronomica2026FQpag-300x190.png 300w, https:\/\/escoladigital.madeira.gov.pt\/ebspecalheta\/wp-content\/uploads\/sites\/3\/2026\/04\/observacaoastronomica2026FQpag-1024x647.png 1024w, https:\/\/escoladigital.madeira.gov.pt\/ebspecalheta\/wp-content\/uploads\/sites\/3\/2026\/04\/observacaoastronomica2026FQpag-768x485.png 768w, https:\/\/escoladigital.madeira.gov.pt\/ebspecalheta\/wp-content\/uploads\/sites\/3\/2026\/04\/observacaoastronomica2026FQpag.png 1234w\" sizes=\"(max-width: 300px) 100vw, 300px\" \/>\n            <\/div>\n        <\/div><div class=\"eael-entry-wrapper\"><header class=\"eael-entry-header\"><h2 class=\"eael-entry-title\"><a class=\"eael-grid-post-link\" href=\"https:\/\/escoladigital.madeira.gov.pt\/ebspecalheta\/2026\/04\/22\/observacao-astronomica-24-de-abril\/\" title=\"Observa\u00e7\u00e3o Astron\u00f3mica &#8211; 24 de abril\">Observa\u00e7\u00e3o Astron\u00f3mica &#8211; 24 de abril<\/a><\/h2><\/header><div class=\"eael-entry-header-after\"><div class=\"eael-entry-meta\"><span class=\"eael-posted-on\"><time datetime=\"22 de Abril, 2026\">22 de Abril, 2026<\/time><\/span><\/div><\/div><div class=\"eael-entry-content\">\n                        <div class=\"eael-grid-post-excerpt\"><p>O Grupo de F\u00edsico-Qu\u00edmica da EBS\/PE da Calheta promove, no pr\u00f3ximo dia 24 de abril (sexta-feira), uma observa\u00e7\u00e3o astron\u00f3mica em duas freguesias do concelho da Calheta: Contamos com a sua presen\u00e7a! Venha fazer-nos companhia e desfrutar de uma noite de observa\u00e7\u00e3o do c\u00e9u.<\/p><a href=\"https:\/\/escoladigital.madeira.gov.pt\/ebspecalheta\/2026\/04\/22\/observacao-astronomica-24-de-abril\/\" class=\"eael-post-elements-readmore-btn\"rel=\"nofollow\">Ler mais<\/a><\/div>\n                    <\/div><\/div><\/div>\n        <\/div>\n    <\/article><article class=\"eael-grid-post  eael-post-grid-column eael-pg-post-6088 category-2semestre-noticias\" data-id=\"6088\">\n        <div class=\"eael-grid-post-holder\">\n            <div class=\"eael-grid-post-holder-inner\"><div class=\"eael-entry-media\"><div class=\"eael-entry-overlay fade-in\"><i class=\"fas fa-long-arrow-alt-right\" aria-hidden=\"true\"><\/i><a href=\"https:\/\/escoladigital.madeira.gov.pt\/ebspecalheta\/2026\/04\/22\/mes-de-abril-mes-da-prevencao-dos-maus-tratos-na-infancia\/\"><\/a><\/div><div class=\"eael-entry-thumbnail eael-image-ratio\">\n                <img loading=\"lazy\" decoding=\"async\" width=\"300\" height=\"300\" src=\"https:\/\/escoladigital.madeira.gov.pt\/ebspecalheta\/wp-content\/uploads\/sites\/3\/2026\/04\/mt2-300x300.jpg\" class=\"attachment-medium size-medium wp-image-6092\" alt=\"\" srcset=\"https:\/\/escoladigital.madeira.gov.pt\/ebspecalheta\/wp-content\/uploads\/sites\/3\/2026\/04\/mt2-300x300.jpg 300w, https:\/\/escoladigital.madeira.gov.pt\/ebspecalheta\/wp-content\/uploads\/sites\/3\/2026\/04\/mt2-1024x1024.jpg 1024w, https:\/\/escoladigital.madeira.gov.pt\/ebspecalheta\/wp-content\/uploads\/sites\/3\/2026\/04\/mt2-150x150.jpg 150w, https:\/\/escoladigital.madeira.gov.pt\/ebspecalheta\/wp-content\/uploads\/sites\/3\/2026\/04\/mt2-768x768.jpg 768w, https:\/\/escoladigital.madeira.gov.pt\/ebspecalheta\/wp-content\/uploads\/sites\/3\/2026\/04\/mt2-1536x1536.jpg 1536w, https:\/\/escoladigital.madeira.gov.pt\/ebspecalheta\/wp-content\/uploads\/sites\/3\/2026\/04\/mt2.jpg 2048w\" sizes=\"(max-width: 300px) 100vw, 300px\" \/>\n            <\/div>\n        <\/div><div class=\"eael-entry-wrapper\"><header class=\"eael-entry-header\"><h2 class=\"eael-entry-title\"><a class=\"eael-grid-post-link\" href=\"https:\/\/escoladigital.madeira.gov.pt\/ebspecalheta\/2026\/04\/22\/mes-de-abril-mes-da-prevencao-dos-maus-tratos-na-infancia\/\" title=\"M\u00eas de Abril: \u201cM\u00eas da Preven\u00e7\u00e3o dos Maus Tratos na Inf\u00e2ncia\u201d\">M\u00eas de Abril: \u201cM\u00eas da Preven\u00e7\u00e3o dos Maus Tratos na Inf\u00e2ncia\u201d<\/a><\/h2><\/header><div class=\"eael-entry-header-after\"><div class=\"eael-entry-meta\"><span class=\"eael-posted-on\"><time datetime=\"22 de Abril, 2026\">22 de Abril, 2026<\/time><\/span><\/div><\/div><div class=\"eael-entry-content\">\n                        <div class=\"eael-grid-post-excerpt\"><p>Durante o m\u00eas de abril, os alunos do Pr\u00e9\u2011escolar e do 1.\u00ba Ciclo, do polo da Faj\u00e3 da Ovelha, t\u00eam-se dedicado \u00e0 cria\u00e7\u00e3o de trabalhos, no \u00e2mbito da campanha \u201cM\u00eas da Preven\u00e7\u00e3o dos Maus\u2011Tratos na Inf\u00e2ncia\u201d. Com criatividade, sensibilidade e muita vontade de fazer a diferen\u00e7a, os alunos ajudaram a...<\/p><a href=\"https:\/\/escoladigital.madeira.gov.pt\/ebspecalheta\/2026\/04\/22\/mes-de-abril-mes-da-prevencao-dos-maus-tratos-na-infancia\/\" class=\"eael-post-elements-readmore-btn\"rel=\"nofollow\">Ler mais<\/a><\/div>\n                    <\/div><\/div><\/div>\n        <\/div>\n    <\/article><article class=\"eael-grid-post  eael-post-grid-column eael-pg-post-6053 category-1semestre-jogos-matematicos-noticias\" data-id=\"6053\">\n        <div class=\"eael-grid-post-holder\">\n            <div class=\"eael-grid-post-holder-inner\"><div class=\"eael-entry-media\"><div class=\"eael-entry-overlay fade-in\"><i class=\"fas fa-long-arrow-alt-right\" aria-hidden=\"true\"><\/i><a href=\"https:\/\/escoladigital.madeira.gov.pt\/ebspecalheta\/2026\/04\/16\/final-olimpiadas-da-matematica\/\"><\/a><\/div><div class=\"eael-entry-thumbnail eael-image-ratio\">\n                <img loading=\"lazy\" decoding=\"async\" width=\"213\" height=\"300\" src=\"https:\/\/escoladigital.madeira.gov.pt\/ebspecalheta\/wp-content\/uploads\/sites\/3\/2026\/04\/olimpiadas26-213x300.jpg\" class=\"attachment-medium size-medium wp-image-6054\" alt=\"\" srcset=\"https:\/\/escoladigital.madeira.gov.pt\/ebspecalheta\/wp-content\/uploads\/sites\/3\/2026\/04\/olimpiadas26-213x300.jpg 213w, https:\/\/escoladigital.madeira.gov.pt\/ebspecalheta\/wp-content\/uploads\/sites\/3\/2026\/04\/olimpiadas26-726x1024.jpg 726w, https:\/\/escoladigital.madeira.gov.pt\/ebspecalheta\/wp-content\/uploads\/sites\/3\/2026\/04\/olimpiadas26-768x1084.jpg 768w, https:\/\/escoladigital.madeira.gov.pt\/ebspecalheta\/wp-content\/uploads\/sites\/3\/2026\/04\/olimpiadas26-1089x1536.jpg 1089w, https:\/\/escoladigital.madeira.gov.pt\/ebspecalheta\/wp-content\/uploads\/sites\/3\/2026\/04\/olimpiadas26.jpg 1134w\" sizes=\"(max-width: 213px) 100vw, 213px\" \/>\n            <\/div>\n        <\/div><div class=\"eael-entry-wrapper\"><header class=\"eael-entry-header\"><h2 class=\"eael-entry-title\"><a class=\"eael-grid-post-link\" href=\"https:\/\/escoladigital.madeira.gov.pt\/ebspecalheta\/2026\/04\/16\/final-olimpiadas-da-matematica\/\" title=\"Final Olimp\u00edadas da Matem\u00e1tica\">Final Olimp\u00edadas da Matem\u00e1tica<\/a><\/h2><\/header><div class=\"eael-entry-header-after\"><div class=\"eael-entry-meta\"><span class=\"eael-posted-on\"><time datetime=\"16 de Abril, 2026\">16 de Abril, 2026<\/time><\/span><\/div><\/div><div class=\"eael-entry-content\">\n                        <div class=\"eael-grid-post-excerpt\"><p>No decurso do presente ano letivo, o Projeto \u201cJogos Matem\u00e1ticos\u201d, incentivou a participa\u00e7\u00e3o dos nossos alunos nas Olimp\u00edadas Portuguesas da Matem\u00e1tica. Nesta atividade participaram um total de cinco alunos: um aluno do 5.\u00ba ano, dois alunos do 8.\u00ba ano, uma aluna do 9.\u00ba ano e um aluno do 12.\u00ba ano....<\/p><a href=\"https:\/\/escoladigital.madeira.gov.pt\/ebspecalheta\/2026\/04\/16\/final-olimpiadas-da-matematica\/\" class=\"eael-post-elements-readmore-btn\"rel=\"nofollow\">Ler mais<\/a><\/div>\n                    <\/div><\/div><\/div>\n        <\/div>\n    <\/article><article class=\"eael-grid-post  eael-post-grid-column eael-pg-post-6037 category-2semestre-sem-categoria\" data-id=\"6037\">\n        <div class=\"eael-grid-post-holder\">\n            <div class=\"eael-grid-post-holder-inner\"><div class=\"eael-entry-media\"><div class=\"eael-entry-overlay fade-in\"><i class=\"fas fa-long-arrow-alt-right\" aria-hidden=\"true\"><\/i><a href=\"https:\/\/escoladigital.madeira.gov.pt\/ebspecalheta\/2026\/04\/16\/11-a-caminhada-csc\/\"><\/a><\/div><div class=\"eael-entry-thumbnail eael-image-ratio\">\n                <img loading=\"lazy\" decoding=\"async\" width=\"300\" height=\"169\" src=\"https:\/\/escoladigital.madeira.gov.pt\/ebspecalheta\/wp-content\/uploads\/sites\/3\/2026\/04\/passeio2-300x169.jpg\" class=\"attachment-medium size-medium wp-image-6043\" alt=\"\" srcset=\"https:\/\/escoladigital.madeira.gov.pt\/ebspecalheta\/wp-content\/uploads\/sites\/3\/2026\/04\/passeio2-300x169.jpg 300w, https:\/\/escoladigital.madeira.gov.pt\/ebspecalheta\/wp-content\/uploads\/sites\/3\/2026\/04\/passeio2-1024x576.jpg 1024w, https:\/\/escoladigital.madeira.gov.pt\/ebspecalheta\/wp-content\/uploads\/sites\/3\/2026\/04\/passeio2-768x432.jpg 768w, https:\/\/escoladigital.madeira.gov.pt\/ebspecalheta\/wp-content\/uploads\/sites\/3\/2026\/04\/passeio2.jpg 1280w\" sizes=\"(max-width: 300px) 100vw, 300px\" \/>\n            <\/div>\n        <\/div><div class=\"eael-entry-wrapper\"><header class=\"eael-entry-header\"><h2 class=\"eael-entry-title\"><a class=\"eael-grid-post-link\" href=\"https:\/\/escoladigital.madeira.gov.pt\/ebspecalheta\/2026\/04\/16\/11-a-caminhada-csc\/\" title=\"11.\u00aa Caminhada CSC\">11.\u00aa Caminhada CSC<\/a><\/h2><\/header><div class=\"eael-entry-header-after\"><div class=\"eael-entry-meta\"><span class=\"eael-posted-on\"><time datetime=\"16 de Abril, 2026\">16 de Abril, 2026<\/time><\/span><\/div><\/div><div class=\"eael-entry-content\">\n                        <div class=\"eael-grid-post-excerpt\"><p>Realizou-se nos dias 10 e 11 de abril, a 11.\u00aa Caminhada CSC. Um grupo de aventureiros da EBS\/PE da Calheta, deixou para tr\u00e1s a rotina do dia a dia e deslocou-se rumo \u00e0 Eira do Mour\u00e3o, com o intuito de, \u00e0 semelhan\u00e7a dos anos anteriores, caminhar prazenteiramente pela sa\u00fade e...<\/p><a href=\"https:\/\/escoladigital.madeira.gov.pt\/ebspecalheta\/2026\/04\/16\/11-a-caminhada-csc\/\" class=\"eael-post-elements-readmore-btn\"rel=\"nofollow\">Ler mais<\/a><\/div>\n                    <\/div><\/div><\/div>\n        <\/div>\n    <\/article><article class=\"eael-grid-post  eael-post-grid-column eael-pg-post-6029 category-2semestre-noticias\" data-id=\"6029\">\n        <div class=\"eael-grid-post-holder\">\n            <div class=\"eael-grid-post-holder-inner\"><div class=\"eael-entry-media\"><div class=\"eael-entry-overlay fade-in\"><i class=\"fas fa-long-arrow-alt-right\" aria-hidden=\"true\"><\/i><a href=\"https:\/\/escoladigital.madeira.gov.pt\/ebspecalheta\/2026\/04\/14\/visita-de-estudo-ao-centro-de-experiencias-imersivas-do-curral-das-freiras\/\"><\/a><\/div><div class=\"eael-entry-thumbnail eael-image-ratio\">\n                <img loading=\"lazy\" decoding=\"async\" width=\"300\" height=\"169\" src=\"https:\/\/escoladigital.madeira.gov.pt\/ebspecalheta\/wp-content\/uploads\/sites\/3\/2026\/04\/ra2-300x169.jpg\" class=\"attachment-medium size-medium wp-image-6032\" alt=\"\" srcset=\"https:\/\/escoladigital.madeira.gov.pt\/ebspecalheta\/wp-content\/uploads\/sites\/3\/2026\/04\/ra2-300x169.jpg 300w, https:\/\/escoladigital.madeira.gov.pt\/ebspecalheta\/wp-content\/uploads\/sites\/3\/2026\/04\/ra2-1024x576.jpg 1024w, https:\/\/escoladigital.madeira.gov.pt\/ebspecalheta\/wp-content\/uploads\/sites\/3\/2026\/04\/ra2-768x432.jpg 768w, https:\/\/escoladigital.madeira.gov.pt\/ebspecalheta\/wp-content\/uploads\/sites\/3\/2026\/04\/ra2.jpg 1280w\" sizes=\"(max-width: 300px) 100vw, 300px\" \/>\n            <\/div>\n        <\/div><div class=\"eael-entry-wrapper\"><header class=\"eael-entry-header\"><h2 class=\"eael-entry-title\"><a class=\"eael-grid-post-link\" href=\"https:\/\/escoladigital.madeira.gov.pt\/ebspecalheta\/2026\/04\/14\/visita-de-estudo-ao-centro-de-experiencias-imersivas-do-curral-das-freiras\/\" title=\"Visita de Estudo ao Centro de Experi\u00eancias Imersivas do Curral das Freiras\">Visita de Estudo ao Centro de Experi\u00eancias Imersivas do Curral das Freiras<\/a><\/h2><\/header><div class=\"eael-entry-header-after\"><div class=\"eael-entry-meta\"><span class=\"eael-posted-on\"><time datetime=\"14 de Abril, 2026\">14 de Abril, 2026<\/time><\/span><\/div><\/div><div class=\"eael-entry-content\">\n                        <div class=\"eael-grid-post-excerpt\"><p>No dia 13 de abril, no \u00e2mbito da disciplina de Biologia e Geologia, as turmas 10\u00ba 3 e 10\u00ba 4 visitaram o Madeira Experi\u00eancias Imersivas com o objetivo de articular conhecimentos de diferentes disciplinas com o projeto DAC das turmas envolvidas, para al\u00e9m de aprofundar t\u00f3picos de Biologia e de...<\/p><a href=\"https:\/\/escoladigital.madeira.gov.pt\/ebspecalheta\/2026\/04\/14\/visita-de-estudo-ao-centro-de-experiencias-imersivas-do-curral-das-freiras\/\" class=\"eael-post-elements-readmore-btn\"rel=\"nofollow\">Ler mais<\/a><\/div>\n                    <\/div><\/div><\/div>\n        <\/div>\n    <\/article><article class=\"eael-grid-post  eael-post-grid-column eael-pg-post-6013 category-empatia\" data-id=\"6013\">\n        <div class=\"eael-grid-post-holder\">\n            <div class=\"eael-grid-post-holder-inner\"><div class=\"eael-entry-media\"><div class=\"eael-entry-overlay fade-in\"><i class=\"fas fa-long-arrow-alt-right\" aria-hidden=\"true\"><\/i><a href=\"https:\/\/escoladigital.madeira.gov.pt\/ebspecalheta\/2026\/04\/14\/projeto-empatia\/\"><\/a><\/div><div class=\"eael-entry-thumbnail eael-image-ratio\">\n                <img loading=\"lazy\" decoding=\"async\" width=\"300\" height=\"300\" src=\"https:\/\/escoladigital.madeira.gov.pt\/ebspecalheta\/wp-content\/uploads\/sites\/3\/2026\/04\/violencia-criancas1-300x300.jpg\" class=\"attachment-medium size-medium wp-image-6015\" alt=\"\" srcset=\"https:\/\/escoladigital.madeira.gov.pt\/ebspecalheta\/wp-content\/uploads\/sites\/3\/2026\/04\/violencia-criancas1-300x300.jpg 300w, https:\/\/escoladigital.madeira.gov.pt\/ebspecalheta\/wp-content\/uploads\/sites\/3\/2026\/04\/violencia-criancas1-1024x1024.jpg 1024w, https:\/\/escoladigital.madeira.gov.pt\/ebspecalheta\/wp-content\/uploads\/sites\/3\/2026\/04\/violencia-criancas1-150x150.jpg 150w, https:\/\/escoladigital.madeira.gov.pt\/ebspecalheta\/wp-content\/uploads\/sites\/3\/2026\/04\/violencia-criancas1-768x768.jpg 768w, https:\/\/escoladigital.madeira.gov.pt\/ebspecalheta\/wp-content\/uploads\/sites\/3\/2026\/04\/violencia-criancas1.jpg 1200w\" sizes=\"(max-width: 300px) 100vw, 300px\" \/>\n            <\/div>\n        <\/div><div class=\"eael-entry-wrapper\"><header class=\"eael-entry-header\"><h2 class=\"eael-entry-title\"><a class=\"eael-grid-post-link\" href=\"https:\/\/escoladigital.madeira.gov.pt\/ebspecalheta\/2026\/04\/14\/projeto-empatia\/\" title=\"Preven\u00e7\u00e3o dos maus-tratos\u00a0na inf\u00e2ncia &#8211; Projeto +Empatia\">Preven\u00e7\u00e3o dos maus-tratos\u00a0na inf\u00e2ncia &#8211; Projeto +Empatia<\/a><\/h2><\/header><div class=\"eael-entry-header-after\"><div class=\"eael-entry-meta\"><span class=\"eael-posted-on\"><time datetime=\"14 de Abril, 2026\">14 de Abril, 2026<\/time><\/span><\/div><\/div><div class=\"eael-entry-content\">\n                        <div class=\"eael-grid-post-excerpt\"><p>Os maus-tratos infantis s\u00e3o um assunto que merece a nossa aten\u00e7\u00e3o todos os dias do ano. No entanto, no m\u00eas de abril dedicamos-lhe especial aten\u00e7\u00e3o e, por isso, o Projeto +Empatia partilha convosco a informa\u00e7\u00e3o publicada pelo Servi\u00e7o Nacional de Sa\u00fade. Cada um de n\u00f3s tem, n\u00e3o s\u00f3 o poder...<\/p><a href=\"https:\/\/escoladigital.madeira.gov.pt\/ebspecalheta\/2026\/04\/14\/projeto-empatia\/\" class=\"eael-post-elements-readmore-btn\"rel=\"nofollow\">Ler mais<\/a><\/div>\n                    <\/div><\/div><\/div>\n        <\/div>\n    <\/article><article class=\"eael-grid-post  eael-post-grid-column eael-pg-post-5970 category-2semestre\" data-id=\"5970\">\n        <div class=\"eael-grid-post-holder\">\n            <div class=\"eael-grid-post-holder-inner\"><div class=\"eael-entry-media\"><div class=\"eael-entry-overlay fade-in\"><i class=\"fas fa-long-arrow-alt-right\" aria-hidden=\"true\"><\/i><a href=\"https:\/\/escoladigital.madeira.gov.pt\/ebspecalheta\/2026\/04\/13\/vi-edicao-do-concurso-de-fotografia-artee-mim\/\"><\/a><\/div><div class=\"eael-entry-thumbnail eael-image-ratio\">\n                <img fetchpriority=\"high\" decoding=\"async\" width=\"300\" height=\"169\" src=\"https:\/\/escoladigital.madeira.gov.pt\/ebspecalheta\/wp-content\/uploads\/sites\/3\/2026\/04\/capa-300x169.jpg\" class=\"attachment-medium size-medium wp-image-5986\" alt=\"\" srcset=\"https:\/\/escoladigital.madeira.gov.pt\/ebspecalheta\/wp-content\/uploads\/sites\/3\/2026\/04\/capa-300x169.jpg 300w, https:\/\/escoladigital.madeira.gov.pt\/ebspecalheta\/wp-content\/uploads\/sites\/3\/2026\/04\/capa-1024x576.jpg 1024w, https:\/\/escoladigital.madeira.gov.pt\/ebspecalheta\/wp-content\/uploads\/sites\/3\/2026\/04\/capa-768x432.jpg 768w, https:\/\/escoladigital.madeira.gov.pt\/ebspecalheta\/wp-content\/uploads\/sites\/3\/2026\/04\/capa.jpg 1280w\" sizes=\"(max-width: 300px) 100vw, 300px\" \/>\n            <\/div>\n        <\/div><div class=\"eael-entry-wrapper\"><header class=\"eael-entry-header\"><h2 class=\"eael-entry-title\"><a class=\"eael-grid-post-link\" href=\"https:\/\/escoladigital.madeira.gov.pt\/ebspecalheta\/2026\/04\/13\/vi-edicao-do-concurso-de-fotografia-artee-mim\/\" title=\"VI Edi\u00e7\u00e3o do Concurso de fotografia \u201cARTE@e-mim\u201d\">VI Edi\u00e7\u00e3o do Concurso de fotografia \u201cARTE@e-mim\u201d<\/a><\/h2><\/header><div class=\"eael-entry-header-after\"><div class=\"eael-entry-meta\"><span class=\"eael-posted-on\"><time datetime=\"13 de Abril, 2026\">13 de Abril, 2026<\/time><\/span><\/div><\/div><div class=\"eael-entry-content\">\n                        <div class=\"eael-grid-post-excerpt\"><p>O grupo disciplinar de Educa\u00e7\u00e3o Visual promove a VI edi\u00e7\u00e3o do concurso de fotografia \u201cArte@e-mim\u201d, uma iniciativa que convida toda a comunidade escolar a explorar a criatividade atrav\u00e9s da recria\u00e7\u00e3o de obras de arte. Sob o tema da recria\u00e7\u00e3o art\u00edstica, os participantes s\u00e3o desafiados a reinterpretar obras dispon\u00edveis no banco...<\/p><a href=\"https:\/\/escoladigital.madeira.gov.pt\/ebspecalheta\/2026\/04\/13\/vi-edicao-do-concurso-de-fotografia-artee-mim\/\" class=\"eael-post-elements-readmore-btn\"rel=\"nofollow\">Ler mais<\/a><\/div>\n                    <\/div><\/div><\/div>\n        <\/div>\n    <\/article><article class=\"eael-grid-post  eael-post-grid-column eael-pg-post-5963 category-2semestre\" data-id=\"5963\">\n        <div class=\"eael-grid-post-holder\">\n            <div class=\"eael-grid-post-holder-inner\"><div class=\"eael-entry-media\"><div class=\"eael-entry-overlay fade-in\"><i class=\"fas fa-long-arrow-alt-right\" aria-hidden=\"true\"><\/i><a href=\"https:\/\/escoladigital.madeira.gov.pt\/ebspecalheta\/2026\/04\/13\/uma-arvore-uma-turma-uma-turma-uma-arvore\/\"><\/a><\/div><div class=\"eael-entry-thumbnail eael-image-ratio\">\n                <img loading=\"lazy\" decoding=\"async\" width=\"300\" height=\"169\" src=\"https:\/\/escoladigital.madeira.gov.pt\/ebspecalheta\/wp-content\/uploads\/sites\/3\/2026\/04\/est2-300x169.jpg\" class=\"attachment-medium size-medium wp-image-5965\" alt=\"\" srcset=\"https:\/\/escoladigital.madeira.gov.pt\/ebspecalheta\/wp-content\/uploads\/sites\/3\/2026\/04\/est2-300x169.jpg 300w, https:\/\/escoladigital.madeira.gov.pt\/ebspecalheta\/wp-content\/uploads\/sites\/3\/2026\/04\/est2-1024x576.jpg 1024w, https:\/\/escoladigital.madeira.gov.pt\/ebspecalheta\/wp-content\/uploads\/sites\/3\/2026\/04\/est2-768x432.jpg 768w, https:\/\/escoladigital.madeira.gov.pt\/ebspecalheta\/wp-content\/uploads\/sites\/3\/2026\/04\/est2.jpg 1280w\" sizes=\"(max-width: 300px) 100vw, 300px\" \/>\n            <\/div>\n        <\/div><div class=\"eael-entry-wrapper\"><header class=\"eael-entry-header\"><h2 class=\"eael-entry-title\"><a class=\"eael-grid-post-link\" href=\"https:\/\/escoladigital.madeira.gov.pt\/ebspecalheta\/2026\/04\/13\/uma-arvore-uma-turma-uma-turma-uma-arvore\/\" title=\"Uma \u00e1rvore, uma turma, uma turma uma \u00e1rvore!\">Uma \u00e1rvore, uma turma, uma turma uma \u00e1rvore!<\/a><\/h2><\/header><div class=\"eael-entry-header-after\"><div class=\"eael-entry-meta\"><span class=\"eael-posted-on\"><time datetime=\"13 de Abril, 2026\">13 de Abril, 2026<\/time><\/span><\/div><\/div><div class=\"eael-entry-content\">\n                        <div class=\"eael-grid-post-excerpt\"><p>No dia 23 de mar\u00e7o a turma 5\/2 teve a oportunidade de assistir a uma palestra promovida pelo professor Daniel Jardim, acompanhados pela docente N\u00eddia Sousa, no \u00e2mbito da comemora\u00e7\u00e3o do Dia da \u00c1rvore, inserido na atividade: \u201cUma \u00e1rvore, uma turma, uma turma uma \u00e1rvore!\u201d, apadrinhando simbolicamente uma \u00e1rvore do...<\/p><a href=\"https:\/\/escoladigital.madeira.gov.pt\/ebspecalheta\/2026\/04\/13\/uma-arvore-uma-turma-uma-turma-uma-arvore\/\" class=\"eael-post-elements-readmore-btn\"rel=\"nofollow\">Ler mais<\/a><\/div>\n                    <\/div><\/div><\/div>\n        <\/div>\n    <\/article><article class=\"eael-grid-post  eael-post-grid-column eael-pg-post-5950 category-2semestre-sem-categoria\" data-id=\"5950\">\n        <div class=\"eael-grid-post-holder\">\n            <div class=\"eael-grid-post-holder-inner\"><div class=\"eael-entry-media\"><div class=\"eael-entry-overlay fade-in\"><i class=\"fas fa-long-arrow-alt-right\" aria-hidden=\"true\"><\/i><a href=\"https:\/\/escoladigital.madeira.gov.pt\/ebspecalheta\/2026\/04\/13\/visita-de-estudo-ao-hotel-savoy-palace\/\"><\/a><\/div><div class=\"eael-entry-thumbnail eael-image-ratio\">\n                <img loading=\"lazy\" decoding=\"async\" width=\"300\" height=\"169\" src=\"https:\/\/escoladigital.madeira.gov.pt\/ebspecalheta\/wp-content\/uploads\/sites\/3\/2026\/04\/SAVOY5-300x169.jpg\" class=\"attachment-medium size-medium wp-image-5956\" alt=\"\" srcset=\"https:\/\/escoladigital.madeira.gov.pt\/ebspecalheta\/wp-content\/uploads\/sites\/3\/2026\/04\/SAVOY5-300x169.jpg 300w, https:\/\/escoladigital.madeira.gov.pt\/ebspecalheta\/wp-content\/uploads\/sites\/3\/2026\/04\/SAVOY5-1024x576.jpg 1024w, https:\/\/escoladigital.madeira.gov.pt\/ebspecalheta\/wp-content\/uploads\/sites\/3\/2026\/04\/SAVOY5-768x432.jpg 768w, https:\/\/escoladigital.madeira.gov.pt\/ebspecalheta\/wp-content\/uploads\/sites\/3\/2026\/04\/SAVOY5.jpg 1280w\" sizes=\"(max-width: 300px) 100vw, 300px\" \/>\n            <\/div>\n        <\/div><div class=\"eael-entry-wrapper\"><header class=\"eael-entry-header\"><h2 class=\"eael-entry-title\"><a class=\"eael-grid-post-link\" href=\"https:\/\/escoladigital.madeira.gov.pt\/ebspecalheta\/2026\/04\/13\/visita-de-estudo-ao-hotel-savoy-palace\/\" title=\"Visita de estudo ao Hotel Savoy Palace\">Visita de estudo ao Hotel Savoy Palace<\/a><\/h2><\/header><div class=\"eael-entry-header-after\"><div class=\"eael-entry-meta\"><span class=\"eael-posted-on\"><time datetime=\"13 de Abril, 2026\">13 de Abril, 2026<\/time><\/span><\/div><\/div><div class=\"eael-entry-content\">\n                        <div class=\"eael-grid-post-excerpt\"><p>No dia 26 de mar\u00e7o as turmas 12\/1, 12\/2 e 12\/3, acompanhados pelas docentes Cec\u00edlia Campos, Joaquim Mendes, N\u00eddia Sousa e Ant\u00f3nio Mendes tiveram a oportunidade de visitar o Hotel Savoy Palace, sendo uma das principais unidades hoteleiras de luxo da nossa ilha, funcionando como um embaixador moderno da hospitalidade...<\/p><a href=\"https:\/\/escoladigital.madeira.gov.pt\/ebspecalheta\/2026\/04\/13\/visita-de-estudo-ao-hotel-savoy-palace\/\" class=\"eael-post-elements-readmore-btn\"rel=\"nofollow\">Ler mais<\/a><\/div>\n                    <\/div><\/div><\/div>\n        <\/div>\n    <\/article><article class=\"eael-grid-post  eael-post-grid-column eael-pg-post-5940 category-2semestre\" data-id=\"5940\">\n        <div class=\"eael-grid-post-holder\">\n            <div class=\"eael-grid-post-holder-inner\"><div class=\"eael-entry-media\"><div class=\"eael-entry-overlay fade-in\"><i class=\"fas fa-long-arrow-alt-right\" aria-hidden=\"true\"><\/i><a href=\"https:\/\/escoladigital.madeira.gov.pt\/ebspecalheta\/2026\/04\/07\/dia-mais-contigo\/\"><\/a><\/div><div class=\"eael-entry-thumbnail eael-image-ratio\">\n                <img loading=\"lazy\" decoding=\"async\" width=\"300\" height=\"300\" src=\"https:\/\/escoladigital.madeira.gov.pt\/ebspecalheta\/wp-content\/uploads\/sites\/3\/2026\/04\/mcontigo-300x300.jpeg\" class=\"attachment-medium size-medium wp-image-5942\" alt=\"\" srcset=\"https:\/\/escoladigital.madeira.gov.pt\/ebspecalheta\/wp-content\/uploads\/sites\/3\/2026\/04\/mcontigo-300x300.jpeg 300w, https:\/\/escoladigital.madeira.gov.pt\/ebspecalheta\/wp-content\/uploads\/sites\/3\/2026\/04\/mcontigo-1024x1024.jpeg 1024w, https:\/\/escoladigital.madeira.gov.pt\/ebspecalheta\/wp-content\/uploads\/sites\/3\/2026\/04\/mcontigo-150x150.jpeg 150w, https:\/\/escoladigital.madeira.gov.pt\/ebspecalheta\/wp-content\/uploads\/sites\/3\/2026\/04\/mcontigo-768x768.jpeg 768w, https:\/\/escoladigital.madeira.gov.pt\/ebspecalheta\/wp-content\/uploads\/sites\/3\/2026\/04\/mcontigo-1536x1536.jpeg 1536w, https:\/\/escoladigital.madeira.gov.pt\/ebspecalheta\/wp-content\/uploads\/sites\/3\/2026\/04\/mcontigo.jpeg 1920w\" sizes=\"(max-width: 300px) 100vw, 300px\" \/>\n            <\/div>\n        <\/div><div class=\"eael-entry-wrapper\"><header class=\"eael-entry-header\"><h2 class=\"eael-entry-title\"><a class=\"eael-grid-post-link\" href=\"https:\/\/escoladigital.madeira.gov.pt\/ebspecalheta\/2026\/04\/07\/dia-mais-contigo\/\" title=\"Dia Mais Contigo\">Dia Mais Contigo<\/a><\/h2><\/header><div class=\"eael-entry-header-after\"><div class=\"eael-entry-meta\"><span class=\"eael-posted-on\"><time datetime=\"7 de Abril, 2026\">7 de Abril, 2026<\/time><\/span><\/div><\/div><div class=\"eael-entry-content\">\n                        <div class=\"eael-grid-post-excerpt\"><p>No dia 27 de mar\u00e7o os alunos do 8\/1 realizaram uma atividade no \u00e2mbito do projeto promotor de sa\u00fade mental \u201cMais Contigo\u201d. Os alunos, com o apoio da diretora de turma e psic\u00f3logas que dinamizam o projeto, envolveram-se na prepara\u00e7\u00e3o e dinamiza\u00e7\u00e3o da atividade, que se dirigiu a duas turmas...<\/p><a href=\"https:\/\/escoladigital.madeira.gov.pt\/ebspecalheta\/2026\/04\/07\/dia-mais-contigo\/\" class=\"eael-post-elements-readmore-btn\"rel=\"nofollow\">Ler mais<\/a><\/div>\n                    <\/div><\/div><\/div>\n        <\/div>\n    <\/article><article class=\"eael-grid-post  eael-post-grid-column eael-pg-post-5934 category-2semestre-noticias\" data-id=\"5934\">\n        <div class=\"eael-grid-post-holder\">\n            <div class=\"eael-grid-post-holder-inner\"><div class=\"eael-entry-wrapper\"><header class=\"eael-entry-header\"><h2 class=\"eael-entry-title\"><a class=\"eael-grid-post-link\" href=\"https:\/\/escoladigital.madeira.gov.pt\/ebspecalheta\/2026\/03\/27\/a-poesia-tambem-e-para-ver-uma-viagem-pela-poesia-visual-portuguesa\/\" title=\"\u201cA poesia tamb\u00e9m \u00e9 para ver \u2013 uma viagem pela poesia visual portuguesa\u201d\">\u201cA poesia tamb\u00e9m \u00e9 para ver \u2013 uma viagem pela poesia visual portuguesa\u201d<\/a><\/h2><\/header><div class=\"eael-entry-header-after\"><div class=\"eael-entry-meta\"><span class=\"eael-posted-on\"><time datetime=\"27 de Mar\u00e7o, 2026\">27 de Mar\u00e7o, 2026<\/time><\/span><\/div><\/div><div class=\"eael-entry-content\">\n                        <div class=\"eael-grid-post-excerpt\"><p>De forma a assinalar o Dia Mundial da Poesia, o grupo disciplinar de Portugu\u00eas dinamizou a sess\u00e3o \u201cA poesia tamb\u00e9m \u00e9 para ver \u2013 uma viagem pela poesia visual portuguesa\u201d. Tendo por base uma Maleta pedag\u00f3gica, criada e disponibilizada pelo servi\u00e7o educativo do Arquivo e Biblioteca da Madeira, os alunos...<\/p><a href=\"https:\/\/escoladigital.madeira.gov.pt\/ebspecalheta\/2026\/03\/27\/a-poesia-tambem-e-para-ver-uma-viagem-pela-poesia-visual-portuguesa\/\" class=\"eael-post-elements-readmore-btn\"rel=\"nofollow\">Ler mais<\/a><\/div>\n                    <\/div><\/div><\/div>\n        <\/div>\n    <\/article><article class=\"eael-grid-post  eael-post-grid-column eael-pg-post-5925 category-eco-escolas\" data-id=\"5925\">\n        <div class=\"eael-grid-post-holder\">\n            <div class=\"eael-grid-post-holder-inner\"><div class=\"eael-entry-media\"><div class=\"eael-entry-overlay fade-in\"><i class=\"fas fa-long-arrow-alt-right\" aria-hidden=\"true\"><\/i><a href=\"https:\/\/escoladigital.madeira.gov.pt\/ebspecalheta\/2026\/03\/27\/sensibilizar-para-poupar-sessao-sobre-energia-e-sustentabilidade-na-escola\/\"><\/a><\/div><div class=\"eael-entry-thumbnail eael-image-ratio\">\n                <img loading=\"lazy\" decoding=\"async\" width=\"300\" height=\"169\" src=\"https:\/\/escoladigital.madeira.gov.pt\/ebspecalheta\/wp-content\/uploads\/sites\/3\/2026\/03\/energia1-300x169.jpg\" class=\"attachment-medium size-medium wp-image-5928\" alt=\"\" srcset=\"https:\/\/escoladigital.madeira.gov.pt\/ebspecalheta\/wp-content\/uploads\/sites\/3\/2026\/03\/energia1-300x169.jpg 300w, https:\/\/escoladigital.madeira.gov.pt\/ebspecalheta\/wp-content\/uploads\/sites\/3\/2026\/03\/energia1-1024x576.jpg 1024w, https:\/\/escoladigital.madeira.gov.pt\/ebspecalheta\/wp-content\/uploads\/sites\/3\/2026\/03\/energia1-768x432.jpg 768w, https:\/\/escoladigital.madeira.gov.pt\/ebspecalheta\/wp-content\/uploads\/sites\/3\/2026\/03\/energia1.jpg 1280w\" sizes=\"(max-width: 300px) 100vw, 300px\" \/>\n            <\/div>\n        <\/div><div class=\"eael-entry-wrapper\"><header class=\"eael-entry-header\"><h2 class=\"eael-entry-title\"><a class=\"eael-grid-post-link\" href=\"https:\/\/escoladigital.madeira.gov.pt\/ebspecalheta\/2026\/03\/27\/sensibilizar-para-poupar-sessao-sobre-energia-e-sustentabilidade-na-escola\/\" title=\"Sensibilizar para Poupar: Sess\u00e3o sobre Energia e Sustentabilidade na Escola\">Sensibilizar para Poupar: Sess\u00e3o sobre Energia e Sustentabilidade na Escola<\/a><\/h2><\/header><div class=\"eael-entry-header-after\"><div class=\"eael-entry-meta\"><span class=\"eael-posted-on\"><time datetime=\"27 de Mar\u00e7o, 2026\">27 de Mar\u00e7o, 2026<\/time><\/span><\/div><\/div><div class=\"eael-entry-content\">\n                        <div class=\"eael-grid-post-excerpt\"><p>No passado dia 26 de mar\u00e7o, realizou-se na nossa escola uma a\u00e7\u00e3o de apresenta\u00e7\u00e3o sobre a caracteriza\u00e7\u00e3o da pobreza energ\u00e9tica, dinamizada pelo t\u00e9cnico F\u00e1bio Pereira, da AREAM &#8211; Ag\u00eancia Regional de Energia e Ambiente da Regi\u00e3o Aut\u00f3noma da Madeira. A iniciativa decorreu no \u00e2mbito do projeto RESMAC e contou com...<\/p><a href=\"https:\/\/escoladigital.madeira.gov.pt\/ebspecalheta\/2026\/03\/27\/sensibilizar-para-poupar-sessao-sobre-energia-e-sustentabilidade-na-escola\/\" class=\"eael-post-elements-readmore-btn\"rel=\"nofollow\">Ler mais<\/a><\/div>\n                    <\/div><\/div><\/div>\n        <\/div>\n    <\/article><article class=\"eael-grid-post  eael-post-grid-column eael-pg-post-5919 category-2semestre-noticias\" data-id=\"5919\">\n        <div class=\"eael-grid-post-holder\">\n            <div class=\"eael-grid-post-holder-inner\"><div class=\"eael-entry-media\"><div class=\"eael-entry-overlay fade-in\"><i class=\"fas fa-long-arrow-alt-right\" aria-hidden=\"true\"><\/i><a href=\"https:\/\/escoladigital.madeira.gov.pt\/ebspecalheta\/2026\/03\/27\/dia-mundial-da-poesia-1-o-ciclo\/\"><\/a><\/div><div class=\"eael-entry-thumbnail eael-image-ratio\">\n                <img loading=\"lazy\" decoding=\"async\" width=\"300\" height=\"152\" src=\"https:\/\/escoladigital.madeira.gov.pt\/ebspecalheta\/wp-content\/uploads\/sites\/3\/2026\/03\/napa-300x152.png\" class=\"attachment-medium size-medium wp-image-5924\" alt=\"\" srcset=\"https:\/\/escoladigital.madeira.gov.pt\/ebspecalheta\/wp-content\/uploads\/sites\/3\/2026\/03\/napa-300x152.png 300w, https:\/\/escoladigital.madeira.gov.pt\/ebspecalheta\/wp-content\/uploads\/sites\/3\/2026\/03\/napa-768x390.png 768w, https:\/\/escoladigital.madeira.gov.pt\/ebspecalheta\/wp-content\/uploads\/sites\/3\/2026\/03\/napa.png 923w\" sizes=\"(max-width: 300px) 100vw, 300px\" \/>\n            <\/div>\n        <\/div><div class=\"eael-entry-wrapper\"><header class=\"eael-entry-header\"><h2 class=\"eael-entry-title\"><a class=\"eael-grid-post-link\" href=\"https:\/\/escoladigital.madeira.gov.pt\/ebspecalheta\/2026\/03\/27\/dia-mundial-da-poesia-1-o-ciclo\/\" title=\"Dia mundial da poesia &#8211; 1.\u00ba ciclo\">Dia mundial da poesia &#8211; 1.\u00ba ciclo<\/a><\/h2><\/header><div class=\"eael-entry-header-after\"><div class=\"eael-entry-meta\"><span class=\"eael-posted-on\"><time datetime=\"27 de Mar\u00e7o, 2026\">27 de Mar\u00e7o, 2026<\/time><\/span><\/div><\/div><div class=\"eael-entry-content\">\n                        <div class=\"eael-grid-post-excerpt\"><p>https:\/\/youtu.be\/Sk5IP4w3L6A Para comemorar o Dia mundial da poesia, na AEC Biblioteca, os alunos do 3\u00ba 4\u00ba anos exploraram a letra &#8220;Deslocado&#8221;, dos Napa. Seguidamente ilustraram o poema e eis o resultado.<\/p><a href=\"https:\/\/escoladigital.madeira.gov.pt\/ebspecalheta\/2026\/03\/27\/dia-mundial-da-poesia-1-o-ciclo\/\" class=\"eael-post-elements-readmore-btn\"rel=\"nofollow\">Ler mais<\/a><\/div>\n                    <\/div><\/div><\/div>\n        <\/div>\n    <\/article><article class=\"eael-grid-post  eael-post-grid-column eael-pg-post-5893 category-web-radio\" data-id=\"5893\">\n        <div class=\"eael-grid-post-holder\">\n            <div class=\"eael-grid-post-holder-inner\"><div class=\"eael-entry-media\"><div class=\"eael-entry-overlay fade-in\"><i class=\"fas fa-long-arrow-alt-right\" aria-hidden=\"true\"><\/i><a href=\"https:\/\/escoladigital.madeira.gov.pt\/ebspecalheta\/2026\/03\/23\/finais-regionais-kids-in-democracy-na-nossa-escola-com-a-radio-miudos\/\"><\/a><\/div><div class=\"eael-entry-thumbnail eael-image-ratio\">\n                <img loading=\"lazy\" decoding=\"async\" width=\"300\" height=\"240\" src=\"https:\/\/escoladigital.madeira.gov.pt\/ebspecalheta\/wp-content\/uploads\/sites\/3\/2026\/03\/webradiomar-300x240.png\" class=\"attachment-medium size-medium wp-image-5894\" alt=\"\" srcset=\"https:\/\/escoladigital.madeira.gov.pt\/ebspecalheta\/wp-content\/uploads\/sites\/3\/2026\/03\/webradiomar-300x240.png 300w, https:\/\/escoladigital.madeira.gov.pt\/ebspecalheta\/wp-content\/uploads\/sites\/3\/2026\/03\/webradiomar-1024x819.png 1024w, https:\/\/escoladigital.madeira.gov.pt\/ebspecalheta\/wp-content\/uploads\/sites\/3\/2026\/03\/webradiomar-768x614.png 768w, https:\/\/escoladigital.madeira.gov.pt\/ebspecalheta\/wp-content\/uploads\/sites\/3\/2026\/03\/webradiomar-1536x1229.png 1536w, https:\/\/escoladigital.madeira.gov.pt\/ebspecalheta\/wp-content\/uploads\/sites\/3\/2026\/03\/webradiomar.png 2000w\" sizes=\"(max-width: 300px) 100vw, 300px\" \/>\n            <\/div>\n        <\/div><div class=\"eael-entry-wrapper\"><header class=\"eael-entry-header\"><h2 class=\"eael-entry-title\"><a class=\"eael-grid-post-link\" href=\"https:\/\/escoladigital.madeira.gov.pt\/ebspecalheta\/2026\/03\/23\/finais-regionais-kids-in-democracy-na-nossa-escola-com-a-radio-miudos\/\" title=\"Finais Regionais Kids In Democracy na nossa escola com a R\u00e1dio Mi\u00fados\">Finais Regionais Kids In Democracy na nossa escola com a R\u00e1dio Mi\u00fados<\/a><\/h2><\/header><div class=\"eael-entry-header-after\"><div class=\"eael-entry-meta\"><span class=\"eael-posted-on\"><time datetime=\"23 de Mar\u00e7o, 2026\">23 de Mar\u00e7o, 2026<\/time><\/span><\/div><\/div><div class=\"eael-entry-content\">\n                        <div class=\"eael-grid-post-excerpt\"><p>No dia 12 de mar\u00e7o, tiverem lugar\u00a0 na nossa escola\u00a0 as finais regionais do concurso a n\u00edvel nacional, Kids In Democracy .Para que tal fosse poss\u00edvel, \u00a0tivemos o prazer de receber na nossa escola uma equipa da R\u00e1dio Mi\u00fados. Esta final decorreu na sequ\u00eancia do apuramento de duas equipas de...<\/p><a href=\"https:\/\/escoladigital.madeira.gov.pt\/ebspecalheta\/2026\/03\/23\/finais-regionais-kids-in-democracy-na-nossa-escola-com-a-radio-miudos\/\" class=\"eael-post-elements-readmore-btn\"rel=\"nofollow\">Ler mais<\/a><\/div>\n                    <\/div><\/div><\/div>\n        <\/div>\n    <\/article><article class=\"eael-grid-post  eael-post-grid-column eael-pg-post-5886 category-2semestre-noticias\" data-id=\"5886\">\n        <div class=\"eael-grid-post-holder\">\n            <div class=\"eael-grid-post-holder-inner\"><div class=\"eael-entry-media\"><div class=\"eael-entry-overlay fade-in\"><i class=\"fas fa-long-arrow-alt-right\" aria-hidden=\"true\"><\/i><a href=\"https:\/\/escoladigital.madeira.gov.pt\/ebspecalheta\/2026\/03\/20\/acao-de-sensibilizacao-comportamentos-aditivos-e-dependencias\/\"><\/a><\/div><div class=\"eael-entry-thumbnail eael-image-ratio\">\n                <img loading=\"lazy\" decoding=\"async\" width=\"300\" height=\"169\" src=\"https:\/\/escoladigital.madeira.gov.pt\/ebspecalheta\/wp-content\/uploads\/sites\/3\/2026\/03\/riscos-300x169.jpg\" class=\"attachment-medium size-medium wp-image-5887\" alt=\"\" srcset=\"https:\/\/escoladigital.madeira.gov.pt\/ebspecalheta\/wp-content\/uploads\/sites\/3\/2026\/03\/riscos-300x169.jpg 300w, https:\/\/escoladigital.madeira.gov.pt\/ebspecalheta\/wp-content\/uploads\/sites\/3\/2026\/03\/riscos-1024x576.jpg 1024w, https:\/\/escoladigital.madeira.gov.pt\/ebspecalheta\/wp-content\/uploads\/sites\/3\/2026\/03\/riscos-768x432.jpg 768w, https:\/\/escoladigital.madeira.gov.pt\/ebspecalheta\/wp-content\/uploads\/sites\/3\/2026\/03\/riscos.jpg 1280w\" sizes=\"(max-width: 300px) 100vw, 300px\" \/>\n            <\/div>\n        <\/div><div class=\"eael-entry-wrapper\"><header class=\"eael-entry-header\"><h2 class=\"eael-entry-title\"><a class=\"eael-grid-post-link\" href=\"https:\/\/escoladigital.madeira.gov.pt\/ebspecalheta\/2026\/03\/20\/acao-de-sensibilizacao-comportamentos-aditivos-e-dependencias\/\" title=\"A\u00e7\u00e3o de Sensibiliza\u00e7\u00e3o: Comportamentos Aditivos e Depend\u00eancias\">A\u00e7\u00e3o de Sensibiliza\u00e7\u00e3o: Comportamentos Aditivos e Depend\u00eancias<\/a><\/h2><\/header><div class=\"eael-entry-header-after\"><div class=\"eael-entry-meta\"><span class=\"eael-posted-on\"><time datetime=\"20 de Mar\u00e7o, 2026\">20 de Mar\u00e7o, 2026<\/time><\/span><\/div><\/div><div class=\"eael-entry-content\">\n                        <div class=\"eael-grid-post-excerpt\"><p>No dia 11 de mar\u00e7o do corrente ano, decorreu na sala de sess\u00f5es da Escola B\u00e1sica e Secund\u00e1ria com Pr\u00e9-Escolar da Calheta, a A\u00e7\u00e3o de Sensibiliza\u00e7\u00e3o: Comportamentos Aditivos e Depend\u00eancias (UCAD), no \u00e2mbito do Projeto Divers\u00e3o Sem Riscos. Esta sess\u00e3o teve como p\u00fablico-alvo os alunos das turmas 1, 2, 3,...<\/p><a href=\"https:\/\/escoladigital.madeira.gov.pt\/ebspecalheta\/2026\/03\/20\/acao-de-sensibilizacao-comportamentos-aditivos-e-dependencias\/\" class=\"eael-post-elements-readmore-btn\"rel=\"nofollow\">Ler mais<\/a><\/div>\n                    <\/div><\/div><\/div>\n        <\/div>\n    <\/article><article class=\"eael-grid-post  eael-post-grid-column eael-pg-post-5878 category-2semestre-noticias\" data-id=\"5878\">\n        <div class=\"eael-grid-post-holder\">\n            <div class=\"eael-grid-post-holder-inner\"><div class=\"eael-entry-media\"><div class=\"eael-entry-overlay fade-in\"><i class=\"fas fa-long-arrow-alt-right\" aria-hidden=\"true\"><\/i><a href=\"https:\/\/escoladigital.madeira.gov.pt\/ebspecalheta\/2026\/03\/20\/equipa-do-museu-da-baleia-dinamiza-atividade-oceanolab-na-escola\/\"><\/a><\/div><div class=\"eael-entry-thumbnail eael-image-ratio\">\n                <img loading=\"lazy\" decoding=\"async\" width=\"300\" height=\"169\" src=\"https:\/\/escoladigital.madeira.gov.pt\/ebspecalheta\/wp-content\/uploads\/sites\/3\/2026\/03\/museu1-300x169.jpg\" class=\"attachment-medium size-medium wp-image-5881\" alt=\"\" srcset=\"https:\/\/escoladigital.madeira.gov.pt\/ebspecalheta\/wp-content\/uploads\/sites\/3\/2026\/03\/museu1-300x169.jpg 300w, https:\/\/escoladigital.madeira.gov.pt\/ebspecalheta\/wp-content\/uploads\/sites\/3\/2026\/03\/museu1-1024x576.jpg 1024w, https:\/\/escoladigital.madeira.gov.pt\/ebspecalheta\/wp-content\/uploads\/sites\/3\/2026\/03\/museu1-768x432.jpg 768w, https:\/\/escoladigital.madeira.gov.pt\/ebspecalheta\/wp-content\/uploads\/sites\/3\/2026\/03\/museu1.jpg 1280w\" sizes=\"(max-width: 300px) 100vw, 300px\" \/>\n            <\/div>\n        <\/div><div class=\"eael-entry-wrapper\"><header class=\"eael-entry-header\"><h2 class=\"eael-entry-title\"><a class=\"eael-grid-post-link\" href=\"https:\/\/escoladigital.madeira.gov.pt\/ebspecalheta\/2026\/03\/20\/equipa-do-museu-da-baleia-dinamiza-atividade-oceanolab-na-escola\/\" title=\"Equipa do Museu da Baleia dinamiza atividade OCEANOLAB na escola\">Equipa do Museu da Baleia dinamiza atividade OCEANOLAB na escola<\/a><\/h2><\/header><div class=\"eael-entry-header-after\"><div class=\"eael-entry-meta\"><span class=\"eael-posted-on\"><time datetime=\"20 de Mar\u00e7o, 2026\">20 de Mar\u00e7o, 2026<\/time><\/span><\/div><\/div><div class=\"eael-entry-content\">\n                        <div class=\"eael-grid-post-excerpt\"><p>A nossa escola teve o privil\u00e9gio de receber a equipa pedag\u00f3gica do Museu da Baleia, liderada pela professora Luc\u00edlia Vares Sousa, para a dinamiza\u00e7\u00e3o da atividade\u00a0OCEANOLAB, de car\u00e1cter te\u00f3rico-pr\u00e1tico. Esta iniciativa integrou-se no \u00e2mbito do trabalho DAC da turma 9\/4, cujos alunos foram acompanhados pelas docentes Susana R., Rosa C....<\/p><a href=\"https:\/\/escoladigital.madeira.gov.pt\/ebspecalheta\/2026\/03\/20\/equipa-do-museu-da-baleia-dinamiza-atividade-oceanolab-na-escola\/\" class=\"eael-post-elements-readmore-btn\"rel=\"nofollow\">Ler mais<\/a><\/div>\n                    <\/div><\/div><\/div>\n        <\/div>\n    <\/article><article class=\"eael-grid-post  eael-post-grid-column eael-pg-post-5872 category-2semestre-noticias\" data-id=\"5872\">\n        <div class=\"eael-grid-post-holder\">\n            <div class=\"eael-grid-post-holder-inner\"><div class=\"eael-entry-media\"><div class=\"eael-entry-overlay fade-in\"><i class=\"fas fa-long-arrow-alt-right\" aria-hidden=\"true\"><\/i><a href=\"https:\/\/escoladigital.madeira.gov.pt\/ebspecalheta\/2026\/03\/20\/elementor-5872\/\"><\/a><\/div><div class=\"eael-entry-thumbnail eael-image-ratio\">\n                <img loading=\"lazy\" decoding=\"async\" width=\"300\" height=\"169\" src=\"https:\/\/escoladigital.madeira.gov.pt\/ebspecalheta\/wp-content\/uploads\/sites\/3\/2026\/03\/rodviaria1-300x169.jpg\" class=\"attachment-medium size-medium wp-image-5874\" alt=\"\" srcset=\"https:\/\/escoladigital.madeira.gov.pt\/ebspecalheta\/wp-content\/uploads\/sites\/3\/2026\/03\/rodviaria1-300x169.jpg 300w, https:\/\/escoladigital.madeira.gov.pt\/ebspecalheta\/wp-content\/uploads\/sites\/3\/2026\/03\/rodviaria1-1024x576.jpg 1024w, https:\/\/escoladigital.madeira.gov.pt\/ebspecalheta\/wp-content\/uploads\/sites\/3\/2026\/03\/rodviaria1-768x432.jpg 768w, https:\/\/escoladigital.madeira.gov.pt\/ebspecalheta\/wp-content\/uploads\/sites\/3\/2026\/03\/rodviaria1.jpg 1280w\" sizes=\"(max-width: 300px) 100vw, 300px\" \/>\n            <\/div>\n        <\/div><div class=\"eael-entry-wrapper\"><header class=\"eael-entry-header\"><h2 class=\"eael-entry-title\"><a class=\"eael-grid-post-link\" href=\"https:\/\/escoladigital.madeira.gov.pt\/ebspecalheta\/2026\/03\/20\/elementor-5872\/\" title=\"Comemora\u00e7\u00f5es do &#8220;M\u00eas da Prote\u00e7\u00e3o Civil&#8221; &#8211; atividade pedag\u00f3gica: &#8220;Jogo da Prote\u00e7\u00e3o Civil&#8221;\">Comemora\u00e7\u00f5es do &#8220;M\u00eas da Prote\u00e7\u00e3o Civil&#8221; &#8211; atividade pedag\u00f3gica: &#8220;Jogo da Prote\u00e7\u00e3o Civil&#8221;<\/a><\/h2><\/header><div class=\"eael-entry-header-after\"><div class=\"eael-entry-meta\"><span class=\"eael-posted-on\"><time datetime=\"20 de Mar\u00e7o, 2026\">20 de Mar\u00e7o, 2026<\/time><\/span><\/div><\/div><div class=\"eael-entry-content\">\n                        <div class=\"eael-grid-post-excerpt\"><p>No passado dia 16 de mar\u00e7o, os alunos do 3.\u00ba e 4.\u00baanos, do polo da Faj\u00e3 da Ovelha, participaram na atividade pedag\u00f3gica &#8211; \u201cJogo da Prote\u00e7\u00e3o Civil\u201d, dinamizado pelo Servi\u00e7o Municipal de Prote\u00e7\u00e3o Civil da Calheta, no \u00e2mbito das comemora\u00e7\u00f5es do \u201cM\u00eas da Prote\u00e7\u00e3o Civil\u201d. Entre jogos e desafios, os...<\/p><a href=\"https:\/\/escoladigital.madeira.gov.pt\/ebspecalheta\/2026\/03\/20\/elementor-5872\/\" class=\"eael-post-elements-readmore-btn\"rel=\"nofollow\">Ler mais<\/a><\/div>\n                    <\/div><\/div><\/div>\n        <\/div>\n    <\/article><article class=\"eael-grid-post  eael-post-grid-column eael-pg-post-5862 category-2semestre-noticias\" data-id=\"5862\">\n        <div class=\"eael-grid-post-holder\">\n            <div class=\"eael-grid-post-holder-inner\"><div class=\"eael-entry-media\"><div class=\"eael-entry-overlay fade-in\"><i class=\"fas fa-long-arrow-alt-right\" aria-hidden=\"true\"><\/i><a href=\"https:\/\/escoladigital.madeira.gov.pt\/ebspecalheta\/2026\/03\/19\/feira-dos-minerais\/\"><\/a><\/div><div class=\"eael-entry-thumbnail eael-image-ratio\">\n                <img loading=\"lazy\" decoding=\"async\" width=\"300\" height=\"169\" src=\"https:\/\/escoladigital.madeira.gov.pt\/ebspecalheta\/wp-content\/uploads\/sites\/3\/2026\/03\/Diapositivo1-300x169.jpg\" class=\"attachment-medium size-medium wp-image-5868\" alt=\"\" srcset=\"https:\/\/escoladigital.madeira.gov.pt\/ebspecalheta\/wp-content\/uploads\/sites\/3\/2026\/03\/Diapositivo1-300x169.jpg 300w, https:\/\/escoladigital.madeira.gov.pt\/ebspecalheta\/wp-content\/uploads\/sites\/3\/2026\/03\/Diapositivo1-1024x576.jpg 1024w, https:\/\/escoladigital.madeira.gov.pt\/ebspecalheta\/wp-content\/uploads\/sites\/3\/2026\/03\/Diapositivo1-768x432.jpg 768w, https:\/\/escoladigital.madeira.gov.pt\/ebspecalheta\/wp-content\/uploads\/sites\/3\/2026\/03\/Diapositivo1.jpg 1280w\" sizes=\"(max-width: 300px) 100vw, 300px\" \/>\n            <\/div>\n        <\/div><div class=\"eael-entry-wrapper\"><header class=\"eael-entry-header\"><h2 class=\"eael-entry-title\"><a class=\"eael-grid-post-link\" href=\"https:\/\/escoladigital.madeira.gov.pt\/ebspecalheta\/2026\/03\/19\/feira-dos-minerais\/\" title=\"Feira dos Minerais\">Feira dos Minerais<\/a><\/h2><\/header><div class=\"eael-entry-header-after\"><div class=\"eael-entry-meta\"><span class=\"eael-posted-on\"><time datetime=\"19 de Mar\u00e7o, 2026\">19 de Mar\u00e7o, 2026<\/time><\/span><\/div><\/div><div class=\"eael-entry-content\">\n                        <div class=\"eael-grid-post-excerpt\"><p>Durante os dias 16, 17, 18 e 19 de mar\u00e7o, na Escola B\u00e1sica e Secund\u00e1ria com Pr\u00e9 Escolar da Calheta, decorreu a feira de minerais e f\u00f3sseis, organizada pela empresa Miner\u00e1lia. Mais uma vez, a comunidade educativa teve a oportunidade de apreciar e adquirir exemplares de minerais e f\u00f3sseis, bem...<\/p><a href=\"https:\/\/escoladigital.madeira.gov.pt\/ebspecalheta\/2026\/03\/19\/feira-dos-minerais\/\" class=\"eael-post-elements-readmore-btn\"rel=\"nofollow\">Ler mais<\/a><\/div>\n                    <\/div><\/div><\/div>\n        <\/div>\n    <\/article><article class=\"eael-grid-post  eael-post-grid-column eael-pg-post-5856 category-educacao-para-a-seguranca-e-prevencao-de-riscos\" data-id=\"5856\">\n        <div class=\"eael-grid-post-holder\">\n            <div class=\"eael-grid-post-holder-inner\"><div class=\"eael-entry-media\"><div class=\"eael-entry-overlay fade-in\"><i class=\"fas fa-long-arrow-alt-right\" aria-hidden=\"true\"><\/i><a href=\"https:\/\/escoladigital.madeira.gov.pt\/ebspecalheta\/2026\/03\/18\/saude-mental-sem-tabus\/\"><\/a><\/div><div class=\"eael-entry-thumbnail eael-image-ratio\">\n                <img loading=\"lazy\" decoding=\"async\" width=\"300\" height=\"169\" src=\"https:\/\/escoladigital.madeira.gov.pt\/ebspecalheta\/wp-content\/uploads\/sites\/3\/2026\/03\/TABUS-300x169.jpg\" class=\"attachment-medium size-medium wp-image-5858\" alt=\"\" srcset=\"https:\/\/escoladigital.madeira.gov.pt\/ebspecalheta\/wp-content\/uploads\/sites\/3\/2026\/03\/TABUS-300x169.jpg 300w, https:\/\/escoladigital.madeira.gov.pt\/ebspecalheta\/wp-content\/uploads\/sites\/3\/2026\/03\/TABUS-1024x576.jpg 1024w, https:\/\/escoladigital.madeira.gov.pt\/ebspecalheta\/wp-content\/uploads\/sites\/3\/2026\/03\/TABUS-768x432.jpg 768w, https:\/\/escoladigital.madeira.gov.pt\/ebspecalheta\/wp-content\/uploads\/sites\/3\/2026\/03\/TABUS.jpg 1280w\" sizes=\"(max-width: 300px) 100vw, 300px\" \/>\n            <\/div>\n        <\/div><div class=\"eael-entry-wrapper\"><header class=\"eael-entry-header\"><h2 class=\"eael-entry-title\"><a class=\"eael-grid-post-link\" href=\"https:\/\/escoladigital.madeira.gov.pt\/ebspecalheta\/2026\/03\/18\/saude-mental-sem-tabus\/\" title=\"Sa\u00fade Mental sem Tabus\">Sa\u00fade Mental sem Tabus<\/a><\/h2><\/header><div class=\"eael-entry-header-after\"><div class=\"eael-entry-meta\"><span class=\"eael-posted-on\"><time datetime=\"18 de Mar\u00e7o, 2026\">18 de Mar\u00e7o, 2026<\/time><\/span><\/div><\/div><div class=\"eael-entry-content\">\n                        <div class=\"eael-grid-post-excerpt\"><p>No \u00e2mbito da Coordena\u00e7\u00e3o da Educa\u00e7\u00e3o para a Sa\u00fade, realizaram-se, no passado dia 10 de mar\u00e7o, sess\u00f5es integradas na campanha \u201cSa\u00fade Mental sem Tabus\u201d, dirigidas a alguns alunos do 2.\u00ba e 3.\u00ba ciclos. Estas sess\u00f5es foram dinamizadas pelo psic\u00f3logo Ademar Correia, da Associa\u00e7\u00e3o SYnergia Portugal, e tiveram como principal objetivo...<\/p><a href=\"https:\/\/escoladigital.madeira.gov.pt\/ebspecalheta\/2026\/03\/18\/saude-mental-sem-tabus\/\" class=\"eael-post-elements-readmore-btn\"rel=\"nofollow\">Ler mais<\/a><\/div>\n                    <\/div><\/div><\/div>\n        <\/div>\n    <\/article><article class=\"eael-grid-post  eael-post-grid-column eael-pg-post-5846 category-2semestre-noticias\" data-id=\"5846\">\n        <div class=\"eael-grid-post-holder\">\n            <div class=\"eael-grid-post-holder-inner\"><div class=\"eael-entry-media\"><div class=\"eael-entry-overlay fade-in\"><i class=\"fas fa-long-arrow-alt-right\" aria-hidden=\"true\"><\/i><a href=\"https:\/\/escoladigital.madeira.gov.pt\/ebspecalheta\/2026\/03\/11\/teqball-na-escola\/\"><\/a><\/div><div class=\"eael-entry-thumbnail eael-image-ratio\">\n                <img loading=\"lazy\" decoding=\"async\" width=\"300\" height=\"225\" src=\"https:\/\/escoladigital.madeira.gov.pt\/ebspecalheta\/wp-content\/uploads\/sites\/3\/2026\/03\/TEQBALL-300x225.jpeg\" class=\"attachment-medium size-medium wp-image-5848\" alt=\"\" srcset=\"https:\/\/escoladigital.madeira.gov.pt\/ebspecalheta\/wp-content\/uploads\/sites\/3\/2026\/03\/TEQBALL-300x225.jpeg 300w, https:\/\/escoladigital.madeira.gov.pt\/ebspecalheta\/wp-content\/uploads\/sites\/3\/2026\/03\/TEQBALL-1024x768.jpeg 1024w, https:\/\/escoladigital.madeira.gov.pt\/ebspecalheta\/wp-content\/uploads\/sites\/3\/2026\/03\/TEQBALL-768x576.jpeg 768w, https:\/\/escoladigital.madeira.gov.pt\/ebspecalheta\/wp-content\/uploads\/sites\/3\/2026\/03\/TEQBALL-1536x1152.jpeg 1536w, https:\/\/escoladigital.madeira.gov.pt\/ebspecalheta\/wp-content\/uploads\/sites\/3\/2026\/03\/TEQBALL.jpeg 2040w\" sizes=\"(max-width: 300px) 100vw, 300px\" \/>\n            <\/div>\n        <\/div><div class=\"eael-entry-wrapper\"><header class=\"eael-entry-header\"><h2 class=\"eael-entry-title\"><a class=\"eael-grid-post-link\" href=\"https:\/\/escoladigital.madeira.gov.pt\/ebspecalheta\/2026\/03\/11\/teqball-na-escola\/\" title=\"Teqball na escola\">Teqball na escola<\/a><\/h2><\/header><div class=\"eael-entry-header-after\"><div class=\"eael-entry-meta\"><span class=\"eael-posted-on\"><time datetime=\"11 de Mar\u00e7o, 2026\">11 de Mar\u00e7o, 2026<\/time><\/span><\/div><\/div><div class=\"eael-entry-content\">\n                        <div class=\"eael-grid-post-excerpt\"><p>No \u00e2mbito da Prova de Aptid\u00e3o Profissional (PAP) do aluno Juan, no dia 11 de mar\u00e7o, das 11h50 \u00e0s 13h20, decorreu uma demonstra\u00e7\u00e3o de Teqball na nossa escola, onde alguns alunos puderam vivenciar a exig\u00eancia t\u00e9cnica que esta modalidade acarreta. Nesta iniciativa estiveram presentes o senhor David Teixeira, respons\u00e1vel pelo...<\/p><a href=\"https:\/\/escoladigital.madeira.gov.pt\/ebspecalheta\/2026\/03\/11\/teqball-na-escola\/\" class=\"eael-post-elements-readmore-btn\"rel=\"nofollow\">Ler mais<\/a><\/div>\n                    <\/div><\/div><\/div>\n        <\/div>\n    <\/article><article class=\"eael-grid-post  eael-post-grid-column eael-pg-post-5832 category-2semestre-noticias\" data-id=\"5832\">\n        <div class=\"eael-grid-post-holder\">\n            <div class=\"eael-grid-post-holder-inner\"><div class=\"eael-entry-media\"><div class=\"eael-entry-overlay fade-in\"><i class=\"fas fa-long-arrow-alt-right\" aria-hidden=\"true\"><\/i><a href=\"https:\/\/escoladigital.madeira.gov.pt\/ebspecalheta\/2026\/03\/11\/feira-de-minerais-na-ebs-pe-calheta\/\"><\/a><\/div><div class=\"eael-entry-thumbnail eael-image-ratio\">\n                <img loading=\"lazy\" decoding=\"async\" width=\"300\" height=\"169\" src=\"https:\/\/escoladigital.madeira.gov.pt\/ebspecalheta\/wp-content\/uploads\/sites\/3\/2026\/03\/minerais-300x169.jpg\" class=\"attachment-medium size-medium wp-image-5833\" alt=\"\" srcset=\"https:\/\/escoladigital.madeira.gov.pt\/ebspecalheta\/wp-content\/uploads\/sites\/3\/2026\/03\/minerais-300x169.jpg 300w, https:\/\/escoladigital.madeira.gov.pt\/ebspecalheta\/wp-content\/uploads\/sites\/3\/2026\/03\/minerais-1024x576.jpg 1024w, https:\/\/escoladigital.madeira.gov.pt\/ebspecalheta\/wp-content\/uploads\/sites\/3\/2026\/03\/minerais-768x432.jpg 768w, https:\/\/escoladigital.madeira.gov.pt\/ebspecalheta\/wp-content\/uploads\/sites\/3\/2026\/03\/minerais.jpg 1280w\" sizes=\"(max-width: 300px) 100vw, 300px\" \/>\n            <\/div>\n        <\/div><div class=\"eael-entry-wrapper\"><header class=\"eael-entry-header\"><h2 class=\"eael-entry-title\"><a class=\"eael-grid-post-link\" href=\"https:\/\/escoladigital.madeira.gov.pt\/ebspecalheta\/2026\/03\/11\/feira-de-minerais-na-ebs-pe-calheta\/\" title=\"Feira de Minerais na EBS\/PE Calheta\">Feira de Minerais na EBS\/PE Calheta<\/a><\/h2><\/header><div class=\"eael-entry-header-after\"><div class=\"eael-entry-meta\"><span class=\"eael-posted-on\"><time datetime=\"11 de Mar\u00e7o, 2026\">11 de Mar\u00e7o, 2026<\/time><\/span><\/div><\/div><div class=\"eael-entry-content\">\n                        <div class=\"eael-grid-post-excerpt\"><p><\/p><a href=\"https:\/\/escoladigital.madeira.gov.pt\/ebspecalheta\/2026\/03\/11\/feira-de-minerais-na-ebs-pe-calheta\/\" class=\"eael-post-elements-readmore-btn\"rel=\"nofollow\">Ler mais<\/a><\/div>\n                    <\/div><\/div><\/div>\n        <\/div>\n    <\/article><article class=\"eael-grid-post  eael-post-grid-column eael-pg-post-5826 category-bau-de-leitura\" data-id=\"5826\">\n        <div class=\"eael-grid-post-holder\">\n            <div class=\"eael-grid-post-holder-inner\"><div class=\"eael-entry-media\"><div class=\"eael-entry-overlay fade-in\"><i class=\"fas fa-long-arrow-alt-right\" aria-hidden=\"true\"><\/i><a href=\"https:\/\/escoladigital.madeira.gov.pt\/ebspecalheta\/2026\/03\/11\/triatlo-literario-1ociclo-fase-concelhia\/\"><\/a><\/div><div class=\"eael-entry-thumbnail eael-image-ratio\">\n                <img loading=\"lazy\" decoding=\"async\" width=\"300\" height=\"169\" src=\"https:\/\/escoladigital.madeira.gov.pt\/ebspecalheta\/wp-content\/uploads\/sites\/3\/2026\/03\/triatlo2-300x169.jpg\" class=\"attachment-medium size-medium wp-image-5828\" alt=\"\" srcset=\"https:\/\/escoladigital.madeira.gov.pt\/ebspecalheta\/wp-content\/uploads\/sites\/3\/2026\/03\/triatlo2-300x169.jpg 300w, https:\/\/escoladigital.madeira.gov.pt\/ebspecalheta\/wp-content\/uploads\/sites\/3\/2026\/03\/triatlo2-1024x576.jpg 1024w, https:\/\/escoladigital.madeira.gov.pt\/ebspecalheta\/wp-content\/uploads\/sites\/3\/2026\/03\/triatlo2-768x432.jpg 768w, https:\/\/escoladigital.madeira.gov.pt\/ebspecalheta\/wp-content\/uploads\/sites\/3\/2026\/03\/triatlo2.jpg 1280w\" sizes=\"(max-width: 300px) 100vw, 300px\" \/>\n            <\/div>\n        <\/div><div class=\"eael-entry-wrapper\"><header class=\"eael-entry-header\"><h2 class=\"eael-entry-title\"><a class=\"eael-grid-post-link\" href=\"https:\/\/escoladigital.madeira.gov.pt\/ebspecalheta\/2026\/03\/11\/triatlo-literario-1ociclo-fase-concelhia\/\" title=\"Triatlo Liter\u00e1rio  1\u00baciclo &#8211; Fase concelhia\">Triatlo Liter\u00e1rio  1\u00baciclo &#8211; Fase concelhia<\/a><\/h2><\/header><div class=\"eael-entry-header-after\"><div class=\"eael-entry-meta\"><span class=\"eael-posted-on\"><time datetime=\"11 de Mar\u00e7o, 2026\">11 de Mar\u00e7o, 2026<\/time><\/span><\/div><\/div><div class=\"eael-entry-content\">\n                        <div class=\"eael-grid-post-excerpt\"><p>Realizou-se no dia 10 de mar\u00e7o, a fase concelhia do Triatlo Liter\u00e1rio referente ao 1\u00baciclo. O evento decorreu na Biblioteca Municipal da Calheta &#8211; Casa das Mudas e contou com nove participantes das escolas dos concelhos da Calheta e da Ponta do Sol,\u00a0 Cada escola participante fez-se representar pelo vencedor...<\/p><a href=\"https:\/\/escoladigital.madeira.gov.pt\/ebspecalheta\/2026\/03\/11\/triatlo-literario-1ociclo-fase-concelhia\/\" class=\"eael-post-elements-readmore-btn\"rel=\"nofollow\">Ler mais<\/a><\/div>\n                    <\/div><\/div><\/div>\n        <\/div>\n    <\/article><article class=\"eael-grid-post  eael-post-grid-column eael-pg-post-5756 category-empatia\" data-id=\"5756\">\n        <div class=\"eael-grid-post-holder\">\n            <div class=\"eael-grid-post-holder-inner\"><div class=\"eael-entry-media\"><div class=\"eael-entry-overlay fade-in\"><i class=\"fas fa-long-arrow-alt-right\" aria-hidden=\"true\"><\/i><a href=\"https:\/\/escoladigital.madeira.gov.pt\/ebspecalheta\/2026\/03\/02\/projeto-empatia-sugestao-de-marco\/\"><\/a><\/div><div class=\"eael-entry-thumbnail eael-image-ratio\">\n                <img loading=\"lazy\" decoding=\"async\" width=\"300\" height=\"251\" src=\"https:\/\/escoladigital.madeira.gov.pt\/ebspecalheta\/wp-content\/uploads\/sites\/3\/2026\/03\/marco-26-300x251.png\" class=\"attachment-medium size-medium wp-image-5757\" alt=\"\" srcset=\"https:\/\/escoladigital.madeira.gov.pt\/ebspecalheta\/wp-content\/uploads\/sites\/3\/2026\/03\/marco-26-300x251.png 300w, https:\/\/escoladigital.madeira.gov.pt\/ebspecalheta\/wp-content\/uploads\/sites\/3\/2026\/03\/marco-26-768x644.png 768w, https:\/\/escoladigital.madeira.gov.pt\/ebspecalheta\/wp-content\/uploads\/sites\/3\/2026\/03\/marco-26.png 940w\" sizes=\"(max-width: 300px) 100vw, 300px\" \/>\n            <\/div>\n        <\/div><div class=\"eael-entry-wrapper\"><header class=\"eael-entry-header\"><h2 class=\"eael-entry-title\"><a class=\"eael-grid-post-link\" href=\"https:\/\/escoladigital.madeira.gov.pt\/ebspecalheta\/2026\/03\/02\/projeto-empatia-sugestao-de-marco\/\" title=\"Projeto +Empatia &#8211; Sugest\u00e3o de mar\u00e7o\">Projeto +Empatia &#8211; Sugest\u00e3o de mar\u00e7o<\/a><\/h2><\/header><div class=\"eael-entry-header-after\"><div class=\"eael-entry-meta\"><span class=\"eael-posted-on\"><time datetime=\"2 de Mar\u00e7o, 2026\">2 de Mar\u00e7o, 2026<\/time><\/span><\/div><\/div><div class=\"eael-entry-content\">\n                        <div class=\"eael-grid-post-excerpt\"><p>Para o m\u00eas de mar\u00e7o o projeto +Empatia traz o tema da misoginia digital. No m\u00eas em que se assinala o Dia da Mulher, propomos uma reflex\u00e3o acerca de um fen\u00f3meno crescente, n\u00e3o s\u00f3 em Portugal, mas em todo o mundo. A misoginia digital \u00e9 uma forma de viol\u00eancia contra...<\/p><a href=\"https:\/\/escoladigital.madeira.gov.pt\/ebspecalheta\/2026\/03\/02\/projeto-empatia-sugestao-de-marco\/\" class=\"eael-post-elements-readmore-btn\"rel=\"nofollow\">Ler mais<\/a><\/div>\n                    <\/div><\/div><\/div>\n        <\/div>\n    <\/article><article class=\"eael-grid-post  eael-post-grid-column eael-pg-post-5746 category-web-radio\" data-id=\"5746\">\n        <div class=\"eael-grid-post-holder\">\n            <div class=\"eael-grid-post-holder-inner\"><div class=\"eael-entry-media\"><div class=\"eael-entry-overlay fade-in\"><i class=\"fas fa-long-arrow-alt-right\" aria-hidden=\"true\"><\/i><a href=\"https:\/\/escoladigital.madeira.gov.pt\/ebspecalheta\/2026\/03\/02\/alunas-da-escola-destacam-se-no-dia-mundial-da-radio-com-emissao-na-tsf-madeira\/\"><\/a><\/div><div class=\"eael-entry-thumbnail eael-image-ratio\">\n                <img loading=\"lazy\" decoding=\"async\" width=\"300\" height=\"240\" src=\"https:\/\/escoladigital.madeira.gov.pt\/ebspecalheta\/wp-content\/uploads\/sites\/3\/2026\/03\/radio-300x240.png\" class=\"attachment-medium size-medium wp-image-5747\" alt=\"\" srcset=\"https:\/\/escoladigital.madeira.gov.pt\/ebspecalheta\/wp-content\/uploads\/sites\/3\/2026\/03\/radio-300x240.png 300w, https:\/\/escoladigital.madeira.gov.pt\/ebspecalheta\/wp-content\/uploads\/sites\/3\/2026\/03\/radio-1024x819.png 1024w, https:\/\/escoladigital.madeira.gov.pt\/ebspecalheta\/wp-content\/uploads\/sites\/3\/2026\/03\/radio-768x614.png 768w, https:\/\/escoladigital.madeira.gov.pt\/ebspecalheta\/wp-content\/uploads\/sites\/3\/2026\/03\/radio-1536x1229.png 1536w, https:\/\/escoladigital.madeira.gov.pt\/ebspecalheta\/wp-content\/uploads\/sites\/3\/2026\/03\/radio.png 2000w\" sizes=\"(max-width: 300px) 100vw, 300px\" \/>\n            <\/div>\n        <\/div><div class=\"eael-entry-wrapper\"><header class=\"eael-entry-header\"><h2 class=\"eael-entry-title\"><a class=\"eael-grid-post-link\" href=\"https:\/\/escoladigital.madeira.gov.pt\/ebspecalheta\/2026\/03\/02\/alunas-da-escola-destacam-se-no-dia-mundial-da-radio-com-emissao-na-tsf-madeira\/\" title=\"Alunas da escola destacam-se no Dia Mundial da R\u00e1dio com emiss\u00e3o na TSF-Madeira\">Alunas da escola destacam-se no Dia Mundial da R\u00e1dio com emiss\u00e3o na TSF-Madeira<\/a><\/h2><\/header><div class=\"eael-entry-header-after\"><div class=\"eael-entry-meta\"><span class=\"eael-posted-on\"><time datetime=\"2 de Mar\u00e7o, 2026\">2 de Mar\u00e7o, 2026<\/time><\/span><\/div><\/div><div class=\"eael-entry-content\">\n                        <div class=\"eael-grid-post-excerpt\"><p>No passado dia 13 de fevereiro de 2026, o Dia Mundial da R\u00e1dio foi celebrado de uma forma especial. Duas alunas da nossa escola, Constan\u00e7a e Madalena, do projeto Webradio Horizonte, participaram numa emiss\u00e3o em direto da TSF-Madeira. Durante a emiss\u00e3o, conduziram uma entrevista ao Senhor Professor Samuel Mateus, Licenciado...<\/p><a href=\"https:\/\/escoladigital.madeira.gov.pt\/ebspecalheta\/2026\/03\/02\/alunas-da-escola-destacam-se-no-dia-mundial-da-radio-com-emissao-na-tsf-madeira\/\" class=\"eael-post-elements-readmore-btn\"rel=\"nofollow\">Ler mais<\/a><\/div>\n                    <\/div><\/div><\/div>\n        <\/div>\n    <\/article><article class=\"eael-grid-post  eael-post-grid-column eael-pg-post-5739 category-ebs-calheta-tv-web-radio\" data-id=\"5739\">\n        <div class=\"eael-grid-post-holder\">\n            <div class=\"eael-grid-post-holder-inner\"><div class=\"eael-entry-media\"><div class=\"eael-entry-overlay fade-in\"><i class=\"fas fa-long-arrow-alt-right\" aria-hidden=\"true\"><\/i><a href=\"https:\/\/escoladigital.madeira.gov.pt\/ebspecalheta\/2026\/03\/02\/a-nossa-aluna-mariana-apresentou-a-cerimonia-de-entrega-dos-premios-do-concurso-a-capa-do-a-tua-vez-e-minha\/\"><\/a><\/div><div class=\"eael-entry-thumbnail eael-image-ratio\">\n                <img loading=\"lazy\" decoding=\"async\" width=\"300\" height=\"240\" src=\"https:\/\/escoladigital.madeira.gov.pt\/ebspecalheta\/wp-content\/uploads\/sites\/3\/2026\/03\/cerimoniaapresentacao-300x240.png\" class=\"attachment-medium size-medium wp-image-5741\" alt=\"\" srcset=\"https:\/\/escoladigital.madeira.gov.pt\/ebspecalheta\/wp-content\/uploads\/sites\/3\/2026\/03\/cerimoniaapresentacao-300x240.png 300w, https:\/\/escoladigital.madeira.gov.pt\/ebspecalheta\/wp-content\/uploads\/sites\/3\/2026\/03\/cerimoniaapresentacao-1024x819.png 1024w, https:\/\/escoladigital.madeira.gov.pt\/ebspecalheta\/wp-content\/uploads\/sites\/3\/2026\/03\/cerimoniaapresentacao-768x614.png 768w, https:\/\/escoladigital.madeira.gov.pt\/ebspecalheta\/wp-content\/uploads\/sites\/3\/2026\/03\/cerimoniaapresentacao-1536x1229.png 1536w, https:\/\/escoladigital.madeira.gov.pt\/ebspecalheta\/wp-content\/uploads\/sites\/3\/2026\/03\/cerimoniaapresentacao.png 2000w\" sizes=\"(max-width: 300px) 100vw, 300px\" \/>\n            <\/div>\n        <\/div><div class=\"eael-entry-wrapper\"><header class=\"eael-entry-header\"><h2 class=\"eael-entry-title\"><a class=\"eael-grid-post-link\" href=\"https:\/\/escoladigital.madeira.gov.pt\/ebspecalheta\/2026\/03\/02\/a-nossa-aluna-mariana-apresentou-a-cerimonia-de-entrega-dos-premios-do-concurso-a-capa-do-a-tua-vez-e-minha\/\" title=\"A nossa aluna Mariana apresentou a Cerim\u00f3nia de Entrega dos Pr\u00e9mios do Concurso &#8220;A Capa do a Tua Vez \u00e9 minha&#8221;\">A nossa aluna Mariana apresentou a Cerim\u00f3nia de Entrega dos Pr\u00e9mios do Concurso &#8220;A Capa do a Tua Vez \u00e9 minha&#8221;<\/a><\/h2><\/header><div class=\"eael-entry-header-after\"><div class=\"eael-entry-meta\"><span class=\"eael-posted-on\"><time datetime=\"2 de Mar\u00e7o, 2026\">2 de Mar\u00e7o, 2026<\/time><\/span><\/div><\/div><div class=\"eael-entry-content\">\n                        <div class=\"eael-grid-post-excerpt\"><p>No dia 10 de fevereiro, a nossa aluna, Mariana, teve a honra de ser a apresentadora da cerim\u00f3nia de entrega dos pr\u00e9mios do concurso &#8216;A Capa do a Tua Vez \u00e9 minha&#8217;, que decorreu no museu de Santa Clara no Funchal. Este evento especial contou com a presen\u00e7a da Secret\u00e1ria...<\/p><a href=\"https:\/\/escoladigital.madeira.gov.pt\/ebspecalheta\/2026\/03\/02\/a-nossa-aluna-mariana-apresentou-a-cerimonia-de-entrega-dos-premios-do-concurso-a-capa-do-a-tua-vez-e-minha\/\" class=\"eael-post-elements-readmore-btn\"rel=\"nofollow\">Ler mais<\/a><\/div>\n                    <\/div><\/div><\/div>\n        <\/div>\n    <\/article><article class=\"eael-grid-post  eael-post-grid-column eael-pg-post-5723 category-itstime\" data-id=\"5723\">\n        <div class=\"eael-grid-post-holder\">\n            <div class=\"eael-grid-post-holder-inner\"><div class=\"eael-entry-media\"><div class=\"eael-entry-overlay fade-in\"><i class=\"fas fa-long-arrow-alt-right\" aria-hidden=\"true\"><\/i><a href=\"https:\/\/escoladigital.madeira.gov.pt\/ebspecalheta\/2026\/02\/27\/5o-dia-da-mobilidade-do-projeto-erasmus-its-time-em-portugal-madeira\/\"><\/a><\/div><div class=\"eael-entry-thumbnail eael-image-ratio\">\n                <img loading=\"lazy\" decoding=\"async\" width=\"300\" height=\"169\" src=\"https:\/\/escoladigital.madeira.gov.pt\/ebspecalheta\/wp-content\/uploads\/sites\/3\/2026\/02\/s1-1-300x169.jpg\" class=\"attachment-medium size-medium wp-image-5725\" alt=\"\" srcset=\"https:\/\/escoladigital.madeira.gov.pt\/ebspecalheta\/wp-content\/uploads\/sites\/3\/2026\/02\/s1-1-300x169.jpg 300w, https:\/\/escoladigital.madeira.gov.pt\/ebspecalheta\/wp-content\/uploads\/sites\/3\/2026\/02\/s1-1-1024x576.jpg 1024w, https:\/\/escoladigital.madeira.gov.pt\/ebspecalheta\/wp-content\/uploads\/sites\/3\/2026\/02\/s1-1-768x432.jpg 768w, https:\/\/escoladigital.madeira.gov.pt\/ebspecalheta\/wp-content\/uploads\/sites\/3\/2026\/02\/s1-1.jpg 1280w\" sizes=\"(max-width: 300px) 100vw, 300px\" \/>\n            <\/div>\n        <\/div><div class=\"eael-entry-wrapper\"><header class=\"eael-entry-header\"><h2 class=\"eael-entry-title\"><a class=\"eael-grid-post-link\" href=\"https:\/\/escoladigital.madeira.gov.pt\/ebspecalheta\/2026\/02\/27\/5o-dia-da-mobilidade-do-projeto-erasmus-its-time-em-portugal-madeira\/\" title=\"5\u00ba Dia da Mobilidade do Projeto Erasmus+ \u201cIt\u2019s Time\u201d em Portugal\/Madeira\">5\u00ba Dia da Mobilidade do Projeto Erasmus+ \u201cIt\u2019s Time\u201d em Portugal\/Madeira<\/a><\/h2><\/header><div class=\"eael-entry-header-after\"><div class=\"eael-entry-meta\"><span class=\"eael-posted-on\"><time datetime=\"27 de Fevereiro, 2026\">27 de Fevereiro, 2026<\/time><\/span><\/div><\/div><div class=\"eael-entry-content\">\n                        <div class=\"eael-grid-post-excerpt\"><p>No 5\u00ba dia da mobilidade, a equipa de alunos do projeto Erasmus+ \u201cIt&#8217;s Time\u201d, composta por 71 participantes, realizou uma visita de estudo ao Museu Etnogr\u00e1fico da Madeira com dois objetivos principais: conhecer os h\u00e1bitos e costumes da Madeira de outras \u00e9pocas e compreender como as comunidades de tempos mais...<\/p><a href=\"https:\/\/escoladigital.madeira.gov.pt\/ebspecalheta\/2026\/02\/27\/5o-dia-da-mobilidade-do-projeto-erasmus-its-time-em-portugal-madeira\/\" class=\"eael-post-elements-readmore-btn\"rel=\"nofollow\">Ler mais<\/a><\/div>\n                    <\/div><\/div><\/div>\n        <\/div>\n    <\/article><article class=\"eael-grid-post  eael-post-grid-column eael-pg-post-5695 category-itstime\" data-id=\"5695\">\n        <div class=\"eael-grid-post-holder\">\n            <div class=\"eael-grid-post-holder-inner\"><div class=\"eael-entry-media\"><div class=\"eael-entry-overlay fade-in\"><i class=\"fas fa-long-arrow-alt-right\" aria-hidden=\"true\"><\/i><a href=\"https:\/\/escoladigital.madeira.gov.pt\/ebspecalheta\/2026\/02\/26\/4o-dia-da-mobilidade-do-projeto-erasmus-its-time-em-portugal-madeira\/\"><\/a><\/div><div class=\"eael-entry-thumbnail eael-image-ratio\">\n                <img loading=\"lazy\" decoding=\"async\" width=\"300\" height=\"169\" src=\"https:\/\/escoladigital.madeira.gov.pt\/ebspecalheta\/wp-content\/uploads\/sites\/3\/2026\/02\/4_1-300x169.jpg\" class=\"attachment-medium size-medium wp-image-5706\" alt=\"\" srcset=\"https:\/\/escoladigital.madeira.gov.pt\/ebspecalheta\/wp-content\/uploads\/sites\/3\/2026\/02\/4_1-300x169.jpg 300w, https:\/\/escoladigital.madeira.gov.pt\/ebspecalheta\/wp-content\/uploads\/sites\/3\/2026\/02\/4_1-1024x576.jpg 1024w, https:\/\/escoladigital.madeira.gov.pt\/ebspecalheta\/wp-content\/uploads\/sites\/3\/2026\/02\/4_1-768x432.jpg 768w, https:\/\/escoladigital.madeira.gov.pt\/ebspecalheta\/wp-content\/uploads\/sites\/3\/2026\/02\/4_1.jpg 1280w\" sizes=\"(max-width: 300px) 100vw, 300px\" \/>\n            <\/div>\n        <\/div><div class=\"eael-entry-wrapper\"><header class=\"eael-entry-header\"><h2 class=\"eael-entry-title\"><a class=\"eael-grid-post-link\" href=\"https:\/\/escoladigital.madeira.gov.pt\/ebspecalheta\/2026\/02\/26\/4o-dia-da-mobilidade-do-projeto-erasmus-its-time-em-portugal-madeira\/\" title=\"4\u00ba Dia da Mobilidade do Projeto Erasmus+ \u201cIt\u2019s Time\u201d em Portugal\/Madeira\">4\u00ba Dia da Mobilidade do Projeto Erasmus+ \u201cIt\u2019s Time\u201d em Portugal\/Madeira<\/a><\/h2><\/header><div class=\"eael-entry-header-after\"><div class=\"eael-entry-meta\"><span class=\"eael-posted-on\"><time datetime=\"26 de Fevereiro, 2026\">26 de Fevereiro, 2026<\/time><\/span><\/div><\/div><div class=\"eael-entry-content\">\n                        <div class=\"eael-grid-post-excerpt\"><p>O 4.\u00ba dia do projeto Erasmus+ It\u2019s Time na EBS\/PE da Calheta come\u00e7ou com o Peddy Paper \u201cIt\u2019s Time to Know\u201d, uma atividade din\u00e2mica e educativa que desafiou alunos de v\u00e1rios pa\u00edses a percorrer diferentes postos tem\u00e1ticos relacionados com sustentabilidade e consumo respons\u00e1vel. Ao longo do percurso, as equipas participaram...<\/p><a href=\"https:\/\/escoladigital.madeira.gov.pt\/ebspecalheta\/2026\/02\/26\/4o-dia-da-mobilidade-do-projeto-erasmus-its-time-em-portugal-madeira\/\" class=\"eael-post-elements-readmore-btn\"rel=\"nofollow\">Ler mais<\/a><\/div>\n                    <\/div><\/div><\/div>\n        <\/div>\n    <\/article><article class=\"eael-grid-post  eael-post-grid-column eael-pg-post-5665 category-itstime\" data-id=\"5665\">\n        <div class=\"eael-grid-post-holder\">\n            <div class=\"eael-grid-post-holder-inner\"><div class=\"eael-entry-media\"><div class=\"eael-entry-overlay fade-in\"><i class=\"fas fa-long-arrow-alt-right\" aria-hidden=\"true\"><\/i><a href=\"https:\/\/escoladigital.madeira.gov.pt\/ebspecalheta\/2026\/02\/25\/2o-dia-da-mobilidade-do-projeto-erasmus-its-time-em-portugal-madeira-2\/\"><\/a><\/div><div class=\"eael-entry-thumbnail eael-image-ratio\">\n                <img loading=\"lazy\" decoding=\"async\" width=\"225\" height=\"300\" src=\"https:\/\/escoladigital.madeira.gov.pt\/ebspecalheta\/wp-content\/uploads\/sites\/3\/2026\/02\/3_6-225x300.jpg\" class=\"attachment-medium size-medium wp-image-5686\" alt=\"\" srcset=\"https:\/\/escoladigital.madeira.gov.pt\/ebspecalheta\/wp-content\/uploads\/sites\/3\/2026\/02\/3_6-225x300.jpg 225w, https:\/\/escoladigital.madeira.gov.pt\/ebspecalheta\/wp-content\/uploads\/sites\/3\/2026\/02\/3_6.jpg 720w\" sizes=\"(max-width: 225px) 100vw, 225px\" \/>\n            <\/div>\n        <\/div><div class=\"eael-entry-wrapper\"><header class=\"eael-entry-header\"><h2 class=\"eael-entry-title\"><a class=\"eael-grid-post-link\" href=\"https:\/\/escoladigital.madeira.gov.pt\/ebspecalheta\/2026\/02\/25\/2o-dia-da-mobilidade-do-projeto-erasmus-its-time-em-portugal-madeira-2\/\" title=\"3\u00ba Dia da Mobilidade do Projeto Erasmus+ \u201cIt\u2019s Time\u201d em Portugal\/Madeira\">3\u00ba Dia da Mobilidade do Projeto Erasmus+ \u201cIt\u2019s Time\u201d em Portugal\/Madeira<\/a><\/h2><\/header><div class=\"eael-entry-header-after\"><div class=\"eael-entry-meta\"><span class=\"eael-posted-on\"><time datetime=\"25 de Fevereiro, 2026\">25 de Fevereiro, 2026<\/time><\/span><\/div><\/div><div class=\"eael-entry-content\">\n                        <div class=\"eael-grid-post-excerpt\"><p>O 3.\u00ba dia do projeto Erasmus+ It\u2019s Time, na EBS\/PE Calheta, come\u00e7ou com a visita \u00e0s duas freguesias da Calheta junto ao mar. Pass\u00e1mos primeiro pelo Paul do Mar, onde percorremos a promenade, e depois fomos ao Jardim do Mar. Os nossos parceiros de projeto ficaram encantados com ambas as...<\/p><a href=\"https:\/\/escoladigital.madeira.gov.pt\/ebspecalheta\/2026\/02\/25\/2o-dia-da-mobilidade-do-projeto-erasmus-its-time-em-portugal-madeira-2\/\" class=\"eael-post-elements-readmore-btn\"rel=\"nofollow\">Ler mais<\/a><\/div>\n                    <\/div><\/div><\/div>\n        <\/div>\n    <\/article><article class=\"eael-grid-post  eael-post-grid-column eael-pg-post-5620 category-2semestre-educacao-para-a-seguranca-e-prevencao-de-riscos-sem-categoria\" data-id=\"5620\">\n        <div class=\"eael-grid-post-holder\">\n            <div class=\"eael-grid-post-holder-inner\"><div class=\"eael-entry-media\"><div class=\"eael-entry-overlay fade-in\"><i class=\"fas fa-long-arrow-alt-right\" aria-hidden=\"true\"><\/i><a href=\"https:\/\/escoladigital.madeira.gov.pt\/ebspecalheta\/2026\/02\/25\/acao-de-sensibilizacao-realizada-nas-aulas-de-ciencias-naturais-dinamizada-pela-camara-municipal-da-calheta-para-os-alunos-do-6-o-e-9-o-ano\/\"><\/a><\/div><div class=\"eael-entry-thumbnail eael-image-ratio\">\n                <img loading=\"lazy\" decoding=\"async\" width=\"225\" height=\"300\" src=\"https:\/\/escoladigital.madeira.gov.pt\/ebspecalheta\/wp-content\/uploads\/sites\/3\/2026\/02\/s5-225x300.jpg\" class=\"attachment-medium size-medium wp-image-5627\" alt=\"\" srcset=\"https:\/\/escoladigital.madeira.gov.pt\/ebspecalheta\/wp-content\/uploads\/sites\/3\/2026\/02\/s5-225x300.jpg 225w, https:\/\/escoladigital.madeira.gov.pt\/ebspecalheta\/wp-content\/uploads\/sites\/3\/2026\/02\/s5.jpg 720w\" sizes=\"(max-width: 225px) 100vw, 225px\" \/>\n            <\/div>\n        <\/div><div class=\"eael-entry-wrapper\"><header class=\"eael-entry-header\"><h2 class=\"eael-entry-title\"><a class=\"eael-grid-post-link\" href=\"https:\/\/escoladigital.madeira.gov.pt\/ebspecalheta\/2026\/02\/25\/acao-de-sensibilizacao-realizada-nas-aulas-de-ciencias-naturais-dinamizada-pela-camara-municipal-da-calheta-para-os-alunos-do-6-o-e-9-o-ano\/\" title=\"A\u00e7\u00e3o de sensibiliza\u00e7\u00e3o, realizada nas aulas de ci\u00eancias naturais, dinamizada pela C\u00e2mara Municipal da Calheta para os alunos do 6.\u00ba e 9.\u00ba ano\">A\u00e7\u00e3o de sensibiliza\u00e7\u00e3o, realizada nas aulas de ci\u00eancias naturais, dinamizada pela C\u00e2mara Municipal da Calheta para os alunos do 6.\u00ba e 9.\u00ba ano<\/a><\/h2><\/header><div class=\"eael-entry-header-after\"><div class=\"eael-entry-meta\"><span class=\"eael-posted-on\"><time datetime=\"25 de Fevereiro, 2026\">25 de Fevereiro, 2026<\/time><\/span><\/div><\/div><div class=\"eael-entry-content\">\n                        <div class=\"eael-grid-post-excerpt\"><p>Durante o m\u00eas de fevereiro, os alunos das turmas do 9.\u00ba e 6.\u00ba anos da nossa escola, no \u00e2mbito da disciplina de \u00a0Ci\u00eancias Naturais, em articula\u00e7\u00e3o com o projeto Educa\u00e7\u00e3o para a Seguran\u00e7a e Preven\u00e7\u00e3o de Risco, participaram nas atividades \u201cA\u00e7\u00e3o de sensibiliza\u00e7\u00e3o sobre Suporte B\u00e1sico de Vida\u201d, para o...<\/p><a href=\"https:\/\/escoladigital.madeira.gov.pt\/ebspecalheta\/2026\/02\/25\/acao-de-sensibilizacao-realizada-nas-aulas-de-ciencias-naturais-dinamizada-pela-camara-municipal-da-calheta-para-os-alunos-do-6-o-e-9-o-ano\/\" class=\"eael-post-elements-readmore-btn\"rel=\"nofollow\">Ler mais<\/a><\/div>\n                    <\/div><\/div><\/div>\n        <\/div>\n    <\/article><article class=\"eael-grid-post  eael-post-grid-column eael-pg-post-5607 category-2semestre\" data-id=\"5607\">\n        <div class=\"eael-grid-post-holder\">\n            <div class=\"eael-grid-post-holder-inner\"><div class=\"eael-entry-media\"><div class=\"eael-entry-overlay fade-in\"><i class=\"fas fa-long-arrow-alt-right\" aria-hidden=\"true\"><\/i><a href=\"https:\/\/escoladigital.madeira.gov.pt\/ebspecalheta\/2026\/02\/25\/nucleo-de-bilhar-da-ebs-pe-da-calheta\/\"><\/a><\/div><div class=\"eael-entry-thumbnail eael-image-ratio\">\n                <img loading=\"lazy\" decoding=\"async\" width=\"300\" height=\"169\" src=\"https:\/\/escoladigital.madeira.gov.pt\/ebspecalheta\/wp-content\/uploads\/sites\/3\/2026\/02\/bilhar-300x169.jpg\" class=\"attachment-medium size-medium wp-image-5609\" alt=\"\" srcset=\"https:\/\/escoladigital.madeira.gov.pt\/ebspecalheta\/wp-content\/uploads\/sites\/3\/2026\/02\/bilhar-300x169.jpg 300w, https:\/\/escoladigital.madeira.gov.pt\/ebspecalheta\/wp-content\/uploads\/sites\/3\/2026\/02\/bilhar-1024x576.jpg 1024w, https:\/\/escoladigital.madeira.gov.pt\/ebspecalheta\/wp-content\/uploads\/sites\/3\/2026\/02\/bilhar-768x432.jpg 768w, https:\/\/escoladigital.madeira.gov.pt\/ebspecalheta\/wp-content\/uploads\/sites\/3\/2026\/02\/bilhar.jpg 1280w\" sizes=\"(max-width: 300px) 100vw, 300px\" \/>\n            <\/div>\n        <\/div><div class=\"eael-entry-wrapper\"><header class=\"eael-entry-header\"><h2 class=\"eael-entry-title\"><a class=\"eael-grid-post-link\" href=\"https:\/\/escoladigital.madeira.gov.pt\/ebspecalheta\/2026\/02\/25\/nucleo-de-bilhar-da-ebs-pe-da-calheta\/\" title=\"N\u00facleo de Bilhar da EBS\/PE da Calheta\">N\u00facleo de Bilhar da EBS\/PE da Calheta<\/a><\/h2><\/header><div class=\"eael-entry-header-after\"><div class=\"eael-entry-meta\"><span class=\"eael-posted-on\"><time datetime=\"25 de Fevereiro, 2026\">25 de Fevereiro, 2026<\/time><\/span><\/div><\/div><div class=\"eael-entry-content\">\n                        <div class=\"eael-grid-post-excerpt\"><p>O n\u00facleo de bilhar da nossa escola participou, no dia 24 de fevereiro, no I Torneio de Bilhar na escola, organizado pela Associa\u00e7\u00e3o Madeirense de Bilhar, que teve lugar \u201cPalco ocasional\u201d, no Cani\u00e7o. No geral a atividade foi bem dinamizada, com todos os alunos a realizarem v\u00e1rios jogos durante o...<\/p><a href=\"https:\/\/escoladigital.madeira.gov.pt\/ebspecalheta\/2026\/02\/25\/nucleo-de-bilhar-da-ebs-pe-da-calheta\/\" class=\"eael-post-elements-readmore-btn\"rel=\"nofollow\">Ler mais<\/a><\/div>\n                    <\/div><\/div><\/div>\n        <\/div>\n    <\/article><article class=\"eael-grid-post  eael-post-grid-column eael-pg-post-5596 category-plano-regional-de-prevencao-rodoviaria\" data-id=\"5596\">\n        <div class=\"eael-grid-post-holder\">\n            <div class=\"eael-grid-post-holder-inner\"><div class=\"eael-entry-media\"><div class=\"eael-entry-overlay fade-in\"><i class=\"fas fa-long-arrow-alt-right\" aria-hidden=\"true\"><\/i><a href=\"https:\/\/escoladigital.madeira.gov.pt\/ebspecalheta\/2026\/02\/25\/taca-escolar-de-educacao-rodoviaria-fase-escola\/\"><\/a><\/div><div class=\"eael-entry-thumbnail eael-image-ratio\">\n                <img loading=\"lazy\" decoding=\"async\" width=\"300\" height=\"169\" src=\"https:\/\/escoladigital.madeira.gov.pt\/ebspecalheta\/wp-content\/uploads\/sites\/3\/2026\/02\/rd2-300x169.jpg\" class=\"attachment-medium size-medium wp-image-5598\" alt=\"\" srcset=\"https:\/\/escoladigital.madeira.gov.pt\/ebspecalheta\/wp-content\/uploads\/sites\/3\/2026\/02\/rd2-300x169.jpg 300w, https:\/\/escoladigital.madeira.gov.pt\/ebspecalheta\/wp-content\/uploads\/sites\/3\/2026\/02\/rd2-1024x576.jpg 1024w, https:\/\/escoladigital.madeira.gov.pt\/ebspecalheta\/wp-content\/uploads\/sites\/3\/2026\/02\/rd2-768x432.jpg 768w, https:\/\/escoladigital.madeira.gov.pt\/ebspecalheta\/wp-content\/uploads\/sites\/3\/2026\/02\/rd2.jpg 1280w\" sizes=\"(max-width: 300px) 100vw, 300px\" \/>\n            <\/div>\n        <\/div><div class=\"eael-entry-wrapper\"><header class=\"eael-entry-header\"><h2 class=\"eael-entry-title\"><a class=\"eael-grid-post-link\" href=\"https:\/\/escoladigital.madeira.gov.pt\/ebspecalheta\/2026\/02\/25\/taca-escolar-de-educacao-rodoviaria-fase-escola\/\" title=\"Ta\u00e7a Escolar de Educa\u00e7\u00e3o Rodovi\u00e1ria \u2013 Fase Escola\">Ta\u00e7a Escolar de Educa\u00e7\u00e3o Rodovi\u00e1ria \u2013 Fase Escola<\/a><\/h2><\/header><div class=\"eael-entry-header-after\"><div class=\"eael-entry-meta\"><span class=\"eael-posted-on\"><time datetime=\"25 de Fevereiro, 2026\">25 de Fevereiro, 2026<\/time><\/span><\/div><\/div><div class=\"eael-entry-content\">\n                        <div class=\"eael-grid-post-excerpt\"><p>No \u00e2mbito do Projeto de Preven\u00e7\u00e3o Rodovi\u00e1ria, teve lugar, no polo da Faj\u00e3 da Ovelha, a Prova da Ta\u00e7a Escolar de Educa\u00e7\u00e3o Rodovi\u00e1ria \u2013 XIX Edi\u00e7\u00e3o \u2013 Fase Escola, desenvolvida em articula\u00e7\u00e3o com a disciplina de Educa\u00e7\u00e3o F\u00edsica. A iniciativa incluiu a realiza\u00e7\u00e3o de um teste escrito para avalia\u00e7\u00e3o de...<\/p><a href=\"https:\/\/escoladigital.madeira.gov.pt\/ebspecalheta\/2026\/02\/25\/taca-escolar-de-educacao-rodoviaria-fase-escola\/\" class=\"eael-post-elements-readmore-btn\"rel=\"nofollow\">Ler mais<\/a><\/div>\n                    <\/div><\/div><\/div>\n        <\/div>\n    <\/article><\/div>\n            <div class=\"clearfix\"><\/div>\n        <\/div>            <div class=\"eael-load-more-button-wrap\">\n                <button class=\"eael-load-more-button\" id=\"eael-load-more-btn-3b64a18\" data-widget-id=\"3b64a18\" data-widget=\"3b64a18\" data-page-id=\"2799\" data-template=\"{&quot;dir&quot;:&quot;lite&quot;,&quot;file_name&quot;:&quot;one.php&quot;,&quot;name&quot;:&quot;Post-Grid&quot;}\" data-class=\"Essential_Addons_Elementor\\Elements\\Post_Grid\" data-layout=\"grid\" data-page=\"1\" data-args=\"orderby=date&amp;order=desc&amp;ignore_sticky_posts=1&amp;post_status=publish&amp;posts_per_page=40&amp;offset=0&amp;post_type=post&amp;post__not_in%5B0%5D=4094&amp;post__not_in%5B1%5D=4151&amp;post__not_in%5B2%5D=4115&amp;post__not_in%5B3%5D=4166&amp;post__not_in%5B4%5D=4136&amp;post__not_in%5B5%5D=4202&amp;post__not_in%5B6%5D=4191\" data-max-page=\"4\">\n                    <span class=\"eael-btn-loader button__loader\"><\/span>\n                    <span class=\"eael_load_more_text\">MAIS NOT\u00cdCIAS<\/span>\n                <\/button>\n            <\/div>\n            \t\t\t\t<\/div>\n\t\t\t\t<\/div>\n\t\t\t\t\t<\/div>\n\t\t\t\t<\/div>\n\t\t<div class=\"elementor-element elementor-element-984e2d0 e-flex e-con-boxed e-con e-parent\" data-id=\"984e2d0\" data-element_type=\"container\" data-e-type=\"container\" data-settings=\"{&quot;background_background&quot;:&quot;classic&quot;}\">\n\t\t\t\t\t<div class=\"e-con-inner\">\n\t\t<div class=\"elementor-element elementor-element-f047015 e-grid e-con-full e-con e-child\" data-id=\"f047015\" data-element_type=\"container\" data-e-type=\"container\">\n\t\t\t\t<div class=\"elementor-element elementor-element-8dca0b8 elementor-view-default elementor-position-block-start elementor-mobile-position-block-start elementor-widget elementor-widget-icon-box\" data-id=\"8dca0b8\" data-element_type=\"widget\" data-e-type=\"widget\" data-widget_type=\"icon-box.default\">\n\t\t\t\t<div class=\"elementor-widget-container\">\n\t\t\t\t\t\t\t<div class=\"elementor-icon-box-wrapper\">\n\n\t\t\t\t\t\t<div class=\"elementor-icon-box-icon\">\n\t\t\t\t<a href=\"https:\/\/escoladigital.madeira.gov.pt\/ebspecalheta\/transporte-escolar-documentos\/\" class=\"elementor-icon\" tabindex=\"-1\" aria-label=\"Hor\u00e1rios - Transportes\">\n\t\t\t\t<svg aria-hidden=\"true\" class=\"e-font-icon-svg e-fas-bus-alt\" viewBox=\"0 0 512 512\" xmlns=\"http:\/\/www.w3.org\/2000\/svg\"><path d=\"M488 128h-8V80c0-44.8-99.2-80-224-80S32 35.2 32 80v48h-8c-13.25 0-24 10.74-24 24v80c0 13.25 10.75 24 24 24h8v160c0 17.67 14.33 32 32 32v32c0 17.67 14.33 32 32 32h32c17.67 0 32-14.33 32-32v-32h192v32c0 17.67 14.33 32 32 32h32c17.67 0 32-14.33 32-32v-32h6.4c16 0 25.6-12.8 25.6-25.6V256h8c13.25 0 24-10.75 24-24v-80c0-13.26-10.75-24-24-24zM160 72c0-4.42 3.58-8 8-8h176c4.42 0 8 3.58 8 8v16c0 4.42-3.58 8-8 8H168c-4.42 0-8-3.58-8-8V72zm-48 328c-17.67 0-32-14.33-32-32s14.33-32 32-32 32 14.33 32 32-14.33 32-32 32zm128-112H128c-17.67 0-32-14.33-32-32v-96c0-17.67 14.33-32 32-32h112v160zm32 0V128h112c17.67 0 32 14.33 32 32v96c0 17.67-14.33 32-32 32H272zm128 112c-17.67 0-32-14.33-32-32s14.33-32 32-32 32 14.33 32 32-14.33 32-32 32z\"><\/path><\/svg>\t\t\t\t<\/a>\n\t\t\t<\/div>\n\t\t\t\n\t\t\t\t\t\t<div class=\"elementor-icon-box-content\">\n\n\t\t\t\t\t\t\t\t\t<h4 class=\"elementor-icon-box-title\">\n\t\t\t\t\t\t<a href=\"https:\/\/escoladigital.madeira.gov.pt\/ebspecalheta\/transporte-escolar-documentos\/\" >\n\t\t\t\t\t\t\tHor\u00e1rios - Transportes\t\t\t\t\t\t<\/a>\n\t\t\t\t\t<\/h4>\n\t\t\t\t\n\t\t\t\t\n\t\t\t<\/div>\n\t\t\t\n\t\t<\/div>\n\t\t\t\t\t\t<\/div>\n\t\t\t\t<\/div>\n\t\t\t\t<div class=\"elementor-element elementor-element-32d4eed elementor-view-default elementor-position-block-start elementor-mobile-position-block-start elementor-widget elementor-widget-icon-box\" data-id=\"32d4eed\" data-element_type=\"widget\" data-e-type=\"widget\" data-widget_type=\"icon-box.default\">\n\t\t\t\t<div class=\"elementor-widget-container\">\n\t\t\t\t\t\t\t<div class=\"elementor-icon-box-wrapper\">\n\n\t\t\t\t\t\t<div class=\"elementor-icon-box-icon\">\n\t\t\t\t<a href=\"https:\/\/escoladigital.madeira.gov.pt\/ebspecalheta\/ementas\/\" class=\"elementor-icon\" tabindex=\"-1\" aria-label=\"Ementas\">\n\t\t\t\t<svg aria-hidden=\"true\" class=\"e-font-icon-svg e-fas-utensils\" viewBox=\"0 0 416 512\" xmlns=\"http:\/\/www.w3.org\/2000\/svg\"><path d=\"M207.9 15.2c.8 4.7 16.1 94.5 16.1 128.8 0 52.3-27.8 89.6-68.9 104.6L168 486.7c.7 13.7-10.2 25.3-24 25.3H80c-13.7 0-24.7-11.5-24-25.3l12.9-238.1C27.7 233.6 0 196.2 0 144 0 109.6 15.3 19.9 16.1 15.2 19.3-5.1 61.4-5.4 64 16.3v141.2c1.3 3.4 15.1 3.2 16 0 1.4-25.3 7.9-139.2 8-141.8 3.3-20.8 44.7-20.8 47.9 0 .2 2.7 6.6 116.5 8 141.8.9 3.2 14.8 3.4 16 0V16.3c2.6-21.6 44.8-21.4 48-1.1zm119.2 285.7l-15 185.1c-1.2 14 9.9 26 23.9 26h56c13.3 0 24-10.7 24-24V24c0-13.2-10.7-24-24-24-82.5 0-221.4 178.5-64.9 300.9z\"><\/path><\/svg>\t\t\t\t<\/a>\n\t\t\t<\/div>\n\t\t\t\n\t\t\t\t\t\t<div class=\"elementor-icon-box-content\">\n\n\t\t\t\t\t\t\t\t\t<h4 class=\"elementor-icon-box-title\">\n\t\t\t\t\t\t<a href=\"https:\/\/escoladigital.madeira.gov.pt\/ebspecalheta\/ementas\/\" >\n\t\t\t\t\t\t\tEmentas\t\t\t\t\t\t<\/a>\n\t\t\t\t\t<\/h4>\n\t\t\t\t\n\t\t\t\t\n\t\t\t<\/div>\n\t\t\t\n\t\t<\/div>\n\t\t\t\t\t\t<\/div>\n\t\t\t\t<\/div>\n\t\t\t\t<\/div>\n\t\t\t\t\t<\/div>\n\t\t\t\t<\/div>\n\t\t<div class=\"elementor-element elementor-element-2cdac16 e-flex e-con-boxed e-con e-parent\" data-id=\"2cdac16\" data-element_type=\"container\" data-e-type=\"container\">\n\t\t\t\t\t<div class=\"e-con-inner\">\n\t\t\t\t<div class=\"elementor-element elementor-element-db0e05e elementor-widget elementor-widget-spacer\" data-id=\"db0e05e\" data-element_type=\"widget\" data-e-type=\"widget\" data-widget_type=\"spacer.default\">\n\t\t\t\t<div class=\"elementor-widget-container\">\n\t\t\t\t\t\t\t<div class=\"elementor-spacer\">\n\t\t\t<div class=\"elementor-spacer-inner\"><\/div>\n\t\t<\/div>\n\t\t\t\t\t\t<\/div>\n\t\t\t\t<\/div>\n\t\t\t\t\t<\/div>\n\t\t\t\t<\/div>\n\t\t<div class=\"elementor-element elementor-element-5be8007 e-grid e-con-boxed e-con e-parent\" data-id=\"5be8007\" data-element_type=\"container\" data-e-type=\"container\" data-settings=\"{&quot;background_background&quot;:&quot;classic&quot;}\">\n\t\t\t\t\t<div class=\"e-con-inner\">\n\t\t<div class=\"elementor-element elementor-element-011bb0b e-con-full e-flex e-con e-child\" data-id=\"011bb0b\" data-element_type=\"container\" data-e-type=\"container\" data-settings=\"{&quot;background_background&quot;:&quot;classic&quot;}\">\n\t\t\t\t<div class=\"elementor-element elementor-element-1e2bcf2 elementor-widget elementor-widget-text-editor\" data-id=\"1e2bcf2\" data-element_type=\"widget\" data-e-type=\"widget\" data-widget_type=\"text-editor.default\">\n\t\t\t\t<div class=\"elementor-widget-container\">\n\t\t\t\t\t\t\t\t\t<h5 style=\"text-align: center\"><span style=\"color: #ffffff\">A Minha Estufa Laboratorial<\/span><\/h5>\t\t\t\t\t\t\t\t<\/div>\n\t\t\t\t<\/div>\n\t\t\t\t<div class=\"elementor-element elementor-element-b5a1951 elementor-align-center elementor-widget elementor-widget-button\" data-id=\"b5a1951\" data-element_type=\"widget\" data-e-type=\"widget\" data-widget_type=\"button.default\">\n\t\t\t\t<div class=\"elementor-widget-container\">\n\t\t\t\t\t\t\t\t\t<div class=\"elementor-button-wrapper\">\n\t\t\t\t\t<a class=\"elementor-button elementor-button-link elementor-size-sm\" href=\"https:\/\/escoladigital.madeira.gov.pt\/ebspecalheta\/estufa-laboratorial\/\">\n\t\t\t\t\t\t<span class=\"elementor-button-content-wrapper\">\n\t\t\t\t\t\t\t\t\t<span class=\"elementor-button-text\">Ler+<\/span>\n\t\t\t\t\t<\/span>\n\t\t\t\t\t<\/a>\n\t\t\t\t<\/div>\n\t\t\t\t\t\t\t\t<\/div>\n\t\t\t\t<\/div>\n\t\t\t\t<\/div>\n\t\t<div class=\"elementor-element elementor-element-01a4dba e-con-full e-flex e-con e-child\" data-id=\"01a4dba\" data-element_type=\"container\" data-e-type=\"container\" data-settings=\"{&quot;background_background&quot;:&quot;classic&quot;}\">\n\t\t\t\t<div class=\"elementor-element elementor-element-2abd02b elementor-widget elementor-widget-text-editor\" data-id=\"2abd02b\" data-element_type=\"widget\" data-e-type=\"widget\" data-widget_type=\"text-editor.default\">\n\t\t\t\t<div class=\"elementor-widget-container\">\n\t\t\t\t\t\t\t\t\t<h5 style=\"text-align: center\"><span style=\"color: #ffffff\">Artes<\/span><\/h5><h5 style=\"text-align: center\"><span style=\"color: #ffffff;font-size: 20.8px\">Pl\u00e1sticas<\/span><\/h5>\t\t\t\t\t\t\t\t<\/div>\n\t\t\t\t<\/div>\n\t\t\t\t<div class=\"elementor-element elementor-element-70f12a4 elementor-align-center elementor-widget elementor-widget-button\" data-id=\"70f12a4\" data-element_type=\"widget\" data-e-type=\"widget\" data-widget_type=\"button.default\">\n\t\t\t\t<div class=\"elementor-widget-container\">\n\t\t\t\t\t\t\t\t\t<div class=\"elementor-button-wrapper\">\n\t\t\t\t\t<a class=\"elementor-button elementor-button-link elementor-size-sm\" href=\"https:\/\/escoladigital.madeira.gov.pt\/ebspecalheta\/artes-plasticas\/\">\n\t\t\t\t\t\t<span class=\"elementor-button-content-wrapper\">\n\t\t\t\t\t\t\t\t\t<span class=\"elementor-button-text\">Ler+<\/span>\n\t\t\t\t\t<\/span>\n\t\t\t\t\t<\/a>\n\t\t\t\t<\/div>\n\t\t\t\t\t\t\t\t<\/div>\n\t\t\t\t<\/div>\n\t\t\t\t<\/div>\n\t\t<div class=\"elementor-element elementor-element-d53d3dd e-con-full e-flex e-con e-child\" data-id=\"d53d3dd\" data-element_type=\"container\" data-e-type=\"container\" data-settings=\"{&quot;background_background&quot;:&quot;classic&quot;}\">\n\t\t\t\t<div class=\"elementor-element elementor-element-a56ffed elementor-widget elementor-widget-text-editor\" data-id=\"a56ffed\" data-element_type=\"widget\" data-e-type=\"widget\" data-widget_type=\"text-editor.default\">\n\t\t\t\t<div class=\"elementor-widget-container\">\n\t\t\t\t\t\t\t\t\t<h5 style=\"text-align: center\"><span style=\"color: #ffffff\">Ba\u00fa de<\/span><\/h5><h5 style=\"text-align: center\"><span style=\"color: #ffffff\"> Leitura<\/span><\/h5>\t\t\t\t\t\t\t\t<\/div>\n\t\t\t\t<\/div>\n\t\t\t\t<div class=\"elementor-element elementor-element-f09ef98 elementor-align-center elementor-widget elementor-widget-button\" data-id=\"f09ef98\" data-element_type=\"widget\" data-e-type=\"widget\" data-widget_type=\"button.default\">\n\t\t\t\t<div class=\"elementor-widget-container\">\n\t\t\t\t\t\t\t\t\t<div class=\"elementor-button-wrapper\">\n\t\t\t\t\t<a class=\"elementor-button elementor-button-link elementor-size-sm\" href=\"https:\/\/escoladigital.madeira.gov.pt\/ebspecalheta\/bau-de-leitura\/\">\n\t\t\t\t\t\t<span class=\"elementor-button-content-wrapper\">\n\t\t\t\t\t\t\t\t\t<span class=\"elementor-button-text\">Ler+<\/span>\n\t\t\t\t\t<\/span>\n\t\t\t\t\t<\/a>\n\t\t\t\t<\/div>\n\t\t\t\t\t\t\t\t<\/div>\n\t\t\t\t<\/div>\n\t\t\t\t<\/div>\n\t\t<div class=\"elementor-element elementor-element-48dfd9d e-con-full e-flex e-con e-child\" data-id=\"48dfd9d\" data-element_type=\"container\" data-e-type=\"container\" data-settings=\"{&quot;background_background&quot;:&quot;classic&quot;}\">\n\t\t\t\t<div class=\"elementor-element elementor-element-6398828 elementor-widget elementor-widget-text-editor\" data-id=\"6398828\" data-element_type=\"widget\" data-e-type=\"widget\" data-widget_type=\"text-editor.default\">\n\t\t\t\t<div class=\"elementor-widget-container\">\n\t\t\t\t\t\t\t\t\t<h5 style=\"text-align: center\"><span style=\"color: #ffffff\">Banda <\/span><\/h5><h5 style=\"text-align: center\"><span style=\"color: #ffffff\">Rock<\/span><\/h5>\t\t\t\t\t\t\t\t<\/div>\n\t\t\t\t<\/div>\n\t\t\t\t<div class=\"elementor-element elementor-element-0169056 elementor-align-center elementor-widget elementor-widget-button\" data-id=\"0169056\" data-element_type=\"widget\" data-e-type=\"widget\" data-widget_type=\"button.default\">\n\t\t\t\t<div class=\"elementor-widget-container\">\n\t\t\t\t\t\t\t\t\t<div class=\"elementor-button-wrapper\">\n\t\t\t\t\t<a class=\"elementor-button elementor-button-link elementor-size-sm\" href=\"https:\/\/escoladigital.madeira.gov.pt\/ebspecalheta\/banda-rock\/\">\n\t\t\t\t\t\t<span class=\"elementor-button-content-wrapper\">\n\t\t\t\t\t\t\t\t\t<span class=\"elementor-button-text\">Ler+<\/span>\n\t\t\t\t\t<\/span>\n\t\t\t\t\t<\/a>\n\t\t\t\t<\/div>\n\t\t\t\t\t\t\t\t<\/div>\n\t\t\t\t<\/div>\n\t\t\t\t<\/div>\n\t\t<div class=\"elementor-element elementor-element-316a02e e-con-full e-flex e-con e-child\" data-id=\"316a02e\" data-element_type=\"container\" data-e-type=\"container\" data-settings=\"{&quot;background_background&quot;:&quot;classic&quot;}\">\n\t\t\t\t<div class=\"elementor-element elementor-element-ebc157c elementor-widget elementor-widget-text-editor\" data-id=\"ebc157c\" data-element_type=\"widget\" data-e-type=\"widget\" data-widget_type=\"text-editor.default\">\n\t\t\t\t<div class=\"elementor-widget-container\">\n\t\t\t\t\t\t\t\t\t<h5 style=\"text-align: center\"><span style=\"color: #ffffff\">Bocas \/ <\/span><\/h5><h5 style=\"text-align: center\"><span style=\"color: #ffffff\">RBES<\/span><\/h5>\t\t\t\t\t\t\t\t<\/div>\n\t\t\t\t<\/div>\n\t\t\t\t<div class=\"elementor-element elementor-element-af62a67 elementor-align-center elementor-widget elementor-widget-button\" data-id=\"af62a67\" data-element_type=\"widget\" data-e-type=\"widget\" data-widget_type=\"button.default\">\n\t\t\t\t<div class=\"elementor-widget-container\">\n\t\t\t\t\t\t\t\t\t<div class=\"elementor-button-wrapper\">\n\t\t\t\t\t<a class=\"elementor-button elementor-button-link elementor-size-sm\" href=\"https:\/\/escoladigital.madeira.gov.pt\/ebspecalheta\/bocas-rbes\/\">\n\t\t\t\t\t\t<span class=\"elementor-button-content-wrapper\">\n\t\t\t\t\t\t\t\t\t<span class=\"elementor-button-text\">Ler+<\/span>\n\t\t\t\t\t<\/span>\n\t\t\t\t\t<\/a>\n\t\t\t\t<\/div>\n\t\t\t\t\t\t\t\t<\/div>\n\t\t\t\t<\/div>\n\t\t\t\t<\/div>\n\t\t<div class=\"elementor-element elementor-element-b82bb8c e-con-full e-flex e-con e-child\" data-id=\"b82bb8c\" data-element_type=\"container\" data-e-type=\"container\" data-settings=\"{&quot;background_background&quot;:&quot;classic&quot;}\">\n\t\t\t\t<div class=\"elementor-element elementor-element-67bf99e elementor-widget elementor-widget-text-editor\" data-id=\"67bf99e\" data-element_type=\"widget\" data-e-type=\"widget\" data-widget_type=\"text-editor.default\">\n\t\t\t\t<div class=\"elementor-widget-container\">\n\t\t\t\t\t\t\t\t\t<h5 style=\"text-align: center\"><span style=\"color: #ffffff\">Clube de Cinema e Arte Digital<\/span><\/h5>\t\t\t\t\t\t\t\t<\/div>\n\t\t\t\t<\/div>\n\t\t\t\t<div class=\"elementor-element elementor-element-8eaf8e3 elementor-align-center elementor-widget elementor-widget-button\" data-id=\"8eaf8e3\" data-element_type=\"widget\" data-e-type=\"widget\" data-widget_type=\"button.default\">\n\t\t\t\t<div class=\"elementor-widget-container\">\n\t\t\t\t\t\t\t\t\t<div class=\"elementor-button-wrapper\">\n\t\t\t\t\t<a class=\"elementor-button elementor-button-link elementor-size-sm\" href=\"https:\/\/escoladigital.madeira.gov.pt\/ebspecalheta\/clube-de-cinema-e-arte-digital\/\">\n\t\t\t\t\t\t<span class=\"elementor-button-content-wrapper\">\n\t\t\t\t\t\t\t\t\t<span class=\"elementor-button-text\">Ler+<\/span>\n\t\t\t\t\t<\/span>\n\t\t\t\t\t<\/a>\n\t\t\t\t<\/div>\n\t\t\t\t\t\t\t\t<\/div>\n\t\t\t\t<\/div>\n\t\t\t\t<\/div>\n\t\t<div class=\"elementor-element elementor-element-2f36e52 e-con-full e-flex e-con e-child\" data-id=\"2f36e52\" data-element_type=\"container\" data-e-type=\"container\" data-settings=\"{&quot;background_background&quot;:&quot;classic&quot;}\">\n\t\t\t\t<div class=\"elementor-element elementor-element-5b74198 elementor-widget elementor-widget-text-editor\" data-id=\"5b74198\" data-element_type=\"widget\" data-e-type=\"widget\" data-widget_type=\"text-editor.default\">\n\t\t\t\t<div class=\"elementor-widget-container\">\n\t\t\t\t\t\t\t\t\t<h5 style=\"text-align: center\"><span style=\"color: #ffffff\">Clube de Jogos Matem\u00e1ticos<\/span><\/h5>\t\t\t\t\t\t\t\t<\/div>\n\t\t\t\t<\/div>\n\t\t\t\t<div class=\"elementor-element elementor-element-bef81b6 elementor-align-center elementor-widget elementor-widget-button\" data-id=\"bef81b6\" data-element_type=\"widget\" data-e-type=\"widget\" data-widget_type=\"button.default\">\n\t\t\t\t<div class=\"elementor-widget-container\">\n\t\t\t\t\t\t\t\t\t<div class=\"elementor-button-wrapper\">\n\t\t\t\t\t<a class=\"elementor-button elementor-button-link elementor-size-sm\" href=\"https:\/\/escoladigital.madeira.gov.pt\/ebspecalheta\/jogos-matematicos\/\">\n\t\t\t\t\t\t<span class=\"elementor-button-content-wrapper\">\n\t\t\t\t\t\t\t\t\t<span class=\"elementor-button-text\">Ler+<\/span>\n\t\t\t\t\t<\/span>\n\t\t\t\t\t<\/a>\n\t\t\t\t<\/div>\n\t\t\t\t\t\t\t\t<\/div>\n\t\t\t\t<\/div>\n\t\t\t\t<\/div>\n\t\t<div class=\"elementor-element elementor-element-dca4b01 e-con-full e-flex e-con e-child\" data-id=\"dca4b01\" data-element_type=\"container\" data-e-type=\"container\" data-settings=\"{&quot;background_background&quot;:&quot;classic&quot;}\">\n\t\t\t\t<div class=\"elementor-element elementor-element-7d77c94 elementor-widget elementor-widget-text-editor\" data-id=\"7d77c94\" data-element_type=\"widget\" data-e-type=\"widget\" data-widget_type=\"text-editor.default\">\n\t\t\t\t<div class=\"elementor-widget-container\">\n\t\t\t\t\t\t\t\t\t<h5 style=\"text-align: center\"><span style=\"color: #ffffff\">Clube de <\/span><\/h5><h5 style=\"text-align: center\"><span style=\"color: #ffffff\">Xadrez<\/span><\/h5>\t\t\t\t\t\t\t\t<\/div>\n\t\t\t\t<\/div>\n\t\t\t\t<div class=\"elementor-element elementor-element-25796c2 elementor-align-center elementor-widget elementor-widget-button\" data-id=\"25796c2\" data-element_type=\"widget\" data-e-type=\"widget\" data-widget_type=\"button.default\">\n\t\t\t\t<div class=\"elementor-widget-container\">\n\t\t\t\t\t\t\t\t\t<div class=\"elementor-button-wrapper\">\n\t\t\t\t\t<a class=\"elementor-button elementor-button-link elementor-size-sm\" href=\"https:\/\/escoladigital.madeira.gov.pt\/ebspecalheta\/clube-de-xadrez\/\">\n\t\t\t\t\t\t<span class=\"elementor-button-content-wrapper\">\n\t\t\t\t\t\t\t\t\t<span class=\"elementor-button-text\">Ler+<\/span>\n\t\t\t\t\t<\/span>\n\t\t\t\t\t<\/a>\n\t\t\t\t<\/div>\n\t\t\t\t\t\t\t\t<\/div>\n\t\t\t\t<\/div>\n\t\t\t\t<\/div>\n\t\t<div class=\"elementor-element elementor-element-0bfcb71 e-con-full e-flex e-con e-child\" data-id=\"0bfcb71\" data-element_type=\"container\" data-e-type=\"container\" data-settings=\"{&quot;background_background&quot;:&quot;classic&quot;}\">\n\t\t\t\t<div class=\"elementor-element elementor-element-6d74833 elementor-widget elementor-widget-text-editor\" data-id=\"6d74833\" data-element_type=\"widget\" data-e-type=\"widget\" data-widget_type=\"text-editor.default\">\n\t\t\t\t<div class=\"elementor-widget-container\">\n\t\t\t\t\t\t\t\t\t<h5 style=\"text-align: center\"><span style=\"color: #ffffff\">Clube <\/span><\/h5><h5 style=\"text-align: center\"><span style=\"color: #ffffff\">Europeu<\/span><\/h5>\t\t\t\t\t\t\t\t<\/div>\n\t\t\t\t<\/div>\n\t\t\t\t<div class=\"elementor-element elementor-element-1b43923 elementor-align-center elementor-widget elementor-widget-button\" data-id=\"1b43923\" data-element_type=\"widget\" data-e-type=\"widget\" data-widget_type=\"button.default\">\n\t\t\t\t<div class=\"elementor-widget-container\">\n\t\t\t\t\t\t\t\t\t<div class=\"elementor-button-wrapper\">\n\t\t\t\t\t<a class=\"elementor-button elementor-button-link elementor-size-sm\" href=\"https:\/\/escoladigital.madeira.gov.pt\/ebspecalheta\/clube-europeu\/\">\n\t\t\t\t\t\t<span class=\"elementor-button-content-wrapper\">\n\t\t\t\t\t\t\t\t\t<span class=\"elementor-button-text\">Ler+<\/span>\n\t\t\t\t\t<\/span>\n\t\t\t\t\t<\/a>\n\t\t\t\t<\/div>\n\t\t\t\t\t\t\t\t<\/div>\n\t\t\t\t<\/div>\n\t\t\t\t<\/div>\n\t\t<div class=\"elementor-element elementor-element-7ecaf57 e-con-full e-flex e-con e-child\" data-id=\"7ecaf57\" data-element_type=\"container\" data-e-type=\"container\" data-settings=\"{&quot;background_background&quot;:&quot;classic&quot;}\">\n\t\t\t\t<div class=\"elementor-element elementor-element-d89ab9e elementor-widget elementor-widget-text-editor\" data-id=\"d89ab9e\" data-element_type=\"widget\" data-e-type=\"widget\" data-widget_type=\"text-editor.default\">\n\t\t\t\t<div class=\"elementor-widget-container\">\n\t\t\t\t\t\t\t\t\t<h5 style=\"text-align: center\"><span style=\"color: #ffffff\">Eco <\/span><\/h5><h5 style=\"text-align: center\"><span style=\"color: #ffffff\">Escolas<\/span><\/h5>\t\t\t\t\t\t\t\t<\/div>\n\t\t\t\t<\/div>\n\t\t\t\t<div class=\"elementor-element elementor-element-18005da elementor-align-center elementor-widget elementor-widget-button\" data-id=\"18005da\" data-element_type=\"widget\" data-e-type=\"widget\" data-widget_type=\"button.default\">\n\t\t\t\t<div class=\"elementor-widget-container\">\n\t\t\t\t\t\t\t\t\t<div class=\"elementor-button-wrapper\">\n\t\t\t\t\t<a class=\"elementor-button elementor-button-link elementor-size-sm\" href=\"https:\/\/escoladigital.madeira.gov.pt\/ebspecalheta\/projetos\/ecoescolas\/\">\n\t\t\t\t\t\t<span class=\"elementor-button-content-wrapper\">\n\t\t\t\t\t\t\t\t\t<span class=\"elementor-button-text\">Ler+<\/span>\n\t\t\t\t\t<\/span>\n\t\t\t\t\t<\/a>\n\t\t\t\t<\/div>\n\t\t\t\t\t\t\t\t<\/div>\n\t\t\t\t<\/div>\n\t\t\t\t<\/div>\n\t\t<div class=\"elementor-element elementor-element-e8ebea6 e-con-full e-flex e-con e-child\" data-id=\"e8ebea6\" data-element_type=\"container\" data-e-type=\"container\" data-settings=\"{&quot;background_background&quot;:&quot;classic&quot;}\">\n\t\t\t\t<div class=\"elementor-element elementor-element-0e0499c elementor-widget elementor-widget-text-editor\" data-id=\"0e0499c\" data-element_type=\"widget\" data-e-type=\"widget\" data-widget_type=\"text-editor.default\">\n\t\t\t\t<div class=\"elementor-widget-container\">\n\t\t\t\t\t\t\t\t\t<h5 style=\"text-align: center\"><span style=\"color: #ffffff\">EBSCalheta <\/span><\/h5><h5 style=\"text-align: center\"><span style=\"color: #ffffff\">TV<\/span><\/h5>\t\t\t\t\t\t\t\t<\/div>\n\t\t\t\t<\/div>\n\t\t\t\t<div class=\"elementor-element elementor-element-c84c555 elementor-align-center elementor-widget elementor-widget-button\" data-id=\"c84c555\" data-element_type=\"widget\" data-e-type=\"widget\" data-widget_type=\"button.default\">\n\t\t\t\t<div class=\"elementor-widget-container\">\n\t\t\t\t\t\t\t\t\t<div class=\"elementor-button-wrapper\">\n\t\t\t\t\t<a class=\"elementor-button elementor-button-link elementor-size-sm\" href=\"https:\/\/escoladigital.madeira.gov.pt\/ebspecalheta\/ebs-calheta-tv\/\">\n\t\t\t\t\t\t<span class=\"elementor-button-content-wrapper\">\n\t\t\t\t\t\t\t\t\t<span class=\"elementor-button-text\">Ler+<\/span>\n\t\t\t\t\t<\/span>\n\t\t\t\t\t<\/a>\n\t\t\t\t<\/div>\n\t\t\t\t\t\t\t\t<\/div>\n\t\t\t\t<\/div>\n\t\t\t\t<\/div>\n\t\t<div class=\"elementor-element elementor-element-cc6bc74 e-con-full e-flex e-con e-child\" data-id=\"cc6bc74\" data-element_type=\"container\" data-e-type=\"container\" data-settings=\"{&quot;background_background&quot;:&quot;classic&quot;}\">\n\t\t\t\t<div class=\"elementor-element elementor-element-fc6a392 elementor-widget elementor-widget-text-editor\" data-id=\"fc6a392\" data-element_type=\"widget\" data-e-type=\"widget\" data-widget_type=\"text-editor.default\">\n\t\t\t\t<div class=\"elementor-widget-container\">\n\t\t\t\t\t\t\t\t\t<h5>\u00a0<\/h5><h5 style=\"text-align: center\"><span style=\"color: #ffffff\">EBSCi\u00eancia<\/span><\/h5>\t\t\t\t\t\t\t\t<\/div>\n\t\t\t\t<\/div>\n\t\t\t\t<div class=\"elementor-element elementor-element-f682b11 elementor-align-center elementor-widget elementor-widget-button\" data-id=\"f682b11\" data-element_type=\"widget\" data-e-type=\"widget\" data-widget_type=\"button.default\">\n\t\t\t\t<div class=\"elementor-widget-container\">\n\t\t\t\t\t\t\t\t\t<div class=\"elementor-button-wrapper\">\n\t\t\t\t\t<a class=\"elementor-button elementor-button-link elementor-size-sm\" href=\"https:\/\/escoladigital.madeira.gov.pt\/ebspecalheta\/ebsciencia\/\">\n\t\t\t\t\t\t<span class=\"elementor-button-content-wrapper\">\n\t\t\t\t\t\t\t\t\t<span class=\"elementor-button-text\">Ler+<\/span>\n\t\t\t\t\t<\/span>\n\t\t\t\t\t<\/a>\n\t\t\t\t<\/div>\n\t\t\t\t\t\t\t\t<\/div>\n\t\t\t\t<\/div>\n\t\t\t\t<\/div>\n\t\t<div class=\"elementor-element elementor-element-6453fc3 e-con-full e-flex e-con e-child\" data-id=\"6453fc3\" data-element_type=\"container\" data-e-type=\"container\" data-settings=\"{&quot;background_background&quot;:&quot;classic&quot;}\">\n\t\t\t\t<div class=\"elementor-element elementor-element-6bd9e3f elementor-widget elementor-widget-text-editor\" data-id=\"6bd9e3f\" data-element_type=\"widget\" data-e-type=\"widget\" data-widget_type=\"text-editor.default\">\n\t\t\t\t<div class=\"elementor-widget-container\">\n\t\t\t\t\t\t\t\t\t<h5 style=\"text-align: center\"><span style=\"color: #ffffff\">EBSC <\/span><\/h5><h5 style=\"text-align: center\"><span style=\"color: #ffffff\">Rob\u00f4s<\/span><\/h5>\t\t\t\t\t\t\t\t<\/div>\n\t\t\t\t<\/div>\n\t\t\t\t<div class=\"elementor-element elementor-element-7df3657 elementor-align-center elementor-widget elementor-widget-button\" data-id=\"7df3657\" data-element_type=\"widget\" data-e-type=\"widget\" data-widget_type=\"button.default\">\n\t\t\t\t<div class=\"elementor-widget-container\">\n\t\t\t\t\t\t\t\t\t<div class=\"elementor-button-wrapper\">\n\t\t\t\t\t<a class=\"elementor-button elementor-button-link elementor-size-sm\" href=\"https:\/\/escoladigital.madeira.gov.pt\/ebspecalheta\/ebsc-robos\/\">\n\t\t\t\t\t\t<span class=\"elementor-button-content-wrapper\">\n\t\t\t\t\t\t\t\t\t<span class=\"elementor-button-text\">Ler+<\/span>\n\t\t\t\t\t<\/span>\n\t\t\t\t\t<\/a>\n\t\t\t\t<\/div>\n\t\t\t\t\t\t\t\t<\/div>\n\t\t\t\t<\/div>\n\t\t\t\t<\/div>\n\t\t<div class=\"elementor-element elementor-element-c8cde3d e-con-full e-flex e-con e-child\" data-id=\"c8cde3d\" data-element_type=\"container\" data-e-type=\"container\" data-settings=\"{&quot;background_background&quot;:&quot;classic&quot;}\">\n\t\t\t\t<div class=\"elementor-element elementor-element-2b5fa84 elementor-widget elementor-widget-text-editor\" data-id=\"2b5fa84\" data-element_type=\"widget\" data-e-type=\"widget\" data-widget_type=\"text-editor.default\">\n\t\t\t\t<div class=\"elementor-widget-container\">\n\t\t\t\t\t\t\t\t\t<h5 style=\"text-align: center\"><span style=\"color: #ffffff\">Erasmus+ It\u00b4s Time<\/span><\/h5>\t\t\t\t\t\t\t\t<\/div>\n\t\t\t\t<\/div>\n\t\t\t\t<div class=\"elementor-element elementor-element-e92b6a1 elementor-align-center elementor-widget elementor-widget-button\" data-id=\"e92b6a1\" data-element_type=\"widget\" data-e-type=\"widget\" data-widget_type=\"button.default\">\n\t\t\t\t<div class=\"elementor-widget-container\">\n\t\t\t\t\t\t\t\t\t<div class=\"elementor-button-wrapper\">\n\t\t\t\t\t<a class=\"elementor-button elementor-button-link elementor-size-sm\" href=\"https:\/\/escoladigital.madeira.gov.pt\/ebspecalheta\/projeto-erasmus-its-time\/\">\n\t\t\t\t\t\t<span class=\"elementor-button-content-wrapper\">\n\t\t\t\t\t\t\t\t\t<span class=\"elementor-button-text\">Ler+<\/span>\n\t\t\t\t\t<\/span>\n\t\t\t\t\t<\/a>\n\t\t\t\t<\/div>\n\t\t\t\t\t\t\t\t<\/div>\n\t\t\t\t<\/div>\n\t\t\t\t<\/div>\n\t\t<div class=\"elementor-element elementor-element-c121d2d e-con-full e-flex e-con e-child\" data-id=\"c121d2d\" data-element_type=\"container\" data-e-type=\"container\" data-settings=\"{&quot;background_background&quot;:&quot;classic&quot;}\">\n\t\t\t\t<div class=\"elementor-element elementor-element-ee6d23c elementor-widget elementor-widget-text-editor\" data-id=\"ee6d23c\" data-element_type=\"widget\" data-e-type=\"widget\" data-widget_type=\"text-editor.default\">\n\t\t\t\t<div class=\"elementor-widget-container\">\n\t\t\t\t\t\t\t\t\t<h5 style=\"text-align: center\"><span style=\"color: #ffffff\">Escola <\/span><\/h5><h5 style=\"text-align: center\"><span style=\"color: #ffffff\">ConVida<\/span><\/h5>\t\t\t\t\t\t\t\t<\/div>\n\t\t\t\t<\/div>\n\t\t\t\t<div class=\"elementor-element elementor-element-780de84 elementor-align-center elementor-widget elementor-widget-button\" data-id=\"780de84\" data-element_type=\"widget\" data-e-type=\"widget\" data-widget_type=\"button.default\">\n\t\t\t\t<div class=\"elementor-widget-container\">\n\t\t\t\t\t\t\t\t\t<div class=\"elementor-button-wrapper\">\n\t\t\t\t\t<a class=\"elementor-button elementor-button-link elementor-size-sm\" href=\"https:\/\/escoladigital.madeira.gov.pt\/ebspecalheta\/escola-convida\/\">\n\t\t\t\t\t\t<span class=\"elementor-button-content-wrapper\">\n\t\t\t\t\t\t\t\t\t<span class=\"elementor-button-text\">Ler+<\/span>\n\t\t\t\t\t<\/span>\n\t\t\t\t\t<\/a>\n\t\t\t\t<\/div>\n\t\t\t\t\t\t\t\t<\/div>\n\t\t\t\t<\/div>\n\t\t\t\t<\/div>\n\t\t<div class=\"elementor-element elementor-element-3ecf6aa e-con-full e-flex e-con e-child\" data-id=\"3ecf6aa\" data-element_type=\"container\" data-e-type=\"container\" data-settings=\"{&quot;background_background&quot;:&quot;classic&quot;}\">\n\t\t\t\t<div class=\"elementor-element elementor-element-da6ab7e elementor-widget elementor-widget-text-editor\" data-id=\"da6ab7e\" data-element_type=\"widget\" data-e-type=\"widget\" data-widget_type=\"text-editor.default\">\n\t\t\t\t<div class=\"elementor-widget-container\">\n\t\t\t\t\t\t\t\t\t<h5>\u00a0<\/h5><h5 style=\"text-align: center\"><span style=\"color: #ffffff\">EGO<\/span><\/h5>\t\t\t\t\t\t\t\t<\/div>\n\t\t\t\t<\/div>\n\t\t\t\t<div class=\"elementor-element elementor-element-f60d5ed elementor-align-center elementor-widget elementor-widget-button\" data-id=\"f60d5ed\" data-element_type=\"widget\" data-e-type=\"widget\" data-widget_type=\"button.default\">\n\t\t\t\t<div class=\"elementor-widget-container\">\n\t\t\t\t\t\t\t\t\t<div class=\"elementor-button-wrapper\">\n\t\t\t\t\t<a class=\"elementor-button elementor-button-link elementor-size-sm\" href=\"https:\/\/escoladigital.madeira.gov.pt\/ebspecalheta\/ego\/\">\n\t\t\t\t\t\t<span class=\"elementor-button-content-wrapper\">\n\t\t\t\t\t\t\t\t\t<span class=\"elementor-button-text\">Ler+<\/span>\n\t\t\t\t\t<\/span>\n\t\t\t\t\t<\/a>\n\t\t\t\t<\/div>\n\t\t\t\t\t\t\t\t<\/div>\n\t\t\t\t<\/div>\n\t\t\t\t<\/div>\n\t\t<div class=\"elementor-element elementor-element-60cc1b5 e-con-full e-flex e-con e-child\" data-id=\"60cc1b5\" data-element_type=\"container\" data-e-type=\"container\" data-settings=\"{&quot;background_background&quot;:&quot;classic&quot;}\">\n\t\t\t\t<div class=\"elementor-element elementor-element-588a4cd elementor-widget elementor-widget-text-editor\" data-id=\"588a4cd\" data-element_type=\"widget\" data-e-type=\"widget\" data-widget_type=\"text-editor.default\">\n\t\t\t\t<div class=\"elementor-widget-container\">\n\t\t\t\t\t\t\t\t\t<h5 style=\"text-align: center\"><span style=\"color: #ffffff\"><span style=\"color: #ffffff\">+<\/span><\/span><\/h5><h5 style=\"text-align: center\"><span style=\"color: #ffffff\">Empatia<\/span><\/h5>\t\t\t\t\t\t\t\t<\/div>\n\t\t\t\t<\/div>\n\t\t\t\t<div class=\"elementor-element elementor-element-f04344a elementor-align-center elementor-widget elementor-widget-button\" data-id=\"f04344a\" data-element_type=\"widget\" data-e-type=\"widget\" data-widget_type=\"button.default\">\n\t\t\t\t<div class=\"elementor-widget-container\">\n\t\t\t\t\t\t\t\t\t<div class=\"elementor-button-wrapper\">\n\t\t\t\t\t<a class=\"elementor-button elementor-button-link elementor-size-sm\" href=\"https:\/\/escoladigital.madeira.gov.pt\/ebspecalheta\/empatia-2\/\">\n\t\t\t\t\t\t<span class=\"elementor-button-content-wrapper\">\n\t\t\t\t\t\t\t\t\t<span class=\"elementor-button-text\">Ler+<\/span>\n\t\t\t\t\t<\/span>\n\t\t\t\t\t<\/a>\n\t\t\t\t<\/div>\n\t\t\t\t\t\t\t\t<\/div>\n\t\t\t\t<\/div>\n\t\t\t\t<\/div>\n\t\t<div class=\"elementor-element elementor-element-22a6ed6 e-con-full e-flex e-con e-child\" data-id=\"22a6ed6\" data-element_type=\"container\" data-e-type=\"container\" data-settings=\"{&quot;background_background&quot;:&quot;classic&quot;}\">\n\t\t\t\t<div class=\"elementor-element elementor-element-ad6daa6 elementor-widget elementor-widget-text-editor\" data-id=\"ad6daa6\" data-element_type=\"widget\" data-e-type=\"widget\" data-widget_type=\"text-editor.default\">\n\t\t\t\t<div class=\"elementor-widget-container\">\n\t\t\t\t\t\t\t\t\t<h5 style=\"text-align: center\"><span style=\"color: #ffffff\">Ler com <\/span><\/h5><h5 style=\"text-align: center\"><span style=\"color: #ffffff\">Amor<\/span><\/h5>\t\t\t\t\t\t\t\t<\/div>\n\t\t\t\t<\/div>\n\t\t\t\t<div class=\"elementor-element elementor-element-6e653c7 elementor-align-center elementor-widget elementor-widget-button\" data-id=\"6e653c7\" data-element_type=\"widget\" data-e-type=\"widget\" data-widget_type=\"button.default\">\n\t\t\t\t<div class=\"elementor-widget-container\">\n\t\t\t\t\t\t\t\t\t<div class=\"elementor-button-wrapper\">\n\t\t\t\t\t<a class=\"elementor-button elementor-button-link elementor-size-sm\" href=\"https:\/\/escoladigital.madeira.gov.pt\/ebspecalheta\/ler-com-amor\/\">\n\t\t\t\t\t\t<span class=\"elementor-button-content-wrapper\">\n\t\t\t\t\t\t\t\t\t<span class=\"elementor-button-text\">Ler+<\/span>\n\t\t\t\t\t<\/span>\n\t\t\t\t\t<\/a>\n\t\t\t\t<\/div>\n\t\t\t\t\t\t\t\t<\/div>\n\t\t\t\t<\/div>\n\t\t\t\t<\/div>\n\t\t<div class=\"elementor-element elementor-element-96f36f7 e-con-full e-flex e-con e-child\" data-id=\"96f36f7\" data-element_type=\"container\" data-e-type=\"container\" data-settings=\"{&quot;background_background&quot;:&quot;classic&quot;}\">\n\t\t\t\t<div class=\"elementor-element elementor-element-15b30af elementor-widget elementor-widget-text-editor\" data-id=\"15b30af\" data-element_type=\"widget\" data-e-type=\"widget\" data-widget_type=\"text-editor.default\">\n\t\t\t\t<div class=\"elementor-widget-container\">\n\t\t\t\t\t\t\t\t\t<h5 style=\"text-align: center\"><span style=\"color: #ffffff\">Talentos \u00e0<\/span><\/h5><h5 style=\"text-align: center\"><span style=\"color: #ffffff\">Solta<\/span><\/h5>\t\t\t\t\t\t\t\t<\/div>\n\t\t\t\t<\/div>\n\t\t\t\t<div class=\"elementor-element elementor-element-8a15ff3 elementor-align-center elementor-widget elementor-widget-button\" data-id=\"8a15ff3\" data-element_type=\"widget\" data-e-type=\"widget\" data-widget_type=\"button.default\">\n\t\t\t\t<div class=\"elementor-widget-container\">\n\t\t\t\t\t\t\t\t\t<div class=\"elementor-button-wrapper\">\n\t\t\t\t\t<a class=\"elementor-button elementor-button-link elementor-size-sm\" href=\"https:\/\/escoladigital.madeira.gov.pt\/ebspecalheta\/talentos-a-solta\/\">\n\t\t\t\t\t\t<span class=\"elementor-button-content-wrapper\">\n\t\t\t\t\t\t\t\t\t<span class=\"elementor-button-text\">Ler+<\/span>\n\t\t\t\t\t<\/span>\n\t\t\t\t\t<\/a>\n\t\t\t\t<\/div>\n\t\t\t\t\t\t\t\t<\/div>\n\t\t\t\t<\/div>\n\t\t\t\t<\/div>\n\t\t<div class=\"elementor-element elementor-element-765122c e-con-full e-flex e-con e-child\" data-id=\"765122c\" data-element_type=\"container\" data-e-type=\"container\" data-settings=\"{&quot;background_background&quot;:&quot;classic&quot;}\">\n\t\t\t\t<div class=\"elementor-element elementor-element-5add8bd elementor-widget elementor-widget-text-editor\" data-id=\"5add8bd\" data-element_type=\"widget\" data-e-type=\"widget\" data-widget_type=\"text-editor.default\">\n\t\t\t\t<div class=\"elementor-widget-container\">\n\t\t\t\t\t\t\t\t\t<h5 style=\"text-align: center\"><span style=\"color: #ffffff\">Web <\/span><\/h5><h5 style=\"text-align: center\"><span style=\"color: #ffffff\">R\u00e1dio<\/span><\/h5>\t\t\t\t\t\t\t\t<\/div>\n\t\t\t\t<\/div>\n\t\t\t\t<div class=\"elementor-element elementor-element-5fe7d45 elementor-align-center elementor-widget elementor-widget-button\" data-id=\"5fe7d45\" data-element_type=\"widget\" data-e-type=\"widget\" data-widget_type=\"button.default\">\n\t\t\t\t<div class=\"elementor-widget-container\">\n\t\t\t\t\t\t\t\t\t<div class=\"elementor-button-wrapper\">\n\t\t\t\t\t<a class=\"elementor-button elementor-button-link elementor-size-sm\" href=\"https:\/\/escoladigital.madeira.gov.pt\/ebspecalheta\/web-radio\/\">\n\t\t\t\t\t\t<span class=\"elementor-button-content-wrapper\">\n\t\t\t\t\t\t\t\t\t<span class=\"elementor-button-text\">Ler+<\/span>\n\t\t\t\t\t<\/span>\n\t\t\t\t\t<\/a>\n\t\t\t\t<\/div>\n\t\t\t\t\t\t\t\t<\/div>\n\t\t\t\t<\/div>\n\t\t\t\t<\/div>\n\t\t<div class=\"elementor-element elementor-element-26b8d15 e-con-full e-flex e-con e-child\" data-id=\"26b8d15\" data-element_type=\"container\" data-e-type=\"container\" data-settings=\"{&quot;background_background&quot;:&quot;classic&quot;}\">\n\t\t\t\t<div class=\"elementor-element elementor-element-74c828f elementor-widget elementor-widget-text-editor\" data-id=\"74c828f\" data-element_type=\"widget\" data-e-type=\"widget\" data-widget_type=\"text-editor.default\">\n\t\t\t\t<div class=\"elementor-widget-container\">\n\t\t\t\t\t\t\t\t\t<h5 style=\"text-align: center\"><span style=\"color: #ffffff\">Plano Regional de Preven\u00e7\u00e3o Rodovi\u00e1ria<\/span><\/h5>\t\t\t\t\t\t\t\t<\/div>\n\t\t\t\t<\/div>\n\t\t\t\t<div class=\"elementor-element elementor-element-71eace2 elementor-align-center elementor-widget elementor-widget-button\" data-id=\"71eace2\" data-element_type=\"widget\" data-e-type=\"widget\" data-widget_type=\"button.default\">\n\t\t\t\t<div class=\"elementor-widget-container\">\n\t\t\t\t\t\t\t\t\t<div class=\"elementor-button-wrapper\">\n\t\t\t\t\t<a class=\"elementor-button elementor-button-link elementor-size-sm\" href=\"https:\/\/escoladigital.madeira.gov.pt\/ebspecalheta\/plano-regional-de-prevencao-rodoviaria\/\">\n\t\t\t\t\t\t<span class=\"elementor-button-content-wrapper\">\n\t\t\t\t\t\t\t\t\t<span class=\"elementor-button-text\">Ler+<\/span>\n\t\t\t\t\t<\/span>\n\t\t\t\t\t<\/a>\n\t\t\t\t<\/div>\n\t\t\t\t\t\t\t\t<\/div>\n\t\t\t\t<\/div>\n\t\t\t\t<\/div>\n\t\t<div class=\"elementor-element elementor-element-cfebe58 e-con-full e-flex e-con e-child\" data-id=\"cfebe58\" data-element_type=\"container\" data-e-type=\"container\" data-settings=\"{&quot;background_background&quot;:&quot;classic&quot;}\">\n\t\t\t\t<div class=\"elementor-element elementor-element-55a1202 elementor-widget elementor-widget-text-editor\" data-id=\"55a1202\" data-element_type=\"widget\" data-e-type=\"widget\" data-widget_type=\"text-editor.default\">\n\t\t\t\t<div class=\"elementor-widget-container\">\n\t\t\t\t\t\t\t\t\t<h5>\u00a0<\/h5><h5 style=\"text-align: center\"><span style=\"color: #ffffff\">ESA<\/span><\/h5>\t\t\t\t\t\t\t\t<\/div>\n\t\t\t\t<\/div>\n\t\t\t\t<div class=\"elementor-element elementor-element-4a4ffc7 elementor-align-center elementor-widget elementor-widget-button\" data-id=\"4a4ffc7\" data-element_type=\"widget\" data-e-type=\"widget\" data-widget_type=\"button.default\">\n\t\t\t\t<div class=\"elementor-widget-container\">\n\t\t\t\t\t\t\t\t\t<div class=\"elementor-button-wrapper\">\n\t\t\t\t\t<a class=\"elementor-button elementor-button-link elementor-size-sm\" href=\"https:\/\/escoladigital.madeira.gov.pt\/ebspecalheta\/esa\/\">\n\t\t\t\t\t\t<span class=\"elementor-button-content-wrapper\">\n\t\t\t\t\t\t\t\t\t<span class=\"elementor-button-text\">Ler+<\/span>\n\t\t\t\t\t<\/span>\n\t\t\t\t\t<\/a>\n\t\t\t\t<\/div>\n\t\t\t\t\t\t\t\t<\/div>\n\t\t\t\t<\/div>\n\t\t\t\t<\/div>\n\t\t<div class=\"elementor-element elementor-element-d943f0b e-con-full e-flex e-con e-child\" data-id=\"d943f0b\" data-element_type=\"container\" data-e-type=\"container\" data-settings=\"{&quot;background_background&quot;:&quot;classic&quot;}\">\n\t\t\t\t<div class=\"elementor-element elementor-element-fbf91df elementor-widget elementor-widget-text-editor\" data-id=\"fbf91df\" data-element_type=\"widget\" data-e-type=\"widget\" data-widget_type=\"text-editor.default\">\n\t\t\t\t<div class=\"elementor-widget-container\">\n\t\t\t\t\t\t\t\t\t<h5>\u00a0<\/h5><h5 style=\"text-align: center\"><span style=\"color: #ffffff\">Atlante<\/span><\/h5>\t\t\t\t\t\t\t\t<\/div>\n\t\t\t\t<\/div>\n\t\t\t\t<div class=\"elementor-element elementor-element-c1b8b8e elementor-align-center elementor-widget elementor-widget-button\" data-id=\"c1b8b8e\" data-element_type=\"widget\" data-e-type=\"widget\" data-widget_type=\"button.default\">\n\t\t\t\t<div class=\"elementor-widget-container\">\n\t\t\t\t\t\t\t\t\t<div class=\"elementor-button-wrapper\">\n\t\t\t\t\t<a class=\"elementor-button elementor-button-link elementor-size-sm\" href=\"https:\/\/escoladigital.madeira.gov.pt\/ebspecalheta\/atlante\/\">\n\t\t\t\t\t\t<span class=\"elementor-button-content-wrapper\">\n\t\t\t\t\t\t\t\t\t<span class=\"elementor-button-text\">Ler+<\/span>\n\t\t\t\t\t<\/span>\n\t\t\t\t\t<\/a>\n\t\t\t\t<\/div>\n\t\t\t\t\t\t\t\t<\/div>\n\t\t\t\t<\/div>\n\t\t\t\t<\/div>\n\t\t<div class=\"elementor-element elementor-element-ec23ff1 e-con-full e-flex e-con e-child\" data-id=\"ec23ff1\" data-element_type=\"container\" data-e-type=\"container\" data-settings=\"{&quot;background_background&quot;:&quot;classic&quot;}\">\n\t\t\t\t<div class=\"elementor-element elementor-element-6a8f945 elementor-widget elementor-widget-text-editor\" data-id=\"6a8f945\" data-element_type=\"widget\" data-e-type=\"widget\" data-widget_type=\"text-editor.default\">\n\t\t\t\t<div class=\"elementor-widget-container\">\n\t\t\t\t\t\t\t\t\t<h5 style=\"text-align: center\"><span style=\"color: #ffffff\">Educa\u00e7\u00e3o <\/span><\/h5><h5 style=\"text-align: center\"><span style=\"color: #ffffff\">Financeira<\/span><\/h5>\t\t\t\t\t\t\t\t<\/div>\n\t\t\t\t<\/div>\n\t\t\t\t<div class=\"elementor-element elementor-element-8217fbc elementor-align-center elementor-widget elementor-widget-button\" data-id=\"8217fbc\" data-element_type=\"widget\" data-e-type=\"widget\" data-widget_type=\"button.default\">\n\t\t\t\t<div class=\"elementor-widget-container\">\n\t\t\t\t\t\t\t\t\t<div class=\"elementor-button-wrapper\">\n\t\t\t\t\t<a class=\"elementor-button elementor-button-link elementor-size-sm\" href=\"https:\/\/escoladigital.madeira.gov.pt\/ebspecalheta\/educacao-financeira\/\">\n\t\t\t\t\t\t<span class=\"elementor-button-content-wrapper\">\n\t\t\t\t\t\t\t\t\t<span class=\"elementor-button-text\">Ler+<\/span>\n\t\t\t\t\t<\/span>\n\t\t\t\t\t<\/a>\n\t\t\t\t<\/div>\n\t\t\t\t\t\t\t\t<\/div>\n\t\t\t\t<\/div>\n\t\t\t\t<\/div>\n\t\t<div class=\"elementor-element elementor-element-2a7f931 e-con-full e-flex e-con e-child\" data-id=\"2a7f931\" data-element_type=\"container\" data-e-type=\"container\" data-settings=\"{&quot;background_background&quot;:&quot;classic&quot;}\">\n\t\t\t\t<div class=\"elementor-element elementor-element-5024e7b elementor-widget elementor-widget-text-editor\" data-id=\"5024e7b\" data-element_type=\"widget\" data-e-type=\"widget\" data-widget_type=\"text-editor.default\">\n\t\t\t\t<div class=\"elementor-widget-container\">\n\t\t\t\t\t\t\t\t\t<h6 style=\"text-align: center\"><span style=\"color: #ffffff\">Educa\u00e7\u00e3o para Seguran\u00e7a e Preven\u00e7\u00e3o de Riscos<\/span><\/h6>\t\t\t\t\t\t\t\t<\/div>\n\t\t\t\t<\/div>\n\t\t\t\t<div class=\"elementor-element elementor-element-efa06e6 elementor-align-center elementor-widget elementor-widget-button\" data-id=\"efa06e6\" data-element_type=\"widget\" data-e-type=\"widget\" data-widget_type=\"button.default\">\n\t\t\t\t<div class=\"elementor-widget-container\">\n\t\t\t\t\t\t\t\t\t<div class=\"elementor-button-wrapper\">\n\t\t\t\t\t<a class=\"elementor-button elementor-button-link elementor-size-sm\" href=\"https:\/\/escoladigital.madeira.gov.pt\/ebspecalheta\/educacao-para-a-seguranca-e-prevencao-de-riscos\/\">\n\t\t\t\t\t\t<span class=\"elementor-button-content-wrapper\">\n\t\t\t\t\t\t\t\t\t<span class=\"elementor-button-text\">Ler+<\/span>\n\t\t\t\t\t<\/span>\n\t\t\t\t\t<\/a>\n\t\t\t\t<\/div>\n\t\t\t\t\t\t\t\t<\/div>\n\t\t\t\t<\/div>\n\t\t\t\t<\/div>\n\t\t\t\t\t<\/div>\n\t\t\t\t<\/div>\n\t\t\t\t<\/div>\n\t\t","protected":false},"excerpt":{"rendered":"<p>Exames 2026 Pensamento da semana \u201cExistem momentos na vida onde a quest\u00e3o de saber se se pode pensar diferentemente do que se pensa, e perceber diferentemente do que se v\u00ea, \u00e9 indispens\u00e1vel para continuar a olhar ou a refletir.\u201d M. Foucault 3 Novidades Final Olimp\u00edadas da Matem\u00e1tica \u2022 16 de Abril, 2026 \u2022 1\u00ba Semestre, [&hellip;]<\/p>\n","protected":false},"author":79,"featured_media":0,"parent":0,"menu_order":0,"comment_status":"closed","ping_status":"closed","template":"","meta":{"site-sidebar-layout":"no-sidebar","site-content-layout":"","ast-site-content-layout":"full-width-container","site-content-style":"default","site-sidebar-style":"default","ast-global-header-display":"","ast-banner-title-visibility":"","ast-main-header-display":"","ast-hfb-above-header-display":"","ast-hfb-below-header-display":"","ast-hfb-mobile-header-display":"","site-post-title":"disabled","ast-breadcrumbs-content":"","ast-featured-img":"disabled","footer-sml-layout":"","ast-disable-related-posts":"","theme-transparent-header-meta":"","adv-header-id-meta":"","stick-header-meta":"","header-above-stick-meta":"","header-main-stick-meta":"","header-below-stick-meta":"","astra-migrate-meta-layouts":"default","ast-page-background-enabled":"default","ast-page-background-meta":{"desktop":{"background-color":"var(--ast-global-color-4)","background-image":"","background-repeat":"repeat","background-position":"center center","background-size":"auto","background-attachment":"scroll","background-type":"","background-media":"","overlay-type":"","overlay-color":"","overlay-opacity":"","overlay-gradient":""},"tablet":{"background-color":"","background-image":"","background-repeat":"repeat","background-position":"center center","background-size":"auto","background-attachment":"scroll","background-type":"","background-media":"","overlay-type":"","overlay-color":"","overlay-opacity":"","overlay-gradient":""},"mobile":{"background-color":"","background-image":"","background-repeat":"repeat","background-position":"center center","background-size":"auto","background-attachment":"scroll","background-type":"","background-media":"","overlay-type":"","overlay-color":"","overlay-opacity":"","overlay-gradient":""}},"ast-content-background-meta":{"desktop":{"background-color":"var(--ast-global-color-5)","background-image":"","background-repeat":"repeat","background-position":"center center","background-size":"auto","background-attachment":"scroll","background-type":"","background-media":"","overlay-type":"","overlay-color":"","overlay-opacity":"","overlay-gradient":""},"tablet":{"background-color":"var(--ast-global-color-5)","background-image":"","background-repeat":"repeat","background-position":"center center","background-size":"auto","background-attachment":"scroll","background-type":"","background-media":"","overlay-type":"","overlay-color":"","overlay-opacity":"","overlay-gradient":""},"mobile":{"background-color":"var(--ast-global-color-5)","background-image":"","background-repeat":"repeat","background-position":"center center","background-size":"auto","background-attachment":"scroll","background-type":"","background-media":"","overlay-type":"","overlay-color":"","overlay-opacity":"","overlay-gradient":""}},"_themeisle_gutenberg_block_has_review":false,"footnotes":""},"class_list":["post-2799","page","type-page","status-publish","hentry"],"_links":{"self":[{"href":"https:\/\/escoladigital.madeira.gov.pt\/ebspecalheta\/wp-json\/wp\/v2\/pages\/2799","targetHints":{"allow":["GET"]}}],"collection":[{"href":"https:\/\/escoladigital.madeira.gov.pt\/ebspecalheta\/wp-json\/wp\/v2\/pages"}],"about":[{"href":"https:\/\/escoladigital.madeira.gov.pt\/ebspecalheta\/wp-json\/wp\/v2\/types\/page"}],"author":[{"embeddable":true,"href":"https:\/\/escoladigital.madeira.gov.pt\/ebspecalheta\/wp-json\/wp\/v2\/users\/79"}],"replies":[{"embeddable":true,"href":"https:\/\/escoladigital.madeira.gov.pt\/ebspecalheta\/wp-json\/wp\/v2\/comments?post=2799"}],"version-history":[{"count":355,"href":"https:\/\/escoladigital.madeira.gov.pt\/ebspecalheta\/wp-json\/wp\/v2\/pages\/2799\/revisions"}],"predecessor-version":[{"id":6080,"href":"https:\/\/escoladigital.madeira.gov.pt\/ebspecalheta\/wp-json\/wp\/v2\/pages\/2799\/revisions\/6080"}],"wp:attachment":[{"href":"https:\/\/escoladigital.madeira.gov.pt\/ebspecalheta\/wp-json\/wp\/v2\/media?parent=2799"}],"curies":[{"name":"wp","href":"https:\/\/api.w.org\/{rel}","templated":true}]}}