{"id":265,"date":"2024-04-05T18:38:19","date_gmt":"2024-04-05T18:38:19","guid":{"rendered":"https:\/\/escoladigital.madeira.gov.pt\/ebspmalvares\/?page_id=265"},"modified":"2026-04-27T09:12:30","modified_gmt":"2026-04-27T09:12:30","slug":"265-2","status":"publish","type":"page","link":"https:\/\/escoladigital.madeira.gov.pt\/ebspmalvares\/","title":{"rendered":"Inicio"},"content":{"rendered":"\n<div id=\"wp-block-themeisle-blocks-advanced-columns-e6264d5a\" class=\"wp-block-themeisle-blocks-advanced-columns alignwide has-1-columns has-desktop-oneTwo-layout has-tablet-equal-layout has-mobile-collapsedRows-layout has-vertical-unset\"><div class=\"wp-block-themeisle-blocks-advanced-columns-overlay\"><\/div><div class=\"innerblocks-wrap\">\n<div id=\"wp-block-themeisle-blocks-advanced-column-1a608599\" class=\"wp-block-themeisle-blocks-advanced-column\"><\/div>\n<\/div><\/div>\n\n\n\n<div class=\"wp-block-group is-layout-constrained wp-block-group-is-layout-constrained\">\n<div class=\"wp-block-columns is-layout-flex wp-container-core-columns-is-layout-28f84493 wp-block-columns-is-layout-flex\">\n<div class=\"wp-block-column is-layout-flow wp-block-column-is-layout-flow\" style=\"flex-basis:100%\">\n<div id=\"wp-block-themeisle-blocks-slider-e81e8fef\" class=\"wp-block-themeisle-blocks-slider glide\" data-per-view=\"1\" data-gap=\"0\" data-peek=\"0\" data-autoplay=\"5000\" data-height=\"400px\" data-hide-arrows=\"true\"><div class=\"glide__track\" data-glide-el=\"track\"><div class=\"glide__slides\"><div class=\"wp-block-themeisle-blocks-slider-item-wrapper glide__slide\"><figure><img decoding=\"async\" class=\"wp-block-themeisle-blocks-slider-item\" src=\"https:\/\/escoladigital.madeira.gov.pt\/ebspmalvares\/wp-content\/uploads\/sites\/4\/2026\/02\/foto-escola.jpg\" alt=\"\" title=\"\" data-id=\"2683\" \/><\/figure><\/div><div class=\"wp-block-themeisle-blocks-slider-item-wrapper glide__slide\"><figure><img decoding=\"async\" class=\"wp-block-themeisle-blocks-slider-item\" src=\"https:\/\/escoladigital.madeira.gov.pt\/ebspmalvares\/wp-content\/uploads\/sites\/4\/2026\/02\/Foto-5-1-scaled-1-e1773135335747.jpg\" alt=\"\" title=\"\" data-id=\"2682\" \/><\/figure><\/div><div class=\"wp-block-themeisle-blocks-slider-item-wrapper glide__slide\"><figure><img decoding=\"async\" class=\"wp-block-themeisle-blocks-slider-item\" src=\"https:\/\/escoladigital.madeira.gov.pt\/ebspmalvares\/wp-content\/uploads\/sites\/4\/2026\/02\/IMAGEM-9-e1773135297707.jpg\" alt=\"\" title=\"\" data-id=\"2681\" \/><\/figure><\/div><div class=\"wp-block-themeisle-blocks-slider-item-wrapper glide__slide\"><figure><img decoding=\"async\" class=\"wp-block-themeisle-blocks-slider-item\" src=\"https:\/\/escoladigital.madeira.gov.pt\/ebspmalvares\/wp-content\/uploads\/sites\/4\/2026\/02\/eSBPMA-1.jpg\" alt=\"\" title=\"\" data-id=\"2680\" \/><figcaption>default<\/figcaption><\/figure><\/div><div class=\"wp-block-themeisle-blocks-slider-item-wrapper glide__slide\"><figure><img decoding=\"async\" class=\"wp-block-themeisle-blocks-slider-item\" src=\"https:\/\/escoladigital.madeira.gov.pt\/ebspmalvares\/wp-content\/uploads\/sites\/4\/2026\/02\/16-e1773135350350.jpg\" alt=\"\" title=\"\" data-id=\"2679\" \/><\/figure><\/div><div class=\"wp-block-themeisle-blocks-slider-item-wrapper glide__slide\"><figure><img decoding=\"async\" class=\"wp-block-themeisle-blocks-slider-item\" src=\"https:\/\/escoladigital.madeira.gov.pt\/ebspmalvares\/wp-content\/uploads\/sites\/4\/2026\/02\/IMG_2482-scaled-1.jpg\" alt=\"\" title=\"\" data-id=\"2678\" \/><\/figure><\/div><div class=\"wp-block-themeisle-blocks-slider-item-wrapper glide__slide\"><figure><img decoding=\"async\" class=\"wp-block-themeisle-blocks-slider-item\" src=\"https:\/\/escoladigital.madeira.gov.pt\/ebspmalvares\/wp-content\/uploads\/sites\/4\/2026\/02\/2.jpg\" alt=\"\" title=\"\" data-id=\"2677\" \/><\/figure><\/div><div class=\"wp-block-themeisle-blocks-slider-item-wrapper glide__slide\"><figure><img decoding=\"async\" class=\"wp-block-themeisle-blocks-slider-item\" src=\"https:\/\/escoladigital.madeira.gov.pt\/ebspmalvares\/wp-content\/uploads\/sites\/4\/2026\/02\/8-e1773135365445.jpg\" alt=\"\" title=\"\" data-id=\"2676\" \/><\/figure><\/div><div class=\"wp-block-themeisle-blocks-slider-item-wrapper glide__slide\"><figure><img decoding=\"async\" class=\"wp-block-themeisle-blocks-slider-item\" src=\"https:\/\/escoladigital.madeira.gov.pt\/ebspmalvares\/wp-content\/uploads\/sites\/4\/2026\/03\/14-IMG-20260313.jpg\" alt=\"\" title=\"\" data-id=\"2925\" \/><\/figure><\/div><div class=\"wp-block-themeisle-blocks-slider-item-wrapper glide__slide\"><figure><img decoding=\"async\" class=\"wp-block-themeisle-blocks-slider-item\" src=\"https:\/\/escoladigital.madeira.gov.pt\/ebspmalvares\/wp-content\/uploads\/sites\/4\/2026\/04\/20260425_094307-scaled.jpg\" alt=\"\" title=\"\" data-id=\"3278\" \/><\/figure><\/div><div class=\"wp-block-themeisle-blocks-slider-item-wrapper glide__slide\"><figure><img decoding=\"async\" class=\"wp-block-themeisle-blocks-slider-item\" src=\"https:\/\/escoladigital.madeira.gov.pt\/ebspmalvares\/wp-content\/uploads\/sites\/4\/2026\/04\/20260417_123712-scaled.jpg\" alt=\"\" title=\"\" data-id=\"3258\" \/><\/figure><\/div><\/div><div class=\"glide__bullets\" data-glide-el=\"controls[nav]\"><button class=\"glide__bullet\" data-glide-dir=\"=0\"><\/button><button class=\"glide__bullet\" data-glide-dir=\"=1\"><\/button><button class=\"glide__bullet\" data-glide-dir=\"=2\"><\/button><button class=\"glide__bullet\" data-glide-dir=\"=3\"><\/button><button class=\"glide__bullet\" data-glide-dir=\"=4\"><\/button><button class=\"glide__bullet\" data-glide-dir=\"=5\"><\/button><button class=\"glide__bullet\" data-glide-dir=\"=6\"><\/button><button class=\"glide__bullet\" data-glide-dir=\"=7\"><\/button><button class=\"glide__bullet\" data-glide-dir=\"=8\"><\/button><button class=\"glide__bullet\" data-glide-dir=\"=9\"><\/button><button class=\"glide__bullet\" data-glide-dir=\"=10\"><\/button><\/div><\/div><\/div>\n<\/div>\n<\/div>\n<\/div>\n\n\n<div class=\"alignwide has-light-bg is-style-boxed wp-block-themeisle-blocks-posts-grid\" id=\"wp-block-themeisle-blocks-posts-grid-61cd2e5e\"><div class=\"alignwide is-grid o-posts-grid-columns-3\"><div class=\"o-posts-grid-post-blog o-posts-grid-post-plain\"><div class=\"o-posts-grid-post\"><div class=\"o-posts-grid-post-image\"><a href=\"https:\/\/escoladigital.madeira.gov.pt\/ebspmalvares\/informacao-util\/costurar-naninhas-pequenas-almofadas-em-forma-de-boneco\/\"><img fetchpriority=\"high\" decoding=\"async\" width=\"747\" height=\"752\" src=\"https:\/\/escoladigital.madeira.gov.pt\/ebspmalvares\/wp-content\/uploads\/sites\/4\/2026\/04\/1.jpg\" class=\"attachment-2048x2048 size-2048x2048\" alt=\"Costurar naninhas \u2014 pequenas almofadas em forma de boneco.\" srcset=\"https:\/\/escoladigital.madeira.gov.pt\/ebspmalvares\/wp-content\/uploads\/sites\/4\/2026\/04\/1.jpg 747w, https:\/\/escoladigital.madeira.gov.pt\/ebspmalvares\/wp-content\/uploads\/sites\/4\/2026\/04\/1-298x300.jpg 298w, https:\/\/escoladigital.madeira.gov.pt\/ebspmalvares\/wp-content\/uploads\/sites\/4\/2026\/04\/1-150x150.jpg 150w\" sizes=\"(max-width: 747px) 100vw, 747px\" \/><\/a><\/div><div class=\"o-posts-grid-post-body\"><h6 class=\"o-posts-grid-post-title\"><a href=\"https:\/\/escoladigital.madeira.gov.pt\/ebspmalvares\/informacao-util\/costurar-naninhas-pequenas-almofadas-em-forma-de-boneco\/\">Costurar naninhas \u2014 pequenas almofadas em forma de boneco.<\/a><\/h6><p class=\"o-posts-grid-post-meta\">  <time datetime=\"2026-04-28T17:34:12+00:00\">28 de Abril, 2026<\/time> by <a href=\"https:\/\/escoladigital.madeira.gov.pt\/ebspmalvares\/author\/ebspmalvares\/\">ebspmalvares<\/a><\/p><div class=\"o-posts-grid-post-description\"><p>A turma do 8.\u00baD abra\u00e7ou um desafio especial: costurar naninhas \u2014 pequenas almofadas em forma de bone\u2026<\/p><\/div><\/div><\/div><\/div><div class=\"o-posts-grid-post-blog o-posts-grid-post-plain\"><div class=\"o-posts-grid-post\"><div class=\"o-posts-grid-post-image\"><a href=\"https:\/\/escoladigital.madeira.gov.pt\/ebspmalvares\/informacao-util\/feira-dos-fosseis-e-minerais\/\"><img decoding=\"async\" width=\"928\" height=\"1152\" src=\"https:\/\/escoladigital.madeira.gov.pt\/ebspmalvares\/wp-content\/uploads\/sites\/4\/2026\/04\/Imagem-Feira-de-Fosseis-e-MInerais-2026-VF.png\" class=\"attachment-2048x2048 size-2048x2048\" alt=\"Feira dos F\u00f3sseis e Minerais\" srcset=\"https:\/\/escoladigital.madeira.gov.pt\/ebspmalvares\/wp-content\/uploads\/sites\/4\/2026\/04\/Imagem-Feira-de-Fosseis-e-MInerais-2026-VF.png 928w, https:\/\/escoladigital.madeira.gov.pt\/ebspmalvares\/wp-content\/uploads\/sites\/4\/2026\/04\/Imagem-Feira-de-Fosseis-e-MInerais-2026-VF-242x300.png 242w, https:\/\/escoladigital.madeira.gov.pt\/ebspmalvares\/wp-content\/uploads\/sites\/4\/2026\/04\/Imagem-Feira-de-Fosseis-e-MInerais-2026-VF-825x1024.png 825w, https:\/\/escoladigital.madeira.gov.pt\/ebspmalvares\/wp-content\/uploads\/sites\/4\/2026\/04\/Imagem-Feira-de-Fosseis-e-MInerais-2026-VF-768x953.png 768w\" sizes=\"(max-width: 928px) 100vw, 928px\" \/><\/a><\/div><div class=\"o-posts-grid-post-body\"><h6 class=\"o-posts-grid-post-title\"><a href=\"https:\/\/escoladigital.madeira.gov.pt\/ebspmalvares\/informacao-util\/feira-dos-fosseis-e-minerais\/\">Feira dos F\u00f3sseis e Minerais<\/a><\/h6><p class=\"o-posts-grid-post-meta\">  <time datetime=\"2026-04-28T17:25:55+00:00\">28 de Abril, 2026<\/time> by <a href=\"https:\/\/escoladigital.madeira.gov.pt\/ebspmalvares\/author\/ebspmalvares\/\">ebspmalvares<\/a><\/p><div class=\"o-posts-grid-post-description\"><p>Organiza\u00e7\u00e3o do grupo de Biologia \/ Geologia.<\/p><\/div><\/div><\/div><\/div><div class=\"o-posts-grid-post-blog o-posts-grid-post-plain\"><div class=\"o-posts-grid-post\"><div class=\"o-posts-grid-post-image\"><a href=\"https:\/\/escoladigital.madeira.gov.pt\/ebspmalvares\/informacao-util\/v-semana-da-cultura-da-ribeira-brava-a-recriacao-da-cabotagem\/\"><img decoding=\"async\" width=\"2048\" height=\"1536\" src=\"https:\/\/escoladigital.madeira.gov.pt\/ebspmalvares\/wp-content\/uploads\/sites\/4\/2026\/04\/20260425_094307-2048x1536.jpg\" class=\"attachment-2048x2048 size-2048x2048\" alt=\"V Semana da Cultura da Ribeira Brava: a Recria\u00e7\u00e3o da Cabotagem\" srcset=\"https:\/\/escoladigital.madeira.gov.pt\/ebspmalvares\/wp-content\/uploads\/sites\/4\/2026\/04\/20260425_094307-2048x1536.jpg 2048w, https:\/\/escoladigital.madeira.gov.pt\/ebspmalvares\/wp-content\/uploads\/sites\/4\/2026\/04\/20260425_094307-300x225.jpg 300w, https:\/\/escoladigital.madeira.gov.pt\/ebspmalvares\/wp-content\/uploads\/sites\/4\/2026\/04\/20260425_094307-1024x768.jpg 1024w, https:\/\/escoladigital.madeira.gov.pt\/ebspmalvares\/wp-content\/uploads\/sites\/4\/2026\/04\/20260425_094307-768x576.jpg 768w, https:\/\/escoladigital.madeira.gov.pt\/ebspmalvares\/wp-content\/uploads\/sites\/4\/2026\/04\/20260425_094307-1536x1152.jpg 1536w\" sizes=\"(max-width: 2048px) 100vw, 2048px\" \/><\/a><\/div><div class=\"o-posts-grid-post-body\"><h6 class=\"o-posts-grid-post-title\"><a href=\"https:\/\/escoladigital.madeira.gov.pt\/ebspmalvares\/informacao-util\/v-semana-da-cultura-da-ribeira-brava-a-recriacao-da-cabotagem\/\">V Semana da Cultura da Ribeira Brava: a Recria\u00e7\u00e3o da Cabotagem<\/a><\/h6><p class=\"o-posts-grid-post-meta\">  <time datetime=\"2026-04-27T09:09:58+00:00\">27 de Abril, 2026<\/time> by <a href=\"https:\/\/escoladigital.madeira.gov.pt\/ebspmalvares\/author\/ebspmalvares\/\">ebspmalvares<\/a><\/p><div class=\"o-posts-grid-post-description\"><p>No dia 25 de abril do presente ano um grupo de 18 alunos da nossa escola participou na atividade que\u2026<\/p><\/div><\/div><\/div><\/div><div class=\"o-posts-grid-post-blog o-posts-grid-post-plain\"><div class=\"o-posts-grid-post\"><div class=\"o-posts-grid-post-image\"><a href=\"https:\/\/escoladigital.madeira.gov.pt\/ebspmalvares\/informacao-util\/grupo-de-alunos-e-professores-italianos-do-instituto-albe-steiner-de-turim-no-ambito-da-acreditacao-erasmus-em-ensino-escolar\/\"><img loading=\"lazy\" decoding=\"async\" width=\"2048\" height=\"1457\" src=\"https:\/\/escoladigital.madeira.gov.pt\/ebspmalvares\/wp-content\/uploads\/sites\/4\/2026\/04\/20260417_123712-2048x1457.jpg\" class=\"attachment-2048x2048 size-2048x2048\" alt=\"Grupo de alunos e professores italianos do Instituto Albe Steiner, de Turim, no \u00e2mbito da Acredita\u00e7\u00e3o Erasmus+ em Ensino Escolar.\" srcset=\"https:\/\/escoladigital.madeira.gov.pt\/ebspmalvares\/wp-content\/uploads\/sites\/4\/2026\/04\/20260417_123712-2048x1457.jpg 2048w, https:\/\/escoladigital.madeira.gov.pt\/ebspmalvares\/wp-content\/uploads\/sites\/4\/2026\/04\/20260417_123712-300x213.jpg 300w, https:\/\/escoladigital.madeira.gov.pt\/ebspmalvares\/wp-content\/uploads\/sites\/4\/2026\/04\/20260417_123712-1024x728.jpg 1024w, https:\/\/escoladigital.madeira.gov.pt\/ebspmalvares\/wp-content\/uploads\/sites\/4\/2026\/04\/20260417_123712-768x546.jpg 768w, https:\/\/escoladigital.madeira.gov.pt\/ebspmalvares\/wp-content\/uploads\/sites\/4\/2026\/04\/20260417_123712-1536x1093.jpg 1536w\" sizes=\"(max-width: 2048px) 100vw, 2048px\" \/><\/a><\/div><div class=\"o-posts-grid-post-body\"><h6 class=\"o-posts-grid-post-title\"><a href=\"https:\/\/escoladigital.madeira.gov.pt\/ebspmalvares\/informacao-util\/grupo-de-alunos-e-professores-italianos-do-instituto-albe-steiner-de-turim-no-ambito-da-acreditacao-erasmus-em-ensino-escolar\/\">Grupo de alunos e professores italianos do Instituto Albe Steiner, de Turim, no \u00e2mbito da Acredita\u00e7\u00e3o Erasmus+ em Ensino Escolar.<\/a><\/h6><p class=\"o-posts-grid-post-meta\">  <time datetime=\"2026-04-20T07:46:32+00:00\">20 de Abril, 2026<\/time> by <a href=\"https:\/\/escoladigital.madeira.gov.pt\/ebspmalvares\/author\/ebspmalvares\/\">ebspmalvares<\/a><\/p><div class=\"o-posts-grid-post-description\"><p>Esta semana, a nossa escola teve o prazer de receber um grupo de alunos e professores italianos do I\u2026<\/p><\/div><\/div><\/div><\/div><div class=\"o-posts-grid-post-blog o-posts-grid-post-plain\"><div class=\"o-posts-grid-post\"><div class=\"o-posts-grid-post-image\"><a href=\"https:\/\/escoladigital.madeira.gov.pt\/ebspmalvares\/informacao-util\/viagem-a-idade-media-5o-ano\/\"><img loading=\"lazy\" decoding=\"async\" width=\"1600\" height=\"1200\" src=\"https:\/\/escoladigital.madeira.gov.pt\/ebspmalvares\/wp-content\/uploads\/sites\/4\/2026\/04\/1774546387938.jpg\" class=\"attachment-2048x2048 size-2048x2048\" alt=\"Viagem \u00e0 Idade M\u00e9dia &#8211; 5\u00ba Ano\" srcset=\"https:\/\/escoladigital.madeira.gov.pt\/ebspmalvares\/wp-content\/uploads\/sites\/4\/2026\/04\/1774546387938.jpg 1600w, https:\/\/escoladigital.madeira.gov.pt\/ebspmalvares\/wp-content\/uploads\/sites\/4\/2026\/04\/1774546387938-300x225.jpg 300w, https:\/\/escoladigital.madeira.gov.pt\/ebspmalvares\/wp-content\/uploads\/sites\/4\/2026\/04\/1774546387938-1024x768.jpg 1024w, https:\/\/escoladigital.madeira.gov.pt\/ebspmalvares\/wp-content\/uploads\/sites\/4\/2026\/04\/1774546387938-768x576.jpg 768w, https:\/\/escoladigital.madeira.gov.pt\/ebspmalvares\/wp-content\/uploads\/sites\/4\/2026\/04\/1774546387938-1536x1152.jpg 1536w\" sizes=\"(max-width: 1600px) 100vw, 1600px\" \/><\/a><\/div><div class=\"o-posts-grid-post-body\"><h6 class=\"o-posts-grid-post-title\"><a href=\"https:\/\/escoladigital.madeira.gov.pt\/ebspmalvares\/informacao-util\/viagem-a-idade-media-5o-ano\/\">Viagem \u00e0 Idade M\u00e9dia &#8211; 5\u00ba Ano<\/a><\/h6><p class=\"o-posts-grid-post-meta\">  <time datetime=\"2026-04-16T07:59:35+00:00\">16 de Abril, 2026<\/time> by <a href=\"https:\/\/escoladigital.madeira.gov.pt\/ebspmalvares\/author\/ebspmalvares\/\">ebspmalvares<\/a><\/p><div class=\"o-posts-grid-post-description\"><p>Os alunos do 5\u00ba ano transformaram-se em pequenos construtores medievais e o resultado est\u00e1 \u00e0 vista! \u2026<\/p><\/div><\/div><\/div><\/div><div class=\"o-posts-grid-post-blog o-posts-grid-post-plain\"><div class=\"o-posts-grid-post\"><div class=\"o-posts-grid-post-image\"><a href=\"https:\/\/escoladigital.madeira.gov.pt\/ebspmalvares\/informacao-util\/jogos-da-pascoa-2026-animaram-a-comunidade-escolar\/\"><img loading=\"lazy\" decoding=\"async\" width=\"1200\" height=\"1600\" src=\"https:\/\/escoladigital.madeira.gov.pt\/ebspmalvares\/wp-content\/uploads\/sites\/4\/2026\/04\/7869ebe2-8150-4442-b907-35c31c95856e.jpg\" class=\"attachment-2048x2048 size-2048x2048\" alt=\"Jogos da P\u00e1scoa 2026 animaram a comunidade escolar\u00a0\" srcset=\"https:\/\/escoladigital.madeira.gov.pt\/ebspmalvares\/wp-content\/uploads\/sites\/4\/2026\/04\/7869ebe2-8150-4442-b907-35c31c95856e.jpg 1200w, https:\/\/escoladigital.madeira.gov.pt\/ebspmalvares\/wp-content\/uploads\/sites\/4\/2026\/04\/7869ebe2-8150-4442-b907-35c31c95856e-225x300.jpg 225w, https:\/\/escoladigital.madeira.gov.pt\/ebspmalvares\/wp-content\/uploads\/sites\/4\/2026\/04\/7869ebe2-8150-4442-b907-35c31c95856e-768x1024.jpg 768w, https:\/\/escoladigital.madeira.gov.pt\/ebspmalvares\/wp-content\/uploads\/sites\/4\/2026\/04\/7869ebe2-8150-4442-b907-35c31c95856e-1152x1536.jpg 1152w\" sizes=\"(max-width: 1200px) 100vw, 1200px\" \/><\/a><\/div><div class=\"o-posts-grid-post-body\"><h6 class=\"o-posts-grid-post-title\"><a href=\"https:\/\/escoladigital.madeira.gov.pt\/ebspmalvares\/informacao-util\/jogos-da-pascoa-2026-animaram-a-comunidade-escolar\/\">Jogos da P\u00e1scoa 2026 animaram a comunidade escolar\u00a0<\/a><\/h6><p class=\"o-posts-grid-post-meta\">  <time datetime=\"2026-04-13T07:42:35+00:00\">13 de Abril, 2026<\/time> by <a href=\"https:\/\/escoladigital.madeira.gov.pt\/ebspmalvares\/author\/ebspmalvares\/\">ebspmalvares<\/a><\/p><div class=\"o-posts-grid-post-description\"><p>De 23 a 27 de mar\u00e7o, a \u00faltima semana do segundo per\u00edodo, o Edif\u00edcio do Campan\u00e1rio acolheu a j\u00e1 tradi\u2026<\/p><\/div><\/div><\/div><\/div><div class=\"o-posts-grid-post-blog o-posts-grid-post-plain\"><div class=\"o-posts-grid-post\"><div class=\"o-posts-grid-post-image\"><a href=\"https:\/\/escoladigital.madeira.gov.pt\/ebspmalvares\/informacao-util\/%f0%9f%8c%8a-educar-para-proteger-os-oceanos-%f0%9f%90%9a%f0%9f%90%a0\/\"><img loading=\"lazy\" decoding=\"async\" width=\"2048\" height=\"1536\" src=\"https:\/\/escoladigital.madeira.gov.pt\/ebspmalvares\/wp-content\/uploads\/sites\/4\/2026\/04\/IMG_8329-2048x1536.jpg\" class=\"attachment-2048x2048 size-2048x2048\" alt=\"\ud83c\udf0a\u00a0Educar para proteger os oceanos \ud83d\udc1a\ud83d\udc20\" srcset=\"https:\/\/escoladigital.madeira.gov.pt\/ebspmalvares\/wp-content\/uploads\/sites\/4\/2026\/04\/IMG_8329-2048x1536.jpg 2048w, https:\/\/escoladigital.madeira.gov.pt\/ebspmalvares\/wp-content\/uploads\/sites\/4\/2026\/04\/IMG_8329-300x225.jpg 300w, https:\/\/escoladigital.madeira.gov.pt\/ebspmalvares\/wp-content\/uploads\/sites\/4\/2026\/04\/IMG_8329-1024x768.jpg 1024w, https:\/\/escoladigital.madeira.gov.pt\/ebspmalvares\/wp-content\/uploads\/sites\/4\/2026\/04\/IMG_8329-768x576.jpg 768w, https:\/\/escoladigital.madeira.gov.pt\/ebspmalvares\/wp-content\/uploads\/sites\/4\/2026\/04\/IMG_8329-1536x1152.jpg 1536w\" sizes=\"(max-width: 2048px) 100vw, 2048px\" \/><\/a><\/div><div class=\"o-posts-grid-post-body\"><h6 class=\"o-posts-grid-post-title\"><a href=\"https:\/\/escoladigital.madeira.gov.pt\/ebspmalvares\/informacao-util\/%f0%9f%8c%8a-educar-para-proteger-os-oceanos-%f0%9f%90%9a%f0%9f%90%a0\/\">\ud83c\udf0a\u00a0Educar para proteger os oceanos \ud83d\udc1a\ud83d\udc20<\/a><\/h6><p class=\"o-posts-grid-post-meta\">  <time datetime=\"2026-04-13T07:32:37+00:00\">13 de Abril, 2026<\/time> by <a href=\"https:\/\/escoladigital.madeira.gov.pt\/ebspmalvares\/author\/ebspmalvares\/\">ebspmalvares<\/a><\/p><div class=\"o-posts-grid-post-description\"><p>A nossa escola dinamizou na \u00faltima quarta-feira mais uma iniciativa do Projeto&nbsp;Mare Nostrum&amp;nbs\u2026<\/p><\/div><\/div><\/div><\/div><div class=\"o-posts-grid-post-blog o-posts-grid-post-plain\"><div class=\"o-posts-grid-post\"><div class=\"o-posts-grid-post-image\"><a href=\"https:\/\/escoladigital.madeira.gov.pt\/ebspmalvares\/informacao-util\/alunos-do-secundario-representam-escola-nas-olimpiadas-de-fisica\/\"><img loading=\"lazy\" decoding=\"async\" width=\"2048\" height=\"1536\" src=\"https:\/\/escoladigital.madeira.gov.pt\/ebspmalvares\/wp-content\/uploads\/sites\/4\/2026\/03\/anfiteatro_entrega_premios_14-2048x1536.jpg\" class=\"attachment-2048x2048 size-2048x2048\" alt=\"Alunos do Secund\u00e1rio representam Escola nas Olimp\u00edadas de F\u00edsica\" srcset=\"https:\/\/escoladigital.madeira.gov.pt\/ebspmalvares\/wp-content\/uploads\/sites\/4\/2026\/03\/anfiteatro_entrega_premios_14-2048x1536.jpg 2048w, https:\/\/escoladigital.madeira.gov.pt\/ebspmalvares\/wp-content\/uploads\/sites\/4\/2026\/03\/anfiteatro_entrega_premios_14-300x225.jpg 300w, https:\/\/escoladigital.madeira.gov.pt\/ebspmalvares\/wp-content\/uploads\/sites\/4\/2026\/03\/anfiteatro_entrega_premios_14-1024x768.jpg 1024w, https:\/\/escoladigital.madeira.gov.pt\/ebspmalvares\/wp-content\/uploads\/sites\/4\/2026\/03\/anfiteatro_entrega_premios_14-768x576.jpg 768w, https:\/\/escoladigital.madeira.gov.pt\/ebspmalvares\/wp-content\/uploads\/sites\/4\/2026\/03\/anfiteatro_entrega_premios_14-1536x1152.jpg 1536w\" sizes=\"(max-width: 2048px) 100vw, 2048px\" \/><\/a><\/div><div class=\"o-posts-grid-post-body\"><h6 class=\"o-posts-grid-post-title\"><a href=\"https:\/\/escoladigital.madeira.gov.pt\/ebspmalvares\/informacao-util\/alunos-do-secundario-representam-escola-nas-olimpiadas-de-fisica\/\">Alunos do Secund\u00e1rio representam Escola nas Olimp\u00edadas de F\u00edsica<\/a><\/h6><p class=\"o-posts-grid-post-meta\">  <time datetime=\"2026-03-24T08:42:25+00:00\">24 de Mar\u00e7o, 2026<\/time> by <a href=\"https:\/\/escoladigital.madeira.gov.pt\/ebspmalvares\/author\/ebspmalvares\/\">ebspmalvares<\/a><\/p><div class=\"o-posts-grid-post-description\"><p>\u00c9 com enorme entusiasmo que partilhamos a participa\u00e7\u00e3o dos nossos alunos Diogo Loureiro e Jo\u00e3o Barro\u2026<\/p><\/div><\/div><\/div><\/div><div class=\"o-posts-grid-post-blog o-posts-grid-post-plain\"><div class=\"o-posts-grid-post\"><div class=\"o-posts-grid-post-image\"><a href=\"https:\/\/escoladigital.madeira.gov.pt\/ebspmalvares\/informacao-util\/i-love-2-help-mostra-do-filme-solidario\/\"><img loading=\"lazy\" decoding=\"async\" width=\"1080\" height=\"709\" src=\"https:\/\/escoladigital.madeira.gov.pt\/ebspmalvares\/wp-content\/uploads\/sites\/4\/2026\/03\/20260317_1.jpg\" class=\"attachment-2048x2048 size-2048x2048\" alt=\"I LOVE 2 HELP \u2013 Mostra do Filme Solid\u00e1rio\" srcset=\"https:\/\/escoladigital.madeira.gov.pt\/ebspmalvares\/wp-content\/uploads\/sites\/4\/2026\/03\/20260317_1.jpg 1080w, https:\/\/escoladigital.madeira.gov.pt\/ebspmalvares\/wp-content\/uploads\/sites\/4\/2026\/03\/20260317_1-300x197.jpg 300w, https:\/\/escoladigital.madeira.gov.pt\/ebspmalvares\/wp-content\/uploads\/sites\/4\/2026\/03\/20260317_1-1024x672.jpg 1024w, https:\/\/escoladigital.madeira.gov.pt\/ebspmalvares\/wp-content\/uploads\/sites\/4\/2026\/03\/20260317_1-768x504.jpg 768w\" sizes=\"(max-width: 1080px) 100vw, 1080px\" \/><\/a><\/div><div class=\"o-posts-grid-post-body\"><h6 class=\"o-posts-grid-post-title\"><a href=\"https:\/\/escoladigital.madeira.gov.pt\/ebspmalvares\/informacao-util\/i-love-2-help-mostra-do-filme-solidario\/\">I LOVE 2 HELP \u2013 Mostra do Filme Solid\u00e1rio<\/a><\/h6><p class=\"o-posts-grid-post-meta\">  <time datetime=\"2026-03-23T09:32:36+00:00\">23 de Mar\u00e7o, 2026<\/time> by <a href=\"https:\/\/escoladigital.madeira.gov.pt\/ebspmalvares\/author\/ebspmalvares\/\">ebspmalvares<\/a><\/p><div class=\"o-posts-grid-post-description\"><p>A\u00a0Help\u00a0Imagens\u00a0\u00e9 uma associa\u00e7\u00e3o sem fins lucrativos que utiliza a comunica\u00e7\u00e3o visual para o bem soci\u2026<\/p><\/div><\/div><\/div><\/div><\/div> <div class=\"o-posts-grid-pag\"><span aria-current=\"page\" class=\"page-numbers current\">1<\/span>\n<a class=\"page-numbers\" href=\"https:\/\/escoladigital.madeira.gov.pt\/ebspmalvares\/wp-json\/wp\/v2\/pages\/265\/?paged=2\">2<\/a>\n<a class=\"page-numbers\" href=\"https:\/\/escoladigital.madeira.gov.pt\/ebspmalvares\/wp-json\/wp\/v2\/pages\/265\/?paged=3\">3<\/a>\n<a class=\"page-numbers\" href=\"https:\/\/escoladigital.madeira.gov.pt\/ebspmalvares\/wp-json\/wp\/v2\/pages\/265\/?paged=4\">4<\/a>\n<a class=\"next page-numbers\" href=\"https:\/\/escoladigital.madeira.gov.pt\/ebspmalvares\/wp-json\/wp\/v2\/pages\/265\/?paged=2\">Next<\/a><\/div><\/div>\n\n\n<p><\/p>\n","protected":false},"excerpt":{"rendered":"","protected":false},"author":8,"featured_media":0,"parent":0,"menu_order":1,"comment_status":"closed","ping_status":"closed","template":"elementor_theme","meta":{"site-sidebar-layout":"default","site-content-layout":"","ast-site-content-layout":"default","site-content-style":"boxed","site-sidebar-style":"default","ast-global-header-display":"","ast-banner-title-visibility":"","ast-main-header-display":"","ast-hfb-above-header-display":"","ast-hfb-below-header-display":"","ast-hfb-mobile-header-display":"","site-post-title":"disabled","ast-breadcrumbs-content":"","ast-featured-img":"","footer-sml-layout":"","ast-disable-related-posts":"","theme-transparent-header-meta":"default","adv-header-id-meta":"","stick-header-meta":"","header-above-stick-meta":"","header-main-stick-meta":"","header-below-stick-meta":"","astra-migrate-meta-layouts":"default","ast-page-background-enabled":"default","ast-page-background-meta":{"desktop":{"background-color":"var(--ast-global-color-4)","background-image":"","background-repeat":"repeat","background-position":"center center","background-size":"auto","background-attachment":"scroll","background-type":"","background-media":"","overlay-type":"","overlay-color":"","overlay-opacity":"","overlay-gradient":""},"tablet":{"background-color":"","background-image":"","background-repeat":"repeat","background-position":"center center","background-size":"auto","background-attachment":"scroll","background-type":"","background-media":"","overlay-type":"","overlay-color":"","overlay-opacity":"","overlay-gradient":""},"mobile":{"background-color":"","background-image":"","background-repeat":"repeat","background-position":"center center","background-size":"auto","background-attachment":"scroll","background-type":"","background-media":"","overlay-type":"","overlay-color":"","overlay-opacity":"","overlay-gradient":""}},"ast-content-background-meta":{"desktop":{"background-color":"var(--ast-global-color-5)","background-image":"","background-repeat":"repeat","background-position":"center center","background-size":"auto","background-attachment":"scroll","background-type":"","background-media":"","overlay-type":"","overlay-color":"","overlay-opacity":"","overlay-gradient":""},"tablet":{"background-color":"var(--ast-global-color-5)","background-image":"","background-repeat":"repeat","background-position":"center center","background-size":"auto","background-attachment":"scroll","background-type":"","background-media":"","overlay-type":"","overlay-color":"","overlay-opacity":"","overlay-gradient":""},"mobile":{"background-color":"var(--ast-global-color-5)","background-image":"","background-repeat":"repeat","background-position":"center center","background-size":"auto","background-attachment":"scroll","background-type":"","background-media":"","overlay-type":"","overlay-color":"","overlay-opacity":"","overlay-gradient":""}},"_themeisle_gutenberg_block_has_review":false,"footnotes":""},"class_list":["post-265","page","type-page","status-publish","hentry"],"_links":{"self":[{"href":"https:\/\/escoladigital.madeira.gov.pt\/ebspmalvares\/wp-json\/wp\/v2\/pages\/265","targetHints":{"allow":["GET"]}}],"collection":[{"href":"https:\/\/escoladigital.madeira.gov.pt\/ebspmalvares\/wp-json\/wp\/v2\/pages"}],"about":[{"href":"https:\/\/escoladigital.madeira.gov.pt\/ebspmalvares\/wp-json\/wp\/v2\/types\/page"}],"author":[{"embeddable":true,"href":"https:\/\/escoladigital.madeira.gov.pt\/ebspmalvares\/wp-json\/wp\/v2\/users\/8"}],"replies":[{"embeddable":true,"href":"https:\/\/escoladigital.madeira.gov.pt\/ebspmalvares\/wp-json\/wp\/v2\/comments?post=265"}],"version-history":[{"count":214,"href":"https:\/\/escoladigital.madeira.gov.pt\/ebspmalvares\/wp-json\/wp\/v2\/pages\/265\/revisions"}],"predecessor-version":[{"id":3281,"href":"https:\/\/escoladigital.madeira.gov.pt\/ebspmalvares\/wp-json\/wp\/v2\/pages\/265\/revisions\/3281"}],"wp:attachment":[{"href":"https:\/\/escoladigital.madeira.gov.pt\/ebspmalvares\/wp-json\/wp\/v2\/media?parent=265"}],"curies":[{"name":"wp","href":"https:\/\/api.w.org\/{rel}","templated":true}]}}