{"id":1467,"date":"2024-11-28T11:39:17","date_gmt":"2024-11-28T11:39:17","guid":{"rendered":"https:\/\/escoladigital.madeira.gov.pt\/ebsscruz\/?page_id=1467"},"modified":"2025-11-10T16:48:30","modified_gmt":"2025-11-10T16:48:30","slug":"comissao-de-promocao-da-disciplina","status":"publish","type":"page","link":"https:\/\/escoladigital.madeira.gov.pt\/ebsscruz\/clubes-e-projetos\/%f0%9f%8c%8a-projeto-escola-azul\/comissao-de-promocao-da-disciplina\/","title":{"rendered":"\ud83d\udcd6Comiss\u00e3o de Promo\u00e7\u00e3o da Disciplina"},"content":{"rendered":"\n<div id=\"wp-block-themeisle-blocks-advanced-columns-8985a8db\" class=\"wp-block-themeisle-blocks-advanced-columns has-2-columns has-desktop-oneTwo-layout has-tablet-equal-layout has-mobile-collapsedRows-layout has-vertical-unset\"><div class=\"wp-block-themeisle-blocks-advanced-columns-overlay\"><\/div><div class=\"innerblocks-wrap\">\n<div id=\"wp-block-themeisle-blocks-advanced-column-a9b6ddc4\" class=\"wp-block-themeisle-blocks-advanced-column\">\n<figure class=\"wp-block-image aligncenter size-full is-resized\"><img fetchpriority=\"high\" decoding=\"async\" width=\"950\" height=\"938\" src=\"https:\/\/escoladigital.madeira.gov.pt\/ebsscruz\/wp-content\/uploads\/sites\/6\/2024\/11\/logoverde.jpg\" alt=\"\" class=\"wp-image-1468\" style=\"width:225px;height:auto\" srcset=\"https:\/\/escoladigital.madeira.gov.pt\/ebsscruz\/wp-content\/uploads\/sites\/6\/2024\/11\/logoverde.jpg 950w, https:\/\/escoladigital.madeira.gov.pt\/ebsscruz\/wp-content\/uploads\/sites\/6\/2024\/11\/logoverde-300x296.jpg 300w, https:\/\/escoladigital.madeira.gov.pt\/ebsscruz\/wp-content\/uploads\/sites\/6\/2024\/11\/logoverde-768x758.jpg 768w\" sizes=\"(max-width: 950px) 100vw, 950px\" \/><\/figure>\n\n\n\n<h4 class=\"wp-block-heading\">Hor\u00e1rio de funcionamento<\/h4>\n\n\n\n<p>Todos os dias<\/p>\n\n\n\n<h4 class=\"wp-block-heading\">Equipa respons\u00e1vel<\/h4>\n\n\n\n<p>Prof.\u00aa Lina Pestana<br>Prof.\u00aa Norberta Fernandes<br>Prof.\u00aa Teresa Sp\u00ednola<\/p>\n\n\n\n<h4 class=\"wp-block-heading\">Contacto<\/h4>\n\n\n\n<p>cartacomissaodisciplina@gmail.com<\/p>\n\n\n\n<h4 class=\"wp-block-heading\">Documentos do Projeto<\/h4>\n\n\n\n<p>Plano de A\u00e7\u00e3o<br><a href=\"https:\/\/escoladigital.madeira.gov.pt\/ebsscruz\/wp-content\/uploads\/sites\/6\/2024\/11\/Prevenir-comportamentos-desviantes-E.-Educacao.pdf\" data-type=\"link\" data-id=\"https:\/\/escoladigital.madeira.gov.pt\/ebsscruz\/wp-content\/uploads\/sites\/6\/2024\/11\/Prevenir-comportamentos-desviantes-E.-Educacao.pdf\" target=\"_blank\" rel=\"noreferrer noopener\">Gui\u00e3o para os Encarregados de Educa\u00e7\u00e3o<\/a><\/p>\n\n\n\n<p><\/p>\n\n\n\n<h2 class=\"wp-block-heading\">Acesso Online<\/h2>\n\n\n\n<p><a href=\"https:\/\/docs.ebssc.net\/\" data-type=\"link\" data-id=\"https:\/\/docs.ebssc.net\/\" target=\"_blank\" rel=\"noreferrer noopener\">Plataforma<\/a> para registo da participa\u00e7\u00e3o de ocorr\u00eancia<\/p>\n\n\n\n<h4 class=\"wp-block-heading\">Documentos (vers\u00e3o PDF)<\/h4>\n\n\n\n<p><a href=\"https:\/\/escoladigital.madeira.gov.pt\/ebsscruz\/wp-content\/uploads\/sites\/6\/2024\/11\/DocumentoA_registo_comportamentos_indevidos.pdf\" data-type=\"link\" data-id=\"https:\/\/escoladigital.madeira.gov.pt\/ebsscruz\/wp-content\/uploads\/sites\/6\/2024\/11\/DocumentoA_registo_comportamentos_indevidos.pdf\" target=\"_blank\" rel=\"noreferrer noopener\">Doc. A-Registo Com. Indevidos<\/a><\/p>\n\n\n\n<p><a href=\"https:\/\/escoladigital.madeira.gov.pt\/ebsscruz\/wp-content\/uploads\/sites\/6\/2024\/11\/DocumentoB_expressao_arrependimento.pdf\" data-type=\"link\" data-id=\"https:\/\/escoladigital.madeira.gov.pt\/ebsscruz\/wp-content\/uploads\/sites\/6\/2024\/11\/DocumentoB_expressao_arrependimento.pdf\" target=\"_blank\" rel=\"noreferrer noopener\">Doc. B-Expr. Arrependimento<\/a><\/p>\n\n\n\n<p><a href=\"https:\/\/escoladigital.madeira.gov.pt\/ebsscruz\/wp-content\/uploads\/sites\/6\/2024\/11\/DocumentoC_participacao_ocorrencia_2024.pdf\" data-type=\"link\" data-id=\"https:\/\/escoladigital.madeira.gov.pt\/ebsscruz\/wp-content\/uploads\/sites\/6\/2024\/11\/DocumentoC_participacao_ocorrencia_2024.pdf\" target=\"_blank\" rel=\"noreferrer noopener\">Doc. C-Participa\u00e7\u00e3o\/Ocorr\u00eancia<\/a>&nbsp;&nbsp;&nbsp;&nbsp;&nbsp;&nbsp;&nbsp;&nbsp;&nbsp;&nbsp;&nbsp;&nbsp;<\/p>\n\n\n\n<p><a href=\"https:\/\/escoladigital.madeira.gov.pt\/ebsscruz\/wp-content\/uploads\/sites\/6\/2024\/11\/DocumentoD_tarefas_integracao_escola.pdf\" data-type=\"link\" data-id=\"https:\/\/escoladigital.madeira.gov.pt\/ebsscruz\/wp-content\/uploads\/sites\/6\/2024\/11\/DocumentoD_tarefas_integracao_escola.pdf\" target=\"_blank\" rel=\"noreferrer noopener\">Doc. D-Tarefas Integra\u00e7\u00e3o Escola<\/a>&nbsp;&nbsp;&nbsp;&nbsp;&nbsp;&nbsp;&nbsp;&nbsp;&nbsp;<\/p>\n\n\n\n<p><a href=\"https:\/\/escoladigital.madeira.gov.pt\/ebsscruz\/wp-content\/uploads\/sites\/6\/2024\/11\/DocumentoG__tarefas_integracao_comunidade-1.docx\" data-type=\"link\" data-id=\"https:\/\/escoladigital.madeira.gov.pt\/ebsscruz\/wp-content\/uploads\/sites\/6\/2024\/11\/DocumentoG__tarefas_integracao_comunidade-1.docx\" target=\"_blank\" rel=\"noreferrer noopener\">Doc. G-Tarefas Integrac\u00e3o Comunidade<\/a>&nbsp;&nbsp;&nbsp;&nbsp;&nbsp;&nbsp;&nbsp;&nbsp;<\/p>\n\n\n\n<p><\/p>\n\n\n\n<h4 class=\"wp-block-heading\">Documentos (vers\u00e3o edit\u00e1vel)<\/h4>\n\n\n\n<p><a href=\"https:\/\/escoladigital.madeira.gov.pt\/ebsscruz\/wp-content\/uploads\/sites\/6\/2024\/11\/DocumentoA_registo_comportamentos_indevidos.docx\" data-type=\"link\" data-id=\"https:\/\/escoladigital.madeira.gov.pt\/ebsscruz\/wp-content\/uploads\/sites\/6\/2024\/11\/DocumentoA_registo_comportamentos_indevidos.docx\" target=\"_blank\" rel=\"noreferrer noopener\">Doc. A-Registo Comportamentos Indevidos<\/a><\/p>\n\n\n\n<p><a href=\"https:\/\/escoladigital.madeira.gov.pt\/ebsscruz\/wp-content\/uploads\/sites\/6\/2024\/11\/DocumentoB__expressao_arrependimento.docx\" data-type=\"link\" data-id=\"https:\/\/escoladigital.madeira.gov.pt\/ebsscruz\/wp-content\/uploads\/sites\/6\/2024\/11\/DocumentoB__expressao_arrependimento.docx\" target=\"_blank\" rel=\"noreferrer noopener\">Doc. B-Expr. Arrependimento<\/a><\/p>\n\n\n\n<p><a href=\"https:\/\/escoladigital.madeira.gov.pt\/ebsscruz\/wp-content\/uploads\/sites\/6\/2024\/11\/DocumentoC_participacao_ocorrencia_2024-3.docx\" data-type=\"link\" data-id=\"https:\/\/escoladigital.madeira.gov.pt\/ebsscruz\/wp-content\/uploads\/sites\/6\/2024\/11\/DocumentoC_participacao_ocorrencia_2024-3.docx\" target=\"_blank\" rel=\"noreferrer noopener\">Doc. C-Participa\u00e7\u00e3o\/Ocorr\u00eancia&nbsp;&nbsp;<\/a>&nbsp;&nbsp;&nbsp;&nbsp;&nbsp;&nbsp;&nbsp;&nbsp;&nbsp;&nbsp;<\/p>\n\n\n\n<p><a href=\"https:\/\/escoladigital.madeira.gov.pt\/ebsscruz\/wp-content\/uploads\/sites\/6\/2024\/11\/DocumentoD_tarefas_integracao_escola.docx\" data-type=\"link\" data-id=\"https:\/\/escoladigital.madeira.gov.pt\/ebsscruz\/wp-content\/uploads\/sites\/6\/2024\/11\/DocumentoD_tarefas_integracao_escola.docx\" target=\"_blank\" rel=\"noreferrer noopener\">Doc. D-Tarefas Integra\u00e7\u00e3o Escola&nbsp;<\/a>&nbsp;&nbsp;&nbsp;&nbsp;&nbsp;&nbsp;&nbsp;&nbsp;<\/p>\n\n\n\n<p><a href=\"https:\/\/escoladigital.madeira.gov.pt\/ebsscruz\/wp-content\/uploads\/sites\/6\/2024\/11\/DocumentoG__tarefas_integracao_comunidade-1.docx\" data-type=\"link\" data-id=\"https:\/\/escoladigital.madeira.gov.pt\/ebsscruz\/wp-content\/uploads\/sites\/6\/2024\/11\/DocumentoG__tarefas_integracao_comunidade-1.docx\" target=\"_blank\" rel=\"noreferrer noopener\">Doc. G-Tarefas Integrac\u00e3o Comunidade&nbsp;<\/a>&nbsp;&nbsp;&nbsp;&nbsp;&nbsp;&nbsp;&nbsp;<\/p>\n\n\n\n<p><\/p>\n\n\n\n<p><\/p>\n\n\n\n<p><\/p>\n<\/div>\n\n\n\n<div id=\"wp-block-themeisle-blocks-advanced-column-88a4333b\" class=\"wp-block-themeisle-blocks-advanced-column\">\n<h2 class=\"wp-block-heading\">Apresenta\u00e7\u00e3o<\/h2>\n\n\n\n<p>Hoje em dia, a escola \u00e9 um dos contextos em que convive um n\u00famero elevado de crian\u00e7as e jovens, o que torna dif\u00edcil a tarefa dos educadores de monitorizarem todos os comportamentos e atitudes de um modo eficaz. Provenientes de meios socioecon\u00f3micos e culturais distintos, os alunos da Escola B\u00e1sica e Secund\u00e1ria de Santa Cruz carregam realidades distintas que podem ser motivo para o aparecimento de situa\u00e7\u00f5es de carater disruptivo que traduzem dificuldades de relacionamento podendo resultar ainda, em fen\u00f3menos de viol\u00eancia e de <em>bullying<\/em>. Esse facto est\u00e1 cada vez mais evidente no panorama atual do Concelho de Santa Cruz, j\u00e1 que muitas fam\u00edlias est\u00e3o afetadas por problemas econ\u00f3micos e sociais que ser\u00e3o possivelmente, as causas de algumas disfun\u00e7\u00f5es nas rela\u00e7\u00f5es interpessoais e no bom ambiente escolar. Para al\u00e9m disto, a EBSS de Santa Cruz tem a exclusividade dos alunos do Lar da Paz que carecem de medidas especificas apesar de todas as condi\u00e7\u00f5es f\u00edsicas favor\u00e1veis apresentam um quadro emocional bastante fr\u00e1gil.<br>A complexidade dessa realidade tem interfer\u00eancias nocivas no processo de ensino aprendizagem logo, \u00e9 fundamental uma profunda revis\u00e3o da nossa atua\u00e7\u00e3o no espa\u00e7o escolar. \u00c9 nesse sentido que se coloca a necessidade de uma mudan\u00e7a de paradigma.\u00a0<\/p>\n\n\n\n<h3 class=\"wp-block-heading\">Carateriza\u00e7\u00e3o de cada medida&nbsp;<\/h3>\n\n\n\n<p>As medidas que se seguem integram-se na comiss\u00e3o de promo\u00e7\u00e3o da disciplina, projeto j\u00e1 existente desde 2014-2015 que abarca tamb\u00e9m os seguintes eixos:<\/p>\n\n\n\n<p>Mecanismos de dete\u00e7\u00e3o de comportamentos indevidos e medidas aplicadas:<\/p>\n\n\n\n<ul class=\"wp-block-list\">\n<li>Entrega das participa\u00e7\u00f5es<\/li>\n\n\n\n<li>An\u00e1lise das participa\u00e7\u00f5es<\/li>\n\n\n\n<li>Recolha e numera\u00e7\u00e3o das participa\u00e7\u00f5es<\/li>\n\n\n\n<li>Intera\u00e7\u00e3o com o DT<\/li>\n\n\n\n<li>Elabora\u00e7\u00e3o da decis\u00e3o disciplinar (Dire\u00e7\u00e3o Executivo, DT, Comiss\u00e3o, Jurista)<\/li>\n\n\n\n<li>Medidas disciplinares corretivas (deve ser comunicada aos pais sendo um aluno menor)<\/li>\n\n\n\n<li>Medidas disciplinares sancionat\u00f3rias (Art.\u00ba28\u00ba)<\/li>\n<\/ul>\n\n\n\n<h3 class=\"wp-block-heading\">Base de dados<\/h3>\n\n\n\n<ul class=\"wp-block-list\">\n<li>Recolha e tratamento de dados<\/li>\n\n\n\n<li>An\u00e1lise da Estat\u00edstica<\/li>\n\n\n\n<li>Estrutura da base dados para alojamento no site da escola<\/li>\n<\/ul>\n\n\n\n<h3 class=\"wp-block-heading\">Gabinete de promo\u00e7\u00e3o da disciplina<\/h3>\n\n\n\n<ul class=\"wp-block-list\">\n<li>Operacionaliza\u00e7\u00e3o de algumas interven\u00e7\u00f5es individualizadas com alunos com comportamentos indevidos no contexto de sala de aula<\/li>\n\n\n\n<li>Reuni\u00f5es com Diretores de Turma, Encarregados de Educa\u00e7\u00e3o e Conselho Executivo&nbsp;<\/li>\n<\/ul>\n\n\n\n<p><\/p>\n\n\n\n<p><\/p>\n\n\n\n<p><\/p>\n<\/div>\n<\/div><\/div>\n\n\n\n<p><\/p>\n","protected":false},"excerpt":{"rendered":"","protected":false},"author":37,"featured_media":0,"parent":2211,"menu_order":0,"comment_status":"closed","ping_status":"closed","template":"","meta":{"site-sidebar-layout":"default","site-content-layout":"","ast-site-content-layout":"default","site-content-style":"default","site-sidebar-style":"default","ast-global-header-display":"","ast-banner-title-visibility":"","ast-main-header-display":"","ast-hfb-above-header-display":"","ast-hfb-below-header-display":"","ast-hfb-mobile-header-display":"","site-post-title":"","ast-breadcrumbs-content":"","ast-featured-img":"","footer-sml-layout":"","ast-disable-related-posts":"","theme-transparent-header-meta":"","adv-header-id-meta":"","stick-header-meta":"","header-above-stick-meta":"","header-main-stick-meta":"","header-below-stick-meta":"","astra-migrate-meta-layouts":"default","ast-page-background-enabled":"default","ast-page-background-meta":{"desktop":{"background-color":"var(--ast-global-color-4)","background-image":"","background-repeat":"repeat","background-position":"center center","background-size":"auto","background-attachment":"scroll","background-type":"","background-media":"","overlay-type":"","overlay-color":"","overlay-opacity":"","overlay-gradient":""},"tablet":{"background-color":"","background-image":"","background-repeat":"repeat","background-position":"center center","background-size":"auto","background-attachment":"scroll","background-type":"","background-media":"","overlay-type":"","overlay-color":"","overlay-opacity":"","overlay-gradient":""},"mobile":{"background-color":"","background-image":"","background-repeat":"repeat","background-position":"center center","background-size":"auto","background-attachment":"scroll","background-type":"","background-media":"","overlay-type":"","overlay-color":"","overlay-opacity":"","overlay-gradient":""}},"ast-content-background-meta":{"desktop":{"background-color":"var(--ast-global-color-5)","background-image":"","background-repeat":"repeat","background-position":"center center","background-size":"auto","background-attachment":"scroll","background-type":"","background-media":"","overlay-type":"","overlay-color":"","overlay-opacity":"","overlay-gradient":""},"tablet":{"background-color":"var(--ast-global-color-5)","background-image":"","background-repeat":"repeat","background-position":"center center","background-size":"auto","background-attachment":"scroll","background-type":"","background-media":"","overlay-type":"","overlay-color":"","overlay-opacity":"","overlay-gradient":""},"mobile":{"background-color":"var(--ast-global-color-5)","background-image":"","background-repeat":"repeat","background-position":"center center","background-size":"auto","background-attachment":"scroll","background-type":"","background-media":"","overlay-type":"","overlay-color":"","overlay-opacity":"","overlay-gradient":""}},"_themeisle_gutenberg_block_has_review":false,"footnotes":""},"class_list":["post-1467","page","type-page","status-publish","hentry"],"_links":{"self":[{"href":"https:\/\/escoladigital.madeira.gov.pt\/ebsscruz\/wp-json\/wp\/v2\/pages\/1467","targetHints":{"allow":["GET"]}}],"collection":[{"href":"https:\/\/escoladigital.madeira.gov.pt\/ebsscruz\/wp-json\/wp\/v2\/pages"}],"about":[{"href":"https:\/\/escoladigital.madeira.gov.pt\/ebsscruz\/wp-json\/wp\/v2\/types\/page"}],"author":[{"embeddable":true,"href":"https:\/\/escoladigital.madeira.gov.pt\/ebsscruz\/wp-json\/wp\/v2\/users\/37"}],"replies":[{"embeddable":true,"href":"https:\/\/escoladigital.madeira.gov.pt\/ebsscruz\/wp-json\/wp\/v2\/comments?post=1467"}],"version-history":[{"count":14,"href":"https:\/\/escoladigital.madeira.gov.pt\/ebsscruz\/wp-json\/wp\/v2\/pages\/1467\/revisions"}],"predecessor-version":[{"id":4657,"href":"https:\/\/escoladigital.madeira.gov.pt\/ebsscruz\/wp-json\/wp\/v2\/pages\/1467\/revisions\/4657"}],"up":[{"embeddable":true,"href":"https:\/\/escoladigital.madeira.gov.pt\/ebsscruz\/wp-json\/wp\/v2\/pages\/2211"}],"wp:attachment":[{"href":"https:\/\/escoladigital.madeira.gov.pt\/ebsscruz\/wp-json\/wp\/v2\/media?parent=1467"}],"curies":[{"name":"wp","href":"https:\/\/api.w.org\/{rel}","templated":true}]}}